{"id":2452,"date":"2025-07-09T13:14:50","date_gmt":"2025-07-09T11:14:50","guid":{"rendered":"https:\/\/www.camping2laplage.com\/camping-pas-cher-treffort\/"},"modified":"2025-09-22T12:32:39","modified_gmt":"2025-09-22T10:32:39","slug":"guenstiger-campingplatz-treffort","status":"publish","type":"page","link":"https:\/\/www.camping2laplage.com\/de\/guenstiger-campingplatz-treffort\/","title":{"rendered":"Preise und Angebote"},"content":{"rendered":"\n<div id=\"titre-fil\" class=\"wp-block-group is-vertical is-content-justification-center is-layout-flex wp-container-core-group-is-layout-3fb1c651 wp-block-group-is-layout-flex\" style=\"padding-right:20%;padding-left:20%\">\n<div class=\"wp-block-group is-horizontal is-layout-flex wp-container-core-group-is-layout-048c9698 wp-block-group-is-layout-flex\">\n<p class=\"has-text-align-center has-custom-rouge-color has-text-color has-link-color wp-elements-79a042dbca45755e6373eff5dc6677e8\" style=\"font-style:normal;font-weight:400;letter-spacing:2px\"><a href=\"https:\/\/www.camping2laplage.com\/de\/\" data-type=\"page\" data-id=\"5\">Campingplatz 2 am Strand<\/a> &gt;<\/p>\n\n\n<p class=\"has-text-align-center has-custom-rouge-color has-text-color has-link-color\" \n    style=\"font-style:normal;font-weight:400;letter-spacing:2px\">Preise und Angebote<\/p>\n<\/div>\n\n\n\n<h1 class=\"wp-block-heading has-text-align-center has-custom-rouge-color has-text-color has-link-color has-basteleur-font-family wp-elements-75da74fc40c614e43dbeea9b15b79f12\" id=\"titre-page\" style=\"font-size:clamp(2.629rem, 2.629rem + ((1vw - 0.2rem) * 2.258), 5rem);font-style:normal;font-weight:700;line-height:1.1\">Camping zum besten Preis in Is\u00e8re<\/h1>\n<\/div>\n\n<div style=\"height:100px\" aria-hidden=\"true\" class=\"wp-block-spacer gt-hide-mobile\"><\/div>\n\n<div class=\"wp-block-group list-hebergements has-global-padding is-layout-constrained wp-container-core-group-is-layout-d95ef7e3 wp-block-group-is-layout-constrained\" style=\"padding-top:var(--wp--preset--spacing--40);padding-bottom:var(--wp--preset--spacing--40)\">\n<div\n    style=\"padding-right:8rem;padding-left:8rem;\" class=\"gt-hebergements-filtres gt-hebergements-filtres--accordeons  gt-hebergements-filtres--grid wp-block-gt-gt-fse-hebergements\"    data-wp-interactive=\"gt\/fse\/filtres\"\n    data-wp-on--keydown=\"actions.handleKeydown\"\n    data-wp-on-document--click=\"actions.outsideClick\"\n    data-wp-context='{\"isSidebar\":false,\"isSidebarOpen\":true,\"isStickyButton\":false,\"isAccordeon\":true}'>\n    <div class=\"gt-hebergements-actions\">\n        \n        <button\n            class=\"gt-hebergements-open-button \"\n            data-wp-on--click=\"actions.toggleSidebar\"\n            data-wp-bind--aria-expanded=\"context.isSidebarOpen\"\n            data-wp-class--active=\"state.activeCheckboxes\"\n            style=\"display:flex;align-items:center;gap:0;flex-direction:row;\">\n                        <span class=\"gt-hebergements-label-button\">Filtres<\/span>\n            <span\n                data-wp-text=\"state.activeCheckboxes\"\n                data-wp-bind--hidden=\"!state.activeCheckboxes\"><\/span>\n        <\/button>\n\n        <div data-wp-bind--hidden=\"!state.activeCheckboxes\">\n            <button\n                class=\"gt-hebergements-reset-button\"\n                data-wp-on--click=\"actions.clearAllFilters\">\n                <i class=\"fas fa-undo-alt\"><\/i>\n                R\u00e9initialiser            <\/button>\n        <\/div>\n    <\/div>\n\n    <div\n        class=\"gt-hebergements-filtres__sidebar\"\n        data-wp-bind--hidden=\"!context.isSidebarOpen\"\n        data-wp-class--opened=\"context.isSidebarOpen\"\n\n                style=\"grid-template-columns: repeat(auto-fit, minmax(3rem, 1fr))\"\n        >\n                                                                                <div\n                    class=\"gt-hebergements-filtre closed\"\n                    data-gt-filtre-name=\"types\"\n                    data-gt-cookie=\"gtTypes\"\n                    aria-expanded=\"\"\n                    data-gt-filtre-operator=\"OR\">\n\n                                        <p\n                        class=\"gt-hebergements-filtre__name\"\n                        data-wp-on--click=\"actions.toggleFilter\"\n                        style=\"\n                            background-color: #822f11;\n                            color: #ffffff;\n                            border-radius: 10px 10px 10px 10px;\n                            padding: 20px 20px 20px 20px;\n                        \">\n                        <span>\n                            Typen                            <span\n                                class=\"gt-hebergements-filtre__count\"\n                                data-wp-bind--hidden=\"!state.count.types\"\n                                data-wp-text=\"state.count.types\"\n                                hidden>\n                            <\/span>\n                        <\/span>\n                    <\/p>\n                    <div\n                        class=\"gt-hebergements-filtre__content\"\n                        style=\"\n                            background-color: #822f11;\n                            color: #ffffff;\n                            border-radius: 10px 10px 10px 10px;\n                            padding: 20px 20px 20px 20px;\n                        \">\n                        <label>\n                            <input\n                                type=\"checkbox\"\n                                name=\"types[]\"\n                                data-wp-on--click=\"actions.clearFilter\"\n                                value=\"\"\n                                checked \/>\n                            <span class=\"custom-checkbox\"><\/span>\n                            Alle                        <\/label>\n\n                                                                                <label>\n                                <input\n                                    type=\"checkbox\"\n                                    name=\"types[]\"\n                                    data-wp-on--click=\"actions.runFilters\"\n                                    value=\"18\"\n                                     \/>\n                                <span class=\"custom-checkbox\"><\/span>\n                                Emplacement                                                            <\/label>\n                                                                                <label>\n                                <input\n                                    type=\"checkbox\"\n                                    name=\"types[]\"\n                                    data-wp-on--click=\"actions.runFilters\"\n                                    value=\"17\"\n                                     \/>\n                                <span class=\"custom-checkbox\"><\/span>\n                                Location                                                            <\/label>\n                                            <\/div>\n                <\/div>\n                                                                                                        <div\n                    class=\"gt-hebergements-filtre closed\"\n                    data-gt-filtre-name=\"capacities\"\n                    data-gt-cookie=\"gtCapacities\"\n                    aria-expanded=\"\"\n                    data-gt-filtre-operator=\"OR\">\n\n                                        <p\n                        class=\"gt-hebergements-filtre__name\"\n                        data-wp-on--click=\"actions.toggleFilter\"\n                        style=\"\n                            background-color: #822f11;\n                            color: #ffffff;\n                            border-radius: 10px 10px 10px 10px;\n                            padding: 20px 20px 20px 20px;\n                        \">\n                        <span>\n                            Personen                            <span\n                                class=\"gt-hebergements-filtre__count\"\n                                data-wp-bind--hidden=\"!state.count.capacities\"\n                                data-wp-text=\"state.count.capacities\"\n                                hidden>\n                            <\/span>\n                        <\/span>\n                    <\/p>\n                    <div\n                        class=\"gt-hebergements-filtre__content\"\n                        style=\"\n                            background-color: #822f11;\n                            color: #ffffff;\n                            border-radius: 10px 10px 10px 10px;\n                            padding: 20px 20px 20px 20px;\n                        \">\n                        <label>\n                            <input\n                                type=\"checkbox\"\n                                name=\"capacities[]\"\n                                data-wp-on--click=\"actions.clearFilter\"\n                                value=\"\"\n                                checked \/>\n                            <span class=\"custom-checkbox\"><\/span>\n                            Alle                        <\/label>\n\n                                                                                <label>\n                                <input\n                                    type=\"checkbox\"\n                                    name=\"capacities[]\"\n                                    data-wp-on--click=\"actions.runFilters\"\n                                    value=\"23\"\n                                     \/>\n                                <span class=\"custom-checkbox\"><\/span>\n                                2                                                                    <span class=\"gt-hebergements-filtre__suffix\">\n                                         Pers.                                    <\/span>\n                                                            <\/label>\n                                                                                <label>\n                                <input\n                                    type=\"checkbox\"\n                                    name=\"capacities[]\"\n                                    data-wp-on--click=\"actions.runFilters\"\n                                    value=\"19\"\n                                     \/>\n                                <span class=\"custom-checkbox\"><\/span>\n                                4                                                                    <span class=\"gt-hebergements-filtre__suffix\">\n                                         Pers.                                    <\/span>\n                                                            <\/label>\n                                                                                <label>\n                                <input\n                                    type=\"checkbox\"\n                                    name=\"capacities[]\"\n                                    data-wp-on--click=\"actions.runFilters\"\n                                    value=\"30\"\n                                     \/>\n                                <span class=\"custom-checkbox\"><\/span>\n                                5                                                                    <span class=\"gt-hebergements-filtre__suffix\">\n                                         Pers.                                    <\/span>\n                                                            <\/label>\n                                                                                <label>\n                                <input\n                                    type=\"checkbox\"\n                                    name=\"capacities[]\"\n                                    data-wp-on--click=\"actions.runFilters\"\n                                    value=\"28\"\n                                     \/>\n                                <span class=\"custom-checkbox\"><\/span>\n                                6                                                                    <span class=\"gt-hebergements-filtre__suffix\">\n                                         Pers.                                    <\/span>\n                                                            <\/label>\n                                            <\/div>\n                <\/div>\n                                                                <div\n                    class=\"gt-hebergements-filtre closed\"\n                    data-gt-filtre-name=\"rooms\"\n                    data-gt-cookie=\"gtRooms\"\n                    aria-expanded=\"\"\n                    data-gt-filtre-operator=\"OR\">\n\n                                        <p\n                        class=\"gt-hebergements-filtre__name\"\n                        data-wp-on--click=\"actions.toggleFilter\"\n                        style=\"\n                            background-color: #822f11;\n                            color: #ffffff;\n                            border-radius: 10px 10px 10px 10px;\n                            padding: 20px 20px 20px 20px;\n                        \">\n                        <span>\n                            Zimmer                            <span\n                                class=\"gt-hebergements-filtre__count\"\n                                data-wp-bind--hidden=\"!state.count.rooms\"\n                                data-wp-text=\"state.count.rooms\"\n                                hidden>\n                            <\/span>\n                        <\/span>\n                    <\/p>\n                    <div\n                        class=\"gt-hebergements-filtre__content\"\n                        style=\"\n                            background-color: #822f11;\n                            color: #ffffff;\n                            border-radius: 10px 10px 10px 10px;\n                            padding: 20px 20px 20px 20px;\n                        \">\n                        <label>\n                            <input\n                                type=\"checkbox\"\n                                name=\"rooms[]\"\n                                data-wp-on--click=\"actions.clearFilter\"\n                                value=\"\"\n                                checked \/>\n                            <span class=\"custom-checkbox\"><\/span>\n                            Alle                        <\/label>\n\n                                                                                <label>\n                                <input\n                                    type=\"checkbox\"\n                                    name=\"rooms[]\"\n                                    data-wp-on--click=\"actions.runFilters\"\n                                    value=\"24\"\n                                     \/>\n                                <span class=\"custom-checkbox\"><\/span>\n                                1                                                                    <span class=\"gt-hebergements-filtre__suffix\">\n                                         Ch.                                    <\/span>\n                                                            <\/label>\n                                                                                <label>\n                                <input\n                                    type=\"checkbox\"\n                                    name=\"rooms[]\"\n                                    data-wp-on--click=\"actions.runFilters\"\n                                    value=\"20\"\n                                     \/>\n                                <span class=\"custom-checkbox\"><\/span>\n                                2                                                                    <span class=\"gt-hebergements-filtre__suffix\">\n                                         Ch.                                    <\/span>\n                                                            <\/label>\n                                                                                <label>\n                                <input\n                                    type=\"checkbox\"\n                                    name=\"rooms[]\"\n                                    data-wp-on--click=\"actions.runFilters\"\n                                    value=\"27\"\n                                     \/>\n                                <span class=\"custom-checkbox\"><\/span>\n                                3                                                                    <span class=\"gt-hebergements-filtre__suffix\">\n                                         Ch.                                    <\/span>\n                                                            <\/label>\n                                                                                <label>\n                                <input\n                                    type=\"checkbox\"\n                                    name=\"rooms[]\"\n                                    data-wp-on--click=\"actions.runFilters\"\n                                    value=\"34\"\n                                     \/>\n                                <span class=\"custom-checkbox\"><\/span>\n                                4                                                                    <span class=\"gt-hebergements-filtre__suffix\">\n                                         Ch.                                    <\/span>\n                                                            <\/label>\n                                            <\/div>\n                <\/div>\n                                                                <\/div>\n<\/div>\n\n\n<div data-wp-context=\"{}\" data-wp-interactive=\"core\/query\" data-wp-key=\"0\" data-wp-router-region=\"query-0\" class=\"wp-block-query alignwide gt-fse-hebergements is-layout-flow wp-block-query-is-layout-flow gt-fse-widgets-ctv-open-product\"><ul class=\"columns-2 wp-block-post-template is-layout-grid wp-container-core-post-template-is-layout-02493678 wp-block-post-template-is-layout-grid gt-fse-widgets-ctv-open-product\"><li data-gt-Thelis-product-id=\"\" data-gt-bathrooms=\"22\" data-gt-campings=\"\" data-gt-capacities=\"28\" data-gt-ctv-product-id=\"58699\" data-gt-gammes=\"\" data-gt-options=\"\" data-gt-rooms=\"20\" data-gt-superficies=\"29\" data-gt-types=\"17\" data-wp-key=\"post-template-item-2536\" class=\"wp-block-post post-2536 hebergement type-hebergement status-publish has-post-thumbnail hentry gt-hebergements-types-location gt-hebergements-nombre-personnes-28 gt-hebergements-nombre-chambres-20 gt-hebergements-nombre-sdb-22 gt-hebergements-superficie-29 gt-fse-widgets-ctv-open-product\">\n\n<div class=\"wp-block-group gt-hebergement-wrap has-global-padding is-layout-constrained wp-block-group-is-layout-constrained gt-fse-widgets-ctv-open-product\" style=\"margin-top:0px\">\n<div data-swiper=\"{&quot;speed&quot;:1000,&quot;autoplay&quot;:{&quot;delay&quot;:5000,&quot;disableOnInteraction&quot;:false},&quot;spaceBetween&quot;:0,&quot;slidesPerView&quot;:1,&quot;pagination&quot;:{&quot;el&quot;:&quot;.swiper-pagination&quot;,&quot;dynamicBullets&quot;:true,&quot;clickable&quot;:true,&quot;type&quot;:&quot;bullets&quot;},&quot;navigation&quot;:{&quot;nextEl&quot;:&quot;.swiper-button-next&quot;,&quot;prevEl&quot;:&quot;.swiper-button-prev&quot;},&quot;breakpoints&quot;:[{&quot;slidesPerView&quot;:1}]}\" class=\"wp-block-cover has-custom-content-position is-position-bottom-center hebergement-featured-image gt-fse-widgets-ctv-open-product\" style=\"border-radius:25px;padding-top:0px;padding-right:0px;padding-bottom:0px;padding-left:0px;min-height:430px;aspect-ratio:unset;\"><span aria-hidden=\"true\" class=\"wp-block-cover__background has-background-dim-80 has-background-dim has-background-gradient gt-fse-widgets-ctv-open-product\" style=\"background:linear-gradient(0deg,rgb(0,0,0) 26%,rgba(0,0,0,0) 42%)\"><\/span><img decoding=\"async\" width=\"1176\" height=\"882\" src=\"https:\/\/www.camping2laplage.com\/wp-content\/uploads\/2025\/08\/chalet-equinoxe.jpg\" class=\"wp-block-cover__image-background wp-post-image gt-fse-widgets-ctv-open-product\" alt=\"chalet equinoxe\" data-object-fit=\"cover\" srcset=\"https:\/\/www.camping2laplage.com\/wp-content\/uploads\/2025\/08\/chalet-equinoxe.jpg 1176w, https:\/\/www.camping2laplage.com\/wp-content\/uploads\/2025\/08\/chalet-equinoxe-300x225.jpg 300w, https:\/\/www.camping2laplage.com\/wp-content\/uploads\/2025\/08\/chalet-equinoxe-1024x768.jpg 1024w, https:\/\/www.camping2laplage.com\/wp-content\/uploads\/2025\/08\/chalet-equinoxe-768x576.jpg 768w\" sizes=\"(max-width: 1176px) 100vw, 1176px\" \/><div class=\"wp-block-cover__inner-container has-global-padding is-layout-constrained wp-container-core-cover-is-layout-f5c98baf wp-block-cover-is-layout-constrained gt-fse-widgets-ctv-open-product\">\n<div class=\"wp-block-group titre-fleche is-nowrap is-layout-flex wp-container-core-group-is-layout-6c531013 wp-block-group-is-layout-flex gt-fse-widgets-ctv-open-product\">\n<p class=\"has-text-align-left hebergement-title gt-btn-arrow has-base-2-color has-text-color has-link-color has-basteleur-font-family wp-elements-9c563c41f13d6fedd8c90588c141348d gt-fse-widgets-ctv-open-product\" style=\"padding-right:0;padding-left:1.5rem;font-size:clamp(18.959px, 1.185rem + ((1vw - 3.2px) * 0.657), 30px);font-style:normal;font-weight:700;text-transform:uppercase\">Chalet Equinoxe 24 m\u00b2.<\/p>\n\n\n\n<figure class=\"wp-block-image size-large is-resized fleche wp-duotone-rgb255255255-ccc-1 gt-fse-widgets-ctv-open-product\"><img decoding=\"async\" width=\"17\" height=\"12\" src=\"https:\/\/www.camping2laplage.com\/wp-content\/uploads\/2025\/07\/arrows-btn.svg\" alt=\"arrows btn\" class=\"wp-image-176 gt-fse-widgets-ctv-open-product\" style=\"object-fit:contain;width:15px;height:15px\"\/><\/figure>\n<\/div>\n\n\n\n<div class=\"wp-block-group alignfull hebergement-icons has-custom-rouge-background-color has-background is-content-justification-center is-nowrap is-layout-flex wp-container-core-group-is-layout-4e3a5801 wp-block-group-is-layout-flex gt-fse-widgets-ctv-open-product\" style=\"padding-top:var(--wp--preset--spacing--10);padding-right:1rem;padding-bottom:var(--wp--preset--spacing--10);padding-left:1rem\">\n<div class=\"wp-block-group is-nowrap is-layout-flex wp-container-core-group-is-layout-513c09f2 wp-block-group-is-layout-flex gt-fse-widgets-ctv-open-product\">\n<figure class=\"wp-block-image size-full is-resized wp-duotone-ededa9-ccc-2 gt-fse-widgets-ctv-open-product\"><img decoding=\"async\" width=\"300\" height=\"300\" src=\"https:\/\/www.camping2laplage.com\/wp-content\/uploads\/2025\/07\/personnes.webp\" alt=\"personnes\" class=\"wp-image-1020 gt-fse-widgets-ctv-open-product\" style=\"width:25px\" srcset=\"https:\/\/www.camping2laplage.com\/wp-content\/uploads\/2025\/07\/personnes.webp 300w, https:\/\/www.camping2laplage.com\/wp-content\/uploads\/2025\/07\/personnes-150x150.webp 150w\" sizes=\"(max-width: 300px) 100vw, 300px\" \/><\/figure>\n\n\n<div class=\"taxonomy-gt-hebergements-nombre-personnes has-link-color wp-elements-f7c87e54e38b0809136675ff6bf5c315 wp-block-post-terms has-text-color has-base-2-color has-medium-font-size has-roboto-font-family gt-fse-widgets-ctv-open-product\"><span class=\"gt-fse-widgets-ctv-open-product\">6<\/span><\/div>\n\n\n<p class=\"has-base-2-color has-text-color has-link-color has-medium-font-size wp-elements-ed300d43f37d8c22950d8ef97712d50f gt-fse-widgets-ctv-open-product\">Pers.<\/p>\n<\/div>\n\n\n\n<div class=\"wp-block-group is-nowrap is-layout-flex wp-container-core-group-is-layout-89a94f6a wp-block-group-is-layout-flex gt-fse-widgets-ctv-open-product\">\n<figure class=\"wp-block-image size-full is-resized wp-duotone-ededa9-ffffff-3 gt-fse-widgets-ctv-open-product\"><img decoding=\"async\" width=\"512\" height=\"512\" src=\"https:\/\/www.camping2laplage.com\/wp-content\/uploads\/2025\/07\/chambre.webp\" alt=\"chambre\" class=\"wp-image-1024 gt-fse-widgets-ctv-open-product\" style=\"width:25px\" srcset=\"https:\/\/www.camping2laplage.com\/wp-content\/uploads\/2025\/07\/chambre.webp 512w, https:\/\/www.camping2laplage.com\/wp-content\/uploads\/2025\/07\/chambre-300x300.webp 300w, https:\/\/www.camping2laplage.com\/wp-content\/uploads\/2025\/07\/chambre-150x150.webp 150w\" sizes=\"(max-width: 512px) 100vw, 512px\" \/><\/figure>\n\n\n<div class=\"taxonomy-gt-hebergements-nombre-chambres has-link-color wp-elements-9ef64b592c523db51bc710735ecf05b9 wp-block-post-terms has-text-color has-base-2-color has-medium-font-size has-roboto-font-family gt-fse-widgets-ctv-open-product\"><span class=\"gt-fse-widgets-ctv-open-product\">2<\/span><\/div>\n\n\n<p class=\"has-base-2-color has-text-color has-link-color has-medium-font-size wp-elements-9a187f19e657d0a1a7cff608aeff72a2 gt-fse-widgets-ctv-open-product\">ch.<\/p>\n<\/div>\n\n\n\n<div class=\"wp-block-group is-nowrap is-layout-flex wp-container-core-group-is-layout-89a94f6a wp-block-group-is-layout-flex gt-fse-widgets-ctv-open-product\">\n<figure class=\"wp-block-image size-full is-resized wp-duotone-ededa9-ffffff-4 gt-fse-widgets-ctv-open-product\"><img decoding=\"async\" width=\"300\" height=\"300\" src=\"https:\/\/www.camping2laplage.com\/wp-content\/uploads\/2025\/07\/surface.webp\" alt=\"surface\" class=\"wp-image-1028 gt-fse-widgets-ctv-open-product\" style=\"width:25px\" srcset=\"https:\/\/www.camping2laplage.com\/wp-content\/uploads\/2025\/07\/surface.webp 300w, https:\/\/www.camping2laplage.com\/wp-content\/uploads\/2025\/07\/surface-150x150.webp 150w\" sizes=\"(max-width: 300px) 100vw, 300px\" \/><\/figure>\n\n\n<div class=\"taxonomy-gt-hebergements-superficie has-link-color wp-elements-cafe8390f833754c2c2fbce3d1413350 wp-block-post-terms has-text-color has-base-2-color has-medium-font-size has-roboto-font-family gt-fse-widgets-ctv-open-product\"><span class=\"gt-fse-widgets-ctv-open-product\">24<\/span><\/div>\n\n\n<p class=\"has-base-2-color has-text-color has-link-color has-medium-font-size wp-elements-cf28bc533e0468d76b0d039beb27e42a gt-fse-widgets-ctv-open-product\">m\u00b2<\/p>\n<\/div>\n<\/div>\n<\/div><\/div>\n<\/div>\n\n<\/li><li data-gt-Thelis-product-id=\"\" data-gt-bathrooms=\"22\" data-gt-campings=\"\" data-gt-capacities=\"30\" data-gt-ctv-product-id=\"89381\" data-gt-gammes=\"\" data-gt-options=\"\" data-gt-rooms=\"20\" data-gt-superficies=\"32\" data-gt-types=\"17\" data-wp-key=\"post-template-item-2529\" class=\"wp-block-post post-2529 hebergement type-hebergement status-publish has-post-thumbnail hentry gt-hebergements-types-location gt-hebergements-nombre-personnes-30 gt-hebergements-nombre-chambres-20 gt-hebergements-nombre-sdb-22 gt-hebergements-superficie-32 gt-fse-widgets-ctv-open-product\">\n\n<div class=\"wp-block-group gt-hebergement-wrap has-global-padding is-layout-constrained wp-block-group-is-layout-constrained gt-fse-widgets-ctv-open-product\" style=\"margin-top:0px\">\n<div data-swiper=\"{&quot;speed&quot;:1000,&quot;autoplay&quot;:{&quot;delay&quot;:5000,&quot;disableOnInteraction&quot;:false},&quot;spaceBetween&quot;:0,&quot;slidesPerView&quot;:1,&quot;pagination&quot;:{&quot;el&quot;:&quot;.swiper-pagination&quot;,&quot;dynamicBullets&quot;:true,&quot;clickable&quot;:true,&quot;type&quot;:&quot;bullets&quot;},&quot;navigation&quot;:{&quot;nextEl&quot;:&quot;.swiper-button-next&quot;,&quot;prevEl&quot;:&quot;.swiper-button-prev&quot;},&quot;breakpoints&quot;:[{&quot;slidesPerView&quot;:1}]}\" class=\"wp-block-cover has-custom-content-position is-position-bottom-center hebergement-featured-image gt-fse-widgets-ctv-open-product\" style=\"border-radius:25px;padding-top:0px;padding-right:0px;padding-bottom:0px;padding-left:0px;min-height:430px;aspect-ratio:unset;\"><span aria-hidden=\"true\" class=\"wp-block-cover__background has-background-dim-80 has-background-dim has-background-gradient gt-fse-widgets-ctv-open-product\" style=\"background:linear-gradient(0deg,rgb(0,0,0) 26%,rgba(0,0,0,0) 42%)\"><\/span><img decoding=\"async\" width=\"1199\" height=\"800\" src=\"https:\/\/www.camping2laplage.com\/wp-content\/uploads\/2025\/08\/louer-chalet-en-isere.jpg\" class=\"wp-block-cover__image-background wp-post-image gt-fse-widgets-ctv-open-product\" alt=\"mieten chalet en isere\" data-object-fit=\"cover\" srcset=\"https:\/\/www.camping2laplage.com\/wp-content\/uploads\/2025\/08\/louer-chalet-en-isere.jpg 1199w, https:\/\/www.camping2laplage.com\/wp-content\/uploads\/2025\/08\/louer-chalet-en-isere-300x200.jpg 300w, https:\/\/www.camping2laplage.com\/wp-content\/uploads\/2025\/08\/louer-chalet-en-isere-1024x683.jpg 1024w, https:\/\/www.camping2laplage.com\/wp-content\/uploads\/2025\/08\/louer-chalet-en-isere-768x512.jpg 768w\" sizes=\"(max-width: 1199px) 100vw, 1199px\" \/><div class=\"wp-block-cover__inner-container has-global-padding is-layout-constrained wp-container-core-cover-is-layout-f5c98baf wp-block-cover-is-layout-constrained gt-fse-widgets-ctv-open-product\">\n<div class=\"wp-block-group titre-fleche is-nowrap is-layout-flex wp-container-core-group-is-layout-6c531013 wp-block-group-is-layout-flex gt-fse-widgets-ctv-open-product\">\n<p class=\"has-text-align-left hebergement-title gt-btn-arrow has-base-2-color has-text-color has-link-color has-basteleur-font-family wp-elements-9c563c41f13d6fedd8c90588c141348d gt-fse-widgets-ctv-open-product\" style=\"padding-right:0;padding-left:1.5rem;font-size:clamp(18.959px, 1.185rem + ((1vw - 3.2px) * 0.657), 30px);font-style:normal;font-weight:700;text-transform:uppercase\">Chalet mit Panoramablick 25 m\u00b2.<\/p>\n\n\n\n<figure class=\"wp-block-image size-large is-resized fleche wp-duotone-rgb255255255-ccc-5 gt-fse-widgets-ctv-open-product\"><img decoding=\"async\" width=\"17\" height=\"12\" src=\"https:\/\/www.camping2laplage.com\/wp-content\/uploads\/2025\/07\/arrows-btn.svg\" alt=\"arrows btn\" class=\"wp-image-176 gt-fse-widgets-ctv-open-product\" style=\"object-fit:contain;width:15px;height:15px\"\/><\/figure>\n<\/div>\n\n\n\n<div class=\"wp-block-group alignfull hebergement-icons has-custom-rouge-background-color has-background is-content-justification-center is-nowrap is-layout-flex wp-container-core-group-is-layout-4e3a5801 wp-block-group-is-layout-flex gt-fse-widgets-ctv-open-product\" style=\"padding-top:var(--wp--preset--spacing--10);padding-right:1rem;padding-bottom:var(--wp--preset--spacing--10);padding-left:1rem\">\n<div class=\"wp-block-group is-nowrap is-layout-flex wp-container-core-group-is-layout-513c09f2 wp-block-group-is-layout-flex gt-fse-widgets-ctv-open-product\">\n<figure class=\"wp-block-image size-full is-resized wp-duotone-ededa9-ccc-6 gt-fse-widgets-ctv-open-product\"><img decoding=\"async\" width=\"300\" height=\"300\" src=\"https:\/\/www.camping2laplage.com\/wp-content\/uploads\/2025\/07\/personnes.webp\" alt=\"personnes\" class=\"wp-image-1020 gt-fse-widgets-ctv-open-product\" style=\"width:25px\" srcset=\"https:\/\/www.camping2laplage.com\/wp-content\/uploads\/2025\/07\/personnes.webp 300w, https:\/\/www.camping2laplage.com\/wp-content\/uploads\/2025\/07\/personnes-150x150.webp 150w\" sizes=\"(max-width: 300px) 100vw, 300px\" \/><\/figure>\n\n\n<div class=\"taxonomy-gt-hebergements-nombre-personnes has-link-color wp-elements-f7c87e54e38b0809136675ff6bf5c315 wp-block-post-terms has-text-color has-base-2-color has-medium-font-size has-roboto-font-family gt-fse-widgets-ctv-open-product\"><span class=\"gt-fse-widgets-ctv-open-product\">5<\/span><\/div>\n\n\n<p class=\"has-base-2-color has-text-color has-link-color has-medium-font-size wp-elements-ed300d43f37d8c22950d8ef97712d50f gt-fse-widgets-ctv-open-product\">Pers.<\/p>\n<\/div>\n\n\n\n<div class=\"wp-block-group is-nowrap is-layout-flex wp-container-core-group-is-layout-89a94f6a wp-block-group-is-layout-flex gt-fse-widgets-ctv-open-product\">\n<figure class=\"wp-block-image size-full is-resized wp-duotone-ededa9-ffffff-7 gt-fse-widgets-ctv-open-product\"><img decoding=\"async\" width=\"512\" height=\"512\" src=\"https:\/\/www.camping2laplage.com\/wp-content\/uploads\/2025\/07\/chambre.webp\" alt=\"chambre\" class=\"wp-image-1024 gt-fse-widgets-ctv-open-product\" style=\"width:25px\" srcset=\"https:\/\/www.camping2laplage.com\/wp-content\/uploads\/2025\/07\/chambre.webp 512w, https:\/\/www.camping2laplage.com\/wp-content\/uploads\/2025\/07\/chambre-300x300.webp 300w, https:\/\/www.camping2laplage.com\/wp-content\/uploads\/2025\/07\/chambre-150x150.webp 150w\" sizes=\"(max-width: 512px) 100vw, 512px\" \/><\/figure>\n\n\n<div class=\"taxonomy-gt-hebergements-nombre-chambres has-link-color wp-elements-9ef64b592c523db51bc710735ecf05b9 wp-block-post-terms has-text-color has-base-2-color has-medium-font-size has-roboto-font-family gt-fse-widgets-ctv-open-product\"><span class=\"gt-fse-widgets-ctv-open-product\">2<\/span><\/div>\n\n\n<p class=\"has-base-2-color has-text-color has-link-color has-medium-font-size wp-elements-9a187f19e657d0a1a7cff608aeff72a2 gt-fse-widgets-ctv-open-product\">ch.<\/p>\n<\/div>\n\n\n\n<div class=\"wp-block-group is-nowrap is-layout-flex wp-container-core-group-is-layout-89a94f6a wp-block-group-is-layout-flex gt-fse-widgets-ctv-open-product\">\n<figure class=\"wp-block-image size-full is-resized wp-duotone-ededa9-ffffff-8 gt-fse-widgets-ctv-open-product\"><img decoding=\"async\" width=\"300\" height=\"300\" src=\"https:\/\/www.camping2laplage.com\/wp-content\/uploads\/2025\/07\/surface.webp\" alt=\"surface\" class=\"wp-image-1028 gt-fse-widgets-ctv-open-product\" style=\"width:25px\" srcset=\"https:\/\/www.camping2laplage.com\/wp-content\/uploads\/2025\/07\/surface.webp 300w, https:\/\/www.camping2laplage.com\/wp-content\/uploads\/2025\/07\/surface-150x150.webp 150w\" sizes=\"(max-width: 300px) 100vw, 300px\" \/><\/figure>\n\n\n<div class=\"taxonomy-gt-hebergements-superficie has-link-color wp-elements-cafe8390f833754c2c2fbce3d1413350 wp-block-post-terms has-text-color has-base-2-color has-medium-font-size has-roboto-font-family gt-fse-widgets-ctv-open-product\"><span class=\"gt-fse-widgets-ctv-open-product\">25<\/span><\/div>\n\n\n<p class=\"has-base-2-color has-text-color has-link-color has-medium-font-size wp-elements-cf28bc533e0468d76b0d039beb27e42a gt-fse-widgets-ctv-open-product\">m\u00b2<\/p>\n<\/div>\n<\/div>\n<\/div><\/div>\n<\/div>\n\n<\/li><li data-gt-Thelis-product-id=\"\" data-gt-bathrooms=\"22\" data-gt-campings=\"\" data-gt-capacities=\"23\" data-gt-ctv-product-id=\"\" data-gt-gammes=\"\" data-gt-options=\"\" data-gt-rooms=\"24\" data-gt-superficies=\"25\" data-gt-types=\"17\" data-wp-key=\"post-template-item-3380\" class=\"wp-block-post post-3380 hebergement type-hebergement status-publish has-post-thumbnail hentry gt-hebergements-types-location gt-hebergements-nombre-personnes-23 gt-hebergements-nombre-chambres-24 gt-hebergements-nombre-sdb-22 gt-hebergements-superficie-25 gt-fse-widgets-ctv-open-product\">\n\n<div class=\"wp-block-group gt-hebergement-wrap has-global-padding is-layout-constrained wp-block-group-is-layout-constrained gt-fse-widgets-ctv-open-product\" style=\"margin-top:0px\">\n<div data-swiper=\"{&quot;speed&quot;:1000,&quot;autoplay&quot;:{&quot;delay&quot;:5000,&quot;disableOnInteraction&quot;:false},&quot;spaceBetween&quot;:0,&quot;slidesPerView&quot;:1,&quot;pagination&quot;:{&quot;el&quot;:&quot;.swiper-pagination&quot;,&quot;dynamicBullets&quot;:true,&quot;clickable&quot;:true,&quot;type&quot;:&quot;bullets&quot;},&quot;navigation&quot;:{&quot;nextEl&quot;:&quot;.swiper-button-next&quot;,&quot;prevEl&quot;:&quot;.swiper-button-prev&quot;},&quot;breakpoints&quot;:[{&quot;slidesPerView&quot;:1}]}\" class=\"wp-block-cover has-custom-content-position is-position-bottom-center hebergement-featured-image gt-fse-widgets-ctv-open-product\" style=\"border-radius:25px;padding-top:0px;padding-right:0px;padding-bottom:0px;padding-left:0px;min-height:430px;aspect-ratio:unset;\"><span aria-hidden=\"true\" class=\"wp-block-cover__background has-background-dim-80 has-background-dim has-background-gradient gt-fse-widgets-ctv-open-product\" style=\"background:linear-gradient(0deg,rgb(0,0,0) 26%,rgba(0,0,0,0) 42%)\"><\/span><img decoding=\"async\" width=\"396\" height=\"261\" src=\"https:\/\/www.camping2laplage.com\/wp-content\/uploads\/2025\/12\/chalet-victoria-premium.png\" class=\"wp-block-cover__image-background wp-post-image gt-fse-widgets-ctv-open-product\" alt=\"chalet victoria premium\" data-object-fit=\"cover\" srcset=\"https:\/\/www.camping2laplage.com\/wp-content\/uploads\/2025\/12\/chalet-victoria-premium.png 396w, https:\/\/www.camping2laplage.com\/wp-content\/uploads\/2025\/12\/chalet-victoria-premium-300x198.png 300w\" sizes=\"(max-width: 396px) 100vw, 396px\" \/><div class=\"wp-block-cover__inner-container has-global-padding is-layout-constrained wp-container-core-cover-is-layout-f5c98baf wp-block-cover-is-layout-constrained gt-fse-widgets-ctv-open-product\">\n<div class=\"wp-block-group titre-fleche is-nowrap is-layout-flex wp-container-core-group-is-layout-6c531013 wp-block-group-is-layout-flex gt-fse-widgets-ctv-open-product\">\n<p class=\"has-text-align-left hebergement-title gt-btn-arrow has-base-2-color has-text-color has-link-color has-basteleur-font-family wp-elements-9c563c41f13d6fedd8c90588c141348d gt-fse-widgets-ctv-open-product\" style=\"padding-right:0;padding-left:1.5rem;font-size:clamp(18.959px, 1.185rem + ((1vw - 3.2px) * 0.657), 30px);font-style:normal;font-weight:700;text-transform:uppercase\">Chalet Premium Vitoria<\/p>\n\n\n\n<figure class=\"wp-block-image size-large is-resized fleche wp-duotone-rgb255255255-ccc-9 gt-fse-widgets-ctv-open-product\"><img decoding=\"async\" width=\"17\" height=\"12\" src=\"https:\/\/www.camping2laplage.com\/wp-content\/uploads\/2025\/07\/arrows-btn.svg\" alt=\"arrows btn\" class=\"wp-image-176 gt-fse-widgets-ctv-open-product\" style=\"object-fit:contain;width:15px;height:15px\"\/><\/figure>\n<\/div>\n\n\n\n<div class=\"wp-block-group alignfull hebergement-icons has-custom-rouge-background-color has-background is-content-justification-center is-nowrap is-layout-flex wp-container-core-group-is-layout-4e3a5801 wp-block-group-is-layout-flex gt-fse-widgets-ctv-open-product\" style=\"padding-top:var(--wp--preset--spacing--10);padding-right:1rem;padding-bottom:var(--wp--preset--spacing--10);padding-left:1rem\">\n<div class=\"wp-block-group is-nowrap is-layout-flex wp-container-core-group-is-layout-513c09f2 wp-block-group-is-layout-flex gt-fse-widgets-ctv-open-product\">\n<figure class=\"wp-block-image size-full is-resized wp-duotone-ededa9-ccc-10 gt-fse-widgets-ctv-open-product\"><img decoding=\"async\" width=\"300\" height=\"300\" src=\"https:\/\/www.camping2laplage.com\/wp-content\/uploads\/2025\/07\/personnes.webp\" alt=\"personnes\" class=\"wp-image-1020 gt-fse-widgets-ctv-open-product\" style=\"width:25px\" srcset=\"https:\/\/www.camping2laplage.com\/wp-content\/uploads\/2025\/07\/personnes.webp 300w, https:\/\/www.camping2laplage.com\/wp-content\/uploads\/2025\/07\/personnes-150x150.webp 150w\" sizes=\"(max-width: 300px) 100vw, 300px\" \/><\/figure>\n\n\n<div class=\"taxonomy-gt-hebergements-nombre-personnes has-link-color wp-elements-f7c87e54e38b0809136675ff6bf5c315 wp-block-post-terms has-text-color has-base-2-color has-medium-font-size has-roboto-font-family gt-fse-widgets-ctv-open-product\"><span class=\"gt-fse-widgets-ctv-open-product\">2<\/span><\/div>\n\n\n<p class=\"has-base-2-color has-text-color has-link-color has-medium-font-size wp-elements-ed300d43f37d8c22950d8ef97712d50f gt-fse-widgets-ctv-open-product\">Pers.<\/p>\n<\/div>\n\n\n\n<div class=\"wp-block-group is-nowrap is-layout-flex wp-container-core-group-is-layout-89a94f6a wp-block-group-is-layout-flex gt-fse-widgets-ctv-open-product\">\n<figure class=\"wp-block-image size-full is-resized wp-duotone-ededa9-ffffff-11 gt-fse-widgets-ctv-open-product\"><img decoding=\"async\" width=\"512\" height=\"512\" src=\"https:\/\/www.camping2laplage.com\/wp-content\/uploads\/2025\/07\/chambre.webp\" alt=\"chambre\" class=\"wp-image-1024 gt-fse-widgets-ctv-open-product\" style=\"width:25px\" srcset=\"https:\/\/www.camping2laplage.com\/wp-content\/uploads\/2025\/07\/chambre.webp 512w, https:\/\/www.camping2laplage.com\/wp-content\/uploads\/2025\/07\/chambre-300x300.webp 300w, https:\/\/www.camping2laplage.com\/wp-content\/uploads\/2025\/07\/chambre-150x150.webp 150w\" sizes=\"(max-width: 512px) 100vw, 512px\" \/><\/figure>\n\n\n<div class=\"taxonomy-gt-hebergements-nombre-chambres has-link-color wp-elements-9ef64b592c523db51bc710735ecf05b9 wp-block-post-terms has-text-color has-base-2-color has-medium-font-size has-roboto-font-family gt-fse-widgets-ctv-open-product\"><span class=\"gt-fse-widgets-ctv-open-product\">1<\/span><\/div>\n\n\n<p class=\"has-base-2-color has-text-color has-link-color has-medium-font-size wp-elements-9a187f19e657d0a1a7cff608aeff72a2 gt-fse-widgets-ctv-open-product\">ch.<\/p>\n<\/div>\n\n\n\n<div class=\"wp-block-group is-nowrap is-layout-flex wp-container-core-group-is-layout-89a94f6a wp-block-group-is-layout-flex gt-fse-widgets-ctv-open-product\">\n<figure class=\"wp-block-image size-full is-resized wp-duotone-ededa9-ffffff-12 gt-fse-widgets-ctv-open-product\"><img decoding=\"async\" width=\"300\" height=\"300\" src=\"https:\/\/www.camping2laplage.com\/wp-content\/uploads\/2025\/07\/surface.webp\" alt=\"surface\" class=\"wp-image-1028 gt-fse-widgets-ctv-open-product\" style=\"width:25px\" srcset=\"https:\/\/www.camping2laplage.com\/wp-content\/uploads\/2025\/07\/surface.webp 300w, https:\/\/www.camping2laplage.com\/wp-content\/uploads\/2025\/07\/surface-150x150.webp 150w\" sizes=\"(max-width: 300px) 100vw, 300px\" \/><\/figure>\n\n\n<div class=\"taxonomy-gt-hebergements-superficie has-link-color wp-elements-cafe8390f833754c2c2fbce3d1413350 wp-block-post-terms has-text-color has-base-2-color has-medium-font-size has-roboto-font-family gt-fse-widgets-ctv-open-product\"><span class=\"gt-fse-widgets-ctv-open-product\">20<\/span><\/div>\n\n\n<p class=\"has-base-2-color has-text-color has-link-color has-medium-font-size wp-elements-cf28bc533e0468d76b0d039beb27e42a gt-fse-widgets-ctv-open-product\">m\u00b2<\/p>\n<\/div>\n<\/div>\n<\/div><\/div>\n<\/div>\n\n<\/li><li data-gt-Thelis-product-id=\"\" data-gt-bathrooms=\"22\" data-gt-campings=\"\" data-gt-capacities=\"28\" data-gt-ctv-product-id=\"138649\" data-gt-gammes=\"\" data-gt-options=\"\" data-gt-rooms=\"27\" data-gt-superficies=\"35\" data-gt-types=\"17\" data-wp-key=\"post-template-item-2517\" class=\"wp-block-post post-2517 hebergement type-hebergement status-publish has-post-thumbnail hentry gt-hebergements-types-location gt-hebergements-nombre-personnes-28 gt-hebergements-nombre-chambres-27 gt-hebergements-nombre-sdb-22 gt-hebergements-superficie-35 gt-fse-widgets-ctv-open-product\">\n\n<div class=\"wp-block-group gt-hebergement-wrap has-global-padding is-layout-constrained wp-block-group-is-layout-constrained gt-fse-widgets-ctv-open-product\" style=\"margin-top:0px\">\n<div data-swiper=\"{&quot;speed&quot;:1000,&quot;autoplay&quot;:{&quot;delay&quot;:5000,&quot;disableOnInteraction&quot;:false},&quot;spaceBetween&quot;:0,&quot;slidesPerView&quot;:1,&quot;pagination&quot;:{&quot;el&quot;:&quot;.swiper-pagination&quot;,&quot;dynamicBullets&quot;:true,&quot;clickable&quot;:true,&quot;type&quot;:&quot;bullets&quot;},&quot;navigation&quot;:{&quot;nextEl&quot;:&quot;.swiper-button-next&quot;,&quot;prevEl&quot;:&quot;.swiper-button-prev&quot;},&quot;breakpoints&quot;:[{&quot;slidesPerView&quot;:1}]}\" class=\"wp-block-cover has-custom-content-position is-position-bottom-center hebergement-featured-image gt-fse-widgets-ctv-open-product\" style=\"border-radius:25px;padding-top:0px;padding-right:0px;padding-bottom:0px;padding-left:0px;min-height:430px;aspect-ratio:unset;\"><span aria-hidden=\"true\" class=\"wp-block-cover__background has-background-dim-80 has-background-dim has-background-gradient gt-fse-widgets-ctv-open-product\" style=\"background:linear-gradient(0deg,rgb(0,0,0) 26%,rgba(0,0,0,0) 42%)\"><\/span><img decoding=\"async\" width=\"2000\" height=\"1200\" src=\"https:\/\/www.camping2laplage.com\/wp-content\/uploads\/2025\/08\/location-chalet-isere.jpg\" class=\"wp-block-cover__image-background wp-post-image gt-fse-widgets-ctv-open-product\" alt=\"vermietung chalet isere\" data-object-fit=\"cover\" srcset=\"https:\/\/www.camping2laplage.com\/wp-content\/uploads\/2025\/08\/location-chalet-isere.jpg 2000w, https:\/\/www.camping2laplage.com\/wp-content\/uploads\/2025\/08\/location-chalet-isere-300x180.jpg 300w, https:\/\/www.camping2laplage.com\/wp-content\/uploads\/2025\/08\/location-chalet-isere-1024x614.jpg 1024w, https:\/\/www.camping2laplage.com\/wp-content\/uploads\/2025\/08\/location-chalet-isere-768x461.jpg 768w, https:\/\/www.camping2laplage.com\/wp-content\/uploads\/2025\/08\/location-chalet-isere-1536x922.jpg 1536w\" sizes=\"(max-width: 2000px) 100vw, 2000px\" \/><div class=\"wp-block-cover__inner-container has-global-padding is-layout-constrained wp-container-core-cover-is-layout-f5c98baf wp-block-cover-is-layout-constrained gt-fse-widgets-ctv-open-product\">\n<div class=\"wp-block-group titre-fleche is-nowrap is-layout-flex wp-container-core-group-is-layout-6c531013 wp-block-group-is-layout-flex gt-fse-widgets-ctv-open-product\">\n<p class=\"has-text-align-left hebergement-title gt-btn-arrow has-base-2-color has-text-color has-link-color has-basteleur-font-family wp-elements-9c563c41f13d6fedd8c90588c141348d gt-fse-widgets-ctv-open-product\" style=\"padding-right:0;padding-left:1.5rem;font-size:clamp(18.959px, 1.185rem + ((1vw - 3.2px) * 0.657), 30px);font-style:normal;font-weight:700;text-transform:uppercase\">Chalet Prestige &amp; Privatsauna 35 m\u00b2.<\/p>\n\n\n\n<figure class=\"wp-block-image size-large is-resized fleche wp-duotone-rgb255255255-ccc-13 gt-fse-widgets-ctv-open-product\"><img decoding=\"async\" width=\"17\" height=\"12\" src=\"https:\/\/www.camping2laplage.com\/wp-content\/uploads\/2025\/07\/arrows-btn.svg\" alt=\"arrows btn\" class=\"wp-image-176 gt-fse-widgets-ctv-open-product\" style=\"object-fit:contain;width:15px;height:15px\"\/><\/figure>\n<\/div>\n\n\n\n<div class=\"wp-block-group alignfull hebergement-icons has-custom-rouge-background-color has-background is-content-justification-center is-nowrap is-layout-flex wp-container-core-group-is-layout-4e3a5801 wp-block-group-is-layout-flex gt-fse-widgets-ctv-open-product\" style=\"padding-top:var(--wp--preset--spacing--10);padding-right:1rem;padding-bottom:var(--wp--preset--spacing--10);padding-left:1rem\">\n<div class=\"wp-block-group is-nowrap is-layout-flex wp-container-core-group-is-layout-513c09f2 wp-block-group-is-layout-flex gt-fse-widgets-ctv-open-product\">\n<figure class=\"wp-block-image size-full is-resized wp-duotone-ededa9-ccc-14 gt-fse-widgets-ctv-open-product\"><img decoding=\"async\" width=\"300\" height=\"300\" src=\"https:\/\/www.camping2laplage.com\/wp-content\/uploads\/2025\/07\/personnes.webp\" alt=\"personnes\" class=\"wp-image-1020 gt-fse-widgets-ctv-open-product\" style=\"width:25px\" srcset=\"https:\/\/www.camping2laplage.com\/wp-content\/uploads\/2025\/07\/personnes.webp 300w, https:\/\/www.camping2laplage.com\/wp-content\/uploads\/2025\/07\/personnes-150x150.webp 150w\" sizes=\"(max-width: 300px) 100vw, 300px\" \/><\/figure>\n\n\n<div class=\"taxonomy-gt-hebergements-nombre-personnes has-link-color wp-elements-f7c87e54e38b0809136675ff6bf5c315 wp-block-post-terms has-text-color has-base-2-color has-medium-font-size has-roboto-font-family gt-fse-widgets-ctv-open-product\"><span class=\"gt-fse-widgets-ctv-open-product\">6<\/span><\/div>\n\n\n<p class=\"has-base-2-color has-text-color has-link-color has-medium-font-size wp-elements-ed300d43f37d8c22950d8ef97712d50f gt-fse-widgets-ctv-open-product\">Pers.<\/p>\n<\/div>\n\n\n\n<div class=\"wp-block-group is-nowrap is-layout-flex wp-container-core-group-is-layout-89a94f6a wp-block-group-is-layout-flex gt-fse-widgets-ctv-open-product\">\n<figure class=\"wp-block-image size-full is-resized wp-duotone-ededa9-ffffff-15 gt-fse-widgets-ctv-open-product\"><img decoding=\"async\" width=\"512\" height=\"512\" src=\"https:\/\/www.camping2laplage.com\/wp-content\/uploads\/2025\/07\/chambre.webp\" alt=\"chambre\" class=\"wp-image-1024 gt-fse-widgets-ctv-open-product\" style=\"width:25px\" srcset=\"https:\/\/www.camping2laplage.com\/wp-content\/uploads\/2025\/07\/chambre.webp 512w, https:\/\/www.camping2laplage.com\/wp-content\/uploads\/2025\/07\/chambre-300x300.webp 300w, https:\/\/www.camping2laplage.com\/wp-content\/uploads\/2025\/07\/chambre-150x150.webp 150w\" sizes=\"(max-width: 512px) 100vw, 512px\" \/><\/figure>\n\n\n<div class=\"taxonomy-gt-hebergements-nombre-chambres has-link-color wp-elements-9ef64b592c523db51bc710735ecf05b9 wp-block-post-terms has-text-color has-base-2-color has-medium-font-size has-roboto-font-family gt-fse-widgets-ctv-open-product\"><span class=\"gt-fse-widgets-ctv-open-product\">3<\/span><\/div>\n\n\n<p class=\"has-base-2-color has-text-color has-link-color has-medium-font-size wp-elements-9a187f19e657d0a1a7cff608aeff72a2 gt-fse-widgets-ctv-open-product\">ch.<\/p>\n<\/div>\n\n\n\n<div class=\"wp-block-group is-nowrap is-layout-flex wp-container-core-group-is-layout-89a94f6a wp-block-group-is-layout-flex gt-fse-widgets-ctv-open-product\">\n<figure class=\"wp-block-image size-full is-resized wp-duotone-ededa9-ffffff-16 gt-fse-widgets-ctv-open-product\"><img decoding=\"async\" width=\"300\" height=\"300\" src=\"https:\/\/www.camping2laplage.com\/wp-content\/uploads\/2025\/07\/surface.webp\" alt=\"surface\" class=\"wp-image-1028 gt-fse-widgets-ctv-open-product\" style=\"width:25px\" srcset=\"https:\/\/www.camping2laplage.com\/wp-content\/uploads\/2025\/07\/surface.webp 300w, https:\/\/www.camping2laplage.com\/wp-content\/uploads\/2025\/07\/surface-150x150.webp 150w\" sizes=\"(max-width: 300px) 100vw, 300px\" \/><\/figure>\n\n\n<div class=\"taxonomy-gt-hebergements-superficie has-link-color wp-elements-cafe8390f833754c2c2fbce3d1413350 wp-block-post-terms has-text-color has-base-2-color has-medium-font-size has-roboto-font-family gt-fse-widgets-ctv-open-product\"><span class=\"gt-fse-widgets-ctv-open-product\">35<\/span><\/div>\n\n\n<p class=\"has-base-2-color has-text-color has-link-color has-medium-font-size wp-elements-cf28bc533e0468d76b0d039beb27e42a gt-fse-widgets-ctv-open-product\">m\u00b2<\/p>\n<\/div>\n<\/div>\n<\/div><\/div>\n<\/div>\n\n<\/li><li data-gt-Thelis-product-id=\"\" data-gt-bathrooms=\"22\" data-gt-campings=\"\" data-gt-capacities=\"19\" data-gt-ctv-product-id=\"52088\" data-gt-gammes=\"\" data-gt-options=\"\" data-gt-rooms=\"20\" data-gt-superficies=\"21\" data-gt-types=\"17\" data-wp-key=\"post-template-item-2547\" class=\"wp-block-post post-2547 hebergement type-hebergement status-publish has-post-thumbnail hentry gt-hebergements-types-location gt-hebergements-nombre-personnes-19 gt-hebergements-nombre-chambres-20 gt-hebergements-nombre-sdb-22 gt-hebergements-superficie-21 gt-fse-widgets-ctv-open-product\">\n\n<div class=\"wp-block-group gt-hebergement-wrap has-global-padding is-layout-constrained wp-block-group-is-layout-constrained gt-fse-widgets-ctv-open-product\" style=\"margin-top:0px\">\n<div data-swiper=\"{&quot;speed&quot;:1000,&quot;autoplay&quot;:{&quot;delay&quot;:5000,&quot;disableOnInteraction&quot;:false},&quot;spaceBetween&quot;:0,&quot;slidesPerView&quot;:1,&quot;pagination&quot;:{&quot;el&quot;:&quot;.swiper-pagination&quot;,&quot;dynamicBullets&quot;:true,&quot;clickable&quot;:true,&quot;type&quot;:&quot;bullets&quot;},&quot;navigation&quot;:{&quot;nextEl&quot;:&quot;.swiper-button-next&quot;,&quot;prevEl&quot;:&quot;.swiper-button-prev&quot;},&quot;breakpoints&quot;:[{&quot;slidesPerView&quot;:1}]}\" class=\"wp-block-cover has-custom-content-position is-position-bottom-center hebergement-featured-image gt-fse-widgets-ctv-open-product\" style=\"border-radius:25px;padding-top:0px;padding-right:0px;padding-bottom:0px;padding-left:0px;min-height:430px;aspect-ratio:unset;\"><span aria-hidden=\"true\" class=\"wp-block-cover__background has-background-dim-80 has-background-dim has-background-gradient gt-fse-widgets-ctv-open-product\" style=\"background:linear-gradient(0deg,rgb(0,0,0) 26%,rgba(0,0,0,0) 42%)\"><\/span><img decoding=\"async\" width=\"1176\" height=\"882\" src=\"https:\/\/www.camping2laplage.com\/wp-content\/uploads\/2025\/07\/mh-confort.jpg\" class=\"wp-block-cover__image-background wp-post-image gt-fse-widgets-ctv-open-product\" alt=\"mh Komfort\" data-object-fit=\"cover\" srcset=\"https:\/\/www.camping2laplage.com\/wp-content\/uploads\/2025\/07\/mh-confort.jpg 1176w, https:\/\/www.camping2laplage.com\/wp-content\/uploads\/2025\/07\/mh-confort-300x225.jpg 300w, https:\/\/www.camping2laplage.com\/wp-content\/uploads\/2025\/07\/mh-confort-1024x768.jpg 1024w, https:\/\/www.camping2laplage.com\/wp-content\/uploads\/2025\/07\/mh-confort-768x576.jpg 768w\" sizes=\"(max-width: 1176px) 100vw, 1176px\" \/><div class=\"wp-block-cover__inner-container has-global-padding is-layout-constrained wp-container-core-cover-is-layout-f5c98baf wp-block-cover-is-layout-constrained gt-fse-widgets-ctv-open-product\">\n<div class=\"wp-block-group titre-fleche is-nowrap is-layout-flex wp-container-core-group-is-layout-6c531013 wp-block-group-is-layout-flex gt-fse-widgets-ctv-open-product\">\n<p class=\"has-text-align-left hebergement-title gt-btn-arrow has-base-2-color has-text-color has-link-color has-basteleur-font-family wp-elements-9c563c41f13d6fedd8c90588c141348d gt-fse-widgets-ctv-open-product\" style=\"padding-right:0;padding-left:1.5rem;font-size:clamp(18.959px, 1.185rem + ((1vw - 3.2px) * 0.657), 30px);font-style:normal;font-weight:700;text-transform:uppercase\">Mobilheim Confort 29m\u00b2<\/p>\n\n\n\n<figure class=\"wp-block-image size-large is-resized fleche wp-duotone-rgb255255255-ccc-17 gt-fse-widgets-ctv-open-product\"><img decoding=\"async\" width=\"17\" height=\"12\" src=\"https:\/\/www.camping2laplage.com\/wp-content\/uploads\/2025\/07\/arrows-btn.svg\" alt=\"arrows btn\" class=\"wp-image-176 gt-fse-widgets-ctv-open-product\" style=\"object-fit:contain;width:15px;height:15px\"\/><\/figure>\n<\/div>\n\n\n\n<div class=\"wp-block-group alignfull hebergement-icons has-custom-rouge-background-color has-background is-content-justification-center is-nowrap is-layout-flex wp-container-core-group-is-layout-4e3a5801 wp-block-group-is-layout-flex gt-fse-widgets-ctv-open-product\" style=\"padding-top:var(--wp--preset--spacing--10);padding-right:1rem;padding-bottom:var(--wp--preset--spacing--10);padding-left:1rem\">\n<div class=\"wp-block-group is-nowrap is-layout-flex wp-container-core-group-is-layout-513c09f2 wp-block-group-is-layout-flex gt-fse-widgets-ctv-open-product\">\n<figure class=\"wp-block-image size-full is-resized wp-duotone-ededa9-ccc-18 gt-fse-widgets-ctv-open-product\"><img decoding=\"async\" width=\"300\" height=\"300\" src=\"https:\/\/www.camping2laplage.com\/wp-content\/uploads\/2025\/07\/personnes.webp\" alt=\"personnes\" class=\"wp-image-1020 gt-fse-widgets-ctv-open-product\" style=\"width:25px\" srcset=\"https:\/\/www.camping2laplage.com\/wp-content\/uploads\/2025\/07\/personnes.webp 300w, https:\/\/www.camping2laplage.com\/wp-content\/uploads\/2025\/07\/personnes-150x150.webp 150w\" sizes=\"(max-width: 300px) 100vw, 300px\" \/><\/figure>\n\n\n<div class=\"taxonomy-gt-hebergements-nombre-personnes has-link-color wp-elements-f7c87e54e38b0809136675ff6bf5c315 wp-block-post-terms has-text-color has-base-2-color has-medium-font-size has-roboto-font-family gt-fse-widgets-ctv-open-product\"><span class=\"gt-fse-widgets-ctv-open-product\">4<\/span><\/div>\n\n\n<p class=\"has-base-2-color has-text-color has-link-color has-medium-font-size wp-elements-ed300d43f37d8c22950d8ef97712d50f gt-fse-widgets-ctv-open-product\">Pers.<\/p>\n<\/div>\n\n\n\n<div class=\"wp-block-group is-nowrap is-layout-flex wp-container-core-group-is-layout-89a94f6a wp-block-group-is-layout-flex gt-fse-widgets-ctv-open-product\">\n<figure class=\"wp-block-image size-full is-resized wp-duotone-ededa9-ffffff-19 gt-fse-widgets-ctv-open-product\"><img decoding=\"async\" width=\"512\" height=\"512\" src=\"https:\/\/www.camping2laplage.com\/wp-content\/uploads\/2025\/07\/chambre.webp\" alt=\"chambre\" class=\"wp-image-1024 gt-fse-widgets-ctv-open-product\" style=\"width:25px\" srcset=\"https:\/\/www.camping2laplage.com\/wp-content\/uploads\/2025\/07\/chambre.webp 512w, https:\/\/www.camping2laplage.com\/wp-content\/uploads\/2025\/07\/chambre-300x300.webp 300w, https:\/\/www.camping2laplage.com\/wp-content\/uploads\/2025\/07\/chambre-150x150.webp 150w\" sizes=\"(max-width: 512px) 100vw, 512px\" \/><\/figure>\n\n\n<div class=\"taxonomy-gt-hebergements-nombre-chambres has-link-color wp-elements-9ef64b592c523db51bc710735ecf05b9 wp-block-post-terms has-text-color has-base-2-color has-medium-font-size has-roboto-font-family gt-fse-widgets-ctv-open-product\"><span class=\"gt-fse-widgets-ctv-open-product\">2<\/span><\/div>\n\n\n<p class=\"has-base-2-color has-text-color has-link-color has-medium-font-size wp-elements-9a187f19e657d0a1a7cff608aeff72a2 gt-fse-widgets-ctv-open-product\">ch.<\/p>\n<\/div>\n\n\n\n<div class=\"wp-block-group is-nowrap is-layout-flex wp-container-core-group-is-layout-89a94f6a wp-block-group-is-layout-flex gt-fse-widgets-ctv-open-product\">\n<figure class=\"wp-block-image size-full is-resized wp-duotone-ededa9-ffffff-20 gt-fse-widgets-ctv-open-product\"><img decoding=\"async\" width=\"300\" height=\"300\" src=\"https:\/\/www.camping2laplage.com\/wp-content\/uploads\/2025\/07\/surface.webp\" alt=\"surface\" class=\"wp-image-1028 gt-fse-widgets-ctv-open-product\" style=\"width:25px\" srcset=\"https:\/\/www.camping2laplage.com\/wp-content\/uploads\/2025\/07\/surface.webp 300w, https:\/\/www.camping2laplage.com\/wp-content\/uploads\/2025\/07\/surface-150x150.webp 150w\" sizes=\"(max-width: 300px) 100vw, 300px\" \/><\/figure>\n\n\n<div class=\"taxonomy-gt-hebergements-superficie has-link-color wp-elements-cafe8390f833754c2c2fbce3d1413350 wp-block-post-terms has-text-color has-base-2-color has-medium-font-size has-roboto-font-family gt-fse-widgets-ctv-open-product\"><span class=\"gt-fse-widgets-ctv-open-product\">29<\/span><\/div>\n\n\n<p class=\"has-base-2-color has-text-color has-link-color has-medium-font-size wp-elements-cf28bc533e0468d76b0d039beb27e42a gt-fse-widgets-ctv-open-product\">m\u00b2<\/p>\n<\/div>\n<\/div>\n<\/div><\/div>\n<\/div>\n\n<\/li><li data-gt-Thelis-product-id=\"\" data-gt-bathrooms=\"22\" data-gt-campings=\"\" data-gt-capacities=\"23\" data-gt-ctv-product-id=\"104216\" data-gt-gammes=\"\" data-gt-options=\"\" data-gt-rooms=\"24\" data-gt-superficies=\"25\" data-gt-types=\"17\" data-wp-key=\"post-template-item-2558\" class=\"wp-block-post post-2558 hebergement type-hebergement status-publish has-post-thumbnail hentry gt-hebergements-types-location gt-hebergements-nombre-personnes-23 gt-hebergements-nombre-chambres-24 gt-hebergements-nombre-sdb-22 gt-hebergements-superficie-25 gt-fse-widgets-ctv-open-product\">\n\n<div class=\"wp-block-group gt-hebergement-wrap has-global-padding is-layout-constrained wp-block-group-is-layout-constrained gt-fse-widgets-ctv-open-product\" style=\"margin-top:0px\">\n<div data-swiper=\"{&quot;speed&quot;:1000,&quot;autoplay&quot;:{&quot;delay&quot;:5000,&quot;disableOnInteraction&quot;:false},&quot;spaceBetween&quot;:0,&quot;slidesPerView&quot;:1,&quot;pagination&quot;:{&quot;el&quot;:&quot;.swiper-pagination&quot;,&quot;dynamicBullets&quot;:true,&quot;clickable&quot;:true,&quot;type&quot;:&quot;bullets&quot;},&quot;navigation&quot;:{&quot;nextEl&quot;:&quot;.swiper-button-next&quot;,&quot;prevEl&quot;:&quot;.swiper-button-prev&quot;},&quot;breakpoints&quot;:[{&quot;slidesPerView&quot;:1}]}\" class=\"wp-block-cover has-custom-content-position is-position-bottom-center hebergement-featured-image gt-fse-widgets-ctv-open-product\" style=\"border-radius:25px;padding-top:0px;padding-right:0px;padding-bottom:0px;padding-left:0px;min-height:430px;aspect-ratio:unset;\"><span aria-hidden=\"true\" class=\"wp-block-cover__background has-background-dim-80 has-background-dim has-background-gradient gt-fse-widgets-ctv-open-product\" style=\"background:linear-gradient(0deg,rgb(0,0,0) 26%,rgba(0,0,0,0) 42%)\"><\/span><img decoding=\"async\" width=\"1176\" height=\"882\" src=\"https:\/\/www.camping2laplage.com\/wp-content\/uploads\/2025\/07\/mobil-home-duo-en-isere.webp\" class=\"wp-block-cover__image-background wp-post-image gt-fse-widgets-ctv-open-product\" alt=\"mobilheim duo in isere\" data-object-fit=\"cover\" srcset=\"https:\/\/www.camping2laplage.com\/wp-content\/uploads\/2025\/07\/mobil-home-duo-en-isere.webp 1176w, https:\/\/www.camping2laplage.com\/wp-content\/uploads\/2025\/07\/mobil-home-duo-en-isere-300x225.webp 300w, https:\/\/www.camping2laplage.com\/wp-content\/uploads\/2025\/07\/mobil-home-duo-en-isere-1024x768.webp 1024w, https:\/\/www.camping2laplage.com\/wp-content\/uploads\/2025\/07\/mobil-home-duo-en-isere-768x576.webp 768w\" sizes=\"(max-width: 1176px) 100vw, 1176px\" \/><div class=\"wp-block-cover__inner-container has-global-padding is-layout-constrained wp-container-core-cover-is-layout-f5c98baf wp-block-cover-is-layout-constrained gt-fse-widgets-ctv-open-product\">\n<div class=\"wp-block-group titre-fleche is-nowrap is-layout-flex wp-container-core-group-is-layout-6c531013 wp-block-group-is-layout-flex gt-fse-widgets-ctv-open-product\">\n<p class=\"has-text-align-left hebergement-title gt-btn-arrow has-base-2-color has-text-color has-link-color has-basteleur-font-family wp-elements-9c563c41f13d6fedd8c90588c141348d gt-fse-widgets-ctv-open-product\" style=\"padding-right:0;padding-left:1.5rem;font-size:clamp(18.959px, 1.185rem + ((1vw - 3.2px) * 0.657), 30px);font-style:normal;font-weight:700;text-transform:uppercase\">Mobilheim Duo 20m\u00b2<\/p>\n\n\n\n<figure class=\"wp-block-image size-large is-resized fleche wp-duotone-rgb255255255-ccc-21 gt-fse-widgets-ctv-open-product\"><img decoding=\"async\" width=\"17\" height=\"12\" src=\"https:\/\/www.camping2laplage.com\/wp-content\/uploads\/2025\/07\/arrows-btn.svg\" alt=\"arrows btn\" class=\"wp-image-176 gt-fse-widgets-ctv-open-product\" style=\"object-fit:contain;width:15px;height:15px\"\/><\/figure>\n<\/div>\n\n\n\n<div class=\"wp-block-group alignfull hebergement-icons has-custom-rouge-background-color has-background is-content-justification-center is-nowrap is-layout-flex wp-container-core-group-is-layout-4e3a5801 wp-block-group-is-layout-flex gt-fse-widgets-ctv-open-product\" style=\"padding-top:var(--wp--preset--spacing--10);padding-right:1rem;padding-bottom:var(--wp--preset--spacing--10);padding-left:1rem\">\n<div class=\"wp-block-group is-nowrap is-layout-flex wp-container-core-group-is-layout-513c09f2 wp-block-group-is-layout-flex gt-fse-widgets-ctv-open-product\">\n<figure class=\"wp-block-image size-full is-resized wp-duotone-ededa9-ccc-22 gt-fse-widgets-ctv-open-product\"><img decoding=\"async\" width=\"300\" height=\"300\" src=\"https:\/\/www.camping2laplage.com\/wp-content\/uploads\/2025\/07\/personnes.webp\" alt=\"personnes\" class=\"wp-image-1020 gt-fse-widgets-ctv-open-product\" style=\"width:25px\" srcset=\"https:\/\/www.camping2laplage.com\/wp-content\/uploads\/2025\/07\/personnes.webp 300w, https:\/\/www.camping2laplage.com\/wp-content\/uploads\/2025\/07\/personnes-150x150.webp 150w\" sizes=\"(max-width: 300px) 100vw, 300px\" \/><\/figure>\n\n\n<div class=\"taxonomy-gt-hebergements-nombre-personnes has-link-color wp-elements-f7c87e54e38b0809136675ff6bf5c315 wp-block-post-terms has-text-color has-base-2-color has-medium-font-size has-roboto-font-family gt-fse-widgets-ctv-open-product\"><span class=\"gt-fse-widgets-ctv-open-product\">2<\/span><\/div>\n\n\n<p class=\"has-base-2-color has-text-color has-link-color has-medium-font-size wp-elements-ed300d43f37d8c22950d8ef97712d50f gt-fse-widgets-ctv-open-product\">Pers.<\/p>\n<\/div>\n\n\n\n<div class=\"wp-block-group is-nowrap is-layout-flex wp-container-core-group-is-layout-89a94f6a wp-block-group-is-layout-flex gt-fse-widgets-ctv-open-product\">\n<figure class=\"wp-block-image size-full is-resized wp-duotone-ededa9-ffffff-23 gt-fse-widgets-ctv-open-product\"><img decoding=\"async\" width=\"512\" height=\"512\" src=\"https:\/\/www.camping2laplage.com\/wp-content\/uploads\/2025\/07\/chambre.webp\" alt=\"chambre\" class=\"wp-image-1024 gt-fse-widgets-ctv-open-product\" style=\"width:25px\" srcset=\"https:\/\/www.camping2laplage.com\/wp-content\/uploads\/2025\/07\/chambre.webp 512w, https:\/\/www.camping2laplage.com\/wp-content\/uploads\/2025\/07\/chambre-300x300.webp 300w, https:\/\/www.camping2laplage.com\/wp-content\/uploads\/2025\/07\/chambre-150x150.webp 150w\" sizes=\"(max-width: 512px) 100vw, 512px\" \/><\/figure>\n\n\n<div class=\"taxonomy-gt-hebergements-nombre-chambres has-link-color wp-elements-9ef64b592c523db51bc710735ecf05b9 wp-block-post-terms has-text-color has-base-2-color has-medium-font-size has-roboto-font-family gt-fse-widgets-ctv-open-product\"><span class=\"gt-fse-widgets-ctv-open-product\">1<\/span><\/div>\n\n\n<p class=\"has-base-2-color has-text-color has-link-color has-medium-font-size wp-elements-9a187f19e657d0a1a7cff608aeff72a2 gt-fse-widgets-ctv-open-product\">ch.<\/p>\n<\/div>\n\n\n\n<div class=\"wp-block-group is-nowrap is-layout-flex wp-container-core-group-is-layout-89a94f6a wp-block-group-is-layout-flex gt-fse-widgets-ctv-open-product\">\n<figure class=\"wp-block-image size-full is-resized wp-duotone-ededa9-ffffff-24 gt-fse-widgets-ctv-open-product\"><img decoding=\"async\" width=\"300\" height=\"300\" src=\"https:\/\/www.camping2laplage.com\/wp-content\/uploads\/2025\/07\/surface.webp\" alt=\"surface\" class=\"wp-image-1028 gt-fse-widgets-ctv-open-product\" style=\"width:25px\" srcset=\"https:\/\/www.camping2laplage.com\/wp-content\/uploads\/2025\/07\/surface.webp 300w, https:\/\/www.camping2laplage.com\/wp-content\/uploads\/2025\/07\/surface-150x150.webp 150w\" sizes=\"(max-width: 300px) 100vw, 300px\" \/><\/figure>\n\n\n<div class=\"taxonomy-gt-hebergements-superficie has-link-color wp-elements-cafe8390f833754c2c2fbce3d1413350 wp-block-post-terms has-text-color has-base-2-color has-medium-font-size has-roboto-font-family gt-fse-widgets-ctv-open-product\"><span class=\"gt-fse-widgets-ctv-open-product\">20<\/span><\/div>\n\n\n<p class=\"has-base-2-color has-text-color has-link-color has-medium-font-size wp-elements-cf28bc533e0468d76b0d039beb27e42a gt-fse-widgets-ctv-open-product\">m\u00b2<\/p>\n<\/div>\n<\/div>\n<\/div><\/div>\n<\/div>\n\n<\/li><li data-gt-Thelis-product-id=\"\" data-gt-bathrooms=\"22\" data-gt-campings=\"\" data-gt-capacities=\"28\" data-gt-ctv-product-id=\"52087\" data-gt-gammes=\"\" data-gt-options=\"\" data-gt-rooms=\"27\" data-gt-superficies=\"26\" data-gt-types=\"17\" data-wp-key=\"post-template-item-2548\" class=\"wp-block-post post-2548 hebergement type-hebergement status-publish has-post-thumbnail hentry gt-hebergements-types-location gt-hebergements-nombre-personnes-28 gt-hebergements-nombre-chambres-27 gt-hebergements-nombre-sdb-22 gt-hebergements-superficie-26 gt-fse-widgets-ctv-open-product\">\n\n<div class=\"wp-block-group gt-hebergement-wrap has-global-padding is-layout-constrained wp-block-group-is-layout-constrained gt-fse-widgets-ctv-open-product\" style=\"margin-top:0px\">\n<div data-swiper=\"{&quot;speed&quot;:1000,&quot;autoplay&quot;:{&quot;delay&quot;:5000,&quot;disableOnInteraction&quot;:false},&quot;spaceBetween&quot;:0,&quot;slidesPerView&quot;:1,&quot;pagination&quot;:{&quot;el&quot;:&quot;.swiper-pagination&quot;,&quot;dynamicBullets&quot;:true,&quot;clickable&quot;:true,&quot;type&quot;:&quot;bullets&quot;},&quot;navigation&quot;:{&quot;nextEl&quot;:&quot;.swiper-button-next&quot;,&quot;prevEl&quot;:&quot;.swiper-button-prev&quot;},&quot;breakpoints&quot;:[{&quot;slidesPerView&quot;:1}]}\" class=\"wp-block-cover has-custom-content-position is-position-bottom-center hebergement-featured-image gt-fse-widgets-ctv-open-product\" style=\"border-radius:25px;padding-top:0px;padding-right:0px;padding-bottom:0px;padding-left:0px;min-height:430px;aspect-ratio:unset;\"><span aria-hidden=\"true\" class=\"wp-block-cover__background has-background-dim-80 has-background-dim has-background-gradient gt-fse-widgets-ctv-open-product\" style=\"background:linear-gradient(0deg,rgb(0,0,0) 26%,rgba(0,0,0,0) 42%)\"><\/span><img decoding=\"async\" width=\"1176\" height=\"882\" src=\"https:\/\/www.camping2laplage.com\/wp-content\/uploads\/2025\/08\/mh-confort-31.jpg\" class=\"wp-block-cover__image-background wp-post-image gt-fse-widgets-ctv-open-product\" alt=\"mh Komfort\" data-object-fit=\"cover\" srcset=\"https:\/\/www.camping2laplage.com\/wp-content\/uploads\/2025\/08\/mh-confort-31.jpg 1176w, https:\/\/www.camping2laplage.com\/wp-content\/uploads\/2025\/08\/mh-confort-31-300x225.jpg 300w, https:\/\/www.camping2laplage.com\/wp-content\/uploads\/2025\/08\/mh-confort-31-1024x768.jpg 1024w, https:\/\/www.camping2laplage.com\/wp-content\/uploads\/2025\/08\/mh-confort-31-768x576.jpg 768w\" sizes=\"(max-width: 1176px) 100vw, 1176px\" \/><div class=\"wp-block-cover__inner-container has-global-padding is-layout-constrained wp-container-core-cover-is-layout-f5c98baf wp-block-cover-is-layout-constrained gt-fse-widgets-ctv-open-product\">\n<div class=\"wp-block-group titre-fleche is-nowrap is-layout-flex wp-container-core-group-is-layout-6c531013 wp-block-group-is-layout-flex gt-fse-widgets-ctv-open-product\">\n<p class=\"has-text-align-left hebergement-title gt-btn-arrow has-base-2-color has-text-color has-link-color has-basteleur-font-family wp-elements-9c563c41f13d6fedd8c90588c141348d gt-fse-widgets-ctv-open-product\" style=\"padding-right:0;padding-left:1.5rem;font-size:clamp(18.959px, 1.185rem + ((1vw - 3.2px) * 0.657), 30px);font-style:normal;font-weight:700;text-transform:uppercase\">Mobilheim Komfort 31 m\u00b2<\/p>\n\n\n\n<figure class=\"wp-block-image size-large is-resized fleche wp-duotone-rgb255255255-ccc-25 gt-fse-widgets-ctv-open-product\"><img decoding=\"async\" width=\"17\" height=\"12\" src=\"https:\/\/www.camping2laplage.com\/wp-content\/uploads\/2025\/07\/arrows-btn.svg\" alt=\"arrows btn\" class=\"wp-image-176 gt-fse-widgets-ctv-open-product\" style=\"object-fit:contain;width:15px;height:15px\"\/><\/figure>\n<\/div>\n\n\n\n<div class=\"wp-block-group alignfull hebergement-icons has-custom-rouge-background-color has-background is-content-justification-center is-nowrap is-layout-flex wp-container-core-group-is-layout-4e3a5801 wp-block-group-is-layout-flex gt-fse-widgets-ctv-open-product\" style=\"padding-top:var(--wp--preset--spacing--10);padding-right:1rem;padding-bottom:var(--wp--preset--spacing--10);padding-left:1rem\">\n<div class=\"wp-block-group is-nowrap is-layout-flex wp-container-core-group-is-layout-513c09f2 wp-block-group-is-layout-flex gt-fse-widgets-ctv-open-product\">\n<figure class=\"wp-block-image size-full is-resized wp-duotone-ededa9-ccc-26 gt-fse-widgets-ctv-open-product\"><img decoding=\"async\" width=\"300\" height=\"300\" src=\"https:\/\/www.camping2laplage.com\/wp-content\/uploads\/2025\/07\/personnes.webp\" alt=\"personnes\" class=\"wp-image-1020 gt-fse-widgets-ctv-open-product\" style=\"width:25px\" srcset=\"https:\/\/www.camping2laplage.com\/wp-content\/uploads\/2025\/07\/personnes.webp 300w, https:\/\/www.camping2laplage.com\/wp-content\/uploads\/2025\/07\/personnes-150x150.webp 150w\" sizes=\"(max-width: 300px) 100vw, 300px\" \/><\/figure>\n\n\n<div class=\"taxonomy-gt-hebergements-nombre-personnes has-link-color wp-elements-f7c87e54e38b0809136675ff6bf5c315 wp-block-post-terms has-text-color has-base-2-color has-medium-font-size has-roboto-font-family gt-fse-widgets-ctv-open-product\"><span class=\"gt-fse-widgets-ctv-open-product\">6<\/span><\/div>\n\n\n<p class=\"has-base-2-color has-text-color has-link-color has-medium-font-size wp-elements-ed300d43f37d8c22950d8ef97712d50f gt-fse-widgets-ctv-open-product\">Pers.<\/p>\n<\/div>\n\n\n\n<div class=\"wp-block-group is-nowrap is-layout-flex wp-container-core-group-is-layout-89a94f6a wp-block-group-is-layout-flex gt-fse-widgets-ctv-open-product\">\n<figure class=\"wp-block-image size-full is-resized wp-duotone-ededa9-ffffff-27 gt-fse-widgets-ctv-open-product\"><img decoding=\"async\" width=\"512\" height=\"512\" src=\"https:\/\/www.camping2laplage.com\/wp-content\/uploads\/2025\/07\/chambre.webp\" alt=\"chambre\" class=\"wp-image-1024 gt-fse-widgets-ctv-open-product\" style=\"width:25px\" srcset=\"https:\/\/www.camping2laplage.com\/wp-content\/uploads\/2025\/07\/chambre.webp 512w, https:\/\/www.camping2laplage.com\/wp-content\/uploads\/2025\/07\/chambre-300x300.webp 300w, https:\/\/www.camping2laplage.com\/wp-content\/uploads\/2025\/07\/chambre-150x150.webp 150w\" sizes=\"(max-width: 512px) 100vw, 512px\" \/><\/figure>\n\n\n<div class=\"taxonomy-gt-hebergements-nombre-chambres has-link-color wp-elements-9ef64b592c523db51bc710735ecf05b9 wp-block-post-terms has-text-color has-base-2-color has-medium-font-size has-roboto-font-family gt-fse-widgets-ctv-open-product\"><span class=\"gt-fse-widgets-ctv-open-product\">3<\/span><\/div>\n\n\n<p class=\"has-base-2-color has-text-color has-link-color has-medium-font-size wp-elements-9a187f19e657d0a1a7cff608aeff72a2 gt-fse-widgets-ctv-open-product\">ch.<\/p>\n<\/div>\n\n\n\n<div class=\"wp-block-group is-nowrap is-layout-flex wp-container-core-group-is-layout-89a94f6a wp-block-group-is-layout-flex gt-fse-widgets-ctv-open-product\">\n<figure class=\"wp-block-image size-full is-resized wp-duotone-ededa9-ffffff-28 gt-fse-widgets-ctv-open-product\"><img decoding=\"async\" width=\"300\" height=\"300\" src=\"https:\/\/www.camping2laplage.com\/wp-content\/uploads\/2025\/07\/surface.webp\" alt=\"surface\" class=\"wp-image-1028 gt-fse-widgets-ctv-open-product\" style=\"width:25px\" srcset=\"https:\/\/www.camping2laplage.com\/wp-content\/uploads\/2025\/07\/surface.webp 300w, https:\/\/www.camping2laplage.com\/wp-content\/uploads\/2025\/07\/surface-150x150.webp 150w\" sizes=\"(max-width: 300px) 100vw, 300px\" \/><\/figure>\n\n\n<div class=\"taxonomy-gt-hebergements-superficie has-link-color wp-elements-cafe8390f833754c2c2fbce3d1413350 wp-block-post-terms has-text-color has-base-2-color has-medium-font-size has-roboto-font-family gt-fse-widgets-ctv-open-product\"><span class=\"gt-fse-widgets-ctv-open-product\">31<\/span><\/div>\n\n\n<p class=\"has-base-2-color has-text-color has-link-color has-medium-font-size wp-elements-cf28bc533e0468d76b0d039beb27e42a gt-fse-widgets-ctv-open-product\">m\u00b2<\/p>\n<\/div>\n<\/div>\n<\/div><\/div>\n<\/div>\n\n<\/li><li data-gt-Thelis-product-id=\"\" data-gt-bathrooms=\"22\" data-gt-campings=\"\" data-gt-capacities=\"28\" data-gt-ctv-product-id=\"97374\" data-gt-gammes=\"\" data-gt-options=\"\" data-gt-rooms=\"27\" data-gt-superficies=\"26\" data-gt-types=\"17\" data-wp-key=\"post-template-item-2552\" class=\"wp-block-post post-2552 hebergement type-hebergement status-publish has-post-thumbnail hentry gt-hebergements-types-location gt-hebergements-nombre-personnes-28 gt-hebergements-nombre-chambres-27 gt-hebergements-nombre-sdb-22 gt-hebergements-superficie-26 gt-fse-widgets-ctv-open-product\">\n\n<div class=\"wp-block-group gt-hebergement-wrap has-global-padding is-layout-constrained wp-block-group-is-layout-constrained gt-fse-widgets-ctv-open-product\" style=\"margin-top:0px\">\n<div data-swiper=\"{&quot;speed&quot;:1000,&quot;autoplay&quot;:{&quot;delay&quot;:5000,&quot;disableOnInteraction&quot;:false},&quot;spaceBetween&quot;:0,&quot;slidesPerView&quot;:1,&quot;pagination&quot;:{&quot;el&quot;:&quot;.swiper-pagination&quot;,&quot;dynamicBullets&quot;:true,&quot;clickable&quot;:true,&quot;type&quot;:&quot;bullets&quot;},&quot;navigation&quot;:{&quot;nextEl&quot;:&quot;.swiper-button-next&quot;,&quot;prevEl&quot;:&quot;.swiper-button-prev&quot;},&quot;breakpoints&quot;:[{&quot;slidesPerView&quot;:1}]}\" class=\"wp-block-cover has-custom-content-position is-position-bottom-center hebergement-featured-image gt-fse-widgets-ctv-open-product\" style=\"border-radius:25px;padding-top:0px;padding-right:0px;padding-bottom:0px;padding-left:0px;min-height:430px;aspect-ratio:unset;\"><span aria-hidden=\"true\" class=\"wp-block-cover__background has-background-dim-80 has-background-dim has-background-gradient gt-fse-widgets-ctv-open-product\" style=\"background:linear-gradient(0deg,rgb(0,0,0) 26%,rgba(0,0,0,0) 42%)\"><\/span><img decoding=\"async\" width=\"1176\" height=\"882\" src=\"https:\/\/www.camping2laplage.com\/wp-content\/uploads\/2025\/08\/mobil-home-panoramique.jpg\" class=\"wp-block-cover__image-background wp-post-image gt-fse-widgets-ctv-open-product\" alt=\"Mobilheim Panorama\" data-object-fit=\"cover\" srcset=\"https:\/\/www.camping2laplage.com\/wp-content\/uploads\/2025\/08\/mobil-home-panoramique.jpg 1176w, https:\/\/www.camping2laplage.com\/wp-content\/uploads\/2025\/08\/mobil-home-panoramique-300x225.jpg 300w, https:\/\/www.camping2laplage.com\/wp-content\/uploads\/2025\/08\/mobil-home-panoramique-1024x768.jpg 1024w, https:\/\/www.camping2laplage.com\/wp-content\/uploads\/2025\/08\/mobil-home-panoramique-768x576.jpg 768w\" sizes=\"(max-width: 1176px) 100vw, 1176px\" \/><div class=\"wp-block-cover__inner-container has-global-padding is-layout-constrained wp-container-core-cover-is-layout-f5c98baf wp-block-cover-is-layout-constrained gt-fse-widgets-ctv-open-product\">\n<div class=\"wp-block-group titre-fleche is-nowrap is-layout-flex wp-container-core-group-is-layout-6c531013 wp-block-group-is-layout-flex gt-fse-widgets-ctv-open-product\">\n<p class=\"has-text-align-left hebergement-title gt-btn-arrow has-base-2-color has-text-color has-link-color has-basteleur-font-family wp-elements-9c563c41f13d6fedd8c90588c141348d gt-fse-widgets-ctv-open-product\" style=\"padding-right:0;padding-left:1.5rem;font-size:clamp(18.959px, 1.185rem + ((1vw - 3.2px) * 0.657), 30px);font-style:normal;font-weight:700;text-transform:uppercase\">Mobilheim Panoramic 31m\u00b2  <\/p>\n\n\n\n<figure class=\"wp-block-image size-large is-resized fleche wp-duotone-rgb255255255-ccc-29 gt-fse-widgets-ctv-open-product\"><img decoding=\"async\" width=\"17\" height=\"12\" src=\"https:\/\/www.camping2laplage.com\/wp-content\/uploads\/2025\/07\/arrows-btn.svg\" alt=\"arrows btn\" class=\"wp-image-176 gt-fse-widgets-ctv-open-product\" style=\"object-fit:contain;width:15px;height:15px\"\/><\/figure>\n<\/div>\n\n\n\n<div class=\"wp-block-group alignfull hebergement-icons has-custom-rouge-background-color has-background is-content-justification-center is-nowrap is-layout-flex wp-container-core-group-is-layout-4e3a5801 wp-block-group-is-layout-flex gt-fse-widgets-ctv-open-product\" style=\"padding-top:var(--wp--preset--spacing--10);padding-right:1rem;padding-bottom:var(--wp--preset--spacing--10);padding-left:1rem\">\n<div class=\"wp-block-group is-nowrap is-layout-flex wp-container-core-group-is-layout-513c09f2 wp-block-group-is-layout-flex gt-fse-widgets-ctv-open-product\">\n<figure class=\"wp-block-image size-full is-resized wp-duotone-ededa9-ccc-30 gt-fse-widgets-ctv-open-product\"><img decoding=\"async\" width=\"300\" height=\"300\" src=\"https:\/\/www.camping2laplage.com\/wp-content\/uploads\/2025\/07\/personnes.webp\" alt=\"personnes\" class=\"wp-image-1020 gt-fse-widgets-ctv-open-product\" style=\"width:25px\" srcset=\"https:\/\/www.camping2laplage.com\/wp-content\/uploads\/2025\/07\/personnes.webp 300w, https:\/\/www.camping2laplage.com\/wp-content\/uploads\/2025\/07\/personnes-150x150.webp 150w\" sizes=\"(max-width: 300px) 100vw, 300px\" \/><\/figure>\n\n\n<div class=\"taxonomy-gt-hebergements-nombre-personnes has-link-color wp-elements-f7c87e54e38b0809136675ff6bf5c315 wp-block-post-terms has-text-color has-base-2-color has-medium-font-size has-roboto-font-family gt-fse-widgets-ctv-open-product\"><span class=\"gt-fse-widgets-ctv-open-product\">6<\/span><\/div>\n\n\n<p class=\"has-base-2-color has-text-color has-link-color has-medium-font-size wp-elements-ed300d43f37d8c22950d8ef97712d50f gt-fse-widgets-ctv-open-product\">Pers.<\/p>\n<\/div>\n\n\n\n<div class=\"wp-block-group is-nowrap is-layout-flex wp-container-core-group-is-layout-89a94f6a wp-block-group-is-layout-flex gt-fse-widgets-ctv-open-product\">\n<figure class=\"wp-block-image size-full is-resized wp-duotone-ededa9-ffffff-31 gt-fse-widgets-ctv-open-product\"><img decoding=\"async\" width=\"512\" height=\"512\" src=\"https:\/\/www.camping2laplage.com\/wp-content\/uploads\/2025\/07\/chambre.webp\" alt=\"chambre\" class=\"wp-image-1024 gt-fse-widgets-ctv-open-product\" style=\"width:25px\" srcset=\"https:\/\/www.camping2laplage.com\/wp-content\/uploads\/2025\/07\/chambre.webp 512w, https:\/\/www.camping2laplage.com\/wp-content\/uploads\/2025\/07\/chambre-300x300.webp 300w, https:\/\/www.camping2laplage.com\/wp-content\/uploads\/2025\/07\/chambre-150x150.webp 150w\" sizes=\"(max-width: 512px) 100vw, 512px\" \/><\/figure>\n\n\n<div class=\"taxonomy-gt-hebergements-nombre-chambres has-link-color wp-elements-9ef64b592c523db51bc710735ecf05b9 wp-block-post-terms has-text-color has-base-2-color has-medium-font-size has-roboto-font-family gt-fse-widgets-ctv-open-product\"><span class=\"gt-fse-widgets-ctv-open-product\">3<\/span><\/div>\n\n\n<p class=\"has-base-2-color has-text-color has-link-color has-medium-font-size wp-elements-9a187f19e657d0a1a7cff608aeff72a2 gt-fse-widgets-ctv-open-product\">ch.<\/p>\n<\/div>\n\n\n\n<div class=\"wp-block-group is-nowrap is-layout-flex wp-container-core-group-is-layout-89a94f6a wp-block-group-is-layout-flex gt-fse-widgets-ctv-open-product\">\n<figure class=\"wp-block-image size-full is-resized wp-duotone-ededa9-ffffff-32 gt-fse-widgets-ctv-open-product\"><img decoding=\"async\" width=\"300\" height=\"300\" src=\"https:\/\/www.camping2laplage.com\/wp-content\/uploads\/2025\/07\/surface.webp\" alt=\"surface\" class=\"wp-image-1028 gt-fse-widgets-ctv-open-product\" style=\"width:25px\" srcset=\"https:\/\/www.camping2laplage.com\/wp-content\/uploads\/2025\/07\/surface.webp 300w, https:\/\/www.camping2laplage.com\/wp-content\/uploads\/2025\/07\/surface-150x150.webp 150w\" sizes=\"(max-width: 300px) 100vw, 300px\" \/><\/figure>\n\n\n<div class=\"taxonomy-gt-hebergements-superficie has-link-color wp-elements-cafe8390f833754c2c2fbce3d1413350 wp-block-post-terms has-text-color has-base-2-color has-medium-font-size has-roboto-font-family gt-fse-widgets-ctv-open-product\"><span class=\"gt-fse-widgets-ctv-open-product\">31<\/span><\/div>\n\n\n<p class=\"has-base-2-color has-text-color has-link-color has-medium-font-size wp-elements-cf28bc533e0468d76b0d039beb27e42a gt-fse-widgets-ctv-open-product\">m\u00b2<\/p>\n<\/div>\n<\/div>\n<\/div><\/div>\n<\/div>\n\n<\/li><li data-gt-Thelis-product-id=\"\" data-gt-bathrooms=\"22\" data-gt-campings=\"\" data-gt-capacities=\"30\" data-gt-ctv-product-id=\"138651\" data-gt-gammes=\"\" data-gt-options=\"\" data-gt-rooms=\"20\" data-gt-superficies=\"32\" data-gt-types=\"17\" data-wp-key=\"post-template-item-2511\" class=\"wp-block-post post-2511 hebergement type-hebergement status-publish has-post-thumbnail hentry gt-hebergements-types-location gt-hebergements-nombre-personnes-30 gt-hebergements-nombre-chambres-20 gt-hebergements-nombre-sdb-22 gt-hebergements-superficie-32 gt-fse-widgets-ctv-open-product\">\n\n<div class=\"wp-block-group gt-hebergement-wrap has-global-padding is-layout-constrained wp-block-group-is-layout-constrained gt-fse-widgets-ctv-open-product\" style=\"margin-top:0px\">\n<div data-swiper=\"{&quot;speed&quot;:1000,&quot;autoplay&quot;:{&quot;delay&quot;:5000,&quot;disableOnInteraction&quot;:false},&quot;spaceBetween&quot;:0,&quot;slidesPerView&quot;:1,&quot;pagination&quot;:{&quot;el&quot;:&quot;.swiper-pagination&quot;,&quot;dynamicBullets&quot;:true,&quot;clickable&quot;:true,&quot;type&quot;:&quot;bullets&quot;},&quot;navigation&quot;:{&quot;nextEl&quot;:&quot;.swiper-button-next&quot;,&quot;prevEl&quot;:&quot;.swiper-button-prev&quot;},&quot;breakpoints&quot;:[{&quot;slidesPerView&quot;:1}]}\" class=\"wp-block-cover has-custom-content-position is-position-bottom-center hebergement-featured-image gt-fse-widgets-ctv-open-product\" style=\"border-radius:25px;padding-top:0px;padding-right:0px;padding-bottom:0px;padding-left:0px;min-height:430px;aspect-ratio:unset;\"><span aria-hidden=\"true\" class=\"wp-block-cover__background has-background-dim-80 has-background-dim has-background-gradient gt-fse-widgets-ctv-open-product\" style=\"background:linear-gradient(0deg,rgb(0,0,0) 26%,rgba(0,0,0,0) 42%)\"><\/span><img decoding=\"async\" width=\"1199\" height=\"800\" src=\"https:\/\/www.camping2laplage.com\/wp-content\/uploads\/2025\/08\/location-camping-isere.jpg\" class=\"wp-block-cover__image-background wp-post-image gt-fse-widgets-ctv-open-product\" alt=\"vermietung campingplatz isere\" data-object-fit=\"cover\" srcset=\"https:\/\/www.camping2laplage.com\/wp-content\/uploads\/2025\/08\/location-camping-isere.jpg 1199w, https:\/\/www.camping2laplage.com\/wp-content\/uploads\/2025\/08\/location-camping-isere-300x200.jpg 300w, https:\/\/www.camping2laplage.com\/wp-content\/uploads\/2025\/08\/location-camping-isere-1024x683.jpg 1024w, https:\/\/www.camping2laplage.com\/wp-content\/uploads\/2025\/08\/location-camping-isere-768x512.jpg 768w\" sizes=\"(max-width: 1199px) 100vw, 1199px\" \/><div class=\"wp-block-cover__inner-container has-global-padding is-layout-constrained wp-container-core-cover-is-layout-f5c98baf wp-block-cover-is-layout-constrained gt-fse-widgets-ctv-open-product\">\n<div class=\"wp-block-group titre-fleche is-nowrap is-layout-flex wp-container-core-group-is-layout-6c531013 wp-block-group-is-layout-flex gt-fse-widgets-ctv-open-product\">\n<p class=\"has-text-align-left hebergement-title gt-btn-arrow has-base-2-color has-text-color has-link-color has-basteleur-font-family wp-elements-9c563c41f13d6fedd8c90588c141348d gt-fse-widgets-ctv-open-product\" style=\"padding-right:0;padding-left:1.5rem;font-size:clamp(18.959px, 1.185rem + ((1vw - 3.2px) * 0.657), 30px);font-style:normal;font-weight:700;text-transform:uppercase\">Chalet Premium Mor\u00e9a 25m\u00b2  <\/p>\n\n\n\n<figure class=\"wp-block-image size-large is-resized fleche wp-duotone-rgb255255255-ccc-33 gt-fse-widgets-ctv-open-product\"><img decoding=\"async\" width=\"17\" height=\"12\" src=\"https:\/\/www.camping2laplage.com\/wp-content\/uploads\/2025\/07\/arrows-btn.svg\" alt=\"arrows btn\" class=\"wp-image-176 gt-fse-widgets-ctv-open-product\" style=\"object-fit:contain;width:15px;height:15px\"\/><\/figure>\n<\/div>\n\n\n\n<div class=\"wp-block-group alignfull hebergement-icons has-custom-rouge-background-color has-background is-content-justification-center is-nowrap is-layout-flex wp-container-core-group-is-layout-4e3a5801 wp-block-group-is-layout-flex gt-fse-widgets-ctv-open-product\" style=\"padding-top:var(--wp--preset--spacing--10);padding-right:1rem;padding-bottom:var(--wp--preset--spacing--10);padding-left:1rem\">\n<div class=\"wp-block-group is-nowrap is-layout-flex wp-container-core-group-is-layout-513c09f2 wp-block-group-is-layout-flex gt-fse-widgets-ctv-open-product\">\n<figure class=\"wp-block-image size-full is-resized wp-duotone-ededa9-ccc-34 gt-fse-widgets-ctv-open-product\"><img decoding=\"async\" width=\"300\" height=\"300\" src=\"https:\/\/www.camping2laplage.com\/wp-content\/uploads\/2025\/07\/personnes.webp\" alt=\"personnes\" class=\"wp-image-1020 gt-fse-widgets-ctv-open-product\" style=\"width:25px\" srcset=\"https:\/\/www.camping2laplage.com\/wp-content\/uploads\/2025\/07\/personnes.webp 300w, https:\/\/www.camping2laplage.com\/wp-content\/uploads\/2025\/07\/personnes-150x150.webp 150w\" sizes=\"(max-width: 300px) 100vw, 300px\" \/><\/figure>\n\n\n<div class=\"taxonomy-gt-hebergements-nombre-personnes has-link-color wp-elements-f7c87e54e38b0809136675ff6bf5c315 wp-block-post-terms has-text-color has-base-2-color has-medium-font-size has-roboto-font-family gt-fse-widgets-ctv-open-product\"><span class=\"gt-fse-widgets-ctv-open-product\">5<\/span><\/div>\n\n\n<p class=\"has-base-2-color has-text-color has-link-color has-medium-font-size wp-elements-ed300d43f37d8c22950d8ef97712d50f gt-fse-widgets-ctv-open-product\">Pers.<\/p>\n<\/div>\n\n\n\n<div class=\"wp-block-group is-nowrap is-layout-flex wp-container-core-group-is-layout-89a94f6a wp-block-group-is-layout-flex gt-fse-widgets-ctv-open-product\">\n<figure class=\"wp-block-image size-full is-resized wp-duotone-ededa9-ffffff-35 gt-fse-widgets-ctv-open-product\"><img decoding=\"async\" width=\"512\" height=\"512\" src=\"https:\/\/www.camping2laplage.com\/wp-content\/uploads\/2025\/07\/chambre.webp\" alt=\"chambre\" class=\"wp-image-1024 gt-fse-widgets-ctv-open-product\" style=\"width:25px\" srcset=\"https:\/\/www.camping2laplage.com\/wp-content\/uploads\/2025\/07\/chambre.webp 512w, https:\/\/www.camping2laplage.com\/wp-content\/uploads\/2025\/07\/chambre-300x300.webp 300w, https:\/\/www.camping2laplage.com\/wp-content\/uploads\/2025\/07\/chambre-150x150.webp 150w\" sizes=\"(max-width: 512px) 100vw, 512px\" \/><\/figure>\n\n\n<div class=\"taxonomy-gt-hebergements-nombre-chambres has-link-color wp-elements-9ef64b592c523db51bc710735ecf05b9 wp-block-post-terms has-text-color has-base-2-color has-medium-font-size has-roboto-font-family gt-fse-widgets-ctv-open-product\"><span class=\"gt-fse-widgets-ctv-open-product\">2<\/span><\/div>\n\n\n<p class=\"has-base-2-color has-text-color has-link-color has-medium-font-size wp-elements-9a187f19e657d0a1a7cff608aeff72a2 gt-fse-widgets-ctv-open-product\">ch.<\/p>\n<\/div>\n\n\n\n<div class=\"wp-block-group is-nowrap is-layout-flex wp-container-core-group-is-layout-89a94f6a wp-block-group-is-layout-flex gt-fse-widgets-ctv-open-product\">\n<figure class=\"wp-block-image size-full is-resized wp-duotone-ededa9-ffffff-36 gt-fse-widgets-ctv-open-product\"><img decoding=\"async\" width=\"300\" height=\"300\" src=\"https:\/\/www.camping2laplage.com\/wp-content\/uploads\/2025\/07\/surface.webp\" alt=\"surface\" class=\"wp-image-1028 gt-fse-widgets-ctv-open-product\" style=\"width:25px\" srcset=\"https:\/\/www.camping2laplage.com\/wp-content\/uploads\/2025\/07\/surface.webp 300w, https:\/\/www.camping2laplage.com\/wp-content\/uploads\/2025\/07\/surface-150x150.webp 150w\" sizes=\"(max-width: 300px) 100vw, 300px\" \/><\/figure>\n\n\n<div class=\"taxonomy-gt-hebergements-superficie has-link-color wp-elements-cafe8390f833754c2c2fbce3d1413350 wp-block-post-terms has-text-color has-base-2-color has-medium-font-size has-roboto-font-family gt-fse-widgets-ctv-open-product\"><span class=\"gt-fse-widgets-ctv-open-product\">25<\/span><\/div>\n\n\n<p class=\"has-base-2-color has-text-color has-link-color has-medium-font-size wp-elements-cf28bc533e0468d76b0d039beb27e42a gt-fse-widgets-ctv-open-product\">m\u00b2<\/p>\n<\/div>\n<\/div>\n<\/div><\/div>\n<\/div>\n\n<\/li><li data-gt-Thelis-product-id=\"\" data-gt-bathrooms=\"\" data-gt-campings=\"\" data-gt-capacities=\"23\" data-gt-ctv-product-id=\"52085\" data-gt-gammes=\"\" data-gt-options=\"\" data-gt-rooms=\"\" data-gt-superficies=\"36\" data-gt-types=\"18\" data-wp-key=\"post-template-item-2518\" class=\"wp-block-post post-2518 hebergement type-hebergement status-publish has-post-thumbnail hentry gt-hebergements-types-emplacement gt-hebergements-nombre-personnes-23 gt-hebergements-superficie-36 gt-fse-widgets-ctv-open-product\">\n\n<div class=\"wp-block-group gt-hebergement-wrap has-global-padding is-layout-constrained wp-block-group-is-layout-constrained gt-fse-widgets-ctv-open-product\" style=\"margin-top:0px\">\n<div data-swiper=\"{&quot;speed&quot;:1000,&quot;autoplay&quot;:{&quot;delay&quot;:5000,&quot;disableOnInteraction&quot;:false},&quot;spaceBetween&quot;:0,&quot;slidesPerView&quot;:1,&quot;pagination&quot;:{&quot;el&quot;:&quot;.swiper-pagination&quot;,&quot;dynamicBullets&quot;:true,&quot;clickable&quot;:true,&quot;type&quot;:&quot;bullets&quot;},&quot;navigation&quot;:{&quot;nextEl&quot;:&quot;.swiper-button-next&quot;,&quot;prevEl&quot;:&quot;.swiper-button-prev&quot;},&quot;breakpoints&quot;:[{&quot;slidesPerView&quot;:1}]}\" class=\"wp-block-cover has-custom-content-position is-position-bottom-center hebergement-featured-image gt-fse-widgets-ctv-open-product\" style=\"border-radius:25px;padding-top:0px;padding-right:0px;padding-bottom:0px;padding-left:0px;min-height:430px;aspect-ratio:unset;\"><span aria-hidden=\"true\" class=\"wp-block-cover__background has-background-dim-80 has-background-dim has-background-gradient gt-fse-widgets-ctv-open-product\" style=\"background:linear-gradient(0deg,rgb(0,0,0) 26%,rgba(0,0,0,0) 42%)\"><\/span><img decoding=\"async\" width=\"1199\" height=\"800\" src=\"https:\/\/www.camping2laplage.com\/wp-content\/uploads\/2025\/08\/location-emplacement-alpes.jpg\" class=\"wp-block-cover__image-background wp-post-image gt-fse-widgets-ctv-open-product\" alt=\"vermietung stellplatz alpes\" data-object-fit=\"cover\" srcset=\"https:\/\/www.camping2laplage.com\/wp-content\/uploads\/2025\/08\/location-emplacement-alpes.jpg 1199w, https:\/\/www.camping2laplage.com\/wp-content\/uploads\/2025\/08\/location-emplacement-alpes-300x200.jpg 300w, https:\/\/www.camping2laplage.com\/wp-content\/uploads\/2025\/08\/location-emplacement-alpes-1024x683.jpg 1024w, https:\/\/www.camping2laplage.com\/wp-content\/uploads\/2025\/08\/location-emplacement-alpes-768x512.jpg 768w\" sizes=\"(max-width: 1199px) 100vw, 1199px\" \/><div class=\"wp-block-cover__inner-container has-global-padding is-layout-constrained wp-container-core-cover-is-layout-f5c98baf wp-block-cover-is-layout-constrained gt-fse-widgets-ctv-open-product\">\n<div class=\"wp-block-group titre-fleche is-nowrap is-layout-flex wp-container-core-group-is-layout-6c531013 wp-block-group-is-layout-flex gt-fse-widgets-ctv-open-product\">\n<p class=\"has-text-align-left hebergement-title gt-btn-arrow has-base-2-color has-text-color has-link-color has-basteleur-font-family wp-elements-9c563c41f13d6fedd8c90588c141348d gt-fse-widgets-ctv-open-product\" style=\"padding-right:0;padding-left:1.5rem;font-size:clamp(18.959px, 1.185rem + ((1vw - 3.2px) * 0.657), 30px);font-style:normal;font-weight:700;text-transform:uppercase\">Stellpl\u00e4tze: Fahrzeug + Zelt &#8211; oder Fahrzeug + Wohnwagen &#8211; oder Wohnmobil\/Van<\/p>\n\n\n\n<figure class=\"wp-block-image size-large is-resized fleche wp-duotone-rgb255255255-ccc-37 gt-fse-widgets-ctv-open-product\"><img decoding=\"async\" width=\"17\" height=\"12\" src=\"https:\/\/www.camping2laplage.com\/wp-content\/uploads\/2025\/07\/arrows-btn.svg\" alt=\"arrows btn\" class=\"wp-image-176 gt-fse-widgets-ctv-open-product\" style=\"object-fit:contain;width:15px;height:15px\"\/><\/figure>\n<\/div>\n\n\n\n<div class=\"wp-block-group alignfull hebergement-icons has-custom-rouge-background-color has-background is-content-justification-center is-nowrap is-layout-flex wp-container-core-group-is-layout-4e3a5801 wp-block-group-is-layout-flex gt-fse-widgets-ctv-open-product\" style=\"padding-top:var(--wp--preset--spacing--10);padding-right:1rem;padding-bottom:var(--wp--preset--spacing--10);padding-left:1rem\">\n<div class=\"wp-block-group is-nowrap is-layout-flex wp-container-core-group-is-layout-513c09f2 wp-block-group-is-layout-flex gt-fse-widgets-ctv-open-product\">\n<figure class=\"wp-block-image size-full is-resized wp-duotone-ededa9-ccc-38 gt-fse-widgets-ctv-open-product\"><img decoding=\"async\" width=\"300\" height=\"300\" src=\"https:\/\/www.camping2laplage.com\/wp-content\/uploads\/2025\/07\/personnes.webp\" alt=\"personnes\" class=\"wp-image-1020 gt-fse-widgets-ctv-open-product\" style=\"width:25px\" srcset=\"https:\/\/www.camping2laplage.com\/wp-content\/uploads\/2025\/07\/personnes.webp 300w, https:\/\/www.camping2laplage.com\/wp-content\/uploads\/2025\/07\/personnes-150x150.webp 150w\" sizes=\"(max-width: 300px) 100vw, 300px\" \/><\/figure>\n\n\n<div class=\"taxonomy-gt-hebergements-nombre-personnes has-link-color wp-elements-f7c87e54e38b0809136675ff6bf5c315 wp-block-post-terms has-text-color has-base-2-color has-medium-font-size has-roboto-font-family gt-fse-widgets-ctv-open-product\"><span class=\"gt-fse-widgets-ctv-open-product\">2<\/span><\/div>\n\n\n<p class=\"has-base-2-color has-text-color has-link-color has-medium-font-size wp-elements-ed300d43f37d8c22950d8ef97712d50f gt-fse-widgets-ctv-open-product\">Pers.<\/p>\n<\/div>\n\n\n\n<div class=\"wp-block-group is-nowrap is-layout-flex wp-container-core-group-is-layout-89a94f6a wp-block-group-is-layout-flex gt-fse-widgets-ctv-open-product\">\n<figure class=\"wp-block-image size-full is-resized wp-duotone-ededa9-ffffff-39 gt-fse-widgets-ctv-open-product\"><img decoding=\"async\" width=\"512\" height=\"512\" src=\"https:\/\/www.camping2laplage.com\/wp-content\/uploads\/2025\/07\/chambre.webp\" alt=\"chambre\" class=\"wp-image-1024 gt-fse-widgets-ctv-open-product\" style=\"width:25px\" srcset=\"https:\/\/www.camping2laplage.com\/wp-content\/uploads\/2025\/07\/chambre.webp 512w, https:\/\/www.camping2laplage.com\/wp-content\/uploads\/2025\/07\/chambre-300x300.webp 300w, https:\/\/www.camping2laplage.com\/wp-content\/uploads\/2025\/07\/chambre-150x150.webp 150w\" sizes=\"(max-width: 512px) 100vw, 512px\" \/><\/figure>\n\n\n\n\n\n<p class=\"has-base-2-color has-text-color has-link-color has-medium-font-size wp-elements-9a187f19e657d0a1a7cff608aeff72a2 gt-fse-widgets-ctv-open-product\">ch.<\/p>\n<\/div>\n\n\n\n<div class=\"wp-block-group is-nowrap is-layout-flex wp-container-core-group-is-layout-89a94f6a wp-block-group-is-layout-flex gt-fse-widgets-ctv-open-product\">\n<figure class=\"wp-block-image size-full is-resized wp-duotone-ededa9-ffffff-40 gt-fse-widgets-ctv-open-product\"><img decoding=\"async\" width=\"300\" height=\"300\" src=\"https:\/\/www.camping2laplage.com\/wp-content\/uploads\/2025\/07\/surface.webp\" alt=\"surface\" class=\"wp-image-1028 gt-fse-widgets-ctv-open-product\" style=\"width:25px\" srcset=\"https:\/\/www.camping2laplage.com\/wp-content\/uploads\/2025\/07\/surface.webp 300w, https:\/\/www.camping2laplage.com\/wp-content\/uploads\/2025\/07\/surface-150x150.webp 150w\" sizes=\"(max-width: 300px) 100vw, 300px\" \/><\/figure>\n\n\n<div class=\"taxonomy-gt-hebergements-superficie has-link-color wp-elements-cafe8390f833754c2c2fbce3d1413350 wp-block-post-terms has-text-color has-base-2-color has-medium-font-size has-roboto-font-family gt-fse-widgets-ctv-open-product\"><span class=\"gt-fse-widgets-ctv-open-product\">80<\/span><\/div>\n\n\n<p class=\"has-base-2-color has-text-color has-link-color has-medium-font-size wp-elements-cf28bc533e0468d76b0d039beb27e42a gt-fse-widgets-ctv-open-product\">m\u00b2<\/p>\n<\/div>\n<\/div>\n<\/div><\/div>\n<\/div>\n\n<\/li><li data-gt-Thelis-product-id=\"\" data-gt-bathrooms=\"22\" data-gt-campings=\"\" data-gt-capacities=\"30\" data-gt-ctv-product-id=\"95843\" data-gt-gammes=\"\" data-gt-options=\"\" data-gt-rooms=\"20\" data-gt-superficies=\"25\" data-gt-types=\"17\" data-wp-key=\"post-template-item-2533\" class=\"wp-block-post post-2533 hebergement type-hebergement status-publish has-post-thumbnail hentry gt-hebergements-types-location gt-hebergements-nombre-personnes-30 gt-hebergements-nombre-chambres-20 gt-hebergements-nombre-sdb-22 gt-hebergements-superficie-25 gt-fse-widgets-ctv-open-product\">\n\n<div class=\"wp-block-group gt-hebergement-wrap has-global-padding is-layout-constrained wp-block-group-is-layout-constrained gt-fse-widgets-ctv-open-product\" style=\"margin-top:0px\">\n<div data-swiper=\"{&quot;speed&quot;:1000,&quot;autoplay&quot;:{&quot;delay&quot;:5000,&quot;disableOnInteraction&quot;:false},&quot;spaceBetween&quot;:0,&quot;slidesPerView&quot;:1,&quot;pagination&quot;:{&quot;el&quot;:&quot;.swiper-pagination&quot;,&quot;dynamicBullets&quot;:true,&quot;clickable&quot;:true,&quot;type&quot;:&quot;bullets&quot;},&quot;navigation&quot;:{&quot;nextEl&quot;:&quot;.swiper-button-next&quot;,&quot;prevEl&quot;:&quot;.swiper-button-prev&quot;},&quot;breakpoints&quot;:[{&quot;slidesPerView&quot;:1}]}\" class=\"wp-block-cover has-custom-content-position is-position-bottom-center hebergement-featured-image gt-fse-widgets-ctv-open-product\" style=\"border-radius:25px;padding-top:0px;padding-right:0px;padding-bottom:0px;padding-left:0px;min-height:430px;aspect-ratio:unset;\"><span aria-hidden=\"true\" class=\"wp-block-cover__background has-background-dim-80 has-background-dim has-background-gradient gt-fse-widgets-ctv-open-product\" style=\"background:linear-gradient(0deg,rgb(0,0,0) 26%,rgba(0,0,0,0) 42%)\"><\/span><img decoding=\"async\" width=\"1176\" height=\"882\" src=\"https:\/\/www.camping2laplage.com\/wp-content\/uploads\/2025\/08\/tente.jpg\" class=\"wp-block-cover__image-background wp-post-image gt-fse-widgets-ctv-open-product\" alt=\"Zelt\" data-object-fit=\"cover\" srcset=\"https:\/\/www.camping2laplage.com\/wp-content\/uploads\/2025\/08\/tente.jpg 1176w, https:\/\/www.camping2laplage.com\/wp-content\/uploads\/2025\/08\/tente-300x225.jpg 300w, https:\/\/www.camping2laplage.com\/wp-content\/uploads\/2025\/08\/tente-1024x768.jpg 1024w, https:\/\/www.camping2laplage.com\/wp-content\/uploads\/2025\/08\/tente-768x576.jpg 768w\" sizes=\"(max-width: 1176px) 100vw, 1176px\" \/><div class=\"wp-block-cover__inner-container has-global-padding is-layout-constrained wp-container-core-cover-is-layout-f5c98baf wp-block-cover-is-layout-constrained gt-fse-widgets-ctv-open-product\">\n<div class=\"wp-block-group titre-fleche is-nowrap is-layout-flex wp-container-core-group-is-layout-6c531013 wp-block-group-is-layout-flex gt-fse-widgets-ctv-open-product\">\n<p class=\"has-text-align-left hebergement-title gt-btn-arrow has-base-2-color has-text-color has-link-color has-basteleur-font-family wp-elements-9c563c41f13d6fedd8c90588c141348d gt-fse-widgets-ctv-open-product\" style=\"padding-right:0;padding-left:1.5rem;font-size:clamp(18.959px, 1.185rem + ((1vw - 3.2px) * 0.657), 30px);font-style:normal;font-weight:700;text-transform:uppercase\">Trapper Zelt 20 m\u00b2<\/p>\n\n\n\n<figure class=\"wp-block-image size-large is-resized fleche wp-duotone-rgb255255255-ccc-41 gt-fse-widgets-ctv-open-product\"><img decoding=\"async\" width=\"17\" height=\"12\" src=\"https:\/\/www.camping2laplage.com\/wp-content\/uploads\/2025\/07\/arrows-btn.svg\" alt=\"arrows btn\" class=\"wp-image-176 gt-fse-widgets-ctv-open-product\" style=\"object-fit:contain;width:15px;height:15px\"\/><\/figure>\n<\/div>\n\n\n\n<div class=\"wp-block-group alignfull hebergement-icons has-custom-rouge-background-color has-background is-content-justification-center is-nowrap is-layout-flex wp-container-core-group-is-layout-4e3a5801 wp-block-group-is-layout-flex gt-fse-widgets-ctv-open-product\" style=\"padding-top:var(--wp--preset--spacing--10);padding-right:1rem;padding-bottom:var(--wp--preset--spacing--10);padding-left:1rem\">\n<div class=\"wp-block-group is-nowrap is-layout-flex wp-container-core-group-is-layout-513c09f2 wp-block-group-is-layout-flex gt-fse-widgets-ctv-open-product\">\n<figure class=\"wp-block-image size-full is-resized wp-duotone-ededa9-ccc-42 gt-fse-widgets-ctv-open-product\"><img decoding=\"async\" width=\"300\" height=\"300\" src=\"https:\/\/www.camping2laplage.com\/wp-content\/uploads\/2025\/07\/personnes.webp\" alt=\"personnes\" class=\"wp-image-1020 gt-fse-widgets-ctv-open-product\" style=\"width:25px\" srcset=\"https:\/\/www.camping2laplage.com\/wp-content\/uploads\/2025\/07\/personnes.webp 300w, https:\/\/www.camping2laplage.com\/wp-content\/uploads\/2025\/07\/personnes-150x150.webp 150w\" sizes=\"(max-width: 300px) 100vw, 300px\" \/><\/figure>\n\n\n<div class=\"taxonomy-gt-hebergements-nombre-personnes has-link-color wp-elements-f7c87e54e38b0809136675ff6bf5c315 wp-block-post-terms has-text-color has-base-2-color has-medium-font-size has-roboto-font-family gt-fse-widgets-ctv-open-product\"><span class=\"gt-fse-widgets-ctv-open-product\">5<\/span><\/div>\n\n\n<p class=\"has-base-2-color has-text-color has-link-color has-medium-font-size wp-elements-ed300d43f37d8c22950d8ef97712d50f gt-fse-widgets-ctv-open-product\">Pers.<\/p>\n<\/div>\n\n\n\n<div class=\"wp-block-group is-nowrap is-layout-flex wp-container-core-group-is-layout-89a94f6a wp-block-group-is-layout-flex gt-fse-widgets-ctv-open-product\">\n<figure class=\"wp-block-image size-full is-resized wp-duotone-ededa9-ffffff-43 gt-fse-widgets-ctv-open-product\"><img decoding=\"async\" width=\"512\" height=\"512\" src=\"https:\/\/www.camping2laplage.com\/wp-content\/uploads\/2025\/07\/chambre.webp\" alt=\"chambre\" class=\"wp-image-1024 gt-fse-widgets-ctv-open-product\" style=\"width:25px\" srcset=\"https:\/\/www.camping2laplage.com\/wp-content\/uploads\/2025\/07\/chambre.webp 512w, https:\/\/www.camping2laplage.com\/wp-content\/uploads\/2025\/07\/chambre-300x300.webp 300w, https:\/\/www.camping2laplage.com\/wp-content\/uploads\/2025\/07\/chambre-150x150.webp 150w\" sizes=\"(max-width: 512px) 100vw, 512px\" \/><\/figure>\n\n\n<div class=\"taxonomy-gt-hebergements-nombre-chambres has-link-color wp-elements-9ef64b592c523db51bc710735ecf05b9 wp-block-post-terms has-text-color has-base-2-color has-medium-font-size has-roboto-font-family gt-fse-widgets-ctv-open-product\"><span class=\"gt-fse-widgets-ctv-open-product\">2<\/span><\/div>\n\n\n<p class=\"has-base-2-color has-text-color has-link-color has-medium-font-size wp-elements-9a187f19e657d0a1a7cff608aeff72a2 gt-fse-widgets-ctv-open-product\">ch.<\/p>\n<\/div>\n\n\n\n<div class=\"wp-block-group is-nowrap is-layout-flex wp-container-core-group-is-layout-89a94f6a wp-block-group-is-layout-flex gt-fse-widgets-ctv-open-product\">\n<figure class=\"wp-block-image size-full is-resized wp-duotone-ededa9-ffffff-44 gt-fse-widgets-ctv-open-product\"><img decoding=\"async\" width=\"300\" height=\"300\" src=\"https:\/\/www.camping2laplage.com\/wp-content\/uploads\/2025\/07\/surface.webp\" alt=\"surface\" class=\"wp-image-1028 gt-fse-widgets-ctv-open-product\" style=\"width:25px\" srcset=\"https:\/\/www.camping2laplage.com\/wp-content\/uploads\/2025\/07\/surface.webp 300w, https:\/\/www.camping2laplage.com\/wp-content\/uploads\/2025\/07\/surface-150x150.webp 150w\" sizes=\"(max-width: 300px) 100vw, 300px\" \/><\/figure>\n\n\n<div class=\"taxonomy-gt-hebergements-superficie has-link-color wp-elements-cafe8390f833754c2c2fbce3d1413350 wp-block-post-terms has-text-color has-base-2-color has-medium-font-size has-roboto-font-family gt-fse-widgets-ctv-open-product\"><span class=\"gt-fse-widgets-ctv-open-product\">20<\/span><\/div>\n\n\n<p class=\"has-base-2-color has-text-color has-link-color has-medium-font-size wp-elements-cf28bc533e0468d76b0d039beb27e42a gt-fse-widgets-ctv-open-product\">m\u00b2<\/p>\n<\/div>\n<\/div>\n<\/div><\/div>\n<\/div>\n\n<\/li><li data-gt-Thelis-product-id=\"\" data-gt-bathrooms=\"22\" data-gt-campings=\"\" data-gt-capacities=\"19\" data-gt-ctv-product-id=\"138648\" data-gt-gammes=\"\" data-gt-options=\"\" data-gt-rooms=\"20\" data-gt-superficies=\"33\" data-gt-types=\"17\" data-wp-key=\"post-template-item-2538\" class=\"wp-block-post post-2538 hebergement type-hebergement status-publish has-post-thumbnail hentry gt-hebergements-types-location gt-hebergements-nombre-personnes-19 gt-hebergements-nombre-chambres-20 gt-hebergements-nombre-sdb-22 gt-hebergements-superficie-33 gt-fse-widgets-ctv-open-product\">\n\n<div class=\"wp-block-group gt-hebergement-wrap has-global-padding is-layout-constrained wp-block-group-is-layout-constrained gt-fse-widgets-ctv-open-product\" style=\"margin-top:0px\">\n<div data-swiper=\"{&quot;speed&quot;:1000,&quot;autoplay&quot;:{&quot;delay&quot;:5000,&quot;disableOnInteraction&quot;:false},&quot;spaceBetween&quot;:0,&quot;slidesPerView&quot;:1,&quot;pagination&quot;:{&quot;el&quot;:&quot;.swiper-pagination&quot;,&quot;dynamicBullets&quot;:true,&quot;clickable&quot;:true,&quot;type&quot;:&quot;bullets&quot;},&quot;navigation&quot;:{&quot;nextEl&quot;:&quot;.swiper-button-next&quot;,&quot;prevEl&quot;:&quot;.swiper-button-prev&quot;},&quot;breakpoints&quot;:[{&quot;slidesPerView&quot;:1}]}\" class=\"wp-block-cover has-custom-content-position is-position-bottom-center hebergement-featured-image gt-fse-widgets-ctv-open-product\" style=\"border-radius:25px;padding-top:0px;padding-right:0px;padding-bottom:0px;padding-left:0px;min-height:430px;aspect-ratio:unset;\"><span aria-hidden=\"true\" class=\"wp-block-cover__background has-background-dim-80 has-background-dim has-background-gradient gt-fse-widgets-ctv-open-product\" style=\"background:linear-gradient(0deg,rgb(0,0,0) 26%,rgba(0,0,0,0) 42%)\"><\/span><img decoding=\"async\" width=\"1176\" height=\"882\" src=\"https:\/\/www.camping2laplage.com\/wp-content\/uploads\/2025\/08\/roulotte-escapade.jpg\" class=\"wp-block-cover__image-background wp-post-image gt-fse-widgets-ctv-open-product\" alt=\"Zigeunerwagen Escapade\" data-object-fit=\"cover\" srcset=\"https:\/\/www.camping2laplage.com\/wp-content\/uploads\/2025\/08\/roulotte-escapade.jpg 1176w, https:\/\/www.camping2laplage.com\/wp-content\/uploads\/2025\/08\/roulotte-escapade-300x225.jpg 300w, https:\/\/www.camping2laplage.com\/wp-content\/uploads\/2025\/08\/roulotte-escapade-1024x768.jpg 1024w, https:\/\/www.camping2laplage.com\/wp-content\/uploads\/2025\/08\/roulotte-escapade-768x576.jpg 768w\" sizes=\"(max-width: 1176px) 100vw, 1176px\" \/><div class=\"wp-block-cover__inner-container has-global-padding is-layout-constrained wp-container-core-cover-is-layout-f5c98baf wp-block-cover-is-layout-constrained gt-fse-widgets-ctv-open-product\">\n<div class=\"wp-block-group titre-fleche is-nowrap is-layout-flex wp-container-core-group-is-layout-6c531013 wp-block-group-is-layout-flex gt-fse-widgets-ctv-open-product\">\n<p class=\"has-text-align-left hebergement-title gt-btn-arrow has-base-2-color has-text-color has-link-color has-basteleur-font-family wp-elements-9c563c41f13d6fedd8c90588c141348d gt-fse-widgets-ctv-open-product\" style=\"padding-right:0;padding-left:1.5rem;font-size:clamp(18.959px, 1.185rem + ((1vw - 3.2px) * 0.657), 30px);font-style:normal;font-weight:700;text-transform:uppercase\">Wohnwagen &#8218;Holistische Eskapade&#8216; &amp; Nordisches Bad<\/p>\n\n\n\n<figure class=\"wp-block-image size-large is-resized fleche wp-duotone-rgb255255255-ccc-45 gt-fse-widgets-ctv-open-product\"><img decoding=\"async\" width=\"17\" height=\"12\" src=\"https:\/\/www.camping2laplage.com\/wp-content\/uploads\/2025\/07\/arrows-btn.svg\" alt=\"arrows btn\" class=\"wp-image-176 gt-fse-widgets-ctv-open-product\" style=\"object-fit:contain;width:15px;height:15px\"\/><\/figure>\n<\/div>\n\n\n\n<div class=\"wp-block-group alignfull hebergement-icons has-custom-rouge-background-color has-background is-content-justification-center is-nowrap is-layout-flex wp-container-core-group-is-layout-4e3a5801 wp-block-group-is-layout-flex gt-fse-widgets-ctv-open-product\" style=\"padding-top:var(--wp--preset--spacing--10);padding-right:1rem;padding-bottom:var(--wp--preset--spacing--10);padding-left:1rem\">\n<div class=\"wp-block-group is-nowrap is-layout-flex wp-container-core-group-is-layout-513c09f2 wp-block-group-is-layout-flex gt-fse-widgets-ctv-open-product\">\n<figure class=\"wp-block-image size-full is-resized wp-duotone-ededa9-ccc-46 gt-fse-widgets-ctv-open-product\"><img decoding=\"async\" width=\"300\" height=\"300\" src=\"https:\/\/www.camping2laplage.com\/wp-content\/uploads\/2025\/07\/personnes.webp\" alt=\"personnes\" class=\"wp-image-1020 gt-fse-widgets-ctv-open-product\" style=\"width:25px\" srcset=\"https:\/\/www.camping2laplage.com\/wp-content\/uploads\/2025\/07\/personnes.webp 300w, https:\/\/www.camping2laplage.com\/wp-content\/uploads\/2025\/07\/personnes-150x150.webp 150w\" sizes=\"(max-width: 300px) 100vw, 300px\" \/><\/figure>\n\n\n<div class=\"taxonomy-gt-hebergements-nombre-personnes has-link-color wp-elements-f7c87e54e38b0809136675ff6bf5c315 wp-block-post-terms has-text-color has-base-2-color has-medium-font-size has-roboto-font-family gt-fse-widgets-ctv-open-product\"><span class=\"gt-fse-widgets-ctv-open-product\">4<\/span><\/div>\n\n\n<p class=\"has-base-2-color has-text-color has-link-color has-medium-font-size wp-elements-ed300d43f37d8c22950d8ef97712d50f gt-fse-widgets-ctv-open-product\">Pers.<\/p>\n<\/div>\n\n\n\n<div class=\"wp-block-group is-nowrap is-layout-flex wp-container-core-group-is-layout-89a94f6a wp-block-group-is-layout-flex gt-fse-widgets-ctv-open-product\">\n<figure class=\"wp-block-image size-full is-resized wp-duotone-ededa9-ffffff-47 gt-fse-widgets-ctv-open-product\"><img decoding=\"async\" width=\"512\" height=\"512\" src=\"https:\/\/www.camping2laplage.com\/wp-content\/uploads\/2025\/07\/chambre.webp\" alt=\"chambre\" class=\"wp-image-1024 gt-fse-widgets-ctv-open-product\" style=\"width:25px\" srcset=\"https:\/\/www.camping2laplage.com\/wp-content\/uploads\/2025\/07\/chambre.webp 512w, https:\/\/www.camping2laplage.com\/wp-content\/uploads\/2025\/07\/chambre-300x300.webp 300w, https:\/\/www.camping2laplage.com\/wp-content\/uploads\/2025\/07\/chambre-150x150.webp 150w\" sizes=\"(max-width: 512px) 100vw, 512px\" \/><\/figure>\n\n\n<div class=\"taxonomy-gt-hebergements-nombre-chambres has-link-color wp-elements-9ef64b592c523db51bc710735ecf05b9 wp-block-post-terms has-text-color has-base-2-color has-medium-font-size has-roboto-font-family gt-fse-widgets-ctv-open-product\"><span class=\"gt-fse-widgets-ctv-open-product\">2<\/span><\/div>\n\n\n<p class=\"has-base-2-color has-text-color has-link-color has-medium-font-size wp-elements-9a187f19e657d0a1a7cff608aeff72a2 gt-fse-widgets-ctv-open-product\">ch.<\/p>\n<\/div>\n\n\n\n<div class=\"wp-block-group is-nowrap is-layout-flex wp-container-core-group-is-layout-89a94f6a wp-block-group-is-layout-flex gt-fse-widgets-ctv-open-product\">\n<figure class=\"wp-block-image size-full is-resized wp-duotone-ededa9-ffffff-48 gt-fse-widgets-ctv-open-product\"><img decoding=\"async\" width=\"300\" height=\"300\" src=\"https:\/\/www.camping2laplage.com\/wp-content\/uploads\/2025\/07\/surface.webp\" alt=\"surface\" class=\"wp-image-1028 gt-fse-widgets-ctv-open-product\" style=\"width:25px\" srcset=\"https:\/\/www.camping2laplage.com\/wp-content\/uploads\/2025\/07\/surface.webp 300w, https:\/\/www.camping2laplage.com\/wp-content\/uploads\/2025\/07\/surface-150x150.webp 150w\" sizes=\"(max-width: 300px) 100vw, 300px\" \/><\/figure>\n\n\n<div class=\"taxonomy-gt-hebergements-superficie has-link-color wp-elements-cafe8390f833754c2c2fbce3d1413350 wp-block-post-terms has-text-color has-base-2-color has-medium-font-size has-roboto-font-family gt-fse-widgets-ctv-open-product\"><span class=\"gt-fse-widgets-ctv-open-product\">22<\/span><\/div>\n\n\n<p class=\"has-base-2-color has-text-color has-link-color has-medium-font-size wp-elements-cf28bc533e0468d76b0d039beb27e42a gt-fse-widgets-ctv-open-product\">m\u00b2<\/p>\n<\/div>\n<\/div>\n<\/div><\/div>\n<\/div>\n\n<\/li><li data-gt-Thelis-product-id=\"\" data-gt-bathrooms=\"22\" data-gt-campings=\"\" data-gt-capacities=\"19\" data-gt-ctv-product-id=\"138641\" data-gt-gammes=\"\" data-gt-options=\"\" data-gt-rooms=\"34\" data-gt-superficies=\"33\" data-gt-types=\"17\" data-wp-key=\"post-template-item-2516\" class=\"wp-block-post post-2516 hebergement type-hebergement status-publish has-post-thumbnail hentry gt-hebergements-types-location gt-hebergements-nombre-personnes-19 gt-hebergements-nombre-chambres-34 gt-hebergements-nombre-sdb-22 gt-hebergements-superficie-33 gt-fse-widgets-ctv-open-product\">\n\n<div class=\"wp-block-group gt-hebergement-wrap has-global-padding is-layout-constrained wp-block-group-is-layout-constrained gt-fse-widgets-ctv-open-product\" style=\"margin-top:0px\">\n<div data-swiper=\"{&quot;speed&quot;:1000,&quot;autoplay&quot;:{&quot;delay&quot;:5000,&quot;disableOnInteraction&quot;:false},&quot;spaceBetween&quot;:0,&quot;slidesPerView&quot;:1,&quot;pagination&quot;:{&quot;el&quot;:&quot;.swiper-pagination&quot;,&quot;dynamicBullets&quot;:true,&quot;clickable&quot;:true,&quot;type&quot;:&quot;bullets&quot;},&quot;navigation&quot;:{&quot;nextEl&quot;:&quot;.swiper-button-next&quot;,&quot;prevEl&quot;:&quot;.swiper-button-prev&quot;},&quot;breakpoints&quot;:[{&quot;slidesPerView&quot;:1}]}\" class=\"wp-block-cover has-custom-content-position is-position-bottom-center hebergement-featured-image gt-fse-widgets-ctv-open-product\" style=\"border-radius:25px;padding-top:0px;padding-right:0px;padding-bottom:0px;padding-left:0px;min-height:430px;aspect-ratio:unset;\"><span aria-hidden=\"true\" class=\"wp-block-cover__background has-background-dim-80 has-background-dim has-background-gradient gt-fse-widgets-ctv-open-product\" style=\"background:linear-gradient(0deg,rgb(0,0,0) 26%,rgba(0,0,0,0) 42%)\"><\/span><img decoding=\"async\" width=\"1176\" height=\"882\" src=\"https:\/\/www.camping2laplage.com\/wp-content\/uploads\/2025\/08\/roulotte.jpg\" class=\"wp-block-cover__image-background wp-post-image gt-fse-widgets-ctv-open-product\" alt=\"Zigeunerwagen\" data-object-fit=\"cover\" srcset=\"https:\/\/www.camping2laplage.com\/wp-content\/uploads\/2025\/08\/roulotte.jpg 1176w, https:\/\/www.camping2laplage.com\/wp-content\/uploads\/2025\/08\/roulotte-300x225.jpg 300w, https:\/\/www.camping2laplage.com\/wp-content\/uploads\/2025\/08\/roulotte-1024x768.jpg 1024w, https:\/\/www.camping2laplage.com\/wp-content\/uploads\/2025\/08\/roulotte-768x576.jpg 768w\" sizes=\"(max-width: 1176px) 100vw, 1176px\" \/><div class=\"wp-block-cover__inner-container has-global-padding is-layout-constrained wp-container-core-cover-is-layout-f5c98baf wp-block-cover-is-layout-constrained gt-fse-widgets-ctv-open-product\">\n<div class=\"wp-block-group titre-fleche is-nowrap is-layout-flex wp-container-core-group-is-layout-6c531013 wp-block-group-is-layout-flex gt-fse-widgets-ctv-open-product\">\n<p class=\"has-text-align-left hebergement-title gt-btn-arrow has-base-2-color has-text-color has-link-color has-basteleur-font-family wp-elements-9c563c41f13d6fedd8c90588c141348d gt-fse-widgets-ctv-open-product\" style=\"padding-right:0;padding-left:1.5rem;font-size:clamp(18.959px, 1.185rem + ((1vw - 3.2px) * 0.657), 30px);font-style:normal;font-weight:700;text-transform:uppercase\">Wohnwagen Boh\u00e8me Chic 22m\u00b2<\/p>\n\n\n\n<figure class=\"wp-block-image size-large is-resized fleche wp-duotone-rgb255255255-ccc-49 gt-fse-widgets-ctv-open-product\"><img decoding=\"async\" width=\"17\" height=\"12\" src=\"https:\/\/www.camping2laplage.com\/wp-content\/uploads\/2025\/07\/arrows-btn.svg\" alt=\"arrows btn\" class=\"wp-image-176 gt-fse-widgets-ctv-open-product\" style=\"object-fit:contain;width:15px;height:15px\"\/><\/figure>\n<\/div>\n\n\n\n<div class=\"wp-block-group alignfull hebergement-icons has-custom-rouge-background-color has-background is-content-justification-center is-nowrap is-layout-flex wp-container-core-group-is-layout-4e3a5801 wp-block-group-is-layout-flex gt-fse-widgets-ctv-open-product\" style=\"padding-top:var(--wp--preset--spacing--10);padding-right:1rem;padding-bottom:var(--wp--preset--spacing--10);padding-left:1rem\">\n<div class=\"wp-block-group is-nowrap is-layout-flex wp-container-core-group-is-layout-513c09f2 wp-block-group-is-layout-flex gt-fse-widgets-ctv-open-product\">\n<figure class=\"wp-block-image size-full is-resized wp-duotone-ededa9-ccc-50 gt-fse-widgets-ctv-open-product\"><img decoding=\"async\" width=\"300\" height=\"300\" src=\"https:\/\/www.camping2laplage.com\/wp-content\/uploads\/2025\/07\/personnes.webp\" alt=\"personnes\" class=\"wp-image-1020 gt-fse-widgets-ctv-open-product\" style=\"width:25px\" srcset=\"https:\/\/www.camping2laplage.com\/wp-content\/uploads\/2025\/07\/personnes.webp 300w, https:\/\/www.camping2laplage.com\/wp-content\/uploads\/2025\/07\/personnes-150x150.webp 150w\" sizes=\"(max-width: 300px) 100vw, 300px\" \/><\/figure>\n\n\n<div class=\"taxonomy-gt-hebergements-nombre-personnes has-link-color wp-elements-f7c87e54e38b0809136675ff6bf5c315 wp-block-post-terms has-text-color has-base-2-color has-medium-font-size has-roboto-font-family gt-fse-widgets-ctv-open-product\"><span class=\"gt-fse-widgets-ctv-open-product\">4<\/span><\/div>\n\n\n<p class=\"has-base-2-color has-text-color has-link-color has-medium-font-size wp-elements-ed300d43f37d8c22950d8ef97712d50f gt-fse-widgets-ctv-open-product\">Pers.<\/p>\n<\/div>\n\n\n\n<div class=\"wp-block-group is-nowrap is-layout-flex wp-container-core-group-is-layout-89a94f6a wp-block-group-is-layout-flex gt-fse-widgets-ctv-open-product\">\n<figure class=\"wp-block-image size-full is-resized wp-duotone-ededa9-ffffff-51 gt-fse-widgets-ctv-open-product\"><img decoding=\"async\" width=\"512\" height=\"512\" src=\"https:\/\/www.camping2laplage.com\/wp-content\/uploads\/2025\/07\/chambre.webp\" alt=\"chambre\" class=\"wp-image-1024 gt-fse-widgets-ctv-open-product\" style=\"width:25px\" srcset=\"https:\/\/www.camping2laplage.com\/wp-content\/uploads\/2025\/07\/chambre.webp 512w, https:\/\/www.camping2laplage.com\/wp-content\/uploads\/2025\/07\/chambre-300x300.webp 300w, https:\/\/www.camping2laplage.com\/wp-content\/uploads\/2025\/07\/chambre-150x150.webp 150w\" sizes=\"(max-width: 512px) 100vw, 512px\" \/><\/figure>\n\n\n<div class=\"taxonomy-gt-hebergements-nombre-chambres has-link-color wp-elements-9ef64b592c523db51bc710735ecf05b9 wp-block-post-terms has-text-color has-base-2-color has-medium-font-size has-roboto-font-family gt-fse-widgets-ctv-open-product\"><span class=\"gt-fse-widgets-ctv-open-product\">4<\/span><\/div>\n\n\n<p class=\"has-base-2-color has-text-color has-link-color has-medium-font-size wp-elements-9a187f19e657d0a1a7cff608aeff72a2 gt-fse-widgets-ctv-open-product\">ch.<\/p>\n<\/div>\n\n\n\n<div class=\"wp-block-group is-nowrap is-layout-flex wp-container-core-group-is-layout-89a94f6a wp-block-group-is-layout-flex gt-fse-widgets-ctv-open-product\">\n<figure class=\"wp-block-image size-full is-resized wp-duotone-ededa9-ffffff-52 gt-fse-widgets-ctv-open-product\"><img decoding=\"async\" width=\"300\" height=\"300\" src=\"https:\/\/www.camping2laplage.com\/wp-content\/uploads\/2025\/07\/surface.webp\" alt=\"surface\" class=\"wp-image-1028 gt-fse-widgets-ctv-open-product\" style=\"width:25px\" srcset=\"https:\/\/www.camping2laplage.com\/wp-content\/uploads\/2025\/07\/surface.webp 300w, https:\/\/www.camping2laplage.com\/wp-content\/uploads\/2025\/07\/surface-150x150.webp 150w\" sizes=\"(max-width: 300px) 100vw, 300px\" \/><\/figure>\n\n\n<div class=\"taxonomy-gt-hebergements-superficie has-link-color wp-elements-cafe8390f833754c2c2fbce3d1413350 wp-block-post-terms has-text-color has-base-2-color has-medium-font-size has-roboto-font-family gt-fse-widgets-ctv-open-product\"><span class=\"gt-fse-widgets-ctv-open-product\">22<\/span><\/div>\n\n\n<p class=\"has-base-2-color has-text-color has-link-color has-medium-font-size wp-elements-cf28bc533e0468d76b0d039beb27e42a gt-fse-widgets-ctv-open-product\">m\u00b2<\/p>\n<\/div>\n<\/div>\n<\/div><\/div>\n<\/div>\n\n<\/li><li data-gt-Thelis-product-id=\"\" data-gt-bathrooms=\"22\" data-gt-campings=\"\" data-gt-capacities=\"23\" data-gt-ctv-product-id=\"74607\" data-gt-gammes=\"\" data-gt-options=\"\" data-gt-rooms=\"24\" data-gt-superficies=\"31\" data-gt-types=\"17\" data-wp-key=\"post-template-item-2542\" class=\"wp-block-post post-2542 hebergement type-hebergement status-publish has-post-thumbnail hentry gt-hebergements-types-location gt-hebergements-nombre-personnes-23 gt-hebergements-nombre-chambres-24 gt-hebergements-nombre-sdb-22 gt-hebergements-superficie-31 gt-fse-widgets-ctv-open-product\">\n\n<div class=\"wp-block-group gt-hebergement-wrap has-global-padding is-layout-constrained wp-block-group-is-layout-constrained gt-fse-widgets-ctv-open-product\" style=\"margin-top:0px\">\n<div data-swiper=\"{&quot;speed&quot;:1000,&quot;autoplay&quot;:{&quot;delay&quot;:5000,&quot;disableOnInteraction&quot;:false},&quot;spaceBetween&quot;:0,&quot;slidesPerView&quot;:1,&quot;pagination&quot;:{&quot;el&quot;:&quot;.swiper-pagination&quot;,&quot;dynamicBullets&quot;:true,&quot;clickable&quot;:true,&quot;type&quot;:&quot;bullets&quot;},&quot;navigation&quot;:{&quot;nextEl&quot;:&quot;.swiper-button-next&quot;,&quot;prevEl&quot;:&quot;.swiper-button-prev&quot;},&quot;breakpoints&quot;:[{&quot;slidesPerView&quot;:1}]}\" class=\"wp-block-cover has-custom-content-position is-position-bottom-center hebergement-featured-image gt-fse-widgets-ctv-open-product\" style=\"border-radius:25px;padding-top:0px;padding-right:0px;padding-bottom:0px;padding-left:0px;min-height:430px;aspect-ratio:unset;\"><span aria-hidden=\"true\" class=\"wp-block-cover__background has-background-dim-80 has-background-dim has-background-gradient gt-fse-widgets-ctv-open-product\" style=\"background:linear-gradient(0deg,rgb(0,0,0) 26%,rgba(0,0,0,0) 42%)\"><\/span><img decoding=\"async\" width=\"1899\" height=\"1266\" src=\"https:\/\/www.camping2laplage.com\/wp-content\/uploads\/2025\/08\/location-tente-bivouac-isere.jpg\" class=\"wp-block-cover__image-background wp-post-image gt-fse-widgets-ctv-open-product\" alt=\"vermietung zelt bivouac isere\" data-object-fit=\"cover\" srcset=\"https:\/\/www.camping2laplage.com\/wp-content\/uploads\/2025\/08\/location-tente-bivouac-isere.jpg 1899w, https:\/\/www.camping2laplage.com\/wp-content\/uploads\/2025\/08\/location-tente-bivouac-isere-300x200.jpg 300w, https:\/\/www.camping2laplage.com\/wp-content\/uploads\/2025\/08\/location-tente-bivouac-isere-1024x683.jpg 1024w, https:\/\/www.camping2laplage.com\/wp-content\/uploads\/2025\/08\/location-tente-bivouac-isere-768x512.jpg 768w, https:\/\/www.camping2laplage.com\/wp-content\/uploads\/2025\/08\/location-tente-bivouac-isere-1536x1024.jpg 1536w\" sizes=\"(max-width: 1899px) 100vw, 1899px\" \/><div class=\"wp-block-cover__inner-container has-global-padding is-layout-constrained wp-container-core-cover-is-layout-f5c98baf wp-block-cover-is-layout-constrained gt-fse-widgets-ctv-open-product\">\n<div class=\"wp-block-group titre-fleche is-nowrap is-layout-flex wp-container-core-group-is-layout-6c531013 wp-block-group-is-layout-flex gt-fse-widgets-ctv-open-product\">\n<p class=\"has-text-align-left hebergement-title gt-btn-arrow has-base-2-color has-text-color has-link-color has-basteleur-font-family wp-elements-9c563c41f13d6fedd8c90588c141348d gt-fse-widgets-ctv-open-product\" style=\"padding-right:0;padding-left:1.5rem;font-size:clamp(18.959px, 1.185rem + ((1vw - 3.2px) * 0.657), 30px);font-style:normal;font-weight:700;text-transform:uppercase\">Zelt Bivouac 6 m\u00b2 <\/p>\n\n\n\n<figure class=\"wp-block-image size-large is-resized fleche wp-duotone-rgb255255255-ccc-53 gt-fse-widgets-ctv-open-product\"><img decoding=\"async\" width=\"17\" height=\"12\" src=\"https:\/\/www.camping2laplage.com\/wp-content\/uploads\/2025\/07\/arrows-btn.svg\" alt=\"arrows btn\" class=\"wp-image-176 gt-fse-widgets-ctv-open-product\" style=\"object-fit:contain;width:15px;height:15px\"\/><\/figure>\n<\/div>\n\n\n\n<div class=\"wp-block-group alignfull hebergement-icons has-custom-rouge-background-color has-background is-content-justification-center is-nowrap is-layout-flex wp-container-core-group-is-layout-4e3a5801 wp-block-group-is-layout-flex gt-fse-widgets-ctv-open-product\" style=\"padding-top:var(--wp--preset--spacing--10);padding-right:1rem;padding-bottom:var(--wp--preset--spacing--10);padding-left:1rem\">\n<div class=\"wp-block-group is-nowrap is-layout-flex wp-container-core-group-is-layout-513c09f2 wp-block-group-is-layout-flex gt-fse-widgets-ctv-open-product\">\n<figure class=\"wp-block-image size-full is-resized wp-duotone-ededa9-ccc-54 gt-fse-widgets-ctv-open-product\"><img decoding=\"async\" width=\"300\" height=\"300\" src=\"https:\/\/www.camping2laplage.com\/wp-content\/uploads\/2025\/07\/personnes.webp\" alt=\"personnes\" class=\"wp-image-1020 gt-fse-widgets-ctv-open-product\" style=\"width:25px\" srcset=\"https:\/\/www.camping2laplage.com\/wp-content\/uploads\/2025\/07\/personnes.webp 300w, https:\/\/www.camping2laplage.com\/wp-content\/uploads\/2025\/07\/personnes-150x150.webp 150w\" sizes=\"(max-width: 300px) 100vw, 300px\" \/><\/figure>\n\n\n<div class=\"taxonomy-gt-hebergements-nombre-personnes has-link-color wp-elements-f7c87e54e38b0809136675ff6bf5c315 wp-block-post-terms has-text-color has-base-2-color has-medium-font-size has-roboto-font-family gt-fse-widgets-ctv-open-product\"><span class=\"gt-fse-widgets-ctv-open-product\">2<\/span><\/div>\n\n\n<p class=\"has-base-2-color has-text-color has-link-color has-medium-font-size wp-elements-ed300d43f37d8c22950d8ef97712d50f gt-fse-widgets-ctv-open-product\">Pers.<\/p>\n<\/div>\n\n\n\n<div class=\"wp-block-group is-nowrap is-layout-flex wp-container-core-group-is-layout-89a94f6a wp-block-group-is-layout-flex gt-fse-widgets-ctv-open-product\">\n<figure class=\"wp-block-image size-full is-resized wp-duotone-ededa9-ffffff-55 gt-fse-widgets-ctv-open-product\"><img decoding=\"async\" width=\"512\" height=\"512\" src=\"https:\/\/www.camping2laplage.com\/wp-content\/uploads\/2025\/07\/chambre.webp\" alt=\"chambre\" class=\"wp-image-1024 gt-fse-widgets-ctv-open-product\" style=\"width:25px\" srcset=\"https:\/\/www.camping2laplage.com\/wp-content\/uploads\/2025\/07\/chambre.webp 512w, https:\/\/www.camping2laplage.com\/wp-content\/uploads\/2025\/07\/chambre-300x300.webp 300w, https:\/\/www.camping2laplage.com\/wp-content\/uploads\/2025\/07\/chambre-150x150.webp 150w\" sizes=\"(max-width: 512px) 100vw, 512px\" \/><\/figure>\n\n\n<div class=\"taxonomy-gt-hebergements-nombre-chambres has-link-color wp-elements-9ef64b592c523db51bc710735ecf05b9 wp-block-post-terms has-text-color has-base-2-color has-medium-font-size has-roboto-font-family gt-fse-widgets-ctv-open-product\"><span class=\"gt-fse-widgets-ctv-open-product\">1<\/span><\/div>\n\n\n<p class=\"has-base-2-color has-text-color has-link-color has-medium-font-size wp-elements-9a187f19e657d0a1a7cff608aeff72a2 gt-fse-widgets-ctv-open-product\">ch.<\/p>\n<\/div>\n\n\n\n<div class=\"wp-block-group is-nowrap is-layout-flex wp-container-core-group-is-layout-89a94f6a wp-block-group-is-layout-flex gt-fse-widgets-ctv-open-product\">\n<figure class=\"wp-block-image size-full is-resized wp-duotone-ededa9-ffffff-56 gt-fse-widgets-ctv-open-product\"><img decoding=\"async\" width=\"300\" height=\"300\" src=\"https:\/\/www.camping2laplage.com\/wp-content\/uploads\/2025\/07\/surface.webp\" alt=\"surface\" class=\"wp-image-1028 gt-fse-widgets-ctv-open-product\" style=\"width:25px\" srcset=\"https:\/\/www.camping2laplage.com\/wp-content\/uploads\/2025\/07\/surface.webp 300w, https:\/\/www.camping2laplage.com\/wp-content\/uploads\/2025\/07\/surface-150x150.webp 150w\" sizes=\"(max-width: 300px) 100vw, 300px\" \/><\/figure>\n\n\n<div class=\"taxonomy-gt-hebergements-superficie has-link-color wp-elements-cafe8390f833754c2c2fbce3d1413350 wp-block-post-terms has-text-color has-base-2-color has-medium-font-size has-roboto-font-family gt-fse-widgets-ctv-open-product\"><span class=\"gt-fse-widgets-ctv-open-product\">6<\/span><\/div>\n\n\n<p class=\"has-base-2-color has-text-color has-link-color has-medium-font-size wp-elements-cf28bc533e0468d76b0d039beb27e42a gt-fse-widgets-ctv-open-product\">m\u00b2<\/p>\n<\/div>\n<\/div>\n<\/div><\/div>\n<\/div>\n\n<\/li><\/ul><\/div>\n<\/div>\n\n<div id=\"gt_1-cta-svg_001\" class=\"wp-block-group has-global-padding is-layout-constrained wp-block-group-is-layout-constrained\">\n<div class=\"wp-block-columns are-vertically-aligned-center is-layout-flex wp-container-core-columns-is-layout-9b24e0e0 wp-block-columns-is-layout-flex\">\n<div class=\"wp-block-column is-vertically-aligned-center animated slideInUp is-layout-flow wp-block-column-is-layout-flow\" id=\"content\">\n<h2 class=\"wp-block-heading has-custom-rouge-color has-text-color has-link-color wp-elements-00a6b6af057c1fafd8252136be0bef96\">Ihre Unterkunft zum besten Preis erwartet Sie in der N\u00e4he von Grenoble<\/h2>\n\n\n\n<p>Willkommen auf unserem preisg\u00fcnstigen Campingplatz in Is\u00e8re! <\/p>\n\n\n\n<p>Auf dem Camping de la Plage finden Sie eine gro\u00dfe Auswahl an Unterk\u00fcnften und Stellpl\u00e4tzen mit allem Komfort zu g\u00fcnstigen <strong>Preisen<\/strong>, f\u00fcr einen <strong>Aufenthalt mit dem besten Preis-Leistungs-Verh\u00e4ltnis<\/strong> in der N\u00e4he von Grenoble.<br\/><\/p>\n\n\n\n<p>Die Kurtaxe ist f\u00fcr die F\u00f6rderung und Verbesserung des Tourismus im Gebiet des Tri\u00e8ves bestimmt. Wir erheben die Kurtaxe im Auftrag des Gemeindeverbandes und des Departements. Die Kurtaxe betr\u00e4gt 0,30 \u20ac pro Person \u00fcber 18 Jahre und pro Nacht zus\u00e4tzlich zu Ihrem Aufenthaltstarif.  <\/p>\n\n\n\n<p>Bei Ihrer Ankunft nach 15.00 Uhr wird eine Bestandsaufnahme durchgef\u00fchrt und Sie m\u00fcssen eine Kaution hinterlegen (Scheck oder Kreditkarte). Bei der Abreise, vor 10 Uhr, wird eine Bestandsaufnahme durchgef\u00fchrt. Bei der Reservierung wird eine Anzahlung von 30 % des Gesamtpreises verlangt.  <\/p>\n<\/div>\n\n\n\n<div class=\"wp-block-column is-vertically-aligned-center is-layout-flow wp-block-column-is-layout-flow\" id=\"image\">\n<div data-swiper=\"{&quot;speed&quot;:400,&quot;spaceBetween&quot;:16,&quot;slidesPerView&quot;:3,&quot;createElements&quot;:true,&quot;loop&quot;:true,&quot;freemode&quot;:true,&quot;navigation&quot;:{&quot;nextEl&quot;:&quot;buttonNext&quot;,&quot;prevEl&quot;:&quot;buttonPrev&quot;},&quot;breakpoints&quot;:[{&quot;slidesPerView&quot;:1}]}\" class=\"wp-block-group gt-is-slider gt-is-slider-desktop has-global-padding is-layout-constrained wp-block-group-is-layout-constrained\">\n<figure class=\"wp-block-image size-full has-custom-border\"><img decoding=\"async\" width=\"825\" height=\"550\" src=\"https:\/\/www.camping2laplage.com\/wp-content\/uploads\/2025\/08\/location-mobilhome-dans-le-vercors.webp\" alt=\"Vermietung von Mobilheimen in der Region Vercors\" class=\"wp-image-1798\" style=\"border-radius:25px\" srcset=\"https:\/\/www.camping2laplage.com\/wp-content\/uploads\/2025\/08\/location-mobilhome-dans-le-vercors.webp 825w, https:\/\/www.camping2laplage.com\/wp-content\/uploads\/2025\/08\/location-mobilhome-dans-le-vercors-300x200.webp 300w, https:\/\/www.camping2laplage.com\/wp-content\/uploads\/2025\/08\/location-mobilhome-dans-le-vercors-768x512.webp 768w\" sizes=\"(max-width: 825px) 100vw, 825px\" \/><\/figure>\n\n\n\n<figure class=\"wp-block-image size-full has-custom-border\"><img decoding=\"async\" width=\"825\" height=\"550\" src=\"https:\/\/www.camping2laplage.com\/wp-content\/uploads\/2025\/08\/mobil-home-avec-spa.webp\" alt=\"Mobilheim mit Whirlpool\" class=\"wp-image-1802\" style=\"border-radius:25px\" srcset=\"https:\/\/www.camping2laplage.com\/wp-content\/uploads\/2025\/08\/mobil-home-avec-spa.webp 825w, https:\/\/www.camping2laplage.com\/wp-content\/uploads\/2025\/08\/mobil-home-avec-spa-300x200.webp 300w, https:\/\/www.camping2laplage.com\/wp-content\/uploads\/2025\/08\/mobil-home-avec-spa-768x512.webp 768w\" sizes=\"(max-width: 825px) 100vw, 825px\" \/><\/figure>\n<\/div>\n<\/div>\n<\/div>\n<\/div>\n\n<div style=\"height:100px\" aria-hidden=\"true\" class=\"wp-block-spacer gt-hide-mobile\"><\/div>\n\n<div id=\"gt_3-ctafull_001\" class=\"wp-block-group has-global-padding is-layout-constrained wp-container-core-group-is-layout-12243e0f wp-block-group-is-layout-constrained\">\n<div id=\"slider-images\" class=\"wp-block-group has-global-padding is-layout-constrained wp-container-core-group-is-layout-e555385e wp-block-group-is-layout-constrained\">\n<div data-swiper=\"{&quot;speed&quot;:1000,&quot;autoplay&quot;:{&quot;delay&quot;:5000,&quot;disableOnInteraction&quot;:false},&quot;spaceBetween&quot;:0,&quot;slidesPerView&quot;:1,&quot;pagination&quot;:{&quot;el&quot;:&quot;.swiper-pagination&quot;,&quot;dynamicBullets&quot;:true,&quot;clickable&quot;:true,&quot;type&quot;:&quot;bullets&quot;},&quot;navigation&quot;:{&quot;nextEl&quot;:&quot;.swiper-button-next&quot;,&quot;prevEl&quot;:&quot;.swiper-button-prev&quot;},&quot;breakpoints&quot;:[{&quot;slidesPerView&quot;:1}]}\" class=\"wp-block-cover\"><img decoding=\"async\" width=\"1024\" height=\"512\" class=\"wp-block-cover__image-background wp-image-1782 size-large\" alt=\"camping dans le vercors\" src=\"https:\/\/www.camping2laplage.com\/wp-content\/uploads\/2025\/08\/camping-dans-le-vercors-1024x512.webp\" data-object-fit=\"cover\" srcset=\"https:\/\/www.camping2laplage.com\/wp-content\/uploads\/2025\/08\/camping-dans-le-vercors-1024x512.webp 1024w, https:\/\/www.camping2laplage.com\/wp-content\/uploads\/2025\/08\/camping-dans-le-vercors-300x150.webp 300w, https:\/\/www.camping2laplage.com\/wp-content\/uploads\/2025\/08\/camping-dans-le-vercors-768x384.webp 768w, https:\/\/www.camping2laplage.com\/wp-content\/uploads\/2025\/08\/camping-dans-le-vercors-1536x768.webp 1536w, https:\/\/www.camping2laplage.com\/wp-content\/uploads\/2025\/08\/camping-dans-le-vercors.webp 1920w\" sizes=\"(max-width: 1024px) 100vw, 1024px\" \/><span aria-hidden=\"true\" class=\"wp-block-cover__background has-background-dim\"><\/span><div class=\"wp-block-cover__inner-container has-global-padding is-layout-constrained wp-block-cover-is-layout-constrained\">\n<p class=\"has-text-align-center has-large-font-size\"><\/p>\n<\/div><\/div>\n<\/div>\n\n\n\n<div class=\"wp-block-columns has-custom-rouge-background-color has-background is-layout-flex wp-container-core-columns-is-layout-6ea349a3 wp-block-columns-is-layout-flex\" id=\"content\" style=\"padding-top:6em;padding-right:10em;padding-bottom:6em;padding-left:10em\">\n<div class=\"wp-block-column col-content is-layout-flow wp-block-column-is-layout-flow\" style=\"flex-basis:100%\">\n<h2 class=\"wp-block-heading has-text-align-left has-base-2-color has-text-color has-link-color wp-elements-6b7974b5a2e53eb4fbf26de6dcc13e60\">Angebote und Aktionen f\u00fcr Ihren Aufenthalt in Is\u00e8re<\/h2>\n\n\n\n<p class=\"has-text-align-left has-base-2-color has-text-color has-link-color wp-elements-94d98989ec6a7475d19aa9683b854935\"><strong>Angebot der besten Preise:<\/strong> Auf unserem <a href=\"https:\/\/www.camping2laplage.com\/de\/\" data-type=\"page\" data-id=\"5\">Campingplatz in der N\u00e4he von Grenoble<\/a> sind die besten Preise f\u00fcr <strong>Fr\u00fchbucher<\/strong> garantiert. Es gibt keine Last-Minute-Angebote. Warten Sie nicht l\u00e4nger!  <\/p>\n\n\n\n<p class=\"has-text-align-left has-base-2-color has-text-color has-link-color wp-elements-c4ce437bbb593667f66e57c3b28ba428\">Die angegebenen Preise k\u00f6nnen sich \u00e4ndern. Der Campingplatz beh\u00e4lt sich das Recht vor, die Preise jederzeit zu \u00e4ndern. Der Aufenthalt wird auf der Grundlage der am <strong>Tag der Reservierung<\/strong> g\u00fcltigen Preise berechnet, vorbehaltlich der Verf\u00fcgbarkeit. Es ist ratsam, den g\u00fcltigen Preis direkt beim Campingplatz zu erfragen. Die Angebote und Promotionen sind nicht r\u00fcckwirkend und nicht kumulierbar.    <\/p>\n<\/div>\n<\/div>\n<\/div>\n\n<div style=\"height:100px\" aria-hidden=\"true\" class=\"wp-block-spacer gt-hide-mobile\"><\/div>\n\n<div id=\"gt_1-cta-svg_001\" class=\"wp-block-group has-global-padding is-layout-constrained wp-block-group-is-layout-constrained\">\n<div class=\"wp-block-columns are-vertically-aligned-center is-layout-flex wp-container-core-columns-is-layout-9b24e0e0 wp-block-columns-is-layout-flex\">\n<div class=\"wp-block-column is-vertically-aligned-center is-layout-flow wp-block-column-is-layout-flow\" id=\"image\">\n<div data-swiper=\"{&quot;speed&quot;:400,&quot;spaceBetween&quot;:16,&quot;slidesPerView&quot;:3,&quot;createElements&quot;:true,&quot;loop&quot;:true,&quot;freemode&quot;:true,&quot;navigation&quot;:{&quot;nextEl&quot;:&quot;buttonNext&quot;,&quot;prevEl&quot;:&quot;buttonPrev&quot;},&quot;breakpoints&quot;:[{&quot;slidesPerView&quot;:1}]}\" class=\"wp-block-group gt-is-slider gt-is-slider-desktop has-global-padding is-layout-constrained wp-block-group-is-layout-constrained\">\n<figure class=\"wp-block-image size-full has-custom-border\"><img decoding=\"async\" width=\"825\" height=\"550\" src=\"https:\/\/www.camping2laplage.com\/wp-content\/uploads\/2025\/08\/location-mobil-home-en-isere.webp\" alt=\"vermietung von mobilheimen in isere\" class=\"wp-image-1790\" style=\"border-radius:25px\" srcset=\"https:\/\/www.camping2laplage.com\/wp-content\/uploads\/2025\/08\/location-mobil-home-en-isere.webp 825w, https:\/\/www.camping2laplage.com\/wp-content\/uploads\/2025\/08\/location-mobil-home-en-isere-300x200.webp 300w, https:\/\/www.camping2laplage.com\/wp-content\/uploads\/2025\/08\/location-mobil-home-en-isere-768x512.webp 768w\" sizes=\"(max-width: 825px) 100vw, 825px\" \/><\/figure>\n\n\n\n<figure class=\"wp-block-image size-full has-custom-border\"><img decoding=\"async\" width=\"825\" height=\"550\" src=\"https:\/\/www.camping2laplage.com\/wp-content\/uploads\/2025\/08\/emplacements-dans-le-vercors.webp\" alt=\"Stellpl&#xE4;tze in der Region Vercors\" class=\"wp-image-1786\" style=\"border-radius:25px\" srcset=\"https:\/\/www.camping2laplage.com\/wp-content\/uploads\/2025\/08\/emplacements-dans-le-vercors.webp 825w, https:\/\/www.camping2laplage.com\/wp-content\/uploads\/2025\/08\/emplacements-dans-le-vercors-300x200.webp 300w, https:\/\/www.camping2laplage.com\/wp-content\/uploads\/2025\/08\/emplacements-dans-le-vercors-768x512.webp 768w\" sizes=\"(max-width: 825px) 100vw, 825px\" \/><\/figure>\n<\/div>\n<\/div>\n\n\n\n<div class=\"wp-block-column is-vertically-aligned-center animated slideInUp is-layout-flow wp-block-column-is-layout-flow\" id=\"content\">\n<h2 class=\"wp-block-heading has-custom-rouge-color has-text-color has-link-color wp-elements-af5eb034b735d71411402d2c35fc11bf\">Direkte Reservierung: Preis-Leistungs-Verh\u00e4ltnis garantiert!<\/h2>\n\n\n\n<p>Unser Campingplatz arbeitet nicht mit Vermittlern zusammen, um die <a href=\"https:\/\/www.camping2laplage.com\/de\/mobilheimvermietung-treffort\/\" data-type=\"page\" data-id=\"10\">Vermietung unserer Unterk\u00fcnfte in Is\u00e8re<\/a> zu verwalten. Bitte achten Sie auf Betr\u00fcgereien. Alle Buchungen k\u00f6nnen <strong>auf unserer Website<\/strong>, \u00fcber die Reservierung oder per Telefon unter +33(0)4 76 34 06 31 vorgenommen werden.   <\/p>\n\n\n\n<p>Die verf\u00fcgbaren Unterk\u00fcnfte und <a href=\"https:\/\/www.camping2laplage.com\/de\/stellplatzvermietung-treffort\/\" data-type=\"page\" data-id=\"11\">Stellpl\u00e4tze in der N\u00e4he von Grenoble<\/a> werden in Echtzeit aktualisiert, so dass Sie ganz einfach eine Buchung nach Ihren Kriterien finden k\u00f6nnen. Wenn Sie Fragen haben, <a href=\"https:\/\/www.camping2laplage.com\/de\/kontakt-anfahrt-treffort\/\" data-type=\"page\" data-id=\"22\">benutzen Sie bitte das Kontaktformular<\/a> oder rufen Sie uns an. <\/p>\n<\/div>\n<\/div>\n<\/div>\n\n<div style=\"height:100px\" aria-hidden=\"true\" class=\"wp-block-spacer gt-hide-mobile\"><\/div>\n\n<div class=\"wp-block-group content-alone has-global-padding is-layout-constrained wp-container-core-group-is-layout-146f470a wp-block-group-is-layout-constrained\" style=\"padding-right:10em;padding-left:10em\">\n<h2 class=\"wp-block-heading has-custom-rouge-color has-text-color has-link-color wp-elements-8f9ccf6f276931fed37d6b2ec3280bb7\">Praktische Informationen f\u00fcr einen preiswerten Aufenthalt in der N\u00e4he von Grenoble<\/h2>\n\n\n\n<p>Sie k\u00f6nnen Ihren Stellplatz <strong>ab 14.00 Uhr<\/strong> beziehen und m\u00fcssen ihn am Abreisetag vor 12.00 Uhr verlassen. F\u00fcr jede Reservierung wird eine Anzahlung von 30 % verlangt. Wir akzeptieren Bankkarten, \u00dcberweisungen, Schecks und Bargeld. <strong>Urlaubsschecks<\/strong> werden bis zu 50 % des Gesamtbetrages akzeptiert.   <\/p>\n<\/div>\n\n<div style=\"height:100px\" aria-hidden=\"true\" class=\"wp-block-spacer gt-hide-mobile\"><\/div>\n\n<section class=\"wp-block-group alignfull bloc-maillage has-global-padding is-layout-constrained wp-container-core-group-is-layout-6131d34a wp-block-group-is-layout-constrained\" style=\"margin-top:0px;margin-bottom:0px;padding-top:10rem;padding-right:0;padding-bottom:10rem;padding-left:0rem\">\n<p class=\"has-text-align-center has-custom-rouge-color has-text-color has-link-color has-basteleur-font-family wp-elements-088d06e8262be72cdce378d330246c48\" style=\"font-size:clamp(2.2rem, 2.2rem + ((1vw - 0.2rem) * 1.714), 4rem);\">Entdecken Sie<\/p>\n\n\n\n<p class=\"has-text-align-center has-custom-rouge-color has-text-color has-link-color has-basteleur-font-family wp-elements-f46a416b35d290f24831856c13167b99\" style=\"font-size:clamp(1.25rem, 1.25rem + ((1vw - 0.2rem) * 0.714), 2rem);\">Unser Campingplatz, unsere Dienstleistungen und der See<\/p>\n\n\n\n<div class=\"wp-block-group maillage is-layout-flow wp-block-group-is-layout-flow\">\n<div class=\"wp-block-query alignfull is-layout-flow wp-block-query-is-layout-flow\"><ul class=\"columns-3 wp-block-post-template is-layout-grid wp-container-core-post-template-is-layout-572542b5 wp-block-post-template-is-layout-grid\"><li class=\"wp-block-post post-2481 page type-page status-publish has-post-thumbnail hentry\">\n\n<div class=\"wp-block-group overflow-hidden gt-maillage has-global-padding is-layout-constrained wp-block-group-is-layout-constrained\">\n<figure class=\"wp-block-image gt-maillage__image\"><img decoding=\"async\" src=\"https:\/\/www.camping2laplage.com\/wp-content\/uploads\/2025\/08\/lac-alpes-1.jpg\" alt=\"See Alpen\" style=\"aspect-ratio:3\/4;object-fit:cover\"\/><\/figure>\n\n\n\n<p class=\"has-text-align-right gt-maillage__title gt-btn-arrow has-base-2-color has-text-color has-link-color has-basteleur-font-family wp-elements-5851ac654ece7c734572285f86f288d5\" style=\"border-right-style:none;border-right-width:0px;border-bottom-style:none;border-bottom-width:0px;padding-right:1rem;font-size:clamp(1.743rem, 1.743rem + ((1vw - 0.2rem) * 1.197), 3rem);font-style:normal;font-weight:300;text-transform:none\">See &amp; Wassersportzentrum<\/p>\n\n\n<a class=\"is-style-lien-cover wp-block-read-more\" href=\"https:\/\/www.camping2laplage.com\/de\/campingplatz-am-see-wassersportzentrum-treffort\/\" target=\"_self\">Weiterlesen<span class=\"screen-reader-text\">: See &amp; Wassersportzentrum<\/span><\/a><\/div>\n\n<\/li><li class=\"wp-block-post post-2499 page type-page status-publish has-post-thumbnail hentry\">\n\n<div class=\"wp-block-group overflow-hidden gt-maillage has-global-padding is-layout-constrained wp-block-group-is-layout-constrained\">\n<figure class=\"wp-block-image gt-maillage__image\"><img decoding=\"async\" src=\"https:\/\/www.camping2laplage.com\/wp-content\/uploads\/2025\/07\/camping-profiter-du-snacking-1.webp\" alt=\"Die Dienstleistungen\" style=\"aspect-ratio:3\/4;object-fit:cover\"\/><\/figure>\n\n\n\n<p class=\"has-text-align-right gt-maillage__title gt-btn-arrow has-base-2-color has-text-color has-link-color has-basteleur-font-family wp-elements-5851ac654ece7c734572285f86f288d5\" style=\"border-right-style:none;border-right-width:0px;border-bottom-style:none;border-bottom-width:0px;padding-right:1rem;font-size:clamp(1.743rem, 1.743rem + ((1vw - 0.2rem) * 1.197), 3rem);font-style:normal;font-weight:300;text-transform:none\">Die Dienstleistungen<\/p>\n\n\n<a class=\"is-style-lien-cover wp-block-read-more\" href=\"https:\/\/www.camping2laplage.com\/de\/campingplatz-services-treffort\/\" target=\"_self\">Weiterlesen<span class=\"screen-reader-text\">: Die Dienstleistungen<\/span><\/a><\/div>\n\n<\/li><li class=\"wp-block-post post-2509 page type-page status-publish has-post-thumbnail hentry\">\n\n<div class=\"wp-block-group overflow-hidden gt-maillage has-global-padding is-layout-constrained wp-block-group-is-layout-constrained\">\n<figure class=\"wp-block-image gt-maillage__image\"><img decoding=\"async\" src=\"https:\/\/www.camping2laplage.com\/wp-content\/uploads\/2025\/08\/location-vacances-isere.jpg\" alt=\"Pr\u00e4sentation\" style=\"aspect-ratio:3\/4;object-fit:cover\"\/><\/figure>\n\n\n\n<p class=\"has-text-align-right gt-maillage__title gt-btn-arrow has-base-2-color has-text-color has-link-color has-basteleur-font-family wp-elements-5851ac654ece7c734572285f86f288d5\" style=\"border-right-style:none;border-right-width:0px;border-bottom-style:none;border-bottom-width:0px;padding-right:1rem;font-size:clamp(1.743rem, 1.743rem + ((1vw - 0.2rem) * 1.197), 3rem);font-style:normal;font-weight:300;text-transform:none\">Pr\u00e4sentation<\/p>\n\n\n<a class=\"is-style-lien-cover wp-block-read-more\" href=\"https:\/\/www.camping2laplage.com\/de\/campingplatz-treffort\/\" target=\"_self\">Weiterlesen<span class=\"screen-reader-text\">: Pr\u00e4sentation<\/span><\/a><\/div>\n\n<\/li><\/ul><\/div>\n<\/div>\n<\/section>\n","protected":false},"excerpt":{"rendered":"<p>Campingplatz 2 am Strand &gt; Camping zum besten Preis in Is\u00e8re Ihre Unterkunft zum besten Preis erwartet Sie in der N\u00e4he von Grenoble Willkommen auf unserem preisg\u00fcnstigen Campingplatz in Is\u00e8re! Auf dem Camping de la Plage finden Sie eine gro\u00dfe Auswahl an Unterk\u00fcnften und Stellpl\u00e4tzen mit allem Komfort zu g\u00fcnstigen Preisen, f\u00fcr einen Aufenthalt mit [&hellip;]<\/p>\n","protected":false},"author":1,"featured_media":2151,"parent":0,"menu_order":0,"comment_status":"closed","ping_status":"closed","template":"","meta":{"_acf_changed":false,"_seopress_robots_primary_cat":"","_seopress_titles_title":"Campingplatz Is\u00e8re | Campingplatz mit Angeboten in der N\u00e4he von Grenoble","_seopress_titles_desc":"Preise und Reservierung: Camping de la Plage, finden Sie alle Preise f\u00fcr unsere Stellpl\u00e4tze, Chalets, Mobilheime und Zelte und buchen Sie online!","_seopress_robots_index":"","_gt_ctv_global_id":"","_gt_ctv_id_group":false,"inline_featured_image":false,"gt_fse_maillage_image":"https:\/\/www.camping2laplage.com\/wp-content\/uploads\/2025\/08\/location-mobil-home-vercors.webp","gt_fse_maillage_titre":"Preise und Angebote","gt_fse_maillage_alt":"Preise und Angebote","gt_fse_maillage_resume":"","footnotes":""},"categories":[],"tags":[],"class_list":["post-2452","page","type-page","status-publish","has-post-thumbnail","hentry"],"acf":[],"_links":{"self":[{"href":"https:\/\/www.camping2laplage.com\/de\/wp-json\/wp\/v2\/pages\/2452","targetHints":{"allow":["GET"]}}],"collection":[{"href":"https:\/\/www.camping2laplage.com\/de\/wp-json\/wp\/v2\/pages"}],"about":[{"href":"https:\/\/www.camping2laplage.com\/de\/wp-json\/wp\/v2\/types\/page"}],"author":[{"embeddable":true,"href":"https:\/\/www.camping2laplage.com\/de\/wp-json\/wp\/v2\/users\/1"}],"replies":[{"embeddable":true,"href":"https:\/\/www.camping2laplage.com\/de\/wp-json\/wp\/v2\/comments?post=2452"}],"version-history":[{"count":12,"href":"https:\/\/www.camping2laplage.com\/de\/wp-json\/wp\/v2\/pages\/2452\/revisions"}],"predecessor-version":[{"id":3024,"href":"https:\/\/www.camping2laplage.com\/de\/wp-json\/wp\/v2\/pages\/2452\/revisions\/3024"}],"wp:featuredmedia":[{"embeddable":true,"href":"https:\/\/www.camping2laplage.com\/de\/wp-json\/wp\/v2\/media\/2151"}],"wp:attachment":[{"href":"https:\/\/www.camping2laplage.com\/de\/wp-json\/wp\/v2\/media?parent=2452"}],"wp:term":[{"taxonomy":"category","embeddable":true,"href":"https:\/\/www.camping2laplage.com\/de\/wp-json\/wp\/v2\/categories?post=2452"},{"taxonomy":"post_tag","embeddable":true,"href":"https:\/\/www.camping2laplage.com\/de\/wp-json\/wp\/v2\/tags?post=2452"}],"curies":[{"name":"wp","href":"https:\/\/api.w.org\/{rel}","templated":true}]}}