{"id":2465,"date":"2025-07-09T13:14:50","date_gmt":"2025-07-09T11:14:50","guid":{"rendered":"https:\/\/www.camping2laplage.com\/restaurant-treffort\/"},"modified":"2026-02-24T18:46:49","modified_gmt":"2026-02-24T17:46:49","slug":"gaststaette-treffort","status":"publish","type":"page","link":"https:\/\/www.camping2laplage.com\/de\/gaststaette-treffort\/","title":{"rendered":"Das Restaurant"},"content":{"rendered":"\n<div id=\"titre-fil\" class=\"wp-block-group is-vertical is-content-justification-center is-layout-flex wp-container-core-group-is-layout-3fb1c651 wp-block-group-is-layout-flex\" style=\"padding-right:20%;padding-left:20%\">\n<div class=\"wp-block-group is-horizontal is-layout-flex wp-container-core-group-is-layout-048c9698 wp-block-group-is-layout-flex\">\n<p class=\"has-text-align-center has-custom-rouge-color has-text-color has-link-color wp-elements-79a042dbca45755e6373eff5dc6677e8\" style=\"font-style:normal;font-weight:400;letter-spacing:2px\"><a href=\"https:\/\/www.camping2laplage.com\/de\/\" data-type=\"page\" data-id=\"5\">Campingplatz 2 am Strand<\/a> &gt;<\/p>\n\n\n<p class=\"has-text-align-center has-custom-rouge-color has-text-color has-link-color\" \n    style=\"font-style:normal;font-weight:400;letter-spacing:2px\">Das Restaurant<\/p>\n<\/div>\n\n\n\n<h1 class=\"wp-block-heading has-text-align-center has-custom-rouge-color has-text-color has-link-color has-basteleur-font-family wp-elements-39bf27415f839007979fce8b4800b153\" id=\"titre-page\" style=\"font-size:clamp(2.629rem, 2.629rem + ((1vw - 0.2rem) * 2.258), 5rem);font-style:normal;font-weight:700;line-height:1.1\">Le Spot, Pizzeria und Restaurant in Treffort<\/h1>\n<\/div>\n\n<div style=\"height:100px\" aria-hidden=\"true\" class=\"wp-block-spacer gt-hide-mobile\"><\/div>\n\n<div id=\"gt_1-cta-svg_001\" class=\"wp-block-group has-global-padding is-layout-constrained wp-block-group-is-layout-constrained\">\n<div class=\"wp-block-columns are-vertically-aligned-center is-layout-flex wp-container-core-columns-is-layout-9b24e0e0 wp-block-columns-is-layout-flex\">\n<div class=\"wp-block-column is-vertically-aligned-center animated slideInUp is-layout-flow wp-block-column-is-layout-flow\" id=\"content\">\n<h2 class=\"wp-block-heading has-custom-rouge-color has-text-color has-link-color wp-elements-d6eabb78b613227b957bf2d0d8b1a541\">Unser Restaurant am See im Departement Is\u00e8re<\/h2>\n\n\n\n<p>Eine schattige Terrasse, zwischen See und Bergen, ein zauberhafter Rahmen\u2026 Was gibt es Besseres f\u00fcr eine Mittagspause oder einen lauen Abend als unser Restaurant in Treffort? Im <strong>Restaurant Le Spot<\/strong> sind Sie herzlich willkommen, um zu <strong>fr\u00fchst\u00fccken<\/strong>, zu <strong>Mittag <\/strong>oder zu <strong>Abend <\/strong>zu essen. <\/p>\n\n\n    <div id=\"gt-fse-lire-plus-69f0dd7f19dc1\" class=\"gt-fse-lire-plus\" data-min-height=\"130\" style=\"background-color: #fff;\">\n        <input id=\"gt-fse-lire-plus-69f0dd7f19dc1-toggle\" type=\"checkbox\" class=\"gt-fse-lire-plus__toggle\" \/>\n        <label for=\"gt-fse-lire-plus-69f0dd7f19dc1-toggle\" class=\"gt-fse-lire-plus__toggle-label\">\n            <span>Mehr lesen<\/span>\n            <span>Weniger lesen<\/span>\n        <\/label>\n        <div class=\"gt-fse-lire-plus__content\" style=\"height: 130px;\">\n            \n\n<p>Wir bieten Ihnen <strong>frische<\/strong>, <strong>hausgemachte<\/strong> <strong>Produkte<\/strong>, die Ihren Gaumen erfreuen werden. <strong>Im Sommer<\/strong> k\u00f6nnen Sie <strong>Pizza<\/strong> bestellen und jeden Freitagabend gibt es <strong>Live-Musik<\/strong>!<\/p>\n\n\n\n<p>Eine <strong>Reservierung<\/strong> wird dringend empfohlen (Achtung, keine Reservierungen \u00fcber den Anrufbeantworter!). Sie k\u00f6nnen uns unter der Nummer +33 (0)4 76 34 06 31 kontaktieren. <\/p>\n\n\n\n<p><strong>Er\u00f6ffnung des Restaurants: Wiederer\u00f6ffnung<\/strong> der Saison 2025 ab dem 4. April 2025<\/p>\n\n\n\n<p>Genie\u00dfen Sie t\u00e4glich bis 11.00 Uhr ein Selbstbedienungsfr\u00fchst\u00fcck.<\/p>\n\n\n\n<p>Das Restaurant ist von Mittwoch bis Sonntag in den Monaten April-Mai-September und t\u00e4glich von Juni bis August von <strong>12:00 bis 14:00 Uhr<\/strong> und von <strong>19:00 bis 22:00 Uhr<\/strong> ge\u00f6ffnet. <\/p>\n\n\n\n<p>Eine <strong>Eisbar<\/strong> und <strong>Snacks<\/strong> stehen Ihnen den ganzen Nachmittag \u00fcber f\u00fcr den kleinen Hunger zwischendurch zur Verf\u00fcgung.<br\/><strong>\u00d6ffnungszeiten der Bar:<\/strong> 4. April 2025 bis 30. September 2025, t\u00e4glich von 8.00 bis 22.00 Uhr.<\/p>\n\n            <div class=\"gt-fse-lire-plus__gradient\" style=\"background: linear-gradient(to bottom,rgba(255,255,255,0) 0%,rgba(255,255,255,1) 100%);\"><\/div>\n        <\/div>\n    <\/div>\n    <\/div>\n\n\n\n<div class=\"wp-block-column is-vertically-aligned-center is-layout-flow wp-block-column-is-layout-flow\" id=\"image\">\n<div data-swiper=\"{&quot;speed&quot;:400,&quot;spaceBetween&quot;:16,&quot;slidesPerView&quot;:3,&quot;createElements&quot;:true,&quot;loop&quot;:true,&quot;freemode&quot;:true,&quot;navigation&quot;:{&quot;nextEl&quot;:&quot;buttonNext&quot;,&quot;prevEl&quot;:&quot;buttonPrev&quot;},&quot;breakpoints&quot;:[{&quot;slidesPerView&quot;:1}]}\" class=\"wp-block-group gt-is-slider gt-is-slider-desktop has-global-padding is-layout-constrained wp-block-group-is-layout-constrained\">\n<figure class=\"wp-block-image size-large has-custom-border\"><img decoding=\"async\" width=\"1024\" height=\"683\" src=\"https:\/\/www.camping2laplage.com\/wp-content\/uploads\/2025\/07\/camping-profiter-du-restaurant-1-1024x683.webp\" alt=\"Camping genie&#xDF;en Sie das Restaurant\" class=\"wp-image-709\" style=\"border-radius:25px\" srcset=\"https:\/\/www.camping2laplage.com\/wp-content\/uploads\/2025\/07\/camping-profiter-du-restaurant-1-1024x683.webp 1024w, https:\/\/www.camping2laplage.com\/wp-content\/uploads\/2025\/07\/camping-profiter-du-restaurant-1-300x200.webp 300w, https:\/\/www.camping2laplage.com\/wp-content\/uploads\/2025\/07\/camping-profiter-du-restaurant-1-768x512.webp 768w, https:\/\/www.camping2laplage.com\/wp-content\/uploads\/2025\/07\/camping-profiter-du-restaurant-1.webp 1199w\" sizes=\"(max-width: 1024px) 100vw, 1024px\" \/><\/figure>\n\n\n\n<figure class=\"wp-block-image size-large has-custom-border\"><img decoding=\"async\" width=\"1024\" height=\"683\" src=\"https:\/\/www.camping2laplage.com\/wp-content\/uploads\/2025\/08\/restaurant-camping-isere-1024x683.jpg\" alt=\"restaurant camping isere\" class=\"wp-image-1888\" style=\"border-radius:25px\" srcset=\"https:\/\/www.camping2laplage.com\/wp-content\/uploads\/2025\/08\/restaurant-camping-isere-1024x683.jpg 1024w, https:\/\/www.camping2laplage.com\/wp-content\/uploads\/2025\/08\/restaurant-camping-isere-300x200.jpg 300w, https:\/\/www.camping2laplage.com\/wp-content\/uploads\/2025\/08\/restaurant-camping-isere-768x512.jpg 768w, https:\/\/www.camping2laplage.com\/wp-content\/uploads\/2025\/08\/restaurant-camping-isere.jpg 1199w\" sizes=\"(max-width: 1024px) 100vw, 1024px\" \/><\/figure>\n<\/div>\n<\/div>\n<\/div>\n<\/div>\n\n<div style=\"height:100px\" aria-hidden=\"true\" class=\"wp-block-spacer gt-hide-mobile\"><\/div>\n\n<div id=\"gt_3-ctafull_001\" class=\"wp-block-group has-global-padding is-layout-constrained wp-container-core-group-is-layout-12243e0f wp-block-group-is-layout-constrained\">\n<div id=\"slider-images\" class=\"wp-block-group has-global-padding is-layout-constrained wp-container-core-group-is-layout-e555385e wp-block-group-is-layout-constrained\">\n<div data-swiper=\"{&quot;speed&quot;:1000,&quot;autoplay&quot;:{&quot;delay&quot;:5000,&quot;disableOnInteraction&quot;:false},&quot;spaceBetween&quot;:0,&quot;slidesPerView&quot;:1,&quot;pagination&quot;:{&quot;el&quot;:&quot;.swiper-pagination&quot;,&quot;dynamicBullets&quot;:true,&quot;clickable&quot;:true,&quot;type&quot;:&quot;bullets&quot;},&quot;navigation&quot;:{&quot;nextEl&quot;:&quot;.swiper-button-next&quot;,&quot;prevEl&quot;:&quot;.swiper-button-prev&quot;},&quot;breakpoints&quot;:[{&quot;slidesPerView&quot;:1}]}\" class=\"wp-block-cover\"><img decoding=\"async\" width=\"2000\" height=\"700\" class=\"wp-block-cover__image-background wp-image-1878 size-full\" alt=\"pizzeria en isere\" src=\"https:\/\/www.camping2laplage.com\/wp-content\/uploads\/2025\/08\/pizzeria-en-isere.jpg\" data-object-fit=\"cover\" srcset=\"https:\/\/www.camping2laplage.com\/wp-content\/uploads\/2025\/08\/pizzeria-en-isere.jpg 2000w, https:\/\/www.camping2laplage.com\/wp-content\/uploads\/2025\/08\/pizzeria-en-isere-300x105.jpg 300w, https:\/\/www.camping2laplage.com\/wp-content\/uploads\/2025\/08\/pizzeria-en-isere-1024x358.jpg 1024w, https:\/\/www.camping2laplage.com\/wp-content\/uploads\/2025\/08\/pizzeria-en-isere-768x269.jpg 768w, https:\/\/www.camping2laplage.com\/wp-content\/uploads\/2025\/08\/pizzeria-en-isere-1536x538.jpg 1536w\" sizes=\"(max-width: 2000px) 100vw, 2000px\" \/><span aria-hidden=\"true\" class=\"wp-block-cover__background has-background-dim\"><\/span><div class=\"wp-block-cover__inner-container has-global-padding is-layout-constrained wp-block-cover-is-layout-constrained\">\n<p class=\"has-text-align-center has-large-font-size\"><\/p>\n<\/div><\/div>\n<\/div>\n\n\n\n<div class=\"wp-block-columns has-custom-rouge-background-color has-background is-layout-flex wp-container-core-columns-is-layout-32f5ffe2 wp-block-columns-is-layout-flex\" id=\"content\" style=\"padding-top:6em;padding-right:8em;padding-bottom:6em;padding-left:8em\">\n<div class=\"wp-block-column col-image is-layout-flow wp-block-column-is-layout-flow\" style=\"flex-basis:40%\">\n<div style=\"height:100px\" aria-hidden=\"true\" class=\"wp-block-spacer gt-hide-mobile\"><\/div>\n\n\n\n<div class=\"wp-block-buttons is-content-justification-center is-layout-flex wp-container-core-buttons-is-layout-5b5683f2 wp-block-buttons-is-layout-flex\">\n<div class=\"wp-block-button btn-1\"><a class=\"wp-block-button__link has-custom-rouge-color has-custom-mauve-background-color has-text-color has-background has-link-color has-roboto-font-family has-text-align-center has-custom-font-size wp-element-button\" href=\"\/wp-content\/uploads\/2025\/07\/Camping2laPlage_Carte-restaurant-2025-5.pdf\" style=\"border-radius:100px;padding-top:20px;padding-right:40px;padding-bottom:20px;padding-left:40px;font-size:clamp(14px, 0.875rem + ((1vw - 3.2px) * 0.238), 18px);font-style:normal;font-weight:500;letter-spacing:2px;text-transform:uppercase\" target=\"_blank\" rel=\"noreferrer noopener\">DIE KARTE des Restaurants<\/a><\/div>\n<\/div>\n<\/div>\n\n\n\n<div class=\"wp-block-column col-content is-layout-flow wp-block-column-is-layout-flow\" style=\"flex-basis:60%\">\n<h2 class=\"wp-block-heading has-base-2-color has-text-color has-link-color wp-elements-b0eea168155b1d18e19a8f473fc8be35\">Entdecken Sie die Speisekarte des Restaurants und seine hausgemachten Pizzen<\/h2>\n\n\n\n<p class=\"has-base-2-color has-text-color has-link-color wp-elements-b7cb0c8bf50831a9409448c1cb65690d\">Unsere <a href=\"\/wp-content\/uploads\/2025\/07\/Camping2laPlage_Carte-restaurant-2025-5.pdf\" data-type=\"link\" data-id=\"\/wp-content\/uploads\/2025\/07\/Camping2laPlage_Carte-restaurant-2025-5.pdf\" target=\"_blank\" rel=\"noreferrer noopener\">Restaurantkarte 2025<\/a> <\/p>\n\n\n\n<p class=\"has-base-2-color has-text-color has-link-color wp-elements-e997f1418cf6f8fb227b9c375d18e1d9\">Unsere <a href=\"\/wp-content\/uploads\/2025\/07\/Camping2laPlage_Carte-LougneBar_2025.pdf\" target=\"_blank\" rel=\"noreferrer noopener\">Speisekarte Lounge Bar 2025<\/a> <\/p>\n\n\n\n<p class=\"has-base-2-color has-text-color has-link-color wp-elements-8f678dcab020309e0afdc75b938412a6\">Unsere <a href=\"\/wp-content\/uploads\/2025\/07\/Camping2laPlage_Carte-des-boissons-2025-10.pdf\" target=\"_blank\" rel=\"noreferrer noopener\">Getr\u00e4nkekarte 2025 <\/a> <\/p>\n\n\n\n<p class=\"has-base-2-color has-text-color has-link-color wp-elements-889599d954e4bba7b687c9c0d562afaf\">Unsere <strong>Pizzen<\/strong> werden mit <strong>Mehl aus der Minoterie du Tri\u00e8ves<\/strong> hergestellt.<br\/>F\u00fcr <strong>Bestellungen zum Mitnehmen<\/strong> rufen Sie bitte am Nachmittag an, damit die Bestellungen um 19.00 Uhr abgeholt werden k\u00f6nnen.<\/p>\n<\/div>\n<\/div>\n<\/div>\n\n<div style=\"height:100px\" aria-hidden=\"true\" class=\"wp-block-spacer gt-hide-mobile\"><\/div>\n\n<div id=\"gt_1-cta-svg_001\" class=\"wp-block-group has-global-padding is-layout-constrained wp-block-group-is-layout-constrained\">\n<div class=\"wp-block-columns are-vertically-aligned-center is-layout-flex wp-container-core-columns-is-layout-9b24e0e0 wp-block-columns-is-layout-flex\">\n<div class=\"wp-block-column is-vertically-aligned-center is-layout-flow wp-block-column-is-layout-flow\" id=\"image\">\n<div data-swiper=\"{&quot;speed&quot;:400,&quot;spaceBetween&quot;:16,&quot;slidesPerView&quot;:3,&quot;createElements&quot;:true,&quot;loop&quot;:true,&quot;freemode&quot;:true,&quot;navigation&quot;:{&quot;nextEl&quot;:&quot;buttonNext&quot;,&quot;prevEl&quot;:&quot;buttonPrev&quot;},&quot;breakpoints&quot;:[{&quot;slidesPerView&quot;:1}]}\" class=\"wp-block-group gt-is-slider gt-is-slider-desktop has-global-padding is-layout-constrained wp-block-group-is-layout-constrained\">\n<figure class=\"wp-block-image size-large has-custom-border\"><img decoding=\"async\" width=\"1024\" height=\"683\" src=\"https:\/\/www.camping2laplage.com\/wp-content\/uploads\/2025\/08\/restaurant-isere-1024x683.jpg\" alt=\"restaurant isere\" class=\"wp-image-1883\" style=\"border-radius:25px\" srcset=\"https:\/\/www.camping2laplage.com\/wp-content\/uploads\/2025\/08\/restaurant-isere-1024x683.jpg 1024w, https:\/\/www.camping2laplage.com\/wp-content\/uploads\/2025\/08\/restaurant-isere-300x200.jpg 300w, https:\/\/www.camping2laplage.com\/wp-content\/uploads\/2025\/08\/restaurant-isere-768x512.jpg 768w, https:\/\/www.camping2laplage.com\/wp-content\/uploads\/2025\/08\/restaurant-isere.jpg 1199w\" sizes=\"(max-width: 1024px) 100vw, 1024px\" \/><\/figure>\n\n\n\n<figure class=\"wp-block-image size-large has-custom-border\"><img decoding=\"async\" width=\"1024\" height=\"683\" src=\"https:\/\/www.camping2laplage.com\/wp-content\/uploads\/2025\/07\/camping-profiter-du-snacking-1-1024x683.webp\" alt=\"Camping profitieren von Snacks\" class=\"wp-image-705\" style=\"border-radius:25px\" srcset=\"https:\/\/www.camping2laplage.com\/wp-content\/uploads\/2025\/07\/camping-profiter-du-snacking-1-1024x683.webp 1024w, https:\/\/www.camping2laplage.com\/wp-content\/uploads\/2025\/07\/camping-profiter-du-snacking-1-300x200.webp 300w, https:\/\/www.camping2laplage.com\/wp-content\/uploads\/2025\/07\/camping-profiter-du-snacking-1-768x512.webp 768w, https:\/\/www.camping2laplage.com\/wp-content\/uploads\/2025\/07\/camping-profiter-du-snacking-1.webp 1199w\" sizes=\"(max-width: 1024px) 100vw, 1024px\" \/><\/figure>\n<\/div>\n<\/div>\n\n\n\n<div class=\"wp-block-column is-vertically-aligned-center animated slideInUp is-layout-flow wp-block-column-is-layout-flow\" id=\"content\">\n<h2 class=\"wp-block-heading has-custom-rouge-color has-text-color has-link-color wp-elements-788be3e5435d66b9679bed10b47fbeca\" id=\"snack\">Snacks, Cocktails und Aperitife zu jeder Zeit in Treffort<\/h2>\n\n\n\n<p>Wenn unser Restaurant Le Spot in Treffort <strong>zwischen 14:00 und 19:00 Uhr<\/strong> seine K\u00fcche schlie\u00dft, bieten wir Ihnen einen <strong>Snackbereich<\/strong> mit Hotdogs, Paninis und Croque Monsieur f\u00fcr den <strong>herzhaften Teil<\/strong> und Waffeln oder Eis f\u00fcr den <strong>s\u00fc\u00dfen<\/strong> Teil.<\/p>\n\n\n\n<p>Die <strong>Bar<\/strong> steht Ihnen den ganzen Tag \u00fcber zur Verf\u00fcgung, damit Sie Ihren Durst auf der Terrasse l\u00f6schen k\u00f6nnen! Der Chefkoch ist mit Herz und Seele dabei, Ihnen einen <strong>schmackhaften Aperitif<\/strong> zu servieren, insbesondere mit seinen ber\u00fchmten Tintenfischkrapfen, Zucchinibl\u00fctenkrapfen, aber auch Garnelenakras und -tempura! <\/p>\n<\/div>\n<\/div>\n<\/div>\n\n<div style=\"height:100px\" aria-hidden=\"true\" class=\"wp-block-spacer gt-hide-mobile\"><\/div>\n\n<div class=\"wp-block-group content-alone has-global-padding is-layout-constrained wp-container-core-group-is-layout-146f470a wp-block-group-is-layout-constrained\" style=\"padding-right:10em;padding-left:10em\">\n<h2 class=\"wp-block-heading has-custom-rouge-color has-text-color has-link-color wp-elements-adcb5c9ff0e108eb3948698c46eb1e8d\" id=\"soiree\">Konzerte und Abendunterhaltung im Restaurant in Treffort<\/h2>\n\n\n\n<p>Verpassen Sie nicht die <strong>Konzertabende<\/strong> im Restaurant in Treffort, jeden Freitagabend bis 22 Uhr (Juli-August)!<\/p>\n\n\n\n<p>Die Formel: Ein Men\u00fc oder Pizza und Dessert, begleitet von einem Konzert! <\/p>\n\n\n\n<p>Eine Reservierung wird dringend empfohlen! (Telefonisch oder an der Rezeption des Campingplatzes.)Die Neuheit in diesem Jahr: Jeden Freitagabend (bis Mitte Juli) k\u00f6nnen Sie ein <strong>Brasero-Angebot mit Gegrilltem oder Spie\u00dfen<\/strong> (Gambas, getrocknete Gambas, Gefl\u00fcgel, Rind, Lamm und Gem\u00fcse) genie\u00dfen. Von Mitte Juli bis Ende August k\u00f6nnen Sie samstags abends im Brasero grillen!  <\/p>\n<\/div>\n\n<div style=\"height:100px\" aria-hidden=\"true\" class=\"wp-block-spacer gt-hide-mobile\"><\/div>\n\n<div id=\"gt_3-ctafull_001\" class=\"wp-block-group has-global-padding is-layout-constrained wp-container-core-group-is-layout-12243e0f wp-block-group-is-layout-constrained\">\n<div id=\"slider-images\" class=\"wp-block-group has-global-padding is-layout-constrained wp-container-core-group-is-layout-e555385e wp-block-group-is-layout-constrained\">\n<div data-swiper=\"{&quot;speed&quot;:1000,&quot;autoplay&quot;:{&quot;delay&quot;:5000,&quot;disableOnInteraction&quot;:false},&quot;spaceBetween&quot;:0,&quot;slidesPerView&quot;:1,&quot;pagination&quot;:{&quot;el&quot;:&quot;.swiper-pagination&quot;,&quot;dynamicBullets&quot;:true,&quot;clickable&quot;:true,&quot;type&quot;:&quot;bullets&quot;},&quot;navigation&quot;:{&quot;nextEl&quot;:&quot;.swiper-button-next&quot;,&quot;prevEl&quot;:&quot;.swiper-button-prev&quot;},&quot;breakpoints&quot;:[{&quot;slidesPerView&quot;:1}]}\" class=\"wp-block-cover\"><img decoding=\"async\" width=\"2000\" height=\"700\" class=\"wp-block-cover__image-background wp-image-1923 size-full\" alt=\"soiree camping isere alpes\" src=\"https:\/\/www.camping2laplage.com\/wp-content\/uploads\/2025\/08\/soiree-camping-isere-alpes.jpg\" data-object-fit=\"cover\" srcset=\"https:\/\/www.camping2laplage.com\/wp-content\/uploads\/2025\/08\/soiree-camping-isere-alpes.jpg 2000w, https:\/\/www.camping2laplage.com\/wp-content\/uploads\/2025\/08\/soiree-camping-isere-alpes-300x105.jpg 300w, https:\/\/www.camping2laplage.com\/wp-content\/uploads\/2025\/08\/soiree-camping-isere-alpes-1024x358.jpg 1024w, https:\/\/www.camping2laplage.com\/wp-content\/uploads\/2025\/08\/soiree-camping-isere-alpes-768x269.jpg 768w, https:\/\/www.camping2laplage.com\/wp-content\/uploads\/2025\/08\/soiree-camping-isere-alpes-1536x538.jpg 1536w\" sizes=\"(max-width: 2000px) 100vw, 2000px\" \/><span aria-hidden=\"true\" class=\"wp-block-cover__background has-background-dim\"><\/span><div class=\"wp-block-cover__inner-container has-global-padding is-layout-constrained wp-block-cover-is-layout-constrained\">\n<p class=\"has-text-align-center has-large-font-size\"><\/p>\n<\/div><\/div>\n<\/div>\n\n\n\n<div class=\"wp-block-columns has-custom-rouge-background-color has-background is-layout-flex wp-container-core-columns-is-layout-32f5ffe2 wp-block-columns-is-layout-flex\" id=\"content\" style=\"padding-top:6em;padding-right:8em;padding-bottom:6em;padding-left:8em\">\n<div class=\"wp-block-column col-content is-layout-flow wp-block-column-is-layout-flow\" style=\"flex-basis:50%\">\n<h3 class=\"wp-block-heading has-base-2-color has-text-color has-link-color has-basteleur-font-family wp-elements-b4c545fa1216469be041d87cd820a786\">Programmierung 2026<\/h3>\n\n\n\n<p class=\"has-base-2-color has-text-color has-link-color wp-elements-983f3384d59a6d6d6afd22a63c21b653\">Eine Saison im Zeichen des <strong>Eklektizismus<\/strong>, ein <strong>unglaubliches Programm<\/strong>!<\/p>\n\n\n\n<ul class=\"wp-block-list has-base-2-color has-text-color has-link-color wp-elements-22abdbbabf7937763fc07b3ac45c4bdc\">\n<li> Sonntag, 21. Juni: The Dreamer &#8211; Internationale Vielfalt Gitarre\/Gesang<\/li>\n\n\n\n<li> Freitag, 10. Juli: Moontain \u2013 Internationale Variet\u00e9-Musik, Gitarre\/Gesang-Duo<\/li>\n\n\n\n<li> Freitag, 17. Juli: Littlewood \u2013 Country<\/li>\n\n\n\n<li> Freitag, 24. Juli: Travel in Gospel \u2013 Gospel<\/li>\n\n\n\n<li class=\"has-base-2-color has-text-color has-link-color wp-elements-2e4cf4ba8c26750c546a1a2252214446\"> Freitag, 31. Juli: Jalisco Kings \u2013 Mexikanischer Mariachi<\/li>\n\n\n\n<li> Freitag, 7. August: Optimistic \u2013 Britischer Pop-Rock<\/li>\n\n\n\n<li> Freitag, 14. August: K&#8217;Ra\u00efbes \u2013 Rhythmen der Inseln<\/li>\n\n\n\n<li> Freitag, 21. August: Rox&#8217;Men \u2013 Tribute Police \/ Sting<\/li>\n\n\n\n<li> Freitag, 28. August: Duo Dyadema \u2013 Violine &amp; Violoncello<\/li>\n<\/ul>\n\n\n\n<p class=\"has-base-2-color has-text-color has-link-color wp-elements-b9f3f2f5e315952e3aeef68b63fca665\"><strong>Die anderen Animationen<\/strong><\/p>\n\n\n\n<p class=\"has-base-2-color has-text-color has-link-color wp-elements-e4539094d1c53a84712ef7f0910c02a6\">Der <strong>Trail des Passerelles<\/strong>, 4. bis 12. Juli 2026.<br\/>Das <strong>Seefest<\/strong>, Samstag, 25. Juli 2026.<br\/>F\u00fcr diese Veranstaltungen bietet Ihnen der Spot eine spezielle Karte an. Eine Reservierung wird dringend empfohlen! <\/p>\n<\/div>\n\n\n\n<div class=\"wp-block-column col-content is-layout-flow wp-block-column-is-layout-flow\" style=\"flex-basis:50%\">\n<h3 class=\"wp-block-heading has-base-2-color has-text-color has-link-color has-basteleur-font-family wp-elements-45213c86145ca44a469a242d499c028c\">Offene Themenabende in der Is\u00e8re<\/h3>\n\n\n\n<p class=\"has-base-2-color has-text-color has-link-color wp-elements-08f922a4bfdda00807d0085d73441764\">Verpassen Sie kein <strong>Sportereignis<\/strong> des Sommers, denn auf dem <strong>Gro\u00dfbildschirm<\/strong> werden die wichtigsten Sendungen live \u00fcbertragen: <\/p>\n\n\n\n<ul class=\"wp-block-list has-base-2-color has-text-color has-link-color wp-elements-ce9b302fc705a294fc0aea35aa0f0f30\">\n<li>Die Tour de France: vom 4. bis 26. Juli<\/li>\n\n\n\n<li>FIFA Klub-Weltmeisterschaft: 11. Juni bis 19. Juli<\/li>\n\n\n\n<li>Die Tour de France der Frauen: vom 1. bis 9. August<\/li>\n\n\n\n<li>Wimbledon: vom 29. Juni bis zum 12. Juli<\/li>\n\n\n\n<li>Roland Garros : du 18 mai au 7 juin<\/li>\n<\/ul>\n\n\n\n<p class=\"has-base-2-color has-text-color has-link-color wp-elements-bdc89525fcc4a5b47aa550f7794b054a\">Wir bieten auch regelm\u00e4\u00dfig <strong>Themenabende <\/strong>(Muscheln mit Pommes frites, Paella, weitere folgen) und <strong>Musikabende <\/strong>(Karaoke) an.<\/p>\n<\/div>\n<\/div>\n<\/div>\n\n<div style=\"height:100px\" aria-hidden=\"true\" class=\"wp-block-spacer gt-hide-mobile\"><\/div>\n\n<div id=\"gt_1-cta-svg_001\" class=\"wp-block-group has-global-padding is-layout-constrained wp-block-group-is-layout-constrained\">\n<div class=\"wp-block-columns are-vertically-aligned-center is-layout-flex wp-container-core-columns-is-layout-9b24e0e0 wp-block-columns-is-layout-flex\">\n<div class=\"wp-block-column is-vertically-aligned-center animated slideInUp is-layout-flow wp-block-column-is-layout-flow\" id=\"content\">\n<h3 class=\"wp-block-heading has-custom-rouge-color has-text-color has-link-color has-basteleur-font-family wp-elements-3efc3d7dc9783d2da3339240c9a7b2e8\">Festliche und Gruppenmahlzeiten im Restaurant in Treffort<\/h3>\n\n\n\n<p>Sind Sie zahlreich? M\u00f6chten Sie <strong>ein Ereignis im Spot feiern <\/strong>oder einfach nur Freunde treffen? Das ist kein Problem! Sie k\u00f6nnen das Restaurant f\u00fcr Ihr Gruppenessen in Treffort buchen. <a href=\"https:\/\/www.camping2laplage.com\/de\/kontakt-anfahrt-treffort\/\" data-type=\"page\" data-id=\"22\">Kontaktieren Sie uns<\/a>, wir werden Ihnen eine <strong>Gruppenformel<\/strong> vorschlagen, die Ihren Bed\u00fcrfnissen entspricht.   <\/p>\n<\/div>\n\n\n\n<div class=\"wp-block-column is-vertically-aligned-center is-layout-flow wp-block-column-is-layout-flow\" id=\"image\">\n<div data-swiper=\"{&quot;speed&quot;:400,&quot;spaceBetween&quot;:16,&quot;slidesPerView&quot;:3,&quot;createElements&quot;:true,&quot;loop&quot;:true,&quot;freemode&quot;:true,&quot;navigation&quot;:{&quot;nextEl&quot;:&quot;buttonNext&quot;,&quot;prevEl&quot;:&quot;buttonPrev&quot;},&quot;breakpoints&quot;:[{&quot;slidesPerView&quot;:1}]}\" class=\"wp-block-group gt-is-slider gt-is-slider-desktop has-global-padding is-layout-constrained wp-block-group-is-layout-constrained\">\n<figure class=\"wp-block-image size-large has-custom-border\"><img decoding=\"async\" width=\"1024\" height=\"683\" src=\"https:\/\/www.camping2laplage.com\/wp-content\/uploads\/2025\/07\/camping-proche-du-lac-montteynard-1024x683.webp\" alt=\"Campingplatz in der N&#xE4;he des Sees Montteynard\" class=\"wp-image-619\" style=\"border-radius:25px\" srcset=\"https:\/\/www.camping2laplage.com\/wp-content\/uploads\/2025\/07\/camping-proche-du-lac-montteynard-1024x683.webp 1024w, https:\/\/www.camping2laplage.com\/wp-content\/uploads\/2025\/07\/camping-proche-du-lac-montteynard-300x200.webp 300w, https:\/\/www.camping2laplage.com\/wp-content\/uploads\/2025\/07\/camping-proche-du-lac-montteynard-768x512.webp 768w, https:\/\/www.camping2laplage.com\/wp-content\/uploads\/2025\/07\/camping-proche-du-lac-montteynard.webp 1200w\" sizes=\"(max-width: 1024px) 100vw, 1024px\" \/><\/figure>\n\n\n\n<figure class=\"wp-block-image size-large has-custom-border\"><img decoding=\"async\" width=\"1024\" height=\"683\" src=\"https:\/\/www.camping2laplage.com\/wp-content\/uploads\/2025\/08\/soiree-festive-camping-isere-1024x683.jpg\" alt=\"festlicher Abend auf dem Campingplatz Isere\" class=\"wp-image-1965\" style=\"border-radius:25px\" srcset=\"https:\/\/www.camping2laplage.com\/wp-content\/uploads\/2025\/08\/soiree-festive-camping-isere-1024x683.jpg 1024w, https:\/\/www.camping2laplage.com\/wp-content\/uploads\/2025\/08\/soiree-festive-camping-isere-300x200.jpg 300w, https:\/\/www.camping2laplage.com\/wp-content\/uploads\/2025\/08\/soiree-festive-camping-isere-768x512.jpg 768w, https:\/\/www.camping2laplage.com\/wp-content\/uploads\/2025\/08\/soiree-festive-camping-isere.jpg 1199w\" sizes=\"(max-width: 1024px) 100vw, 1024px\" \/><\/figure>\n<\/div>\n<\/div>\n<\/div>\n<\/div>\n\n<section class=\"wp-block-group alignfull bloc-maillage has-global-padding is-layout-constrained wp-container-core-group-is-layout-6131d34a wp-block-group-is-layout-constrained\" style=\"margin-top:0px;margin-bottom:0px;padding-top:10rem;padding-right:0;padding-bottom:10rem;padding-left:0rem\">\n<p class=\"has-text-align-center has-custom-rouge-color has-text-color has-link-color has-basteleur-font-family wp-elements-088d06e8262be72cdce378d330246c48\" style=\"font-size:clamp(2.2rem, 2.2rem + ((1vw - 0.2rem) * 1.714), 4rem);\">Entdecken Sie<\/p>\n\n\n\n<p class=\"has-text-align-center has-custom-rouge-color has-text-color has-link-color has-basteleur-font-family wp-elements-3c8280a3f1a2fe5813b58ed76d20d58c\" style=\"font-size:clamp(1.25rem, 1.25rem + ((1vw - 0.2rem) * 0.714), 2rem);\">der See, unsere Preise und Dienstleistungen<\/p>\n\n\n\n<div class=\"wp-block-group maillage is-layout-flow wp-block-group-is-layout-flow\">\n<div class=\"wp-block-query alignfull is-layout-flow wp-block-query-is-layout-flow\"><ul class=\"columns-3 wp-block-post-template is-layout-grid wp-container-core-post-template-is-layout-572542b5 wp-block-post-template-is-layout-grid\"><li class=\"wp-block-post post-2481 page type-page status-publish has-post-thumbnail hentry\">\n\n<div class=\"wp-block-group overflow-hidden gt-maillage has-global-padding is-layout-constrained wp-block-group-is-layout-constrained\">\n<figure class=\"wp-block-image gt-maillage__image\"><img decoding=\"async\" src=\"https:\/\/www.camping2laplage.com\/wp-content\/uploads\/2025\/08\/lac-alpes-1.jpg\" alt=\"See Alpen\" style=\"aspect-ratio:3\/4;object-fit:cover\"\/><\/figure>\n\n\n\n<p class=\"has-text-align-right gt-maillage__title gt-btn-arrow has-base-2-color has-text-color has-link-color has-basteleur-font-family wp-elements-5851ac654ece7c734572285f86f288d5\" style=\"border-right-style:none;border-right-width:0px;border-bottom-style:none;border-bottom-width:0px;padding-right:1rem;font-size:clamp(1.743rem, 1.743rem + ((1vw - 0.2rem) * 1.197), 3rem);font-style:normal;font-weight:300;text-transform:none\">See &amp; Wassersportzentrum<\/p>\n\n\n<a class=\"is-style-lien-cover wp-block-read-more\" href=\"https:\/\/www.camping2laplage.com\/de\/campingplatz-am-see-wassersportzentrum-treffort\/\" target=\"_self\">Weiterlesen<span class=\"screen-reader-text\">: See &amp; Wassersportzentrum<\/span><\/a><\/div>\n\n<\/li><li class=\"wp-block-post post-2499 page type-page status-publish has-post-thumbnail hentry\">\n\n<div class=\"wp-block-group overflow-hidden gt-maillage has-global-padding is-layout-constrained wp-block-group-is-layout-constrained\">\n<figure class=\"wp-block-image gt-maillage__image\"><img decoding=\"async\" src=\"https:\/\/www.camping2laplage.com\/wp-content\/uploads\/2025\/07\/camping-profiter-du-snacking-1.webp\" alt=\"Die Dienstleistungen\" style=\"aspect-ratio:3\/4;object-fit:cover\"\/><\/figure>\n\n\n\n<p class=\"has-text-align-right gt-maillage__title gt-btn-arrow has-base-2-color has-text-color has-link-color has-basteleur-font-family wp-elements-5851ac654ece7c734572285f86f288d5\" style=\"border-right-style:none;border-right-width:0px;border-bottom-style:none;border-bottom-width:0px;padding-right:1rem;font-size:clamp(1.743rem, 1.743rem + ((1vw - 0.2rem) * 1.197), 3rem);font-style:normal;font-weight:300;text-transform:none\">Die Dienstleistungen<\/p>\n\n\n<a class=\"is-style-lien-cover wp-block-read-more\" href=\"https:\/\/www.camping2laplage.com\/de\/campingplatz-services-treffort\/\" target=\"_self\">Weiterlesen<span class=\"screen-reader-text\">: Die Dienstleistungen<\/span><\/a><\/div>\n\n<\/li><li class=\"wp-block-post post-2452 page type-page status-publish has-post-thumbnail hentry\">\n\n<div class=\"wp-block-group overflow-hidden gt-maillage has-global-padding is-layout-constrained wp-block-group-is-layout-constrained\">\n<figure class=\"wp-block-image gt-maillage__image\"><img decoding=\"async\" src=\"https:\/\/www.camping2laplage.com\/wp-content\/uploads\/2025\/08\/location-mobil-home-vercors.webp\" alt=\"Preise und Angebote\" style=\"aspect-ratio:3\/4;object-fit:cover\"\/><\/figure>\n\n\n\n<p class=\"has-text-align-right gt-maillage__title gt-btn-arrow has-base-2-color has-text-color has-link-color has-basteleur-font-family wp-elements-5851ac654ece7c734572285f86f288d5\" style=\"border-right-style:none;border-right-width:0px;border-bottom-style:none;border-bottom-width:0px;padding-right:1rem;font-size:clamp(1.743rem, 1.743rem + ((1vw - 0.2rem) * 1.197), 3rem);font-style:normal;font-weight:300;text-transform:none\">Preise und Angebote<\/p>\n\n\n<a class=\"is-style-lien-cover wp-block-read-more\" href=\"https:\/\/www.camping2laplage.com\/de\/guenstiger-campingplatz-treffort\/\" target=\"_self\">Weiterlesen<span class=\"screen-reader-text\">: Preise und Angebote<\/span><\/a><\/div>\n\n<\/li><\/ul><\/div>\n<\/div>\n<\/section>\n","protected":false},"excerpt":{"rendered":"<p>Campingplatz 2 am Strand &gt; Le Spot, Pizzeria und Restaurant in Treffort Unser Restaurant am See im Departement Is\u00e8re Eine schattige Terrasse, zwischen See und Bergen, ein zauberhafter Rahmen\u2026 Was gibt es Besseres f\u00fcr eine Mittagspause oder einen lauen Abend als unser Restaurant in Treffort? Im Restaurant Le Spot sind Sie herzlich willkommen, um zu [&hellip;]<\/p>\n","protected":false},"author":1,"featured_media":2155,"parent":0,"menu_order":0,"comment_status":"closed","ping_status":"closed","template":"","meta":{"_acf_changed":false,"_seopress_robots_primary_cat":"","_seopress_titles_title":"Restaurant in Treffort | Pizzeria, Bar mit Abendveranstaltungen in Is\u00e8re 38","_seopress_titles_desc":"","_seopress_robots_index":"","_gt_ctv_global_id":"","_gt_ctv_id_group":false,"inline_featured_image":false,"gt_fse_maillage_image":"https:\/\/www.camping2laplage.com\/wp-content\/uploads\/2025\/07\/camping-profiter-du-restaurant-1.webp","gt_fse_maillage_titre":"Das Restaurant","gt_fse_maillage_alt":"Camping genie\u00dfen Sie das Restaurant","gt_fse_maillage_resume":"","footnotes":""},"categories":[],"tags":[],"class_list":["post-2465","page","type-page","status-publish","has-post-thumbnail","hentry"],"acf":[],"_links":{"self":[{"href":"https:\/\/www.camping2laplage.com\/de\/wp-json\/wp\/v2\/pages\/2465","targetHints":{"allow":["GET"]}}],"collection":[{"href":"https:\/\/www.camping2laplage.com\/de\/wp-json\/wp\/v2\/pages"}],"about":[{"href":"https:\/\/www.camping2laplage.com\/de\/wp-json\/wp\/v2\/types\/page"}],"author":[{"embeddable":true,"href":"https:\/\/www.camping2laplage.com\/de\/wp-json\/wp\/v2\/users\/1"}],"replies":[{"embeddable":true,"href":"https:\/\/www.camping2laplage.com\/de\/wp-json\/wp\/v2\/comments?post=2465"}],"version-history":[{"count":19,"href":"https:\/\/www.camping2laplage.com\/de\/wp-json\/wp\/v2\/pages\/2465\/revisions"}],"predecessor-version":[{"id":3407,"href":"https:\/\/www.camping2laplage.com\/de\/wp-json\/wp\/v2\/pages\/2465\/revisions\/3407"}],"wp:featuredmedia":[{"embeddable":true,"href":"https:\/\/www.camping2laplage.com\/de\/wp-json\/wp\/v2\/media\/2155"}],"wp:attachment":[{"href":"https:\/\/www.camping2laplage.com\/de\/wp-json\/wp\/v2\/media?parent=2465"}],"wp:term":[{"taxonomy":"category","embeddable":true,"href":"https:\/\/www.camping2laplage.com\/de\/wp-json\/wp\/v2\/categories?post=2465"},{"taxonomy":"post_tag","embeddable":true,"href":"https:\/\/www.camping2laplage.com\/de\/wp-json\/wp\/v2\/tags?post=2465"}],"curies":[{"name":"wp","href":"https:\/\/api.w.org\/{rel}","templated":true}]}}