{"id":2467,"date":"2025-07-09T13:14:49","date_gmt":"2025-07-09T11:14:49","guid":{"rendered":"https:\/\/www.camping2laplage.com\/location-mobil-home-treffort\/"},"modified":"2025-09-29T11:15:22","modified_gmt":"2025-09-29T09:15:22","slug":"mobilheimvermietung-treffort","status":"publish","type":"page","link":"https:\/\/www.camping2laplage.com\/de\/mobilheimvermietung-treffort\/","title":{"rendered":"Die Vermietungen"},"content":{"rendered":"\n<div class=\"wp-block-group is-horizontal is-content-justification-center is-layout-flex wp-container-core-group-is-layout-348982d2 wp-block-group-is-layout-flex\">\n<p class=\"has-text-align-center has-custom-rouge-color has-text-color has-link-color wp-elements-79a042dbca45755e6373eff5dc6677e8\" style=\"font-style:normal;font-weight:400;letter-spacing:2px\"><a href=\"https:\/\/www.camping2laplage.com\/de\/\" data-type=\"page\" data-id=\"5\">Campingplatz 2 am Strand<\/a> &gt;<\/p>\n\n\n<p class=\"has-text-align-center has-custom-rouge-color has-text-color has-link-color\" \n    style=\"font-style:normal;font-weight:400;letter-spacing:2px\">Die Vermietungen<\/p>\n<\/div>\n\n<div id=\"titre-fil\" class=\"wp-block-group is-vertical is-content-justification-left is-layout-flex wp-container-core-group-is-layout-ac7f56a9 wp-block-group-is-layout-flex\" style=\"padding-right:20%;padding-left:20%\">\n<h1 class=\"wp-block-heading has-text-align-center has-custom-rouge-color has-text-color has-link-color wp-elements-0566a3629dfa8c903a1806f941466d9b\" id=\"titre-page\" style=\"font-size:clamp(2.629rem, 2.629rem + ((1vw - 0.2rem) * 2.258), 5rem);\">Vermietung von Mobilheimen in der Region Is\u00e8re<\/h1>\n\n\n\n<p style=\"border-right-style:none;border-right-width:0px;border-bottom-style:none;border-bottom-width:0px;border-left-style:none;border-left-width:0px\">Der Campingplatz de la Plage &#8211; Alpes, Vercors et Tri\u00e8ves, ein <a href=\"https:\/\/www.camping2laplage.com\/de\/\" data-type=\"page\" data-id=\"5\">Campingplatz in der N\u00e4he von Grenoble<\/a>, liegt <a href=\"https:\/\/www.camping2laplage.com\/de\/campingplatz-am-see-wassersportzentrum-treffort\/\" data-type=\"page\" data-id=\"8\">direkt am See mit direktem Zugang zum Strand<\/a>. Der Lac de Monteynard ist der <strong>erste europ\u00e4ische Wind- und Kitesurfspot<\/strong> in einem S\u00fc\u00dfwassersee. <\/p>\n\n\n\n<p>Nicolas, der Eigent\u00fcmer, empf\u00e4ngt Sie hier mit Freude nach den 4 Prinzipien, die sein Konzept des Campings leiten:<\/p>\n\n\n\n<div class=\"wp-block-group has-global-padding is-content-justification-left is-layout-constrained wp-container-core-group-is-layout-12dd3699 wp-block-group-is-layout-constrained\">\n<ul class=\"wp-block-list\">\n<li>Ein herzlicher und freundlicher Empfang<\/li>\n\n\n\n<li>Einwandfreie Sauberkeit<\/li>\n\n\n\n<li>Genaue Informationen<\/li>\n\n\n\n<li>Gepflegte Stellpl\u00e4tze<\/li>\n<\/ul>\n<\/div>\n<\/div>\n\n<div class=\"wp-block-group list-hebergements has-global-padding is-layout-constrained wp-container-core-group-is-layout-d95ef7e3 wp-block-group-is-layout-constrained\" style=\"padding-top:var(--wp--preset--spacing--40);padding-bottom:var(--wp--preset--spacing--40)\">\n<div\n    style=\"padding-right:8rem;padding-left:8rem;\" class=\"gt-hebergements-filtres gt-hebergements-filtres--accordeons  gt-hebergements-filtres--grid wp-block-gt-gt-fse-hebergements\"    data-wp-interactive=\"gt\/fse\/filtres\"\n    data-wp-on--keydown=\"actions.handleKeydown\"\n    data-wp-on-document--click=\"actions.outsideClick\"\n    data-wp-context='{\"isSidebar\":false,\"isSidebarOpen\":true,\"isStickyButton\":false,\"isAccordeon\":true}'>\n    <div class=\"gt-hebergements-actions\">\n        \n        <button\n            class=\"gt-hebergements-open-button \"\n            data-wp-on--click=\"actions.toggleSidebar\"\n            data-wp-bind--aria-expanded=\"context.isSidebarOpen\"\n            data-wp-class--active=\"state.activeCheckboxes\"\n            style=\"display:flex;align-items:center;gap:0;flex-direction:row;\">\n                        <span class=\"gt-hebergements-label-button\">Filtres<\/span>\n            <span\n                data-wp-text=\"state.activeCheckboxes\"\n                data-wp-bind--hidden=\"!state.activeCheckboxes\"><\/span>\n        <\/button>\n\n        <div data-wp-bind--hidden=\"!state.activeCheckboxes\">\n            <button\n                class=\"gt-hebergements-reset-button\"\n                data-wp-on--click=\"actions.clearAllFilters\">\n                <i class=\"fas fa-undo-alt\"><\/i>\n                R\u00e9initialiser            <\/button>\n        <\/div>\n    <\/div>\n\n    <div\n        class=\"gt-hebergements-filtres__sidebar\"\n        data-wp-bind--hidden=\"!context.isSidebarOpen\"\n        data-wp-class--opened=\"context.isSidebarOpen\"\n\n                style=\"grid-template-columns: repeat(auto-fit, minmax(3rem, 1fr))\"\n        >\n                                                                                <div\n                    class=\"gt-hebergements-filtre closed\"\n                    data-gt-filtre-name=\"types\"\n                    data-gt-cookie=\"gtTypes\"\n                    aria-expanded=\"\"\n                    data-gt-filtre-operator=\"OR\">\n\n                                        <p\n                        class=\"gt-hebergements-filtre__name\"\n                        data-wp-on--click=\"actions.toggleFilter\"\n                        style=\"\n                            background-color: #822f11;\n                            color: #ffffff;\n                            border-radius: 10px 10px 10px 10px;\n                            padding: 20px 20px 20px 20px;\n                        \">\n                        <span>\n                            Typen                            <span\n                                class=\"gt-hebergements-filtre__count\"\n                                data-wp-bind--hidden=\"!state.count.types\"\n                                data-wp-text=\"state.count.types\"\n                                hidden>\n                            <\/span>\n                        <\/span>\n                    <\/p>\n                    <div\n                        class=\"gt-hebergements-filtre__content\"\n                        style=\"\n                            background-color: #822f11;\n                            color: #ffffff;\n                            border-radius: 10px 10px 10px 10px;\n                            padding: 20px 20px 20px 20px;\n                        \">\n                        <label>\n                            <input\n                                type=\"checkbox\"\n                                name=\"types[]\"\n                                data-wp-on--click=\"actions.clearFilter\"\n                                value=\"\"\n                                checked \/>\n                            <span class=\"custom-checkbox\"><\/span>\n                            Alle                        <\/label>\n\n                                                                                                            <label>\n                                <input\n                                    type=\"checkbox\"\n                                    name=\"types[]\"\n                                    data-wp-on--click=\"actions.runFilters\"\n                                    value=\"17\"\n                                     \/>\n                                <span class=\"custom-checkbox\"><\/span>\n                                Location                                                            <\/label>\n                                            <\/div>\n                <\/div>\n                                                                                                        <div\n                    class=\"gt-hebergements-filtre closed\"\n                    data-gt-filtre-name=\"capacities\"\n                    data-gt-cookie=\"gtCapacities\"\n                    aria-expanded=\"\"\n                    data-gt-filtre-operator=\"OR\">\n\n                                        <p\n                        class=\"gt-hebergements-filtre__name\"\n                        data-wp-on--click=\"actions.toggleFilter\"\n                        style=\"\n                            background-color: #822f11;\n                            color: #ffffff;\n                            border-radius: 10px 10px 10px 10px;\n                            padding: 20px 20px 20px 20px;\n                        \">\n                        <span>\n                            Personen                            <span\n                                class=\"gt-hebergements-filtre__count\"\n                                data-wp-bind--hidden=\"!state.count.capacities\"\n                                data-wp-text=\"state.count.capacities\"\n                                hidden>\n                            <\/span>\n                        <\/span>\n                    <\/p>\n                    <div\n                        class=\"gt-hebergements-filtre__content\"\n                        style=\"\n                            background-color: #822f11;\n                            color: #ffffff;\n                            border-radius: 10px 10px 10px 10px;\n                            padding: 20px 20px 20px 20px;\n                        \">\n                        <label>\n                            <input\n                                type=\"checkbox\"\n                                name=\"capacities[]\"\n                                data-wp-on--click=\"actions.clearFilter\"\n                                value=\"\"\n                                checked \/>\n                            <span class=\"custom-checkbox\"><\/span>\n                            Alle                        <\/label>\n\n                                                                                <label>\n                                <input\n                                    type=\"checkbox\"\n                                    name=\"capacities[]\"\n                                    data-wp-on--click=\"actions.runFilters\"\n                                    value=\"23\"\n                                     \/>\n                                <span class=\"custom-checkbox\"><\/span>\n                                2                                                                    <span class=\"gt-hebergements-filtre__suffix\">\n                                         Pers.                                    <\/span>\n                                                            <\/label>\n                                                                                <label>\n                                <input\n                                    type=\"checkbox\"\n                                    name=\"capacities[]\"\n                                    data-wp-on--click=\"actions.runFilters\"\n                                    value=\"19\"\n                                     \/>\n                                <span class=\"custom-checkbox\"><\/span>\n                                4                                                                    <span class=\"gt-hebergements-filtre__suffix\">\n                                         Pers.                                    <\/span>\n                                                            <\/label>\n                                                                                <label>\n                                <input\n                                    type=\"checkbox\"\n                                    name=\"capacities[]\"\n                                    data-wp-on--click=\"actions.runFilters\"\n                                    value=\"30\"\n                                     \/>\n                                <span class=\"custom-checkbox\"><\/span>\n                                5                                                                    <span class=\"gt-hebergements-filtre__suffix\">\n                                         Pers.                                    <\/span>\n                                                            <\/label>\n                                                                                <label>\n                                <input\n                                    type=\"checkbox\"\n                                    name=\"capacities[]\"\n                                    data-wp-on--click=\"actions.runFilters\"\n                                    value=\"28\"\n                                     \/>\n                                <span class=\"custom-checkbox\"><\/span>\n                                6                                                                    <span class=\"gt-hebergements-filtre__suffix\">\n                                         Pers.                                    <\/span>\n                                                            <\/label>\n                                            <\/div>\n                <\/div>\n                                                                <div\n                    class=\"gt-hebergements-filtre closed\"\n                    data-gt-filtre-name=\"rooms\"\n                    data-gt-cookie=\"gtRooms\"\n                    aria-expanded=\"\"\n                    data-gt-filtre-operator=\"OR\">\n\n                                        <p\n                        class=\"gt-hebergements-filtre__name\"\n                        data-wp-on--click=\"actions.toggleFilter\"\n                        style=\"\n                            background-color: #822f11;\n                            color: #ffffff;\n                            border-radius: 10px 10px 10px 10px;\n                            padding: 20px 20px 20px 20px;\n                        \">\n                        <span>\n                            Zimmer                            <span\n                                class=\"gt-hebergements-filtre__count\"\n                                data-wp-bind--hidden=\"!state.count.rooms\"\n                                data-wp-text=\"state.count.rooms\"\n                                hidden>\n                            <\/span>\n                        <\/span>\n                    <\/p>\n                    <div\n                        class=\"gt-hebergements-filtre__content\"\n                        style=\"\n                            background-color: #822f11;\n                            color: #ffffff;\n                            border-radius: 10px 10px 10px 10px;\n                            padding: 20px 20px 20px 20px;\n                        \">\n                        <label>\n                            <input\n                                type=\"checkbox\"\n                                name=\"rooms[]\"\n                                data-wp-on--click=\"actions.clearFilter\"\n                                value=\"\"\n                                checked \/>\n                            <span class=\"custom-checkbox\"><\/span>\n                            Alle                        <\/label>\n\n                                                                                <label>\n                                <input\n                                    type=\"checkbox\"\n                                    name=\"rooms[]\"\n                                    data-wp-on--click=\"actions.runFilters\"\n                                    value=\"24\"\n                                     \/>\n                                <span class=\"custom-checkbox\"><\/span>\n                                1                                                                    <span class=\"gt-hebergements-filtre__suffix\">\n                                         Ch.                                    <\/span>\n                                                            <\/label>\n                                                                                <label>\n                                <input\n                                    type=\"checkbox\"\n                                    name=\"rooms[]\"\n                                    data-wp-on--click=\"actions.runFilters\"\n                                    value=\"20\"\n                                     \/>\n                                <span class=\"custom-checkbox\"><\/span>\n                                2                                                                    <span class=\"gt-hebergements-filtre__suffix\">\n                                         Ch.                                    <\/span>\n                                                            <\/label>\n                                                                                <label>\n                                <input\n                                    type=\"checkbox\"\n                                    name=\"rooms[]\"\n                                    data-wp-on--click=\"actions.runFilters\"\n                                    value=\"27\"\n                                     \/>\n                                <span class=\"custom-checkbox\"><\/span>\n                                3                                                                    <span class=\"gt-hebergements-filtre__suffix\">\n                                         Ch.                                    <\/span>\n                                                            <\/label>\n                                                                                <label>\n                                <input\n                                    type=\"checkbox\"\n                                    name=\"rooms[]\"\n                                    data-wp-on--click=\"actions.runFilters\"\n                                    value=\"34\"\n                                     \/>\n                                <span class=\"custom-checkbox\"><\/span>\n                                4                                                                    <span class=\"gt-hebergements-filtre__suffix\">\n                                         Ch.                                    <\/span>\n                                                            <\/label>\n                                            <\/div>\n                <\/div>\n                                                                <\/div>\n<\/div>\n\n\n<div data-wp-context=\"{}\" data-wp-interactive=\"core\/query\" data-wp-key=\"0\" data-wp-router-region=\"query-0\" class=\"wp-block-query alignwide gt-fse-hebergements is-layout-flow wp-block-query-is-layout-flow gt-fse-widgets-ctv-open-product\"><ul class=\"columns-2 wp-block-post-template is-layout-grid wp-container-core-post-template-is-layout-02493678 wp-block-post-template-is-layout-grid gt-fse-widgets-ctv-open-product\"><li data-gt-Thelis-product-id=\"\" data-gt-bathrooms=\"22\" data-gt-campings=\"\" data-gt-capacities=\"28\" data-gt-ctv-product-id=\"58699\" data-gt-gammes=\"\" data-gt-options=\"\" data-gt-rooms=\"20\" data-gt-superficies=\"29\" data-gt-types=\"17\" data-wp-key=\"post-template-item-2536\" class=\"wp-block-post post-2536 hebergement type-hebergement status-publish has-post-thumbnail hentry gt-hebergements-types-location gt-hebergements-nombre-personnes-28 gt-hebergements-nombre-chambres-20 gt-hebergements-nombre-sdb-22 gt-hebergements-superficie-29 gt-fse-widgets-ctv-open-product\">\n\n<div class=\"wp-block-group gt-hebergement-wrap has-global-padding is-layout-constrained wp-block-group-is-layout-constrained gt-fse-widgets-ctv-open-product\" style=\"margin-top:0px\">\n<div data-swiper=\"{&quot;speed&quot;:1000,&quot;autoplay&quot;:{&quot;delay&quot;:5000,&quot;disableOnInteraction&quot;:false},&quot;spaceBetween&quot;:0,&quot;slidesPerView&quot;:1,&quot;pagination&quot;:{&quot;el&quot;:&quot;.swiper-pagination&quot;,&quot;dynamicBullets&quot;:true,&quot;clickable&quot;:true,&quot;type&quot;:&quot;bullets&quot;},&quot;navigation&quot;:{&quot;nextEl&quot;:&quot;.swiper-button-next&quot;,&quot;prevEl&quot;:&quot;.swiper-button-prev&quot;},&quot;breakpoints&quot;:[{&quot;slidesPerView&quot;:1}]}\" class=\"wp-block-cover has-custom-content-position is-position-bottom-center hebergement-featured-image gt-fse-widgets-ctv-open-product\" style=\"border-radius:25px;padding-top:0px;padding-right:0px;padding-bottom:0px;padding-left:0px;min-height:430px;aspect-ratio:unset;\"><span aria-hidden=\"true\" class=\"wp-block-cover__background has-background-dim-80 has-background-dim has-background-gradient gt-fse-widgets-ctv-open-product\" style=\"background:linear-gradient(0deg,rgb(0,0,0) 26%,rgba(0,0,0,0) 42%)\"><\/span><img decoding=\"async\" width=\"1176\" height=\"882\" src=\"https:\/\/www.camping2laplage.com\/wp-content\/uploads\/2025\/08\/chalet-equinoxe.jpg\" class=\"wp-block-cover__image-background wp-post-image gt-fse-widgets-ctv-open-product\" alt=\"chalet equinoxe\" data-object-fit=\"cover\" srcset=\"https:\/\/www.camping2laplage.com\/wp-content\/uploads\/2025\/08\/chalet-equinoxe.jpg 1176w, https:\/\/www.camping2laplage.com\/wp-content\/uploads\/2025\/08\/chalet-equinoxe-300x225.jpg 300w, https:\/\/www.camping2laplage.com\/wp-content\/uploads\/2025\/08\/chalet-equinoxe-1024x768.jpg 1024w, https:\/\/www.camping2laplage.com\/wp-content\/uploads\/2025\/08\/chalet-equinoxe-768x576.jpg 768w\" sizes=\"(max-width: 1176px) 100vw, 1176px\" \/><div class=\"wp-block-cover__inner-container has-global-padding is-layout-constrained wp-container-core-cover-is-layout-f5c98baf wp-block-cover-is-layout-constrained gt-fse-widgets-ctv-open-product\">\n<div class=\"wp-block-group titre-fleche is-nowrap is-layout-flex wp-container-core-group-is-layout-6c531013 wp-block-group-is-layout-flex gt-fse-widgets-ctv-open-product\">\n<p class=\"has-text-align-left hebergement-title gt-btn-arrow has-base-2-color has-text-color has-link-color has-basteleur-font-family wp-elements-9c563c41f13d6fedd8c90588c141348d gt-fse-widgets-ctv-open-product\" style=\"padding-right:0;padding-left:1.5rem;font-size:clamp(18.959px, 1.185rem + ((1vw - 3.2px) * 0.657), 30px);font-style:normal;font-weight:700;text-transform:uppercase\">Chalet Equinoxe 24 m\u00b2.<\/p>\n\n\n\n<figure class=\"wp-block-image size-large is-resized fleche wp-duotone-rgb255255255-ccc-1 gt-fse-widgets-ctv-open-product\"><img decoding=\"async\" width=\"17\" height=\"12\" src=\"https:\/\/www.camping2laplage.com\/wp-content\/uploads\/2025\/07\/arrows-btn.svg\" alt=\"arrows btn\" class=\"wp-image-176 gt-fse-widgets-ctv-open-product\" style=\"object-fit:contain;width:15px;height:15px\"\/><\/figure>\n<\/div>\n\n\n\n<div class=\"wp-block-group alignfull hebergement-icons has-custom-rouge-background-color has-background is-content-justification-center is-nowrap is-layout-flex wp-container-core-group-is-layout-4e3a5801 wp-block-group-is-layout-flex gt-fse-widgets-ctv-open-product\" style=\"padding-top:var(--wp--preset--spacing--10);padding-right:1rem;padding-bottom:var(--wp--preset--spacing--10);padding-left:1rem\">\n<div class=\"wp-block-group is-nowrap is-layout-flex wp-container-core-group-is-layout-513c09f2 wp-block-group-is-layout-flex gt-fse-widgets-ctv-open-product\">\n<figure class=\"wp-block-image size-full is-resized wp-duotone-ededa9-ccc-2 gt-fse-widgets-ctv-open-product\"><img decoding=\"async\" width=\"300\" height=\"300\" src=\"https:\/\/www.camping2laplage.com\/wp-content\/uploads\/2025\/07\/personnes.webp\" alt=\"personnes\" class=\"wp-image-1020 gt-fse-widgets-ctv-open-product\" style=\"width:25px\" srcset=\"https:\/\/www.camping2laplage.com\/wp-content\/uploads\/2025\/07\/personnes.webp 300w, https:\/\/www.camping2laplage.com\/wp-content\/uploads\/2025\/07\/personnes-150x150.webp 150w\" sizes=\"(max-width: 300px) 100vw, 300px\" \/><\/figure>\n\n\n<div class=\"taxonomy-gt-hebergements-nombre-personnes has-link-color wp-elements-f7c87e54e38b0809136675ff6bf5c315 wp-block-post-terms has-text-color has-base-2-color has-medium-font-size has-roboto-font-family gt-fse-widgets-ctv-open-product\"><span class=\"gt-fse-widgets-ctv-open-product\">6<\/span><\/div>\n\n\n<p class=\"has-base-2-color has-text-color has-link-color has-medium-font-size wp-elements-ed300d43f37d8c22950d8ef97712d50f gt-fse-widgets-ctv-open-product\">Pers.<\/p>\n<\/div>\n\n\n\n<div class=\"wp-block-group is-nowrap is-layout-flex wp-container-core-group-is-layout-89a94f6a wp-block-group-is-layout-flex gt-fse-widgets-ctv-open-product\">\n<figure class=\"wp-block-image size-full is-resized wp-duotone-ededa9-ffffff-3 gt-fse-widgets-ctv-open-product\"><img decoding=\"async\" width=\"512\" height=\"512\" src=\"https:\/\/www.camping2laplage.com\/wp-content\/uploads\/2025\/07\/chambre.webp\" alt=\"chambre\" class=\"wp-image-1024 gt-fse-widgets-ctv-open-product\" style=\"width:25px\" srcset=\"https:\/\/www.camping2laplage.com\/wp-content\/uploads\/2025\/07\/chambre.webp 512w, https:\/\/www.camping2laplage.com\/wp-content\/uploads\/2025\/07\/chambre-300x300.webp 300w, https:\/\/www.camping2laplage.com\/wp-content\/uploads\/2025\/07\/chambre-150x150.webp 150w\" sizes=\"(max-width: 512px) 100vw, 512px\" \/><\/figure>\n\n\n<div class=\"taxonomy-gt-hebergements-nombre-chambres has-link-color wp-elements-9ef64b592c523db51bc710735ecf05b9 wp-block-post-terms has-text-color has-base-2-color has-medium-font-size has-roboto-font-family gt-fse-widgets-ctv-open-product\"><span class=\"gt-fse-widgets-ctv-open-product\">2<\/span><\/div>\n\n\n<p class=\"has-base-2-color has-text-color has-link-color has-medium-font-size wp-elements-9a187f19e657d0a1a7cff608aeff72a2 gt-fse-widgets-ctv-open-product\">ch.<\/p>\n<\/div>\n\n\n\n<div class=\"wp-block-group is-nowrap is-layout-flex wp-container-core-group-is-layout-89a94f6a wp-block-group-is-layout-flex gt-fse-widgets-ctv-open-product\">\n<figure class=\"wp-block-image size-full is-resized wp-duotone-ededa9-ffffff-4 gt-fse-widgets-ctv-open-product\"><img decoding=\"async\" width=\"300\" height=\"300\" src=\"https:\/\/www.camping2laplage.com\/wp-content\/uploads\/2025\/07\/surface.webp\" alt=\"surface\" class=\"wp-image-1028 gt-fse-widgets-ctv-open-product\" style=\"width:25px\" srcset=\"https:\/\/www.camping2laplage.com\/wp-content\/uploads\/2025\/07\/surface.webp 300w, https:\/\/www.camping2laplage.com\/wp-content\/uploads\/2025\/07\/surface-150x150.webp 150w\" sizes=\"(max-width: 300px) 100vw, 300px\" \/><\/figure>\n\n\n<div class=\"taxonomy-gt-hebergements-superficie has-link-color wp-elements-cafe8390f833754c2c2fbce3d1413350 wp-block-post-terms has-text-color has-base-2-color has-medium-font-size has-roboto-font-family gt-fse-widgets-ctv-open-product\"><span class=\"gt-fse-widgets-ctv-open-product\">24<\/span><\/div>\n\n\n<p class=\"has-base-2-color has-text-color has-link-color has-medium-font-size wp-elements-cf28bc533e0468d76b0d039beb27e42a gt-fse-widgets-ctv-open-product\">m\u00b2<\/p>\n<\/div>\n<\/div>\n<\/div><\/div>\n<\/div>\n\n<\/li><li data-gt-Thelis-product-id=\"\" data-gt-bathrooms=\"22\" data-gt-campings=\"\" data-gt-capacities=\"30\" data-gt-ctv-product-id=\"89381\" data-gt-gammes=\"\" data-gt-options=\"\" data-gt-rooms=\"20\" data-gt-superficies=\"32\" data-gt-types=\"17\" data-wp-key=\"post-template-item-2529\" class=\"wp-block-post post-2529 hebergement type-hebergement status-publish has-post-thumbnail hentry gt-hebergements-types-location gt-hebergements-nombre-personnes-30 gt-hebergements-nombre-chambres-20 gt-hebergements-nombre-sdb-22 gt-hebergements-superficie-32 gt-fse-widgets-ctv-open-product\">\n\n<div class=\"wp-block-group gt-hebergement-wrap has-global-padding is-layout-constrained wp-block-group-is-layout-constrained gt-fse-widgets-ctv-open-product\" style=\"margin-top:0px\">\n<div data-swiper=\"{&quot;speed&quot;:1000,&quot;autoplay&quot;:{&quot;delay&quot;:5000,&quot;disableOnInteraction&quot;:false},&quot;spaceBetween&quot;:0,&quot;slidesPerView&quot;:1,&quot;pagination&quot;:{&quot;el&quot;:&quot;.swiper-pagination&quot;,&quot;dynamicBullets&quot;:true,&quot;clickable&quot;:true,&quot;type&quot;:&quot;bullets&quot;},&quot;navigation&quot;:{&quot;nextEl&quot;:&quot;.swiper-button-next&quot;,&quot;prevEl&quot;:&quot;.swiper-button-prev&quot;},&quot;breakpoints&quot;:[{&quot;slidesPerView&quot;:1}]}\" class=\"wp-block-cover has-custom-content-position is-position-bottom-center hebergement-featured-image gt-fse-widgets-ctv-open-product\" style=\"border-radius:25px;padding-top:0px;padding-right:0px;padding-bottom:0px;padding-left:0px;min-height:430px;aspect-ratio:unset;\"><span aria-hidden=\"true\" class=\"wp-block-cover__background has-background-dim-80 has-background-dim has-background-gradient gt-fse-widgets-ctv-open-product\" style=\"background:linear-gradient(0deg,rgb(0,0,0) 26%,rgba(0,0,0,0) 42%)\"><\/span><img decoding=\"async\" width=\"1199\" height=\"800\" src=\"https:\/\/www.camping2laplage.com\/wp-content\/uploads\/2025\/08\/louer-chalet-en-isere.jpg\" class=\"wp-block-cover__image-background wp-post-image gt-fse-widgets-ctv-open-product\" alt=\"mieten chalet en isere\" data-object-fit=\"cover\" srcset=\"https:\/\/www.camping2laplage.com\/wp-content\/uploads\/2025\/08\/louer-chalet-en-isere.jpg 1199w, https:\/\/www.camping2laplage.com\/wp-content\/uploads\/2025\/08\/louer-chalet-en-isere-300x200.jpg 300w, https:\/\/www.camping2laplage.com\/wp-content\/uploads\/2025\/08\/louer-chalet-en-isere-1024x683.jpg 1024w, https:\/\/www.camping2laplage.com\/wp-content\/uploads\/2025\/08\/louer-chalet-en-isere-768x512.jpg 768w\" sizes=\"(max-width: 1199px) 100vw, 1199px\" \/><div class=\"wp-block-cover__inner-container has-global-padding is-layout-constrained wp-container-core-cover-is-layout-f5c98baf wp-block-cover-is-layout-constrained gt-fse-widgets-ctv-open-product\">\n<div class=\"wp-block-group titre-fleche is-nowrap is-layout-flex wp-container-core-group-is-layout-6c531013 wp-block-group-is-layout-flex gt-fse-widgets-ctv-open-product\">\n<p class=\"has-text-align-left hebergement-title gt-btn-arrow has-base-2-color has-text-color has-link-color has-basteleur-font-family wp-elements-9c563c41f13d6fedd8c90588c141348d gt-fse-widgets-ctv-open-product\" style=\"padding-right:0;padding-left:1.5rem;font-size:clamp(18.959px, 1.185rem + ((1vw - 3.2px) * 0.657), 30px);font-style:normal;font-weight:700;text-transform:uppercase\">Chalet mit Panoramablick 25 m\u00b2.<\/p>\n\n\n\n<figure class=\"wp-block-image size-large is-resized fleche wp-duotone-rgb255255255-ccc-5 gt-fse-widgets-ctv-open-product\"><img decoding=\"async\" width=\"17\" height=\"12\" src=\"https:\/\/www.camping2laplage.com\/wp-content\/uploads\/2025\/07\/arrows-btn.svg\" alt=\"arrows btn\" class=\"wp-image-176 gt-fse-widgets-ctv-open-product\" style=\"object-fit:contain;width:15px;height:15px\"\/><\/figure>\n<\/div>\n\n\n\n<div class=\"wp-block-group alignfull hebergement-icons has-custom-rouge-background-color has-background is-content-justification-center is-nowrap is-layout-flex wp-container-core-group-is-layout-4e3a5801 wp-block-group-is-layout-flex gt-fse-widgets-ctv-open-product\" style=\"padding-top:var(--wp--preset--spacing--10);padding-right:1rem;padding-bottom:var(--wp--preset--spacing--10);padding-left:1rem\">\n<div class=\"wp-block-group is-nowrap is-layout-flex wp-container-core-group-is-layout-513c09f2 wp-block-group-is-layout-flex gt-fse-widgets-ctv-open-product\">\n<figure class=\"wp-block-image size-full is-resized wp-duotone-ededa9-ccc-6 gt-fse-widgets-ctv-open-product\"><img decoding=\"async\" width=\"300\" height=\"300\" src=\"https:\/\/www.camping2laplage.com\/wp-content\/uploads\/2025\/07\/personnes.webp\" alt=\"personnes\" class=\"wp-image-1020 gt-fse-widgets-ctv-open-product\" style=\"width:25px\" srcset=\"https:\/\/www.camping2laplage.com\/wp-content\/uploads\/2025\/07\/personnes.webp 300w, https:\/\/www.camping2laplage.com\/wp-content\/uploads\/2025\/07\/personnes-150x150.webp 150w\" sizes=\"(max-width: 300px) 100vw, 300px\" \/><\/figure>\n\n\n<div class=\"taxonomy-gt-hebergements-nombre-personnes has-link-color wp-elements-f7c87e54e38b0809136675ff6bf5c315 wp-block-post-terms has-text-color has-base-2-color has-medium-font-size has-roboto-font-family gt-fse-widgets-ctv-open-product\"><span class=\"gt-fse-widgets-ctv-open-product\">5<\/span><\/div>\n\n\n<p class=\"has-base-2-color has-text-color has-link-color has-medium-font-size wp-elements-ed300d43f37d8c22950d8ef97712d50f gt-fse-widgets-ctv-open-product\">Pers.<\/p>\n<\/div>\n\n\n\n<div class=\"wp-block-group is-nowrap is-layout-flex wp-container-core-group-is-layout-89a94f6a wp-block-group-is-layout-flex gt-fse-widgets-ctv-open-product\">\n<figure class=\"wp-block-image size-full is-resized wp-duotone-ededa9-ffffff-7 gt-fse-widgets-ctv-open-product\"><img decoding=\"async\" width=\"512\" height=\"512\" src=\"https:\/\/www.camping2laplage.com\/wp-content\/uploads\/2025\/07\/chambre.webp\" alt=\"chambre\" class=\"wp-image-1024 gt-fse-widgets-ctv-open-product\" style=\"width:25px\" srcset=\"https:\/\/www.camping2laplage.com\/wp-content\/uploads\/2025\/07\/chambre.webp 512w, https:\/\/www.camping2laplage.com\/wp-content\/uploads\/2025\/07\/chambre-300x300.webp 300w, https:\/\/www.camping2laplage.com\/wp-content\/uploads\/2025\/07\/chambre-150x150.webp 150w\" sizes=\"(max-width: 512px) 100vw, 512px\" \/><\/figure>\n\n\n<div class=\"taxonomy-gt-hebergements-nombre-chambres has-link-color wp-elements-9ef64b592c523db51bc710735ecf05b9 wp-block-post-terms has-text-color has-base-2-color has-medium-font-size has-roboto-font-family gt-fse-widgets-ctv-open-product\"><span class=\"gt-fse-widgets-ctv-open-product\">2<\/span><\/div>\n\n\n<p class=\"has-base-2-color has-text-color has-link-color has-medium-font-size wp-elements-9a187f19e657d0a1a7cff608aeff72a2 gt-fse-widgets-ctv-open-product\">ch.<\/p>\n<\/div>\n\n\n\n<div class=\"wp-block-group is-nowrap is-layout-flex wp-container-core-group-is-layout-89a94f6a wp-block-group-is-layout-flex gt-fse-widgets-ctv-open-product\">\n<figure class=\"wp-block-image size-full is-resized wp-duotone-ededa9-ffffff-8 gt-fse-widgets-ctv-open-product\"><img decoding=\"async\" width=\"300\" height=\"300\" src=\"https:\/\/www.camping2laplage.com\/wp-content\/uploads\/2025\/07\/surface.webp\" alt=\"surface\" class=\"wp-image-1028 gt-fse-widgets-ctv-open-product\" style=\"width:25px\" srcset=\"https:\/\/www.camping2laplage.com\/wp-content\/uploads\/2025\/07\/surface.webp 300w, https:\/\/www.camping2laplage.com\/wp-content\/uploads\/2025\/07\/surface-150x150.webp 150w\" sizes=\"(max-width: 300px) 100vw, 300px\" \/><\/figure>\n\n\n<div class=\"taxonomy-gt-hebergements-superficie has-link-color wp-elements-cafe8390f833754c2c2fbce3d1413350 wp-block-post-terms has-text-color has-base-2-color has-medium-font-size has-roboto-font-family gt-fse-widgets-ctv-open-product\"><span class=\"gt-fse-widgets-ctv-open-product\">25<\/span><\/div>\n\n\n<p class=\"has-base-2-color has-text-color has-link-color has-medium-font-size wp-elements-cf28bc533e0468d76b0d039beb27e42a gt-fse-widgets-ctv-open-product\">m\u00b2<\/p>\n<\/div>\n<\/div>\n<\/div><\/div>\n<\/div>\n\n<\/li><li data-gt-Thelis-product-id=\"\" data-gt-bathrooms=\"22\" data-gt-campings=\"\" data-gt-capacities=\"23\" data-gt-ctv-product-id=\"\" data-gt-gammes=\"\" data-gt-options=\"\" data-gt-rooms=\"24\" data-gt-superficies=\"25\" data-gt-types=\"17\" data-wp-key=\"post-template-item-3380\" class=\"wp-block-post post-3380 hebergement type-hebergement status-publish has-post-thumbnail hentry gt-hebergements-types-location gt-hebergements-nombre-personnes-23 gt-hebergements-nombre-chambres-24 gt-hebergements-nombre-sdb-22 gt-hebergements-superficie-25 gt-fse-widgets-ctv-open-product\">\n\n<div class=\"wp-block-group gt-hebergement-wrap has-global-padding is-layout-constrained wp-block-group-is-layout-constrained gt-fse-widgets-ctv-open-product\" style=\"margin-top:0px\">\n<div data-swiper=\"{&quot;speed&quot;:1000,&quot;autoplay&quot;:{&quot;delay&quot;:5000,&quot;disableOnInteraction&quot;:false},&quot;spaceBetween&quot;:0,&quot;slidesPerView&quot;:1,&quot;pagination&quot;:{&quot;el&quot;:&quot;.swiper-pagination&quot;,&quot;dynamicBullets&quot;:true,&quot;clickable&quot;:true,&quot;type&quot;:&quot;bullets&quot;},&quot;navigation&quot;:{&quot;nextEl&quot;:&quot;.swiper-button-next&quot;,&quot;prevEl&quot;:&quot;.swiper-button-prev&quot;},&quot;breakpoints&quot;:[{&quot;slidesPerView&quot;:1}]}\" class=\"wp-block-cover has-custom-content-position is-position-bottom-center hebergement-featured-image gt-fse-widgets-ctv-open-product\" style=\"border-radius:25px;padding-top:0px;padding-right:0px;padding-bottom:0px;padding-left:0px;min-height:430px;aspect-ratio:unset;\"><span aria-hidden=\"true\" class=\"wp-block-cover__background has-background-dim-80 has-background-dim has-background-gradient gt-fse-widgets-ctv-open-product\" style=\"background:linear-gradient(0deg,rgb(0,0,0) 26%,rgba(0,0,0,0) 42%)\"><\/span><img decoding=\"async\" width=\"396\" height=\"261\" src=\"https:\/\/www.camping2laplage.com\/wp-content\/uploads\/2025\/12\/chalet-victoria-premium.png\" class=\"wp-block-cover__image-background wp-post-image gt-fse-widgets-ctv-open-product\" alt=\"chalet victoria premium\" data-object-fit=\"cover\" srcset=\"https:\/\/www.camping2laplage.com\/wp-content\/uploads\/2025\/12\/chalet-victoria-premium.png 396w, https:\/\/www.camping2laplage.com\/wp-content\/uploads\/2025\/12\/chalet-victoria-premium-300x198.png 300w\" sizes=\"(max-width: 396px) 100vw, 396px\" \/><div class=\"wp-block-cover__inner-container has-global-padding is-layout-constrained wp-container-core-cover-is-layout-f5c98baf wp-block-cover-is-layout-constrained gt-fse-widgets-ctv-open-product\">\n<div class=\"wp-block-group titre-fleche is-nowrap is-layout-flex wp-container-core-group-is-layout-6c531013 wp-block-group-is-layout-flex gt-fse-widgets-ctv-open-product\">\n<p class=\"has-text-align-left hebergement-title gt-btn-arrow has-base-2-color has-text-color has-link-color has-basteleur-font-family wp-elements-9c563c41f13d6fedd8c90588c141348d gt-fse-widgets-ctv-open-product\" style=\"padding-right:0;padding-left:1.5rem;font-size:clamp(18.959px, 1.185rem + ((1vw - 3.2px) * 0.657), 30px);font-style:normal;font-weight:700;text-transform:uppercase\">Chalet Premium Vitoria<\/p>\n\n\n\n<figure class=\"wp-block-image size-large is-resized fleche wp-duotone-rgb255255255-ccc-9 gt-fse-widgets-ctv-open-product\"><img decoding=\"async\" width=\"17\" height=\"12\" src=\"https:\/\/www.camping2laplage.com\/wp-content\/uploads\/2025\/07\/arrows-btn.svg\" alt=\"arrows btn\" class=\"wp-image-176 gt-fse-widgets-ctv-open-product\" style=\"object-fit:contain;width:15px;height:15px\"\/><\/figure>\n<\/div>\n\n\n\n<div class=\"wp-block-group alignfull hebergement-icons has-custom-rouge-background-color has-background is-content-justification-center is-nowrap is-layout-flex wp-container-core-group-is-layout-4e3a5801 wp-block-group-is-layout-flex gt-fse-widgets-ctv-open-product\" style=\"padding-top:var(--wp--preset--spacing--10);padding-right:1rem;padding-bottom:var(--wp--preset--spacing--10);padding-left:1rem\">\n<div class=\"wp-block-group is-nowrap is-layout-flex wp-container-core-group-is-layout-513c09f2 wp-block-group-is-layout-flex gt-fse-widgets-ctv-open-product\">\n<figure class=\"wp-block-image size-full is-resized wp-duotone-ededa9-ccc-10 gt-fse-widgets-ctv-open-product\"><img decoding=\"async\" width=\"300\" height=\"300\" src=\"https:\/\/www.camping2laplage.com\/wp-content\/uploads\/2025\/07\/personnes.webp\" alt=\"personnes\" class=\"wp-image-1020 gt-fse-widgets-ctv-open-product\" style=\"width:25px\" srcset=\"https:\/\/www.camping2laplage.com\/wp-content\/uploads\/2025\/07\/personnes.webp 300w, https:\/\/www.camping2laplage.com\/wp-content\/uploads\/2025\/07\/personnes-150x150.webp 150w\" sizes=\"(max-width: 300px) 100vw, 300px\" \/><\/figure>\n\n\n<div class=\"taxonomy-gt-hebergements-nombre-personnes has-link-color wp-elements-f7c87e54e38b0809136675ff6bf5c315 wp-block-post-terms has-text-color has-base-2-color has-medium-font-size has-roboto-font-family gt-fse-widgets-ctv-open-product\"><span class=\"gt-fse-widgets-ctv-open-product\">2<\/span><\/div>\n\n\n<p class=\"has-base-2-color has-text-color has-link-color has-medium-font-size wp-elements-ed300d43f37d8c22950d8ef97712d50f gt-fse-widgets-ctv-open-product\">Pers.<\/p>\n<\/div>\n\n\n\n<div class=\"wp-block-group is-nowrap is-layout-flex wp-container-core-group-is-layout-89a94f6a wp-block-group-is-layout-flex gt-fse-widgets-ctv-open-product\">\n<figure class=\"wp-block-image size-full is-resized wp-duotone-ededa9-ffffff-11 gt-fse-widgets-ctv-open-product\"><img decoding=\"async\" width=\"512\" height=\"512\" src=\"https:\/\/www.camping2laplage.com\/wp-content\/uploads\/2025\/07\/chambre.webp\" alt=\"chambre\" class=\"wp-image-1024 gt-fse-widgets-ctv-open-product\" style=\"width:25px\" srcset=\"https:\/\/www.camping2laplage.com\/wp-content\/uploads\/2025\/07\/chambre.webp 512w, https:\/\/www.camping2laplage.com\/wp-content\/uploads\/2025\/07\/chambre-300x300.webp 300w, https:\/\/www.camping2laplage.com\/wp-content\/uploads\/2025\/07\/chambre-150x150.webp 150w\" sizes=\"(max-width: 512px) 100vw, 512px\" \/><\/figure>\n\n\n<div class=\"taxonomy-gt-hebergements-nombre-chambres has-link-color wp-elements-9ef64b592c523db51bc710735ecf05b9 wp-block-post-terms has-text-color has-base-2-color has-medium-font-size has-roboto-font-family gt-fse-widgets-ctv-open-product\"><span class=\"gt-fse-widgets-ctv-open-product\">1<\/span><\/div>\n\n\n<p class=\"has-base-2-color has-text-color has-link-color has-medium-font-size wp-elements-9a187f19e657d0a1a7cff608aeff72a2 gt-fse-widgets-ctv-open-product\">ch.<\/p>\n<\/div>\n\n\n\n<div class=\"wp-block-group is-nowrap is-layout-flex wp-container-core-group-is-layout-89a94f6a wp-block-group-is-layout-flex gt-fse-widgets-ctv-open-product\">\n<figure class=\"wp-block-image size-full is-resized wp-duotone-ededa9-ffffff-12 gt-fse-widgets-ctv-open-product\"><img decoding=\"async\" width=\"300\" height=\"300\" src=\"https:\/\/www.camping2laplage.com\/wp-content\/uploads\/2025\/07\/surface.webp\" alt=\"surface\" class=\"wp-image-1028 gt-fse-widgets-ctv-open-product\" style=\"width:25px\" srcset=\"https:\/\/www.camping2laplage.com\/wp-content\/uploads\/2025\/07\/surface.webp 300w, https:\/\/www.camping2laplage.com\/wp-content\/uploads\/2025\/07\/surface-150x150.webp 150w\" sizes=\"(max-width: 300px) 100vw, 300px\" \/><\/figure>\n\n\n<div class=\"taxonomy-gt-hebergements-superficie has-link-color wp-elements-cafe8390f833754c2c2fbce3d1413350 wp-block-post-terms has-text-color has-base-2-color has-medium-font-size has-roboto-font-family gt-fse-widgets-ctv-open-product\"><span class=\"gt-fse-widgets-ctv-open-product\">20<\/span><\/div>\n\n\n<p class=\"has-base-2-color has-text-color has-link-color has-medium-font-size wp-elements-cf28bc533e0468d76b0d039beb27e42a gt-fse-widgets-ctv-open-product\">m\u00b2<\/p>\n<\/div>\n<\/div>\n<\/div><\/div>\n<\/div>\n\n<\/li><li data-gt-Thelis-product-id=\"\" data-gt-bathrooms=\"22\" data-gt-campings=\"\" data-gt-capacities=\"28\" data-gt-ctv-product-id=\"138649\" data-gt-gammes=\"\" data-gt-options=\"\" data-gt-rooms=\"27\" data-gt-superficies=\"35\" data-gt-types=\"17\" data-wp-key=\"post-template-item-2517\" class=\"wp-block-post post-2517 hebergement type-hebergement status-publish has-post-thumbnail hentry gt-hebergements-types-location gt-hebergements-nombre-personnes-28 gt-hebergements-nombre-chambres-27 gt-hebergements-nombre-sdb-22 gt-hebergements-superficie-35 gt-fse-widgets-ctv-open-product\">\n\n<div class=\"wp-block-group gt-hebergement-wrap has-global-padding is-layout-constrained wp-block-group-is-layout-constrained gt-fse-widgets-ctv-open-product\" style=\"margin-top:0px\">\n<div data-swiper=\"{&quot;speed&quot;:1000,&quot;autoplay&quot;:{&quot;delay&quot;:5000,&quot;disableOnInteraction&quot;:false},&quot;spaceBetween&quot;:0,&quot;slidesPerView&quot;:1,&quot;pagination&quot;:{&quot;el&quot;:&quot;.swiper-pagination&quot;,&quot;dynamicBullets&quot;:true,&quot;clickable&quot;:true,&quot;type&quot;:&quot;bullets&quot;},&quot;navigation&quot;:{&quot;nextEl&quot;:&quot;.swiper-button-next&quot;,&quot;prevEl&quot;:&quot;.swiper-button-prev&quot;},&quot;breakpoints&quot;:[{&quot;slidesPerView&quot;:1}]}\" class=\"wp-block-cover has-custom-content-position is-position-bottom-center hebergement-featured-image gt-fse-widgets-ctv-open-product\" style=\"border-radius:25px;padding-top:0px;padding-right:0px;padding-bottom:0px;padding-left:0px;min-height:430px;aspect-ratio:unset;\"><span aria-hidden=\"true\" class=\"wp-block-cover__background has-background-dim-80 has-background-dim has-background-gradient gt-fse-widgets-ctv-open-product\" style=\"background:linear-gradient(0deg,rgb(0,0,0) 26%,rgba(0,0,0,0) 42%)\"><\/span><img decoding=\"async\" width=\"2000\" height=\"1200\" src=\"https:\/\/www.camping2laplage.com\/wp-content\/uploads\/2025\/08\/location-chalet-isere.jpg\" class=\"wp-block-cover__image-background wp-post-image gt-fse-widgets-ctv-open-product\" alt=\"vermietung chalet isere\" data-object-fit=\"cover\" srcset=\"https:\/\/www.camping2laplage.com\/wp-content\/uploads\/2025\/08\/location-chalet-isere.jpg 2000w, https:\/\/www.camping2laplage.com\/wp-content\/uploads\/2025\/08\/location-chalet-isere-300x180.jpg 300w, https:\/\/www.camping2laplage.com\/wp-content\/uploads\/2025\/08\/location-chalet-isere-1024x614.jpg 1024w, https:\/\/www.camping2laplage.com\/wp-content\/uploads\/2025\/08\/location-chalet-isere-768x461.jpg 768w, https:\/\/www.camping2laplage.com\/wp-content\/uploads\/2025\/08\/location-chalet-isere-1536x922.jpg 1536w\" sizes=\"(max-width: 2000px) 100vw, 2000px\" \/><div class=\"wp-block-cover__inner-container has-global-padding is-layout-constrained wp-container-core-cover-is-layout-f5c98baf wp-block-cover-is-layout-constrained gt-fse-widgets-ctv-open-product\">\n<div class=\"wp-block-group titre-fleche is-nowrap is-layout-flex wp-container-core-group-is-layout-6c531013 wp-block-group-is-layout-flex gt-fse-widgets-ctv-open-product\">\n<p class=\"has-text-align-left hebergement-title gt-btn-arrow has-base-2-color has-text-color has-link-color has-basteleur-font-family wp-elements-9c563c41f13d6fedd8c90588c141348d gt-fse-widgets-ctv-open-product\" style=\"padding-right:0;padding-left:1.5rem;font-size:clamp(18.959px, 1.185rem + ((1vw - 3.2px) * 0.657), 30px);font-style:normal;font-weight:700;text-transform:uppercase\">Chalet Prestige &amp; Privatsauna 35 m\u00b2.<\/p>\n\n\n\n<figure class=\"wp-block-image size-large is-resized fleche wp-duotone-rgb255255255-ccc-13 gt-fse-widgets-ctv-open-product\"><img decoding=\"async\" width=\"17\" height=\"12\" src=\"https:\/\/www.camping2laplage.com\/wp-content\/uploads\/2025\/07\/arrows-btn.svg\" alt=\"arrows btn\" class=\"wp-image-176 gt-fse-widgets-ctv-open-product\" style=\"object-fit:contain;width:15px;height:15px\"\/><\/figure>\n<\/div>\n\n\n\n<div class=\"wp-block-group alignfull hebergement-icons has-custom-rouge-background-color has-background is-content-justification-center is-nowrap is-layout-flex wp-container-core-group-is-layout-4e3a5801 wp-block-group-is-layout-flex gt-fse-widgets-ctv-open-product\" style=\"padding-top:var(--wp--preset--spacing--10);padding-right:1rem;padding-bottom:var(--wp--preset--spacing--10);padding-left:1rem\">\n<div class=\"wp-block-group is-nowrap is-layout-flex wp-container-core-group-is-layout-513c09f2 wp-block-group-is-layout-flex gt-fse-widgets-ctv-open-product\">\n<figure class=\"wp-block-image size-full is-resized wp-duotone-ededa9-ccc-14 gt-fse-widgets-ctv-open-product\"><img decoding=\"async\" width=\"300\" height=\"300\" src=\"https:\/\/www.camping2laplage.com\/wp-content\/uploads\/2025\/07\/personnes.webp\" alt=\"personnes\" class=\"wp-image-1020 gt-fse-widgets-ctv-open-product\" style=\"width:25px\" srcset=\"https:\/\/www.camping2laplage.com\/wp-content\/uploads\/2025\/07\/personnes.webp 300w, https:\/\/www.camping2laplage.com\/wp-content\/uploads\/2025\/07\/personnes-150x150.webp 150w\" sizes=\"(max-width: 300px) 100vw, 300px\" \/><\/figure>\n\n\n<div class=\"taxonomy-gt-hebergements-nombre-personnes has-link-color wp-elements-f7c87e54e38b0809136675ff6bf5c315 wp-block-post-terms has-text-color has-base-2-color has-medium-font-size has-roboto-font-family gt-fse-widgets-ctv-open-product\"><span class=\"gt-fse-widgets-ctv-open-product\">6<\/span><\/div>\n\n\n<p class=\"has-base-2-color has-text-color has-link-color has-medium-font-size wp-elements-ed300d43f37d8c22950d8ef97712d50f gt-fse-widgets-ctv-open-product\">Pers.<\/p>\n<\/div>\n\n\n\n<div class=\"wp-block-group is-nowrap is-layout-flex wp-container-core-group-is-layout-89a94f6a wp-block-group-is-layout-flex gt-fse-widgets-ctv-open-product\">\n<figure class=\"wp-block-image size-full is-resized wp-duotone-ededa9-ffffff-15 gt-fse-widgets-ctv-open-product\"><img decoding=\"async\" width=\"512\" height=\"512\" src=\"https:\/\/www.camping2laplage.com\/wp-content\/uploads\/2025\/07\/chambre.webp\" alt=\"chambre\" class=\"wp-image-1024 gt-fse-widgets-ctv-open-product\" style=\"width:25px\" srcset=\"https:\/\/www.camping2laplage.com\/wp-content\/uploads\/2025\/07\/chambre.webp 512w, https:\/\/www.camping2laplage.com\/wp-content\/uploads\/2025\/07\/chambre-300x300.webp 300w, https:\/\/www.camping2laplage.com\/wp-content\/uploads\/2025\/07\/chambre-150x150.webp 150w\" sizes=\"(max-width: 512px) 100vw, 512px\" \/><\/figure>\n\n\n<div class=\"taxonomy-gt-hebergements-nombre-chambres has-link-color wp-elements-9ef64b592c523db51bc710735ecf05b9 wp-block-post-terms has-text-color has-base-2-color has-medium-font-size has-roboto-font-family gt-fse-widgets-ctv-open-product\"><span class=\"gt-fse-widgets-ctv-open-product\">3<\/span><\/div>\n\n\n<p class=\"has-base-2-color has-text-color has-link-color has-medium-font-size wp-elements-9a187f19e657d0a1a7cff608aeff72a2 gt-fse-widgets-ctv-open-product\">ch.<\/p>\n<\/div>\n\n\n\n<div class=\"wp-block-group is-nowrap is-layout-flex wp-container-core-group-is-layout-89a94f6a wp-block-group-is-layout-flex gt-fse-widgets-ctv-open-product\">\n<figure class=\"wp-block-image size-full is-resized wp-duotone-ededa9-ffffff-16 gt-fse-widgets-ctv-open-product\"><img decoding=\"async\" width=\"300\" height=\"300\" src=\"https:\/\/www.camping2laplage.com\/wp-content\/uploads\/2025\/07\/surface.webp\" alt=\"surface\" class=\"wp-image-1028 gt-fse-widgets-ctv-open-product\" style=\"width:25px\" srcset=\"https:\/\/www.camping2laplage.com\/wp-content\/uploads\/2025\/07\/surface.webp 300w, https:\/\/www.camping2laplage.com\/wp-content\/uploads\/2025\/07\/surface-150x150.webp 150w\" sizes=\"(max-width: 300px) 100vw, 300px\" \/><\/figure>\n\n\n<div class=\"taxonomy-gt-hebergements-superficie has-link-color wp-elements-cafe8390f833754c2c2fbce3d1413350 wp-block-post-terms has-text-color has-base-2-color has-medium-font-size has-roboto-font-family gt-fse-widgets-ctv-open-product\"><span class=\"gt-fse-widgets-ctv-open-product\">35<\/span><\/div>\n\n\n<p class=\"has-base-2-color has-text-color has-link-color has-medium-font-size wp-elements-cf28bc533e0468d76b0d039beb27e42a gt-fse-widgets-ctv-open-product\">m\u00b2<\/p>\n<\/div>\n<\/div>\n<\/div><\/div>\n<\/div>\n\n<\/li><li data-gt-Thelis-product-id=\"\" data-gt-bathrooms=\"22\" data-gt-campings=\"\" data-gt-capacities=\"19\" data-gt-ctv-product-id=\"52088\" data-gt-gammes=\"\" data-gt-options=\"\" data-gt-rooms=\"20\" data-gt-superficies=\"21\" data-gt-types=\"17\" data-wp-key=\"post-template-item-2547\" class=\"wp-block-post post-2547 hebergement type-hebergement status-publish has-post-thumbnail hentry gt-hebergements-types-location gt-hebergements-nombre-personnes-19 gt-hebergements-nombre-chambres-20 gt-hebergements-nombre-sdb-22 gt-hebergements-superficie-21 gt-fse-widgets-ctv-open-product\">\n\n<div class=\"wp-block-group gt-hebergement-wrap has-global-padding is-layout-constrained wp-block-group-is-layout-constrained gt-fse-widgets-ctv-open-product\" style=\"margin-top:0px\">\n<div data-swiper=\"{&quot;speed&quot;:1000,&quot;autoplay&quot;:{&quot;delay&quot;:5000,&quot;disableOnInteraction&quot;:false},&quot;spaceBetween&quot;:0,&quot;slidesPerView&quot;:1,&quot;pagination&quot;:{&quot;el&quot;:&quot;.swiper-pagination&quot;,&quot;dynamicBullets&quot;:true,&quot;clickable&quot;:true,&quot;type&quot;:&quot;bullets&quot;},&quot;navigation&quot;:{&quot;nextEl&quot;:&quot;.swiper-button-next&quot;,&quot;prevEl&quot;:&quot;.swiper-button-prev&quot;},&quot;breakpoints&quot;:[{&quot;slidesPerView&quot;:1}]}\" class=\"wp-block-cover has-custom-content-position is-position-bottom-center hebergement-featured-image gt-fse-widgets-ctv-open-product\" style=\"border-radius:25px;padding-top:0px;padding-right:0px;padding-bottom:0px;padding-left:0px;min-height:430px;aspect-ratio:unset;\"><span aria-hidden=\"true\" class=\"wp-block-cover__background has-background-dim-80 has-background-dim has-background-gradient gt-fse-widgets-ctv-open-product\" style=\"background:linear-gradient(0deg,rgb(0,0,0) 26%,rgba(0,0,0,0) 42%)\"><\/span><img decoding=\"async\" width=\"1176\" height=\"882\" src=\"https:\/\/www.camping2laplage.com\/wp-content\/uploads\/2025\/07\/mh-confort.jpg\" class=\"wp-block-cover__image-background wp-post-image gt-fse-widgets-ctv-open-product\" alt=\"mh Komfort\" data-object-fit=\"cover\" srcset=\"https:\/\/www.camping2laplage.com\/wp-content\/uploads\/2025\/07\/mh-confort.jpg 1176w, https:\/\/www.camping2laplage.com\/wp-content\/uploads\/2025\/07\/mh-confort-300x225.jpg 300w, https:\/\/www.camping2laplage.com\/wp-content\/uploads\/2025\/07\/mh-confort-1024x768.jpg 1024w, https:\/\/www.camping2laplage.com\/wp-content\/uploads\/2025\/07\/mh-confort-768x576.jpg 768w\" sizes=\"(max-width: 1176px) 100vw, 1176px\" \/><div class=\"wp-block-cover__inner-container has-global-padding is-layout-constrained wp-container-core-cover-is-layout-f5c98baf wp-block-cover-is-layout-constrained gt-fse-widgets-ctv-open-product\">\n<div class=\"wp-block-group titre-fleche is-nowrap is-layout-flex wp-container-core-group-is-layout-6c531013 wp-block-group-is-layout-flex gt-fse-widgets-ctv-open-product\">\n<p class=\"has-text-align-left hebergement-title gt-btn-arrow has-base-2-color has-text-color has-link-color has-basteleur-font-family wp-elements-9c563c41f13d6fedd8c90588c141348d gt-fse-widgets-ctv-open-product\" style=\"padding-right:0;padding-left:1.5rem;font-size:clamp(18.959px, 1.185rem + ((1vw - 3.2px) * 0.657), 30px);font-style:normal;font-weight:700;text-transform:uppercase\">Mobilheim Confort 29m\u00b2<\/p>\n\n\n\n<figure class=\"wp-block-image size-large is-resized fleche wp-duotone-rgb255255255-ccc-17 gt-fse-widgets-ctv-open-product\"><img decoding=\"async\" width=\"17\" height=\"12\" src=\"https:\/\/www.camping2laplage.com\/wp-content\/uploads\/2025\/07\/arrows-btn.svg\" alt=\"arrows btn\" class=\"wp-image-176 gt-fse-widgets-ctv-open-product\" style=\"object-fit:contain;width:15px;height:15px\"\/><\/figure>\n<\/div>\n\n\n\n<div class=\"wp-block-group alignfull hebergement-icons has-custom-rouge-background-color has-background is-content-justification-center is-nowrap is-layout-flex wp-container-core-group-is-layout-4e3a5801 wp-block-group-is-layout-flex gt-fse-widgets-ctv-open-product\" style=\"padding-top:var(--wp--preset--spacing--10);padding-right:1rem;padding-bottom:var(--wp--preset--spacing--10);padding-left:1rem\">\n<div class=\"wp-block-group is-nowrap is-layout-flex wp-container-core-group-is-layout-513c09f2 wp-block-group-is-layout-flex gt-fse-widgets-ctv-open-product\">\n<figure class=\"wp-block-image size-full is-resized wp-duotone-ededa9-ccc-18 gt-fse-widgets-ctv-open-product\"><img decoding=\"async\" width=\"300\" height=\"300\" src=\"https:\/\/www.camping2laplage.com\/wp-content\/uploads\/2025\/07\/personnes.webp\" alt=\"personnes\" class=\"wp-image-1020 gt-fse-widgets-ctv-open-product\" style=\"width:25px\" srcset=\"https:\/\/www.camping2laplage.com\/wp-content\/uploads\/2025\/07\/personnes.webp 300w, https:\/\/www.camping2laplage.com\/wp-content\/uploads\/2025\/07\/personnes-150x150.webp 150w\" sizes=\"(max-width: 300px) 100vw, 300px\" \/><\/figure>\n\n\n<div class=\"taxonomy-gt-hebergements-nombre-personnes has-link-color wp-elements-f7c87e54e38b0809136675ff6bf5c315 wp-block-post-terms has-text-color has-base-2-color has-medium-font-size has-roboto-font-family gt-fse-widgets-ctv-open-product\"><span class=\"gt-fse-widgets-ctv-open-product\">4<\/span><\/div>\n\n\n<p class=\"has-base-2-color has-text-color has-link-color has-medium-font-size wp-elements-ed300d43f37d8c22950d8ef97712d50f gt-fse-widgets-ctv-open-product\">Pers.<\/p>\n<\/div>\n\n\n\n<div class=\"wp-block-group is-nowrap is-layout-flex wp-container-core-group-is-layout-89a94f6a wp-block-group-is-layout-flex gt-fse-widgets-ctv-open-product\">\n<figure class=\"wp-block-image size-full is-resized wp-duotone-ededa9-ffffff-19 gt-fse-widgets-ctv-open-product\"><img decoding=\"async\" width=\"512\" height=\"512\" src=\"https:\/\/www.camping2laplage.com\/wp-content\/uploads\/2025\/07\/chambre.webp\" alt=\"chambre\" class=\"wp-image-1024 gt-fse-widgets-ctv-open-product\" style=\"width:25px\" srcset=\"https:\/\/www.camping2laplage.com\/wp-content\/uploads\/2025\/07\/chambre.webp 512w, https:\/\/www.camping2laplage.com\/wp-content\/uploads\/2025\/07\/chambre-300x300.webp 300w, https:\/\/www.camping2laplage.com\/wp-content\/uploads\/2025\/07\/chambre-150x150.webp 150w\" sizes=\"(max-width: 512px) 100vw, 512px\" \/><\/figure>\n\n\n<div class=\"taxonomy-gt-hebergements-nombre-chambres has-link-color wp-elements-9ef64b592c523db51bc710735ecf05b9 wp-block-post-terms has-text-color has-base-2-color has-medium-font-size has-roboto-font-family gt-fse-widgets-ctv-open-product\"><span class=\"gt-fse-widgets-ctv-open-product\">2<\/span><\/div>\n\n\n<p class=\"has-base-2-color has-text-color has-link-color has-medium-font-size wp-elements-9a187f19e657d0a1a7cff608aeff72a2 gt-fse-widgets-ctv-open-product\">ch.<\/p>\n<\/div>\n\n\n\n<div class=\"wp-block-group is-nowrap is-layout-flex wp-container-core-group-is-layout-89a94f6a wp-block-group-is-layout-flex gt-fse-widgets-ctv-open-product\">\n<figure class=\"wp-block-image size-full is-resized wp-duotone-ededa9-ffffff-20 gt-fse-widgets-ctv-open-product\"><img decoding=\"async\" width=\"300\" height=\"300\" src=\"https:\/\/www.camping2laplage.com\/wp-content\/uploads\/2025\/07\/surface.webp\" alt=\"surface\" class=\"wp-image-1028 gt-fse-widgets-ctv-open-product\" style=\"width:25px\" srcset=\"https:\/\/www.camping2laplage.com\/wp-content\/uploads\/2025\/07\/surface.webp 300w, https:\/\/www.camping2laplage.com\/wp-content\/uploads\/2025\/07\/surface-150x150.webp 150w\" sizes=\"(max-width: 300px) 100vw, 300px\" \/><\/figure>\n\n\n<div class=\"taxonomy-gt-hebergements-superficie has-link-color wp-elements-cafe8390f833754c2c2fbce3d1413350 wp-block-post-terms has-text-color has-base-2-color has-medium-font-size has-roboto-font-family gt-fse-widgets-ctv-open-product\"><span class=\"gt-fse-widgets-ctv-open-product\">29<\/span><\/div>\n\n\n<p class=\"has-base-2-color has-text-color has-link-color has-medium-font-size wp-elements-cf28bc533e0468d76b0d039beb27e42a gt-fse-widgets-ctv-open-product\">m\u00b2<\/p>\n<\/div>\n<\/div>\n<\/div><\/div>\n<\/div>\n\n<\/li><li data-gt-Thelis-product-id=\"\" data-gt-bathrooms=\"22\" data-gt-campings=\"\" data-gt-capacities=\"23\" data-gt-ctv-product-id=\"104216\" data-gt-gammes=\"\" data-gt-options=\"\" data-gt-rooms=\"24\" data-gt-superficies=\"25\" data-gt-types=\"17\" data-wp-key=\"post-template-item-2558\" class=\"wp-block-post post-2558 hebergement type-hebergement status-publish has-post-thumbnail hentry gt-hebergements-types-location gt-hebergements-nombre-personnes-23 gt-hebergements-nombre-chambres-24 gt-hebergements-nombre-sdb-22 gt-hebergements-superficie-25 gt-fse-widgets-ctv-open-product\">\n\n<div class=\"wp-block-group gt-hebergement-wrap has-global-padding is-layout-constrained wp-block-group-is-layout-constrained gt-fse-widgets-ctv-open-product\" style=\"margin-top:0px\">\n<div data-swiper=\"{&quot;speed&quot;:1000,&quot;autoplay&quot;:{&quot;delay&quot;:5000,&quot;disableOnInteraction&quot;:false},&quot;spaceBetween&quot;:0,&quot;slidesPerView&quot;:1,&quot;pagination&quot;:{&quot;el&quot;:&quot;.swiper-pagination&quot;,&quot;dynamicBullets&quot;:true,&quot;clickable&quot;:true,&quot;type&quot;:&quot;bullets&quot;},&quot;navigation&quot;:{&quot;nextEl&quot;:&quot;.swiper-button-next&quot;,&quot;prevEl&quot;:&quot;.swiper-button-prev&quot;},&quot;breakpoints&quot;:[{&quot;slidesPerView&quot;:1}]}\" class=\"wp-block-cover has-custom-content-position is-position-bottom-center hebergement-featured-image gt-fse-widgets-ctv-open-product\" style=\"border-radius:25px;padding-top:0px;padding-right:0px;padding-bottom:0px;padding-left:0px;min-height:430px;aspect-ratio:unset;\"><span aria-hidden=\"true\" class=\"wp-block-cover__background has-background-dim-80 has-background-dim has-background-gradient gt-fse-widgets-ctv-open-product\" style=\"background:linear-gradient(0deg,rgb(0,0,0) 26%,rgba(0,0,0,0) 42%)\"><\/span><img decoding=\"async\" width=\"1176\" height=\"882\" src=\"https:\/\/www.camping2laplage.com\/wp-content\/uploads\/2025\/07\/mobil-home-duo-en-isere.webp\" class=\"wp-block-cover__image-background wp-post-image gt-fse-widgets-ctv-open-product\" alt=\"mobilheim duo in isere\" data-object-fit=\"cover\" srcset=\"https:\/\/www.camping2laplage.com\/wp-content\/uploads\/2025\/07\/mobil-home-duo-en-isere.webp 1176w, https:\/\/www.camping2laplage.com\/wp-content\/uploads\/2025\/07\/mobil-home-duo-en-isere-300x225.webp 300w, https:\/\/www.camping2laplage.com\/wp-content\/uploads\/2025\/07\/mobil-home-duo-en-isere-1024x768.webp 1024w, https:\/\/www.camping2laplage.com\/wp-content\/uploads\/2025\/07\/mobil-home-duo-en-isere-768x576.webp 768w\" sizes=\"(max-width: 1176px) 100vw, 1176px\" \/><div class=\"wp-block-cover__inner-container has-global-padding is-layout-constrained wp-container-core-cover-is-layout-f5c98baf wp-block-cover-is-layout-constrained gt-fse-widgets-ctv-open-product\">\n<div class=\"wp-block-group titre-fleche is-nowrap is-layout-flex wp-container-core-group-is-layout-6c531013 wp-block-group-is-layout-flex gt-fse-widgets-ctv-open-product\">\n<p class=\"has-text-align-left hebergement-title gt-btn-arrow has-base-2-color has-text-color has-link-color has-basteleur-font-family wp-elements-9c563c41f13d6fedd8c90588c141348d gt-fse-widgets-ctv-open-product\" style=\"padding-right:0;padding-left:1.5rem;font-size:clamp(18.959px, 1.185rem + ((1vw - 3.2px) * 0.657), 30px);font-style:normal;font-weight:700;text-transform:uppercase\">Mobilheim Duo 20m\u00b2<\/p>\n\n\n\n<figure class=\"wp-block-image size-large is-resized fleche wp-duotone-rgb255255255-ccc-21 gt-fse-widgets-ctv-open-product\"><img decoding=\"async\" width=\"17\" height=\"12\" src=\"https:\/\/www.camping2laplage.com\/wp-content\/uploads\/2025\/07\/arrows-btn.svg\" alt=\"arrows btn\" class=\"wp-image-176 gt-fse-widgets-ctv-open-product\" style=\"object-fit:contain;width:15px;height:15px\"\/><\/figure>\n<\/div>\n\n\n\n<div class=\"wp-block-group alignfull hebergement-icons has-custom-rouge-background-color has-background is-content-justification-center is-nowrap is-layout-flex wp-container-core-group-is-layout-4e3a5801 wp-block-group-is-layout-flex gt-fse-widgets-ctv-open-product\" style=\"padding-top:var(--wp--preset--spacing--10);padding-right:1rem;padding-bottom:var(--wp--preset--spacing--10);padding-left:1rem\">\n<div class=\"wp-block-group is-nowrap is-layout-flex wp-container-core-group-is-layout-513c09f2 wp-block-group-is-layout-flex gt-fse-widgets-ctv-open-product\">\n<figure class=\"wp-block-image size-full is-resized wp-duotone-ededa9-ccc-22 gt-fse-widgets-ctv-open-product\"><img decoding=\"async\" width=\"300\" height=\"300\" src=\"https:\/\/www.camping2laplage.com\/wp-content\/uploads\/2025\/07\/personnes.webp\" alt=\"personnes\" class=\"wp-image-1020 gt-fse-widgets-ctv-open-product\" style=\"width:25px\" srcset=\"https:\/\/www.camping2laplage.com\/wp-content\/uploads\/2025\/07\/personnes.webp 300w, https:\/\/www.camping2laplage.com\/wp-content\/uploads\/2025\/07\/personnes-150x150.webp 150w\" sizes=\"(max-width: 300px) 100vw, 300px\" \/><\/figure>\n\n\n<div class=\"taxonomy-gt-hebergements-nombre-personnes has-link-color wp-elements-f7c87e54e38b0809136675ff6bf5c315 wp-block-post-terms has-text-color has-base-2-color has-medium-font-size has-roboto-font-family gt-fse-widgets-ctv-open-product\"><span class=\"gt-fse-widgets-ctv-open-product\">2<\/span><\/div>\n\n\n<p class=\"has-base-2-color has-text-color has-link-color has-medium-font-size wp-elements-ed300d43f37d8c22950d8ef97712d50f gt-fse-widgets-ctv-open-product\">Pers.<\/p>\n<\/div>\n\n\n\n<div class=\"wp-block-group is-nowrap is-layout-flex wp-container-core-group-is-layout-89a94f6a wp-block-group-is-layout-flex gt-fse-widgets-ctv-open-product\">\n<figure class=\"wp-block-image size-full is-resized wp-duotone-ededa9-ffffff-23 gt-fse-widgets-ctv-open-product\"><img decoding=\"async\" width=\"512\" height=\"512\" src=\"https:\/\/www.camping2laplage.com\/wp-content\/uploads\/2025\/07\/chambre.webp\" alt=\"chambre\" class=\"wp-image-1024 gt-fse-widgets-ctv-open-product\" style=\"width:25px\" srcset=\"https:\/\/www.camping2laplage.com\/wp-content\/uploads\/2025\/07\/chambre.webp 512w, https:\/\/www.camping2laplage.com\/wp-content\/uploads\/2025\/07\/chambre-300x300.webp 300w, https:\/\/www.camping2laplage.com\/wp-content\/uploads\/2025\/07\/chambre-150x150.webp 150w\" sizes=\"(max-width: 512px) 100vw, 512px\" \/><\/figure>\n\n\n<div class=\"taxonomy-gt-hebergements-nombre-chambres has-link-color wp-elements-9ef64b592c523db51bc710735ecf05b9 wp-block-post-terms has-text-color has-base-2-color has-medium-font-size has-roboto-font-family gt-fse-widgets-ctv-open-product\"><span class=\"gt-fse-widgets-ctv-open-product\">1<\/span><\/div>\n\n\n<p class=\"has-base-2-color has-text-color has-link-color has-medium-font-size wp-elements-9a187f19e657d0a1a7cff608aeff72a2 gt-fse-widgets-ctv-open-product\">ch.<\/p>\n<\/div>\n\n\n\n<div class=\"wp-block-group is-nowrap is-layout-flex wp-container-core-group-is-layout-89a94f6a wp-block-group-is-layout-flex gt-fse-widgets-ctv-open-product\">\n<figure class=\"wp-block-image size-full is-resized wp-duotone-ededa9-ffffff-24 gt-fse-widgets-ctv-open-product\"><img decoding=\"async\" width=\"300\" height=\"300\" src=\"https:\/\/www.camping2laplage.com\/wp-content\/uploads\/2025\/07\/surface.webp\" alt=\"surface\" class=\"wp-image-1028 gt-fse-widgets-ctv-open-product\" style=\"width:25px\" srcset=\"https:\/\/www.camping2laplage.com\/wp-content\/uploads\/2025\/07\/surface.webp 300w, https:\/\/www.camping2laplage.com\/wp-content\/uploads\/2025\/07\/surface-150x150.webp 150w\" sizes=\"(max-width: 300px) 100vw, 300px\" \/><\/figure>\n\n\n<div class=\"taxonomy-gt-hebergements-superficie has-link-color wp-elements-cafe8390f833754c2c2fbce3d1413350 wp-block-post-terms has-text-color has-base-2-color has-medium-font-size has-roboto-font-family gt-fse-widgets-ctv-open-product\"><span class=\"gt-fse-widgets-ctv-open-product\">20<\/span><\/div>\n\n\n<p class=\"has-base-2-color has-text-color has-link-color has-medium-font-size wp-elements-cf28bc533e0468d76b0d039beb27e42a gt-fse-widgets-ctv-open-product\">m\u00b2<\/p>\n<\/div>\n<\/div>\n<\/div><\/div>\n<\/div>\n\n<\/li><li data-gt-Thelis-product-id=\"\" data-gt-bathrooms=\"22\" data-gt-campings=\"\" data-gt-capacities=\"28\" data-gt-ctv-product-id=\"52087\" data-gt-gammes=\"\" data-gt-options=\"\" data-gt-rooms=\"27\" data-gt-superficies=\"26\" data-gt-types=\"17\" data-wp-key=\"post-template-item-2548\" class=\"wp-block-post post-2548 hebergement type-hebergement status-publish has-post-thumbnail hentry gt-hebergements-types-location gt-hebergements-nombre-personnes-28 gt-hebergements-nombre-chambres-27 gt-hebergements-nombre-sdb-22 gt-hebergements-superficie-26 gt-fse-widgets-ctv-open-product\">\n\n<div class=\"wp-block-group gt-hebergement-wrap has-global-padding is-layout-constrained wp-block-group-is-layout-constrained gt-fse-widgets-ctv-open-product\" style=\"margin-top:0px\">\n<div data-swiper=\"{&quot;speed&quot;:1000,&quot;autoplay&quot;:{&quot;delay&quot;:5000,&quot;disableOnInteraction&quot;:false},&quot;spaceBetween&quot;:0,&quot;slidesPerView&quot;:1,&quot;pagination&quot;:{&quot;el&quot;:&quot;.swiper-pagination&quot;,&quot;dynamicBullets&quot;:true,&quot;clickable&quot;:true,&quot;type&quot;:&quot;bullets&quot;},&quot;navigation&quot;:{&quot;nextEl&quot;:&quot;.swiper-button-next&quot;,&quot;prevEl&quot;:&quot;.swiper-button-prev&quot;},&quot;breakpoints&quot;:[{&quot;slidesPerView&quot;:1}]}\" class=\"wp-block-cover has-custom-content-position is-position-bottom-center hebergement-featured-image gt-fse-widgets-ctv-open-product\" style=\"border-radius:25px;padding-top:0px;padding-right:0px;padding-bottom:0px;padding-left:0px;min-height:430px;aspect-ratio:unset;\"><span aria-hidden=\"true\" class=\"wp-block-cover__background has-background-dim-80 has-background-dim has-background-gradient gt-fse-widgets-ctv-open-product\" style=\"background:linear-gradient(0deg,rgb(0,0,0) 26%,rgba(0,0,0,0) 42%)\"><\/span><img decoding=\"async\" width=\"1176\" height=\"882\" src=\"https:\/\/www.camping2laplage.com\/wp-content\/uploads\/2025\/08\/mh-confort-31.jpg\" class=\"wp-block-cover__image-background wp-post-image gt-fse-widgets-ctv-open-product\" alt=\"mh Komfort\" data-object-fit=\"cover\" srcset=\"https:\/\/www.camping2laplage.com\/wp-content\/uploads\/2025\/08\/mh-confort-31.jpg 1176w, https:\/\/www.camping2laplage.com\/wp-content\/uploads\/2025\/08\/mh-confort-31-300x225.jpg 300w, https:\/\/www.camping2laplage.com\/wp-content\/uploads\/2025\/08\/mh-confort-31-1024x768.jpg 1024w, https:\/\/www.camping2laplage.com\/wp-content\/uploads\/2025\/08\/mh-confort-31-768x576.jpg 768w\" sizes=\"(max-width: 1176px) 100vw, 1176px\" \/><div class=\"wp-block-cover__inner-container has-global-padding is-layout-constrained wp-container-core-cover-is-layout-f5c98baf wp-block-cover-is-layout-constrained gt-fse-widgets-ctv-open-product\">\n<div class=\"wp-block-group titre-fleche is-nowrap is-layout-flex wp-container-core-group-is-layout-6c531013 wp-block-group-is-layout-flex gt-fse-widgets-ctv-open-product\">\n<p class=\"has-text-align-left hebergement-title gt-btn-arrow has-base-2-color has-text-color has-link-color has-basteleur-font-family wp-elements-9c563c41f13d6fedd8c90588c141348d gt-fse-widgets-ctv-open-product\" style=\"padding-right:0;padding-left:1.5rem;font-size:clamp(18.959px, 1.185rem + ((1vw - 3.2px) * 0.657), 30px);font-style:normal;font-weight:700;text-transform:uppercase\">Mobilheim Komfort 31 m\u00b2<\/p>\n\n\n\n<figure class=\"wp-block-image size-large is-resized fleche wp-duotone-rgb255255255-ccc-25 gt-fse-widgets-ctv-open-product\"><img decoding=\"async\" width=\"17\" height=\"12\" src=\"https:\/\/www.camping2laplage.com\/wp-content\/uploads\/2025\/07\/arrows-btn.svg\" alt=\"arrows btn\" class=\"wp-image-176 gt-fse-widgets-ctv-open-product\" style=\"object-fit:contain;width:15px;height:15px\"\/><\/figure>\n<\/div>\n\n\n\n<div class=\"wp-block-group alignfull hebergement-icons has-custom-rouge-background-color has-background is-content-justification-center is-nowrap is-layout-flex wp-container-core-group-is-layout-4e3a5801 wp-block-group-is-layout-flex gt-fse-widgets-ctv-open-product\" style=\"padding-top:var(--wp--preset--spacing--10);padding-right:1rem;padding-bottom:var(--wp--preset--spacing--10);padding-left:1rem\">\n<div class=\"wp-block-group is-nowrap is-layout-flex wp-container-core-group-is-layout-513c09f2 wp-block-group-is-layout-flex gt-fse-widgets-ctv-open-product\">\n<figure class=\"wp-block-image size-full is-resized wp-duotone-ededa9-ccc-26 gt-fse-widgets-ctv-open-product\"><img decoding=\"async\" width=\"300\" height=\"300\" src=\"https:\/\/www.camping2laplage.com\/wp-content\/uploads\/2025\/07\/personnes.webp\" alt=\"personnes\" class=\"wp-image-1020 gt-fse-widgets-ctv-open-product\" style=\"width:25px\" srcset=\"https:\/\/www.camping2laplage.com\/wp-content\/uploads\/2025\/07\/personnes.webp 300w, https:\/\/www.camping2laplage.com\/wp-content\/uploads\/2025\/07\/personnes-150x150.webp 150w\" sizes=\"(max-width: 300px) 100vw, 300px\" \/><\/figure>\n\n\n<div class=\"taxonomy-gt-hebergements-nombre-personnes has-link-color wp-elements-f7c87e54e38b0809136675ff6bf5c315 wp-block-post-terms has-text-color has-base-2-color has-medium-font-size has-roboto-font-family gt-fse-widgets-ctv-open-product\"><span class=\"gt-fse-widgets-ctv-open-product\">6<\/span><\/div>\n\n\n<p class=\"has-base-2-color has-text-color has-link-color has-medium-font-size wp-elements-ed300d43f37d8c22950d8ef97712d50f gt-fse-widgets-ctv-open-product\">Pers.<\/p>\n<\/div>\n\n\n\n<div class=\"wp-block-group is-nowrap is-layout-flex wp-container-core-group-is-layout-89a94f6a wp-block-group-is-layout-flex gt-fse-widgets-ctv-open-product\">\n<figure class=\"wp-block-image size-full is-resized wp-duotone-ededa9-ffffff-27 gt-fse-widgets-ctv-open-product\"><img decoding=\"async\" width=\"512\" height=\"512\" src=\"https:\/\/www.camping2laplage.com\/wp-content\/uploads\/2025\/07\/chambre.webp\" alt=\"chambre\" class=\"wp-image-1024 gt-fse-widgets-ctv-open-product\" style=\"width:25px\" srcset=\"https:\/\/www.camping2laplage.com\/wp-content\/uploads\/2025\/07\/chambre.webp 512w, https:\/\/www.camping2laplage.com\/wp-content\/uploads\/2025\/07\/chambre-300x300.webp 300w, https:\/\/www.camping2laplage.com\/wp-content\/uploads\/2025\/07\/chambre-150x150.webp 150w\" sizes=\"(max-width: 512px) 100vw, 512px\" \/><\/figure>\n\n\n<div class=\"taxonomy-gt-hebergements-nombre-chambres has-link-color wp-elements-9ef64b592c523db51bc710735ecf05b9 wp-block-post-terms has-text-color has-base-2-color has-medium-font-size has-roboto-font-family gt-fse-widgets-ctv-open-product\"><span class=\"gt-fse-widgets-ctv-open-product\">3<\/span><\/div>\n\n\n<p class=\"has-base-2-color has-text-color has-link-color has-medium-font-size wp-elements-9a187f19e657d0a1a7cff608aeff72a2 gt-fse-widgets-ctv-open-product\">ch.<\/p>\n<\/div>\n\n\n\n<div class=\"wp-block-group is-nowrap is-layout-flex wp-container-core-group-is-layout-89a94f6a wp-block-group-is-layout-flex gt-fse-widgets-ctv-open-product\">\n<figure class=\"wp-block-image size-full is-resized wp-duotone-ededa9-ffffff-28 gt-fse-widgets-ctv-open-product\"><img decoding=\"async\" width=\"300\" height=\"300\" src=\"https:\/\/www.camping2laplage.com\/wp-content\/uploads\/2025\/07\/surface.webp\" alt=\"surface\" class=\"wp-image-1028 gt-fse-widgets-ctv-open-product\" style=\"width:25px\" srcset=\"https:\/\/www.camping2laplage.com\/wp-content\/uploads\/2025\/07\/surface.webp 300w, https:\/\/www.camping2laplage.com\/wp-content\/uploads\/2025\/07\/surface-150x150.webp 150w\" sizes=\"(max-width: 300px) 100vw, 300px\" \/><\/figure>\n\n\n<div class=\"taxonomy-gt-hebergements-superficie has-link-color wp-elements-cafe8390f833754c2c2fbce3d1413350 wp-block-post-terms has-text-color has-base-2-color has-medium-font-size has-roboto-font-family gt-fse-widgets-ctv-open-product\"><span class=\"gt-fse-widgets-ctv-open-product\">31<\/span><\/div>\n\n\n<p class=\"has-base-2-color has-text-color has-link-color has-medium-font-size wp-elements-cf28bc533e0468d76b0d039beb27e42a gt-fse-widgets-ctv-open-product\">m\u00b2<\/p>\n<\/div>\n<\/div>\n<\/div><\/div>\n<\/div>\n\n<\/li><li data-gt-Thelis-product-id=\"\" data-gt-bathrooms=\"22\" data-gt-campings=\"\" data-gt-capacities=\"28\" data-gt-ctv-product-id=\"97374\" data-gt-gammes=\"\" data-gt-options=\"\" data-gt-rooms=\"27\" data-gt-superficies=\"26\" data-gt-types=\"17\" data-wp-key=\"post-template-item-2552\" class=\"wp-block-post post-2552 hebergement type-hebergement status-publish has-post-thumbnail hentry gt-hebergements-types-location gt-hebergements-nombre-personnes-28 gt-hebergements-nombre-chambres-27 gt-hebergements-nombre-sdb-22 gt-hebergements-superficie-26 gt-fse-widgets-ctv-open-product\">\n\n<div class=\"wp-block-group gt-hebergement-wrap has-global-padding is-layout-constrained wp-block-group-is-layout-constrained gt-fse-widgets-ctv-open-product\" style=\"margin-top:0px\">\n<div data-swiper=\"{&quot;speed&quot;:1000,&quot;autoplay&quot;:{&quot;delay&quot;:5000,&quot;disableOnInteraction&quot;:false},&quot;spaceBetween&quot;:0,&quot;slidesPerView&quot;:1,&quot;pagination&quot;:{&quot;el&quot;:&quot;.swiper-pagination&quot;,&quot;dynamicBullets&quot;:true,&quot;clickable&quot;:true,&quot;type&quot;:&quot;bullets&quot;},&quot;navigation&quot;:{&quot;nextEl&quot;:&quot;.swiper-button-next&quot;,&quot;prevEl&quot;:&quot;.swiper-button-prev&quot;},&quot;breakpoints&quot;:[{&quot;slidesPerView&quot;:1}]}\" class=\"wp-block-cover has-custom-content-position is-position-bottom-center hebergement-featured-image gt-fse-widgets-ctv-open-product\" style=\"border-radius:25px;padding-top:0px;padding-right:0px;padding-bottom:0px;padding-left:0px;min-height:430px;aspect-ratio:unset;\"><span aria-hidden=\"true\" class=\"wp-block-cover__background has-background-dim-80 has-background-dim has-background-gradient gt-fse-widgets-ctv-open-product\" style=\"background:linear-gradient(0deg,rgb(0,0,0) 26%,rgba(0,0,0,0) 42%)\"><\/span><img decoding=\"async\" width=\"1176\" height=\"882\" src=\"https:\/\/www.camping2laplage.com\/wp-content\/uploads\/2025\/08\/mobil-home-panoramique.jpg\" class=\"wp-block-cover__image-background wp-post-image gt-fse-widgets-ctv-open-product\" alt=\"Mobilheim Panorama\" data-object-fit=\"cover\" srcset=\"https:\/\/www.camping2laplage.com\/wp-content\/uploads\/2025\/08\/mobil-home-panoramique.jpg 1176w, https:\/\/www.camping2laplage.com\/wp-content\/uploads\/2025\/08\/mobil-home-panoramique-300x225.jpg 300w, https:\/\/www.camping2laplage.com\/wp-content\/uploads\/2025\/08\/mobil-home-panoramique-1024x768.jpg 1024w, https:\/\/www.camping2laplage.com\/wp-content\/uploads\/2025\/08\/mobil-home-panoramique-768x576.jpg 768w\" sizes=\"(max-width: 1176px) 100vw, 1176px\" \/><div class=\"wp-block-cover__inner-container has-global-padding is-layout-constrained wp-container-core-cover-is-layout-f5c98baf wp-block-cover-is-layout-constrained gt-fse-widgets-ctv-open-product\">\n<div class=\"wp-block-group titre-fleche is-nowrap is-layout-flex wp-container-core-group-is-layout-6c531013 wp-block-group-is-layout-flex gt-fse-widgets-ctv-open-product\">\n<p class=\"has-text-align-left hebergement-title gt-btn-arrow has-base-2-color has-text-color has-link-color has-basteleur-font-family wp-elements-9c563c41f13d6fedd8c90588c141348d gt-fse-widgets-ctv-open-product\" style=\"padding-right:0;padding-left:1.5rem;font-size:clamp(18.959px, 1.185rem + ((1vw - 3.2px) * 0.657), 30px);font-style:normal;font-weight:700;text-transform:uppercase\">Mobilheim Panoramic 31m\u00b2  <\/p>\n\n\n\n<figure class=\"wp-block-image size-large is-resized fleche wp-duotone-rgb255255255-ccc-29 gt-fse-widgets-ctv-open-product\"><img decoding=\"async\" width=\"17\" height=\"12\" src=\"https:\/\/www.camping2laplage.com\/wp-content\/uploads\/2025\/07\/arrows-btn.svg\" alt=\"arrows btn\" class=\"wp-image-176 gt-fse-widgets-ctv-open-product\" style=\"object-fit:contain;width:15px;height:15px\"\/><\/figure>\n<\/div>\n\n\n\n<div class=\"wp-block-group alignfull hebergement-icons has-custom-rouge-background-color has-background is-content-justification-center is-nowrap is-layout-flex wp-container-core-group-is-layout-4e3a5801 wp-block-group-is-layout-flex gt-fse-widgets-ctv-open-product\" style=\"padding-top:var(--wp--preset--spacing--10);padding-right:1rem;padding-bottom:var(--wp--preset--spacing--10);padding-left:1rem\">\n<div class=\"wp-block-group is-nowrap is-layout-flex wp-container-core-group-is-layout-513c09f2 wp-block-group-is-layout-flex gt-fse-widgets-ctv-open-product\">\n<figure class=\"wp-block-image size-full is-resized wp-duotone-ededa9-ccc-30 gt-fse-widgets-ctv-open-product\"><img decoding=\"async\" width=\"300\" height=\"300\" src=\"https:\/\/www.camping2laplage.com\/wp-content\/uploads\/2025\/07\/personnes.webp\" alt=\"personnes\" class=\"wp-image-1020 gt-fse-widgets-ctv-open-product\" style=\"width:25px\" srcset=\"https:\/\/www.camping2laplage.com\/wp-content\/uploads\/2025\/07\/personnes.webp 300w, https:\/\/www.camping2laplage.com\/wp-content\/uploads\/2025\/07\/personnes-150x150.webp 150w\" sizes=\"(max-width: 300px) 100vw, 300px\" \/><\/figure>\n\n\n<div class=\"taxonomy-gt-hebergements-nombre-personnes has-link-color wp-elements-f7c87e54e38b0809136675ff6bf5c315 wp-block-post-terms has-text-color has-base-2-color has-medium-font-size has-roboto-font-family gt-fse-widgets-ctv-open-product\"><span class=\"gt-fse-widgets-ctv-open-product\">6<\/span><\/div>\n\n\n<p class=\"has-base-2-color has-text-color has-link-color has-medium-font-size wp-elements-ed300d43f37d8c22950d8ef97712d50f gt-fse-widgets-ctv-open-product\">Pers.<\/p>\n<\/div>\n\n\n\n<div class=\"wp-block-group is-nowrap is-layout-flex wp-container-core-group-is-layout-89a94f6a wp-block-group-is-layout-flex gt-fse-widgets-ctv-open-product\">\n<figure class=\"wp-block-image size-full is-resized wp-duotone-ededa9-ffffff-31 gt-fse-widgets-ctv-open-product\"><img decoding=\"async\" width=\"512\" height=\"512\" src=\"https:\/\/www.camping2laplage.com\/wp-content\/uploads\/2025\/07\/chambre.webp\" alt=\"chambre\" class=\"wp-image-1024 gt-fse-widgets-ctv-open-product\" style=\"width:25px\" srcset=\"https:\/\/www.camping2laplage.com\/wp-content\/uploads\/2025\/07\/chambre.webp 512w, https:\/\/www.camping2laplage.com\/wp-content\/uploads\/2025\/07\/chambre-300x300.webp 300w, https:\/\/www.camping2laplage.com\/wp-content\/uploads\/2025\/07\/chambre-150x150.webp 150w\" sizes=\"(max-width: 512px) 100vw, 512px\" \/><\/figure>\n\n\n<div class=\"taxonomy-gt-hebergements-nombre-chambres has-link-color wp-elements-9ef64b592c523db51bc710735ecf05b9 wp-block-post-terms has-text-color has-base-2-color has-medium-font-size has-roboto-font-family gt-fse-widgets-ctv-open-product\"><span class=\"gt-fse-widgets-ctv-open-product\">3<\/span><\/div>\n\n\n<p class=\"has-base-2-color has-text-color has-link-color has-medium-font-size wp-elements-9a187f19e657d0a1a7cff608aeff72a2 gt-fse-widgets-ctv-open-product\">ch.<\/p>\n<\/div>\n\n\n\n<div class=\"wp-block-group is-nowrap is-layout-flex wp-container-core-group-is-layout-89a94f6a wp-block-group-is-layout-flex gt-fse-widgets-ctv-open-product\">\n<figure class=\"wp-block-image size-full is-resized wp-duotone-ededa9-ffffff-32 gt-fse-widgets-ctv-open-product\"><img decoding=\"async\" width=\"300\" height=\"300\" src=\"https:\/\/www.camping2laplage.com\/wp-content\/uploads\/2025\/07\/surface.webp\" alt=\"surface\" class=\"wp-image-1028 gt-fse-widgets-ctv-open-product\" style=\"width:25px\" srcset=\"https:\/\/www.camping2laplage.com\/wp-content\/uploads\/2025\/07\/surface.webp 300w, https:\/\/www.camping2laplage.com\/wp-content\/uploads\/2025\/07\/surface-150x150.webp 150w\" sizes=\"(max-width: 300px) 100vw, 300px\" \/><\/figure>\n\n\n<div class=\"taxonomy-gt-hebergements-superficie has-link-color wp-elements-cafe8390f833754c2c2fbce3d1413350 wp-block-post-terms has-text-color has-base-2-color has-medium-font-size has-roboto-font-family gt-fse-widgets-ctv-open-product\"><span class=\"gt-fse-widgets-ctv-open-product\">31<\/span><\/div>\n\n\n<p class=\"has-base-2-color has-text-color has-link-color has-medium-font-size wp-elements-cf28bc533e0468d76b0d039beb27e42a gt-fse-widgets-ctv-open-product\">m\u00b2<\/p>\n<\/div>\n<\/div>\n<\/div><\/div>\n<\/div>\n\n<\/li><li data-gt-Thelis-product-id=\"\" data-gt-bathrooms=\"22\" data-gt-campings=\"\" data-gt-capacities=\"30\" data-gt-ctv-product-id=\"138651\" data-gt-gammes=\"\" data-gt-options=\"\" data-gt-rooms=\"20\" data-gt-superficies=\"32\" data-gt-types=\"17\" data-wp-key=\"post-template-item-2511\" class=\"wp-block-post post-2511 hebergement type-hebergement status-publish has-post-thumbnail hentry gt-hebergements-types-location gt-hebergements-nombre-personnes-30 gt-hebergements-nombre-chambres-20 gt-hebergements-nombre-sdb-22 gt-hebergements-superficie-32 gt-fse-widgets-ctv-open-product\">\n\n<div class=\"wp-block-group gt-hebergement-wrap has-global-padding is-layout-constrained wp-block-group-is-layout-constrained gt-fse-widgets-ctv-open-product\" style=\"margin-top:0px\">\n<div data-swiper=\"{&quot;speed&quot;:1000,&quot;autoplay&quot;:{&quot;delay&quot;:5000,&quot;disableOnInteraction&quot;:false},&quot;spaceBetween&quot;:0,&quot;slidesPerView&quot;:1,&quot;pagination&quot;:{&quot;el&quot;:&quot;.swiper-pagination&quot;,&quot;dynamicBullets&quot;:true,&quot;clickable&quot;:true,&quot;type&quot;:&quot;bullets&quot;},&quot;navigation&quot;:{&quot;nextEl&quot;:&quot;.swiper-button-next&quot;,&quot;prevEl&quot;:&quot;.swiper-button-prev&quot;},&quot;breakpoints&quot;:[{&quot;slidesPerView&quot;:1}]}\" class=\"wp-block-cover has-custom-content-position is-position-bottom-center hebergement-featured-image gt-fse-widgets-ctv-open-product\" style=\"border-radius:25px;padding-top:0px;padding-right:0px;padding-bottom:0px;padding-left:0px;min-height:430px;aspect-ratio:unset;\"><span aria-hidden=\"true\" class=\"wp-block-cover__background has-background-dim-80 has-background-dim has-background-gradient gt-fse-widgets-ctv-open-product\" style=\"background:linear-gradient(0deg,rgb(0,0,0) 26%,rgba(0,0,0,0) 42%)\"><\/span><img decoding=\"async\" width=\"1199\" height=\"800\" src=\"https:\/\/www.camping2laplage.com\/wp-content\/uploads\/2025\/08\/location-camping-isere.jpg\" class=\"wp-block-cover__image-background wp-post-image gt-fse-widgets-ctv-open-product\" alt=\"vermietung campingplatz isere\" data-object-fit=\"cover\" srcset=\"https:\/\/www.camping2laplage.com\/wp-content\/uploads\/2025\/08\/location-camping-isere.jpg 1199w, https:\/\/www.camping2laplage.com\/wp-content\/uploads\/2025\/08\/location-camping-isere-300x200.jpg 300w, https:\/\/www.camping2laplage.com\/wp-content\/uploads\/2025\/08\/location-camping-isere-1024x683.jpg 1024w, https:\/\/www.camping2laplage.com\/wp-content\/uploads\/2025\/08\/location-camping-isere-768x512.jpg 768w\" sizes=\"(max-width: 1199px) 100vw, 1199px\" \/><div class=\"wp-block-cover__inner-container has-global-padding is-layout-constrained wp-container-core-cover-is-layout-f5c98baf wp-block-cover-is-layout-constrained gt-fse-widgets-ctv-open-product\">\n<div class=\"wp-block-group titre-fleche is-nowrap is-layout-flex wp-container-core-group-is-layout-6c531013 wp-block-group-is-layout-flex gt-fse-widgets-ctv-open-product\">\n<p class=\"has-text-align-left hebergement-title gt-btn-arrow has-base-2-color has-text-color has-link-color has-basteleur-font-family wp-elements-9c563c41f13d6fedd8c90588c141348d gt-fse-widgets-ctv-open-product\" style=\"padding-right:0;padding-left:1.5rem;font-size:clamp(18.959px, 1.185rem + ((1vw - 3.2px) * 0.657), 30px);font-style:normal;font-weight:700;text-transform:uppercase\">Chalet Premium Mor\u00e9a 25m\u00b2  <\/p>\n\n\n\n<figure class=\"wp-block-image size-large is-resized fleche wp-duotone-rgb255255255-ccc-33 gt-fse-widgets-ctv-open-product\"><img decoding=\"async\" width=\"17\" height=\"12\" src=\"https:\/\/www.camping2laplage.com\/wp-content\/uploads\/2025\/07\/arrows-btn.svg\" alt=\"arrows btn\" class=\"wp-image-176 gt-fse-widgets-ctv-open-product\" style=\"object-fit:contain;width:15px;height:15px\"\/><\/figure>\n<\/div>\n\n\n\n<div class=\"wp-block-group alignfull hebergement-icons has-custom-rouge-background-color has-background is-content-justification-center is-nowrap is-layout-flex wp-container-core-group-is-layout-4e3a5801 wp-block-group-is-layout-flex gt-fse-widgets-ctv-open-product\" style=\"padding-top:var(--wp--preset--spacing--10);padding-right:1rem;padding-bottom:var(--wp--preset--spacing--10);padding-left:1rem\">\n<div class=\"wp-block-group is-nowrap is-layout-flex wp-container-core-group-is-layout-513c09f2 wp-block-group-is-layout-flex gt-fse-widgets-ctv-open-product\">\n<figure class=\"wp-block-image size-full is-resized wp-duotone-ededa9-ccc-34 gt-fse-widgets-ctv-open-product\"><img decoding=\"async\" width=\"300\" height=\"300\" src=\"https:\/\/www.camping2laplage.com\/wp-content\/uploads\/2025\/07\/personnes.webp\" alt=\"personnes\" class=\"wp-image-1020 gt-fse-widgets-ctv-open-product\" style=\"width:25px\" srcset=\"https:\/\/www.camping2laplage.com\/wp-content\/uploads\/2025\/07\/personnes.webp 300w, https:\/\/www.camping2laplage.com\/wp-content\/uploads\/2025\/07\/personnes-150x150.webp 150w\" sizes=\"(max-width: 300px) 100vw, 300px\" \/><\/figure>\n\n\n<div class=\"taxonomy-gt-hebergements-nombre-personnes has-link-color wp-elements-f7c87e54e38b0809136675ff6bf5c315 wp-block-post-terms has-text-color has-base-2-color has-medium-font-size has-roboto-font-family gt-fse-widgets-ctv-open-product\"><span class=\"gt-fse-widgets-ctv-open-product\">5<\/span><\/div>\n\n\n<p class=\"has-base-2-color has-text-color has-link-color has-medium-font-size wp-elements-ed300d43f37d8c22950d8ef97712d50f gt-fse-widgets-ctv-open-product\">Pers.<\/p>\n<\/div>\n\n\n\n<div class=\"wp-block-group is-nowrap is-layout-flex wp-container-core-group-is-layout-89a94f6a wp-block-group-is-layout-flex gt-fse-widgets-ctv-open-product\">\n<figure class=\"wp-block-image size-full is-resized wp-duotone-ededa9-ffffff-35 gt-fse-widgets-ctv-open-product\"><img decoding=\"async\" width=\"512\" height=\"512\" src=\"https:\/\/www.camping2laplage.com\/wp-content\/uploads\/2025\/07\/chambre.webp\" alt=\"chambre\" class=\"wp-image-1024 gt-fse-widgets-ctv-open-product\" style=\"width:25px\" srcset=\"https:\/\/www.camping2laplage.com\/wp-content\/uploads\/2025\/07\/chambre.webp 512w, https:\/\/www.camping2laplage.com\/wp-content\/uploads\/2025\/07\/chambre-300x300.webp 300w, https:\/\/www.camping2laplage.com\/wp-content\/uploads\/2025\/07\/chambre-150x150.webp 150w\" sizes=\"(max-width: 512px) 100vw, 512px\" \/><\/figure>\n\n\n<div class=\"taxonomy-gt-hebergements-nombre-chambres has-link-color wp-elements-9ef64b592c523db51bc710735ecf05b9 wp-block-post-terms has-text-color has-base-2-color has-medium-font-size has-roboto-font-family gt-fse-widgets-ctv-open-product\"><span class=\"gt-fse-widgets-ctv-open-product\">2<\/span><\/div>\n\n\n<p class=\"has-base-2-color has-text-color has-link-color has-medium-font-size wp-elements-9a187f19e657d0a1a7cff608aeff72a2 gt-fse-widgets-ctv-open-product\">ch.<\/p>\n<\/div>\n\n\n\n<div class=\"wp-block-group is-nowrap is-layout-flex wp-container-core-group-is-layout-89a94f6a wp-block-group-is-layout-flex gt-fse-widgets-ctv-open-product\">\n<figure class=\"wp-block-image size-full is-resized wp-duotone-ededa9-ffffff-36 gt-fse-widgets-ctv-open-product\"><img decoding=\"async\" width=\"300\" height=\"300\" src=\"https:\/\/www.camping2laplage.com\/wp-content\/uploads\/2025\/07\/surface.webp\" alt=\"surface\" class=\"wp-image-1028 gt-fse-widgets-ctv-open-product\" style=\"width:25px\" srcset=\"https:\/\/www.camping2laplage.com\/wp-content\/uploads\/2025\/07\/surface.webp 300w, https:\/\/www.camping2laplage.com\/wp-content\/uploads\/2025\/07\/surface-150x150.webp 150w\" sizes=\"(max-width: 300px) 100vw, 300px\" \/><\/figure>\n\n\n<div class=\"taxonomy-gt-hebergements-superficie has-link-color wp-elements-cafe8390f833754c2c2fbce3d1413350 wp-block-post-terms has-text-color has-base-2-color has-medium-font-size has-roboto-font-family gt-fse-widgets-ctv-open-product\"><span class=\"gt-fse-widgets-ctv-open-product\">25<\/span><\/div>\n\n\n<p class=\"has-base-2-color has-text-color has-link-color has-medium-font-size wp-elements-cf28bc533e0468d76b0d039beb27e42a gt-fse-widgets-ctv-open-product\">m\u00b2<\/p>\n<\/div>\n<\/div>\n<\/div><\/div>\n<\/div>\n\n<\/li><li data-gt-Thelis-product-id=\"\" data-gt-bathrooms=\"22\" data-gt-campings=\"\" data-gt-capacities=\"30\" data-gt-ctv-product-id=\"95843\" data-gt-gammes=\"\" data-gt-options=\"\" data-gt-rooms=\"20\" data-gt-superficies=\"25\" data-gt-types=\"17\" data-wp-key=\"post-template-item-2533\" class=\"wp-block-post post-2533 hebergement type-hebergement status-publish has-post-thumbnail hentry gt-hebergements-types-location gt-hebergements-nombre-personnes-30 gt-hebergements-nombre-chambres-20 gt-hebergements-nombre-sdb-22 gt-hebergements-superficie-25 gt-fse-widgets-ctv-open-product\">\n\n<div class=\"wp-block-group gt-hebergement-wrap has-global-padding is-layout-constrained wp-block-group-is-layout-constrained gt-fse-widgets-ctv-open-product\" style=\"margin-top:0px\">\n<div data-swiper=\"{&quot;speed&quot;:1000,&quot;autoplay&quot;:{&quot;delay&quot;:5000,&quot;disableOnInteraction&quot;:false},&quot;spaceBetween&quot;:0,&quot;slidesPerView&quot;:1,&quot;pagination&quot;:{&quot;el&quot;:&quot;.swiper-pagination&quot;,&quot;dynamicBullets&quot;:true,&quot;clickable&quot;:true,&quot;type&quot;:&quot;bullets&quot;},&quot;navigation&quot;:{&quot;nextEl&quot;:&quot;.swiper-button-next&quot;,&quot;prevEl&quot;:&quot;.swiper-button-prev&quot;},&quot;breakpoints&quot;:[{&quot;slidesPerView&quot;:1}]}\" class=\"wp-block-cover has-custom-content-position is-position-bottom-center hebergement-featured-image gt-fse-widgets-ctv-open-product\" style=\"border-radius:25px;padding-top:0px;padding-right:0px;padding-bottom:0px;padding-left:0px;min-height:430px;aspect-ratio:unset;\"><span aria-hidden=\"true\" class=\"wp-block-cover__background has-background-dim-80 has-background-dim has-background-gradient gt-fse-widgets-ctv-open-product\" style=\"background:linear-gradient(0deg,rgb(0,0,0) 26%,rgba(0,0,0,0) 42%)\"><\/span><img decoding=\"async\" width=\"1176\" height=\"882\" src=\"https:\/\/www.camping2laplage.com\/wp-content\/uploads\/2025\/08\/tente.jpg\" class=\"wp-block-cover__image-background wp-post-image gt-fse-widgets-ctv-open-product\" alt=\"Zelt\" data-object-fit=\"cover\" srcset=\"https:\/\/www.camping2laplage.com\/wp-content\/uploads\/2025\/08\/tente.jpg 1176w, https:\/\/www.camping2laplage.com\/wp-content\/uploads\/2025\/08\/tente-300x225.jpg 300w, https:\/\/www.camping2laplage.com\/wp-content\/uploads\/2025\/08\/tente-1024x768.jpg 1024w, https:\/\/www.camping2laplage.com\/wp-content\/uploads\/2025\/08\/tente-768x576.jpg 768w\" sizes=\"(max-width: 1176px) 100vw, 1176px\" \/><div class=\"wp-block-cover__inner-container has-global-padding is-layout-constrained wp-container-core-cover-is-layout-f5c98baf wp-block-cover-is-layout-constrained gt-fse-widgets-ctv-open-product\">\n<div class=\"wp-block-group titre-fleche is-nowrap is-layout-flex wp-container-core-group-is-layout-6c531013 wp-block-group-is-layout-flex gt-fse-widgets-ctv-open-product\">\n<p class=\"has-text-align-left hebergement-title gt-btn-arrow has-base-2-color has-text-color has-link-color has-basteleur-font-family wp-elements-9c563c41f13d6fedd8c90588c141348d gt-fse-widgets-ctv-open-product\" style=\"padding-right:0;padding-left:1.5rem;font-size:clamp(18.959px, 1.185rem + ((1vw - 3.2px) * 0.657), 30px);font-style:normal;font-weight:700;text-transform:uppercase\">Trapper Zelt 20 m\u00b2<\/p>\n\n\n\n<figure class=\"wp-block-image size-large is-resized fleche wp-duotone-rgb255255255-ccc-37 gt-fse-widgets-ctv-open-product\"><img decoding=\"async\" width=\"17\" height=\"12\" src=\"https:\/\/www.camping2laplage.com\/wp-content\/uploads\/2025\/07\/arrows-btn.svg\" alt=\"arrows btn\" class=\"wp-image-176 gt-fse-widgets-ctv-open-product\" style=\"object-fit:contain;width:15px;height:15px\"\/><\/figure>\n<\/div>\n\n\n\n<div class=\"wp-block-group alignfull hebergement-icons has-custom-rouge-background-color has-background is-content-justification-center is-nowrap is-layout-flex wp-container-core-group-is-layout-4e3a5801 wp-block-group-is-layout-flex gt-fse-widgets-ctv-open-product\" style=\"padding-top:var(--wp--preset--spacing--10);padding-right:1rem;padding-bottom:var(--wp--preset--spacing--10);padding-left:1rem\">\n<div class=\"wp-block-group is-nowrap is-layout-flex wp-container-core-group-is-layout-513c09f2 wp-block-group-is-layout-flex gt-fse-widgets-ctv-open-product\">\n<figure class=\"wp-block-image size-full is-resized wp-duotone-ededa9-ccc-38 gt-fse-widgets-ctv-open-product\"><img decoding=\"async\" width=\"300\" height=\"300\" src=\"https:\/\/www.camping2laplage.com\/wp-content\/uploads\/2025\/07\/personnes.webp\" alt=\"personnes\" class=\"wp-image-1020 gt-fse-widgets-ctv-open-product\" style=\"width:25px\" srcset=\"https:\/\/www.camping2laplage.com\/wp-content\/uploads\/2025\/07\/personnes.webp 300w, https:\/\/www.camping2laplage.com\/wp-content\/uploads\/2025\/07\/personnes-150x150.webp 150w\" sizes=\"(max-width: 300px) 100vw, 300px\" \/><\/figure>\n\n\n<div class=\"taxonomy-gt-hebergements-nombre-personnes has-link-color wp-elements-f7c87e54e38b0809136675ff6bf5c315 wp-block-post-terms has-text-color has-base-2-color has-medium-font-size has-roboto-font-family gt-fse-widgets-ctv-open-product\"><span class=\"gt-fse-widgets-ctv-open-product\">5<\/span><\/div>\n\n\n<p class=\"has-base-2-color has-text-color has-link-color has-medium-font-size wp-elements-ed300d43f37d8c22950d8ef97712d50f gt-fse-widgets-ctv-open-product\">Pers.<\/p>\n<\/div>\n\n\n\n<div class=\"wp-block-group is-nowrap is-layout-flex wp-container-core-group-is-layout-89a94f6a wp-block-group-is-layout-flex gt-fse-widgets-ctv-open-product\">\n<figure class=\"wp-block-image size-full is-resized wp-duotone-ededa9-ffffff-39 gt-fse-widgets-ctv-open-product\"><img decoding=\"async\" width=\"512\" height=\"512\" src=\"https:\/\/www.camping2laplage.com\/wp-content\/uploads\/2025\/07\/chambre.webp\" alt=\"chambre\" class=\"wp-image-1024 gt-fse-widgets-ctv-open-product\" style=\"width:25px\" srcset=\"https:\/\/www.camping2laplage.com\/wp-content\/uploads\/2025\/07\/chambre.webp 512w, https:\/\/www.camping2laplage.com\/wp-content\/uploads\/2025\/07\/chambre-300x300.webp 300w, https:\/\/www.camping2laplage.com\/wp-content\/uploads\/2025\/07\/chambre-150x150.webp 150w\" sizes=\"(max-width: 512px) 100vw, 512px\" \/><\/figure>\n\n\n<div class=\"taxonomy-gt-hebergements-nombre-chambres has-link-color wp-elements-9ef64b592c523db51bc710735ecf05b9 wp-block-post-terms has-text-color has-base-2-color has-medium-font-size has-roboto-font-family gt-fse-widgets-ctv-open-product\"><span class=\"gt-fse-widgets-ctv-open-product\">2<\/span><\/div>\n\n\n<p class=\"has-base-2-color has-text-color has-link-color has-medium-font-size wp-elements-9a187f19e657d0a1a7cff608aeff72a2 gt-fse-widgets-ctv-open-product\">ch.<\/p>\n<\/div>\n\n\n\n<div class=\"wp-block-group is-nowrap is-layout-flex wp-container-core-group-is-layout-89a94f6a wp-block-group-is-layout-flex gt-fse-widgets-ctv-open-product\">\n<figure class=\"wp-block-image size-full is-resized wp-duotone-ededa9-ffffff-40 gt-fse-widgets-ctv-open-product\"><img decoding=\"async\" width=\"300\" height=\"300\" src=\"https:\/\/www.camping2laplage.com\/wp-content\/uploads\/2025\/07\/surface.webp\" alt=\"surface\" class=\"wp-image-1028 gt-fse-widgets-ctv-open-product\" style=\"width:25px\" srcset=\"https:\/\/www.camping2laplage.com\/wp-content\/uploads\/2025\/07\/surface.webp 300w, https:\/\/www.camping2laplage.com\/wp-content\/uploads\/2025\/07\/surface-150x150.webp 150w\" sizes=\"(max-width: 300px) 100vw, 300px\" \/><\/figure>\n\n\n<div class=\"taxonomy-gt-hebergements-superficie has-link-color wp-elements-cafe8390f833754c2c2fbce3d1413350 wp-block-post-terms has-text-color has-base-2-color has-medium-font-size has-roboto-font-family gt-fse-widgets-ctv-open-product\"><span class=\"gt-fse-widgets-ctv-open-product\">20<\/span><\/div>\n\n\n<p class=\"has-base-2-color has-text-color has-link-color has-medium-font-size wp-elements-cf28bc533e0468d76b0d039beb27e42a gt-fse-widgets-ctv-open-product\">m\u00b2<\/p>\n<\/div>\n<\/div>\n<\/div><\/div>\n<\/div>\n\n<\/li><li data-gt-Thelis-product-id=\"\" data-gt-bathrooms=\"22\" data-gt-campings=\"\" data-gt-capacities=\"19\" data-gt-ctv-product-id=\"138648\" data-gt-gammes=\"\" data-gt-options=\"\" data-gt-rooms=\"20\" data-gt-superficies=\"33\" data-gt-types=\"17\" data-wp-key=\"post-template-item-2538\" class=\"wp-block-post post-2538 hebergement type-hebergement status-publish has-post-thumbnail hentry gt-hebergements-types-location gt-hebergements-nombre-personnes-19 gt-hebergements-nombre-chambres-20 gt-hebergements-nombre-sdb-22 gt-hebergements-superficie-33 gt-fse-widgets-ctv-open-product\">\n\n<div class=\"wp-block-group gt-hebergement-wrap has-global-padding is-layout-constrained wp-block-group-is-layout-constrained gt-fse-widgets-ctv-open-product\" style=\"margin-top:0px\">\n<div data-swiper=\"{&quot;speed&quot;:1000,&quot;autoplay&quot;:{&quot;delay&quot;:5000,&quot;disableOnInteraction&quot;:false},&quot;spaceBetween&quot;:0,&quot;slidesPerView&quot;:1,&quot;pagination&quot;:{&quot;el&quot;:&quot;.swiper-pagination&quot;,&quot;dynamicBullets&quot;:true,&quot;clickable&quot;:true,&quot;type&quot;:&quot;bullets&quot;},&quot;navigation&quot;:{&quot;nextEl&quot;:&quot;.swiper-button-next&quot;,&quot;prevEl&quot;:&quot;.swiper-button-prev&quot;},&quot;breakpoints&quot;:[{&quot;slidesPerView&quot;:1}]}\" class=\"wp-block-cover has-custom-content-position is-position-bottom-center hebergement-featured-image gt-fse-widgets-ctv-open-product\" style=\"border-radius:25px;padding-top:0px;padding-right:0px;padding-bottom:0px;padding-left:0px;min-height:430px;aspect-ratio:unset;\"><span aria-hidden=\"true\" class=\"wp-block-cover__background has-background-dim-80 has-background-dim has-background-gradient gt-fse-widgets-ctv-open-product\" style=\"background:linear-gradient(0deg,rgb(0,0,0) 26%,rgba(0,0,0,0) 42%)\"><\/span><img decoding=\"async\" width=\"1176\" height=\"882\" src=\"https:\/\/www.camping2laplage.com\/wp-content\/uploads\/2025\/08\/roulotte-escapade.jpg\" class=\"wp-block-cover__image-background wp-post-image gt-fse-widgets-ctv-open-product\" alt=\"Zigeunerwagen Escapade\" data-object-fit=\"cover\" srcset=\"https:\/\/www.camping2laplage.com\/wp-content\/uploads\/2025\/08\/roulotte-escapade.jpg 1176w, https:\/\/www.camping2laplage.com\/wp-content\/uploads\/2025\/08\/roulotte-escapade-300x225.jpg 300w, https:\/\/www.camping2laplage.com\/wp-content\/uploads\/2025\/08\/roulotte-escapade-1024x768.jpg 1024w, https:\/\/www.camping2laplage.com\/wp-content\/uploads\/2025\/08\/roulotte-escapade-768x576.jpg 768w\" sizes=\"(max-width: 1176px) 100vw, 1176px\" \/><div class=\"wp-block-cover__inner-container has-global-padding is-layout-constrained wp-container-core-cover-is-layout-f5c98baf wp-block-cover-is-layout-constrained gt-fse-widgets-ctv-open-product\">\n<div class=\"wp-block-group titre-fleche is-nowrap is-layout-flex wp-container-core-group-is-layout-6c531013 wp-block-group-is-layout-flex gt-fse-widgets-ctv-open-product\">\n<p class=\"has-text-align-left hebergement-title gt-btn-arrow has-base-2-color has-text-color has-link-color has-basteleur-font-family wp-elements-9c563c41f13d6fedd8c90588c141348d gt-fse-widgets-ctv-open-product\" style=\"padding-right:0;padding-left:1.5rem;font-size:clamp(18.959px, 1.185rem + ((1vw - 3.2px) * 0.657), 30px);font-style:normal;font-weight:700;text-transform:uppercase\">Wohnwagen &#8218;Holistische Eskapade&#8216; &amp; Nordisches Bad<\/p>\n\n\n\n<figure class=\"wp-block-image size-large is-resized fleche wp-duotone-rgb255255255-ccc-41 gt-fse-widgets-ctv-open-product\"><img decoding=\"async\" width=\"17\" height=\"12\" src=\"https:\/\/www.camping2laplage.com\/wp-content\/uploads\/2025\/07\/arrows-btn.svg\" alt=\"arrows btn\" class=\"wp-image-176 gt-fse-widgets-ctv-open-product\" style=\"object-fit:contain;width:15px;height:15px\"\/><\/figure>\n<\/div>\n\n\n\n<div class=\"wp-block-group alignfull hebergement-icons has-custom-rouge-background-color has-background is-content-justification-center is-nowrap is-layout-flex wp-container-core-group-is-layout-4e3a5801 wp-block-group-is-layout-flex gt-fse-widgets-ctv-open-product\" style=\"padding-top:var(--wp--preset--spacing--10);padding-right:1rem;padding-bottom:var(--wp--preset--spacing--10);padding-left:1rem\">\n<div class=\"wp-block-group is-nowrap is-layout-flex wp-container-core-group-is-layout-513c09f2 wp-block-group-is-layout-flex gt-fse-widgets-ctv-open-product\">\n<figure class=\"wp-block-image size-full is-resized wp-duotone-ededa9-ccc-42 gt-fse-widgets-ctv-open-product\"><img decoding=\"async\" width=\"300\" height=\"300\" src=\"https:\/\/www.camping2laplage.com\/wp-content\/uploads\/2025\/07\/personnes.webp\" alt=\"personnes\" class=\"wp-image-1020 gt-fse-widgets-ctv-open-product\" style=\"width:25px\" srcset=\"https:\/\/www.camping2laplage.com\/wp-content\/uploads\/2025\/07\/personnes.webp 300w, https:\/\/www.camping2laplage.com\/wp-content\/uploads\/2025\/07\/personnes-150x150.webp 150w\" sizes=\"(max-width: 300px) 100vw, 300px\" \/><\/figure>\n\n\n<div class=\"taxonomy-gt-hebergements-nombre-personnes has-link-color wp-elements-f7c87e54e38b0809136675ff6bf5c315 wp-block-post-terms has-text-color has-base-2-color has-medium-font-size has-roboto-font-family gt-fse-widgets-ctv-open-product\"><span class=\"gt-fse-widgets-ctv-open-product\">4<\/span><\/div>\n\n\n<p class=\"has-base-2-color has-text-color has-link-color has-medium-font-size wp-elements-ed300d43f37d8c22950d8ef97712d50f gt-fse-widgets-ctv-open-product\">Pers.<\/p>\n<\/div>\n\n\n\n<div class=\"wp-block-group is-nowrap is-layout-flex wp-container-core-group-is-layout-89a94f6a wp-block-group-is-layout-flex gt-fse-widgets-ctv-open-product\">\n<figure class=\"wp-block-image size-full is-resized wp-duotone-ededa9-ffffff-43 gt-fse-widgets-ctv-open-product\"><img decoding=\"async\" width=\"512\" height=\"512\" src=\"https:\/\/www.camping2laplage.com\/wp-content\/uploads\/2025\/07\/chambre.webp\" alt=\"chambre\" class=\"wp-image-1024 gt-fse-widgets-ctv-open-product\" style=\"width:25px\" srcset=\"https:\/\/www.camping2laplage.com\/wp-content\/uploads\/2025\/07\/chambre.webp 512w, https:\/\/www.camping2laplage.com\/wp-content\/uploads\/2025\/07\/chambre-300x300.webp 300w, https:\/\/www.camping2laplage.com\/wp-content\/uploads\/2025\/07\/chambre-150x150.webp 150w\" sizes=\"(max-width: 512px) 100vw, 512px\" \/><\/figure>\n\n\n<div class=\"taxonomy-gt-hebergements-nombre-chambres has-link-color wp-elements-9ef64b592c523db51bc710735ecf05b9 wp-block-post-terms has-text-color has-base-2-color has-medium-font-size has-roboto-font-family gt-fse-widgets-ctv-open-product\"><span class=\"gt-fse-widgets-ctv-open-product\">2<\/span><\/div>\n\n\n<p class=\"has-base-2-color has-text-color has-link-color has-medium-font-size wp-elements-9a187f19e657d0a1a7cff608aeff72a2 gt-fse-widgets-ctv-open-product\">ch.<\/p>\n<\/div>\n\n\n\n<div class=\"wp-block-group is-nowrap is-layout-flex wp-container-core-group-is-layout-89a94f6a wp-block-group-is-layout-flex gt-fse-widgets-ctv-open-product\">\n<figure class=\"wp-block-image size-full is-resized wp-duotone-ededa9-ffffff-44 gt-fse-widgets-ctv-open-product\"><img decoding=\"async\" width=\"300\" height=\"300\" src=\"https:\/\/www.camping2laplage.com\/wp-content\/uploads\/2025\/07\/surface.webp\" alt=\"surface\" class=\"wp-image-1028 gt-fse-widgets-ctv-open-product\" style=\"width:25px\" srcset=\"https:\/\/www.camping2laplage.com\/wp-content\/uploads\/2025\/07\/surface.webp 300w, https:\/\/www.camping2laplage.com\/wp-content\/uploads\/2025\/07\/surface-150x150.webp 150w\" sizes=\"(max-width: 300px) 100vw, 300px\" \/><\/figure>\n\n\n<div class=\"taxonomy-gt-hebergements-superficie has-link-color wp-elements-cafe8390f833754c2c2fbce3d1413350 wp-block-post-terms has-text-color has-base-2-color has-medium-font-size has-roboto-font-family gt-fse-widgets-ctv-open-product\"><span class=\"gt-fse-widgets-ctv-open-product\">22<\/span><\/div>\n\n\n<p class=\"has-base-2-color has-text-color has-link-color has-medium-font-size wp-elements-cf28bc533e0468d76b0d039beb27e42a gt-fse-widgets-ctv-open-product\">m\u00b2<\/p>\n<\/div>\n<\/div>\n<\/div><\/div>\n<\/div>\n\n<\/li><li data-gt-Thelis-product-id=\"\" data-gt-bathrooms=\"22\" data-gt-campings=\"\" data-gt-capacities=\"19\" data-gt-ctv-product-id=\"138641\" data-gt-gammes=\"\" data-gt-options=\"\" data-gt-rooms=\"34\" data-gt-superficies=\"33\" data-gt-types=\"17\" data-wp-key=\"post-template-item-2516\" class=\"wp-block-post post-2516 hebergement type-hebergement status-publish has-post-thumbnail hentry gt-hebergements-types-location gt-hebergements-nombre-personnes-19 gt-hebergements-nombre-chambres-34 gt-hebergements-nombre-sdb-22 gt-hebergements-superficie-33 gt-fse-widgets-ctv-open-product\">\n\n<div class=\"wp-block-group gt-hebergement-wrap has-global-padding is-layout-constrained wp-block-group-is-layout-constrained gt-fse-widgets-ctv-open-product\" style=\"margin-top:0px\">\n<div data-swiper=\"{&quot;speed&quot;:1000,&quot;autoplay&quot;:{&quot;delay&quot;:5000,&quot;disableOnInteraction&quot;:false},&quot;spaceBetween&quot;:0,&quot;slidesPerView&quot;:1,&quot;pagination&quot;:{&quot;el&quot;:&quot;.swiper-pagination&quot;,&quot;dynamicBullets&quot;:true,&quot;clickable&quot;:true,&quot;type&quot;:&quot;bullets&quot;},&quot;navigation&quot;:{&quot;nextEl&quot;:&quot;.swiper-button-next&quot;,&quot;prevEl&quot;:&quot;.swiper-button-prev&quot;},&quot;breakpoints&quot;:[{&quot;slidesPerView&quot;:1}]}\" class=\"wp-block-cover has-custom-content-position is-position-bottom-center hebergement-featured-image gt-fse-widgets-ctv-open-product\" style=\"border-radius:25px;padding-top:0px;padding-right:0px;padding-bottom:0px;padding-left:0px;min-height:430px;aspect-ratio:unset;\"><span aria-hidden=\"true\" class=\"wp-block-cover__background has-background-dim-80 has-background-dim has-background-gradient gt-fse-widgets-ctv-open-product\" style=\"background:linear-gradient(0deg,rgb(0,0,0) 26%,rgba(0,0,0,0) 42%)\"><\/span><img decoding=\"async\" width=\"1176\" height=\"882\" src=\"https:\/\/www.camping2laplage.com\/wp-content\/uploads\/2025\/08\/roulotte.jpg\" class=\"wp-block-cover__image-background wp-post-image gt-fse-widgets-ctv-open-product\" alt=\"Zigeunerwagen\" data-object-fit=\"cover\" srcset=\"https:\/\/www.camping2laplage.com\/wp-content\/uploads\/2025\/08\/roulotte.jpg 1176w, https:\/\/www.camping2laplage.com\/wp-content\/uploads\/2025\/08\/roulotte-300x225.jpg 300w, https:\/\/www.camping2laplage.com\/wp-content\/uploads\/2025\/08\/roulotte-1024x768.jpg 1024w, https:\/\/www.camping2laplage.com\/wp-content\/uploads\/2025\/08\/roulotte-768x576.jpg 768w\" sizes=\"(max-width: 1176px) 100vw, 1176px\" \/><div class=\"wp-block-cover__inner-container has-global-padding is-layout-constrained wp-container-core-cover-is-layout-f5c98baf wp-block-cover-is-layout-constrained gt-fse-widgets-ctv-open-product\">\n<div class=\"wp-block-group titre-fleche is-nowrap is-layout-flex wp-container-core-group-is-layout-6c531013 wp-block-group-is-layout-flex gt-fse-widgets-ctv-open-product\">\n<p class=\"has-text-align-left hebergement-title gt-btn-arrow has-base-2-color has-text-color has-link-color has-basteleur-font-family wp-elements-9c563c41f13d6fedd8c90588c141348d gt-fse-widgets-ctv-open-product\" style=\"padding-right:0;padding-left:1.5rem;font-size:clamp(18.959px, 1.185rem + ((1vw - 3.2px) * 0.657), 30px);font-style:normal;font-weight:700;text-transform:uppercase\">Wohnwagen Boh\u00e8me Chic 22m\u00b2<\/p>\n\n\n\n<figure class=\"wp-block-image size-large is-resized fleche wp-duotone-rgb255255255-ccc-45 gt-fse-widgets-ctv-open-product\"><img decoding=\"async\" width=\"17\" height=\"12\" src=\"https:\/\/www.camping2laplage.com\/wp-content\/uploads\/2025\/07\/arrows-btn.svg\" alt=\"arrows btn\" class=\"wp-image-176 gt-fse-widgets-ctv-open-product\" style=\"object-fit:contain;width:15px;height:15px\"\/><\/figure>\n<\/div>\n\n\n\n<div class=\"wp-block-group alignfull hebergement-icons has-custom-rouge-background-color has-background is-content-justification-center is-nowrap is-layout-flex wp-container-core-group-is-layout-4e3a5801 wp-block-group-is-layout-flex gt-fse-widgets-ctv-open-product\" style=\"padding-top:var(--wp--preset--spacing--10);padding-right:1rem;padding-bottom:var(--wp--preset--spacing--10);padding-left:1rem\">\n<div class=\"wp-block-group is-nowrap is-layout-flex wp-container-core-group-is-layout-513c09f2 wp-block-group-is-layout-flex gt-fse-widgets-ctv-open-product\">\n<figure class=\"wp-block-image size-full is-resized wp-duotone-ededa9-ccc-46 gt-fse-widgets-ctv-open-product\"><img decoding=\"async\" width=\"300\" height=\"300\" src=\"https:\/\/www.camping2laplage.com\/wp-content\/uploads\/2025\/07\/personnes.webp\" alt=\"personnes\" class=\"wp-image-1020 gt-fse-widgets-ctv-open-product\" style=\"width:25px\" srcset=\"https:\/\/www.camping2laplage.com\/wp-content\/uploads\/2025\/07\/personnes.webp 300w, https:\/\/www.camping2laplage.com\/wp-content\/uploads\/2025\/07\/personnes-150x150.webp 150w\" sizes=\"(max-width: 300px) 100vw, 300px\" \/><\/figure>\n\n\n<div class=\"taxonomy-gt-hebergements-nombre-personnes has-link-color wp-elements-f7c87e54e38b0809136675ff6bf5c315 wp-block-post-terms has-text-color has-base-2-color has-medium-font-size has-roboto-font-family gt-fse-widgets-ctv-open-product\"><span class=\"gt-fse-widgets-ctv-open-product\">4<\/span><\/div>\n\n\n<p class=\"has-base-2-color has-text-color has-link-color has-medium-font-size wp-elements-ed300d43f37d8c22950d8ef97712d50f gt-fse-widgets-ctv-open-product\">Pers.<\/p>\n<\/div>\n\n\n\n<div class=\"wp-block-group is-nowrap is-layout-flex wp-container-core-group-is-layout-89a94f6a wp-block-group-is-layout-flex gt-fse-widgets-ctv-open-product\">\n<figure class=\"wp-block-image size-full is-resized wp-duotone-ededa9-ffffff-47 gt-fse-widgets-ctv-open-product\"><img decoding=\"async\" width=\"512\" height=\"512\" src=\"https:\/\/www.camping2laplage.com\/wp-content\/uploads\/2025\/07\/chambre.webp\" alt=\"chambre\" class=\"wp-image-1024 gt-fse-widgets-ctv-open-product\" style=\"width:25px\" srcset=\"https:\/\/www.camping2laplage.com\/wp-content\/uploads\/2025\/07\/chambre.webp 512w, https:\/\/www.camping2laplage.com\/wp-content\/uploads\/2025\/07\/chambre-300x300.webp 300w, https:\/\/www.camping2laplage.com\/wp-content\/uploads\/2025\/07\/chambre-150x150.webp 150w\" sizes=\"(max-width: 512px) 100vw, 512px\" \/><\/figure>\n\n\n<div class=\"taxonomy-gt-hebergements-nombre-chambres has-link-color wp-elements-9ef64b592c523db51bc710735ecf05b9 wp-block-post-terms has-text-color has-base-2-color has-medium-font-size has-roboto-font-family gt-fse-widgets-ctv-open-product\"><span class=\"gt-fse-widgets-ctv-open-product\">4<\/span><\/div>\n\n\n<p class=\"has-base-2-color has-text-color has-link-color has-medium-font-size wp-elements-9a187f19e657d0a1a7cff608aeff72a2 gt-fse-widgets-ctv-open-product\">ch.<\/p>\n<\/div>\n\n\n\n<div class=\"wp-block-group is-nowrap is-layout-flex wp-container-core-group-is-layout-89a94f6a wp-block-group-is-layout-flex gt-fse-widgets-ctv-open-product\">\n<figure class=\"wp-block-image size-full is-resized wp-duotone-ededa9-ffffff-48 gt-fse-widgets-ctv-open-product\"><img decoding=\"async\" width=\"300\" height=\"300\" src=\"https:\/\/www.camping2laplage.com\/wp-content\/uploads\/2025\/07\/surface.webp\" alt=\"surface\" class=\"wp-image-1028 gt-fse-widgets-ctv-open-product\" style=\"width:25px\" srcset=\"https:\/\/www.camping2laplage.com\/wp-content\/uploads\/2025\/07\/surface.webp 300w, https:\/\/www.camping2laplage.com\/wp-content\/uploads\/2025\/07\/surface-150x150.webp 150w\" sizes=\"(max-width: 300px) 100vw, 300px\" \/><\/figure>\n\n\n<div class=\"taxonomy-gt-hebergements-superficie has-link-color wp-elements-cafe8390f833754c2c2fbce3d1413350 wp-block-post-terms has-text-color has-base-2-color has-medium-font-size has-roboto-font-family gt-fse-widgets-ctv-open-product\"><span class=\"gt-fse-widgets-ctv-open-product\">22<\/span><\/div>\n\n\n<p class=\"has-base-2-color has-text-color has-link-color has-medium-font-size wp-elements-cf28bc533e0468d76b0d039beb27e42a gt-fse-widgets-ctv-open-product\">m\u00b2<\/p>\n<\/div>\n<\/div>\n<\/div><\/div>\n<\/div>\n\n<\/li><li data-gt-Thelis-product-id=\"\" data-gt-bathrooms=\"22\" data-gt-campings=\"\" data-gt-capacities=\"23\" data-gt-ctv-product-id=\"74607\" data-gt-gammes=\"\" data-gt-options=\"\" data-gt-rooms=\"24\" data-gt-superficies=\"31\" data-gt-types=\"17\" data-wp-key=\"post-template-item-2542\" class=\"wp-block-post post-2542 hebergement type-hebergement status-publish has-post-thumbnail hentry gt-hebergements-types-location gt-hebergements-nombre-personnes-23 gt-hebergements-nombre-chambres-24 gt-hebergements-nombre-sdb-22 gt-hebergements-superficie-31 gt-fse-widgets-ctv-open-product\">\n\n<div class=\"wp-block-group gt-hebergement-wrap has-global-padding is-layout-constrained wp-block-group-is-layout-constrained gt-fse-widgets-ctv-open-product\" style=\"margin-top:0px\">\n<div data-swiper=\"{&quot;speed&quot;:1000,&quot;autoplay&quot;:{&quot;delay&quot;:5000,&quot;disableOnInteraction&quot;:false},&quot;spaceBetween&quot;:0,&quot;slidesPerView&quot;:1,&quot;pagination&quot;:{&quot;el&quot;:&quot;.swiper-pagination&quot;,&quot;dynamicBullets&quot;:true,&quot;clickable&quot;:true,&quot;type&quot;:&quot;bullets&quot;},&quot;navigation&quot;:{&quot;nextEl&quot;:&quot;.swiper-button-next&quot;,&quot;prevEl&quot;:&quot;.swiper-button-prev&quot;},&quot;breakpoints&quot;:[{&quot;slidesPerView&quot;:1}]}\" class=\"wp-block-cover has-custom-content-position is-position-bottom-center hebergement-featured-image gt-fse-widgets-ctv-open-product\" style=\"border-radius:25px;padding-top:0px;padding-right:0px;padding-bottom:0px;padding-left:0px;min-height:430px;aspect-ratio:unset;\"><span aria-hidden=\"true\" class=\"wp-block-cover__background has-background-dim-80 has-background-dim has-background-gradient gt-fse-widgets-ctv-open-product\" style=\"background:linear-gradient(0deg,rgb(0,0,0) 26%,rgba(0,0,0,0) 42%)\"><\/span><img decoding=\"async\" width=\"1899\" height=\"1266\" src=\"https:\/\/www.camping2laplage.com\/wp-content\/uploads\/2025\/08\/location-tente-bivouac-isere.jpg\" class=\"wp-block-cover__image-background wp-post-image gt-fse-widgets-ctv-open-product\" alt=\"vermietung zelt bivouac isere\" data-object-fit=\"cover\" srcset=\"https:\/\/www.camping2laplage.com\/wp-content\/uploads\/2025\/08\/location-tente-bivouac-isere.jpg 1899w, https:\/\/www.camping2laplage.com\/wp-content\/uploads\/2025\/08\/location-tente-bivouac-isere-300x200.jpg 300w, https:\/\/www.camping2laplage.com\/wp-content\/uploads\/2025\/08\/location-tente-bivouac-isere-1024x683.jpg 1024w, https:\/\/www.camping2laplage.com\/wp-content\/uploads\/2025\/08\/location-tente-bivouac-isere-768x512.jpg 768w, https:\/\/www.camping2laplage.com\/wp-content\/uploads\/2025\/08\/location-tente-bivouac-isere-1536x1024.jpg 1536w\" sizes=\"(max-width: 1899px) 100vw, 1899px\" \/><div class=\"wp-block-cover__inner-container has-global-padding is-layout-constrained wp-container-core-cover-is-layout-f5c98baf wp-block-cover-is-layout-constrained gt-fse-widgets-ctv-open-product\">\n<div class=\"wp-block-group titre-fleche is-nowrap is-layout-flex wp-container-core-group-is-layout-6c531013 wp-block-group-is-layout-flex gt-fse-widgets-ctv-open-product\">\n<p class=\"has-text-align-left hebergement-title gt-btn-arrow has-base-2-color has-text-color has-link-color has-basteleur-font-family wp-elements-9c563c41f13d6fedd8c90588c141348d gt-fse-widgets-ctv-open-product\" style=\"padding-right:0;padding-left:1.5rem;font-size:clamp(18.959px, 1.185rem + ((1vw - 3.2px) * 0.657), 30px);font-style:normal;font-weight:700;text-transform:uppercase\">Zelt Bivouac 6 m\u00b2 <\/p>\n\n\n\n<figure class=\"wp-block-image size-large is-resized fleche wp-duotone-rgb255255255-ccc-49 gt-fse-widgets-ctv-open-product\"><img decoding=\"async\" width=\"17\" height=\"12\" src=\"https:\/\/www.camping2laplage.com\/wp-content\/uploads\/2025\/07\/arrows-btn.svg\" alt=\"arrows btn\" class=\"wp-image-176 gt-fse-widgets-ctv-open-product\" style=\"object-fit:contain;width:15px;height:15px\"\/><\/figure>\n<\/div>\n\n\n\n<div class=\"wp-block-group alignfull hebergement-icons has-custom-rouge-background-color has-background is-content-justification-center is-nowrap is-layout-flex wp-container-core-group-is-layout-4e3a5801 wp-block-group-is-layout-flex gt-fse-widgets-ctv-open-product\" style=\"padding-top:var(--wp--preset--spacing--10);padding-right:1rem;padding-bottom:var(--wp--preset--spacing--10);padding-left:1rem\">\n<div class=\"wp-block-group is-nowrap is-layout-flex wp-container-core-group-is-layout-513c09f2 wp-block-group-is-layout-flex gt-fse-widgets-ctv-open-product\">\n<figure class=\"wp-block-image size-full is-resized wp-duotone-ededa9-ccc-50 gt-fse-widgets-ctv-open-product\"><img decoding=\"async\" width=\"300\" height=\"300\" src=\"https:\/\/www.camping2laplage.com\/wp-content\/uploads\/2025\/07\/personnes.webp\" alt=\"personnes\" class=\"wp-image-1020 gt-fse-widgets-ctv-open-product\" style=\"width:25px\" srcset=\"https:\/\/www.camping2laplage.com\/wp-content\/uploads\/2025\/07\/personnes.webp 300w, https:\/\/www.camping2laplage.com\/wp-content\/uploads\/2025\/07\/personnes-150x150.webp 150w\" sizes=\"(max-width: 300px) 100vw, 300px\" \/><\/figure>\n\n\n<div class=\"taxonomy-gt-hebergements-nombre-personnes has-link-color wp-elements-f7c87e54e38b0809136675ff6bf5c315 wp-block-post-terms has-text-color has-base-2-color has-medium-font-size has-roboto-font-family gt-fse-widgets-ctv-open-product\"><span class=\"gt-fse-widgets-ctv-open-product\">2<\/span><\/div>\n\n\n<p class=\"has-base-2-color has-text-color has-link-color has-medium-font-size wp-elements-ed300d43f37d8c22950d8ef97712d50f gt-fse-widgets-ctv-open-product\">Pers.<\/p>\n<\/div>\n\n\n\n<div class=\"wp-block-group is-nowrap is-layout-flex wp-container-core-group-is-layout-89a94f6a wp-block-group-is-layout-flex gt-fse-widgets-ctv-open-product\">\n<figure class=\"wp-block-image size-full is-resized wp-duotone-ededa9-ffffff-51 gt-fse-widgets-ctv-open-product\"><img decoding=\"async\" width=\"512\" height=\"512\" src=\"https:\/\/www.camping2laplage.com\/wp-content\/uploads\/2025\/07\/chambre.webp\" alt=\"chambre\" class=\"wp-image-1024 gt-fse-widgets-ctv-open-product\" style=\"width:25px\" srcset=\"https:\/\/www.camping2laplage.com\/wp-content\/uploads\/2025\/07\/chambre.webp 512w, https:\/\/www.camping2laplage.com\/wp-content\/uploads\/2025\/07\/chambre-300x300.webp 300w, https:\/\/www.camping2laplage.com\/wp-content\/uploads\/2025\/07\/chambre-150x150.webp 150w\" sizes=\"(max-width: 512px) 100vw, 512px\" \/><\/figure>\n\n\n<div class=\"taxonomy-gt-hebergements-nombre-chambres has-link-color wp-elements-9ef64b592c523db51bc710735ecf05b9 wp-block-post-terms has-text-color has-base-2-color has-medium-font-size has-roboto-font-family gt-fse-widgets-ctv-open-product\"><span class=\"gt-fse-widgets-ctv-open-product\">1<\/span><\/div>\n\n\n<p class=\"has-base-2-color has-text-color has-link-color has-medium-font-size wp-elements-9a187f19e657d0a1a7cff608aeff72a2 gt-fse-widgets-ctv-open-product\">ch.<\/p>\n<\/div>\n\n\n\n<div class=\"wp-block-group is-nowrap is-layout-flex wp-container-core-group-is-layout-89a94f6a wp-block-group-is-layout-flex gt-fse-widgets-ctv-open-product\">\n<figure class=\"wp-block-image size-full is-resized wp-duotone-ededa9-ffffff-52 gt-fse-widgets-ctv-open-product\"><img decoding=\"async\" width=\"300\" height=\"300\" src=\"https:\/\/www.camping2laplage.com\/wp-content\/uploads\/2025\/07\/surface.webp\" alt=\"surface\" class=\"wp-image-1028 gt-fse-widgets-ctv-open-product\" style=\"width:25px\" srcset=\"https:\/\/www.camping2laplage.com\/wp-content\/uploads\/2025\/07\/surface.webp 300w, https:\/\/www.camping2laplage.com\/wp-content\/uploads\/2025\/07\/surface-150x150.webp 150w\" sizes=\"(max-width: 300px) 100vw, 300px\" \/><\/figure>\n\n\n<div class=\"taxonomy-gt-hebergements-superficie has-link-color wp-elements-cafe8390f833754c2c2fbce3d1413350 wp-block-post-terms has-text-color has-base-2-color has-medium-font-size has-roboto-font-family gt-fse-widgets-ctv-open-product\"><span class=\"gt-fse-widgets-ctv-open-product\">6<\/span><\/div>\n\n\n<p class=\"has-base-2-color has-text-color has-link-color has-medium-font-size wp-elements-cf28bc533e0468d76b0d039beb27e42a gt-fse-widgets-ctv-open-product\">m\u00b2<\/p>\n<\/div>\n<\/div>\n<\/div><\/div>\n<\/div>\n\n<\/li><\/ul><\/div>\n<\/div>\n\n<div style=\"height:73px\" aria-hidden=\"true\" class=\"wp-block-spacer gt-hide-mobile\"><\/div>\n\n<div id=\"gt_1-cta-svg_001\" class=\"wp-block-group has-global-padding is-layout-constrained wp-block-group-is-layout-constrained\">\n<div class=\"wp-block-columns are-vertically-aligned-center is-layout-flex wp-container-core-columns-is-layout-9b24e0e0 wp-block-columns-is-layout-flex\">\n<div class=\"wp-block-column is-vertically-aligned-center animated slideInUp is-layout-flow wp-block-column-is-layout-flow\" id=\"content\">\n<h2 class=\"wp-block-heading has-custom-rouge-color has-text-color has-link-color wp-elements-1f0c0f06f60bd4f85122c1c239b98f0b\">Unser Angebot an Unterk\u00fcnften zur Vermietung<\/h2>\n\n\n\n<p>Unser <strong>Angebot an Unterk\u00fcnften<\/strong> ist vielf\u00e4ltig: <strong>Mobilheime f\u00fcr 2, 4 oder 6 Personen<\/strong> f\u00fcr die Traditionelleren, Chalets aus Holz oder mit Panoramablick f\u00fcr den Komfort, Trapper- und Biwakzelte f\u00fcr die Abwechslung, Roulottes im Boh\u00e8me-Chic f\u00fcr die Zenit. Unsere Unterk\u00fcnfte sind <strong>komplett ausgestattet<\/strong>, einige davon mit einer eigenen Sauna oder einem nordischen Bad. Es gibt viele M\u00f6glichkeiten, Ihren Urlaub individuell zu gestalten:  <\/p>\n\n\n    <div id=\"gt-fse-lire-plus-69f0cc11b4ad7\" class=\"gt-fse-lire-plus\" data-min-height=\"130\" style=\"background-color: #fff;\">\n        <input id=\"gt-fse-lire-plus-69f0cc11b4ad7-toggle\" type=\"checkbox\" class=\"gt-fse-lire-plus__toggle\" \/>\n        <label for=\"gt-fse-lire-plus-69f0cc11b4ad7-toggle\" class=\"gt-fse-lire-plus__toggle-label\">\n            <span>Mehr lesen<\/span>\n            <span>Weniger lesen<\/span>\n        <\/label>\n        <div class=\"gt-fse-lire-plus__content\" style=\"height: 130px;\">\n            \n\n<ul class=\"wp-block-list\">\n<li><strong>Vermietung von Bettw\u00e4sche<\/strong><\/li>\n\n\n\n<li><strong>Pauschale f\u00fcr Hunde (Futtern\u00e4pfe, Kanisac, Decke)<\/strong><\/li>\n\n\n\n<li><strong>Verleih von Babyausstattung (Kinderbett und Kinderwagen)<\/strong><strong> <\/strong><strong>Hochstuhl<\/strong><strong>)<\/strong><\/li>\n\n\n\n<li><strong>Reinigungspauschale<\/strong><\/li>\n\n\n\n<li><strong>Wein und Brot bei meiner Ankunft<\/strong><\/li>\n<\/ul>\n\n\n\n<p>An der Rezeption, die in der Saison <strong>von 8.00 bis 12.00 Uhr<\/strong> und <strong>von 14.00 bis 19.00 Uhr<\/strong> ge\u00f6ffnet ist (Rezeption von April bis September ge\u00f6ffnet), finden Sie einen <strong>umfassenden Service<\/strong>, der Ihnen den Urlaub erleichtert: Lebensmittelgesch\u00e4ft, Waschmaschine, Brot- und Geb\u00e4ckverkauf, K\u00fchlschrankvermietung, Souvenirshop&#8230; Unten finden Sie eine Beschreibung unserer Mobilheime, die Sie in der N\u00e4he von Grenoble mieten k\u00f6nnen, und andere Unterk\u00fcnfte, die wir Ihnen nach Ihren W\u00fcnschen anbieten k\u00f6nnen.<\/p>\n\n            <div class=\"gt-fse-lire-plus__gradient\" style=\"background: linear-gradient(to bottom,rgba(255,255,255,0) 0%,rgba(255,255,255,1) 100%);\"><\/div>\n        <\/div>\n    <\/div>\n    <\/div>\n\n\n\n<div class=\"wp-block-column is-vertically-aligned-center is-layout-flow wp-block-column-is-layout-flow\" id=\"image\">\n<div data-swiper=\"{&quot;speed&quot;:400,&quot;spaceBetween&quot;:16,&quot;slidesPerView&quot;:3,&quot;createElements&quot;:true,&quot;loop&quot;:true,&quot;freemode&quot;:true,&quot;navigation&quot;:{&quot;nextEl&quot;:&quot;buttonNext&quot;,&quot;prevEl&quot;:&quot;buttonPrev&quot;},&quot;breakpoints&quot;:[{&quot;slidesPerView&quot;:1}]}\" class=\"wp-block-group gt-is-slider gt-is-slider-desktop has-global-padding is-layout-constrained wp-block-group-is-layout-constrained\">\n<figure class=\"wp-block-image size-large has-custom-border\"><img decoding=\"async\" width=\"1024\" height=\"683\" src=\"https:\/\/www.camping2laplage.com\/wp-content\/uploads\/2025\/08\/location-mh-alpes-1024x683.jpg\" alt=\"vermietung mh alpes\" class=\"wp-image-1720\" style=\"border-radius:25px\" srcset=\"https:\/\/www.camping2laplage.com\/wp-content\/uploads\/2025\/08\/location-mh-alpes-1024x683.jpg 1024w, https:\/\/www.camping2laplage.com\/wp-content\/uploads\/2025\/08\/location-mh-alpes-300x200.jpg 300w, https:\/\/www.camping2laplage.com\/wp-content\/uploads\/2025\/08\/location-mh-alpes-768x512.jpg 768w, https:\/\/www.camping2laplage.com\/wp-content\/uploads\/2025\/08\/location-mh-alpes.jpg 1199w\" sizes=\"(max-width: 1024px) 100vw, 1024px\" \/><\/figure>\n\n\n\n<figure class=\"wp-block-image size-large has-custom-border\"><img decoding=\"async\" width=\"1024\" height=\"683\" src=\"https:\/\/www.camping2laplage.com\/wp-content\/uploads\/2025\/08\/location-camping-isere-1024x683.jpg\" alt=\"vermietung campingplatz isere\" class=\"wp-image-1725\" style=\"border-radius:25px\" srcset=\"https:\/\/www.camping2laplage.com\/wp-content\/uploads\/2025\/08\/location-camping-isere-1024x683.jpg 1024w, https:\/\/www.camping2laplage.com\/wp-content\/uploads\/2025\/08\/location-camping-isere-300x200.jpg 300w, https:\/\/www.camping2laplage.com\/wp-content\/uploads\/2025\/08\/location-camping-isere-768x512.jpg 768w, https:\/\/www.camping2laplage.com\/wp-content\/uploads\/2025\/08\/location-camping-isere.jpg 1199w\" sizes=\"(max-width: 1024px) 100vw, 1024px\" \/><\/figure>\n<\/div>\n<\/div>\n<\/div>\n<\/div>\n\n<div style=\"height:95px\" aria-hidden=\"true\" class=\"wp-block-spacer gt-hide-mobile\"><\/div>\n\n<div id=\"gt_1-cta-svg_001\" class=\"wp-block-group has-global-padding is-layout-constrained wp-block-group-is-layout-constrained\">\n<div class=\"wp-block-columns are-vertically-aligned-center is-layout-flex wp-container-core-columns-is-layout-9b24e0e0 wp-block-columns-is-layout-flex\">\n<div class=\"wp-block-column is-vertically-aligned-center is-layout-flow wp-block-column-is-layout-flow\" id=\"image\">\n<div data-swiper=\"{&quot;speed&quot;:400,&quot;spaceBetween&quot;:16,&quot;slidesPerView&quot;:3,&quot;createElements&quot;:true,&quot;loop&quot;:true,&quot;freemode&quot;:true,&quot;navigation&quot;:{&quot;nextEl&quot;:&quot;buttonNext&quot;,&quot;prevEl&quot;:&quot;buttonPrev&quot;},&quot;breakpoints&quot;:[{&quot;slidesPerView&quot;:1}]}\" class=\"wp-block-group gt-is-slider gt-is-slider-desktop has-global-padding is-layout-constrained wp-block-group-is-layout-constrained\">\n<figure class=\"wp-block-image size-large has-custom-border\"><img decoding=\"async\" width=\"1024\" height=\"683\" src=\"https:\/\/www.camping2laplage.com\/wp-content\/uploads\/2025\/08\/louer-chalet-en-isere-1024x683.jpg\" alt=\"mieten chalet en isere\" class=\"wp-image-1744\" style=\"border-radius:25px\" srcset=\"https:\/\/www.camping2laplage.com\/wp-content\/uploads\/2025\/08\/louer-chalet-en-isere-1024x683.jpg 1024w, https:\/\/www.camping2laplage.com\/wp-content\/uploads\/2025\/08\/louer-chalet-en-isere-300x200.jpg 300w, https:\/\/www.camping2laplage.com\/wp-content\/uploads\/2025\/08\/louer-chalet-en-isere-768x512.jpg 768w, https:\/\/www.camping2laplage.com\/wp-content\/uploads\/2025\/08\/louer-chalet-en-isere.jpg 1199w\" sizes=\"(max-width: 1024px) 100vw, 1024px\" \/><\/figure>\n\n\n\n<figure class=\"wp-block-image size-full has-custom-border\"><img decoding=\"async\" width=\"825\" height=\"550\" src=\"https:\/\/www.camping2laplage.com\/wp-content\/uploads\/2025\/08\/location-mobilhome-dans-le-vercors.webp\" alt=\"Vermietung von Mobilheimen in der Region Vercors\" class=\"wp-image-1798\" style=\"border-radius:25px\" srcset=\"https:\/\/www.camping2laplage.com\/wp-content\/uploads\/2025\/08\/location-mobilhome-dans-le-vercors.webp 825w, https:\/\/www.camping2laplage.com\/wp-content\/uploads\/2025\/08\/location-mobilhome-dans-le-vercors-300x200.webp 300w, https:\/\/www.camping2laplage.com\/wp-content\/uploads\/2025\/08\/location-mobilhome-dans-le-vercors-768x512.webp 768w\" sizes=\"(max-width: 825px) 100vw, 825px\" \/><\/figure>\n<\/div>\n<\/div>\n\n\n\n<div class=\"wp-block-column is-vertically-aligned-center animated slideInUp is-layout-flow wp-block-column-is-layout-flow\" id=\"content\">\n<h3 class=\"wp-block-heading has-custom-rouge-color has-text-color has-link-color wp-elements-04899f875d5579bd9f1026cb8f59680b\">Unsere Mobilheime zum Mieten in der N\u00e4he von Grenoble<\/h3>\n\n\n\n<p>Von <strong>20 bis 31m\u00b2<\/strong> bieten wir Ihnen Mobilheime zur Vermietung im Departement Is\u00e8re f\u00fcr <strong>2, 4 oder 6 Personen<\/strong>, damit Sie Ihren Urlaub mit all Ihren Lieben genie\u00dfen k\u00f6nnen. Alle unsere Mobilheime verf\u00fcgen \u00fcber ein abgegrenztes Grundst\u00fcck, schattige Pl\u00e4tze und einen <strong>Blick auf die Berge<\/strong>, den Sie von der <strong>Terrasse mit Blick auf den See<\/strong> genie\u00dfen k\u00f6nnen. <\/p>\n\n\n    <div id=\"gt-fse-lire-plus-69f0cc11b6a88\" class=\"gt-fse-lire-plus\" data-min-height=\"130\" style=\"background-color: #fff;\">\n        <input id=\"gt-fse-lire-plus-69f0cc11b6a88-toggle\" type=\"checkbox\" class=\"gt-fse-lire-plus__toggle\" \/>\n        <label for=\"gt-fse-lire-plus-69f0cc11b6a88-toggle\" class=\"gt-fse-lire-plus__toggle-label\">\n            <span>Mehr lesen<\/span>\n            <span>Weniger lesen<\/span>\n        <\/label>\n        <div class=\"gt-fse-lire-plus__content\" style=\"height: 130px;\">\n            \n\n<h3 class=\"wp-block-heading has-custom-rouge-color has-text-color has-link-color wp-elements-277f30d179e62956a76ed111f18082de\">Unsere gem\u00fctlichen Chalets zur Vermietung<\/h3>\n\n\n\n<p>Unsere Chalets sind zwischen <strong>24 und 35m\u00b2<\/strong> gro\u00df und \u00f6ffnen ihre T\u00fcren f\u00fcr Ihren Aufenthalt in Treffort, in der N\u00e4he von Grenoble. Von den Chalets Ekinoxe, f\u00fcr eine Roots-Atmosph\u00e4re mit Schlafs\u00e4len f\u00fcr Kinder, bis hin zu den Premium-Chalets f\u00fcr totale Entspannung dank der Sauna, finden Sie die ideale Unterkunft, um Ihren Urlaub voll und ganz zu genie\u00dfen. <\/p>\n\n\n\n<h3 class=\"wp-block-heading has-custom-rouge-color has-text-color has-link-color wp-elements-820f15c98585e3a709382e31cf5b8bf9\">Atypisch: mieten Sie eine ungew\u00f6hnliche Unterkunft in Is\u00e8re<\/h3>\n\n\n\n<p>Lassen Sie sich von den <strong>Zigeunerwagen <\/strong>des Camping de la Plage verf\u00fchren, einer wirklich ungew\u00f6hnlichen Vermietung im Departement Is\u00e8re. M\u00f6chten Sie lieber einen Zigeunerwagen im Boh\u00e8me-Chic oder einen Zigeunerwagen f\u00fcr einen ganzheitlichen Urlaub? Der eine am <strong>See<\/strong> und der andere in den <strong>Bergen<\/strong> mit seinem <strong>privaten<\/strong> <strong>nordischen Bad <\/strong> sorgen f\u00fcr eine ruhige und entspannende Urlaubsstimmung.  <\/p>\n\n            <div class=\"gt-fse-lire-plus__gradient\" style=\"background: linear-gradient(to bottom,rgba(255,255,255,0) 0%,rgba(255,255,255,1) 100%);\"><\/div>\n        <\/div>\n    <\/div>\n    <\/div>\n<\/div>\n<\/div>\n\n<div style=\"height:73px\" aria-hidden=\"true\" class=\"wp-block-spacer gt-hide-mobile\"><\/div>\n\n<div id=\"gt_3-ctafull_001\" class=\"wp-block-group has-global-padding is-layout-constrained wp-container-core-group-is-layout-12243e0f wp-block-group-is-layout-constrained\">\n<div id=\"slider-images\" class=\"wp-block-group has-global-padding is-layout-constrained wp-container-core-group-is-layout-e555385e wp-block-group-is-layout-constrained\">\n<div data-swiper=\"{&quot;speed&quot;:1000,&quot;autoplay&quot;:{&quot;delay&quot;:5000,&quot;disableOnInteraction&quot;:false},&quot;spaceBetween&quot;:0,&quot;slidesPerView&quot;:1,&quot;pagination&quot;:{&quot;el&quot;:&quot;.swiper-pagination&quot;,&quot;dynamicBullets&quot;:true,&quot;clickable&quot;:true,&quot;type&quot;:&quot;bullets&quot;},&quot;navigation&quot;:{&quot;nextEl&quot;:&quot;.swiper-button-next&quot;,&quot;prevEl&quot;:&quot;.swiper-button-prev&quot;},&quot;breakpoints&quot;:[{&quot;slidesPerView&quot;:1}]}\" class=\"wp-block-cover\"><img decoding=\"async\" width=\"2000\" height=\"1334\" class=\"wp-block-cover__image-background wp-image-2125 size-full\" alt=\"location tente bivouac isere\" src=\"https:\/\/www.camping2laplage.com\/wp-content\/uploads\/2025\/08\/location-tente-bivouac-isere-2-scaled-e1756111764609.jpg\" style=\"object-position:48% 33%\" data-object-fit=\"cover\" data-object-position=\"48% 33%\"\/><span aria-hidden=\"true\" class=\"wp-block-cover__background has-background-dim\"><\/span><div class=\"wp-block-cover__inner-container has-global-padding is-layout-constrained wp-block-cover-is-layout-constrained\">\n<p class=\"has-text-align-center has-large-font-size\"><\/p>\n<\/div><\/div>\n<\/div>\n\n\n\n<div class=\"wp-block-columns has-custom-rouge-background-color has-background is-layout-flex wp-container-core-columns-is-layout-32f5ffe2 wp-block-columns-is-layout-flex\" id=\"content\" style=\"padding-top:6em;padding-right:8em;padding-bottom:6em;padding-left:8em\">\n<div class=\"wp-block-column col-image is-layout-flow wp-block-column-is-layout-flow\" style=\"flex-basis:40%\">\n<div style=\"height:100px\" aria-hidden=\"true\" class=\"wp-block-spacer gt-hide-mobile\"><\/div>\n\n\n\n<div class=\"wp-block-buttons is-content-justification-center is-layout-flex wp-container-core-buttons-is-layout-5b5683f2 wp-block-buttons-is-layout-flex\">\n<div class=\"wp-block-button btn-1\"><a class=\"wp-block-button__link has-custom-rouge-color has-custom-mauve-background-color has-text-color has-background has-link-color has-roboto-font-family has-text-align-center has-custom-font-size wp-element-button\" href=\"https:\/\/www.camping2laplage.com\/de\/stellplatzvermietung-treffort\/\" style=\"border-radius:100px;padding-top:20px;padding-right:40px;padding-bottom:20px;padding-left:40px;font-size:clamp(14px, 0.875rem + ((1vw - 3.2px) * 0.238), 18px);font-style:normal;font-weight:500;letter-spacing:2px;text-transform:uppercase\">Unsere Stellpl\u00e4tze<\/a><\/div>\n<\/div>\n<\/div>\n\n\n\n<div class=\"wp-block-column col-content is-layout-flow wp-block-column-is-layout-flow\" style=\"flex-basis:60%\">\n<h2 class=\"wp-block-heading has-base-2-color has-text-color has-link-color wp-elements-2c883df2a252a9fd73f0c278433079a6\">Wanderurlaub: Entdecken Sie unsere Zelte, die Sie in der N\u00e4he von Grenoble mieten k\u00f6nnen<\/h2>\n\n\n\n<p class=\"has-base-2-color has-text-color has-link-color wp-elements-bf3383d163a12f76b97997bb99a96510\">Ein <strong>Zelt auf Stelzen<\/strong>, bereit f\u00fcr den Einsatz? Entdecken Sie unsere <strong>Biwak-Zelte<\/strong>. Diese Zelte auf Stelzen sind einfacher als ein Mobilheim, aber 100% im Naturcamping-Modus, so dass Sie sich w\u00e4hrend Ihres Urlaubs nur um das N\u00f6tigste k\u00fcmmern m\u00fcssen. Hoch oben <strong>in den B\u00e4umen<\/strong> k\u00f6nnen Sie den Campingplatz und die Aussicht dank der H\u00f6he aus einem anderen Blickwinkel entdecken.   <\/p>\n\n\n\n<p class=\"has-base-2-color has-text-color has-link-color wp-elements-71ceb4fabacc232279805b045027b528\">Sind Sie Anh\u00e4nger des traditionellen Campings? Entdecken Sie unsere <a href=\"https:\/\/www.camping2laplage.com\/de\/stellplatzvermietung-treffort\/\" data-type=\"page\" data-id=\"11\">Stellpl\u00e4tze f\u00fcr Caravaning in Is\u00e8re<\/a>, f\u00fcr einen <a href=\"https:\/\/www.camping2laplage.com\/de\/guenstiger-campingplatz-treffort\/\" data-type=\"page\" data-id=\"12\">Campingurlaub zum besten Preis in der N\u00e4he von Grenoble<\/a>! <\/p>\n<\/div>\n<\/div>\n<\/div>\n\n<section class=\"wp-block-group alignfull bloc-maillage has-global-padding is-layout-constrained wp-container-core-group-is-layout-6131d34a wp-block-group-is-layout-constrained\" style=\"margin-top:0px;margin-bottom:0px;padding-top:10rem;padding-right:0;padding-bottom:10rem;padding-left:0rem\">\n<p class=\"has-text-align-center has-custom-rouge-color has-text-color has-link-color has-basteleur-font-family wp-elements-088d06e8262be72cdce378d330246c48\" style=\"font-size:clamp(2.2rem, 2.2rem + ((1vw - 0.2rem) * 1.714), 4rem);\">Entdecken Sie<\/p>\n\n\n\n<p class=\"has-text-align-center has-custom-rouge-color has-text-color has-link-color has-basteleur-font-family wp-elements-a86857035d6a802b74ea140eb6257d19\" style=\"font-size:clamp(1.25rem, 1.25rem + ((1vw - 0.2rem) * 0.714), 2rem);\">unsere Stellpl\u00e4tze, Dienstleistungen und Preise<\/p>\n\n\n\n<div class=\"wp-block-group maillage is-layout-flow wp-block-group-is-layout-flow\">\n<div class=\"wp-block-query alignfull is-layout-flow wp-block-query-is-layout-flow\"><ul class=\"columns-3 wp-block-post-template is-layout-grid wp-container-core-post-template-is-layout-572542b5 wp-block-post-template-is-layout-grid\"><li class=\"wp-block-post post-2475 page type-page status-publish has-post-thumbnail hentry\">\n\n<div class=\"wp-block-group overflow-hidden gt-maillage has-global-padding is-layout-constrained wp-block-group-is-layout-constrained\">\n<figure class=\"wp-block-image gt-maillage__image\"><img decoding=\"async\" src=\"https:\/\/www.camping2laplage.com\/wp-content\/uploads\/2025\/09\/emplacements-campibg-isere.jpg\" alt=\"Stellpl\u00e4tze camping isere\" style=\"aspect-ratio:3\/4;object-fit:cover\"\/><\/figure>\n\n\n\n<p class=\"has-text-align-right gt-maillage__title gt-btn-arrow has-base-2-color has-text-color has-link-color has-basteleur-font-family wp-elements-5851ac654ece7c734572285f86f288d5\" style=\"border-right-style:none;border-right-width:0px;border-bottom-style:none;border-bottom-width:0px;padding-right:1rem;font-size:clamp(1.743rem, 1.743rem + ((1vw - 0.2rem) * 1.197), 3rem);font-style:normal;font-weight:300;text-transform:none\">Die Stellpl\u00e4tze<\/p>\n\n\n<a     class=\"wp-block-tiptip-hyperlink-group-block\" ><a class=\"is-style-lien-cover wp-block-read-more\" href=\"https:\/\/www.camping2laplage.com\/de\/stellplatzvermietung-treffort\/\" target=\"_self\">Weiterlesen<span class=\"screen-reader-text\">: Die Stellpl\u00e4tze<\/span><\/a><\/a><\/div>\n\n<\/li><li class=\"wp-block-post post-2499 page type-page status-publish has-post-thumbnail hentry\">\n\n<div class=\"wp-block-group overflow-hidden gt-maillage has-global-padding is-layout-constrained wp-block-group-is-layout-constrained\">\n<figure class=\"wp-block-image gt-maillage__image\"><img decoding=\"async\" src=\"https:\/\/www.camping2laplage.com\/wp-content\/uploads\/2025\/07\/camping-profiter-du-snacking-1.webp\" alt=\"Die Dienstleistungen\" style=\"aspect-ratio:3\/4;object-fit:cover\"\/><\/figure>\n\n\n\n<p class=\"has-text-align-right gt-maillage__title gt-btn-arrow has-base-2-color has-text-color has-link-color has-basteleur-font-family wp-elements-5851ac654ece7c734572285f86f288d5\" style=\"border-right-style:none;border-right-width:0px;border-bottom-style:none;border-bottom-width:0px;padding-right:1rem;font-size:clamp(1.743rem, 1.743rem + ((1vw - 0.2rem) * 1.197), 3rem);font-style:normal;font-weight:300;text-transform:none\">Die Dienstleistungen<\/p>\n\n\n<a     class=\"wp-block-tiptip-hyperlink-group-block\" ><a class=\"is-style-lien-cover wp-block-read-more\" href=\"https:\/\/www.camping2laplage.com\/de\/campingplatz-services-treffort\/\" target=\"_self\">Weiterlesen<span class=\"screen-reader-text\">: Die Dienstleistungen<\/span><\/a><\/a><\/div>\n\n<\/li><li class=\"wp-block-post post-2452 page type-page status-publish has-post-thumbnail hentry\">\n\n<div class=\"wp-block-group overflow-hidden gt-maillage has-global-padding is-layout-constrained wp-block-group-is-layout-constrained\">\n<figure class=\"wp-block-image gt-maillage__image\"><img decoding=\"async\" src=\"https:\/\/www.camping2laplage.com\/wp-content\/uploads\/2025\/08\/location-mobil-home-vercors.webp\" alt=\"Preise und Angebote\" style=\"aspect-ratio:3\/4;object-fit:cover\"\/><\/figure>\n\n\n\n<p class=\"has-text-align-right gt-maillage__title gt-btn-arrow has-base-2-color has-text-color has-link-color has-basteleur-font-family wp-elements-5851ac654ece7c734572285f86f288d5\" style=\"border-right-style:none;border-right-width:0px;border-bottom-style:none;border-bottom-width:0px;padding-right:1rem;font-size:clamp(1.743rem, 1.743rem + ((1vw - 0.2rem) * 1.197), 3rem);font-style:normal;font-weight:300;text-transform:none\">Preise und Angebote<\/p>\n\n\n<a     class=\"wp-block-tiptip-hyperlink-group-block\" ><a class=\"is-style-lien-cover wp-block-read-more\" href=\"https:\/\/www.camping2laplage.com\/de\/guenstiger-campingplatz-treffort\/\" target=\"_self\">Weiterlesen<span class=\"screen-reader-text\">: Preise und Angebote<\/span><\/a><\/a><\/div>\n\n<\/li><\/ul><\/div>\n<\/div>\n<\/section>\n","protected":false},"excerpt":{"rendered":"<p>Campingplatz 2 am Strand &gt; Vermietung von Mobilheimen in der Region Is\u00e8re Der Campingplatz de la Plage &#8211; Alpes, Vercors et Tri\u00e8ves, ein Campingplatz in der N\u00e4he von Grenoble, liegt direkt am See mit direktem Zugang zum Strand. Der Lac de Monteynard ist der erste europ\u00e4ische Wind- und Kitesurfspot in einem S\u00fc\u00dfwassersee. Nicolas, der Eigent\u00fcmer, [&hellip;]<\/p>\n","protected":false},"author":1,"featured_media":1738,"parent":0,"menu_order":0,"comment_status":"closed","ping_status":"closed","template":"","meta":{"_acf_changed":false,"_seopress_robots_primary_cat":"","_seopress_titles_title":"Vermietung von Mobilheimen in Is\u00e8re | Vermietung von Mobilheimen in der N\u00e4he von Grenoble","_seopress_titles_desc":"","_seopress_robots_index":"","_gt_ctv_global_id":"12907","_gt_ctv_id_group":false,"inline_featured_image":false,"gt_fse_maillage_image":"https:\/\/www.camping2laplage.com\/wp-content\/uploads\/2025\/08\/location-hebergement-isere.jpg","gt_fse_maillage_titre":"Unsere Preise","gt_fse_maillage_alt":"vermietung von ferienwohnungen isere","gt_fse_maillage_resume":"","footnotes":""},"categories":[],"tags":[],"class_list":["post-2467","page","type-page","status-publish","has-post-thumbnail","hentry"],"acf":[],"_links":{"self":[{"href":"https:\/\/www.camping2laplage.com\/de\/wp-json\/wp\/v2\/pages\/2467","targetHints":{"allow":["GET"]}}],"collection":[{"href":"https:\/\/www.camping2laplage.com\/de\/wp-json\/wp\/v2\/pages"}],"about":[{"href":"https:\/\/www.camping2laplage.com\/de\/wp-json\/wp\/v2\/types\/page"}],"author":[{"embeddable":true,"href":"https:\/\/www.camping2laplage.com\/de\/wp-json\/wp\/v2\/users\/1"}],"replies":[{"embeddable":true,"href":"https:\/\/www.camping2laplage.com\/de\/wp-json\/wp\/v2\/comments?post=2467"}],"version-history":[{"count":11,"href":"https:\/\/www.camping2laplage.com\/de\/wp-json\/wp\/v2\/pages\/2467\/revisions"}],"predecessor-version":[{"id":3108,"href":"https:\/\/www.camping2laplage.com\/de\/wp-json\/wp\/v2\/pages\/2467\/revisions\/3108"}],"wp:featuredmedia":[{"embeddable":true,"href":"https:\/\/www.camping2laplage.com\/de\/wp-json\/wp\/v2\/media\/1738"}],"wp:attachment":[{"href":"https:\/\/www.camping2laplage.com\/de\/wp-json\/wp\/v2\/media?parent=2467"}],"wp:term":[{"taxonomy":"category","embeddable":true,"href":"https:\/\/www.camping2laplage.com\/de\/wp-json\/wp\/v2\/categories?post=2467"},{"taxonomy":"post_tag","embeddable":true,"href":"https:\/\/www.camping2laplage.com\/de\/wp-json\/wp\/v2\/tags?post=2467"}],"curies":[{"name":"wp","href":"https:\/\/api.w.org\/{rel}","templated":true}]}}