{"id":2475,"date":"2025-07-09T13:14:49","date_gmt":"2025-07-09T11:14:49","guid":{"rendered":"https:\/\/www.camping2laplage.com\/location-emplacement-treffort\/"},"modified":"2025-09-22T12:29:52","modified_gmt":"2025-09-22T10:29:52","slug":"stellplatzvermietung-treffort","status":"publish","type":"page","link":"https:\/\/www.camping2laplage.com\/de\/stellplatzvermietung-treffort\/","title":{"rendered":"Die Stellpl\u00e4tze"},"content":{"rendered":"\n<div class=\"wp-block-group is-horizontal is-content-justification-center is-layout-flex wp-container-core-group-is-layout-348982d2 wp-block-group-is-layout-flex\">\n<p class=\"has-text-align-center has-custom-rouge-color has-text-color has-link-color wp-elements-79a042dbca45755e6373eff5dc6677e8\" style=\"font-style:normal;font-weight:400;letter-spacing:2px\"><a href=\"https:\/\/www.camping2laplage.com\/de\/\" data-type=\"page\" data-id=\"5\">Campingplatz 2 am Strand<\/a> &gt;<\/p>\n\n\n<p class=\"has-text-align-center has-custom-rouge-color has-text-color has-link-color\" \n    style=\"font-style:normal;font-weight:400;letter-spacing:2px\">Die Stellpl\u00e4tze<\/p>\n<\/div>\n\n<div id=\"titre-fil\" class=\"wp-block-group is-vertical is-content-justification-left is-layout-flex wp-container-core-group-is-layout-ac7f56a9 wp-block-group-is-layout-flex\" style=\"padding-right:20%;padding-left:20%\">\n<h1 class=\"wp-block-heading has-text-align-center has-custom-rouge-color has-text-color has-link-color wp-elements-f2605253826c180c432beec3a4ab5543\" id=\"titre-page\" style=\"font-size:clamp(2.629rem, 2.629rem + ((1vw - 0.2rem) * 2.258), 5rem);\">Vermietung von Stellpl\u00e4tzen f\u00fcr Caravaning in der N\u00e4he von Grenoble<\/h1>\n\n\n\n<p style=\"border-right-style:none;border-right-width:0px;border-bottom-style:none;border-bottom-width:0px;border-left-style:none;border-left-width:0px\">Camping de la Plage &#8211; Alpes, Vercors et Tri\u00e8ves, ein 1979 gegr\u00fcndeter <a href=\"https:\/\/www.camping2laplage.com\/de\/\" data-type=\"page\" data-id=\"5\">Campingplatz im Departement Is\u00e8re<\/a>, verf\u00fcgt \u00fcber 74 Stellpl\u00e4tze, davon <strong>54 Caravaning-Stellpl\u00e4tze<\/strong>, die in der N\u00e4he von Grenoble zu mieten sind und somit ausschlie\u00dflich f\u00fcr Camping in einer angenehmen landschaftlichen Umgebung mit ausgewachsenen B\u00e4umen und unber\u00fchrter Natur vorgesehen sind. Die ideale Wahl f\u00fcr einen <a href=\"https:\/\/www.camping2laplage.com\/de\/guenstiger-campingplatz-treffort\/\" data-type=\"page\" data-id=\"12\">g\u00fcnstigen Campingurlaub in der N\u00e4he von Grenoble<\/a>! <\/p>\n<\/div>\n\n<div class=\"wp-block-group list-hebergements has-global-padding is-layout-constrained wp-container-core-group-is-layout-d95ef7e3 wp-block-group-is-layout-constrained\" style=\"padding-top:var(--wp--preset--spacing--40);padding-bottom:var(--wp--preset--spacing--40)\">\n<div\n    style=\"padding-right:8rem;padding-left:8rem;\" class=\"gt-hebergements-filtres gt-hebergements-filtres--accordeons  gt-hebergements-filtres--grid wp-block-gt-gt-fse-hebergements\"    data-wp-interactive=\"gt\/fse\/filtres\"\n    data-wp-on--keydown=\"actions.handleKeydown\"\n    data-wp-on-document--click=\"actions.outsideClick\"\n    data-wp-context='{\"isSidebar\":false,\"isSidebarOpen\":true,\"isStickyButton\":false,\"isAccordeon\":true}'>\n    <div class=\"gt-hebergements-actions\">\n        \n        <button\n            class=\"gt-hebergements-open-button \"\n            data-wp-on--click=\"actions.toggleSidebar\"\n            data-wp-bind--aria-expanded=\"context.isSidebarOpen\"\n            data-wp-class--active=\"state.activeCheckboxes\"\n            style=\"display:flex;align-items:center;gap:0;flex-direction:row;\">\n                        <span class=\"gt-hebergements-label-button\">Filtres<\/span>\n            <span\n                data-wp-text=\"state.activeCheckboxes\"\n                data-wp-bind--hidden=\"!state.activeCheckboxes\"><\/span>\n        <\/button>\n\n        <div data-wp-bind--hidden=\"!state.activeCheckboxes\">\n            <button\n                class=\"gt-hebergements-reset-button\"\n                data-wp-on--click=\"actions.clearAllFilters\">\n                <i class=\"fas fa-undo-alt\"><\/i>\n                R\u00e9initialiser            <\/button>\n        <\/div>\n    <\/div>\n\n    <div\n        class=\"gt-hebergements-filtres__sidebar\"\n        data-wp-bind--hidden=\"!context.isSidebarOpen\"\n        data-wp-class--opened=\"context.isSidebarOpen\"\n\n                style=\"grid-template-columns: repeat(auto-fit, minmax(3rem, 1fr))\"\n        >\n                                                                                <div\n                    class=\"gt-hebergements-filtre closed\"\n                    data-gt-filtre-name=\"types\"\n                    data-gt-cookie=\"gtTypes\"\n                    aria-expanded=\"\"\n                    data-gt-filtre-operator=\"OR\">\n\n                                        <p\n                        class=\"gt-hebergements-filtre__name\"\n                        data-wp-on--click=\"actions.toggleFilter\"\n                        style=\"\n                            background-color: #822f11;\n                            color: #ffffff;\n                            border-radius: 10px 10px 10px 10px;\n                            padding: 20px 20px 20px 20px;\n                        \">\n                        <span>\n                            Typen                            <span\n                                class=\"gt-hebergements-filtre__count\"\n                                data-wp-bind--hidden=\"!state.count.types\"\n                                data-wp-text=\"state.count.types\"\n                                hidden>\n                            <\/span>\n                        <\/span>\n                    <\/p>\n                    <div\n                        class=\"gt-hebergements-filtre__content\"\n                        style=\"\n                            background-color: #822f11;\n                            color: #ffffff;\n                            border-radius: 10px 10px 10px 10px;\n                            padding: 20px 20px 20px 20px;\n                        \">\n                        <label>\n                            <input\n                                type=\"checkbox\"\n                                name=\"types[]\"\n                                data-wp-on--click=\"actions.clearFilter\"\n                                value=\"\"\n                                checked \/>\n                            <span class=\"custom-checkbox\"><\/span>\n                            Alle                        <\/label>\n\n                                                                                <label>\n                                <input\n                                    type=\"checkbox\"\n                                    name=\"types[]\"\n                                    data-wp-on--click=\"actions.runFilters\"\n                                    value=\"18\"\n                                     \/>\n                                <span class=\"custom-checkbox\"><\/span>\n                                Emplacement                                                            <\/label>\n                                                                        <\/div>\n                <\/div>\n                                                                                                        <div\n                    class=\"gt-hebergements-filtre closed\"\n                    data-gt-filtre-name=\"capacities\"\n                    data-gt-cookie=\"gtCapacities\"\n                    aria-expanded=\"\"\n                    data-gt-filtre-operator=\"OR\">\n\n                                        <p\n                        class=\"gt-hebergements-filtre__name\"\n                        data-wp-on--click=\"actions.toggleFilter\"\n                        style=\"\n                            background-color: #822f11;\n                            color: #ffffff;\n                            border-radius: 10px 10px 10px 10px;\n                            padding: 20px 20px 20px 20px;\n                        \">\n                        <span>\n                            Personen                            <span\n                                class=\"gt-hebergements-filtre__count\"\n                                data-wp-bind--hidden=\"!state.count.capacities\"\n                                data-wp-text=\"state.count.capacities\"\n                                hidden>\n                            <\/span>\n                        <\/span>\n                    <\/p>\n                    <div\n                        class=\"gt-hebergements-filtre__content\"\n                        style=\"\n                            background-color: #822f11;\n                            color: #ffffff;\n                            border-radius: 10px 10px 10px 10px;\n                            padding: 20px 20px 20px 20px;\n                        \">\n                        <label>\n                            <input\n                                type=\"checkbox\"\n                                name=\"capacities[]\"\n                                data-wp-on--click=\"actions.clearFilter\"\n                                value=\"\"\n                                checked \/>\n                            <span class=\"custom-checkbox\"><\/span>\n                            Alle                        <\/label>\n\n                                                                                <label>\n                                <input\n                                    type=\"checkbox\"\n                                    name=\"capacities[]\"\n                                    data-wp-on--click=\"actions.runFilters\"\n                                    value=\"23\"\n                                     \/>\n                                <span class=\"custom-checkbox\"><\/span>\n                                2                                                                    <span class=\"gt-hebergements-filtre__suffix\">\n                                         Pers.                                    <\/span>\n                                                            <\/label>\n                                                                                <label>\n                                <input\n                                    type=\"checkbox\"\n                                    name=\"capacities[]\"\n                                    data-wp-on--click=\"actions.runFilters\"\n                                    value=\"19\"\n                                     \/>\n                                <span class=\"custom-checkbox\"><\/span>\n                                4                                                                    <span class=\"gt-hebergements-filtre__suffix\">\n                                         Pers.                                    <\/span>\n                                                            <\/label>\n                                                                                <label>\n                                <input\n                                    type=\"checkbox\"\n                                    name=\"capacities[]\"\n                                    data-wp-on--click=\"actions.runFilters\"\n                                    value=\"30\"\n                                     \/>\n                                <span class=\"custom-checkbox\"><\/span>\n                                5                                                                    <span class=\"gt-hebergements-filtre__suffix\">\n                                         Pers.                                    <\/span>\n                                                            <\/label>\n                                                                                <label>\n                                <input\n                                    type=\"checkbox\"\n                                    name=\"capacities[]\"\n                                    data-wp-on--click=\"actions.runFilters\"\n                                    value=\"28\"\n                                     \/>\n                                <span class=\"custom-checkbox\"><\/span>\n                                6                                                                    <span class=\"gt-hebergements-filtre__suffix\">\n                                         Pers.                                    <\/span>\n                                                            <\/label>\n                                            <\/div>\n                <\/div>\n                                                                                    <\/div>\n<\/div>\n\n\n<div data-wp-context=\"{}\" data-wp-interactive=\"core\/query\" data-wp-key=\"0\" data-wp-router-region=\"query-0\" class=\"wp-block-query alignwide gt-fse-hebergements is-layout-flow wp-block-query-is-layout-flow gt-fse-widgets-ctv-open-product\"><ul class=\"columns-2 wp-block-post-template is-layout-grid wp-container-core-post-template-is-layout-02493678 wp-block-post-template-is-layout-grid gt-fse-widgets-ctv-open-product\"><li data-gt-Thelis-product-id=\"\" data-gt-bathrooms=\"\" data-gt-campings=\"\" data-gt-capacities=\"23\" data-gt-ctv-product-id=\"52085\" data-gt-gammes=\"\" data-gt-options=\"\" data-gt-rooms=\"\" data-gt-superficies=\"36\" data-gt-types=\"18\" data-wp-key=\"post-template-item-2518\" class=\"wp-block-post post-2518 hebergement type-hebergement status-publish has-post-thumbnail hentry gt-hebergements-types-emplacement gt-hebergements-nombre-personnes-23 gt-hebergements-superficie-36 gt-fse-widgets-ctv-open-product\">\n\n<div class=\"wp-block-group gt-hebergement-wrap has-global-padding is-layout-constrained wp-block-group-is-layout-constrained gt-fse-widgets-ctv-open-product\" style=\"margin-top:0px\">\n<div data-swiper=\"{&quot;speed&quot;:1000,&quot;autoplay&quot;:{&quot;delay&quot;:5000,&quot;disableOnInteraction&quot;:false},&quot;spaceBetween&quot;:0,&quot;slidesPerView&quot;:1,&quot;pagination&quot;:{&quot;el&quot;:&quot;.swiper-pagination&quot;,&quot;dynamicBullets&quot;:true,&quot;clickable&quot;:true,&quot;type&quot;:&quot;bullets&quot;},&quot;navigation&quot;:{&quot;nextEl&quot;:&quot;.swiper-button-next&quot;,&quot;prevEl&quot;:&quot;.swiper-button-prev&quot;},&quot;breakpoints&quot;:[{&quot;slidesPerView&quot;:1}]}\" class=\"wp-block-cover has-custom-content-position is-position-bottom-center hebergement-featured-image gt-fse-widgets-ctv-open-product\" style=\"border-radius:25px;padding-top:0px;padding-right:0px;padding-bottom:0px;padding-left:0px;min-height:430px;aspect-ratio:unset;\"><span aria-hidden=\"true\" class=\"wp-block-cover__background has-background-dim-80 has-background-dim has-background-gradient gt-fse-widgets-ctv-open-product\" style=\"background:linear-gradient(0deg,rgb(0,0,0) 26%,rgba(0,0,0,0) 42%)\"><\/span><img decoding=\"async\" width=\"1199\" height=\"800\" src=\"https:\/\/www.camping2laplage.com\/wp-content\/uploads\/2025\/08\/location-emplacement-alpes.jpg\" class=\"wp-block-cover__image-background wp-post-image gt-fse-widgets-ctv-open-product\" alt=\"vermietung stellplatz alpes\" data-object-fit=\"cover\" srcset=\"https:\/\/www.camping2laplage.com\/wp-content\/uploads\/2025\/08\/location-emplacement-alpes.jpg 1199w, https:\/\/www.camping2laplage.com\/wp-content\/uploads\/2025\/08\/location-emplacement-alpes-300x200.jpg 300w, https:\/\/www.camping2laplage.com\/wp-content\/uploads\/2025\/08\/location-emplacement-alpes-1024x683.jpg 1024w, https:\/\/www.camping2laplage.com\/wp-content\/uploads\/2025\/08\/location-emplacement-alpes-768x512.jpg 768w\" sizes=\"(max-width: 1199px) 100vw, 1199px\" \/><div class=\"wp-block-cover__inner-container has-global-padding is-layout-constrained wp-container-core-cover-is-layout-f5c98baf wp-block-cover-is-layout-constrained gt-fse-widgets-ctv-open-product\">\n<div class=\"wp-block-group titre-fleche is-nowrap is-layout-flex wp-container-core-group-is-layout-6c531013 wp-block-group-is-layout-flex gt-fse-widgets-ctv-open-product\">\n<p class=\"has-text-align-left hebergement-title gt-btn-arrow has-base-2-color has-text-color has-link-color has-basteleur-font-family wp-elements-9c563c41f13d6fedd8c90588c141348d gt-fse-widgets-ctv-open-product\" style=\"padding-right:0;padding-left:1.5rem;font-size:clamp(18.959px, 1.185rem + ((1vw - 3.2px) * 0.657), 30px);font-style:normal;font-weight:700;text-transform:uppercase\">Stellpl\u00e4tze: Fahrzeug + Zelt &#8211; oder Fahrzeug + Wohnwagen &#8211; oder Wohnmobil\/Van<\/p>\n\n\n\n<figure class=\"wp-block-image size-large is-resized fleche wp-duotone-rgb255255255-ccc-1 gt-fse-widgets-ctv-open-product\"><img decoding=\"async\" width=\"17\" height=\"12\" src=\"https:\/\/www.camping2laplage.com\/wp-content\/uploads\/2025\/07\/arrows-btn.svg\" alt=\"arrows btn\" class=\"wp-image-176 gt-fse-widgets-ctv-open-product\" style=\"object-fit:contain;width:15px;height:15px\"\/><\/figure>\n<\/div>\n\n\n\n<div class=\"wp-block-group alignfull hebergement-icons has-custom-rouge-background-color has-background is-content-justification-center is-nowrap is-layout-flex wp-container-core-group-is-layout-4e3a5801 wp-block-group-is-layout-flex gt-fse-widgets-ctv-open-product\" style=\"padding-top:var(--wp--preset--spacing--10);padding-right:1rem;padding-bottom:var(--wp--preset--spacing--10);padding-left:1rem\">\n<div class=\"wp-block-group is-nowrap is-layout-flex wp-container-core-group-is-layout-513c09f2 wp-block-group-is-layout-flex gt-fse-widgets-ctv-open-product\">\n<figure class=\"wp-block-image size-full is-resized wp-duotone-ededa9-ccc-2 gt-fse-widgets-ctv-open-product\"><img decoding=\"async\" width=\"300\" height=\"300\" src=\"https:\/\/www.camping2laplage.com\/wp-content\/uploads\/2025\/07\/personnes.webp\" alt=\"personnes\" class=\"wp-image-1020 gt-fse-widgets-ctv-open-product\" style=\"width:25px\" srcset=\"https:\/\/www.camping2laplage.com\/wp-content\/uploads\/2025\/07\/personnes.webp 300w, https:\/\/www.camping2laplage.com\/wp-content\/uploads\/2025\/07\/personnes-150x150.webp 150w\" sizes=\"(max-width: 300px) 100vw, 300px\" \/><\/figure>\n\n\n<div class=\"taxonomy-gt-hebergements-nombre-personnes has-link-color wp-elements-f7c87e54e38b0809136675ff6bf5c315 wp-block-post-terms has-text-color has-base-2-color has-medium-font-size has-roboto-font-family gt-fse-widgets-ctv-open-product\"><span class=\"gt-fse-widgets-ctv-open-product\">2<\/span><\/div>\n\n\n<p class=\"has-base-2-color has-text-color has-link-color has-medium-font-size wp-elements-ed300d43f37d8c22950d8ef97712d50f gt-fse-widgets-ctv-open-product\">Pers.<\/p>\n<\/div>\n\n\n\n<div class=\"wp-block-group is-nowrap is-layout-flex wp-container-core-group-is-layout-89a94f6a wp-block-group-is-layout-flex gt-fse-widgets-ctv-open-product\">\n<figure class=\"wp-block-image size-full is-resized wp-duotone-ededa9-ffffff-3 gt-fse-widgets-ctv-open-product\"><img decoding=\"async\" width=\"512\" height=\"512\" src=\"https:\/\/www.camping2laplage.com\/wp-content\/uploads\/2025\/07\/chambre.webp\" alt=\"chambre\" class=\"wp-image-1024 gt-fse-widgets-ctv-open-product\" style=\"width:25px\" srcset=\"https:\/\/www.camping2laplage.com\/wp-content\/uploads\/2025\/07\/chambre.webp 512w, https:\/\/www.camping2laplage.com\/wp-content\/uploads\/2025\/07\/chambre-300x300.webp 300w, https:\/\/www.camping2laplage.com\/wp-content\/uploads\/2025\/07\/chambre-150x150.webp 150w\" sizes=\"(max-width: 512px) 100vw, 512px\" \/><\/figure>\n\n\n\n\n\n<p class=\"has-base-2-color has-text-color has-link-color has-medium-font-size wp-elements-9a187f19e657d0a1a7cff608aeff72a2 gt-fse-widgets-ctv-open-product\">ch.<\/p>\n<\/div>\n\n\n\n<div class=\"wp-block-group is-nowrap is-layout-flex wp-container-core-group-is-layout-89a94f6a wp-block-group-is-layout-flex gt-fse-widgets-ctv-open-product\">\n<figure class=\"wp-block-image size-full is-resized wp-duotone-ededa9-ffffff-4 gt-fse-widgets-ctv-open-product\"><img decoding=\"async\" width=\"300\" height=\"300\" src=\"https:\/\/www.camping2laplage.com\/wp-content\/uploads\/2025\/07\/surface.webp\" alt=\"surface\" class=\"wp-image-1028 gt-fse-widgets-ctv-open-product\" style=\"width:25px\" srcset=\"https:\/\/www.camping2laplage.com\/wp-content\/uploads\/2025\/07\/surface.webp 300w, https:\/\/www.camping2laplage.com\/wp-content\/uploads\/2025\/07\/surface-150x150.webp 150w\" sizes=\"(max-width: 300px) 100vw, 300px\" \/><\/figure>\n\n\n<div class=\"taxonomy-gt-hebergements-superficie has-link-color wp-elements-cafe8390f833754c2c2fbce3d1413350 wp-block-post-terms has-text-color has-base-2-color has-medium-font-size has-roboto-font-family gt-fse-widgets-ctv-open-product\"><span class=\"gt-fse-widgets-ctv-open-product\">80<\/span><\/div>\n\n\n<p class=\"has-base-2-color has-text-color has-link-color has-medium-font-size wp-elements-cf28bc533e0468d76b0d039beb27e42a gt-fse-widgets-ctv-open-product\">m\u00b2<\/p>\n<\/div>\n<\/div>\n<\/div><\/div>\n<\/div>\n\n<\/li><\/ul><\/div>\n<\/div>\n\n<div style=\"height:73px\" aria-hidden=\"true\" class=\"wp-block-spacer gt-hide-mobile\"><\/div>\n\n<div id=\"gt_1-cta-svg_001\" class=\"wp-block-group has-global-padding is-layout-constrained wp-block-group-is-layout-constrained\">\n<div class=\"wp-block-columns are-vertically-aligned-center is-layout-flex wp-container-core-columns-is-layout-9b24e0e0 wp-block-columns-is-layout-flex\">\n<div class=\"wp-block-column is-vertically-aligned-center animated slideInUp is-layout-flow wp-block-column-is-layout-flow\" id=\"content\">\n<h2 class=\"wp-block-heading has-custom-rouge-color has-text-color has-link-color wp-elements-96bd9695b45fd8a962c84c8609a13fce\">Ihr Stellplatz am See zu vermieten in Is\u00e8re<\/h2>\n\n\n\n<p>Unsere Stellpl\u00e4tze sind ca. <strong>80 m<\/strong> gro\u00df.<strong><sup>2<\/sup><\/strong> sind <strong>ganz oder teilweise schattig<\/strong>. Sie befinden sich <strong>entlang des Sees<\/strong> und k\u00f6nnen <strong>Zelte<\/strong>, <strong>Wohnwagen<\/strong> oder <strong>Wohnmobile<\/strong> aufnehmen. Sie sind schattig oder sonnig, grasbewachsen oder stabilisiert, jeder wird seinen Platz finden.  <\/p>\n\n\n\n<p>Jeder Stellplatz in der Vermietung in der Is\u00e8re hat Zugang zu einer <strong>10 A Stroms\u00e4ule<\/strong> und einer <strong>Wasserstelle<\/strong>. Denken Sie daran, Ihre eigenen Verl\u00e4ngerungskabel und europ\u00e4ischen Adapter mitzubringen. Die Stellpl\u00e4tze k\u00f6nnen von <strong>1 bis 6 Personen<\/strong> belegt werden. Das Startpaket umfasst 2 Personen, ein Zelt und ein Fahrzeug. Der Boden kann zu bestimmten Zeiten des Jahres sehr hart sein. Die Anreise erfolgt t\u00e4glich ab 1 Nacht, au\u00dfer an Wochenenden, Feiertagen und in der Hochsaison.      <\/p>\n\n\n\n<p>Die Anreise muss ab <strong>14.00 Uhr<\/strong> und die Abreise bis <strong>12.00 Uhr<\/strong> erfolgen. Zwischen <strong>22.00 Uhr und 7.00 Uhr<\/strong> d\u00fcrfen keine Fahrzeuge auf dem Campingplatz fahren. Sie k\u00f6nnen Ihr Fahrzeug auf Ihrem Stellplatz parken.  <\/p>\n<\/div>\n\n\n\n<div class=\"wp-block-column is-vertically-aligned-center is-layout-flow wp-block-column-is-layout-flow\" id=\"image\">\n<div data-swiper=\"{&quot;speed&quot;:400,&quot;spaceBetween&quot;:16,&quot;slidesPerView&quot;:3,&quot;createElements&quot;:true,&quot;loop&quot;:true,&quot;freemode&quot;:true,&quot;navigation&quot;:{&quot;nextEl&quot;:&quot;buttonNext&quot;,&quot;prevEl&quot;:&quot;buttonPrev&quot;},&quot;breakpoints&quot;:[{&quot;slidesPerView&quot;:1}]}\" class=\"wp-block-group gt-is-slider gt-is-slider-desktop has-global-padding is-layout-constrained wp-block-group-is-layout-constrained\">\n<figure class=\"wp-block-image size-large has-custom-border\"><img decoding=\"async\" width=\"1024\" height=\"683\" src=\"https:\/\/www.camping2laplage.com\/wp-content\/uploads\/2025\/08\/location-emplacement-campibg-isere-1024x683.jpg\" alt=\"Vermietung Stellplatz camping isere\" class=\"wp-image-1756\" style=\"border-radius:25px\" srcset=\"https:\/\/www.camping2laplage.com\/wp-content\/uploads\/2025\/08\/location-emplacement-campibg-isere-1024x683.jpg 1024w, https:\/\/www.camping2laplage.com\/wp-content\/uploads\/2025\/08\/location-emplacement-campibg-isere-300x200.jpg 300w, https:\/\/www.camping2laplage.com\/wp-content\/uploads\/2025\/08\/location-emplacement-campibg-isere-768x512.jpg 768w, https:\/\/www.camping2laplage.com\/wp-content\/uploads\/2025\/08\/location-emplacement-campibg-isere.jpg 1199w\" sizes=\"(max-width: 1024px) 100vw, 1024px\" \/><\/figure>\n\n\n\n<figure class=\"wp-block-image size-large has-custom-border\"><img decoding=\"async\" width=\"1024\" height=\"683\" src=\"https:\/\/www.camping2laplage.com\/wp-content\/uploads\/2025\/08\/location-emplacement-alpes-1024x683.jpg\" alt=\"vermietung stellplatz alpes\" class=\"wp-image-1761\" style=\"border-radius:25px\" srcset=\"https:\/\/www.camping2laplage.com\/wp-content\/uploads\/2025\/08\/location-emplacement-alpes-1024x683.jpg 1024w, https:\/\/www.camping2laplage.com\/wp-content\/uploads\/2025\/08\/location-emplacement-alpes-300x200.jpg 300w, https:\/\/www.camping2laplage.com\/wp-content\/uploads\/2025\/08\/location-emplacement-alpes-768x512.jpg 768w, https:\/\/www.camping2laplage.com\/wp-content\/uploads\/2025\/08\/location-emplacement-alpes.jpg 1199w\" sizes=\"(max-width: 1024px) 100vw, 1024px\" \/><\/figure>\n<\/div>\n<\/div>\n<\/div>\n<\/div>\n\n<div style=\"height:95px\" aria-hidden=\"true\" class=\"wp-block-spacer gt-hide-mobile\"><\/div>\n\n<div id=\"gt_1-cta-svg_001\" class=\"wp-block-group has-global-padding is-layout-constrained wp-block-group-is-layout-constrained\">\n<div class=\"wp-block-columns are-vertically-aligned-center is-layout-flex wp-container-core-columns-is-layout-9b24e0e0 wp-block-columns-is-layout-flex\">\n<div class=\"wp-block-column is-vertically-aligned-center is-layout-flow wp-block-column-is-layout-flow\" id=\"image\">\n<div data-swiper=\"{&quot;speed&quot;:400,&quot;spaceBetween&quot;:16,&quot;slidesPerView&quot;:3,&quot;createElements&quot;:true,&quot;loop&quot;:true,&quot;freemode&quot;:true,&quot;navigation&quot;:{&quot;nextEl&quot;:&quot;buttonNext&quot;,&quot;prevEl&quot;:&quot;buttonPrev&quot;},&quot;breakpoints&quot;:[{&quot;slidesPerView&quot;:1}]}\" class=\"wp-block-group gt-is-slider gt-is-slider-desktop has-global-padding is-layout-constrained wp-block-group-is-layout-constrained\">\n<figure class=\"wp-block-image size-large has-custom-border\"><img decoding=\"async\" width=\"1024\" height=\"683\" src=\"https:\/\/www.camping2laplage.com\/wp-content\/uploads\/2025\/08\/emplacement-tente-camping-isere-1024x683.jpg\" alt=\"Stellpl&#xE4;tze Zelt Camping isere\" class=\"wp-image-1766\" style=\"border-radius:25px\" srcset=\"https:\/\/www.camping2laplage.com\/wp-content\/uploads\/2025\/08\/emplacement-tente-camping-isere-1024x683.jpg 1024w, https:\/\/www.camping2laplage.com\/wp-content\/uploads\/2025\/08\/emplacement-tente-camping-isere-300x200.jpg 300w, https:\/\/www.camping2laplage.com\/wp-content\/uploads\/2025\/08\/emplacement-tente-camping-isere-768x512.jpg 768w, https:\/\/www.camping2laplage.com\/wp-content\/uploads\/2025\/08\/emplacement-tente-camping-isere.jpg 1199w\" sizes=\"(max-width: 1024px) 100vw, 1024px\" \/><\/figure>\n\n\n\n<figure class=\"wp-block-image size-large has-custom-border\"><img decoding=\"async\" width=\"1024\" height=\"683\" src=\"https:\/\/www.camping2laplage.com\/wp-content\/uploads\/2025\/08\/sanitaires-emplacement-camping-1024x683.jpg\" alt=\"Sanit&#xE4;re Einrichtungen Stellplatz Camping\" class=\"wp-image-1771\" style=\"border-radius:25px\" srcset=\"https:\/\/www.camping2laplage.com\/wp-content\/uploads\/2025\/08\/sanitaires-emplacement-camping-1024x683.jpg 1024w, https:\/\/www.camping2laplage.com\/wp-content\/uploads\/2025\/08\/sanitaires-emplacement-camping-300x200.jpg 300w, https:\/\/www.camping2laplage.com\/wp-content\/uploads\/2025\/08\/sanitaires-emplacement-camping-768x512.jpg 768w, https:\/\/www.camping2laplage.com\/wp-content\/uploads\/2025\/08\/sanitaires-emplacement-camping.jpg 1199w\" sizes=\"(max-width: 1024px) 100vw, 1024px\" \/><\/figure>\n<\/div>\n<\/div>\n\n\n\n<div class=\"wp-block-column is-vertically-aligned-center animated slideInUp is-layout-flow wp-block-column-is-layout-flow\" id=\"content\">\n<h2 class=\"wp-block-heading has-custom-rouge-color has-text-color has-link-color wp-elements-29cc529e0f6f5c370a103a813b15bc4d\">Zus\u00e4tzliche Einrichtungen und Dienstleistungen<\/h2>\n\n\n\n<p><strong>Die kleinen Extras :<\/strong><\/p>\n\n\n\n<ul class=\"wp-block-list\">\n<li>Verkauf von europ\u00e4ischen Adaptern<\/li>\n\n\n\n<li>Vermietung von Verl\u00e4ngerungen<\/li>\n\n\n\n<li>Verkauf von Sardinen und Spannern<\/li>\n\n\n\n<li>Vermietung von K\u00fchlschr\u00e4nken, die direkt auf Ihrem Stellplatz abgestellt werden.<\/li>\n\n\n\n<li>Eine Selbstbedienungs-Tiefk\u00fchltruhe, in der Sie Ihre K\u00e4ltebl\u00f6cke herstellen k\u00f6nnen.<\/li>\n\n\n\n<li>Eine W\u00e4scherei (M\u00fcnzbetrieb)<\/li>\n\n\n\n<li>Am Eingang des Campingplatzes befindet sich eine &#8222;Late Arrival&#8220;-Box, in der Sie nach der Schlie\u00dfung des Campingplatzes einchecken k\u00f6nnen. Bitte beachten Sie, dass Fahrzeuge nach 22.00 Uhr nicht mehr einfahren k\u00f6nnen. Sie m\u00fcssen vor dem Campingplatz parken.  <\/li>\n<\/ul>\n<\/div>\n<\/div>\n<\/div>\n\n<div style=\"height:95px\" aria-hidden=\"true\" class=\"wp-block-spacer gt-hide-mobile\"><\/div>\n\n<div id=\"gt_1-cta-svg_001\" class=\"wp-block-group has-global-padding is-layout-constrained wp-block-group-is-layout-constrained\">\n<div class=\"wp-block-columns are-vertically-aligned-center is-layout-flex wp-container-core-columns-is-layout-9b24e0e0 wp-block-columns-is-layout-flex\">\n<div class=\"wp-block-column is-vertically-aligned-center animated slideInUp is-layout-flow wp-block-column-is-layout-flow\" id=\"content\">\n<h2 class=\"wp-block-heading has-custom-rouge-color has-text-color has-link-color wp-elements-acacb7389e6f33fa87d6a0fe9f57f6d7\">Moderne und qualitativ hochwertige Sanit\u00e4re Einrichtungen mit Zugang f\u00fcr Behinderte<\/h2>\n\n\n\n<p>Der Campingplatz verf\u00fcgt \u00fcber <strong>zwei Sanit\u00e4re<\/strong> Einrichtungen mit WCs, Duschen, Ausg\u00fcssen f\u00fcr chemische Toiletten und barrierefreien Sanit\u00e4ranlagen. Zwei Stellpl\u00e4tze sind f\u00fcr <strong>Personen mit eingeschr\u00e4nkter Mobilit\u00e4t<\/strong> zug\u00e4nglich.  <\/p>\n\n\n\n<p>Sie befinden sich in der N\u00e4he der Duschen und WCs. <strong>Holzkohlegrills<\/strong> sind auf Ihrem Stellplatz erlaubt. <strong>Haustiere sind willkommen<\/strong>, m\u00fcssen aber an der Leine gehalten werden. Im Interesse der Ruhe und des Respekts bitten wir um Ruhe nach 22.00 Uhr.   <\/p>\n\n\n\n<p>M\u00f6chten Sie noch mehr Komfort genie\u00dfen? Dann entscheiden Sie sich f\u00fcr eines <a href=\"https:\/\/www.camping2laplage.com\/de\/mobilheimvermietung-treffort\/\" data-type=\"page\" data-id=\"10\">unserer Mobilheime zur Vermietung in der Region Is\u00e8re<\/a>! <\/p>\n<\/div>\n\n\n\n<div class=\"wp-block-column is-vertically-aligned-center is-layout-flow wp-block-column-is-layout-flow\" id=\"image\">\n<div data-swiper=\"{&quot;speed&quot;:400,&quot;spaceBetween&quot;:16,&quot;slidesPerView&quot;:3,&quot;createElements&quot;:true,&quot;loop&quot;:true,&quot;freemode&quot;:true,&quot;navigation&quot;:{&quot;nextEl&quot;:&quot;buttonNext&quot;,&quot;prevEl&quot;:&quot;buttonPrev&quot;},&quot;breakpoints&quot;:[{&quot;slidesPerView&quot;:1}]}\" class=\"wp-block-group gt-is-slider gt-is-slider-desktop has-global-padding is-layout-constrained wp-block-group-is-layout-constrained\">\n<figure class=\"wp-block-image size-large has-custom-border\"><img decoding=\"async\" width=\"1024\" height=\"683\" src=\"https:\/\/www.camping2laplage.com\/wp-content\/uploads\/2025\/08\/sanitaires-camping-isere-1024x683.jpg\" alt=\"Sanit&#xE4;re Einrichtungen Camping isere\" class=\"wp-image-1777\" style=\"border-radius:25px\" srcset=\"https:\/\/www.camping2laplage.com\/wp-content\/uploads\/2025\/08\/sanitaires-camping-isere-1024x683.jpg 1024w, https:\/\/www.camping2laplage.com\/wp-content\/uploads\/2025\/08\/sanitaires-camping-isere-300x200.jpg 300w, https:\/\/www.camping2laplage.com\/wp-content\/uploads\/2025\/08\/sanitaires-camping-isere-768x512.jpg 768w, https:\/\/www.camping2laplage.com\/wp-content\/uploads\/2025\/08\/sanitaires-camping-isere.jpg 1199w\" sizes=\"(max-width: 1024px) 100vw, 1024px\" \/><\/figure>\n<\/div>\n<\/div>\n<\/div>\n<\/div>\n\n<div style=\"height:73px\" aria-hidden=\"true\" class=\"wp-block-spacer gt-hide-mobile\"><\/div>\n\n<section class=\"wp-block-group alignfull bloc-maillage has-global-padding is-layout-constrained wp-container-core-group-is-layout-6131d34a wp-block-group-is-layout-constrained\" style=\"margin-top:0px;margin-bottom:0px;padding-top:10rem;padding-right:0;padding-bottom:10rem;padding-left:0rem\">\n<p class=\"has-text-align-center has-custom-rouge-color has-text-color has-link-color has-basteleur-font-family wp-elements-088d06e8262be72cdce378d330246c48\" style=\"font-size:clamp(2.2rem, 2.2rem + ((1vw - 0.2rem) * 1.714), 4rem);\">Entdecken Sie<\/p>\n\n\n\n<p class=\"has-text-align-center has-custom-rouge-color has-text-color has-link-color has-basteleur-font-family wp-elements-0427fb8907a215f4ef01c4eb5d1446ab\" style=\"font-size:clamp(1.25rem, 1.25rem + ((1vw - 0.2rem) * 0.714), 2rem);\">der See, unsere Vermietungen und Dienstleistungen<\/p>\n\n\n\n<div class=\"wp-block-group maillage is-layout-flow wp-block-group-is-layout-flow\">\n<div class=\"wp-block-query alignfull is-layout-flow wp-block-query-is-layout-flow\"><ul class=\"columns-3 wp-block-post-template is-layout-grid wp-container-core-post-template-is-layout-572542b5 wp-block-post-template-is-layout-grid\"><li class=\"wp-block-post post-2481 page type-page status-publish has-post-thumbnail hentry\">\n\n<div class=\"wp-block-group overflow-hidden gt-maillage has-global-padding is-layout-constrained wp-block-group-is-layout-constrained\">\n<figure class=\"wp-block-image gt-maillage__image\"><img decoding=\"async\" src=\"https:\/\/www.camping2laplage.com\/wp-content\/uploads\/2025\/08\/lac-alpes-1.jpg\" alt=\"See Alpen\" style=\"aspect-ratio:3\/4;object-fit:cover\"\/><\/figure>\n\n\n\n<p class=\"has-text-align-right gt-maillage__title gt-btn-arrow has-base-2-color has-text-color has-link-color has-basteleur-font-family wp-elements-5851ac654ece7c734572285f86f288d5\" style=\"border-right-style:none;border-right-width:0px;border-bottom-style:none;border-bottom-width:0px;padding-right:1rem;font-size:clamp(1.743rem, 1.743rem + ((1vw - 0.2rem) * 1.197), 3rem);font-style:normal;font-weight:300;text-transform:none\">See &amp; Wassersportzentrum<\/p>\n\n\n<a class=\"is-style-lien-cover wp-block-read-more\" href=\"https:\/\/www.camping2laplage.com\/de\/campingplatz-am-see-wassersportzentrum-treffort\/\" target=\"_self\">Weiterlesen<span class=\"screen-reader-text\">: See &amp; Wassersportzentrum<\/span><\/a><\/div>\n\n<\/li><li class=\"wp-block-post post-2467 page type-page status-publish has-post-thumbnail hentry\">\n\n<div class=\"wp-block-group overflow-hidden gt-maillage has-global-padding is-layout-constrained wp-block-group-is-layout-constrained\">\n<figure class=\"wp-block-image gt-maillage__image\"><img decoding=\"async\" src=\"https:\/\/www.camping2laplage.com\/wp-content\/uploads\/2025\/08\/location-hebergement-isere.jpg\" alt=\"vermietung von ferienwohnungen isere\" style=\"aspect-ratio:3\/4;object-fit:cover\"\/><\/figure>\n\n\n\n<p class=\"has-text-align-right gt-maillage__title gt-btn-arrow has-base-2-color has-text-color has-link-color has-basteleur-font-family wp-elements-5851ac654ece7c734572285f86f288d5\" style=\"border-right-style:none;border-right-width:0px;border-bottom-style:none;border-bottom-width:0px;padding-right:1rem;font-size:clamp(1.743rem, 1.743rem + ((1vw - 0.2rem) * 1.197), 3rem);font-style:normal;font-weight:300;text-transform:none\">Unsere Preise<\/p>\n\n\n<a class=\"is-style-lien-cover wp-block-read-more\" href=\"https:\/\/www.camping2laplage.com\/de\/mobilheimvermietung-treffort\/\" target=\"_self\">Weiterlesen<span class=\"screen-reader-text\">: Die Vermietungen<\/span><\/a><\/div>\n\n<\/li><li class=\"wp-block-post post-2499 page type-page status-publish has-post-thumbnail hentry\">\n\n<div class=\"wp-block-group overflow-hidden gt-maillage has-global-padding is-layout-constrained wp-block-group-is-layout-constrained\">\n<figure class=\"wp-block-image gt-maillage__image\"><img decoding=\"async\" src=\"https:\/\/www.camping2laplage.com\/wp-content\/uploads\/2025\/07\/camping-profiter-du-snacking-1.webp\" alt=\"Die Dienstleistungen\" style=\"aspect-ratio:3\/4;object-fit:cover\"\/><\/figure>\n\n\n\n<p class=\"has-text-align-right gt-maillage__title gt-btn-arrow has-base-2-color has-text-color has-link-color has-basteleur-font-family wp-elements-5851ac654ece7c734572285f86f288d5\" style=\"border-right-style:none;border-right-width:0px;border-bottom-style:none;border-bottom-width:0px;padding-right:1rem;font-size:clamp(1.743rem, 1.743rem + ((1vw - 0.2rem) * 1.197), 3rem);font-style:normal;font-weight:300;text-transform:none\">Die Dienstleistungen<\/p>\n\n\n<a class=\"is-style-lien-cover wp-block-read-more\" href=\"https:\/\/www.camping2laplage.com\/de\/campingplatz-services-treffort\/\" target=\"_self\">Weiterlesen<span class=\"screen-reader-text\">: Die Dienstleistungen<\/span><\/a><\/div>\n\n<\/li><\/ul><\/div>\n<\/div>\n<\/section>\n","protected":false},"excerpt":{"rendered":"<p>Campingplatz 2 am Strand &gt; Vermietung von Stellpl\u00e4tzen f\u00fcr Caravaning in der N\u00e4he von Grenoble Camping de la Plage &#8211; Alpes, Vercors et Tri\u00e8ves, ein 1979 gegr\u00fcndeter Campingplatz im Departement Is\u00e8re, verf\u00fcgt \u00fcber 74 Stellpl\u00e4tze, davon 54 Caravaning-Stellpl\u00e4tze, die in der N\u00e4he von Grenoble zu mieten sind und somit ausschlie\u00dflich f\u00fcr Camping in einer angenehmen [&hellip;]<\/p>\n","protected":false},"author":1,"featured_media":2370,"parent":0,"menu_order":0,"comment_status":"closed","ping_status":"closed","template":"","meta":{"_acf_changed":false,"_seopress_robots_primary_cat":"","_seopress_titles_title":"Vermietung Stellplatz Is\u00e8re | Stellplatz zu vermieten in der N\u00e4he von Grenoble","_seopress_titles_desc":"","_seopress_robots_index":"","_gt_ctv_global_id":"","_gt_ctv_id_group":false,"inline_featured_image":false,"gt_fse_maillage_image":"https:\/\/www.camping2laplage.com\/wp-content\/uploads\/2025\/09\/emplacements-campibg-isere.jpg","gt_fse_maillage_titre":"Die Stellpl\u00e4tze","gt_fse_maillage_alt":"Stellpl\u00e4tze camping isere","gt_fse_maillage_resume":"","footnotes":""},"categories":[],"tags":[],"class_list":["post-2475","page","type-page","status-publish","has-post-thumbnail","hentry"],"acf":[],"_links":{"self":[{"href":"https:\/\/www.camping2laplage.com\/de\/wp-json\/wp\/v2\/pages\/2475","targetHints":{"allow":["GET"]}}],"collection":[{"href":"https:\/\/www.camping2laplage.com\/de\/wp-json\/wp\/v2\/pages"}],"about":[{"href":"https:\/\/www.camping2laplage.com\/de\/wp-json\/wp\/v2\/types\/page"}],"author":[{"embeddable":true,"href":"https:\/\/www.camping2laplage.com\/de\/wp-json\/wp\/v2\/users\/1"}],"replies":[{"embeddable":true,"href":"https:\/\/www.camping2laplage.com\/de\/wp-json\/wp\/v2\/comments?post=2475"}],"version-history":[{"count":13,"href":"https:\/\/www.camping2laplage.com\/de\/wp-json\/wp\/v2\/pages\/2475\/revisions"}],"predecessor-version":[{"id":3014,"href":"https:\/\/www.camping2laplage.com\/de\/wp-json\/wp\/v2\/pages\/2475\/revisions\/3014"}],"wp:featuredmedia":[{"embeddable":true,"href":"https:\/\/www.camping2laplage.com\/de\/wp-json\/wp\/v2\/media\/2370"}],"wp:attachment":[{"href":"https:\/\/www.camping2laplage.com\/de\/wp-json\/wp\/v2\/media?parent=2475"}],"wp:term":[{"taxonomy":"category","embeddable":true,"href":"https:\/\/www.camping2laplage.com\/de\/wp-json\/wp\/v2\/categories?post=2475"},{"taxonomy":"post_tag","embeddable":true,"href":"https:\/\/www.camping2laplage.com\/de\/wp-json\/wp\/v2\/tags?post=2475"}],"curies":[{"name":"wp","href":"https:\/\/api.w.org\/{rel}","templated":true}]}}