{"id":2499,"date":"2025-07-09T13:14:47","date_gmt":"2025-07-09T11:14:47","guid":{"rendered":"https:\/\/www.camping2laplage.com\/camping-services-treffort\/"},"modified":"2025-09-22T12:17:33","modified_gmt":"2025-09-22T10:17:33","slug":"campingplatz-services-treffort","status":"publish","type":"page","link":"https:\/\/www.camping2laplage.com\/de\/campingplatz-services-treffort\/","title":{"rendered":"Die Dienstleistungen"},"content":{"rendered":"\n<div id=\"titre-fil\" class=\"wp-block-group is-vertical is-content-justification-center is-layout-flex wp-container-core-group-is-layout-3fb1c651 wp-block-group-is-layout-flex\" style=\"padding-right:20%;padding-left:20%\">\n<div class=\"wp-block-group is-horizontal is-layout-flex wp-container-core-group-is-layout-048c9698 wp-block-group-is-layout-flex\">\n<p class=\"has-text-align-center has-custom-rouge-color has-text-color has-link-color wp-elements-79a042dbca45755e6373eff5dc6677e8\" style=\"font-style:normal;font-weight:400;letter-spacing:2px\"><a href=\"https:\/\/www.camping2laplage.com\/de\/\" data-type=\"page\" data-id=\"5\">Campingplatz 2 am Strand<\/a> &gt;<\/p>\n\n\n<p class=\"has-text-align-center has-custom-rouge-color has-text-color has-link-color\" \n    style=\"font-style:normal;font-weight:400;letter-spacing:2px\">Die Dienstleistungen<\/p>\n<\/div>\n\n\n\n<h1 class=\"wp-block-heading has-text-align-center has-custom-rouge-color has-text-color has-link-color wp-elements-4b834e608850bf9f1f42c0f0e99aaf1f\" id=\"titre-page\" style=\"font-size:clamp(2.629rem, 2.629rem + ((1vw - 0.2rem) * 2.258), 5rem);\">Die Dienstleistungen des Campingplatzes in der N\u00e4he von Grenoble<\/h1>\n\n\n\n<p>Wir bieten Ihnen eine <strong>breite Palette von Dienstleistungen<\/strong>, um Ihren Urlaub auf dem <a href=\"https:\/\/www.camping2laplage.com\/de\/\" data-type=\"page\" data-id=\"5\">Campingplatz La Plage im Departement Is\u00e8re<\/a> zu vereinfachen: von den allt\u00e4glichen Dienstleistungen (W\u00e4scherei, Lebensmittelgesch\u00e4ft, etc.) \u00fcber die Vermietung von Ausstattungen f\u00fcr Ihre Freizeit (Paddles, Fahrr\u00e4der, etc.) bis hin zur Versicherung f\u00fcr die Stornierung Ihres Aufenthaltes.<\/p>\n<\/div>\n\n<div style=\"height:100px\" aria-hidden=\"true\" class=\"wp-block-spacer gt-hide-mobile\"><\/div>\n\n<div id=\"gt_1-cta-svg_001\" class=\"wp-block-group has-global-padding is-layout-constrained wp-block-group-is-layout-constrained\">\n<div class=\"wp-block-columns are-vertically-aligned-center is-layout-flex wp-container-core-columns-is-layout-9b24e0e0 wp-block-columns-is-layout-flex\">\n<div class=\"wp-block-column is-vertically-aligned-center animated slideInUp is-layout-flow wp-block-column-is-layout-flow\" id=\"content\">\n<h2 class=\"wp-block-heading has-custom-rouge-color has-text-color has-link-color wp-elements-45e29d1b88224412b0d86c278fa6e2cb\">Entdecken Sie unsere zahlreichen Dienstleistungen<\/h2>\n\n\n\n<h3 class=\"wp-block-heading has-custom-rouge-color has-text-color has-link-color wp-elements-d369b145c7c0733991fdcc031d30c4e4\">Empfang<\/h3>\n\n\n\n<p>Die Rezeption unseres <a href=\"https:\/\/www.camping2laplage.com\/de\/campingplatz-treffort\/\" data-type=\"page\" data-id=\"6\">Campingplatzes in Treffort<\/a> empf\u00e4ngt Sie <strong>t\u00e4glich<\/strong>, um Ihre Fragen zu beantworten, Sie bei der Einrichtung zu begleiten und damit Sie sich wie im Urlaub f\u00fchlen k\u00f6nnen. Hier finden Sie einen <strong>kleinen Lebensmittelladen<\/strong> und einen <strong>Spieleverleih<\/strong> (Molkky, Boule, Gesellschaftsspiele). Unser Team wird Ihnen auch alle Aktivit\u00e4ten vorschlagen, die Sie in der Region unternehmen k\u00f6nnen.  <\/p>\n\n\n    <div id=\"gt-fse-lire-plus-69f0cc23010ee\" class=\"gt-fse-lire-plus\" data-min-height=\"130\" style=\"background-color: #fff;\">\n        <input id=\"gt-fse-lire-plus-69f0cc23010ee-toggle\" type=\"checkbox\" class=\"gt-fse-lire-plus__toggle\" \/>\n        <label for=\"gt-fse-lire-plus-69f0cc23010ee-toggle\" class=\"gt-fse-lire-plus__toggle-label\">\n            <span>Mehr lesen<\/span>\n            <span>Weniger lesen<\/span>\n        <\/label>\n        <div class=\"gt-fse-lire-plus__content\" style=\"height: 130px;\">\n            \n\n<h3 class=\"wp-block-heading has-custom-rouge-color has-text-color has-link-color wp-elements-9350d5777265bc6d6eda2eac907a88d7\">Gastronomie<\/h3>\n\n\n\n<ul class=\"wp-block-list\">\n<li>Bar &#8211; Restaurant &#8211; Pizzeria Le Spot<\/li>\n\n\n\n<li>Konzertabende am Freitagabend (Sommer)<\/li>\n\n\n\n<li>Kostenlose Wifi-Verbindung<\/li>\n\n\n\n<li>Brot und Geb\u00e4ck<\/li>\n\n\n\n<li>Lebensmittelgesch\u00e4ft<\/li>\n<\/ul>\n\n\n\n<h3 class=\"wp-block-heading has-custom-rouge-color has-text-color has-link-color wp-elements-526e74511f2db5ed7bb3d06617554ca5\">Seite des Campingplatzes<\/h3>\n\n\n\n<ul class=\"wp-block-list\">\n<li>Vermietung von Minik\u00fchlschr\u00e4nken<\/li>\n\n\n\n<li>Vermietung von Verl\u00e4ngerungen<\/li>\n\n\n\n<li>Bereitstellung von Gefrierschr\u00e4nken<\/li>\n\n\n\n<li>Vermietung von Plancha und Grills<\/li>\n<\/ul>\n\n            <div class=\"gt-fse-lire-plus__gradient\" style=\"background: linear-gradient(to bottom,rgba(255,255,255,0) 0%,rgba(255,255,255,1) 100%);\"><\/div>\n        <\/div>\n    <\/div>\n    <\/div>\n\n\n\n<div class=\"wp-block-column is-vertically-aligned-center is-layout-flow wp-block-column-is-layout-flow\" id=\"image\">\n<div data-swiper=\"{&quot;speed&quot;:400,&quot;spaceBetween&quot;:16,&quot;slidesPerView&quot;:3,&quot;createElements&quot;:true,&quot;loop&quot;:true,&quot;freemode&quot;:true,&quot;navigation&quot;:{&quot;nextEl&quot;:&quot;buttonNext&quot;,&quot;prevEl&quot;:&quot;buttonPrev&quot;},&quot;breakpoints&quot;:[{&quot;slidesPerView&quot;:1}]}\" class=\"wp-block-group gt-is-slider gt-is-slider-desktop has-global-padding is-layout-constrained wp-block-group-is-layout-constrained\">\n<figure class=\"wp-block-image size-large has-custom-border\"><img decoding=\"async\" width=\"1024\" height=\"683\" src=\"https:\/\/www.camping2laplage.com\/wp-content\/uploads\/2025\/08\/location-plancha-camping-1024x683.jpg\" alt=\"Vermietung von Plancha-Campingpl&#xE4;tzen\" class=\"wp-image-1390\" style=\"border-radius:25px\" srcset=\"https:\/\/www.camping2laplage.com\/wp-content\/uploads\/2025\/08\/location-plancha-camping-1024x683.jpg 1024w, https:\/\/www.camping2laplage.com\/wp-content\/uploads\/2025\/08\/location-plancha-camping-300x200.jpg 300w, https:\/\/www.camping2laplage.com\/wp-content\/uploads\/2025\/08\/location-plancha-camping-768x512.jpg 768w, https:\/\/www.camping2laplage.com\/wp-content\/uploads\/2025\/08\/location-plancha-camping.jpg 1199w\" sizes=\"(max-width: 1024px) 100vw, 1024px\" \/><\/figure>\n\n\n\n<figure class=\"wp-block-image size-large has-custom-border\"><img decoding=\"async\" width=\"1024\" height=\"683\" src=\"https:\/\/www.camping2laplage.com\/wp-content\/uploads\/2025\/07\/camping-profiter-du-restaurant-1-1024x683.webp\" alt=\"Camping genie&#xDF;en Sie das Restaurant\" class=\"wp-image-709\" style=\"border-radius:25px\" srcset=\"https:\/\/www.camping2laplage.com\/wp-content\/uploads\/2025\/07\/camping-profiter-du-restaurant-1-1024x683.webp 1024w, https:\/\/www.camping2laplage.com\/wp-content\/uploads\/2025\/07\/camping-profiter-du-restaurant-1-300x200.webp 300w, https:\/\/www.camping2laplage.com\/wp-content\/uploads\/2025\/07\/camping-profiter-du-restaurant-1-768x512.webp 768w, https:\/\/www.camping2laplage.com\/wp-content\/uploads\/2025\/07\/camping-profiter-du-restaurant-1.webp 1199w\" sizes=\"(max-width: 1024px) 100vw, 1024px\" \/><\/figure>\n<\/div>\n<\/div>\n<\/div>\n<\/div>\n\n<div id=\"gt_1-cta-svg_001\" class=\"wp-block-group has-global-padding is-layout-constrained wp-block-group-is-layout-constrained\">\n<div class=\"wp-block-columns are-vertically-aligned-center is-layout-flex wp-container-core-columns-is-layout-9b24e0e0 wp-block-columns-is-layout-flex\">\n<div class=\"wp-block-column is-vertically-aligned-center is-layout-flow wp-block-column-is-layout-flow\" id=\"image\">\n<div data-swiper=\"{&quot;speed&quot;:400,&quot;spaceBetween&quot;:16,&quot;slidesPerView&quot;:3,&quot;createElements&quot;:true,&quot;loop&quot;:true,&quot;freemode&quot;:true,&quot;navigation&quot;:{&quot;nextEl&quot;:&quot;buttonNext&quot;,&quot;prevEl&quot;:&quot;buttonPrev&quot;},&quot;breakpoints&quot;:[{&quot;slidesPerView&quot;:1}]}\" class=\"wp-block-group gt-is-slider gt-is-slider-desktop has-global-padding is-layout-constrained wp-block-group-is-layout-constrained\">\n<figure class=\"wp-block-image size-large has-custom-border\"><img decoding=\"async\" width=\"1024\" height=\"683\" src=\"https:\/\/www.camping2laplage.com\/wp-content\/uploads\/2025\/08\/location-drap-isere-1024x683.jpg\" alt=\"vermietung laken isere\" class=\"wp-image-1396\" style=\"border-radius:25px\" srcset=\"https:\/\/www.camping2laplage.com\/wp-content\/uploads\/2025\/08\/location-drap-isere-1024x683.jpg 1024w, https:\/\/www.camping2laplage.com\/wp-content\/uploads\/2025\/08\/location-drap-isere-300x200.jpg 300w, https:\/\/www.camping2laplage.com\/wp-content\/uploads\/2025\/08\/location-drap-isere-768x512.jpg 768w, https:\/\/www.camping2laplage.com\/wp-content\/uploads\/2025\/08\/location-drap-isere.jpg 1199w\" sizes=\"(max-width: 1024px) 100vw, 1024px\" \/><\/figure>\n\n\n\n<figure class=\"wp-block-image size-large has-custom-border\"><img decoding=\"async\" width=\"1024\" height=\"683\" src=\"https:\/\/www.camping2laplage.com\/wp-content\/uploads\/2025\/08\/location-materiel-peche-isere-1024x683.jpg\" alt=\"vermietung von fischereimaterial isere\" class=\"wp-image-1402\" style=\"border-radius:25px\" srcset=\"https:\/\/www.camping2laplage.com\/wp-content\/uploads\/2025\/08\/location-materiel-peche-isere-1024x683.jpg 1024w, https:\/\/www.camping2laplage.com\/wp-content\/uploads\/2025\/08\/location-materiel-peche-isere-300x200.jpg 300w, https:\/\/www.camping2laplage.com\/wp-content\/uploads\/2025\/08\/location-materiel-peche-isere-768x512.jpg 768w, https:\/\/www.camping2laplage.com\/wp-content\/uploads\/2025\/08\/location-materiel-peche-isere.jpg 1199w\" sizes=\"(max-width: 1024px) 100vw, 1024px\" \/><\/figure>\n<\/div>\n<\/div>\n\n\n\n<div class=\"wp-block-column is-vertically-aligned-center animated slideInUp is-layout-flow wp-block-column-is-layout-flow\" id=\"content\">\n<h3 class=\"wp-block-heading has-custom-rouge-color has-text-color has-link-color wp-elements-2267a2c283f0dccb01d1db7d45502b16\">Unterkunft<\/h3>\n\n\n\n<ul class=\"wp-block-list\">\n<li>Reinigungspauschale<\/li>\n\n\n\n<li>Vermietung von Bettw\u00e4sche<\/li>\n\n\n\n<li>Tierpauschale<\/li>\n\n\n\n<li>Verleih von Babyausstattung (Hochstuhl und Regenschirmbett)<\/li>\n<\/ul>\n\n\n    <div id=\"gt-fse-lire-plus-69f0cc2303807\" class=\"gt-fse-lire-plus\" data-min-height=\"130\" style=\"background-color: #fff;\">\n        <input id=\"gt-fse-lire-plus-69f0cc2303807-toggle\" type=\"checkbox\" class=\"gt-fse-lire-plus__toggle\" \/>\n        <label for=\"gt-fse-lire-plus-69f0cc2303807-toggle\" class=\"gt-fse-lire-plus__toggle-label\">\n            <span>Mehr lesen<\/span>\n            <span>Weniger lesen<\/span>\n        <\/label>\n        <div class=\"gt-fse-lire-plus__content\" style=\"height: 130px;\">\n            \n\n<h3 class=\"wp-block-heading has-custom-rouge-color has-text-color has-link-color wp-elements-82b9e8821b94c8ec96cf2d647a166eae\">Freizeit<\/h3>\n\n\n\n<ul class=\"wp-block-list\">\n<li>Angelkarten<\/li>\n\n\n\n<li>Kleinere Reparaturen: Angelausr\u00fcstung, Campingausr\u00fcstung<\/li>\n\n\n\n<li>Vermietung von Paddles und elektrischen VTCs<\/li>\n\n\n\n<li>Souvenirs und Postkarten<\/li>\n\n\n\n<li>Direkter Zugang zum Strand und zum Windsurf- und Kitesurfspot<\/li>\n\n\n\n<li>Wasserspiele (Kinder &#8211; Sommer)<\/li>\n\n\n\n<li>Verleih von B\u00fcchern und Gesellschaftsspielen<\/li>\n\n\n\n<li>Verleih von Spielen im Freien (Boulekugeln, Schl\u00e4ger, Tischtennisschl\u00e4ger, Molkky, B\u00e4lle &#8230;)<\/li>\n<\/ul>\n\n\n\n<h3 class=\"wp-block-heading has-custom-rouge-color has-text-color has-link-color wp-elements-5a74b2b5740a59d7d93445c83b3ccd41\">Praktische Seite<\/h3>\n\n\n\n<ul class=\"wp-block-list\">\n<li>Waschmaschine und Trockner<\/li>\n\n\n\n<li>Verleih von Haartrocknern<\/li>\n\n\n\n<li>Postausgang und -eingang<\/li>\n\n\n\n<li>An der Rezeption finden Sie auch alle touristischen Informationen und die Wettervorhersage.<\/li>\n<\/ul>\n\n\n\n<p>F\u00fcr weitere Informationen besuchen Sie bitte unsere <strong><a href=\"https:\/\/coolncamp.com\/offres\/coolncamp-application-econciergerie-campings\/telecharger\/\" target=\"_blank\" rel=\"noreferrer noopener\">Cool&#8217;n&#8217;Camp App<\/a><\/strong>.<\/p>\n\n            <div class=\"gt-fse-lire-plus__gradient\" style=\"background: linear-gradient(to bottom,rgba(255,255,255,0) 0%,rgba(255,255,255,1) 100%);\"><\/div>\n        <\/div>\n    <\/div>\n    <\/div>\n<\/div>\n\n\n\n<div style=\"height:100px\" aria-hidden=\"true\" class=\"wp-block-spacer gt-hide-mobile\"><\/div>\n<\/div>\n\n<div id=\"gt_3-ctafull_001\" class=\"wp-block-group has-global-padding is-layout-constrained wp-container-core-group-is-layout-12243e0f wp-block-group-is-layout-constrained\">\n<div class=\"wp-block-columns has-custom-rouge-background-color has-background is-layout-flex wp-container-core-columns-is-layout-32f5ffe2 wp-block-columns-is-layout-flex\" id=\"content\" style=\"padding-top:6em;padding-right:8em;padding-bottom:6em;padding-left:8em\">\n<div class=\"wp-block-column col-image is-layout-flow wp-block-column-is-layout-flow\" style=\"flex-basis:40%\">\n<figure class=\"wp-block-image size-full has-custom-border\"><img decoding=\"async\" width=\"564\" height=\"554\" src=\"https:\/\/www.camping2laplage.com\/wp-content\/uploads\/2025\/09\/application_econciergerie_campings_coolncamp.jpg\" alt=\"Anwendung Econciergerie Campingpl&#xE4;tze Coolncamp\" class=\"wp-image-2347\" style=\"border-radius:25px\" srcset=\"https:\/\/www.camping2laplage.com\/wp-content\/uploads\/2025\/09\/application_econciergerie_campings_coolncamp.jpg 564w, https:\/\/www.camping2laplage.com\/wp-content\/uploads\/2025\/09\/application_econciergerie_campings_coolncamp-300x295.jpg 300w\" sizes=\"(max-width: 564px) 100vw, 564px\" \/><\/figure>\n\n\n\n<div class=\"wp-block-buttons is-content-justification-center is-layout-flex wp-container-core-buttons-is-layout-5b5683f2 wp-block-buttons-is-layout-flex\">\n<div class=\"wp-block-button btn-1\"><a class=\"wp-block-button__link has-custom-rouge-color has-custom-mauve-background-color has-text-color has-background has-link-color has-roboto-font-family has-text-align-center has-custom-font-size wp-element-button\" href=\"https:\/\/coolncamp.com\/offres\/coolncamp-application-econciergerie-campings\/telecharger\/\" style=\"border-radius:100px;padding-top:20px;padding-right:40px;padding-bottom:20px;padding-left:40px;font-size:clamp(14px, 0.875rem + ((1vw - 3.2px) * 0.238), 18px);font-style:normal;font-weight:500;letter-spacing:2px;text-transform:uppercase\" target=\"_blank\" rel=\"noreferrer noopener\">Laden Sie die Anwendung<br\/>Cool&#8217;n camp herunter<\/a><\/div>\n<\/div>\n<\/div>\n\n\n\n<div class=\"wp-block-column col-content is-layout-flow wp-block-column-is-layout-flow\" style=\"flex-basis:60%\">\n<h2 class=\"wp-block-heading has-base-2-color has-text-color has-link-color wp-elements-f5faa53510fd4cf3eae32de33f240e3a\">Das ist neu! Cool&#8217;n&#8217;Camp auf unserem Campingplatz <\/h2>\n\n\n\n<p class=\"has-base-2-color has-text-color has-link-color wp-elements-756a44a4653ebf0810b107937a796b34\">Unser Campingplatz mit Service in der N\u00e4he von Grenoble ist ein <strong>Qualit\u00e4tscampingplatz<\/strong>. Dies ist f\u00fcr uns eine Verpflichtung, Sie noch besser zufrieden zu stellen. Dies ist ein kontinuierlicher Prozess, der es uns erm\u00f6glicht, uns jeden Tag zu verbessern, damit Ihr Urlaub ein voller Erfolg wird. Wir setzen uns f\u00fcr einen <strong>herzlichen Empfang<\/strong>, <strong>tadellose Sauberkeit<\/strong>, wahrheitsgetreue und pr\u00e4zise <strong>Informationen<\/strong>, <strong>gepflegte Stellpl\u00e4tze<\/strong> und eine intakte <strong>Umwelt<\/strong> ein.    <\/p>\n\n\n\n<p class=\"has-base-2-color has-text-color has-link-color wp-elements-fa618182848905d7e775ae5f8ed8a05e\">Und f\u00fcr einen gelungenen Urlaub informieren Sie sich am besten direkt auf der Website von <a href=\"https:\/\/campingqualite.com\/de\/\" target=\"_blank\" rel=\"noreferrer noopener\">Camping Qualit\u00e9<\/a> \u00fcber den Campingplatz, um Ihren Urlaub vorzubereiten und alles \u00fcber Ihren Campingplatz zu erfahren. Dieses praktische Tool hilft Ihnen, <strong>Ihren Aufenthalt zu organisieren<\/strong> und alle Aktivit\u00e4ten auf dem Campingplatz und am Urlaubsort zu genie\u00dfen. <\/p>\n\n\n\n<ul class=\"wp-block-list\">\n<li class=\"has-base-2-color has-text-color has-link-color wp-elements-d12ffc3d53afe40f80afc0eff95a655f\">Teilen Sie uns Ihre Ankunftszeit mit, damit Sie nicht an der Rezeption warten m\u00fcssen und damit wir Ihre Unterkunft optimal vorbereiten k\u00f6nnen.<\/li>\n\n\n\n<li class=\"has-base-2-color has-text-color has-link-color wp-elements-25408d843d49bfe261101f35eee53dbd\">Checken Sie online ein<\/li>\n\n\n\n<li class=\"has-base-2-color has-text-color has-link-color wp-elements-fb0c613a3cae4bbd3d6302f77e96566a\">Reservieren Sie Ihr Brot und Geb\u00e4ck, ohne an der Rezeption vorbeigehen zu m\u00fcssen.<\/li>\n\n\n\n<li class=\"has-base-2-color has-text-color has-link-color wp-elements-e968ce5b45952a7c6fd94e514213918a\">Buchen Sie Ihre Aktivit\u00e4ten und Vermietungen von Material (Fahrr\u00e4der, Paddles, Grills &#8230;)<\/li>\n\n\n\n<li class=\"has-base-2-color has-text-color has-link-color wp-elements-4f79452452ea06db8ba9e1ec9e4aec89\">Entdecken Sie die angebotenen Aufenthaltsm\u00f6glichkeiten und buchen Sie diese.<\/li>\n\n\n\n<li class=\"has-base-2-color has-text-color has-link-color wp-elements-a4c9937ed0b384c239694ea33771365b\">Erhalten Sie den Barrierecode<\/li>\n<\/ul>\n\n\n\n<p class=\"has-base-2-color has-text-color has-link-color wp-elements-2879a283c90d7054c0e0e26a7fe5db71\">Und schlie\u00dflich haben Sie Zugang zu allen n\u00fctzlichen Informationen w\u00e4hrend Ihres Aufenthalts (Animationen, Aktivit\u00e4ten&#8230;). <\/p>\n<\/div>\n<\/div>\n<\/div>\n\n<div id=\"gt_1-cta-svg_001\" class=\"wp-block-group has-global-padding is-layout-constrained wp-block-group-is-layout-constrained\">\n<div class=\"wp-block-columns are-vertically-aligned-center is-layout-flex wp-container-core-columns-is-layout-9b24e0e0 wp-block-columns-is-layout-flex\">\n<div class=\"wp-block-column is-vertically-aligned-center animated slideInUp is-layout-flow wp-block-column-is-layout-flow\" id=\"content\">\n<h2 class=\"wp-block-heading has-custom-rouge-color has-text-color has-link-color wp-elements-a66a60fd79bd8c17c74cbc25ea580c94\">Zus\u00e4tzliche Vermietungen<\/h2>\n\n\n\n<h3 class=\"wp-block-heading has-custom-rouge-color has-text-color has-link-color wp-elements-197bca7b70df29742c7197e811137738\">F\u00fcr Ihren Komfort <\/h3>\n\n\n\n<p>Damit es Ihnen w\u00e4hrend Ihres Aufenthalts an nichts fehlt, bietet unser Campingplatz mit Service im Departement Is\u00e8re einen <strong>Lebensmittelladen f\u00fcr den t\u00e4glichen Bedarf<\/strong> (Lebensmittel, Hygieneartikel, Strandt\u00fccher, Feldflaschen, usw.).<\/p>\n\n\n\n<p>Sie k\u00f6nnen auch ein <strong>Bettw\u00e4schepaket<\/strong> f\u00fcr Ihre Unterkunft, ein <strong>Babypaket <\/strong>(bestehend aus einem Kinderbett und einem Hochstuhl) und die Vermietung eines <strong>Grills<\/strong> oder <strong>Kochers<\/strong> anfordern. <\/p>\n<\/div>\n\n\n\n<div class=\"wp-block-column is-vertically-aligned-center is-layout-flow wp-block-column-is-layout-flow\" id=\"image\">\n<div data-swiper=\"{&quot;speed&quot;:400,&quot;spaceBetween&quot;:16,&quot;slidesPerView&quot;:3,&quot;createElements&quot;:true,&quot;loop&quot;:true,&quot;freemode&quot;:true,&quot;navigation&quot;:{&quot;nextEl&quot;:&quot;buttonNext&quot;,&quot;prevEl&quot;:&quot;buttonPrev&quot;},&quot;breakpoints&quot;:[{&quot;slidesPerView&quot;:1}]}\" class=\"wp-block-group gt-is-slider gt-is-slider-desktop has-global-padding is-layout-constrained wp-block-group-is-layout-constrained\">\n<figure class=\"wp-block-image size-large has-custom-border\"><img decoding=\"async\" width=\"1024\" height=\"683\" src=\"https:\/\/www.camping2laplage.com\/wp-content\/uploads\/2025\/08\/location-barbecue-1024x683.jpg\" alt=\"Vermietung von Grillpl&#xE4;tzen\" class=\"wp-image-1463\" style=\"border-radius:25px\" srcset=\"https:\/\/www.camping2laplage.com\/wp-content\/uploads\/2025\/08\/location-barbecue-1024x683.jpg 1024w, https:\/\/www.camping2laplage.com\/wp-content\/uploads\/2025\/08\/location-barbecue-300x200.jpg 300w, https:\/\/www.camping2laplage.com\/wp-content\/uploads\/2025\/08\/location-barbecue-768x512.jpg 768w, https:\/\/www.camping2laplage.com\/wp-content\/uploads\/2025\/08\/location-barbecue.jpg 1199w\" sizes=\"(max-width: 1024px) 100vw, 1024px\" \/><\/figure>\n\n\n\n<figure class=\"wp-block-image size-full has-custom-border\"><img decoding=\"async\" width=\"1199\" height=\"800\" src=\"https:\/\/www.camping2laplage.com\/wp-content\/uploads\/2025\/08\/drap-de-bain.jpg\" alt=\"Badetuch\" class=\"wp-image-1457\" style=\"border-radius:25px\" srcset=\"https:\/\/www.camping2laplage.com\/wp-content\/uploads\/2025\/08\/drap-de-bain.jpg 1199w, https:\/\/www.camping2laplage.com\/wp-content\/uploads\/2025\/08\/drap-de-bain-300x200.jpg 300w, https:\/\/www.camping2laplage.com\/wp-content\/uploads\/2025\/08\/drap-de-bain-1024x683.jpg 1024w, https:\/\/www.camping2laplage.com\/wp-content\/uploads\/2025\/08\/drap-de-bain-768x512.jpg 768w\" sizes=\"(max-width: 1199px) 100vw, 1199px\" \/><\/figure>\n<\/div>\n<\/div>\n<\/div>\n<\/div>\n\n<div style=\"height:100px\" aria-hidden=\"true\" class=\"wp-block-spacer gt-hide-mobile\"><\/div>\n\n<div id=\"gt_1-cta-svg_001\" class=\"wp-block-group has-global-padding is-layout-constrained wp-block-group-is-layout-constrained\">\n<div class=\"wp-block-columns are-vertically-aligned-center is-layout-flex wp-container-core-columns-is-layout-9b24e0e0 wp-block-columns-is-layout-flex\">\n<div class=\"wp-block-column is-vertically-aligned-center is-layout-flow wp-block-column-is-layout-flow\" id=\"image\">\n<div data-swiper=\"{&quot;speed&quot;:400,&quot;spaceBetween&quot;:16,&quot;slidesPerView&quot;:3,&quot;createElements&quot;:true,&quot;loop&quot;:true,&quot;freemode&quot;:true,&quot;navigation&quot;:{&quot;nextEl&quot;:&quot;buttonNext&quot;,&quot;prevEl&quot;:&quot;buttonPrev&quot;},&quot;breakpoints&quot;:[{&quot;slidesPerView&quot;:1}]}\" class=\"wp-block-group gt-is-slider gt-is-slider-desktop has-global-padding is-layout-constrained wp-block-group-is-layout-constrained\">\n<figure class=\"wp-block-image size-large has-custom-border\"><img decoding=\"async\" width=\"1024\" height=\"683\" src=\"https:\/\/www.camping2laplage.com\/wp-content\/uploads\/2025\/08\/stand-up-paddle-isere-1024x683.jpg\" alt=\"stand up paddle isere\" class=\"wp-image-1471\" style=\"border-radius:25px\" srcset=\"https:\/\/www.camping2laplage.com\/wp-content\/uploads\/2025\/08\/stand-up-paddle-isere-1024x683.jpg 1024w, https:\/\/www.camping2laplage.com\/wp-content\/uploads\/2025\/08\/stand-up-paddle-isere-300x200.jpg 300w, https:\/\/www.camping2laplage.com\/wp-content\/uploads\/2025\/08\/stand-up-paddle-isere-768x512.jpg 768w, https:\/\/www.camping2laplage.com\/wp-content\/uploads\/2025\/08\/stand-up-paddle-isere.jpg 1199w\" sizes=\"(max-width: 1024px) 100vw, 1024px\" \/><\/figure>\n\n\n\n<figure class=\"wp-block-image size-large has-custom-border\"><img decoding=\"async\" width=\"1024\" height=\"683\" src=\"https:\/\/www.camping2laplage.com\/wp-content\/uploads\/2025\/08\/location-velo-electrique-isere-1024x683.jpg\" alt=\"vermietung von elektrofahrr&#xE4;dern isere\" class=\"wp-image-1478\" style=\"border-radius:25px\" srcset=\"https:\/\/www.camping2laplage.com\/wp-content\/uploads\/2025\/08\/location-velo-electrique-isere-1024x683.jpg 1024w, https:\/\/www.camping2laplage.com\/wp-content\/uploads\/2025\/08\/location-velo-electrique-isere-300x200.jpg 300w, https:\/\/www.camping2laplage.com\/wp-content\/uploads\/2025\/08\/location-velo-electrique-isere-768x512.jpg 768w, https:\/\/www.camping2laplage.com\/wp-content\/uploads\/2025\/08\/location-velo-electrique-isere.jpg 1199w\" sizes=\"(max-width: 1024px) 100vw, 1024px\" \/><\/figure>\n<\/div>\n<\/div>\n\n\n\n<div class=\"wp-block-column is-vertically-aligned-center animated slideInUp is-layout-flow wp-block-column-is-layout-flow\" id=\"content\">\n<h3 class=\"wp-block-heading has-custom-rouge-color has-text-color has-link-color wp-elements-23e5256a9ea73cd18053a07fc301c1b1\">F\u00fcr Ihre Aktivit\u00e4ten<\/h3>\n\n\n\n<p class=\"has-custom-rouge-color has-text-color has-link-color wp-elements-e7e42e2aedadd967de13e5f4d0f048c2\"><strong>Stand Up Paddle<\/strong><\/p>\n\n\n\n<p class=\"has-contrast-color has-text-color has-link-color wp-elements-02ed5307ee3ace5ac9f218590153d34b\">Stand Up Paddle (SUP) hat sich in den letzten Jahren zu einer unumg\u00e4nglichen Aktivit\u00e4t entwickelt. Es ist besonders beliebt, weil es den K\u00f6rper bei regelm\u00e4\u00dfiger Aktivit\u00e4t strafft. Damit Sie die Ruhe des Sees am fr\u00fchen Morgen genie\u00dfen k\u00f6nnen, stellen wir Ihnen <strong>4 wundersch\u00f6ne, robuste Paddles<\/strong> zur Verf\u00fcgung.  <\/p>\n\n\n\n<ul class=\"wp-block-list has-contrast-color has-text-color has-link-color wp-elements-dc2afecdba3c5fabe24731c889fa394d\">\n<li>Einfach zu benutzen: Mit seiner gro\u00dfen Gr\u00f6\u00dfe und Breite garantiert Ihnen das auf dem Campingplatz angebotene Paddle einen sicheren Stand auf dem Wasser.<\/li>\n\n\n\n<li class=\"has-link-color wp-elements-0112ae67fa7cf2e468de52b4017b3ac4\">Gehen Sie auf Entdeckungsreise: allein, zu mehreren oder mit Ihrem Hund f\u00fcr Ihren Aufenthalt in einem Ferienpark. <a href=\"https:\/\/www.camping2laplage.com\/de\/hundefreundlicher-campingplatz-treffort\/\" data-type=\"page\" data-id=\"9\"><strong>dog friendly camping in Is\u00e8re<\/strong><\/a>Erkunden Sie mit Ihrem Hund die Umgebung des <a href=\"https:\/\/www.camping2laplage.com\/de\/campingplatz-am-see-wassersportzentrum-treffort\/\" data-type=\"page\" data-id=\"8\"><strong>Lac de Monteynard in der N\u00e4he des Campingplatzes.<\/strong><\/a> Entdecken Sie die versteckten Ecken.<\/li>\n<\/ul>\n\n\n\n<p class=\"has-custom-text-color has-text-color has-link-color wp-elements-7549b4cd3e5a1e1038f894fe6003af51\"><strong>Preise 2025<\/strong>: 15 \u20ac pro Stunde &#8211; 30 \u20ac f\u00fcr einen halben Tag &#8211; 50 \u20ac f\u00fcr einen ganzen Tag.<\/p>\n\n\n\n<p class=\"has-custom-text-color has-text-color has-link-color wp-elements-efa06b9762eadfebbee89e18cc4fbb79\"><strong>MTB-Fahrrad mit elektrischer Unterst\u00fctzung<\/strong><\/p>\n\n\n\n<p class=\"has-custom-text-color has-text-color has-link-color wp-elements-d7d7c91fff2459045078c186e8c0db4b\">Ein Mountainbike ist ein guter Kompromiss zwischen einem Stadtfahrrad und einem Mountainbike. Wir bieten Ihnen <strong>4 Fahrr\u00e4der mit elektrischer Unterst\u00fctzung zur Vermietung an<\/strong>, so dass Sie die Umgebung erkunden k\u00f6nnen, ohne sich Gedanken \u00fcber den Weg machen zu m\u00fcssen.  <\/p>\n\n\n\n<ul class=\"wp-block-list has-contrast-color has-text-color has-link-color wp-elements-22c2317a22336f27d3174c8f71373770\">\n<li>Die Batterien haben eine lange Laufzeit und bieten verschiedene Modi, um sich an jede Art von Weg anzupassen.<\/li>\n\n\n\n<li>4 Fahrr\u00e4der stehen zur Verf\u00fcgung, f\u00fcr Ausfl\u00fcge mit der Familie oder mit Freunden.<\/li>\n<\/ul>\n\n\n\n<p class=\"has-contrast-color has-text-color has-link-color wp-elements-9d6df4f4342e73ddd25c76044b364ff9\"><strong>Preise 2025<\/strong>: 15 \u20ac pro Stunde &#8211; 30 \u20ac f\u00fcr einen halben Tag &#8211; 50 \u20ac f\u00fcr einen ganzen Tag.<\/p>\n<\/div>\n<\/div>\n<\/div>\n\n<div id=\"gt_1-cta-svg_001\" class=\"wp-block-group has-global-padding is-layout-constrained wp-block-group-is-layout-constrained\">\n<div class=\"wp-block-columns are-vertically-aligned-center is-layout-flex wp-container-core-columns-is-layout-9cc869d7 wp-block-columns-is-layout-flex\" style=\"margin-top:var(--wp--preset--spacing--60);margin-bottom:var(--wp--preset--spacing--50)\">\n<div class=\"wp-block-column is-vertically-aligned-center animated slideInUp is-layout-flow wp-block-column-is-layout-flow\" id=\"content\">\n<h3 class=\"wp-block-heading has-custom-rouge-color has-text-color has-link-color has-basteleur-font-family wp-elements-95d2397d05aeb2b3d8cdfffe17ab6cfd\">Campingplatz mit dem Qualit\u00e4tssiegel Camping Qualit\u00e9 im Departement Is\u00e8re<\/h3>\n\n\n\n<p>Wir tun alles, um Ihren Aufenthalt so angenehm wie m\u00f6glich zu gestalten. Aus diesem Grund ist Ihr Campingplatz de la Plage mit dem <strong>Qualit\u00e4tssiegel Camping Qualit\u00e9 ausgezeichnet<\/strong>! Wir verpflichten uns daher zu :  <\/p>\n\n\n\n<ul class=\"wp-block-list\">\n<li>Immer herzlich willkommen,<\/li>\n\n\n\n<li>Bereitstellung von sauberen Gemeinschaftsr\u00e4umen<\/li>\n\n\n\n<li>Gepflegte private Stellpl\u00e4tze, um Ruhe zu gew\u00e4hrleisten,<\/li>\n\n\n\n<li>Die Umwelt respektieren,<\/li>\n\n\n\n<li>\u00d6kologische Verantwortung.<\/li>\n<\/ul>\n<\/div>\n\n\n\n<div class=\"wp-block-column is-vertically-aligned-center is-layout-flow wp-block-column-is-layout-flow\" id=\"image\">\n<div data-swiper=\"{&quot;speed&quot;:400,&quot;spaceBetween&quot;:16,&quot;slidesPerView&quot;:3,&quot;createElements&quot;:true,&quot;loop&quot;:true,&quot;freemode&quot;:true,&quot;navigation&quot;:{&quot;nextEl&quot;:&quot;buttonNext&quot;,&quot;prevEl&quot;:&quot;buttonPrev&quot;},&quot;breakpoints&quot;:[{&quot;slidesPerView&quot;:1}]}\" class=\"wp-block-group gt-is-slider gt-is-slider-desktop has-global-padding is-layout-constrained wp-block-group-is-layout-constrained\">\n<figure class=\"wp-block-image size-large has-custom-border\"><img decoding=\"async\" width=\"1024\" height=\"683\" src=\"https:\/\/www.camping2laplage.com\/wp-content\/uploads\/2025\/08\/camping-qaulite-1024x683.jpg\" alt=\"camping qaulite\" class=\"wp-image-1494\" style=\"border-radius:25px\" srcset=\"https:\/\/www.camping2laplage.com\/wp-content\/uploads\/2025\/08\/camping-qaulite-1024x683.jpg 1024w, https:\/\/www.camping2laplage.com\/wp-content\/uploads\/2025\/08\/camping-qaulite-300x200.jpg 300w, https:\/\/www.camping2laplage.com\/wp-content\/uploads\/2025\/08\/camping-qaulite-768x512.jpg 768w, https:\/\/www.camping2laplage.com\/wp-content\/uploads\/2025\/08\/camping-qaulite.jpg 1199w\" sizes=\"(max-width: 1024px) 100vw, 1024px\" \/><\/figure>\n\n\n\n<figure class=\"wp-block-image size-large has-custom-border\"><img decoding=\"async\" width=\"1024\" height=\"683\" src=\"https:\/\/www.camping2laplage.com\/wp-content\/uploads\/2025\/07\/camping-proche-du-lac-montteynard-1024x683.webp\" alt=\"Campingplatz in der N&#xE4;he des Sees Montteynard\" class=\"wp-image-619\" style=\"border-radius:25px\" srcset=\"https:\/\/www.camping2laplage.com\/wp-content\/uploads\/2025\/07\/camping-proche-du-lac-montteynard-1024x683.webp 1024w, https:\/\/www.camping2laplage.com\/wp-content\/uploads\/2025\/07\/camping-proche-du-lac-montteynard-300x200.webp 300w, https:\/\/www.camping2laplage.com\/wp-content\/uploads\/2025\/07\/camping-proche-du-lac-montteynard-768x512.webp 768w, https:\/\/www.camping2laplage.com\/wp-content\/uploads\/2025\/07\/camping-proche-du-lac-montteynard.webp 1200w\" sizes=\"(max-width: 1024px) 100vw, 1024px\" \/><\/figure>\n<\/div>\n<\/div>\n<\/div>\n<\/div>\n\n<div id=\"gt_1-cta-svg_001\" class=\"wp-block-group has-global-padding is-layout-constrained wp-block-group-is-layout-constrained\">\n<div class=\"wp-block-columns are-vertically-aligned-center is-layout-flex wp-container-core-columns-is-layout-526db145 wp-block-columns-is-layout-flex\" style=\"margin-top:0;margin-bottom:0;padding-top:0;padding-bottom:0\">\n<div class=\"wp-block-column is-vertically-aligned-center is-layout-flow wp-block-column-is-layout-flow\" id=\"image\">\n<div data-swiper=\"{&quot;speed&quot;:400,&quot;spaceBetween&quot;:16,&quot;slidesPerView&quot;:3,&quot;createElements&quot;:true,&quot;loop&quot;:true,&quot;freemode&quot;:true,&quot;navigation&quot;:{&quot;nextEl&quot;:&quot;buttonNext&quot;,&quot;prevEl&quot;:&quot;buttonPrev&quot;},&quot;breakpoints&quot;:[{&quot;slidesPerView&quot;:1}]}\" class=\"wp-block-group gt-is-slider gt-is-slider-desktop has-global-padding is-layout-constrained wp-block-group-is-layout-constrained\">\n<figure class=\"wp-block-image size-large has-custom-border\"><img decoding=\"async\" width=\"1024\" height=\"683\" src=\"https:\/\/www.camping2laplage.com\/wp-content\/uploads\/2025\/08\/supermarche-isere-1024x683.jpg\" alt=\"supermarkt isere\" class=\"wp-image-1502\" style=\"border-radius:25px\" srcset=\"https:\/\/www.camping2laplage.com\/wp-content\/uploads\/2025\/08\/supermarche-isere-1024x683.jpg 1024w, https:\/\/www.camping2laplage.com\/wp-content\/uploads\/2025\/08\/supermarche-isere-300x200.jpg 300w, https:\/\/www.camping2laplage.com\/wp-content\/uploads\/2025\/08\/supermarche-isere-768x512.jpg 768w, https:\/\/www.camping2laplage.com\/wp-content\/uploads\/2025\/08\/supermarche-isere.jpg 1199w\" sizes=\"(max-width: 1024px) 100vw, 1024px\" \/><\/figure>\n\n\n\n<figure class=\"wp-block-image size-large has-custom-border\"><img decoding=\"async\" width=\"1024\" height=\"683\" src=\"https:\/\/www.camping2laplage.com\/wp-content\/uploads\/2025\/08\/boulangerie-isere-1024x683.jpg\" alt=\"b&#xE4;ckerei isere\" class=\"wp-image-1507\" style=\"border-radius:25px\" srcset=\"https:\/\/www.camping2laplage.com\/wp-content\/uploads\/2025\/08\/boulangerie-isere-1024x683.jpg 1024w, https:\/\/www.camping2laplage.com\/wp-content\/uploads\/2025\/08\/boulangerie-isere-300x200.jpg 300w, https:\/\/www.camping2laplage.com\/wp-content\/uploads\/2025\/08\/boulangerie-isere-768x512.jpg 768w, https:\/\/www.camping2laplage.com\/wp-content\/uploads\/2025\/08\/boulangerie-isere.jpg 1199w\" sizes=\"(max-width: 1024px) 100vw, 1024px\" \/><\/figure>\n<\/div>\n<\/div>\n\n\n\n<div class=\"wp-block-column is-vertically-aligned-center animated slideInUp is-layout-flow wp-block-column-is-layout-flow\" id=\"content\">\n<h2 class=\"wp-block-heading has-custom-rouge-color has-text-color has-link-color wp-elements-dba61d57e31901acb95c8a21e04b6032\">Gesch\u00e4fte in der N\u00e4he des Campingplatzes in Treffort<\/h2>\n\n\n\n<p>Die n\u00e4chstgelegenen Einkaufsm\u00f6glichkeiten befinden sich in <strong>Monestier-de-Clermont<\/strong> (38650). <\/p>\n\n\n\n<p>Die <strong>B\u00e4ckerei<\/strong>, die <strong>Apotheke<\/strong> und der <strong>Supermarkt<\/strong> in Monestier-de-Clermont sind in 15 Minuten mit dem Auto zu erreichen. <\/p>\n\n\n\n<p>In diesem Stadtzentrum finden Sie auch einen T\u00f6pferladen, einen Ressourcenladen mit vielen Fundst\u00fccken und einige Restaurants.<\/p>\n<\/div>\n<\/div>\n<\/div>\n\n<section class=\"wp-block-group alignfull bloc-maillage has-global-padding is-layout-constrained wp-container-core-group-is-layout-6131d34a wp-block-group-is-layout-constrained\" style=\"margin-top:0px;margin-bottom:0px;padding-top:10rem;padding-right:0;padding-bottom:10rem;padding-left:0rem\">\n<p class=\"has-text-align-center has-custom-rouge-color has-text-color has-link-color has-basteleur-font-family wp-elements-088d06e8262be72cdce378d330246c48\" style=\"font-size:clamp(2.2rem, 2.2rem + ((1vw - 0.2rem) * 1.714), 4rem);\">Entdecken Sie<\/p>\n\n\n\n<p class=\"has-text-align-center has-custom-rouge-color has-text-color has-link-color has-basteleur-font-family wp-elements-9a0e27646e96ad37859c9f6d882ce1e4\" style=\"font-size:clamp(1.25rem, 1.25rem + ((1vw - 0.2rem) * 0.714), 2rem);\">unsere Stellpl\u00e4tze, Mietunterk\u00fcnfte und unser Campingplatz<\/p>\n\n\n\n<div class=\"wp-block-group maillage is-layout-flow wp-block-group-is-layout-flow\">\n<div class=\"wp-block-query alignfull is-layout-flow wp-block-query-is-layout-flow\"><ul class=\"columns-3 wp-block-post-template is-layout-grid wp-container-core-post-template-is-layout-572542b5 wp-block-post-template-is-layout-grid\"><li class=\"wp-block-post post-2475 page type-page status-publish has-post-thumbnail hentry\">\n\n<div class=\"wp-block-group overflow-hidden gt-maillage has-global-padding is-layout-constrained wp-block-group-is-layout-constrained\">\n<figure class=\"wp-block-image gt-maillage__image\"><img decoding=\"async\" src=\"https:\/\/www.camping2laplage.com\/wp-content\/uploads\/2025\/09\/emplacements-campibg-isere.jpg\" alt=\"Stellpl\u00e4tze camping isere\" style=\"aspect-ratio:3\/4;object-fit:cover\"\/><\/figure>\n\n\n\n<p class=\"has-text-align-right gt-maillage__title gt-btn-arrow has-base-2-color has-text-color has-link-color has-basteleur-font-family wp-elements-5851ac654ece7c734572285f86f288d5\" style=\"border-right-style:none;border-right-width:0px;border-bottom-style:none;border-bottom-width:0px;padding-right:1rem;font-size:clamp(1.743rem, 1.743rem + ((1vw - 0.2rem) * 1.197), 3rem);font-style:normal;font-weight:300;text-transform:none\">Die Stellpl\u00e4tze<\/p>\n\n\n<a class=\"is-style-lien-cover wp-block-read-more\" href=\"https:\/\/www.camping2laplage.com\/de\/stellplatzvermietung-treffort\/\" target=\"_self\">Weiterlesen<span class=\"screen-reader-text\">: Die Stellpl\u00e4tze<\/span><\/a><\/div>\n\n<\/li><li class=\"wp-block-post post-2467 page type-page status-publish has-post-thumbnail hentry\">\n\n<div class=\"wp-block-group overflow-hidden gt-maillage has-global-padding is-layout-constrained wp-block-group-is-layout-constrained\">\n<figure class=\"wp-block-image gt-maillage__image\"><img decoding=\"async\" src=\"https:\/\/www.camping2laplage.com\/wp-content\/uploads\/2025\/08\/location-hebergement-isere.jpg\" alt=\"vermietung von ferienwohnungen isere\" style=\"aspect-ratio:3\/4;object-fit:cover\"\/><\/figure>\n\n\n\n<p class=\"has-text-align-right gt-maillage__title gt-btn-arrow has-base-2-color has-text-color has-link-color has-basteleur-font-family wp-elements-5851ac654ece7c734572285f86f288d5\" style=\"border-right-style:none;border-right-width:0px;border-bottom-style:none;border-bottom-width:0px;padding-right:1rem;font-size:clamp(1.743rem, 1.743rem + ((1vw - 0.2rem) * 1.197), 3rem);font-style:normal;font-weight:300;text-transform:none\">Unsere Preise<\/p>\n\n\n<a class=\"is-style-lien-cover wp-block-read-more\" href=\"https:\/\/www.camping2laplage.com\/de\/mobilheimvermietung-treffort\/\" target=\"_self\">Weiterlesen<span class=\"screen-reader-text\">: Die Vermietungen<\/span><\/a><\/div>\n\n<\/li><li class=\"wp-block-post post-2509 page type-page status-publish has-post-thumbnail hentry\">\n\n<div class=\"wp-block-group overflow-hidden gt-maillage has-global-padding is-layout-constrained wp-block-group-is-layout-constrained\">\n<figure class=\"wp-block-image gt-maillage__image\"><img decoding=\"async\" src=\"https:\/\/www.camping2laplage.com\/wp-content\/uploads\/2025\/08\/location-vacances-isere.jpg\" alt=\"Pr\u00e4sentation\" style=\"aspect-ratio:3\/4;object-fit:cover\"\/><\/figure>\n\n\n\n<p class=\"has-text-align-right gt-maillage__title gt-btn-arrow has-base-2-color has-text-color has-link-color has-basteleur-font-family wp-elements-5851ac654ece7c734572285f86f288d5\" style=\"border-right-style:none;border-right-width:0px;border-bottom-style:none;border-bottom-width:0px;padding-right:1rem;font-size:clamp(1.743rem, 1.743rem + ((1vw - 0.2rem) * 1.197), 3rem);font-style:normal;font-weight:300;text-transform:none\">Pr\u00e4sentation<\/p>\n\n\n<a class=\"is-style-lien-cover wp-block-read-more\" href=\"https:\/\/www.camping2laplage.com\/de\/campingplatz-treffort\/\" target=\"_self\">Weiterlesen<span class=\"screen-reader-text\">: Pr\u00e4sentation<\/span><\/a><\/div>\n\n<\/li><\/ul><\/div>\n<\/div>\n<\/section>\n","protected":false},"excerpt":{"rendered":"<p>Campingplatz 2 am Strand &gt; Die Dienstleistungen des Campingplatzes in der N\u00e4he von Grenoble Wir bieten Ihnen eine breite Palette von Dienstleistungen, um Ihren Urlaub auf dem Campingplatz La Plage im Departement Is\u00e8re zu vereinfachen: von den allt\u00e4glichen Dienstleistungen (W\u00e4scherei, Lebensmittelgesch\u00e4ft, etc.) \u00fcber die Vermietung von Ausstattungen f\u00fcr Ihre Freizeit (Paddles, Fahrr\u00e4der, etc.) bis hin [&hellip;]<\/p>\n","protected":false},"author":1,"featured_media":2167,"parent":0,"menu_order":0,"comment_status":"closed","ping_status":"closed","template":"","meta":{"_acf_changed":false,"_seopress_robots_primary_cat":"","_seopress_titles_title":"Campingplatz mit vielen Dienstleistungen in der N\u00e4he von Grenoble, Is\u00e8re","_seopress_titles_desc":"","_seopress_robots_index":"","_gt_ctv_global_id":"12907","_gt_ctv_id_group":false,"inline_featured_image":false,"gt_fse_maillage_image":"https:\/\/www.camping2laplage.com\/wp-content\/uploads\/2025\/07\/camping-profiter-du-snacking-1.webp","gt_fse_maillage_titre":"Die Dienstleistungen","gt_fse_maillage_alt":"Die Dienstleistungen","gt_fse_maillage_resume":"","footnotes":""},"categories":[],"tags":[],"class_list":["post-2499","page","type-page","status-publish","has-post-thumbnail","hentry"],"acf":[],"_links":{"self":[{"href":"https:\/\/www.camping2laplage.com\/de\/wp-json\/wp\/v2\/pages\/2499","targetHints":{"allow":["GET"]}}],"collection":[{"href":"https:\/\/www.camping2laplage.com\/de\/wp-json\/wp\/v2\/pages"}],"about":[{"href":"https:\/\/www.camping2laplage.com\/de\/wp-json\/wp\/v2\/types\/page"}],"author":[{"embeddable":true,"href":"https:\/\/www.camping2laplage.com\/de\/wp-json\/wp\/v2\/users\/1"}],"replies":[{"embeddable":true,"href":"https:\/\/www.camping2laplage.com\/de\/wp-json\/wp\/v2\/comments?post=2499"}],"version-history":[{"count":23,"href":"https:\/\/www.camping2laplage.com\/de\/wp-json\/wp\/v2\/pages\/2499\/revisions"}],"predecessor-version":[{"id":2985,"href":"https:\/\/www.camping2laplage.com\/de\/wp-json\/wp\/v2\/pages\/2499\/revisions\/2985"}],"wp:featuredmedia":[{"embeddable":true,"href":"https:\/\/www.camping2laplage.com\/de\/wp-json\/wp\/v2\/media\/2167"}],"wp:attachment":[{"href":"https:\/\/www.camping2laplage.com\/de\/wp-json\/wp\/v2\/media?parent=2499"}],"wp:term":[{"taxonomy":"category","embeddable":true,"href":"https:\/\/www.camping2laplage.com\/de\/wp-json\/wp\/v2\/categories?post=2499"},{"taxonomy":"post_tag","embeddable":true,"href":"https:\/\/www.camping2laplage.com\/de\/wp-json\/wp\/v2\/tags?post=2499"}],"curies":[{"name":"wp","href":"https:\/\/api.w.org\/{rel}","templated":true}]}}