{"id":2509,"date":"2025-07-09T13:14:46","date_gmt":"2025-07-09T11:14:46","guid":{"rendered":"https:\/\/www.camping2laplage.com\/camping-treffort\/"},"modified":"2025-09-29T11:02:15","modified_gmt":"2025-09-29T09:02:15","slug":"campingplatz-treffort","status":"publish","type":"page","link":"https:\/\/www.camping2laplage.com\/de\/campingplatz-treffort\/","title":{"rendered":"Pr\u00e4sentation"},"content":{"rendered":"\n<div id=\"titre-fil\" class=\"wp-block-group is-vertical is-content-justification-center is-layout-flex wp-container-core-group-is-layout-3fb1c651 wp-block-group-is-layout-flex\" style=\"padding-right:20%;padding-left:20%\">\n<div class=\"wp-block-group is-horizontal is-layout-flex wp-container-core-group-is-layout-048c9698 wp-block-group-is-layout-flex\">\n<p class=\"has-text-align-center has-custom-rouge-color has-text-color has-link-color wp-elements-79a042dbca45755e6373eff5dc6677e8\" style=\"font-style:normal;font-weight:400;letter-spacing:2px\"><a href=\"https:\/\/www.camping2laplage.com\/de\/\" data-type=\"page\" data-id=\"5\">Campingplatz 2 am Strand<\/a> &gt;<\/p>\n\n\n<p class=\"has-text-align-center has-custom-rouge-color has-text-color has-link-color\" \n    style=\"font-style:normal;font-weight:400;letter-spacing:2px\">Pr\u00e4sentation<\/p>\n<\/div>\n\n\n\n<h1 class=\"wp-block-heading has-text-align-center has-custom-rouge-color has-text-color has-link-color wp-elements-ab9955a8f242428bbbef530ad63f7280\" id=\"titre-page\" style=\"font-size:clamp(2.629rem, 2.629rem + ((1vw - 0.2rem) * 2.258), 5rem);\">Campingplatz in Treffort<\/h1>\n\n\n\n<p>Der Campingplatz de la Plage &#8211; Alpes, Vercors et Tri\u00e8ves, ein Campingplatz in <a href=\"https:\/\/www.camping2laplage.com\/de\/\" data-type=\"page\" data-id=\"5\">der N\u00e4he von Grenoble<\/a>, wurde vor mehr als 40 Jahren gegr\u00fcndet und genie\u00dft eine au\u00dfergew\u00f6hnliche Lage in Treffort mit <strong>Blick auf den See von Monteynard<\/strong> und den <strong>S\u00e9n\u00e9py<\/strong>, der ihn \u00fcberragt. Der Campingplatz ist nach Osten ausgerichtet und mit verschiedenen Pflanzenarten bepflanzt. Die Landschaft ist angenehm und bietet sowohl Sonne am Morgen als auch schattige Bereiche f\u00fcr die Nachmittagshitze. <\/p>\n\n\n\n<p>Seine Lage am Ende der Stra\u00dfe garantiert <strong>Ruhe und Frieden<\/strong>. Wir begr\u00fc\u00dfen Familien und sportliche G\u00e4ste. <strong>Partys und andere Ger\u00e4usche sind nach 22.00 Uhr auf dem Campingplatz verboten.<\/strong> Die unmittelbare N\u00e4he zur Wassersportbasis des <strong>Lac de Monteynard<\/strong> bietet ein breites Spektrum an Aktivit\u00e4ten. Anstelle von vielen Worten, um den Campingplatz in Treffort vorzustellen, bieten wir Ihnen eine kleine F\u00fchrung durch die Anlage.  <\/p>\n<\/div>\n\n<div style=\"height:100px\" aria-hidden=\"true\" class=\"wp-block-spacer gt-hide-mobile\"><\/div>\n\n<div id=\"gt_1-cta-svg_001\" class=\"wp-block-group has-global-padding is-layout-constrained wp-block-group-is-layout-constrained\">\n<div class=\"wp-block-columns are-vertically-aligned-center is-layout-flex wp-container-core-columns-is-layout-9b24e0e0 wp-block-columns-is-layout-flex\">\n<div class=\"wp-block-column is-vertically-aligned-center animated slideInUp is-layout-flow wp-block-column-is-layout-flow\" id=\"content\">\n<h2 class=\"wp-block-heading has-custom-rouge-color has-text-color has-link-color wp-elements-60c78682fc6dab9d3ead8c3b730e735f\">Gef\u00fchrte Tour durch den Campingplatz<\/h2>\n\n\n\n<p>Nicolas hei\u00dft Sie herzlich willkommen. Sein Ziel ist es, Ihnen einen perfekten <a href=\"https:\/\/www.camping2laplage.com\/de\/campingplatz-services-treffort\/\" data-type=\"page\" data-id=\"7\">Service f\u00fcr Ihren Aufenthalt in der Is\u00e8re<\/a> zu bieten, sowie einen gr\u00f6\u00dferen Komfort sowohl auf den <strong>74 Stellpl\u00e4tzen<\/strong> auf 1,5 ha als auch in den Vermietungen. <\/p>\n\n\n\n<p>Die k\u00fcrzlich renovierten Sanit\u00e4reinrichtungen, die neu gestalteten Stellpl\u00e4tze, das modernisierte Restaurant Le Spot, <a href=\"https:\/\/www.camping2laplage.com\/de\/hundefreundlicher-campingplatz-treffort\/\" data-type=\"page\" data-id=\"9\">Hunde sind auf dem Campingplatz willkommen<\/a> und die Animationen wurden f\u00fcr <strong>eingeselliges Beisammensein<\/strong> eingerichtet&#8230;.<\/p>\n\n\n    <div id=\"gt-fse-lire-plus-69f0ddb48ac8c\" class=\"gt-fse-lire-plus\" data-min-height=\"130\" style=\"background-color: #fff;\">\n        <input id=\"gt-fse-lire-plus-69f0ddb48ac8c-toggle\" type=\"checkbox\" class=\"gt-fse-lire-plus__toggle\" \/>\n        <label for=\"gt-fse-lire-plus-69f0ddb48ac8c-toggle\" class=\"gt-fse-lire-plus__toggle-label\">\n            <span>Mehr lesen<\/span>\n            <span>Weniger lesen<\/span>\n        <\/label>\n        <div class=\"gt-fse-lire-plus__content\" style=\"height: 130px;\">\n            \n\n<p>Natur&#8230; Das ist der Kerngedanke Ihres <a href=\"https:\/\/www.camping2laplage.com\/de\/campingplatz-am-see-wassersportzentrum-treffort\/\" data-type=\"page\" data-id=\"8\">Urlaubs am See von Monteynard<\/a>, denn neben Skifahren, Natur, Spazierg\u00e4ngen und der landschaftlichen Umgebung bem\u00fcht sich der Campingplatz in Treffort um den <strong>Erhalt des Ortes<\/strong> und der Natur im Allgemeinen.<\/p>\n\n\n\n<p>Wenn Sie m\u00f6chten, k\u00f6nnen Sie w\u00e4hrend Ihres Aufenthalts zu diesem Ziel beitragen.<\/p>\n\n\n\n<p>Das <a href=\"https:\/\/www.camping2laplage.com\/de\/gaststaette-treffort\/\" data-type=\"page\" data-id=\"13\">Restaurant &#8222;Le Spot&#8220;<\/a> bietet eine K\u00fcche mit <strong>frischen , hausgemachten Produkten <\/strong>, Sensibilisierung f\u00fcr nachhaltige Entwicklung, Bem\u00fchungen um Energieeinsparungen&#8230; Bevor Sie uns besuchen, besuchen Sie uns in den sozialen Netzwerken, um von Sonderangeboten, Animationen, <strong>Spielen<\/strong> und Tipps zu profitieren, die Ihnen helfen, Ihren Aufenthalt am See von Monteynard optimal zu nutzen.<\/p>\n\n            <div class=\"gt-fse-lire-plus__gradient\" style=\"background: linear-gradient(to bottom,rgba(255,255,255,0) 0%,rgba(255,255,255,1) 100%);\"><\/div>\n        <\/div>\n    <\/div>\n    <\/div>\n\n\n\n<div class=\"wp-block-column is-vertically-aligned-center is-layout-flow wp-block-column-is-layout-flow\" id=\"image\">\n<div data-swiper=\"{&quot;speed&quot;:400,&quot;spaceBetween&quot;:16,&quot;slidesPerView&quot;:3,&quot;createElements&quot;:true,&quot;loop&quot;:true,&quot;freemode&quot;:true,&quot;navigation&quot;:{&quot;nextEl&quot;:&quot;buttonNext&quot;,&quot;prevEl&quot;:&quot;buttonPrev&quot;},&quot;breakpoints&quot;:[{&quot;slidesPerView&quot;:1}]}\" class=\"wp-block-group gt-is-slider gt-is-slider-desktop has-global-padding is-layout-constrained wp-block-group-is-layout-constrained\">\n<figure class=\"wp-block-image size-large has-custom-border\"><img decoding=\"async\" width=\"1024\" height=\"683\" src=\"https:\/\/www.camping2laplage.com\/wp-content\/uploads\/2025\/08\/camping-en-isere-1024x683.jpg\" alt=\"campingplatz en isere\" class=\"wp-image-1323\" style=\"border-radius:25px\" srcset=\"https:\/\/www.camping2laplage.com\/wp-content\/uploads\/2025\/08\/camping-en-isere-1024x683.jpg 1024w, https:\/\/www.camping2laplage.com\/wp-content\/uploads\/2025\/08\/camping-en-isere-300x200.jpg 300w, https:\/\/www.camping2laplage.com\/wp-content\/uploads\/2025\/08\/camping-en-isere-768x512.jpg 768w, https:\/\/www.camping2laplage.com\/wp-content\/uploads\/2025\/08\/camping-en-isere.jpg 1199w\" sizes=\"(max-width: 1024px) 100vw, 1024px\" \/><\/figure>\n\n\n\n<figure class=\"wp-block-image size-large has-custom-border\"><img decoding=\"async\" width=\"1024\" height=\"683\" src=\"https:\/\/www.camping2laplage.com\/wp-content\/uploads\/2025\/08\/camping-famille-isere-1024x683.jpg\" alt=\"familiencampingplatz isere\" class=\"wp-image-1328\" style=\"border-radius:25px\" srcset=\"https:\/\/www.camping2laplage.com\/wp-content\/uploads\/2025\/08\/camping-famille-isere-1024x683.jpg 1024w, https:\/\/www.camping2laplage.com\/wp-content\/uploads\/2025\/08\/camping-famille-isere-300x200.jpg 300w, https:\/\/www.camping2laplage.com\/wp-content\/uploads\/2025\/08\/camping-famille-isere-768x512.jpg 768w, https:\/\/www.camping2laplage.com\/wp-content\/uploads\/2025\/08\/camping-famille-isere.jpg 1199w\" sizes=\"(max-width: 1024px) 100vw, 1024px\" \/><\/figure>\n<\/div>\n<\/div>\n<\/div>\n<\/div>\n\n<div style=\"height:100px\" aria-hidden=\"true\" class=\"wp-block-spacer gt-hide-mobile\"><\/div>\n\n<div id=\"gt_3-ctafull_001\" class=\"wp-block-group has-global-padding is-layout-constrained wp-container-core-group-is-layout-12243e0f wp-block-group-is-layout-constrained\">\n<div id=\"slider-images\" class=\"wp-block-group has-global-padding is-layout-constrained wp-container-core-group-is-layout-e555385e wp-block-group-is-layout-constrained\">\n<div data-swiper=\"{&quot;speed&quot;:1000,&quot;autoplay&quot;:{&quot;delay&quot;:5000,&quot;disableOnInteraction&quot;:false},&quot;spaceBetween&quot;:0,&quot;slidesPerView&quot;:1,&quot;pagination&quot;:{&quot;el&quot;:&quot;.swiper-pagination&quot;,&quot;dynamicBullets&quot;:true,&quot;clickable&quot;:true,&quot;type&quot;:&quot;bullets&quot;},&quot;navigation&quot;:{&quot;nextEl&quot;:&quot;.swiper-button-next&quot;,&quot;prevEl&quot;:&quot;.swiper-button-prev&quot;},&quot;breakpoints&quot;:[{&quot;slidesPerView&quot;:1}]}\" class=\"wp-block-cover\"><img decoding=\"async\" width=\"1450\" height=\"500\" class=\"wp-block-cover__image-background wp-image-1357 size-full\" alt=\"activites nautiques isere\" src=\"https:\/\/www.camping2laplage.com\/wp-content\/uploads\/2025\/08\/activites-nautiques-isere.jpg\" style=\"object-position:23% 100%\" data-object-fit=\"cover\" data-object-position=\"23% 100%\" srcset=\"https:\/\/www.camping2laplage.com\/wp-content\/uploads\/2025\/08\/activites-nautiques-isere.jpg 1450w, https:\/\/www.camping2laplage.com\/wp-content\/uploads\/2025\/08\/activites-nautiques-isere-300x103.jpg 300w, https:\/\/www.camping2laplage.com\/wp-content\/uploads\/2025\/08\/activites-nautiques-isere-1024x353.jpg 1024w, https:\/\/www.camping2laplage.com\/wp-content\/uploads\/2025\/08\/activites-nautiques-isere-768x265.jpg 768w\" sizes=\"(max-width: 1450px) 100vw, 1450px\" \/><span aria-hidden=\"true\" class=\"wp-block-cover__background has-background-dim\"><\/span><div class=\"wp-block-cover__inner-container has-global-padding is-layout-constrained wp-block-cover-is-layout-constrained\">\n<p class=\"has-text-align-center has-large-font-size\"><\/p>\n<\/div><\/div>\n<\/div>\n\n\n\n<div class=\"wp-block-columns has-custom-rouge-background-color has-background is-layout-flex wp-container-core-columns-is-layout-32f5ffe2 wp-block-columns-is-layout-flex\" id=\"content\" style=\"padding-top:6em;padding-right:8em;padding-bottom:6em;padding-left:8em\">\n<div class=\"wp-block-column col-image is-layout-flow wp-block-column-is-layout-flow\" style=\"flex-basis:40%\">\n<div style=\"height:100px\" aria-hidden=\"true\" class=\"wp-block-spacer gt-hide-mobile\"><\/div>\n\n\n\n<div class=\"wp-block-buttons is-content-justification-center is-layout-flex wp-container-core-buttons-is-layout-5b5683f2 wp-block-buttons-is-layout-flex\">\n<div class=\"wp-block-button btn-1\"><a class=\"wp-block-button__link has-custom-rouge-color has-custom-mauve-background-color has-text-color has-background has-link-color has-roboto-font-family has-text-align-center has-custom-font-size wp-element-button\" href=\"https:\/\/www.camping2laplage.com\/de\/campingplatz-am-see-wassersportzentrum-treffort\/\" style=\"border-radius:100px;padding-top:20px;padding-right:40px;padding-bottom:20px;padding-left:40px;font-size:clamp(14px, 0.875rem + ((1vw - 3.2px) * 0.238), 18px);font-style:normal;font-weight:500;letter-spacing:2px;text-transform:uppercase\">Die Wassersportbasis<\/a><\/div>\n<\/div>\n<\/div>\n\n\n\n<div class=\"wp-block-column col-content is-layout-flow wp-block-column-is-layout-flow\" style=\"flex-basis:60%\">\n<h2 class=\"wp-block-heading has-base-2-color has-text-color has-link-color wp-elements-800703a1bb9780d8510a977c32751acf\">Die Wassersportbasis von Treffort und das Kitesurfen im Departement Is\u00e8re<\/h2>\n\n\n\n<p class=\"has-base-2-color has-text-color has-link-color wp-elements-6ae59cfe93238567d2c1168b2dc64202\">Die Wassersportbasis von Treffort bietet eine Reihe von Dienstleistungen und sportlichen und spielerischen Aktivit\u00e4ten wie :<\/p>\n\n\n\n<ul class=\"wp-block-list\">\n<li class=\"has-base-2-color has-text-color has-link-color wp-elements-4c80ed0f41e4dfd51c163ca9d915301c\"><strong>Kitesurfen und Windsurfen:<\/strong> Der See von Monteynard gilt als der erste europ\u00e4ische Ort f\u00fcr diese Sportarten. Vor Ort gibt es Windsurf- und Kitesurfschulen, aber auch eine franz\u00f6sische Segelschule, Segelclubs und andere. <\/li>\n\n\n\n<li class=\"has-base-2-color has-text-color has-link-color wp-elements-cd1c5dd495c6487ca72aa822dfd1b4de\"><strong>Wassersport:<\/strong> Angeln, Wasserski, Segeln, Kanu, Bootsfahrten&#8230;<\/li>\n\n\n\n<li class=\"has-base-2-color has-text-color has-link-color wp-elements-c4b0d8f446ddbbf7189bb26753fd6add\"><strong>Wandern:<\/strong> Hier finden Sie zahlreiche Wanderwege und die ber\u00fchmten Himalaya-Stege.<\/li>\n\n\n\n<li class=\"has-base-2-color has-text-color has-link-color wp-elements-c3bf9e25577826e1965e9aa8aaef41ab\"><strong>Radtourismus und Mountainbiking<\/strong><\/li>\n<\/ul>\n\n\n\n<p class=\"has-base-2-color has-text-color has-link-color wp-elements-a3268ee40bdb4dca2858a87a14c57688\">Einzelheiten finden Sie auf der Seite <a href=\"https:\/\/www.camping2laplage.com\/de\/aktivitaten-kitesurfen-lac-monteynard\/\" data-type=\"page\" data-id=\"14\">Aktivit\u00e4ten auf dem Wasser am See von Monteynard<\/a>.<\/p>\n<\/div>\n<\/div>\n<\/div>\n\n<div style=\"height:100px\" aria-hidden=\"true\" class=\"wp-block-spacer gt-hide-mobile\"><\/div>\n\n<div id=\"gt_1-cta-svg_001\" class=\"wp-block-group has-global-padding is-layout-constrained wp-block-group-is-layout-constrained\">\n<div class=\"wp-block-columns are-vertically-aligned-center is-layout-flex wp-container-core-columns-is-layout-9b24e0e0 wp-block-columns-is-layout-flex\">\n<div class=\"wp-block-column is-vertically-aligned-center is-layout-flow wp-block-column-is-layout-flow\" id=\"image\">\n<div data-swiper=\"{&quot;speed&quot;:400,&quot;spaceBetween&quot;:16,&quot;slidesPerView&quot;:3,&quot;createElements&quot;:true,&quot;loop&quot;:true,&quot;freemode&quot;:true,&quot;navigation&quot;:{&quot;nextEl&quot;:&quot;buttonNext&quot;,&quot;prevEl&quot;:&quot;buttonPrev&quot;},&quot;breakpoints&quot;:[{&quot;slidesPerView&quot;:1}]}\" class=\"wp-block-group gt-is-slider gt-is-slider-desktop has-global-padding is-layout-constrained wp-block-group-is-layout-constrained\">\n<figure class=\"wp-block-image size-large has-custom-border\"><img decoding=\"async\" width=\"1024\" height=\"683\" src=\"https:\/\/www.camping2laplage.com\/wp-content\/uploads\/2025\/08\/balade-velo-treffort-1024x683.jpg\" alt=\"Fahrradtour Treffort\" class=\"wp-image-1347\" style=\"border-radius:25px\" srcset=\"https:\/\/www.camping2laplage.com\/wp-content\/uploads\/2025\/08\/balade-velo-treffort-1024x683.jpg 1024w, https:\/\/www.camping2laplage.com\/wp-content\/uploads\/2025\/08\/balade-velo-treffort-300x200.jpg 300w, https:\/\/www.camping2laplage.com\/wp-content\/uploads\/2025\/08\/balade-velo-treffort-768x512.jpg 768w, https:\/\/www.camping2laplage.com\/wp-content\/uploads\/2025\/08\/balade-velo-treffort.jpg 1199w\" sizes=\"(max-width: 1024px) 100vw, 1024px\" \/><\/figure>\n\n\n\n<figure class=\"wp-block-image size-large has-custom-border\"><img decoding=\"async\" width=\"1024\" height=\"683\" src=\"https:\/\/www.camping2laplage.com\/wp-content\/uploads\/2025\/08\/excursion-a-cheval-isere-1024x683.jpg\" alt=\"reitausflug isere\" class=\"wp-image-1352\" style=\"border-radius:25px\" srcset=\"https:\/\/www.camping2laplage.com\/wp-content\/uploads\/2025\/08\/excursion-a-cheval-isere-1024x683.jpg 1024w, https:\/\/www.camping2laplage.com\/wp-content\/uploads\/2025\/08\/excursion-a-cheval-isere-300x200.jpg 300w, https:\/\/www.camping2laplage.com\/wp-content\/uploads\/2025\/08\/excursion-a-cheval-isere-768x512.jpg 768w, https:\/\/www.camping2laplage.com\/wp-content\/uploads\/2025\/08\/excursion-a-cheval-isere.jpg 1199w\" sizes=\"(max-width: 1024px) 100vw, 1024px\" \/><\/figure>\n<\/div>\n<\/div>\n\n\n\n<div class=\"wp-block-column is-vertically-aligned-center animated slideInUp is-layout-flow wp-block-column-is-layout-flow\" id=\"content\">\n<h2 class=\"wp-block-heading has-custom-rouge-color has-text-color has-link-color wp-elements-1aaacc6025a7b0418f9e0db5321b005b\">Ausfl\u00fcge in der Is\u00e8re und in der N\u00e4he des Campingplatzes<\/h2>\n\n\n\n<p>In der Umgebung k\u00f6nnen Sie zahlreiche Ausfl\u00fcge unternehmen&#8230; <strong>zu Fu\u00df<\/strong>, mit <strong>dem Fahrrad<\/strong>, <strong>zu Pferd<\/strong> oder <strong>mit dem Auto:<\/strong><\/p>\n\n\n\n<ul class=\"wp-block-list\">\n<li>Im nahe gelegenen Vercors-Massiv, aber auch in den Massiven von Oisans, \u00c9crins, Belledonne und Chartreuse.<\/li>\n\n\n\n<li>Auf dem Plateau von Tri\u00e8ves, einem gesch\u00fctzten Gebiet, das von Gipfeln wie dem Obiou oder dem Mont Aiguille umgeben ist.<\/li>\n\n\n\n<li>In den Berggemeinden, die viele kulturelle und menschliche Reicht\u00fcmer beherbergen.<\/li>\n\n\n\n<li>In Grenoble, leicht erreichbar f\u00fcr seine Aktivit\u00e4ten, aber auch seine Dienstleistungen&#8230;<\/li>\n<\/ul>\n<\/div>\n<\/div>\n<\/div>\n\n<section class=\"wp-block-group alignfull bloc-maillage has-global-padding is-layout-constrained wp-container-core-group-is-layout-6131d34a wp-block-group-is-layout-constrained\" style=\"margin-top:0px;margin-bottom:0px;padding-top:10rem;padding-right:0;padding-bottom:10rem;padding-left:0rem\">\n<p class=\"has-text-align-center has-custom-rouge-color has-text-color has-link-color has-basteleur-font-family wp-elements-088d06e8262be72cdce378d330246c48\" style=\"font-size:clamp(2.2rem, 2.2rem + ((1vw - 0.2rem) * 1.714), 4rem);\">Entdecken Sie<\/p>\n\n\n\n<p class=\"has-text-align-center has-custom-rouge-color has-text-color has-link-color has-basteleur-font-family wp-elements-bd294971adff37394a204a9fb1ea0224\" style=\"font-size:clamp(1.25rem, 1.25rem + ((1vw - 0.2rem) * 0.714), 2rem);\">unsere Stellpl\u00e4tze, Mietunterk\u00fcnfte und Dienstleistungen<\/p>\n\n\n\n<div class=\"wp-block-group maillage is-layout-flow wp-block-group-is-layout-flow\">\n<div class=\"wp-block-query alignfull is-layout-flow wp-block-query-is-layout-flow\"><ul class=\"columns-3 wp-block-post-template is-layout-grid wp-container-core-post-template-is-layout-572542b5 wp-block-post-template-is-layout-grid\"><li class=\"wp-block-post post-2475 page type-page status-publish has-post-thumbnail hentry\">\n\n<div class=\"wp-block-group overflow-hidden gt-maillage has-global-padding is-layout-constrained wp-block-group-is-layout-constrained\">\n<figure class=\"wp-block-image gt-maillage__image\"><img decoding=\"async\" src=\"https:\/\/www.camping2laplage.com\/wp-content\/uploads\/2025\/09\/emplacements-campibg-isere.jpg\" alt=\"Stellpl\u00e4tze camping isere\" style=\"aspect-ratio:3\/4;object-fit:cover\"\/><\/figure>\n\n\n\n<p class=\"has-text-align-right gt-maillage__title gt-btn-arrow has-base-2-color has-text-color has-link-color has-basteleur-font-family wp-elements-5851ac654ece7c734572285f86f288d5\" style=\"border-right-style:none;border-right-width:0px;border-bottom-style:none;border-bottom-width:0px;padding-right:1rem;font-size:clamp(1.743rem, 1.743rem + ((1vw - 0.2rem) * 1.197), 3rem);font-style:normal;font-weight:300;text-transform:none\">Die Stellpl\u00e4tze<\/p>\n\n\n<a class=\"is-style-lien-cover wp-block-read-more\" href=\"https:\/\/www.camping2laplage.com\/de\/stellplatzvermietung-treffort\/\" target=\"_self\">Weiterlesen<span class=\"screen-reader-text\">: Die Stellpl\u00e4tze<\/span><\/a><\/div>\n\n<\/li><li class=\"wp-block-post post-2467 page type-page status-publish has-post-thumbnail hentry\">\n\n<div class=\"wp-block-group overflow-hidden gt-maillage has-global-padding is-layout-constrained wp-block-group-is-layout-constrained\">\n<figure class=\"wp-block-image gt-maillage__image\"><img decoding=\"async\" src=\"https:\/\/www.camping2laplage.com\/wp-content\/uploads\/2025\/08\/location-hebergement-isere.jpg\" alt=\"vermietung von ferienwohnungen isere\" style=\"aspect-ratio:3\/4;object-fit:cover\"\/><\/figure>\n\n\n\n<p class=\"has-text-align-right gt-maillage__title gt-btn-arrow has-base-2-color has-text-color has-link-color has-basteleur-font-family wp-elements-5851ac654ece7c734572285f86f288d5\" style=\"border-right-style:none;border-right-width:0px;border-bottom-style:none;border-bottom-width:0px;padding-right:1rem;font-size:clamp(1.743rem, 1.743rem + ((1vw - 0.2rem) * 1.197), 3rem);font-style:normal;font-weight:300;text-transform:none\">Unsere Preise<\/p>\n\n\n<a class=\"is-style-lien-cover wp-block-read-more\" href=\"https:\/\/www.camping2laplage.com\/de\/mobilheimvermietung-treffort\/\" target=\"_self\">Weiterlesen<span class=\"screen-reader-text\">: Die Vermietungen<\/span><\/a><\/div>\n\n<\/li><li class=\"wp-block-post post-2499 page type-page status-publish has-post-thumbnail hentry\">\n\n<div class=\"wp-block-group overflow-hidden gt-maillage has-global-padding is-layout-constrained wp-block-group-is-layout-constrained\">\n<figure class=\"wp-block-image gt-maillage__image\"><img decoding=\"async\" src=\"https:\/\/www.camping2laplage.com\/wp-content\/uploads\/2025\/07\/camping-profiter-du-snacking-1.webp\" alt=\"Die Dienstleistungen\" style=\"aspect-ratio:3\/4;object-fit:cover\"\/><\/figure>\n\n\n\n<p class=\"has-text-align-right gt-maillage__title gt-btn-arrow has-base-2-color has-text-color has-link-color has-basteleur-font-family wp-elements-5851ac654ece7c734572285f86f288d5\" style=\"border-right-style:none;border-right-width:0px;border-bottom-style:none;border-bottom-width:0px;padding-right:1rem;font-size:clamp(1.743rem, 1.743rem + ((1vw - 0.2rem) * 1.197), 3rem);font-style:normal;font-weight:300;text-transform:none\">Die Dienstleistungen<\/p>\n\n\n<a class=\"is-style-lien-cover wp-block-read-more\" href=\"https:\/\/www.camping2laplage.com\/de\/campingplatz-services-treffort\/\" target=\"_self\">Weiterlesen<span class=\"screen-reader-text\">: Die Dienstleistungen<\/span><\/a><\/div>\n\n<\/li><\/ul><\/div>\n<\/div>\n<\/section>\n","protected":false},"excerpt":{"rendered":"<p>Campingplatz 2 am Strand &gt; Campingplatz in Treffort Der Campingplatz de la Plage &#8211; Alpes, Vercors et Tri\u00e8ves, ein Campingplatz in der N\u00e4he von Grenoble, wurde vor mehr als 40 Jahren gegr\u00fcndet und genie\u00dft eine au\u00dfergew\u00f6hnliche Lage in Treffort mit Blick auf den See von Monteynard und den S\u00e9n\u00e9py, der ihn \u00fcberragt. Der Campingplatz ist [&hellip;]<\/p>\n","protected":false},"author":1,"featured_media":1378,"parent":0,"menu_order":0,"comment_status":"closed","ping_status":"closed","template":"","meta":{"_acf_changed":false,"_seopress_robots_primary_cat":"","_seopress_titles_title":"Campingplatz in Treffort | Urlaub in Treffort auf dem Camping de la Plage","_seopress_titles_desc":"","_seopress_robots_index":"","_gt_ctv_global_id":"12907","_gt_ctv_id_group":false,"inline_featured_image":false,"gt_fse_maillage_image":"https:\/\/www.camping2laplage.com\/wp-content\/uploads\/2025\/08\/location-vacances-isere.jpg","gt_fse_maillage_titre":"Pr\u00e4sentation","gt_fse_maillage_alt":"Pr\u00e4sentation","gt_fse_maillage_resume":"","footnotes":""},"categories":[],"tags":[],"class_list":["post-2509","page","type-page","status-publish","has-post-thumbnail","hentry"],"acf":[],"_links":{"self":[{"href":"https:\/\/www.camping2laplage.com\/de\/wp-json\/wp\/v2\/pages\/2509","targetHints":{"allow":["GET"]}}],"collection":[{"href":"https:\/\/www.camping2laplage.com\/de\/wp-json\/wp\/v2\/pages"}],"about":[{"href":"https:\/\/www.camping2laplage.com\/de\/wp-json\/wp\/v2\/types\/page"}],"author":[{"embeddable":true,"href":"https:\/\/www.camping2laplage.com\/de\/wp-json\/wp\/v2\/users\/1"}],"replies":[{"embeddable":true,"href":"https:\/\/www.camping2laplage.com\/de\/wp-json\/wp\/v2\/comments?post=2509"}],"version-history":[{"count":7,"href":"https:\/\/www.camping2laplage.com\/de\/wp-json\/wp\/v2\/pages\/2509\/revisions"}],"predecessor-version":[{"id":3098,"href":"https:\/\/www.camping2laplage.com\/de\/wp-json\/wp\/v2\/pages\/2509\/revisions\/3098"}],"wp:featuredmedia":[{"embeddable":true,"href":"https:\/\/www.camping2laplage.com\/de\/wp-json\/wp\/v2\/media\/1378"}],"wp:attachment":[{"href":"https:\/\/www.camping2laplage.com\/de\/wp-json\/wp\/v2\/media?parent=2509"}],"wp:term":[{"taxonomy":"category","embeddable":true,"href":"https:\/\/www.camping2laplage.com\/de\/wp-json\/wp\/v2\/categories?post=2509"},{"taxonomy":"post_tag","embeddable":true,"href":"https:\/\/www.camping2laplage.com\/de\/wp-json\/wp\/v2\/tags?post=2509"}],"curies":[{"name":"wp","href":"https:\/\/api.w.org\/{rel}","templated":true}]}}