{"id":3172,"date":"2025-07-09T13:14:51","date_gmt":"2025-07-09T11:14:51","guid":{"rendered":"https:\/\/www.camping2laplage.com\/camping-wanderungen-isere\/"},"modified":"2025-12-02T08:37:04","modified_gmt":"2025-12-02T07:37:04","slug":"camping-wanderungen-isere","status":"publish","type":"page","link":"https:\/\/www.camping2laplage.com\/de\/camping-wanderungen-isere\/","title":{"rendered":"Zu Fu\u00df"},"content":{"rendered":"\n<div id=\"titre-fil\" class=\"wp-block-group is-vertical is-content-justification-center is-layout-flex wp-container-core-group-is-layout-3fb1c651 wp-block-group-is-layout-flex\" style=\"padding-right:20%;padding-left:20%\">\n<div class=\"wp-block-group is-horizontal is-layout-flex wp-container-core-group-is-layout-048c9698 wp-block-group-is-layout-flex\">\n<p class=\"has-text-align-center has-custom-rouge-color has-text-color has-link-color wp-elements-251412a27ccec0aa8b9848f73bd4b0f4\" style=\"font-style:normal;font-weight:400;letter-spacing:2px\"><a href=\"https:\/\/www.camping2laplage.com\/de\/campingplatz-treffort\/\" data-type=\"page\" data-id=\"5\">Campingplatz 2 am Strand<\/a> &gt;<\/p>\n\n\n<p class=\"has-text-align-center has-custom-rouge-color has-text-color has-link-color\" \n    style=\"font-style:normal;font-weight:400;letter-spacing:2px\">Zu Fu\u00df<\/p>\n<\/div>\n\n\n\n<h1 class=\"wp-block-heading has-text-align-center has-custom-rouge-color has-text-color has-link-color has-basteleur-font-family wp-elements-9654b78c091b30b351b3bd7b80682ff2\" id=\"titre-page\" style=\"font-size:clamp(2.629rem, 2.629rem + ((1vw - 0.2rem) * 2.258), 5rem);font-style:normal;font-weight:700;line-height:1.1\">Wanderungen ab dem Campingplatz<\/h1>\n<\/div>\n\n<div style=\"height:100px\" aria-hidden=\"true\" class=\"wp-block-spacer gt-hide-mobile\"><\/div>\n\n<div id=\"gt_1-cta-svg_001\" class=\"wp-block-group has-global-padding is-layout-constrained wp-block-group-is-layout-constrained\">\n<div class=\"wp-block-columns are-vertically-aligned-center is-layout-flex wp-container-core-columns-is-layout-9b24e0e0 wp-block-columns-is-layout-flex\">\n<div class=\"wp-block-column is-vertically-aligned-center animated slideInUp is-layout-flow wp-block-column-is-layout-flow\" id=\"content\">\n<h2 class=\"wp-block-heading has-custom-rouge-color has-text-color has-link-color wp-elements-1349eedc14de36eda7a9c003cd03c231\">Wanderungen am Lac de Monteynard<\/h2>\n\n\n\n<p>F\u00fcr eine au\u00dfergew\u00f6hnliche Wanderung begeben Sie sich zum Lac de Monteynard in der N\u00e4he des <a href=\"https:\/\/www.camping2laplage.com\/de\/campingplatz-treffort\/\" data-type=\"page\" data-id=\"5\">Campingplatzes in Is\u00e8re<\/a>. F\u00fcr Wanderer, die auf der Suche nach neuen Erfahrungen sind, ist die <strong>Tour um den Lac<\/strong> de Monteynard DIE Wanderung, die Sie nicht verpassen sollten.  <\/p>\n\n\n    <div id=\"gt-fse-lire-plus-69f0d18d4a4b3\" class=\"gt-fse-lire-plus\" data-min-height=\"130\" style=\"background-color: #fff;\">\n        <input id=\"gt-fse-lire-plus-69f0d18d4a4b3-toggle\" type=\"checkbox\" class=\"gt-fse-lire-plus__toggle\" \/>\n        <label for=\"gt-fse-lire-plus-69f0d18d4a4b3-toggle\" class=\"gt-fse-lire-plus__toggle-label\">\n            <span>Mehr lesen<\/span>\n            <span>Weniger lesen<\/span>\n        <\/label>\n        <div class=\"gt-fse-lire-plus__content\" style=\"height: 130px;\">\n            \n\n<p>Auf dem Programm stehen: eine Flusswanderung, die Erkundung von Waldwegen und Pfaden und&#8230; <strong>Luft\u00fcberquerungen<\/strong>! Spa\u00df und Nervenkitzel sind garantiert und begeistern Gro\u00df und Klein. Sind Sie bereit f\u00fcr das Abenteuer?  <\/p>\n\n\n\n<p>Wanderung um den Lac de Monteynard: ein ganz besonderes Erlebnis. F\u00fcr die meisten von uns bedeutet Wandern, sich auf den Weg zu machen und zu laufen, laufen, laufen! Es gibt jedoch auch andere Arten von Wanderungen, bei denen verschiedene Aktivit\u00e4ten kombiniert werden.   <\/p>\n\n\n\n<p>Genau das bietet die <strong>Wanderung \u00fcber die Stege<\/strong> des Lac de Monteynard. Eine <strong>etwa 13 Kilometer lange Rundwanderung, die in 5 Stunden<\/strong> zur\u00fcckgelegt werden kann und bei der sich Bootsfahrten, Wanderungen und spektakul\u00e4re \u00dcberquerungen \u00fcber gigantische <a href=\"https:\/\/www.camping2laplage.com\/de\/aktivitaeten-in-der-umgebung-trefort\/\" data-type=\"page\" data-id=\"18\">Himalaya-Stege<\/a> in 45 bis 80 Metern H\u00f6he abwechseln. <\/p>\n\n            <div class=\"gt-fse-lire-plus__gradient\" style=\"background: linear-gradient(to bottom,rgba(255,255,255,0) 0%,rgba(255,255,255,1) 100%);\"><\/div>\n        <\/div>\n    <\/div>\n    <\/div>\n\n\n\n<div class=\"wp-block-column is-vertically-aligned-center is-layout-flow wp-block-column-is-layout-flow\" id=\"image\">\n<div data-swiper=\"{&quot;speed&quot;:400,&quot;spaceBetween&quot;:16,&quot;slidesPerView&quot;:3,&quot;createElements&quot;:true,&quot;loop&quot;:true,&quot;freemode&quot;:true,&quot;navigation&quot;:{&quot;nextEl&quot;:&quot;buttonNext&quot;,&quot;prevEl&quot;:&quot;buttonPrev&quot;},&quot;breakpoints&quot;:[{&quot;slidesPerView&quot;:1}]}\" class=\"wp-block-group gt-is-slider gt-is-slider-desktop has-global-padding is-layout-constrained wp-block-group-is-layout-constrained\">\n<figure class=\"wp-block-image size-full has-custom-border\"><img decoding=\"async\" width=\"865\" height=\"577\" src=\"https:\/\/www.camping2laplage.com\/wp-content\/uploads\/2025\/08\/passerelle-lac-de-monteynard.webp\" alt=\"Br&#xFC;cke &#xFC;ber den Monteynard-See\" class=\"wp-image-1840\" style=\"border-radius:25px\" srcset=\"https:\/\/www.camping2laplage.com\/wp-content\/uploads\/2025\/08\/passerelle-lac-de-monteynard.webp 865w, https:\/\/www.camping2laplage.com\/wp-content\/uploads\/2025\/08\/passerelle-lac-de-monteynard-300x200.webp 300w, https:\/\/www.camping2laplage.com\/wp-content\/uploads\/2025\/08\/passerelle-lac-de-monteynard-768x512.webp 768w\" sizes=\"(max-width: 865px) 100vw, 865px\" \/><\/figure>\n\n\n\n<figure class=\"wp-block-image size-full has-custom-border\"><img decoding=\"async\" width=\"825\" height=\"550\" src=\"https:\/\/www.camping2laplage.com\/wp-content\/uploads\/2025\/08\/Design-sans-titre-5.png\" alt=\"Wanderung um den Monteynard-See\" class=\"wp-image-1850\" style=\"border-radius:25px\" srcset=\"https:\/\/www.camping2laplage.com\/wp-content\/uploads\/2025\/08\/Design-sans-titre-5.png 825w, https:\/\/www.camping2laplage.com\/wp-content\/uploads\/2025\/08\/Design-sans-titre-5-300x200.png 300w, https:\/\/www.camping2laplage.com\/wp-content\/uploads\/2025\/08\/Design-sans-titre-5-768x512.png 768w\" sizes=\"(max-width: 825px) 100vw, 825px\" \/><\/figure>\n<\/div>\n<\/div>\n<\/div>\n<\/div>\n\n<div style=\"height:100px\" aria-hidden=\"true\" class=\"wp-block-spacer gt-hide-mobile\"><\/div>\n\n<div id=\"gt_3-ctafull_001\" class=\"wp-block-group has-global-padding is-layout-constrained wp-container-core-group-is-layout-12243e0f wp-block-group-is-layout-constrained\">\n<div id=\"slider-images\" class=\"wp-block-group has-global-padding is-layout-constrained wp-container-core-group-is-layout-e555385e wp-block-group-is-layout-constrained\">\n<div data-swiper=\"{&quot;speed&quot;:1000,&quot;autoplay&quot;:{&quot;delay&quot;:5000,&quot;disableOnInteraction&quot;:false},&quot;spaceBetween&quot;:0,&quot;slidesPerView&quot;:1,&quot;pagination&quot;:{&quot;el&quot;:&quot;.swiper-pagination&quot;,&quot;dynamicBullets&quot;:true,&quot;clickable&quot;:true,&quot;type&quot;:&quot;bullets&quot;},&quot;navigation&quot;:{&quot;nextEl&quot;:&quot;.swiper-button-next&quot;,&quot;prevEl&quot;:&quot;.swiper-button-prev&quot;},&quot;breakpoints&quot;:[{&quot;slidesPerView&quot;:1}]}\" class=\"wp-block-cover\"><img decoding=\"async\" width=\"1024\" height=\"512\" class=\"wp-block-cover__image-background wp-image-1812 size-large\" alt=\"camping dans le vercors\" src=\"https:\/\/www.camping2laplage.com\/wp-content\/uploads\/2025\/08\/camping-dans-le-vercors-1-1024x512.webp\" data-object-fit=\"cover\" srcset=\"https:\/\/www.camping2laplage.com\/wp-content\/uploads\/2025\/08\/camping-dans-le-vercors-1-1024x512.webp 1024w, https:\/\/www.camping2laplage.com\/wp-content\/uploads\/2025\/08\/camping-dans-le-vercors-1-300x150.webp 300w, https:\/\/www.camping2laplage.com\/wp-content\/uploads\/2025\/08\/camping-dans-le-vercors-1-768x384.webp 768w, https:\/\/www.camping2laplage.com\/wp-content\/uploads\/2025\/08\/camping-dans-le-vercors-1-1536x768.webp 1536w, https:\/\/www.camping2laplage.com\/wp-content\/uploads\/2025\/08\/camping-dans-le-vercors-1.webp 1920w\" sizes=\"(max-width: 1024px) 100vw, 1024px\" \/><span aria-hidden=\"true\" class=\"wp-block-cover__background has-background-dim\"><\/span><div class=\"wp-block-cover__inner-container has-global-padding is-layout-constrained wp-block-cover-is-layout-constrained\">\n<p class=\"has-text-align-center has-large-font-size\"><\/p>\n<\/div><\/div>\n<\/div>\n\n\n\n<div class=\"wp-block-columns has-custom-rouge-background-color has-background is-layout-flex wp-container-core-columns-is-layout-32f5ffe2 wp-block-columns-is-layout-flex\" id=\"content\" style=\"padding-top:6em;padding-right:8em;padding-bottom:6em;padding-left:8em\">\n<div class=\"wp-block-column col-content is-layout-flow wp-block-column-is-layout-flow\" style=\"flex-basis:100%\">\n<h2 class=\"wp-block-heading has-base-2-color has-text-color has-link-color wp-elements-da1a9227f16c98308f68fbe95f87b2ca\">Eine ungew\u00f6hnliche, gut ausgeschilderte Route voller Eindr\u00fccke!<\/h2>\n\n\n\n<p class=\"has-base-2-color has-text-color has-link-color wp-elements-8bf0fd32175f60cdcefe3aaa60b14dd9\">Das Abenteuer beginnt gem\u00e4chlich mit einer f\u00fcnfzehnmin\u00fctigen <strong>Bootsfahrt <\/strong>auf dem Drac. Die Umgebung ist wild, das t\u00fcrkisfarbene Wasser des Sees und das leuchtende Gr\u00fcn des Waldes wetteifern um die Sch\u00f6nheit. Auf der anderen Seite beginnt die Wanderroute mit einer Stra\u00dfe, die am See entlangf\u00fchrt und dann in den Wald hineinf\u00fchrt. Der Weg ist leicht zu begehen und bietet atemberaubende Ausblicke. Hinter einer Kurve erscheint die spektakul\u00e4re <strong>Drac-Br\u00fccke<\/strong>, die 220 Meter lang ist und in schwindelerregender H\u00f6he h\u00e4ngt.     <\/p>\n<\/div>\n<\/div>\n<\/div>\n\n<div style=\"height:100px\" aria-hidden=\"true\" class=\"wp-block-spacer gt-hide-mobile\"><\/div>\n\n<div id=\"gt_1-cta-svg_001\" class=\"wp-block-group has-global-padding is-layout-constrained wp-block-group-is-layout-constrained\">\n<div class=\"wp-block-columns are-vertically-aligned-center is-layout-flex wp-container-core-columns-is-layout-9b24e0e0 wp-block-columns-is-layout-flex\">\n<div class=\"wp-block-column is-vertically-aligned-center is-layout-flow wp-block-column-is-layout-flow\" id=\"image\">\n<div data-swiper=\"{&quot;speed&quot;:400,&quot;spaceBetween&quot;:16,&quot;slidesPerView&quot;:3,&quot;createElements&quot;:true,&quot;loop&quot;:true,&quot;freemode&quot;:true,&quot;navigation&quot;:{&quot;nextEl&quot;:&quot;buttonNext&quot;,&quot;prevEl&quot;:&quot;buttonPrev&quot;},&quot;breakpoints&quot;:[{&quot;slidesPerView&quot;:1}]}\" class=\"wp-block-group gt-is-slider gt-is-slider-desktop has-global-padding is-layout-constrained wp-block-group-is-layout-constrained\">\n<figure class=\"wp-block-image size-large has-custom-border\"><img decoding=\"async\" width=\"1024\" height=\"761\" src=\"https:\/\/www.camping2laplage.com\/wp-content\/uploads\/2025\/08\/randonnee-autour-du-lac-de-monteynard-1024x761.png\" alt=\"Wanderung um den Monteynard-See\" class=\"wp-image-1872\" style=\"border-radius:25px\" srcset=\"https:\/\/www.camping2laplage.com\/wp-content\/uploads\/2025\/08\/randonnee-autour-du-lac-de-monteynard-1024x761.png 1024w, https:\/\/www.camping2laplage.com\/wp-content\/uploads\/2025\/08\/randonnee-autour-du-lac-de-monteynard-300x223.png 300w, https:\/\/www.camping2laplage.com\/wp-content\/uploads\/2025\/08\/randonnee-autour-du-lac-de-monteynard-768x571.png 768w, https:\/\/www.camping2laplage.com\/wp-content\/uploads\/2025\/08\/randonnee-autour-du-lac-de-monteynard.png 1184w\" sizes=\"(max-width: 1024px) 100vw, 1024px\" \/><\/figure>\n\n\n\n<figure class=\"wp-block-image size-large has-custom-border\"><img decoding=\"async\" width=\"1024\" height=\"683\" src=\"https:\/\/www.camping2laplage.com\/wp-content\/uploads\/2025\/08\/montagne-chien-isere-1024x683.jpg\" alt=\"hundeberg isere\" class=\"wp-image-1535\" style=\"border-radius:25px\" srcset=\"https:\/\/www.camping2laplage.com\/wp-content\/uploads\/2025\/08\/montagne-chien-isere-1024x683.jpg 1024w, https:\/\/www.camping2laplage.com\/wp-content\/uploads\/2025\/08\/montagne-chien-isere-300x200.jpg 300w, https:\/\/www.camping2laplage.com\/wp-content\/uploads\/2025\/08\/montagne-chien-isere-768x512.jpg 768w, https:\/\/www.camping2laplage.com\/wp-content\/uploads\/2025\/08\/montagne-chien-isere.jpg 1199w\" sizes=\"(max-width: 1024px) 100vw, 1024px\" \/><\/figure>\n<\/div>\n<\/div>\n\n\n\n<div class=\"wp-block-column is-vertically-aligned-center animated slideInUp is-layout-flow wp-block-column-is-layout-flow\" id=\"content\">\n<p>Die Reise nimmt nun eine neue Wendung, da man diese Metallbr\u00fccke \u00fcberqueren muss, um weiterzugehen. Und das ist erst der Anfang!  <\/p>\n\n\n\n<p>Ein paar Kilometer weiter erwartet die Wanderer eine zweite Konstruktion, die 180 Meter lange <strong>Ebron-Br\u00fccke<\/strong>. <\/p>\n\n\n\n<p>Aber keine Sorge, nach diesen <strong>beiden sensationellen<\/strong> \u00dcberquerungen geht die Wanderung auf einem sch\u00f6nen Waldweg weiter, ideal, um sich von all den Emotionen zu erholen!<\/p>\n<\/div>\n<\/div>\n<\/div>\n\n<div style=\"height:100px\" aria-hidden=\"true\" class=\"wp-block-spacer gt-hide-mobile\"><\/div>\n\n<div class=\"wp-block-group content-alone has-global-padding is-layout-constrained wp-container-core-group-is-layout-146f470a wp-block-group-is-layout-constrained\" style=\"padding-right:10em;padding-left:10em\">\n<h2 class=\"wp-block-heading has-custom-rouge-color has-text-color has-link-color wp-elements-b70686ff1b0754e0eca9aaca0e091b32\">Und nat\u00fcrlich alle Routen der Region<\/h2>\n\n\n\n<p>Das Tri\u00e8ves-Gebirge bietet eine Vielzahl an <strong>Wanderwegen<\/strong>, die Sie mit Freunden oder der Familie entdecken k\u00f6nnen.<br\/>Entdecken Sie den Mont Aiguille, den Grand Vermont, die Aussichtspunkte am See und die Umgebung von Mens. Wandern Sie auf den Wegen und Weiden rund um Gresse-en-Vercors und verlieben Sie sich in das Tri\u00e8ves-Gebirge. <br\/><a href=\"https:\/\/www.trieves-vercors.fr\/en\/hikes\/\" target=\"_blank\" rel=\"noreferrer noopener nofollow\">Entdecken Sie die Wanderwege<\/a> rund um den Campingplatz.<br\/>Alle Wanderf\u00fchrer finden Sie auf der<a href=\"https:\/\/www.trieves-vercors.fr\/en\/accueil-english\/\" target=\"_blank\" rel=\"noreferrer noopener nofollow\"> Website des Fremdenverkehrsamtes<\/a> und an der <a href=\"https:\/\/www.camping2laplage.com\/de\/campingplatz-services-treffort\/\" data-type=\"page\" data-id=\"7\">Rezeption des Campingplatzes<\/a>.<\/p>\n<\/div>\n\n<section class=\"wp-block-group alignfull bloc-maillage has-global-padding is-layout-constrained wp-container-core-group-is-layout-6131d34a wp-block-group-is-layout-constrained\" style=\"margin-top:0px;margin-bottom:0px;padding-top:10rem;padding-right:0;padding-bottom:10rem;padding-left:0rem\">\n<p class=\"has-text-align-center has-custom-rouge-color has-text-color has-link-color has-basteleur-font-family wp-elements-088d06e8262be72cdce378d330246c48\" style=\"font-size:clamp(2.2rem, 2.2rem + ((1vw - 0.2rem) * 1.714), 4rem);\">Entdecken Sie<\/p>\n\n\n\n<p class=\"has-text-align-center has-custom-rouge-color has-text-color has-link-color has-basteleur-font-family wp-elements-9843cdc8ee20d5dcd952b25b8ee643c5\" style=\"font-size:clamp(1.25rem, 1.25rem + ((1vw - 0.2rem) * 0.714), 2rem);\">die Aktivit\u00e4ten, die Sie mit Ihrer Familie auf dem Wasser oder in der Luft unternehmen k\u00f6nnen.<\/p>\n\n\n\n<div class=\"wp-block-group maillage is-layout-flow wp-block-group-is-layout-flow\">\n<div class=\"wp-block-query alignfull is-layout-flow wp-block-query-is-layout-flow\"><ul class=\"columns-3 wp-block-post-template is-layout-grid wp-container-core-post-template-is-layout-572542b5 wp-block-post-template-is-layout-grid\"><li class=\"wp-block-post post-3194 page type-page status-publish has-post-thumbnail hentry\">\n\n<div class=\"wp-block-group overflow-hidden gt-maillage has-global-padding is-layout-constrained wp-block-group-is-layout-constrained\">\n<figure class=\"wp-block-image gt-maillage__image\"><img decoding=\"async\" src=\"https:\/\/www.camping2laplage.com\/wp-content\/uploads\/2025\/08\/camping-familiale-dans-le-vercors.webp\" alt=\"Mit der Familie\" style=\"aspect-ratio:3\/4;object-fit:cover\"\/><\/figure>\n\n\n\n<p class=\"has-text-align-right gt-maillage__title gt-btn-arrow has-base-2-color has-text-color has-link-color has-basteleur-font-family wp-elements-5851ac654ece7c734572285f86f288d5\" style=\"border-right-style:none;border-right-width:0px;border-bottom-style:none;border-bottom-width:0px;padding-right:1rem;font-size:clamp(1.743rem, 1.743rem + ((1vw - 0.2rem) * 1.197), 3rem);font-style:normal;font-weight:300;text-transform:none\">Mit der Familie<\/p>\n\n\n<a class=\"is-style-lien-cover wp-block-read-more\" href=\"https:\/\/www.camping2laplage.com\/de\/family-camping-alps\/\" target=\"_self\">Weiterlesen<span class=\"screen-reader-text\">: Mit der Familie<\/span><\/a><\/div>\n\n<\/li><li class=\"wp-block-post post-3204 page type-page status-publish has-post-thumbnail hentry\">\n\n<div class=\"wp-block-group overflow-hidden gt-maillage has-global-padding is-layout-constrained wp-block-group-is-layout-constrained\">\n<figure class=\"wp-block-image gt-maillage__image\"><img decoding=\"async\" src=\"https:\/\/www.camping2laplage.com\/wp-content\/uploads\/2025\/08\/lac-alpes-e1755781225765.jpg\" alt=\"In der Luft: Laufstege\" style=\"aspect-ratio:3\/4;object-fit:cover\"\/><\/figure>\n\n\n\n<p class=\"has-text-align-right gt-maillage__title gt-btn-arrow has-base-2-color has-text-color has-link-color has-basteleur-font-family wp-elements-5851ac654ece7c734572285f86f288d5\" style=\"border-right-style:none;border-right-width:0px;border-bottom-style:none;border-bottom-width:0px;padding-right:1rem;font-size:clamp(1.743rem, 1.743rem + ((1vw - 0.2rem) * 1.197), 3rem);font-style:normal;font-weight:300;text-transform:none\">In der Luft: Laufstege<\/p>\n\n\n<a class=\"is-style-lien-cover wp-block-read-more\" href=\"https:\/\/www.camping2laplage.com\/de\/aktivitaeten-in-der-umgebung-trefort\/\" target=\"_self\">Weiterlesen<span class=\"screen-reader-text\">: In der Luft: Laufstege<\/span><\/a><\/div>\n\n<\/li><li class=\"wp-block-post post-3231 page type-page status-publish has-post-thumbnail hentry\">\n\n<div class=\"wp-block-group overflow-hidden gt-maillage has-global-padding is-layout-constrained wp-block-group-is-layout-constrained\">\n<figure class=\"wp-block-image gt-maillage__image\"><img decoding=\"async\" src=\"https:\/\/www.camping2laplage.com\/wp-content\/uploads\/2025\/08\/camping-dans-le-vercors-1.webp\" alt=\"Auf dem Wasser\" style=\"aspect-ratio:3\/4;object-fit:cover\"\/><\/figure>\n\n\n\n<p class=\"has-text-align-right gt-maillage__title gt-btn-arrow has-base-2-color has-text-color has-link-color has-basteleur-font-family wp-elements-5851ac654ece7c734572285f86f288d5\" style=\"border-right-style:none;border-right-width:0px;border-bottom-style:none;border-bottom-width:0px;padding-right:1rem;font-size:clamp(1.743rem, 1.743rem + ((1vw - 0.2rem) * 1.197), 3rem);font-style:normal;font-weight:300;text-transform:none\">Auf dem Wasser<\/p>\n\n\n<a class=\"is-style-lien-cover wp-block-read-more\" href=\"https:\/\/www.camping2laplage.com\/de\/aktivitaten-kitesurfen-lac-monteynard\/\" target=\"_self\">Weiterlesen<span class=\"screen-reader-text\">: Auf dem Wasser<\/span><\/a><\/div>\n\n<\/li><\/ul><\/div>\n<\/div>\n<\/section>\n","protected":false},"excerpt":{"rendered":"<p>Campingplatz 2 am Strand &gt; Wanderungen ab dem Campingplatz Wanderungen am Lac de Monteynard F\u00fcr eine au\u00dfergew\u00f6hnliche Wanderung begeben Sie sich zum Lac de Monteynard in der N\u00e4he des Campingplatzes in Is\u00e8re. F\u00fcr Wanderer, die auf der Suche nach neuen Erfahrungen sind, ist die Tour um den Lac de Monteynard DIE Wanderung, die Sie nicht [&hellip;]<\/p>\n","protected":false},"author":1,"featured_media":1871,"parent":0,"menu_order":0,"comment_status":"closed","ping_status":"closed","template":"","meta":{"_acf_changed":false,"_seopress_robots_primary_cat":"","_seopress_titles_title":"Entdecken Sie die verschiedenen Wanderungen in Is\u00e8re vom Campingplatz aus","_seopress_titles_desc":"","_seopress_robots_index":"","_gt_ctv_global_id":"","_gt_ctv_id_group":false,"inline_featured_image":false,"gt_fse_maillage_image":"https:\/\/www.camping2laplage.com\/wp-content\/uploads\/2025\/08\/Design-sans-titre-4.webp","gt_fse_maillage_titre":"Zu Fu\u00df","gt_fse_maillage_alt":"Zu Fu\u00df","gt_fse_maillage_resume":"","footnotes":""},"categories":[],"tags":[],"class_list":["post-3172","page","type-page","status-publish","has-post-thumbnail","hentry"],"acf":[],"_links":{"self":[{"href":"https:\/\/www.camping2laplage.com\/de\/wp-json\/wp\/v2\/pages\/3172","targetHints":{"allow":["GET"]}}],"collection":[{"href":"https:\/\/www.camping2laplage.com\/de\/wp-json\/wp\/v2\/pages"}],"about":[{"href":"https:\/\/www.camping2laplage.com\/de\/wp-json\/wp\/v2\/types\/page"}],"author":[{"embeddable":true,"href":"https:\/\/www.camping2laplage.com\/de\/wp-json\/wp\/v2\/users\/1"}],"replies":[{"embeddable":true,"href":"https:\/\/www.camping2laplage.com\/de\/wp-json\/wp\/v2\/comments?post=3172"}],"version-history":[{"count":4,"href":"https:\/\/www.camping2laplage.com\/de\/wp-json\/wp\/v2\/pages\/3172\/revisions"}],"predecessor-version":[{"id":3318,"href":"https:\/\/www.camping2laplage.com\/de\/wp-json\/wp\/v2\/pages\/3172\/revisions\/3318"}],"wp:featuredmedia":[{"embeddable":true,"href":"https:\/\/www.camping2laplage.com\/de\/wp-json\/wp\/v2\/media\/1871"}],"wp:attachment":[{"href":"https:\/\/www.camping2laplage.com\/de\/wp-json\/wp\/v2\/media?parent=3172"}],"wp:term":[{"taxonomy":"category","embeddable":true,"href":"https:\/\/www.camping2laplage.com\/de\/wp-json\/wp\/v2\/categories?post=3172"},{"taxonomy":"post_tag","embeddable":true,"href":"https:\/\/www.camping2laplage.com\/de\/wp-json\/wp\/v2\/tags?post=3172"}],"curies":[{"name":"wp","href":"https:\/\/api.w.org\/{rel}","templated":true}]}}