{"id":3181,"date":"2025-07-09T13:14:52","date_gmt":"2025-07-09T11:14:52","guid":{"rendered":"https:\/\/www.camping2laplage.com\/campingplatz-fahrrad-isere\/"},"modified":"2025-12-02T08:38:12","modified_gmt":"2025-12-02T07:38:12","slug":"campingplatz-fahrrad-isere","status":"publish","type":"page","link":"https:\/\/www.camping2laplage.com\/de\/campingplatz-fahrrad-isere\/","title":{"rendered":"Mit dem Fahrrad"},"content":{"rendered":"\n<div id=\"titre-fil\" class=\"wp-block-group is-vertical is-content-justification-center is-layout-flex wp-container-core-group-is-layout-3fb1c651 wp-block-group-is-layout-flex\" style=\"padding-right:20%;padding-left:20%\">\n<div class=\"wp-block-group is-horizontal is-layout-flex wp-container-core-group-is-layout-048c9698 wp-block-group-is-layout-flex\">\n<p class=\"has-text-align-center has-custom-rouge-color has-text-color has-link-color wp-elements-251412a27ccec0aa8b9848f73bd4b0f4\" style=\"font-style:normal;font-weight:400;letter-spacing:2px\"><a href=\"https:\/\/www.camping2laplage.com\/de\/campingplatz-treffort\/\" data-type=\"page\" data-id=\"5\">Campingplatz 2 am Strand<\/a> &gt;<\/p>\n\n\n<p class=\"has-text-align-center has-custom-rouge-color has-text-color has-link-color\" \n    style=\"font-style:normal;font-weight:400;letter-spacing:2px\">Mit dem Fahrrad<\/p>\n<\/div>\n\n\n\n<h1 class=\"wp-block-heading has-text-align-center has-custom-rouge-color has-text-color has-link-color has-basteleur-font-family wp-elements-f8c711ab81c87b53be4160c620786812\" id=\"titre-page\" style=\"font-size:clamp(2.629rem, 2.629rem + ((1vw - 0.2rem) * 2.258), 5rem);font-style:normal;font-weight:700;line-height:1.1\">Radfahren in Is\u00e8re: Campingplatz mit dem Label \u201eAccueil V\u00e9lo\u201d (Radfahrer willkommen)<\/h1>\n\n\n\n<div style=\"height:0px\" aria-hidden=\"true\" class=\"wp-block-spacer gt-hide-mobile wp-container-content-6388d5dc\"><\/div>\n<\/div>\n\n<div id=\"gt_1-cta-svg_001\" class=\"wp-block-group has-global-padding is-layout-constrained wp-block-group-is-layout-constrained\">\n<div class=\"wp-block-columns are-vertically-aligned-center is-layout-flex wp-container-core-columns-is-layout-9b24e0e0 wp-block-columns-is-layout-flex\">\n<div class=\"wp-block-column is-vertically-aligned-center animated slideInUp is-layout-flow wp-block-column-is-layout-flow\" id=\"content\">\n<h2 class=\"wp-block-heading has-custom-rouge-color has-text-color has-link-color wp-elements-dcf01a20213a773d160be033122223a1\">Mountainbiken am Lac de Monteynard<\/h2>\n\n\n\n<p><strong>Lac de Monteynard<\/strong>: Auf zum Mountainbike-Vergn\u00fcgen! Der Lac de Monteynard ist der ideale Ort, um Mountainbiken und herrliche Ausblicke in der N\u00e4he des <a href=\"https:\/\/www.camping2laplage.com\/de\/campingplatz-treffort\/\" data-type=\"page\" data-id=\"5\">Campingplatzes in Is\u00e8re<\/a> zu genie\u00dfen. Zwischen Feldwegen, Waldwegen, kleinen Landstra\u00dfen und schwindelerregenden <a href=\"https:\/\/www.camping2laplage.com\/de\/aktivitaeten-in-der-umgebung-trefort\/\" data-type=\"page\" data-id=\"18\">Himalaya-Br\u00fccken<\/a> ist f\u00fcr jeden Geschmack und <strong>jedes Niveau<\/strong> etwas dabei.  <\/p>\n\n\n    <div id=\"gt-fse-lire-plus-69f0dd801b50e\" class=\"gt-fse-lire-plus\" data-min-height=\"130\" style=\"background-color: #fff;\">\n        <input id=\"gt-fse-lire-plus-69f0dd801b50e-toggle\" type=\"checkbox\" class=\"gt-fse-lire-plus__toggle\" \/>\n        <label for=\"gt-fse-lire-plus-69f0dd801b50e-toggle\" class=\"gt-fse-lire-plus__toggle-label\">\n            <span>Mehr lesen<\/span>\n            <span>Weniger lesen<\/span>\n        <\/label>\n        <div class=\"gt-fse-lire-plus__content\" style=\"height: 130px;\">\n            \n\n<p>M\u00f6chten Sie Ihren Urlaub nutzen, um die Umgebung des Sees mit dem Mountainbike in Ihrem eigenen Tempo zu entdecken? Oder einfach nur einen Ausflug in die Natur mit Ihrer Familie machen?  <\/p>\n\n\n\n<p>Am Lac de Monteynard ist das m\u00f6glich! Dank der Vielfalt der Strecken m\u00fcssen Sie kein Radprofi sein, um die 1001 Sch\u00f6nheiten der Umgebung zu entdecken. Ob \u201e<strong>Familienstrecke<\/strong>\u201d am Seeufer oder<strong> \u201eEntdeckungsroute\u201d auf Waldwegen und Pfaden<\/strong> \u2013 Sie haben die Wahl.  <\/p>\n\n\n\n<p>Die weniger Sportlichen k\u00f6nnen sich mit einem E-Mountainbike ausstatten und so den Ausflug genie\u00dfen, ohne sich vor Erm\u00fcdung zu f\u00fcrchten. <a href=\"https:\/\/www.trieves-vercors.fr\/en\/cycling-mountain-biking\/mountain-bike-trails\/\" target=\"_blank\" rel=\"noreferrer noopener nofollow\">37 Mountainbike-Strecken<\/a> mit einer Gesamtl\u00e4nge von 550 km f\u00fcr alle Schwierigkeitsgrade erwarten Sie. Sie haben kein Mountainbike? Kein Problem. <strong>Mieten Sie Ihr E-Mountainbike<\/strong> direkt auf dem Campingplatz. Wenn Sie eher Rennradfahrer sind, <a href=\"https:\/\/www.trieves-vercors.fr\/en\/cycling-mountain-biking\/cycling-circuits\/\" target=\"_blank\" rel=\"noreferrer noopener nofollow\">erwarten Sie 9 Rundstrecken.<\/a>    <\/p>\n\n            <div class=\"gt-fse-lire-plus__gradient\" style=\"background: linear-gradient(to bottom,rgba(255,255,255,0) 0%,rgba(255,255,255,1) 100%);\"><\/div>\n        <\/div>\n    <\/div>\n    <\/div>\n\n\n\n<div class=\"wp-block-column is-vertically-aligned-center is-layout-flow wp-block-column-is-layout-flow\" id=\"image\">\n<div data-swiper=\"{&quot;speed&quot;:400,&quot;spaceBetween&quot;:16,&quot;slidesPerView&quot;:3,&quot;createElements&quot;:true,&quot;loop&quot;:true,&quot;freemode&quot;:true,&quot;navigation&quot;:{&quot;nextEl&quot;:&quot;buttonNext&quot;,&quot;prevEl&quot;:&quot;buttonPrev&quot;},&quot;breakpoints&quot;:[{&quot;slidesPerView&quot;:1}]}\" class=\"wp-block-group gt-is-slider gt-is-slider-desktop has-global-padding is-layout-constrained wp-block-group-is-layout-constrained\">\n<figure class=\"wp-block-image size-full has-custom-border\"><img decoding=\"async\" width=\"865\" height=\"577\" src=\"https:\/\/www.camping2laplage.com\/wp-content\/uploads\/2025\/08\/vtt-autour-du-lac-de-monteynard.webp\" alt=\"Mountainbiken rund um den Lac de Monteynard\" class=\"wp-image-1917\" style=\"border-radius:25px\" srcset=\"https:\/\/www.camping2laplage.com\/wp-content\/uploads\/2025\/08\/vtt-autour-du-lac-de-monteynard.webp 865w, https:\/\/www.camping2laplage.com\/wp-content\/uploads\/2025\/08\/vtt-autour-du-lac-de-monteynard-300x200.webp 300w, https:\/\/www.camping2laplage.com\/wp-content\/uploads\/2025\/08\/vtt-autour-du-lac-de-monteynard-768x512.webp 768w\" sizes=\"(max-width: 865px) 100vw, 865px\" \/><\/figure>\n\n\n\n<figure class=\"wp-block-image size-full has-custom-border\"><img decoding=\"async\" width=\"865\" height=\"577\" src=\"https:\/\/www.camping2laplage.com\/wp-content\/uploads\/2025\/08\/camping-de-la-plage-lac-de-monteynard.webp\" alt=\"Campingplatz am Strand des Lac de Monteynard\" class=\"wp-image-1893\" style=\"border-radius:25px\" srcset=\"https:\/\/www.camping2laplage.com\/wp-content\/uploads\/2025\/08\/camping-de-la-plage-lac-de-monteynard.webp 865w, https:\/\/www.camping2laplage.com\/wp-content\/uploads\/2025\/08\/camping-de-la-plage-lac-de-monteynard-300x200.webp 300w, https:\/\/www.camping2laplage.com\/wp-content\/uploads\/2025\/08\/camping-de-la-plage-lac-de-monteynard-768x512.webp 768w\" sizes=\"(max-width: 865px) 100vw, 865px\" \/><\/figure>\n<\/div>\n<\/div>\n<\/div>\n<\/div>\n\n<div style=\"height:100px\" aria-hidden=\"true\" class=\"wp-block-spacer gt-hide-mobile\"><\/div>\n\n<div id=\"gt_3-ctafull_001\" class=\"wp-block-group has-global-padding is-layout-constrained wp-container-core-group-is-layout-12243e0f wp-block-group-is-layout-constrained\">\n<div id=\"slider-images\" class=\"wp-block-group has-global-padding is-layout-constrained wp-container-core-group-is-layout-e555385e wp-block-group-is-layout-constrained\">\n<div data-swiper=\"{&quot;speed&quot;:1000,&quot;autoplay&quot;:{&quot;delay&quot;:5000,&quot;disableOnInteraction&quot;:false},&quot;spaceBetween&quot;:0,&quot;slidesPerView&quot;:1,&quot;pagination&quot;:{&quot;el&quot;:&quot;.swiper-pagination&quot;,&quot;dynamicBullets&quot;:true,&quot;clickable&quot;:true,&quot;type&quot;:&quot;bullets&quot;},&quot;navigation&quot;:{&quot;nextEl&quot;:&quot;.swiper-button-next&quot;,&quot;prevEl&quot;:&quot;.swiper-button-prev&quot;},&quot;breakpoints&quot;:[{&quot;slidesPerView&quot;:1}]}\" class=\"wp-block-cover\"><img decoding=\"async\" width=\"1024\" height=\"512\" class=\"wp-block-cover__image-background wp-image-1901 size-large\" alt=\"camping de la plage vercors v\u00e9lo\" src=\"https:\/\/www.camping2laplage.com\/wp-content\/uploads\/2025\/08\/camping-de-la-plage-vercors-velo-1024x512.webp\" data-object-fit=\"cover\" srcset=\"https:\/\/www.camping2laplage.com\/wp-content\/uploads\/2025\/08\/camping-de-la-plage-vercors-velo-1024x512.webp 1024w, https:\/\/www.camping2laplage.com\/wp-content\/uploads\/2025\/08\/camping-de-la-plage-vercors-velo-300x150.webp 300w, https:\/\/www.camping2laplage.com\/wp-content\/uploads\/2025\/08\/camping-de-la-plage-vercors-velo-768x384.webp 768w, https:\/\/www.camping2laplage.com\/wp-content\/uploads\/2025\/08\/camping-de-la-plage-vercors-velo-1536x768.webp 1536w, https:\/\/www.camping2laplage.com\/wp-content\/uploads\/2025\/08\/camping-de-la-plage-vercors-velo.webp 1900w\" sizes=\"(max-width: 1024px) 100vw, 1024px\" \/><span aria-hidden=\"true\" class=\"wp-block-cover__background has-background-dim\"><\/span><div class=\"wp-block-cover__inner-container has-global-padding is-layout-constrained wp-block-cover-is-layout-constrained\">\n<p class=\"has-text-align-center has-large-font-size\"><\/p>\n<\/div><\/div>\n<\/div>\n\n\n\n<div class=\"wp-block-columns has-custom-rouge-background-color has-background is-layout-flex wp-container-core-columns-is-layout-32f5ffe2 wp-block-columns-is-layout-flex\" id=\"content\" style=\"padding-top:6em;padding-right:8em;padding-bottom:6em;padding-left:8em\">\n<div class=\"wp-block-column col-content is-layout-flow wp-block-column-is-layout-flow\" style=\"flex-basis:100%\">\n<h2 class=\"wp-block-heading has-base-2-color has-text-color has-link-color wp-elements-6711abb5489d36e823252e586f7af5a0\">Radwege rund um den Campingplatz<\/h2>\n\n\n\n<p class=\"has-base-2-color has-text-color has-link-color wp-elements-e63bd0929c339599ce7b8e07cdae5d1d\">Der See von Monteynard bietet auch <strong>zahlreiche sportliche Routen<\/strong>! Sie sind f\u00fcr erfahrene Mountainbiker gedacht und stillen ihren Durst nach Abenteuer und Herausforderungen. Zwischen Bergpfaden, Abfahrten durch W\u00e4lder, zu \u00fcberquerenden P\u00e4ssen, mehr oder weniger schwierigen Passagen und nicht zu vergessen den \u00dcberquerungen der Himalaya-Br\u00fccken von Drac und Ebron (in 45 bis 80 Metern H\u00f6he) kommt jeder auf seine Kosten und erlebt Spa\u00df, Emotionen und Nervenkitzel. Begeisterte Wanderer werden diese Routen zu sch\u00e4tzen wissen, auf denen man \u00fcber sich hinauswachsen muss, um die herrlichen Panoramablicke auf den See und die umliegenden Gipfel zu genie\u00dfen.  <\/p>\n<\/div>\n<\/div>\n<\/div>\n\n<div style=\"height:100px\" aria-hidden=\"true\" class=\"wp-block-spacer gt-hide-mobile\"><\/div>\n\n<div id=\"gt_1-cta-svg_001\" class=\"wp-block-group has-global-padding is-layout-constrained wp-block-group-is-layout-constrained\">\n<div class=\"wp-block-columns are-vertically-aligned-center is-layout-flex wp-container-core-columns-is-layout-9b24e0e0 wp-block-columns-is-layout-flex\">\n<div class=\"wp-block-column is-vertically-aligned-center is-layout-flow wp-block-column-is-layout-flow\" id=\"image\">\n<div data-swiper=\"{&quot;speed&quot;:400,&quot;spaceBetween&quot;:16,&quot;slidesPerView&quot;:3,&quot;createElements&quot;:true,&quot;loop&quot;:true,&quot;freemode&quot;:true,&quot;navigation&quot;:{&quot;nextEl&quot;:&quot;buttonNext&quot;,&quot;prevEl&quot;:&quot;buttonPrev&quot;},&quot;breakpoints&quot;:[{&quot;slidesPerView&quot;:1}]}\" class=\"wp-block-group gt-is-slider gt-is-slider-desktop has-global-padding is-layout-constrained wp-block-group-is-layout-constrained\">\n<figure class=\"wp-block-image size-full has-custom-border\"><img decoding=\"async\" width=\"865\" height=\"577\" src=\"https:\/\/www.camping2laplage.com\/wp-content\/uploads\/2025\/08\/camping-de-la-plage-reparation-velo.webp\" alt=\"Campingplatz am Strand Fahrradreparatur\" class=\"wp-image-1897\" style=\"border-radius:25px\" srcset=\"https:\/\/www.camping2laplage.com\/wp-content\/uploads\/2025\/08\/camping-de-la-plage-reparation-velo.webp 865w, https:\/\/www.camping2laplage.com\/wp-content\/uploads\/2025\/08\/camping-de-la-plage-reparation-velo-300x200.webp 300w, https:\/\/www.camping2laplage.com\/wp-content\/uploads\/2025\/08\/camping-de-la-plage-reparation-velo-768x512.webp 768w\" sizes=\"(max-width: 865px) 100vw, 865px\" \/><\/figure>\n\n\n\n<figure class=\"wp-block-image size-full has-custom-border\"><img decoding=\"async\" width=\"865\" height=\"577\" src=\"https:\/\/www.camping2laplage.com\/wp-content\/uploads\/2025\/08\/randonnee-vtt-camping-de-la-plage.webp\" alt=\"Mountainbike-Tour Campingplatz am Strand\" class=\"wp-image-1913\" style=\"border-radius:25px\" srcset=\"https:\/\/www.camping2laplage.com\/wp-content\/uploads\/2025\/08\/randonnee-vtt-camping-de-la-plage.webp 865w, https:\/\/www.camping2laplage.com\/wp-content\/uploads\/2025\/08\/randonnee-vtt-camping-de-la-plage-300x200.webp 300w, https:\/\/www.camping2laplage.com\/wp-content\/uploads\/2025\/08\/randonnee-vtt-camping-de-la-plage-768x512.webp 768w\" sizes=\"(max-width: 865px) 100vw, 865px\" \/><\/figure>\n<\/div>\n<\/div>\n\n\n\n<div class=\"wp-block-column is-vertically-aligned-center animated slideInUp is-layout-flow wp-block-column-is-layout-flow\" id=\"content\">\n<h2 class=\"wp-block-heading has-custom-rouge-color has-text-color has-link-color wp-elements-c4998f9b5f9c74e41b3d92d1e64fa12d\">Camping Accueil V\u00e9lo in Is\u00e8re<\/h2>\n\n\n\n<p>Der Campingplatz 2 La Plage wurde mit dem<strong> Label \u201eCamping<\/strong> <strong>Accueil <\/strong><strong>V\u00e9lo<\/strong>\u201d ausgezeichnet und bietet Ihnen:<\/p>\n\n\n\n<ul class=\"wp-block-list\">\n<li>einen sicheren Raum zur Aufbewahrung Ihres Fahrrads<\/li>\n\n\n\n<li>Werkzeuge f\u00fcr kleine Reparaturen<\/li>\n\n\n\n<li>Reinigungsutensilien f\u00fcr Ihr Fahrrad nach Ihren Ausfl\u00fcgen<\/li>\n\n\n\n<li>Verkauf von Reparatursets<\/li>\n\n\n\n<li>Karten und Tipps zur Planung Ihrer Ausfl\u00fcge &#8230;<\/li>\n<\/ul>\n<\/div>\n<\/div>\n<\/div>\n\n<div style=\"height:100px\" aria-hidden=\"true\" class=\"wp-block-spacer gt-hide-mobile\"><\/div>\n\n<div class=\"wp-block-group content-alone has-global-padding is-layout-constrained wp-container-core-group-is-layout-146f470a wp-block-group-is-layout-constrained\" style=\"padding-right:10em;padding-left:10em\">\n<div class=\"wp-block-columns is-layout-flex wp-container-core-columns-is-layout-65e523f9 wp-block-columns-is-layout-flex\">\n<div class=\"wp-block-column is-layout-flow wp-block-column-is-layout-flow\" style=\"flex-basis:50%\">\n<h3 class=\"wp-block-heading has-custom-rouge-color has-text-color has-link-color wp-elements-77c56e357a500839007a3e05ed2cdf71\">F\u00fcr Ihre Reparaturen<\/h3>\n\n\n\n<ul class=\"wp-block-list\">\n<li>Verkauf von Kleinmaterial an der Rezeption des Campingplatzes<\/li>\n\n\n\n<li><strong><em>Two Wheels \u2013 <\/em><\/strong>Mountainbike-Werkstatt und -Gesch\u00e4ft in Monestier de Clermont \u2022 204 Grand Rue, All\u00e9e des Tuileries, 2 All\u00e9e des Tuileries, 38650 Monestier-de-Clermont \u2013 +33 4 76 34 44 78.<\/li>\n<\/ul>\n<\/div>\n\n\n\n<div class=\"wp-block-column is-layout-flow wp-block-column-is-layout-flow\" style=\"flex-basis:50%\">\n<h3 class=\"wp-block-heading has-custom-rouge-color has-text-color has-link-color wp-elements-70046296a25c9a11fd774d8011f28b8d\">F\u00fcr Ihren Transport (Taxi)<\/h3>\n\n\n\n<ul class=\"wp-block-list\">\n<li><strong>Allo Steph\u2019<\/strong> <strong><em>\u2013 <\/em><\/strong>38650 Monestier-de-Clermont \u2022 +33 6 85 65 14 41<\/li>\n\n\n\n<li><strong>Taxi Bouzac<em>\u2013 <\/em><\/strong>38650 Gresse-en-Vercors \u2022 +33 6 85 69 10 20<\/li>\n<\/ul>\n<\/div>\n<\/div>\n<\/div>\n\n<div style=\"height:100px\" aria-hidden=\"true\" class=\"wp-block-spacer gt-hide-mobile\"><\/div>\n\n<div id=\"gt_3-ctafull_001\" class=\"wp-block-group has-global-padding is-layout-constrained wp-container-core-group-is-layout-12243e0f wp-block-group-is-layout-constrained\">\n<div id=\"slider-images\" class=\"wp-block-group has-global-padding is-layout-constrained wp-container-core-group-is-layout-e555385e wp-block-group-is-layout-constrained\">\n<div data-swiper=\"{&quot;speed&quot;:1000,&quot;autoplay&quot;:{&quot;delay&quot;:5000,&quot;disableOnInteraction&quot;:false},&quot;spaceBetween&quot;:0,&quot;slidesPerView&quot;:1,&quot;pagination&quot;:{&quot;el&quot;:&quot;.swiper-pagination&quot;,&quot;dynamicBullets&quot;:true,&quot;clickable&quot;:true,&quot;type&quot;:&quot;bullets&quot;},&quot;navigation&quot;:{&quot;nextEl&quot;:&quot;.swiper-button-next&quot;,&quot;prevEl&quot;:&quot;.swiper-button-prev&quot;},&quot;breakpoints&quot;:[{&quot;slidesPerView&quot;:1}]}\" class=\"wp-block-cover\"><img decoding=\"async\" width=\"1024\" height=\"512\" class=\"wp-block-cover__image-background wp-image-1909 size-large\" alt=\"camping velo vercors\" src=\"https:\/\/www.camping2laplage.com\/wp-content\/uploads\/2025\/08\/camping-velo-vercors-1024x512.webp\" data-object-fit=\"cover\" srcset=\"https:\/\/www.camping2laplage.com\/wp-content\/uploads\/2025\/08\/camping-velo-vercors-1024x512.webp 1024w, https:\/\/www.camping2laplage.com\/wp-content\/uploads\/2025\/08\/camping-velo-vercors-300x150.webp 300w, https:\/\/www.camping2laplage.com\/wp-content\/uploads\/2025\/08\/camping-velo-vercors-768x384.webp 768w, https:\/\/www.camping2laplage.com\/wp-content\/uploads\/2025\/08\/camping-velo-vercors-1536x768.webp 1536w, https:\/\/www.camping2laplage.com\/wp-content\/uploads\/2025\/08\/camping-velo-vercors.webp 1900w\" sizes=\"(max-width: 1024px) 100vw, 1024px\" \/><span aria-hidden=\"true\" class=\"wp-block-cover__background has-background-dim\"><\/span><div class=\"wp-block-cover__inner-container has-global-padding is-layout-constrained wp-block-cover-is-layout-constrained\">\n<p class=\"has-text-align-center has-large-font-size\"><\/p>\n<\/div><\/div>\n<\/div>\n\n\n\n<div class=\"wp-block-columns has-custom-rouge-background-color has-background is-layout-flex wp-container-core-columns-is-layout-32f5ffe2 wp-block-columns-is-layout-flex\" id=\"content\" style=\"padding-top:6em;padding-right:8em;padding-bottom:6em;padding-left:8em\">\n<div class=\"wp-block-column col-content is-layout-flow wp-block-column-is-layout-flow\" style=\"flex-basis:100%\">\n<h2 class=\"wp-block-heading has-base-2-color has-text-color has-link-color wp-elements-93aadaed47745a5009c5e5b8d451914d\">Radtourismus in den Alpen, im Vercors und im Tri\u00e8ves<\/h2>\n\n\n\n<p class=\"has-base-2-color has-text-color has-link-color wp-elements-0ca96225b03ded08ecf816f83a355a76\">Die Is\u00e8re und die Alpen sind ein Muss f\u00fcr passionierte Radtouristen. Der Tri\u00e8ves und seine Umgebung werden zu Ihrem Spielplatz:  <\/p>\n\n\n\n<ul class=\"wp-block-list has-base-2-color has-text-color has-link-color wp-elements-48962838098a4888ea75a5579e32a3ab\">\n<li><strong>Die Balkone von Belledonne<\/strong> <\/li>\n\n\n\n<li><strong>Der Aufstieg nach Chamrousse<\/strong> <\/li>\n\n\n\n<li><strong>Die Vier-Seen-Route<\/strong> <\/li>\n\n\n\n<li><strong>Les Alpes d&#8217;Huez<\/strong> <\/li>\n<\/ul>\n\n\n\n<p class=\"has-base-2-color has-text-color has-link-color wp-elements-86ed230495b4d4bb483299a15a8848eb\">Und viele andere. Alle Routen finden Sie auf der <a href=\"https:\/\/www.alpes-isere.com\/en\/\" target=\"_blank\" rel=\"noreferrer noopener nofollow\">Website Alpes Is\u00e8re<\/a>. <\/p>\n<\/div>\n<\/div>\n<\/div>\n\n<div style=\"height:100px\" aria-hidden=\"true\" class=\"wp-block-spacer gt-hide-mobile\"><\/div>\n\n<section class=\"wp-block-group alignfull bloc-maillage has-global-padding is-layout-constrained wp-container-core-group-is-layout-6131d34a wp-block-group-is-layout-constrained\" style=\"margin-top:0px;margin-bottom:0px;padding-top:10rem;padding-right:0;padding-bottom:10rem;padding-left:0rem\">\n<p class=\"has-text-align-center has-custom-rouge-color has-text-color has-link-color has-basteleur-font-family wp-elements-088d06e8262be72cdce378d330246c48\" style=\"font-size:clamp(2.2rem, 2.2rem + ((1vw - 0.2rem) * 1.714), 4rem);\">Entdecken Sie<\/p>\n\n\n\n<p class=\"has-text-align-center has-custom-rouge-color has-text-color has-link-color has-basteleur-font-family wp-elements-e51b8107536eb6f54a96b188dcb56ffa\" style=\"font-size:clamp(1.25rem, 1.25rem + ((1vw - 0.2rem) * 0.714), 2rem);\">Sie Tri\u00e8ves, Aktivit\u00e4ten auf dem Wasser oder in der Luft<\/p>\n\n\n\n<div class=\"wp-block-group maillage is-layout-flow wp-block-group-is-layout-flow\">\n<div class=\"wp-block-query alignfull is-layout-flow wp-block-query-is-layout-flow\"><ul class=\"columns-3 wp-block-post-template is-layout-grid wp-container-core-post-template-is-layout-572542b5 wp-block-post-template-is-layout-grid\"><li class=\"wp-block-post post-3204 page type-page status-publish has-post-thumbnail hentry\">\n\n<div class=\"wp-block-group overflow-hidden gt-maillage has-global-padding is-layout-constrained wp-block-group-is-layout-constrained\">\n<figure class=\"wp-block-image gt-maillage__image\"><img decoding=\"async\" src=\"https:\/\/www.camping2laplage.com\/wp-content\/uploads\/2025\/08\/lac-alpes-e1755781225765.jpg\" alt=\"In der Luft: Laufstege\" style=\"aspect-ratio:3\/4;object-fit:cover\"\/><\/figure>\n\n\n\n<p class=\"has-text-align-right gt-maillage__title gt-btn-arrow has-base-2-color has-text-color has-link-color has-basteleur-font-family wp-elements-5851ac654ece7c734572285f86f288d5\" style=\"border-right-style:none;border-right-width:0px;border-bottom-style:none;border-bottom-width:0px;padding-right:1rem;font-size:clamp(1.743rem, 1.743rem + ((1vw - 0.2rem) * 1.197), 3rem);font-style:normal;font-weight:300;text-transform:none\">In der Luft: Laufstege<\/p>\n\n\n<a class=\"is-style-lien-cover wp-block-read-more\" href=\"https:\/\/www.camping2laplage.com\/de\/aktivitaeten-in-der-umgebung-trefort\/\" target=\"_self\">Weiterlesen<span class=\"screen-reader-text\">: In der Luft: Laufstege<\/span><\/a><\/div>\n\n<\/li><li class=\"wp-block-post post-3231 page type-page status-publish has-post-thumbnail hentry\">\n\n<div class=\"wp-block-group overflow-hidden gt-maillage has-global-padding is-layout-constrained wp-block-group-is-layout-constrained\">\n<figure class=\"wp-block-image gt-maillage__image\"><img decoding=\"async\" src=\"https:\/\/www.camping2laplage.com\/wp-content\/uploads\/2025\/08\/camping-dans-le-vercors-1.webp\" alt=\"Auf dem Wasser\" style=\"aspect-ratio:3\/4;object-fit:cover\"\/><\/figure>\n\n\n\n<p class=\"has-text-align-right gt-maillage__title gt-btn-arrow has-base-2-color has-text-color has-link-color has-basteleur-font-family wp-elements-5851ac654ece7c734572285f86f288d5\" style=\"border-right-style:none;border-right-width:0px;border-bottom-style:none;border-bottom-width:0px;padding-right:1rem;font-size:clamp(1.743rem, 1.743rem + ((1vw - 0.2rem) * 1.197), 3rem);font-style:normal;font-weight:300;text-transform:none\">Auf dem Wasser<\/p>\n\n\n<a class=\"is-style-lien-cover wp-block-read-more\" href=\"https:\/\/www.camping2laplage.com\/de\/aktivitaten-kitesurfen-lac-monteynard\/\" target=\"_self\">Weiterlesen<span class=\"screen-reader-text\">: Auf dem Wasser<\/span><\/a><\/div>\n\n<\/li><li class=\"wp-block-post post-3258 page type-page status-publish has-post-thumbnail hentry\">\n\n<div class=\"wp-block-group overflow-hidden gt-maillage has-global-padding is-layout-constrained wp-block-group-is-layout-constrained\">\n<figure class=\"wp-block-image gt-maillage__image\"><img decoding=\"async\" src=\"https:\/\/www.camping2laplage.com\/wp-content\/uploads\/2025\/08\/vizille-vercors.webp\" alt=\"Tri\u00e8ves\" style=\"aspect-ratio:3\/4;object-fit:cover\"\/><\/figure>\n\n\n\n<p class=\"has-text-align-right gt-maillage__title gt-btn-arrow has-base-2-color has-text-color has-link-color has-basteleur-font-family wp-elements-5851ac654ece7c734572285f86f288d5\" style=\"border-right-style:none;border-right-width:0px;border-bottom-style:none;border-bottom-width:0px;padding-right:1rem;font-size:clamp(1.743rem, 1.743rem + ((1vw - 0.2rem) * 1.197), 3rem);font-style:normal;font-weight:300;text-transform:none\">Tri\u00e8ves<\/p>\n\n\n<a class=\"is-style-lien-cover wp-block-read-more\" href=\"https:\/\/www.camping2laplage.com\/de\/campingplatz-trieves\/\" target=\"_self\">Weiterlesen<span class=\"screen-reader-text\">: Tri\u00e8ves<\/span><\/a><\/div>\n\n<\/li><\/ul><\/div>\n<\/div>\n<\/section>\n","protected":false},"excerpt":{"rendered":"<p>Campingplatz 2 am Strand &gt; Radfahren in Is\u00e8re: Campingplatz mit dem Label \u201eAccueil V\u00e9lo\u201d (Radfahrer willkommen) Mountainbiken am Lac de Monteynard Lac de Monteynard: Auf zum Mountainbike-Vergn\u00fcgen! Der Lac de Monteynard ist der ideale Ort, um Mountainbiken und herrliche Ausblicke in der N\u00e4he des Campingplatzes in Is\u00e8re zu genie\u00dfen. Zwischen Feldwegen, Waldwegen, kleinen Landstra\u00dfen und [&hellip;]<\/p>\n","protected":false},"author":1,"featured_media":1908,"parent":0,"menu_order":0,"comment_status":"closed","ping_status":"closed","template":"","meta":{"_acf_changed":false,"_seopress_robots_primary_cat":"","_seopress_titles_title":"Campingplatz f\u00fcr Radfahrer in Is\u00e8re | Radtourismus vom Campingplatz \u201eAccueil v\u00e9lo 38\u201d aus","_seopress_titles_desc":"","_seopress_robots_index":"","_gt_ctv_global_id":"","_gt_ctv_id_group":false,"inline_featured_image":false,"gt_fse_maillage_image":"https:\/\/www.camping2laplage.com\/wp-content\/uploads\/2025\/08\/camping-labelise-velo-vercors.webp","gt_fse_maillage_titre":"Mit dem Fahrrad","gt_fse_maillage_alt":"Mit dem Fahrrad","gt_fse_maillage_resume":"","footnotes":""},"categories":[],"tags":[],"class_list":["post-3181","page","type-page","status-publish","has-post-thumbnail","hentry"],"acf":[],"_links":{"self":[{"href":"https:\/\/www.camping2laplage.com\/de\/wp-json\/wp\/v2\/pages\/3181","targetHints":{"allow":["GET"]}}],"collection":[{"href":"https:\/\/www.camping2laplage.com\/de\/wp-json\/wp\/v2\/pages"}],"about":[{"href":"https:\/\/www.camping2laplage.com\/de\/wp-json\/wp\/v2\/types\/page"}],"author":[{"embeddable":true,"href":"https:\/\/www.camping2laplage.com\/de\/wp-json\/wp\/v2\/users\/1"}],"replies":[{"embeddable":true,"href":"https:\/\/www.camping2laplage.com\/de\/wp-json\/wp\/v2\/comments?post=3181"}],"version-history":[{"count":4,"href":"https:\/\/www.camping2laplage.com\/de\/wp-json\/wp\/v2\/pages\/3181\/revisions"}],"predecessor-version":[{"id":3320,"href":"https:\/\/www.camping2laplage.com\/de\/wp-json\/wp\/v2\/pages\/3181\/revisions\/3320"}],"wp:featuredmedia":[{"embeddable":true,"href":"https:\/\/www.camping2laplage.com\/de\/wp-json\/wp\/v2\/media\/1908"}],"wp:attachment":[{"href":"https:\/\/www.camping2laplage.com\/de\/wp-json\/wp\/v2\/media?parent=3181"}],"wp:term":[{"taxonomy":"category","embeddable":true,"href":"https:\/\/www.camping2laplage.com\/de\/wp-json\/wp\/v2\/categories?post=3181"},{"taxonomy":"post_tag","embeddable":true,"href":"https:\/\/www.camping2laplage.com\/de\/wp-json\/wp\/v2\/tags?post=3181"}],"curies":[{"name":"wp","href":"https:\/\/api.w.org\/{rel}","templated":true}]}}