{"id":3194,"date":"2025-07-09T13:14:52","date_gmt":"2025-07-09T11:14:52","guid":{"rendered":"https:\/\/www.camping2laplage.com\/family-camping-alps\/"},"modified":"2025-12-02T08:35:37","modified_gmt":"2025-12-02T07:35:37","slug":"family-camping-alps","status":"publish","type":"page","link":"https:\/\/www.camping2laplage.com\/de\/family-camping-alps\/","title":{"rendered":"Mit der Familie"},"content":{"rendered":"\n<div id=\"titre-fil\" class=\"wp-block-group is-vertical is-content-justification-center is-layout-flex wp-container-core-group-is-layout-3fb1c651 wp-block-group-is-layout-flex\" style=\"padding-right:20%;padding-left:20%\">\n<div class=\"wp-block-group is-horizontal is-layout-flex wp-container-core-group-is-layout-048c9698 wp-block-group-is-layout-flex\">\n<p class=\"has-text-align-center has-custom-rouge-color has-text-color has-link-color wp-elements-251412a27ccec0aa8b9848f73bd4b0f4\" style=\"font-style:normal;font-weight:400;letter-spacing:2px\"><a href=\"https:\/\/www.camping2laplage.com\/de\/campingplatz-treffort\/\" data-type=\"page\" data-id=\"5\">Campingplatz 2 am Strand<\/a> &gt;<\/p>\n\n\n<p class=\"has-text-align-center has-custom-rouge-color has-text-color has-link-color\" \n    style=\"font-style:normal;font-weight:400;letter-spacing:2px\">Mit der Familie<\/p>\n<\/div>\n\n\n\n<h1 class=\"wp-block-heading has-text-align-center has-custom-rouge-color has-text-color has-link-color has-basteleur-font-family wp-elements-38db9bfb014bfdcdbf42442cd1bccfd8\" id=\"titre-page\" style=\"font-size:clamp(2.629rem, 2.629rem + ((1vw - 0.2rem) * 2.258), 5rem);font-style:normal;font-weight:700;line-height:1.1\">Ein familienfreundlicher Campingplatz am Ufer des Lac de Monteynard in den Alpen<\/h1>\n\n\n\n<div style=\"height:0px\" aria-hidden=\"true\" class=\"wp-block-spacer gt-hide-mobile wp-container-content-6388d5dc\"><\/div>\n<\/div>\n\n<div id=\"gt_1-cta-svg_001\" class=\"wp-block-group has-global-padding is-layout-constrained wp-block-group-is-layout-constrained\">\n<div class=\"wp-block-columns are-vertically-aligned-center is-layout-flex wp-container-core-columns-is-layout-9b24e0e0 wp-block-columns-is-layout-flex\">\n<div class=\"wp-block-column is-vertically-aligned-center animated slideInUp is-layout-flow wp-block-column-is-layout-flow\" id=\"content\">\n<h2 class=\"wp-block-heading has-custom-rouge-color has-text-color has-link-color wp-elements-6c6c446f236d8c52d3d4c6a3a39d54b9\">Familienurlaub auf dem Campingplatz<\/h2>\n\n\n\n<p>Unser <a href=\"https:\/\/www.camping2laplage.com\/de\/campingplatz-treffort\/\" data-type=\"page\" data-id=\"5\">Campingplatz in Is\u00e8re<\/a> ist der ideale Ort f\u00fcr einen <strong>Familienurlaub <\/strong>fernab vom Trubel der Stadt. Ein ruhiger und sicherer Campingplatz. Dank seiner Lage in einer Sackgasse k\u00f6nnen Kinder sich hier ganz frei bewegen:  <\/p>\n\n\n\n<ul class=\"wp-block-list\">\n<li><strong>Ein gro\u00dfer Strand f\u00fcr gro\u00dfe Spiele<\/strong>, Drachensteigen und andere H\u00fctten.<\/li>\n\n\n\n<li>Ein <strong>Spielplatz <\/strong>auf dem Campingplatz und am Strand<\/li>\n\n\n\n<li>Eine <strong>Tischtennisplatte<\/strong>, ein <strong>Bouleplatz <\/strong>und ein <strong>Volleyballfeld<\/strong><\/li>\n<\/ul>\n\n\n\n<p>Ein <strong>Wasserspielplatz <\/strong>f\u00fcr Kinder unter 12 Jahren, ge\u00f6ffnet im Juli und August. Der Campingplatz 2 la plage bietet Ihnen freien Eintritt. Informieren Sie sich an der Rezeption, denn das Schwimmbad untersteht der Gemeinde und kann manchmal geschlossen sein.  <\/p>\n<\/div>\n\n\n\n<div class=\"wp-block-column is-vertically-aligned-center is-layout-flow wp-block-column-is-layout-flow\" id=\"image\">\n<div data-swiper=\"{&quot;speed&quot;:400,&quot;spaceBetween&quot;:16,&quot;slidesPerView&quot;:3,&quot;createElements&quot;:true,&quot;loop&quot;:true,&quot;freemode&quot;:true,&quot;navigation&quot;:{&quot;nextEl&quot;:&quot;buttonNext&quot;,&quot;prevEl&quot;:&quot;buttonPrev&quot;},&quot;breakpoints&quot;:[{&quot;slidesPerView&quot;:1}]}\" class=\"wp-block-group gt-is-slider gt-is-slider-desktop has-global-padding is-layout-constrained wp-block-group-is-layout-constrained\">\n<figure class=\"wp-block-image size-full has-custom-border\"><img decoding=\"async\" width=\"865\" height=\"577\" src=\"https:\/\/www.camping2laplage.com\/wp-content\/uploads\/2025\/08\/camping-avec-aire-de-jeux.webp\" alt=\"Campingplatz mit Spielplatz\" class=\"wp-image-1934\" style=\"border-radius:25px\" srcset=\"https:\/\/www.camping2laplage.com\/wp-content\/uploads\/2025\/08\/camping-avec-aire-de-jeux.webp 865w, https:\/\/www.camping2laplage.com\/wp-content\/uploads\/2025\/08\/camping-avec-aire-de-jeux-300x200.webp 300w, https:\/\/www.camping2laplage.com\/wp-content\/uploads\/2025\/08\/camping-avec-aire-de-jeux-768x512.webp 768w\" sizes=\"(max-width: 865px) 100vw, 865px\" \/><\/figure>\n\n\n\n<figure class=\"wp-block-image size-large has-custom-border\"><img decoding=\"async\" width=\"1024\" height=\"683\" src=\"https:\/\/www.camping2laplage.com\/wp-content\/uploads\/2025\/08\/jeux-aquatiques-alpes-1024x683.jpg\" alt=\"wasserspiele alpen\" class=\"wp-image-1691\" style=\"border-radius:25px\" srcset=\"https:\/\/www.camping2laplage.com\/wp-content\/uploads\/2025\/08\/jeux-aquatiques-alpes-1024x683.jpg 1024w, https:\/\/www.camping2laplage.com\/wp-content\/uploads\/2025\/08\/jeux-aquatiques-alpes-300x200.jpg 300w, https:\/\/www.camping2laplage.com\/wp-content\/uploads\/2025\/08\/jeux-aquatiques-alpes-768x512.jpg 768w, https:\/\/www.camping2laplage.com\/wp-content\/uploads\/2025\/08\/jeux-aquatiques-alpes.jpg 1199w\" sizes=\"(max-width: 1024px) 100vw, 1024px\" \/><\/figure>\n<\/div>\n<\/div>\n<\/div>\n<\/div>\n\n<div style=\"height:100px\" aria-hidden=\"true\" class=\"wp-block-spacer gt-hide-mobile\"><\/div>\n\n<div id=\"gt_3-ctafull_001\" class=\"wp-block-group has-global-padding is-layout-constrained wp-container-core-group-is-layout-12243e0f wp-block-group-is-layout-constrained\">\n<div id=\"slider-images\" class=\"wp-block-group has-global-padding is-layout-constrained wp-container-core-group-is-layout-e555385e wp-block-group-is-layout-constrained\">\n<div data-swiper=\"{&quot;speed&quot;:1000,&quot;autoplay&quot;:{&quot;delay&quot;:5000,&quot;disableOnInteraction&quot;:false},&quot;spaceBetween&quot;:0,&quot;slidesPerView&quot;:1,&quot;pagination&quot;:{&quot;el&quot;:&quot;.swiper-pagination&quot;,&quot;dynamicBullets&quot;:true,&quot;clickable&quot;:true,&quot;type&quot;:&quot;bullets&quot;},&quot;navigation&quot;:{&quot;nextEl&quot;:&quot;.swiper-button-next&quot;,&quot;prevEl&quot;:&quot;.swiper-button-prev&quot;},&quot;breakpoints&quot;:[{&quot;slidesPerView&quot;:1}]}\" class=\"wp-block-cover\"><img decoding=\"async\" width=\"1024\" height=\"473\" class=\"wp-block-cover__image-background wp-image-1716 size-large\" alt=\"lac alpes\" src=\"https:\/\/www.camping2laplage.com\/wp-content\/uploads\/2025\/08\/lac-alpes-e1755781225765-1024x473.jpg\" data-object-fit=\"cover\" srcset=\"https:\/\/www.camping2laplage.com\/wp-content\/uploads\/2025\/08\/lac-alpes-e1755781225765-1024x473.jpg 1024w, https:\/\/www.camping2laplage.com\/wp-content\/uploads\/2025\/08\/lac-alpes-e1755781225765-300x138.jpg 300w, https:\/\/www.camping2laplage.com\/wp-content\/uploads\/2025\/08\/lac-alpes-e1755781225765-768x354.jpg 768w, https:\/\/www.camping2laplage.com\/wp-content\/uploads\/2025\/08\/lac-alpes-e1755781225765-1536x709.jpg 1536w, https:\/\/www.camping2laplage.com\/wp-content\/uploads\/2025\/08\/lac-alpes-e1755781225765.jpg 1987w\" sizes=\"(max-width: 1024px) 100vw, 1024px\" \/><span aria-hidden=\"true\" class=\"wp-block-cover__background has-background-dim\"><\/span><div class=\"wp-block-cover__inner-container has-global-padding is-layout-constrained wp-block-cover-is-layout-constrained\">\n<p class=\"has-text-align-center has-large-font-size\"><\/p>\n<\/div><\/div>\n<\/div>\n\n\n\n<div class=\"wp-block-columns has-custom-rouge-background-color has-background is-layout-flex wp-container-core-columns-is-layout-32f5ffe2 wp-block-columns-is-layout-flex\" id=\"content\" style=\"padding-top:6em;padding-right:8em;padding-bottom:6em;padding-left:8em\">\n<div class=\"wp-block-column col-content is-layout-flow wp-block-column-is-layout-flow\" style=\"flex-basis:50%\">\n<h2 class=\"wp-block-heading has-base-2-color has-text-color has-link-color has-basteleur-font-family wp-elements-2344165228d967d7126cb16c552dd446\">Zahlreiche Aktivit\u00e4ten f\u00fcr die ganze Familie<\/h2>\n\n\n\n<p class=\"has-base-2-color has-text-color has-link-color wp-elements-4309bbc8b5d6a9fa062541b78111ac79\">Die Region bietet Ihnen auch zahlreiche <a href=\"https:\/\/www.camping2laplage.com\/de\/aktivitaeten-in-der-umgebung-trefort\/\" data-type=\"page\" data-id=\"18\">Aktivit\u00e4ten in Treffort in der N\u00e4he des Campingplatzes<\/a>:<\/p>\n\n\n\n<ul class=\"wp-block-list has-base-2-color has-text-color has-link-color wp-elements-af486be7279a394d50cff6ac81ba9c8e\">\n<li> <strong>An Land<\/strong> mit <strong><a href=\"https:\/\/www.camping2laplage.com\/de\/camping-wanderungen-isere\/\" data-type=\"page\" data-id=\"15\">Wanderungen <\/a><\/strong>(nach Schwierigkeitsgrad klassifiziert, vom Kinderwagen bis zum Fortgeschrittenen), Workshops zum Thema \u201elebendige Erde\u201d, Bauernh\u00f6fen zum Besichtigen und M\u00e4rkten.<\/li>\n\n\n\n<li><strong>Auf dem<\/strong> Wasser mit Kitesurfen am Lac de Monteynard (auf dem Wasser), Segelkursen, der Mira-Kreuzfahrt, Wasserski, Paddelausfl\u00fcgen &#8230; Alle Details finden Sie <strong><a href=\"http:\/\/www.lac-monteynard.com\/fr\/6-Activites\/13-Cote_Lac\" target=\"_blank\" rel=\"noreferrer noopener nofollow\">hier<\/a><\/strong>.<\/li>\n\n\n\n<li>Zwischen Land und See mit <strong><a href=\"https:\/\/www.lac-monteynard.com\/peche-navigation-monteynard\/\">Angeln <\/a><\/strong>(Angelscheine erhalten Sie an der Rezeption).<\/li>\n<\/ul>\n<\/div>\n\n\n\n<div class=\"wp-block-column col-content is-layout-flow wp-block-column-is-layout-flow\" style=\"flex-basis:50%\">\n<ul class=\"wp-block-list has-base-2-color has-text-color has-link-color wp-elements-9966844ee7b495c9374c201d87640cb7\">\n<li>In der Luft mit <strong><a href=\"https:\/\/aventuretrieves.fr\/\" target=\"_blank\" rel=\"noreferrer noopener nofollow\">Kletterparcours <\/a><\/strong>und Baumkletterparcours.<\/li>\n\n\n\n<li>Mit dem <strong>Fahrrad<\/strong>, eine perfekte Aktivit\u00e4t w\u00e4hrend Ihres Aufenthalts auf unserem<strong> <a href=\"https:\/\/www.camping2laplage.com\/de\/campingplatz-fahrrad-isere\/\" data-type=\"page\" data-id=\"16\">Fahrrad-Campingplatz in Is\u00e8re<\/a><\/strong>! Sie schwanken zwischen E-<strong>Mountainbikes <\/strong>und <strong>Elektrorollern<\/strong>? Entdecken Sie <strong><a href=\"http:\/\/www.zetrott.com\/#\/Balade\/68\" target=\"_blank\" rel=\"noreferrer noopener nofollow\">Zetrott<\/a><\/strong><\/li>\n\n\n\n<li>Gehen Sie mit <strong><a href=\"https:\/\/www.vertical-aventure.com\/de\/canyoning\" target=\"_blank\" rel=\"noreferrer noopener nofollow\">Canyoning<\/a><\/strong>-Ausfl\u00fcgen an Ihre Grenzen!<\/li>\n\n\n\n<li>Entspannen Sie sich bei unseren Yoga-Kursen jeden Mittwoch- und Samstagvormittag.<\/li>\n\n\n\n<li>Erkunden Sie den See bei Ausfl\u00fcgen mit dem <strong><a href=\"https:\/\/www.wind-club-monteynard.com\/en\/\" target=\"_blank\" rel=\"noreferrer noopener nofollow\">Piratenschiff<\/a><\/strong>.<\/li>\n\n\n\n<li>Entdecken Sie das lokale Kulturerbe in den <strong>Museen<\/strong>.<\/li>\n\n\n\n<li>Jeden Freitag im Sommer k\u00f6nnen Sie im <strong><a href=\"https:\/\/www.camping2laplage.com\/de\/gaststaette-treffort\/\" data-type=\"page\" data-id=\"13\">Restaurant Le Spot in Treffort<\/a><\/strong> einem <strong>Konzert mit Abendessen beiwohnen<\/strong>. Und viele weitere <strong>Veranstaltungen <\/strong>werden Ihren Urlaub bereichern: Trail des Passerelles, F\u00eate du Lac, Fregatten, Open-Air-Kino, Sternbeobachtung &#8230;<\/li>\n<\/ul>\n<\/div>\n<\/div>\n<\/div>\n\n<div style=\"height:100px\" aria-hidden=\"true\" class=\"wp-block-spacer gt-hide-mobile\"><\/div>\n\n<div id=\"gt_1-cta-svg_001\" class=\"wp-block-group has-global-padding is-layout-constrained wp-block-group-is-layout-constrained\">\n<div class=\"wp-block-columns are-vertically-aligned-center is-layout-flex wp-container-core-columns-is-layout-9b24e0e0 wp-block-columns-is-layout-flex\">\n<div class=\"wp-block-column is-vertically-aligned-center is-layout-flow wp-block-column-is-layout-flow\" id=\"image\">\n<div data-swiper=\"{&quot;speed&quot;:400,&quot;spaceBetween&quot;:16,&quot;slidesPerView&quot;:3,&quot;createElements&quot;:true,&quot;loop&quot;:true,&quot;freemode&quot;:true,&quot;navigation&quot;:{&quot;nextEl&quot;:&quot;buttonNext&quot;,&quot;prevEl&quot;:&quot;buttonPrev&quot;},&quot;breakpoints&quot;:[{&quot;slidesPerView&quot;:1}]}\" class=\"wp-block-group gt-is-slider gt-is-slider-desktop has-global-padding is-layout-constrained wp-block-group-is-layout-constrained\">\n<figure class=\"wp-block-image size-full has-custom-border\"><img decoding=\"async\" width=\"865\" height=\"577\" src=\"https:\/\/www.camping2laplage.com\/wp-content\/uploads\/2025\/08\/jeux-exterieur.webp\" alt=\"Spielger&#xE4;te f&#xFC;r drau&#xDF;en\" class=\"wp-image-1946\" style=\"border-radius:25px\" srcset=\"https:\/\/www.camping2laplage.com\/wp-content\/uploads\/2025\/08\/jeux-exterieur.webp 865w, https:\/\/www.camping2laplage.com\/wp-content\/uploads\/2025\/08\/jeux-exterieur-300x200.webp 300w, https:\/\/www.camping2laplage.com\/wp-content\/uploads\/2025\/08\/jeux-exterieur-768x512.webp 768w\" sizes=\"(max-width: 865px) 100vw, 865px\" \/><\/figure>\n\n\n\n<figure class=\"wp-block-image size-full has-custom-border\"><img decoding=\"async\" width=\"865\" height=\"577\" src=\"https:\/\/www.camping2laplage.com\/wp-content\/uploads\/2025\/08\/pret-de-materiel.webp\" alt=\"Ausleihe von Material\" class=\"wp-image-1950\" style=\"border-radius:25px\" srcset=\"https:\/\/www.camping2laplage.com\/wp-content\/uploads\/2025\/08\/pret-de-materiel.webp 865w, https:\/\/www.camping2laplage.com\/wp-content\/uploads\/2025\/08\/pret-de-materiel-300x200.webp 300w, https:\/\/www.camping2laplage.com\/wp-content\/uploads\/2025\/08\/pret-de-materiel-768x512.webp 768w\" sizes=\"(max-width: 865px) 100vw, 865px\" \/><\/figure>\n<\/div>\n<\/div>\n\n\n\n<div class=\"wp-block-column is-vertically-aligned-center animated slideInUp is-layout-flow wp-block-column-is-layout-flow\" id=\"content\">\n<h2 class=\"wp-block-heading has-custom-rouge-color has-text-color has-link-color wp-elements-c234e3b5abdbcafa76762f872c8fd6fb\">Die kleinen Extras des Campingplatzes f\u00fcr Familien<\/h2>\n\n\n\n<p>Wir leihen Ihnen Reisebetten, T\u00f6pfchen und Sitzerh\u00f6hungen, damit Sie weniger Gep\u00e4ck mitbringen m\u00fcssen. In den Duschen f\u00fcr Personen mit eingeschr\u00e4nkter Mobilit\u00e4t steht eine Kinderbadewanne zur Verf\u00fcgung. Im Speisesaal stehen Ihnen <strong>B\u00fccher und Gesellschaftsspiele<\/strong> zur freien Verf\u00fcgung.   <\/p>\n\n\n\n<p>An der Rezeption k\u00f6nnen Sie Spiele f\u00fcr <strong>drau\u00dfen ausleihen<\/strong>: Boule, Tischtennis, Molkky, Volleyballb\u00e4lle, Strandtennisschl\u00e4ger &#8230;<\/p>\n\n\n\n<p>Ob gro\u00df oder klein, wenn Sie die Natur lieben, erwarten wir Sie mit Ihrer Familie.<\/p>\n<\/div>\n<\/div>\n<\/div>\n\n<div style=\"height:100px\" aria-hidden=\"true\" class=\"wp-block-spacer gt-hide-mobile\"><\/div>\n\n<div id=\"gt_1-cta-svg_001\" class=\"wp-block-group has-global-padding is-layout-constrained wp-block-group-is-layout-constrained\">\n<div class=\"wp-block-columns are-vertically-aligned-center is-layout-flex wp-container-core-columns-is-layout-9b24e0e0 wp-block-columns-is-layout-flex\" id=\"gt_faq_004\">\n<div class=\"wp-block-column is-vertically-aligned-center animated slideInUp is-layout-flow wp-block-column-is-layout-flow\" id=\"content\">\n<h2 class=\"wp-block-heading has-custom-rouge-color has-text-color has-link-color wp-elements-8861b3e19962a13d8dfc97eb1a998414\">Ein tolles Programm f\u00fcr einen gelungenen Urlaub.<\/h2>\n\n\n<details class=\"gt-fse-faq wp-block-gt-gt-fse-faq\" data-wp-interactive=\"gt-fse-faq\" data-wp-context='{\"isOpen\": false}'>\n\t<summary aria-expanded=\"false\" class=\"gt-fse-faq-summary\" data-wp-on--click=\"actions.toggle\" data-wp-bind--aria-expanded=\"context.isOpen\">\n\t\t<div class=\"gt-fse-faq-summary-text\">\n\t\t\t<strong><strong><strong><strong>Eine Woche mit der Familie und kleinen Kindern:<\/strong><\/strong><\/strong><\/strong>\t\t<\/div>\n\t\t<span class=\"gt-fse-faq-opener\"><\/span>\n\t<\/summary>\n\t<div class=\"gt-fse-faq-content\">\n\t\t\n\n<ul class=\"wp-block-list\">\n<li>Wanderung zur \u00c9bron-Br\u00fccke.<\/li>\n\n\n\n<li>YOGA-BRUNCH am Mittwoch- und Samstagvormittag.<\/li>\n\n\n\n<li>Paddle-Ausflug<\/li>\n\n\n\n<li>Ausflug zur \u201eOdyss\u00e9e verte\u201c (Baumbr\u00fccken) in Saint-Michel-les-Portes.<\/li>\n\n\n\n<li>Tag bei Terre Vivante mit Workshops f\u00fcr Kinder<\/li>\n\n\n\n<li>Schatzsuche auf dem Echo 90 auf dem See<\/li>\n\n\n\n<li>Besuch des Wasserspielplatzes<\/li>\n\n\n\n<li>Hundewanderung in Gresse-en-Vercors<\/li>\n\n\n\n<li>Drachensteigen, Boule, Tischtennis und Beachvolleyball am Strand<\/li>\n<\/ul>\n\n\t<\/div>\n<\/details>\n\n\n\n<details class=\"gt-fse-faq wp-block-gt-gt-fse-faq\" data-wp-interactive=\"gt-fse-faq\" data-wp-context='{\"isOpen\": false}'>\n\t<summary aria-expanded=\"false\" class=\"gt-fse-faq-summary\" data-wp-on--click=\"actions.toggle\" data-wp-bind--aria-expanded=\"context.isOpen\">\n\t\t<div class=\"gt-fse-faq-summary-text\">\n\t\t\t<strong>Eine sportliche Woche mit der Familie:<\/strong>\t\t<\/div>\n\t\t<span class=\"gt-fse-faq-opener\"><\/span>\n\t<\/summary>\n\t<div class=\"gt-fse-faq-content\">\n\t\t\n\n<ul class=\"wp-block-list\">\n<li>Wanderung \u00fcber die Stege zu Fu\u00df oder mit dem Fahrrad<\/li>\n\n\n\n<li>Wasserski oder Einf\u00fchrung in das Wasserskifahren mit Wake it easy<\/li>\n\n\n\n<li>Paddle-Ausflug<\/li>\n\n\n\n<li>Ausflug zum Kletterpark von Saint Michel les Portes<\/li>\n\n\n\n<li>Ausflug mit dem Elektroroller<\/li>\n\n\n\n<li>Segel- oder Windsurfkurs<\/li>\n\n\n\n<li>Boule, Tischtennis und Beachvolleyball am Strand<\/li>\n\n\n\n<li>Canyoning mit Is\u00e8re Verticale<\/li>\n<\/ul>\n\n\t<\/div>\n<\/details>\n\n\n\n<details class=\"gt-fse-faq wp-block-gt-gt-fse-faq\" data-wp-interactive=\"gt-fse-faq\" data-wp-context='{\"isOpen\": false}'>\n\t<summary aria-expanded=\"false\" class=\"gt-fse-faq-summary\" data-wp-on--click=\"actions.toggle\" data-wp-bind--aria-expanded=\"context.isOpen\">\n\t\t<div class=\"gt-fse-faq-summary-text\">\n\t\t\t<strong><strong><strong>Eine sportliche Woche mit Freunden:<\/strong><\/strong><\/strong>\t\t<\/div>\n\t\t<span class=\"gt-fse-faq-opener\"><\/span>\n\t<\/summary>\n\t<div class=\"gt-fse-faq-content\">\n\t\t\n\n<ul class=\"wp-block-list\">\n<li>Wanderung \u00fcber Stege zu Fu\u00df oder mit dem Mountainbike<\/li>\n\n\n\n<li>Paddle-Yoga<\/li>\n\n\n\n<li>Canyoning-Ausflug<\/li>\n\n\n\n<li>Wasserski<\/li>\n\n\n\n<li>Paddle- oder Kanu-Ausflug<\/li>\n\n\n\n<li>Windsurfkurs<\/li>\n\n\n\n<li>Wanderungen in Gresse oder rund um den Mont Aiguille<\/li>\n\n\n\n<li>Kitesurfkurs<\/li>\n<\/ul>\n\n\t<\/div>\n<\/details>\n\n<\/div>\n\n\n\n<div class=\"wp-block-column is-vertically-aligned-center is-layout-flow wp-block-column-is-layout-flow\" id=\"image\">\n<div class=\"wp-block-group has-global-padding is-layout-constrained wp-block-group-is-layout-constrained\">\n<figure class=\"wp-block-image size-full has-custom-border\"><img decoding=\"async\" width=\"865\" height=\"577\" src=\"https:\/\/www.camping2laplage.com\/wp-content\/uploads\/2025\/08\/cours-de-yoga.webp\" alt=\"Yoga-Kurs\" class=\"wp-image-1942\" style=\"border-radius:25px\" srcset=\"https:\/\/www.camping2laplage.com\/wp-content\/uploads\/2025\/08\/cours-de-yoga.webp 865w, https:\/\/www.camping2laplage.com\/wp-content\/uploads\/2025\/08\/cours-de-yoga-300x200.webp 300w, https:\/\/www.camping2laplage.com\/wp-content\/uploads\/2025\/08\/cours-de-yoga-768x512.webp 768w\" sizes=\"(max-width: 865px) 100vw, 865px\" \/><\/figure>\n<\/div>\n<\/div>\n<\/div>\n<\/div>\n\n<div style=\"height:100px\" aria-hidden=\"true\" class=\"wp-block-spacer gt-hide-mobile\"><\/div>\n\n<div id=\"gt_1-cta-svg_001\" class=\"wp-block-group has-global-padding is-layout-constrained wp-block-group-is-layout-constrained\">\n<div class=\"wp-block-columns are-vertically-aligned-center is-layout-flex wp-container-core-columns-is-layout-9b24e0e0 wp-block-columns-is-layout-flex\" id=\"gt_faq_004\">\n<div class=\"wp-block-column is-vertically-aligned-center is-layout-flow wp-block-column-is-layout-flow\" id=\"image\">\n<div class=\"wp-block-group has-global-padding is-layout-constrained wp-block-group-is-layout-constrained\">\n<figure class=\"wp-block-image size-full has-custom-border\"><img decoding=\"async\" width=\"865\" height=\"577\" src=\"https:\/\/www.camping2laplage.com\/wp-content\/uploads\/2025\/08\/bouee-tractee-vercors.webp\" alt=\"Schleppboje Vercors\" class=\"wp-image-1930\" style=\"border-radius:25px\" srcset=\"https:\/\/www.camping2laplage.com\/wp-content\/uploads\/2025\/08\/bouee-tractee-vercors.webp 865w, https:\/\/www.camping2laplage.com\/wp-content\/uploads\/2025\/08\/bouee-tractee-vercors-300x200.webp 300w, https:\/\/www.camping2laplage.com\/wp-content\/uploads\/2025\/08\/bouee-tractee-vercors-768x512.webp 768w\" sizes=\"(max-width: 865px) 100vw, 865px\" \/><\/figure>\n<\/div>\n<\/div>\n\n\n\n<div class=\"wp-block-column is-vertically-aligned-center animated slideInUp is-layout-flow wp-block-column-is-layout-flow\" id=\"content\"><details class=\"gt-fse-faq wp-block-gt-gt-fse-faq\" data-wp-interactive=\"gt-fse-faq\" data-wp-context='{\"isOpen\": false}'>\n\t<summary aria-expanded=\"false\" class=\"gt-fse-faq-summary\" data-wp-on--click=\"actions.toggle\" data-wp-bind--aria-expanded=\"context.isOpen\">\n\t\t<div class=\"gt-fse-faq-summary-text\">\n\t\t\t<strong><strong><strong>Eine Woche voller Sensationen:<\/strong><\/strong><\/strong>\t\t<\/div>\n\t\t<span class=\"gt-fse-faq-opener\"><\/span>\n\t<\/summary>\n\t<div class=\"gt-fse-faq-content\">\n\t\t\n\n<ul class=\"wp-block-list\">\n<li>Wanderung \u00fcber die Stege zu Fu\u00df oder mit dem Mountainbike<\/li>\n\n\n\n<li>Bungee-Jumping<\/li>\n\n\n\n<li>Gleitschirmfliegen<\/li>\n\n\n\n<li>Wasserski<\/li>\n\n\n\n<li>Canyoning<\/li>\n\n\n\n<li>Kletterausflug zum Mont Aiguille<\/li>\n\n\n\n<li>Windsurfen<\/li>\n\n\n\n<li>Wakesurfen<\/li>\n\n\n\n<li>Kitesurfen<\/li>\n<\/ul>\n\n\t<\/div>\n<\/details>\n\n\n\n<details class=\"gt-fse-faq wp-block-gt-gt-fse-faq\" data-wp-interactive=\"gt-fse-faq\" data-wp-context='{\"isOpen\": false}'>\n\t<summary aria-expanded=\"false\" class=\"gt-fse-faq-summary\" data-wp-on--click=\"actions.toggle\" data-wp-bind--aria-expanded=\"context.isOpen\">\n\t\t<div class=\"gt-fse-faq-summary-text\">\n\t\t\t<strong><strong>Eine Woche voller Entdeckungen mit der Familie oder Freunden:<\/strong><\/strong>\t\t<\/div>\n\t\t<span class=\"gt-fse-faq-opener\"><\/span>\n\t<\/summary>\n\t<div class=\"gt-fse-faq-content\">\n\t\t\n\n<ul class=\"wp-block-list\">\n<li>Wanderung \u00fcber die Stege<\/li>\n\n\n\n<li>Kreuzfahrt auf La Mira<\/li>\n\n\n\n<li>Ausflug zum Garten Terre vivante<\/li>\n\n\n\n<li>Besichtigung des Schlosses von Vizille<\/li>\n\n\n\n<li>Besuch beim T\u00f6pfer von Monestier-de-Clermont<\/li>\n\n\n\n<li>Entdeckung der Handwerker der Route des Savoir-Faire<\/li>\n\n\n\n<li>Markt von Mens und Entdeckung seiner Geschichte<\/li>\n<\/ul>\n\n\t<\/div>\n<\/details>\n\n\n\n<details class=\"gt-fse-faq wp-block-gt-gt-fse-faq\" data-wp-interactive=\"gt-fse-faq\" data-wp-context='{\"isOpen\": false}'>\n\t<summary aria-expanded=\"false\" class=\"gt-fse-faq-summary\" data-wp-on--click=\"actions.toggle\" data-wp-bind--aria-expanded=\"context.isOpen\">\n\t\t<div class=\"gt-fse-faq-summary-text\">\n\t\t\t<strong><strong><strong><strong>Eine Woche voller Entspannung:<\/strong><\/strong><\/strong><\/strong>\t\t<\/div>\n\t\t<span class=\"gt-fse-faq-opener\"><\/span>\n\t<\/summary>\n\t<div class=\"gt-fse-faq-content\">\n\t\t\n\n<ul class=\"wp-block-list\">\n<li>Nordic Walking mit der Sportschule<\/li>\n\n\n\n<li>Paddle Yoga<\/li>\n\n\n\n<li>Yoga am Strand mit der Sportschule<\/li>\n\n\n\n<li>SPA in Monestier-de-Clermont<\/li>\n\n\n\n<li>Paddle-Ausflug<\/li>\n\n\n\n<li>Lesen (Bibliothek des Campingplatzes)<\/li>\n\n\n\n<li>M\u00e4rkte<\/li>\n\n\n\n<li>Wanderungen<\/li>\n<\/ul>\n\n\t<\/div>\n<\/details>\n\n<\/div>\n<\/div>\n<\/div>\n\n<section class=\"wp-block-group alignfull bloc-maillage has-global-padding is-layout-constrained wp-container-core-group-is-layout-6131d34a wp-block-group-is-layout-constrained\" style=\"margin-top:0px;margin-bottom:0px;padding-top:10rem;padding-right:0;padding-bottom:10rem;padding-left:0rem\">\n<p class=\"has-text-align-center has-custom-rouge-color has-text-color has-link-color has-basteleur-font-family wp-elements-088d06e8262be72cdce378d330246c48\" style=\"font-size:clamp(2.2rem, 2.2rem + ((1vw - 0.2rem) * 1.714), 4rem);\">Entdecken Sie<\/p>\n\n\n\n<p class=\"has-text-align-center has-custom-rouge-color has-text-color has-link-color has-basteleur-font-family wp-elements-859440c90334b3a67d72a7bd93099565\" style=\"font-size:clamp(1.25rem, 1.25rem + ((1vw - 0.2rem) * 0.714), 2rem);\">Sie Aktivit\u00e4ten mit dem Fahrrad, in der Luft und Wanderungen in der Umgebung.<\/p>\n\n\n\n<div class=\"wp-block-group maillage is-layout-flow wp-block-group-is-layout-flow\">\n<div class=\"wp-block-query alignfull is-layout-flow wp-block-query-is-layout-flow\"><ul class=\"columns-3 wp-block-post-template is-layout-grid wp-container-core-post-template-is-layout-572542b5 wp-block-post-template-is-layout-grid\"><li class=\"wp-block-post post-3172 page type-page status-publish has-post-thumbnail hentry\">\n\n<div class=\"wp-block-group overflow-hidden gt-maillage has-global-padding is-layout-constrained wp-block-group-is-layout-constrained\">\n<figure class=\"wp-block-image gt-maillage__image\"><img decoding=\"async\" src=\"https:\/\/www.camping2laplage.com\/wp-content\/uploads\/2025\/08\/Design-sans-titre-4.webp\" alt=\"Zu Fu\u00df\" style=\"aspect-ratio:3\/4;object-fit:cover\"\/><\/figure>\n\n\n\n<p class=\"has-text-align-right gt-maillage__title gt-btn-arrow has-base-2-color has-text-color has-link-color has-basteleur-font-family wp-elements-5851ac654ece7c734572285f86f288d5\" style=\"border-right-style:none;border-right-width:0px;border-bottom-style:none;border-bottom-width:0px;padding-right:1rem;font-size:clamp(1.743rem, 1.743rem + ((1vw - 0.2rem) * 1.197), 3rem);font-style:normal;font-weight:300;text-transform:none\">Zu Fu\u00df<\/p>\n\n\n<a class=\"is-style-lien-cover wp-block-read-more\" href=\"https:\/\/www.camping2laplage.com\/de\/camping-wanderungen-isere\/\" target=\"_self\">Weiterlesen<span class=\"screen-reader-text\">: Zu Fu\u00df<\/span><\/a><\/div>\n\n<\/li><li class=\"wp-block-post post-3181 page type-page status-publish has-post-thumbnail hentry\">\n\n<div class=\"wp-block-group overflow-hidden gt-maillage has-global-padding is-layout-constrained wp-block-group-is-layout-constrained\">\n<figure class=\"wp-block-image gt-maillage__image\"><img decoding=\"async\" src=\"https:\/\/www.camping2laplage.com\/wp-content\/uploads\/2025\/08\/camping-labelise-velo-vercors.webp\" alt=\"Mit dem Fahrrad\" style=\"aspect-ratio:3\/4;object-fit:cover\"\/><\/figure>\n\n\n\n<p class=\"has-text-align-right gt-maillage__title gt-btn-arrow has-base-2-color has-text-color has-link-color has-basteleur-font-family wp-elements-5851ac654ece7c734572285f86f288d5\" style=\"border-right-style:none;border-right-width:0px;border-bottom-style:none;border-bottom-width:0px;padding-right:1rem;font-size:clamp(1.743rem, 1.743rem + ((1vw - 0.2rem) * 1.197), 3rem);font-style:normal;font-weight:300;text-transform:none\">Mit dem Fahrrad<\/p>\n\n\n<a class=\"is-style-lien-cover wp-block-read-more\" href=\"https:\/\/www.camping2laplage.com\/de\/campingplatz-fahrrad-isere\/\" target=\"_self\">Weiterlesen<span class=\"screen-reader-text\">: Mit dem Fahrrad<\/span><\/a><\/div>\n\n<\/li><li class=\"wp-block-post post-3204 page type-page status-publish has-post-thumbnail hentry\">\n\n<div class=\"wp-block-group overflow-hidden gt-maillage has-global-padding is-layout-constrained wp-block-group-is-layout-constrained\">\n<figure class=\"wp-block-image gt-maillage__image\"><img decoding=\"async\" src=\"https:\/\/www.camping2laplage.com\/wp-content\/uploads\/2025\/08\/lac-alpes-e1755781225765.jpg\" alt=\"In der Luft: Laufstege\" style=\"aspect-ratio:3\/4;object-fit:cover\"\/><\/figure>\n\n\n\n<p class=\"has-text-align-right gt-maillage__title gt-btn-arrow has-base-2-color has-text-color has-link-color has-basteleur-font-family wp-elements-5851ac654ece7c734572285f86f288d5\" style=\"border-right-style:none;border-right-width:0px;border-bottom-style:none;border-bottom-width:0px;padding-right:1rem;font-size:clamp(1.743rem, 1.743rem + ((1vw - 0.2rem) * 1.197), 3rem);font-style:normal;font-weight:300;text-transform:none\">In der Luft: Laufstege<\/p>\n\n\n<a class=\"is-style-lien-cover wp-block-read-more\" href=\"https:\/\/www.camping2laplage.com\/de\/aktivitaeten-in-der-umgebung-trefort\/\" target=\"_self\">Weiterlesen<span class=\"screen-reader-text\">: In der Luft: Laufstege<\/span><\/a><\/div>\n\n<\/li><\/ul><\/div>\n<\/div>\n<\/section>\n","protected":false},"excerpt":{"rendered":"<p>Campingplatz 2 am Strand &gt; Ein familienfreundlicher Campingplatz am Ufer des Lac de Monteynard in den Alpen Familienurlaub auf dem Campingplatz Unser Campingplatz in Is\u00e8re ist der ideale Ort f\u00fcr einen Familienurlaub fernab vom Trubel der Stadt. Ein ruhiger und sicherer Campingplatz. Dank seiner Lage in einer Sackgasse k\u00f6nnen Kinder sich hier ganz frei bewegen: [&hellip;]<\/p>\n","protected":false},"author":1,"featured_media":1941,"parent":0,"menu_order":0,"comment_status":"closed","ping_status":"closed","template":"","meta":{"_acf_changed":false,"_seopress_robots_primary_cat":"","_seopress_titles_title":"Familiencampingplatz in den Alpen | Familienurlaub (38)","_seopress_titles_desc":"","_seopress_robots_index":"","_gt_ctv_global_id":"","_gt_ctv_id_group":false,"inline_featured_image":false,"gt_fse_maillage_image":"https:\/\/www.camping2laplage.com\/wp-content\/uploads\/2025\/08\/camping-familiale-dans-le-vercors.webp","gt_fse_maillage_titre":"Mit der Familie","gt_fse_maillage_alt":"Mit der Familie","gt_fse_maillage_resume":"","footnotes":""},"categories":[],"tags":[],"class_list":["post-3194","page","type-page","status-publish","has-post-thumbnail","hentry"],"acf":[],"_links":{"self":[{"href":"https:\/\/www.camping2laplage.com\/de\/wp-json\/wp\/v2\/pages\/3194","targetHints":{"allow":["GET"]}}],"collection":[{"href":"https:\/\/www.camping2laplage.com\/de\/wp-json\/wp\/v2\/pages"}],"about":[{"href":"https:\/\/www.camping2laplage.com\/de\/wp-json\/wp\/v2\/types\/page"}],"author":[{"embeddable":true,"href":"https:\/\/www.camping2laplage.com\/de\/wp-json\/wp\/v2\/users\/1"}],"replies":[{"embeddable":true,"href":"https:\/\/www.camping2laplage.com\/de\/wp-json\/wp\/v2\/comments?post=3194"}],"version-history":[{"count":4,"href":"https:\/\/www.camping2laplage.com\/de\/wp-json\/wp\/v2\/pages\/3194\/revisions"}],"predecessor-version":[{"id":3316,"href":"https:\/\/www.camping2laplage.com\/de\/wp-json\/wp\/v2\/pages\/3194\/revisions\/3316"}],"wp:featuredmedia":[{"embeddable":true,"href":"https:\/\/www.camping2laplage.com\/de\/wp-json\/wp\/v2\/media\/1941"}],"wp:attachment":[{"href":"https:\/\/www.camping2laplage.com\/de\/wp-json\/wp\/v2\/media?parent=3194"}],"wp:term":[{"taxonomy":"category","embeddable":true,"href":"https:\/\/www.camping2laplage.com\/de\/wp-json\/wp\/v2\/categories?post=3194"},{"taxonomy":"post_tag","embeddable":true,"href":"https:\/\/www.camping2laplage.com\/de\/wp-json\/wp\/v2\/tags?post=3194"}],"curies":[{"name":"wp","href":"https:\/\/api.w.org\/{rel}","templated":true}]}}