{"id":3204,"date":"2025-07-09T13:14:53","date_gmt":"2025-07-09T11:14:53","guid":{"rendered":"https:\/\/www.camping2laplage.com\/aktivitaeten-in-der-umgebung-trefort\/"},"modified":"2025-12-02T08:33:02","modified_gmt":"2025-12-02T07:33:02","slug":"aktivitaeten-in-der-umgebung-trefort","status":"publish","type":"page","link":"https:\/\/www.camping2laplage.com\/de\/aktivitaeten-in-der-umgebung-trefort\/","title":{"rendered":"In der Luft: Laufstege"},"content":{"rendered":"\n<div id=\"titre-fil\" class=\"wp-block-group is-vertical is-content-justification-center is-layout-flex wp-container-core-group-is-layout-3fb1c651 wp-block-group-is-layout-flex\" style=\"padding-right:20%;padding-left:20%\">\n<div class=\"wp-block-group is-horizontal is-layout-flex wp-container-core-group-is-layout-048c9698 wp-block-group-is-layout-flex\">\n<p class=\"has-text-align-center has-custom-rouge-color has-text-color has-link-color wp-elements-251412a27ccec0aa8b9848f73bd4b0f4\" style=\"font-style:normal;font-weight:400;letter-spacing:2px\"><a href=\"https:\/\/www.camping2laplage.com\/de\/campingplatz-treffort\/\" data-type=\"page\" data-id=\"5\">Campingplatz 2 am Strand<\/a> &gt;<\/p>\n\n\n<p class=\"has-text-align-center has-custom-rouge-color has-text-color has-link-color\" \n    style=\"font-style:normal;font-weight:400;letter-spacing:2px\">In der Luft: Laufstege<\/p>\n<\/div>\n\n\n\n<h1 class=\"wp-block-heading has-text-align-center has-custom-rouge-color has-text-color has-link-color has-basteleur-font-family wp-elements-9a47d647842233c11e79407cf6a6365b\" id=\"titre-page\" style=\"font-size:clamp(2.629rem, 2.629rem + ((1vw - 0.2rem) * 2.258), 5rem);font-style:normal;font-weight:700;line-height:1.1\">Aktivit\u00e4ten in der N\u00e4he des Campingplatzes in Treffort<\/h1>\n<\/div>\n\n<div style=\"height:100px\" aria-hidden=\"true\" class=\"wp-block-spacer gt-hide-mobile\"><\/div>\n\n<div id=\"gt_1-cta-svg_001\" class=\"wp-block-group has-global-padding is-layout-constrained wp-block-group-is-layout-constrained\">\n<div class=\"wp-block-columns are-vertically-aligned-center is-layout-flex wp-container-core-columns-is-layout-9b24e0e0 wp-block-columns-is-layout-flex\">\n<div class=\"wp-block-column is-vertically-aligned-center animated slideInUp is-layout-flow wp-block-column-is-layout-flow\" id=\"content\">\n<h2 class=\"wp-block-heading has-custom-rouge-color has-text-color has-link-color wp-elements-3d1594919a3a5db263333f37edfc1658\">Himalaya-Stege am Lac de Monteynard<\/h2>\n\n\n\n<p>Die <strong>Himalaya-Stege<\/strong> am Lac de Monteynard: ein Ausflug voller <strong>Nervenkitzel!<\/strong> An Superlativen mangelt es in der Regel nicht, wenn man Wanderer befragt, die vom Campingplatz <a href=\"https:\/\/www.camping2laplage.com\/de\/camping-wanderungen-isere\/\" data-type=\"page\" data-id=\"15\">\u201eCamping de la Plage\u201d<\/a>, Ihrem<a href=\"https:\/\/www.camping2laplage.com\/de\/campingplatz-treffort\/\" data-type=\"page\" data-id=\"5\"> Campingplatz in Is\u00e8re<\/a>, von einer Wanderung rund um den Lac de Monteynard zur\u00fcckkehren. <\/p>\n\n\n\n<p>Man muss sagen, dass der Ort viel zu bieten hat: <strong>unber\u00fchrte Natur<\/strong>, einen herrlichen Blick auf die umliegenden Bergmassive und nicht zu vergessen die \u00dcberquerung der Fl\u00fcsse Drac und Ebron \u00fcber spektakul\u00e4re und schwindelerregende Himalaya-Br\u00fccken. Genug, um viele Erinnerungen zu sammeln&#8230; und Emotionen! <\/p>\n<\/div>\n\n\n\n<div class=\"wp-block-column is-vertically-aligned-center is-layout-flow wp-block-column-is-layout-flow\" id=\"image\">\n<div data-swiper=\"{&quot;speed&quot;:400,&quot;spaceBetween&quot;:16,&quot;slidesPerView&quot;:3,&quot;createElements&quot;:true,&quot;loop&quot;:true,&quot;freemode&quot;:true,&quot;navigation&quot;:{&quot;nextEl&quot;:&quot;buttonNext&quot;,&quot;prevEl&quot;:&quot;buttonPrev&quot;},&quot;breakpoints&quot;:[{&quot;slidesPerView&quot;:1}]}\" class=\"wp-block-group gt-is-slider gt-is-slider-desktop has-global-padding is-layout-constrained wp-block-group-is-layout-constrained\">\n<figure class=\"wp-block-image size-full has-custom-border\"><img decoding=\"async\" width=\"865\" height=\"577\" src=\"https:\/\/www.camping2laplage.com\/wp-content\/uploads\/2025\/08\/barrage-la-de-monteynard.webp\" alt=\"Staudamm von Monteynard\" class=\"wp-image-1808\" style=\"border-radius:25px\" srcset=\"https:\/\/www.camping2laplage.com\/wp-content\/uploads\/2025\/08\/barrage-la-de-monteynard.webp 865w, https:\/\/www.camping2laplage.com\/wp-content\/uploads\/2025\/08\/barrage-la-de-monteynard-300x200.webp 300w, https:\/\/www.camping2laplage.com\/wp-content\/uploads\/2025\/08\/barrage-la-de-monteynard-768x512.webp 768w\" sizes=\"(max-width: 865px) 100vw, 865px\" \/><\/figure>\n\n\n\n<figure class=\"wp-block-image size-full has-custom-border\"><img decoding=\"async\" width=\"865\" height=\"577\" src=\"https:\/\/www.camping2laplage.com\/wp-content\/uploads\/2025\/08\/passerelle-lac-de-monteynard.webp\" alt=\"Br&#xFC;cke &#xFC;ber den Monteynard-See\" class=\"wp-image-1840\" style=\"border-radius:25px\" srcset=\"https:\/\/www.camping2laplage.com\/wp-content\/uploads\/2025\/08\/passerelle-lac-de-monteynard.webp 865w, https:\/\/www.camping2laplage.com\/wp-content\/uploads\/2025\/08\/passerelle-lac-de-monteynard-300x200.webp 300w, https:\/\/www.camping2laplage.com\/wp-content\/uploads\/2025\/08\/passerelle-lac-de-monteynard-768x512.webp 768w\" sizes=\"(max-width: 865px) 100vw, 865px\" \/><\/figure>\n<\/div>\n<\/div>\n<\/div>\n<\/div>\n\n<div style=\"height:100px\" aria-hidden=\"true\" class=\"wp-block-spacer gt-hide-mobile\"><\/div>\n\n<div id=\"gt_3-ctafull_001\" class=\"wp-block-group has-global-padding is-layout-constrained wp-container-core-group-is-layout-12243e0f wp-block-group-is-layout-constrained\">\n<div id=\"slider-images\" class=\"wp-block-group has-global-padding is-layout-constrained wp-container-core-group-is-layout-e555385e wp-block-group-is-layout-constrained\">\n<div data-swiper=\"{&quot;speed&quot;:1000,&quot;autoplay&quot;:{&quot;delay&quot;:5000,&quot;disableOnInteraction&quot;:false},&quot;spaceBetween&quot;:0,&quot;slidesPerView&quot;:1,&quot;pagination&quot;:{&quot;el&quot;:&quot;.swiper-pagination&quot;,&quot;dynamicBullets&quot;:true,&quot;clickable&quot;:true,&quot;type&quot;:&quot;bullets&quot;},&quot;navigation&quot;:{&quot;nextEl&quot;:&quot;.swiper-button-next&quot;,&quot;prevEl&quot;:&quot;.swiper-button-prev&quot;},&quot;breakpoints&quot;:[{&quot;slidesPerView&quot;:1}]}\" class=\"wp-block-cover\"><img decoding=\"async\" width=\"1024\" height=\"512\" class=\"wp-block-cover__image-background wp-image-1794 size-large\" alt=\"location mobil home vercors\" src=\"https:\/\/www.camping2laplage.com\/wp-content\/uploads\/2025\/08\/location-mobil-home-vercors-1024x512.webp\" style=\"object-position:57% 100%\" data-object-fit=\"cover\" data-object-position=\"57% 100%\" srcset=\"https:\/\/www.camping2laplage.com\/wp-content\/uploads\/2025\/08\/location-mobil-home-vercors-1024x512.webp 1024w, https:\/\/www.camping2laplage.com\/wp-content\/uploads\/2025\/08\/location-mobil-home-vercors-300x150.webp 300w, https:\/\/www.camping2laplage.com\/wp-content\/uploads\/2025\/08\/location-mobil-home-vercors-768x384.webp 768w, https:\/\/www.camping2laplage.com\/wp-content\/uploads\/2025\/08\/location-mobil-home-vercors-1536x768.webp 1536w, https:\/\/www.camping2laplage.com\/wp-content\/uploads\/2025\/08\/location-mobil-home-vercors.webp 1920w\" sizes=\"(max-width: 1024px) 100vw, 1024px\" \/><span aria-hidden=\"true\" class=\"wp-block-cover__background has-background-dim\"><\/span><div class=\"wp-block-cover__inner-container has-global-padding is-layout-constrained wp-block-cover-is-layout-constrained\">\n<p class=\"has-text-align-center has-large-font-size\"><\/p>\n<\/div><\/div>\n<\/div>\n\n\n\n<div class=\"wp-block-columns has-custom-rouge-background-color has-background is-layout-flex wp-container-core-columns-is-layout-32f5ffe2 wp-block-columns-is-layout-flex\" id=\"content\" style=\"padding-top:6em;padding-right:8em;padding-bottom:6em;padding-left:8em\">\n<div class=\"wp-block-column col-content is-layout-flow wp-block-column-is-layout-flow\" style=\"flex-basis:100%\">\n<h2 class=\"wp-block-heading has-base-2-color has-text-color has-link-color wp-elements-3597d0bcbc668d9580810a2982f7fbf9\">Ein Erlebnis f\u00fcr alle<\/h2>\n\n\n\n<p class=\"has-base-2-color has-text-color has-link-color wp-elements-04fe579bb13e00ca791f6ab6f608ce9f\">Gro\u00df und Klein, auf zu <strong>neuen Abenteuern!<\/strong> Es erwartet Sie ein gro\u00dfartiges Abenteuer zwischen Himmel und Wasser, aber Vorsicht, wenn Sie unter H\u00f6henangst leiden! Die in Europa einzigartigen <a href=\"https:\/\/www.trieves-vercors.fr\/en\/trieves-highlights\/the-himalayan-footbridges\/\" target=\"_blank\" rel=\"noreferrer noopener nofollow\">Himalaya-Stege am Lac de Monteynard<\/a> bieten erfahrenen Wanderern wie auch Wanderanf\u00e4ngern ein neues Wandererlebnis.  <\/p>\n\n\n\n<p class=\"has-base-2-color has-text-color has-link-color wp-elements-cae83bb904777437e932ed330fb06552\">Je nach Wasserstand zwischen 45 und 85 Meter hoch und mehrere hundert Meter lang (220 m f\u00fcr die Br\u00fccke \u00fcber den Drac und 180 m f\u00fcr die \u00fcber den Ebron), bieten diese gigantischen Bauwerke ein wahrhaft sensationelles Erlebnis in luftiger H\u00f6he! Auch landschaftlich hat die Gegend mit einem atemberaubenden Blick auf die Schluchten und das t\u00fcrkisfarbene Wasser, das durch sie flie\u00dft, einiges zu bieten. <\/p>\n<\/div>\n<\/div>\n<\/div>\n\n<div style=\"height:100px\" aria-hidden=\"true\" class=\"wp-block-spacer gt-hide-mobile\"><\/div>\n\n<div id=\"gt_1-cta-svg_001\" class=\"wp-block-group has-global-padding is-layout-constrained wp-block-group-is-layout-constrained\">\n<div class=\"wp-block-columns are-vertically-aligned-center is-layout-flex wp-container-core-columns-is-layout-9b24e0e0 wp-block-columns-is-layout-flex\">\n<div class=\"wp-block-column is-vertically-aligned-center is-layout-flow wp-block-column-is-layout-flow\" id=\"image\">\n<div data-swiper=\"{&quot;speed&quot;:400,&quot;spaceBetween&quot;:16,&quot;slidesPerView&quot;:3,&quot;createElements&quot;:true,&quot;loop&quot;:true,&quot;freemode&quot;:true,&quot;navigation&quot;:{&quot;nextEl&quot;:&quot;buttonNext&quot;,&quot;prevEl&quot;:&quot;buttonPrev&quot;},&quot;breakpoints&quot;:[{&quot;slidesPerView&quot;:1}]}\" class=\"wp-block-group gt-is-slider gt-is-slider-desktop has-global-padding is-layout-constrained wp-block-group-is-layout-constrained\">\n<figure class=\"wp-block-image size-full has-custom-border\"><img decoding=\"async\" width=\"825\" height=\"550\" src=\"https:\/\/www.camping2laplage.com\/wp-content\/uploads\/2025\/08\/sentiers-de-randonees-camping-de-la-plage.png\" alt=\"Wanderwege Campingplatz am Strand\" class=\"wp-image-1960\" style=\"border-radius:25px\" srcset=\"https:\/\/www.camping2laplage.com\/wp-content\/uploads\/2025\/08\/sentiers-de-randonees-camping-de-la-plage.png 825w, https:\/\/www.camping2laplage.com\/wp-content\/uploads\/2025\/08\/sentiers-de-randonees-camping-de-la-plage-300x200.png 300w, https:\/\/www.camping2laplage.com\/wp-content\/uploads\/2025\/08\/sentiers-de-randonees-camping-de-la-plage-768x512.png 768w\" sizes=\"(max-width: 825px) 100vw, 825px\" \/><\/figure>\n\n\n\n<figure class=\"wp-block-image size-full has-custom-border\"><img decoding=\"async\" width=\"825\" height=\"550\" src=\"https:\/\/www.camping2laplage.com\/wp-content\/uploads\/2025\/08\/randonee-dans-le-vercors.png\" alt=\"Wanderung im Vercors\" class=\"wp-image-1956\" style=\"border-radius:25px\" srcset=\"https:\/\/www.camping2laplage.com\/wp-content\/uploads\/2025\/08\/randonee-dans-le-vercors.png 825w, https:\/\/www.camping2laplage.com\/wp-content\/uploads\/2025\/08\/randonee-dans-le-vercors-300x200.png 300w, https:\/\/www.camping2laplage.com\/wp-content\/uploads\/2025\/08\/randonee-dans-le-vercors-768x512.png 768w\" sizes=\"(max-width: 825px) 100vw, 825px\" \/><\/figure>\n<\/div>\n<\/div>\n\n\n\n<div class=\"wp-block-column is-vertically-aligned-center animated slideInUp is-layout-flow wp-block-column-is-layout-flow\" id=\"content\">\n<p>Man muss kein erfahrener Wanderer sein, um zu den Himalaya-Stegen des Lac de Monteynard zu gelangen. <\/p>\n\n\n\n<p>Es reicht aus, ein wenig Ausdauer mitzubringen und gerne spazieren zu gehen. <\/p>\n\n\n\n<p>Der Zugang erfolgt \u00fcber sch\u00f6ne, <strong>markierte Waldwege <\/strong>und Pfade, die mit bemerkenswerten Aussichtspunkten gespickt sind. Entlang der gesamten Strecke kann man Pausen einlegen, um zu picknicken oder einfach nur die Sch\u00f6nheit der Landschaft zu bewundern.  <\/p>\n\n\n\n<p>Nat\u00fcrlich sind die Stege \u00fcber den Drac und den Ebron vollst\u00e4ndig gesichert, sodass man mit <a href=\"https:\/\/www.camping2laplage.com\/de\/family-camping-alps\/\" data-type=\"page\" data-id=\"17\">Familie <\/a>oder Freunden frische Luft schnappen und ein wenig H\u00f6he gewinnen kann!<\/p>\n<\/div>\n<\/div>\n<\/div>\n\n<div style=\"height:100px\" aria-hidden=\"true\" class=\"wp-block-spacer gt-hide-mobile\"><\/div>\n\n<div class=\"wp-block-group content-alone has-global-padding is-layout-constrained wp-container-core-group-is-layout-146f470a wp-block-group-is-layout-constrained\" style=\"padding-right:10em;padding-left:10em\">\n<h2 class=\"wp-block-heading has-custom-rouge-color has-text-color has-link-color wp-elements-78f63dca0e4ef7db4038970250919731\">Praktische Informationen f\u00fcr Ihre Outdoor-Aktivit\u00e4ten rund um den Campingplatz<\/h2>\n\n\n\n<ul class=\"wp-block-list\">\n<li><strong><em>Bureau de la Montagne de Gresse<\/em><\/strong><\/li>\n<\/ul>\n\n\n\n<p>Weitere Informationen zu allen Aktivit\u00e4ten wie Radfahren, Wandern, Trekking, Nordic Walking, Astronomie oder Klettern finden Sie auf der offiziellen Website des <a href=\"https:\/\/www.alpes-rando.com\/\" target=\"_blank\" rel=\"noreferrer noopener nofollow\">Bureau de la Montagne<\/a> oder \u00fcber die Kontaktdaten (+33 6 60 88 12 67, <a href=\"mailto:gressemontagne@gmail.com\" target=\"_blank\" rel=\"noreferrer noopener nofollow\">gressemontagne@gmail.com<\/a>).<\/p>\n\n\n\n<ul class=\"wp-block-list\">\n<li><strong><em>Bureau des Guides du Mont Aiguille<\/em><\/strong><\/li>\n<\/ul>\n\n\n\n<p>F\u00fcr anspruchsvolle Aktivit\u00e4ten wie Bergsteigen, Klettern (Mont Aiguille), Canyoning und Klettersteige finden Sie alle notwendigen Informationen auf der Website des <a href=\"https:\/\/guidesmontaiguille.com\/\" target=\"_blank\" rel=\"noreferrer noopener nofollow\">Bergf\u00fchrerb\u00fcros des Mont Aiguille<\/a> oder \u00fcber die Kontaktdaten (+33 6 22 44 30 62).<\/p>\n<\/div>\n\n<div style=\"height:100px\" aria-hidden=\"true\" class=\"wp-block-spacer gt-hide-mobile\"><\/div>\n\n<section class=\"wp-block-group alignfull bloc-maillage has-global-padding is-layout-constrained wp-container-core-group-is-layout-6131d34a wp-block-group-is-layout-constrained\" style=\"margin-top:0px;margin-bottom:0px;padding-top:10rem;padding-right:0;padding-bottom:10rem;padding-left:0rem\">\n<p class=\"has-text-align-center has-custom-rouge-color has-text-color has-link-color has-basteleur-font-family wp-elements-088d06e8262be72cdce378d330246c48\" style=\"font-size:clamp(2.2rem, 2.2rem + ((1vw - 0.2rem) * 1.714), 4rem);\">Entdecken Sie<\/p>\n\n\n\n<p class=\"has-text-align-center has-custom-rouge-color has-text-color has-link-color has-basteleur-font-family wp-elements-f557dd540bf0f2c4158ff2f169a60968\" style=\"font-size:clamp(1.25rem, 1.25rem + ((1vw - 0.2rem) * 0.714), 2rem);\">die Umgebung zu Fu\u00df, mit dem Fahrrad oder auf dem Wasser erkunden<\/p>\n\n\n\n<div class=\"wp-block-group maillage is-layout-flow wp-block-group-is-layout-flow\">\n<div class=\"wp-block-query alignfull is-layout-flow wp-block-query-is-layout-flow\"><ul class=\"columns-3 wp-block-post-template is-layout-grid wp-container-core-post-template-is-layout-572542b5 wp-block-post-template-is-layout-grid\"><li class=\"wp-block-post post-3172 page type-page status-publish has-post-thumbnail hentry\">\n\n<div class=\"wp-block-group overflow-hidden gt-maillage has-global-padding is-layout-constrained wp-block-group-is-layout-constrained\">\n<figure class=\"wp-block-image gt-maillage__image\"><img decoding=\"async\" src=\"https:\/\/www.camping2laplage.com\/wp-content\/uploads\/2025\/08\/Design-sans-titre-4.webp\" alt=\"Zu Fu\u00df\" style=\"aspect-ratio:3\/4;object-fit:cover\"\/><\/figure>\n\n\n\n<p class=\"has-text-align-right gt-maillage__title gt-btn-arrow has-base-2-color has-text-color has-link-color has-basteleur-font-family wp-elements-5851ac654ece7c734572285f86f288d5\" style=\"border-right-style:none;border-right-width:0px;border-bottom-style:none;border-bottom-width:0px;padding-right:1rem;font-size:clamp(1.743rem, 1.743rem + ((1vw - 0.2rem) * 1.197), 3rem);font-style:normal;font-weight:300;text-transform:none\">Zu Fu\u00df<\/p>\n\n\n<a class=\"is-style-lien-cover wp-block-read-more\" href=\"https:\/\/www.camping2laplage.com\/de\/camping-wanderungen-isere\/\" target=\"_self\">Weiterlesen<span class=\"screen-reader-text\">: Zu Fu\u00df<\/span><\/a><\/div>\n\n<\/li><li class=\"wp-block-post post-3181 page type-page status-publish has-post-thumbnail hentry\">\n\n<div class=\"wp-block-group overflow-hidden gt-maillage has-global-padding is-layout-constrained wp-block-group-is-layout-constrained\">\n<figure class=\"wp-block-image gt-maillage__image\"><img decoding=\"async\" src=\"https:\/\/www.camping2laplage.com\/wp-content\/uploads\/2025\/08\/camping-labelise-velo-vercors.webp\" alt=\"Mit dem Fahrrad\" style=\"aspect-ratio:3\/4;object-fit:cover\"\/><\/figure>\n\n\n\n<p class=\"has-text-align-right gt-maillage__title gt-btn-arrow has-base-2-color has-text-color has-link-color has-basteleur-font-family wp-elements-5851ac654ece7c734572285f86f288d5\" style=\"border-right-style:none;border-right-width:0px;border-bottom-style:none;border-bottom-width:0px;padding-right:1rem;font-size:clamp(1.743rem, 1.743rem + ((1vw - 0.2rem) * 1.197), 3rem);font-style:normal;font-weight:300;text-transform:none\">Mit dem Fahrrad<\/p>\n\n\n<a class=\"is-style-lien-cover wp-block-read-more\" href=\"https:\/\/www.camping2laplage.com\/de\/campingplatz-fahrrad-isere\/\" target=\"_self\">Weiterlesen<span class=\"screen-reader-text\">: Mit dem Fahrrad<\/span><\/a><\/div>\n\n<\/li><li class=\"wp-block-post post-3231 page type-page status-publish has-post-thumbnail hentry\">\n\n<div class=\"wp-block-group overflow-hidden gt-maillage has-global-padding is-layout-constrained wp-block-group-is-layout-constrained\">\n<figure class=\"wp-block-image gt-maillage__image\"><img decoding=\"async\" src=\"https:\/\/www.camping2laplage.com\/wp-content\/uploads\/2025\/08\/camping-dans-le-vercors-1.webp\" alt=\"Auf dem Wasser\" style=\"aspect-ratio:3\/4;object-fit:cover\"\/><\/figure>\n\n\n\n<p class=\"has-text-align-right gt-maillage__title gt-btn-arrow has-base-2-color has-text-color has-link-color has-basteleur-font-family wp-elements-5851ac654ece7c734572285f86f288d5\" style=\"border-right-style:none;border-right-width:0px;border-bottom-style:none;border-bottom-width:0px;padding-right:1rem;font-size:clamp(1.743rem, 1.743rem + ((1vw - 0.2rem) * 1.197), 3rem);font-style:normal;font-weight:300;text-transform:none\">Auf dem Wasser<\/p>\n\n\n<a class=\"is-style-lien-cover wp-block-read-more\" href=\"https:\/\/www.camping2laplage.com\/de\/aktivitaten-kitesurfen-lac-monteynard\/\" target=\"_self\">Weiterlesen<span class=\"screen-reader-text\">: Auf dem Wasser<\/span><\/a><\/div>\n\n<\/li><\/ul><\/div>\n<\/div>\n<\/section>\n","protected":false},"excerpt":{"rendered":"<p>Campingplatz 2 am Strand &gt; Aktivit\u00e4ten in der N\u00e4he des Campingplatzes in Treffort Himalaya-Stege am Lac de Monteynard Die Himalaya-Stege am Lac de Monteynard: ein Ausflug voller Nervenkitzel! An Superlativen mangelt es in der Regel nicht, wenn man Wanderer befragt, die vom Campingplatz \u201eCamping de la Plage\u201d, Ihrem Campingplatz in Is\u00e8re, von einer Wanderung rund [&hellip;]<\/p>\n","protected":false},"author":1,"featured_media":2139,"parent":0,"menu_order":0,"comment_status":"closed","ping_status":"closed","template":"","meta":{"_acf_changed":false,"_seopress_robots_primary_cat":"","_seopress_titles_title":"Entdecken Sie die Aktivit\u00e4ten in der N\u00e4he des Campingplatzes in Treffort (38)","_seopress_titles_desc":"","_seopress_robots_index":"","_gt_ctv_global_id":"","_gt_ctv_id_group":false,"inline_featured_image":false,"gt_fse_maillage_image":"https:\/\/www.camping2laplage.com\/wp-content\/uploads\/2025\/08\/lac-alpes-e1755781225765.jpg","gt_fse_maillage_titre":"In der Luft: Laufstege","gt_fse_maillage_alt":"In der Luft: Laufstege","gt_fse_maillage_resume":"","footnotes":""},"categories":[],"tags":[],"class_list":["post-3204","page","type-page","status-publish","has-post-thumbnail","hentry"],"acf":[],"_links":{"self":[{"href":"https:\/\/www.camping2laplage.com\/de\/wp-json\/wp\/v2\/pages\/3204","targetHints":{"allow":["GET"]}}],"collection":[{"href":"https:\/\/www.camping2laplage.com\/de\/wp-json\/wp\/v2\/pages"}],"about":[{"href":"https:\/\/www.camping2laplage.com\/de\/wp-json\/wp\/v2\/types\/page"}],"author":[{"embeddable":true,"href":"https:\/\/www.camping2laplage.com\/de\/wp-json\/wp\/v2\/users\/1"}],"replies":[{"embeddable":true,"href":"https:\/\/www.camping2laplage.com\/de\/wp-json\/wp\/v2\/comments?post=3204"}],"version-history":[{"count":4,"href":"https:\/\/www.camping2laplage.com\/de\/wp-json\/wp\/v2\/pages\/3204\/revisions"}],"predecessor-version":[{"id":3312,"href":"https:\/\/www.camping2laplage.com\/de\/wp-json\/wp\/v2\/pages\/3204\/revisions\/3312"}],"wp:featuredmedia":[{"embeddable":true,"href":"https:\/\/www.camping2laplage.com\/de\/wp-json\/wp\/v2\/media\/2139"}],"wp:attachment":[{"href":"https:\/\/www.camping2laplage.com\/de\/wp-json\/wp\/v2\/media?parent=3204"}],"wp:term":[{"taxonomy":"category","embeddable":true,"href":"https:\/\/www.camping2laplage.com\/de\/wp-json\/wp\/v2\/categories?post=3204"},{"taxonomy":"post_tag","embeddable":true,"href":"https:\/\/www.camping2laplage.com\/de\/wp-json\/wp\/v2\/tags?post=3204"}],"curies":[{"name":"wp","href":"https:\/\/api.w.org\/{rel}","templated":true}]}}