{"id":3222,"date":"2025-07-09T13:14:55","date_gmt":"2025-07-09T11:14:55","guid":{"rendered":"https:\/\/www.camping2laplage.com\/camping-alpes\/"},"modified":"2025-12-02T08:31:19","modified_gmt":"2025-12-02T07:31:19","slug":"camping-alpes","status":"publish","type":"page","link":"https:\/\/www.camping2laplage.com\/de\/camping-alpes\/","title":{"rendered":"Die Alpen"},"content":{"rendered":"\n<div id=\"titre-fil\" class=\"wp-block-group is-vertical is-content-justification-center is-layout-flex wp-container-core-group-is-layout-3fb1c651 wp-block-group-is-layout-flex\" style=\"padding-right:20%;padding-left:20%\">\n<div class=\"wp-block-group is-horizontal is-layout-flex wp-container-core-group-is-layout-048c9698 wp-block-group-is-layout-flex\">\n<p class=\"has-text-align-center has-custom-rouge-color has-text-color has-link-color wp-elements-251412a27ccec0aa8b9848f73bd4b0f4\" style=\"font-style:normal;font-weight:400;letter-spacing:2px\"><a href=\"https:\/\/www.camping2laplage.com\/de\/campingplatz-treffort\/\" data-type=\"page\" data-id=\"5\">Campingplatz 2 am Strand<\/a> &gt;<\/p>\n\n\n<p class=\"has-text-align-center has-custom-rouge-color has-text-color has-link-color\" \n    style=\"font-style:normal;font-weight:400;letter-spacing:2px\">Die Alpen<\/p>\n<\/div>\n\n\n\n<h1 class=\"wp-block-heading has-text-align-center has-custom-rouge-color has-text-color has-link-color has-basteleur-font-family wp-elements-6862eee1ca30a863ba4c0f9235326a09\" id=\"titre-page\" style=\"font-size:clamp(2.629rem, 2.629rem + ((1vw - 0.2rem) * 2.258), 5rem);font-style:normal;font-weight:700;line-height:1.1\">Tourismus in den Alpen<\/h1>\n<\/div>\n\n<div style=\"height:100px\" aria-hidden=\"true\" class=\"wp-block-spacer gt-hide-mobile\"><\/div>\n\n<div id=\"gt_1-cta-svg_001\" class=\"wp-block-group has-global-padding is-layout-constrained wp-block-group-is-layout-constrained\">\n<div class=\"wp-block-columns are-vertically-aligned-center is-layout-flex wp-container-core-columns-is-layout-9b24e0e0 wp-block-columns-is-layout-flex\">\n<div class=\"wp-block-column is-vertically-aligned-center animated slideInUp is-layout-flow wp-block-column-is-layout-flow\" id=\"content\">\n<h2 class=\"wp-block-heading has-custom-rouge-color has-text-color has-link-color wp-elements-b2d86d2ce905fb44ee583139f6c0d665\">Die Berge am Fu\u00dfe des Campingplatzes<\/h2>\n\n\n\n<p>Eingebettet in eine <strong>gesch\u00fctzte Umgebung<\/strong> sind die Alpen ein ideales Ziel f\u00fcr einen <strong>Campingurlaub in der Natur<\/strong>. Zwischen majest\u00e4tischen Gipfeln, gr\u00fcnen T\u00e4lern und kristallklaren Seen gibt es unz\u00e4hlige Freizeitm\u00f6glichkeiten.  <\/p>\n\n\n\n<p>Sie k\u00f6nnen <strong>klettern<\/strong>, <strong>paragleiten <\/strong>oder <strong>canyoning <\/strong>betreiben, um Ihren Adrenalinspiegel in die H\u00f6he zu treiben, oder sich einfach bei einer <a href=\"https:\/\/www.camping2laplage.com\/de\/camping-wanderungen-isere\/\" data-type=\"page\" data-id=\"15\">Wanderung <\/a>im Wald oder einem Picknick am Ufer eines Alpensees entspannen. Das lokale Kulturerbe, reich an <strong>Traditionen <\/strong>und<strong> Know-how<\/strong>, l\u00e4sst sich auch in den typischen D\u00f6rfern, auf den lokalen M\u00e4rkten und bei den gastronomischen <strong>Spezialit\u00e4ten entdecken<\/strong>.  <\/p>\n\n\n    <div id=\"gt-fse-lire-plus-69f0ddad57f78\" class=\"gt-fse-lire-plus\" data-min-height=\"130\" style=\"background-color: #fff;\">\n        <input id=\"gt-fse-lire-plus-69f0ddad57f78-toggle\" type=\"checkbox\" class=\"gt-fse-lire-plus__toggle\" \/>\n        <label for=\"gt-fse-lire-plus-69f0ddad57f78-toggle\" class=\"gt-fse-lire-plus__toggle-label\">\n            <span>Mehr lesen<\/span>\n            <span>Weniger lesen<\/span>\n        <\/label>\n        <div class=\"gt-fse-lire-plus__content\" style=\"height: 130px;\">\n            \n\n<p>Nutzen Sie Ihren Aufenthalt, um die sch\u00f6nsten regionalen Naturparks zu erkunden, Wildtiere zu beobachten oder einen Sonnenuntergang auf den Berggipfeln zu bewundern. Ob Sie nun Liebhaber der freien Natur, Wanderfan oder auf der Suche nach Ruhe sind, ein Aufenthalt auf dem <a href=\"https:\/\/www.camping2laplage.com\/de\/campingplatz-treffort\/\" data-type=\"page\" data-id=\"5\">Campingplatz in Is\u00e8re<\/a>, im Herzen der Alpen, verspricht Ihnen ein unvergessliches Erlebnis inmitten der Natur. <\/p>\n\n\n\n<p>Die <a href=\"https:\/\/de.routedesgrandesalpes.com\/\" target=\"_blank\" rel=\"noreferrer noopener nofollow\">Route des Grandes Alpes<\/a> bietet eine wundersch\u00f6ne Fahrt, <strong>reich an Entdeckungen aller Art<\/strong>. <a href=\"https:\/\/www.camping2laplage.com\/de\/campingplatz-fahrrad-isere\/\" data-type=\"page\" data-id=\"16\">Ob mit<\/a> dem Fahrrad, Motorrad, Auto oder Wohnmobil \u2013 diese Route ist wie f\u00fcr Sie gemacht. <\/p>\n\n\n\n<p>Die Alpen bieten auch zahlreiche <strong>Seen zum Baden<\/strong>, <a href=\"https:\/\/www.camping2laplage.com\/de\/campingplatz-am-see-wassersportzentrum-treffort\/\" data-type=\"page\" data-id=\"8\">Wassersport am Ufer des Lac de Monteynard zum Beispiel<\/a>, und eine Augenweide. Folgen Sie der Route Napol\u00e9on zwischen Cannes und Grenoble. 325 Kilometer Landschaft und Entdeckungen!  <\/p>\n\n\n\n<p>Liebhaber der Fauna und Flora werden von der Vielfalt der alpinen <strong>\u00d6kosysteme <\/strong>begeistert sein, die sich ideal zum Beobachten und Betrachten eignen. Zahlreiche Routen erm\u00f6glichen es Ihnen au\u00dferdem, die Entdeckung der Region mit einem Eintauchen in die Natur zu verbinden, indem Sie Wege entlang von Bauernh\u00f6fen, lokalen Produzenten und atemberaubenden Panoramen folgen.  <\/p>\n\n\n\n<p>Ob Sie zu zweit, mit Freunden oder mit der <a href=\"https:\/\/www.camping2laplage.com\/de\/family-camping-alps\/\" data-type=\"page\" data-id=\"17\">Familie <\/a>reisen, die Alpen bieten den perfekten Rahmen, um neue Energie zu tanken, sich wieder auf das Wesentliche zu besinnen und einen aktiven, bereichernden und unvergesslichen Urlaub zu erleben.<\/p>\n\n            <div class=\"gt-fse-lire-plus__gradient\" style=\"background: linear-gradient(to bottom,rgba(255,255,255,0) 0%,rgba(255,255,255,1) 100%);\"><\/div>\n        <\/div>\n    <\/div>\n    <\/div>\n\n\n\n<div class=\"wp-block-column is-vertically-aligned-center is-layout-flow wp-block-column-is-layout-flow\" id=\"image\">\n<div data-swiper=\"{&quot;speed&quot;:400,&quot;spaceBetween&quot;:16,&quot;slidesPerView&quot;:3,&quot;createElements&quot;:true,&quot;loop&quot;:true,&quot;freemode&quot;:true,&quot;navigation&quot;:{&quot;nextEl&quot;:&quot;buttonNext&quot;,&quot;prevEl&quot;:&quot;buttonPrev&quot;},&quot;breakpoints&quot;:[{&quot;slidesPerView&quot;:1}]}\" class=\"wp-block-group gt-is-slider gt-is-slider-desktop has-global-padding is-layout-constrained wp-block-group-is-layout-constrained\">\n<figure class=\"wp-block-image size-large has-custom-border\"><img decoding=\"async\" width=\"1024\" height=\"683\" src=\"https:\/\/www.camping2laplage.com\/wp-content\/uploads\/2025\/08\/tourisme-alpes-1024x683.jpg\" alt=\"Tourismus Alpen\" class=\"wp-image-2019\" style=\"border-radius:25px\" srcset=\"https:\/\/www.camping2laplage.com\/wp-content\/uploads\/2025\/08\/tourisme-alpes-1024x683.jpg 1024w, https:\/\/www.camping2laplage.com\/wp-content\/uploads\/2025\/08\/tourisme-alpes-300x200.jpg 300w, https:\/\/www.camping2laplage.com\/wp-content\/uploads\/2025\/08\/tourisme-alpes-768x512.jpg 768w, https:\/\/www.camping2laplage.com\/wp-content\/uploads\/2025\/08\/tourisme-alpes.jpg 1199w\" sizes=\"(max-width: 1024px) 100vw, 1024px\" \/><\/figure>\n<\/div>\n<\/div>\n<\/div>\n<\/div>\n\n<div style=\"height:100px\" aria-hidden=\"true\" class=\"wp-block-spacer gt-hide-mobile\"><\/div>\n\n<div id=\"gt_1-cta-svg_001\" class=\"wp-block-group has-global-padding is-layout-constrained wp-block-group-is-layout-constrained\">\n<div class=\"wp-block-columns are-vertically-aligned-center is-layout-flex wp-container-core-columns-is-layout-9b24e0e0 wp-block-columns-is-layout-flex\">\n<div class=\"wp-block-column is-vertically-aligned-center is-layout-flow wp-block-column-is-layout-flow\" id=\"image\">\n<div data-swiper=\"{&quot;speed&quot;:400,&quot;spaceBetween&quot;:16,&quot;slidesPerView&quot;:3,&quot;createElements&quot;:true,&quot;loop&quot;:true,&quot;freemode&quot;:true,&quot;navigation&quot;:{&quot;nextEl&quot;:&quot;buttonNext&quot;,&quot;prevEl&quot;:&quot;buttonPrev&quot;},&quot;breakpoints&quot;:[{&quot;slidesPerView&quot;:1}]}\" class=\"wp-block-group gt-is-slider gt-is-slider-desktop has-global-padding is-layout-constrained wp-block-group-is-layout-constrained\">\n<figure class=\"wp-block-image size-large has-custom-border\"><img decoding=\"async\" width=\"1024\" height=\"683\" src=\"https:\/\/www.camping2laplage.com\/wp-content\/uploads\/2025\/08\/vistes-dans-les-alpes-1024x683.jpg\" alt=\"Besuche in den Alpen\" class=\"wp-image-2030\" style=\"border-radius:25px\" srcset=\"https:\/\/www.camping2laplage.com\/wp-content\/uploads\/2025\/08\/vistes-dans-les-alpes-1024x683.jpg 1024w, https:\/\/www.camping2laplage.com\/wp-content\/uploads\/2025\/08\/vistes-dans-les-alpes-300x200.jpg 300w, https:\/\/www.camping2laplage.com\/wp-content\/uploads\/2025\/08\/vistes-dans-les-alpes-768x512.jpg 768w, https:\/\/www.camping2laplage.com\/wp-content\/uploads\/2025\/08\/vistes-dans-les-alpes.jpg 1199w\" sizes=\"(max-width: 1024px) 100vw, 1024px\" \/><\/figure>\n\n\n\n<figure class=\"wp-block-image size-large has-custom-border\"><img decoding=\"async\" width=\"1024\" height=\"683\" src=\"https:\/\/www.camping2laplage.com\/wp-content\/uploads\/2025\/08\/ferme-alpes-1024x683.jpg\" alt=\"Alpenbauernhof\" class=\"wp-image-2037\" style=\"border-radius:25px\" srcset=\"https:\/\/www.camping2laplage.com\/wp-content\/uploads\/2025\/08\/ferme-alpes-1024x683.jpg 1024w, https:\/\/www.camping2laplage.com\/wp-content\/uploads\/2025\/08\/ferme-alpes-300x200.jpg 300w, https:\/\/www.camping2laplage.com\/wp-content\/uploads\/2025\/08\/ferme-alpes-768x512.jpg 768w, https:\/\/www.camping2laplage.com\/wp-content\/uploads\/2025\/08\/ferme-alpes.jpg 1199w\" sizes=\"(max-width: 1024px) 100vw, 1024px\" \/><\/figure>\n<\/div>\n<\/div>\n\n\n\n<div class=\"wp-block-column is-vertically-aligned-center animated slideInUp is-layout-flow wp-block-column-is-layout-flow\" id=\"content\">\n<h2 class=\"wp-block-heading has-custom-rouge-color has-text-color has-link-color wp-elements-5d10669008f7c1e115fd3eec1e846216\">St\u00e4dte in der Umgebung des Campingplatzes<\/h2>\n\n\n\n<p>Auch das architektonische Erbe ist au\u00dfergew\u00f6hnlich. Es gibt zahlreiche St\u00e4dte zu entdecken. Wenn Sie durch das <a href=\"https:\/\/www.camping2laplage.com\/de\/campingplatz-trieves\/\" data-type=\"page\" data-id=\"19\">Tri\u00e8ves<\/a>-Gebiet reisen und St\u00e4dte lieben, sollten Sie unbedingt <strong>Grenoble <\/strong>besuchen. Eine Region voller Geschichte und Innovation, nur <strong>30 Minuten vom Campingplatz entfernt<\/strong>.    <\/p>\n\n\n\n<p>Kunst: Besuchen Sie die Museen und bewundern Sie das Gem\u00e4lde \u201eSaint-Gr\u00e9goire\u201c von Rubens im <a href=\"https:\/\/www.museedegrenoble.fr\/1986-the-museum-in-english.htm\" target=\"_blank\" rel=\"noreferrer noopener nofollow\">Mus\u00e9e de Grenoble<\/a>. Steigen Sie mit der <strong>Seilbahn <\/strong>in luftige H\u00f6hen. Genie\u00dfen Sie die neuesten Escape-Games und andere Abenteuer, die Sie mit Freunden oder der Familie erleben k\u00f6nnen. <\/p>\n\n\n    <div id=\"gt-fse-lire-plus-69f0ddad59c93\" class=\"gt-fse-lire-plus\" data-min-height=\"130\" style=\"background-color: #fff;\">\n        <input id=\"gt-fse-lire-plus-69f0ddad59c93-toggle\" type=\"checkbox\" class=\"gt-fse-lire-plus__toggle\" \/>\n        <label for=\"gt-fse-lire-plus-69f0ddad59c93-toggle\" class=\"gt-fse-lire-plus__toggle-label\">\n            <span>Mehr lesen<\/span>\n            <span>Weniger lesen<\/span>\n        <\/label>\n        <div class=\"gt-fse-lire-plus__content\" style=\"height: 130px;\">\n            \n\n<p>F\u00fcr lokale Souvenirs voller Geschmack empfehlen wir Ihnen einen Abstecher zu den lokalen K\u00e4sereien, Metzgereien und Brauereien! In der N\u00e4he des Campingplatzes La Plage finden Sie folgende Adressen:  <\/p>\n\n\n\n<ul class=\"wp-block-list\">\n<li><strong>La Ferme de Pied Rond<\/strong> in Treffort (3 km): Der Bauernhof z\u00fcchtet Schweine im Freien und bietet Ihnen lokales Fleisch an.<\/li>\n\n\n\n<li><strong>La Ferme de Maubleu<\/strong> in Sinard (7 km): Dieser Bauernhof bietet verschiedene lokale Lebensmittel zum Verkauf an.<\/li>\n<\/ul>\n\n\n\n<p>In Monestier-de-Clermont (11,5 km) finden Sie den kleinen Laden <strong>L&#8217;Atelier du Pr\u00e9 Long<\/strong>, der umweltfreundlich gen\u00e4hte und upgecycelte Accessoires (Verwertung von Stoffresten, um ihnen einen neuen Nutzen zu geben) anbietet, sowie den Laden<strong> A.N.G c\u00e9ramiques<\/strong>, der modernes und farbenfrohes Porzellan anbietet.<\/p>\n\n            <div class=\"gt-fse-lire-plus__gradient\" style=\"background: linear-gradient(to bottom,rgba(255,255,255,0) 0%,rgba(255,255,255,1) 100%);\"><\/div>\n        <\/div>\n    <\/div>\n    <\/div>\n<\/div>\n<\/div>\n\n<section class=\"wp-block-group alignfull bloc-maillage has-global-padding is-layout-constrained wp-container-core-group-is-layout-6131d34a wp-block-group-is-layout-constrained\" style=\"margin-top:0px;margin-bottom:0px;padding-top:10rem;padding-right:0;padding-bottom:10rem;padding-left:0rem\">\n<p class=\"has-text-align-center has-custom-rouge-color has-text-color has-link-color has-basteleur-font-family wp-elements-088d06e8262be72cdce378d330246c48\" style=\"font-size:clamp(2.2rem, 2.2rem + ((1vw - 0.2rem) * 1.714), 4rem);\">Entdecken Sie<\/p>\n\n\n\n<p class=\"has-text-align-center has-custom-rouge-color has-text-color has-link-color has-basteleur-font-family wp-elements-a4696212715025354345507f37806d52\" style=\"font-size:clamp(1.25rem, 1.25rem + ((1vw - 0.2rem) * 0.714), 2rem);\">das Tri\u00e8ves und das Vercors von einer unserer Ferienwohnungen aus.<\/p>\n\n\n\n<div class=\"wp-block-group maillage is-layout-flow wp-block-group-is-layout-flow\">\n<div class=\"wp-block-query alignfull is-layout-flow wp-block-query-is-layout-flow\"><ul class=\"columns-3 wp-block-post-template is-layout-grid wp-container-core-post-template-is-layout-572542b5 wp-block-post-template-is-layout-grid\"><li class=\"wp-block-post post-3215 page type-page status-publish has-post-thumbnail hentry\">\n\n<div class=\"wp-block-group overflow-hidden gt-maillage has-global-padding is-layout-constrained wp-block-group-is-layout-constrained\">\n<figure class=\"wp-block-image gt-maillage__image\"><img decoding=\"async\" src=\"https:\/\/www.camping2laplage.com\/wp-content\/uploads\/2025\/08\/Mont-aiguille-dans-le-vercors-camping-de-la-plage.png\" alt=\"Mont Aiguille im Vercors Campingplatz am Strand\" style=\"aspect-ratio:3\/4;object-fit:cover\"\/><\/figure>\n\n\n\n<p class=\"has-text-align-right gt-maillage__title gt-btn-arrow has-base-2-color has-text-color has-link-color has-basteleur-font-family wp-elements-5851ac654ece7c734572285f86f288d5\" style=\"border-right-style:none;border-right-width:0px;border-bottom-style:none;border-bottom-width:0px;padding-right:1rem;font-size:clamp(1.743rem, 1.743rem + ((1vw - 0.2rem) * 1.197), 3rem);font-style:normal;font-weight:300;text-transform:none\">Vercors<\/p>\n\n\n<a class=\"is-style-lien-cover wp-block-read-more\" href=\"https:\/\/www.camping2laplage.com\/de\/camping-vercors\/\" target=\"_self\">Weiterlesen<span class=\"screen-reader-text\">: Vercors<\/span><\/a><\/div>\n\n<\/li><li class=\"wp-block-post post-2467 page type-page status-publish has-post-thumbnail hentry\">\n\n<div class=\"wp-block-group overflow-hidden gt-maillage has-global-padding is-layout-constrained wp-block-group-is-layout-constrained\">\n<figure class=\"wp-block-image gt-maillage__image\"><img decoding=\"async\" src=\"https:\/\/www.camping2laplage.com\/wp-content\/uploads\/2025\/08\/location-hebergement-isere.jpg\" alt=\"vermietung von ferienwohnungen isere\" style=\"aspect-ratio:3\/4;object-fit:cover\"\/><\/figure>\n\n\n\n<p class=\"has-text-align-right gt-maillage__title gt-btn-arrow has-base-2-color has-text-color has-link-color has-basteleur-font-family wp-elements-5851ac654ece7c734572285f86f288d5\" style=\"border-right-style:none;border-right-width:0px;border-bottom-style:none;border-bottom-width:0px;padding-right:1rem;font-size:clamp(1.743rem, 1.743rem + ((1vw - 0.2rem) * 1.197), 3rem);font-style:normal;font-weight:300;text-transform:none\">Unsere Preise<\/p>\n\n\n<a class=\"is-style-lien-cover wp-block-read-more\" href=\"https:\/\/www.camping2laplage.com\/de\/mobilheimvermietung-treffort\/\" target=\"_self\">Weiterlesen<span class=\"screen-reader-text\">: Die Vermietungen<\/span><\/a><\/div>\n\n<\/li><li class=\"wp-block-post post-3258 page type-page status-publish has-post-thumbnail hentry\">\n\n<div class=\"wp-block-group overflow-hidden gt-maillage has-global-padding is-layout-constrained wp-block-group-is-layout-constrained\">\n<figure class=\"wp-block-image gt-maillage__image\"><img decoding=\"async\" src=\"https:\/\/www.camping2laplage.com\/wp-content\/uploads\/2025\/08\/vizille-vercors.webp\" alt=\"Tri\u00e8ves\" style=\"aspect-ratio:3\/4;object-fit:cover\"\/><\/figure>\n\n\n\n<p class=\"has-text-align-right gt-maillage__title gt-btn-arrow has-base-2-color has-text-color has-link-color has-basteleur-font-family wp-elements-5851ac654ece7c734572285f86f288d5\" style=\"border-right-style:none;border-right-width:0px;border-bottom-style:none;border-bottom-width:0px;padding-right:1rem;font-size:clamp(1.743rem, 1.743rem + ((1vw - 0.2rem) * 1.197), 3rem);font-style:normal;font-weight:300;text-transform:none\">Tri\u00e8ves<\/p>\n\n\n<a class=\"is-style-lien-cover wp-block-read-more\" href=\"https:\/\/www.camping2laplage.com\/de\/campingplatz-trieves\/\" target=\"_self\">Weiterlesen<span class=\"screen-reader-text\">: Tri\u00e8ves<\/span><\/a><\/div>\n\n<\/li><\/ul><\/div>\n<\/div>\n<\/section>\n","protected":false},"excerpt":{"rendered":"<p>Campingplatz 2 am Strand &gt; Tourismus in den Alpen Die Berge am Fu\u00dfe des Campingplatzes Eingebettet in eine gesch\u00fctzte Umgebung sind die Alpen ein ideales Ziel f\u00fcr einen Campingurlaub in der Natur. Zwischen majest\u00e4tischen Gipfeln, gr\u00fcnen T\u00e4lern und kristallklaren Seen gibt es unz\u00e4hlige Freizeitm\u00f6glichkeiten. Sie k\u00f6nnen klettern, paragleiten oder canyoning betreiben, um Ihren Adrenalinspiegel in [&hellip;]<\/p>\n","protected":false},"author":1,"featured_media":2053,"parent":0,"menu_order":0,"comment_status":"closed","ping_status":"closed","template":"","meta":{"_acf_changed":false,"_seopress_robots_primary_cat":"","_seopress_titles_title":"Camping in den Alpen 38: Aktivit\u00e4ten in den Bergen, St\u00e4dtebesichtigungen","_seopress_titles_desc":"","_seopress_robots_index":"","_gt_ctv_global_id":"","_gt_ctv_id_group":false,"inline_featured_image":false,"gt_fse_maillage_image":"https:\/\/www.camping2laplage.com\/wp-content\/uploads\/2025\/08\/alpes-tourisme.jpg","gt_fse_maillage_titre":"Die Alpen","gt_fse_maillage_alt":"Die Alpen","gt_fse_maillage_resume":"","footnotes":""},"categories":[],"tags":[],"class_list":["post-3222","page","type-page","status-publish","has-post-thumbnail","hentry"],"acf":[],"_links":{"self":[{"href":"https:\/\/www.camping2laplage.com\/de\/wp-json\/wp\/v2\/pages\/3222","targetHints":{"allow":["GET"]}}],"collection":[{"href":"https:\/\/www.camping2laplage.com\/de\/wp-json\/wp\/v2\/pages"}],"about":[{"href":"https:\/\/www.camping2laplage.com\/de\/wp-json\/wp\/v2\/types\/page"}],"author":[{"embeddable":true,"href":"https:\/\/www.camping2laplage.com\/de\/wp-json\/wp\/v2\/users\/1"}],"replies":[{"embeddable":true,"href":"https:\/\/www.camping2laplage.com\/de\/wp-json\/wp\/v2\/comments?post=3222"}],"version-history":[{"count":4,"href":"https:\/\/www.camping2laplage.com\/de\/wp-json\/wp\/v2\/pages\/3222\/revisions"}],"predecessor-version":[{"id":3310,"href":"https:\/\/www.camping2laplage.com\/de\/wp-json\/wp\/v2\/pages\/3222\/revisions\/3310"}],"wp:featuredmedia":[{"embeddable":true,"href":"https:\/\/www.camping2laplage.com\/de\/wp-json\/wp\/v2\/media\/2053"}],"wp:attachment":[{"href":"https:\/\/www.camping2laplage.com\/de\/wp-json\/wp\/v2\/media?parent=3222"}],"wp:term":[{"taxonomy":"category","embeddable":true,"href":"https:\/\/www.camping2laplage.com\/de\/wp-json\/wp\/v2\/categories?post=3222"},{"taxonomy":"post_tag","embeddable":true,"href":"https:\/\/www.camping2laplage.com\/de\/wp-json\/wp\/v2\/tags?post=3222"}],"curies":[{"name":"wp","href":"https:\/\/api.w.org\/{rel}","templated":true}]}}