{"id":3231,"date":"2025-07-09T13:14:51","date_gmt":"2025-07-09T11:14:51","guid":{"rendered":"https:\/\/www.camping2laplage.com\/aktivitaten-kitesurfen-lac-monteynard\/"},"modified":"2026-02-20T14:15:27","modified_gmt":"2026-02-20T13:15:27","slug":"aktivitaten-kitesurfen-lac-monteynard","status":"publish","type":"page","link":"https:\/\/www.camping2laplage.com\/de\/aktivitaten-kitesurfen-lac-monteynard\/","title":{"rendered":"Auf dem Wasser"},"content":{"rendered":"\n<div id=\"titre-fil\" class=\"wp-block-group is-vertical is-content-justification-center is-layout-flex wp-container-core-group-is-layout-3fb1c651 wp-block-group-is-layout-flex\" style=\"padding-right:20%;padding-left:20%\">\n<div class=\"wp-block-group is-horizontal is-layout-flex wp-container-core-group-is-layout-048c9698 wp-block-group-is-layout-flex\">\n<p class=\"has-text-align-center has-custom-rouge-color has-text-color has-link-color wp-elements-79a042dbca45755e6373eff5dc6677e8\" style=\"font-style:normal;font-weight:400;letter-spacing:2px\"><a href=\"https:\/\/www.camping2laplage.com\/de\/\" data-type=\"page\" data-id=\"5\">Campingplatz 2 am Strand<\/a> &gt;<\/p>\n\n\n<p class=\"has-text-align-center has-custom-rouge-color has-text-color has-link-color\" \n    style=\"font-style:normal;font-weight:400;letter-spacing:2px\">Auf dem Wasser<\/p>\n<\/div>\n\n\n\n<h1 class=\"wp-block-heading has-text-align-center has-custom-rouge-color has-text-color has-link-color has-basteleur-font-family wp-elements-6ce328a0de01feaa7c5ece883382321f\" id=\"titre-page\" style=\"font-size:clamp(2.629rem, 2.629rem + ((1vw - 0.2rem) * 2.258), 5rem);font-style:normal;font-weight:700;line-height:1.1\">Kitesurfen und Windsurfen am See von Monteynard<\/h1>\n<\/div>\n\n<div style=\"height:100px\" aria-hidden=\"true\" class=\"wp-block-spacer gt-hide-mobile\"><\/div>\n\n<div id=\"gt_1-cta-svg_001\" class=\"wp-block-group has-global-padding is-layout-constrained wp-block-group-is-layout-constrained\">\n<div class=\"wp-block-columns are-vertically-aligned-center is-layout-flex wp-container-core-columns-is-layout-9b24e0e0 wp-block-columns-is-layout-flex\">\n<div class=\"wp-block-column is-vertically-aligned-center animated slideInUp is-layout-flow wp-block-column-is-layout-flow\" id=\"content\">\n<h2 class=\"wp-block-heading has-custom-rouge-color has-text-color has-link-color wp-elements-82192ef5eabcbf7c89225d7f80140504\">Kitesurfen und Windsurfen auf dem Campingplatz in der N\u00e4he von Grenoble<\/h2>\n\n\n\n<p>Der <strong>Kitesurf- und Windsurfspot:<\/strong> der See von Monteynard<\/p>\n\n\n\n<p>Der <strong>Lac de Monteynard<\/strong>, <strong>Europas gr\u00f6\u00dfter<\/strong> S\u00fc\u00dfwassersee, liegt in den Alpen s\u00fcdlich von Grenoble in der Is\u00e8re.<\/p>\n\n\n\n<p>Jeden Nachmittag entsteht eine Thermik, die den Lac de Monteynard zu einem bekannten Kitesurf- und Windsurfspot macht. Der Kitesurfspot liegt am Eingang unseres <a href=\"https:\/\/www.camping2laplage.com\/de\/\" data-type=\"page\" data-id=\"5\">Campingplatzes in der Is\u00e8re<\/a> und empf\u00e4ngt Sportler aus Grenoble und der Region Rh\u00f4ne-Alpes. <\/p>\n\n\n\n<p>Die<strong>freundliche Atmosph\u00e4re<\/strong> des Spots und die professionellen Anbieter in der Umgebung (Shop, Schulen&#8230;) machen es m\u00f6glich, dass auch Kitesurfer im Urlaub den Ort entdecken. Der Lac de Monteynard ist als einer der ersten Spots f\u00fcr <g id=\"gid_1\">S\u00fc\u00dfwassersegelsportarten<\/g> und insbesondere f\u00fcr Wind- und Kitesurfen bekannt. Seine Lage im Herzen der <strong>Drac-Schlucht<\/strong> erm\u00f6glicht die Schaffung einer Nord-S\u00fcd-Thermik.  <\/p>\n<\/div>\n\n\n\n<div class=\"wp-block-column is-vertically-aligned-center is-layout-flow wp-block-column-is-layout-flow\" id=\"image\">\n<div data-swiper=\"{&quot;speed&quot;:400,&quot;spaceBetween&quot;:16,&quot;slidesPerView&quot;:3,&quot;createElements&quot;:true,&quot;loop&quot;:true,&quot;freemode&quot;:true,&quot;navigation&quot;:{&quot;nextEl&quot;:&quot;buttonNext&quot;,&quot;prevEl&quot;:&quot;buttonPrev&quot;},&quot;breakpoints&quot;:[{&quot;slidesPerView&quot;:1}]}\" class=\"wp-block-group gt-is-slider gt-is-slider-desktop has-global-padding is-layout-constrained wp-block-group-is-layout-constrained\">\n<figure class=\"wp-block-image size-full has-custom-border\"><img decoding=\"async\" width=\"865\" height=\"577\" src=\"https:\/\/www.camping2laplage.com\/wp-content\/uploads\/2025\/08\/wind-surl-camping-de-la-plage.webp\" alt=\"wind surl camping de la plage\" class=\"wp-image-1844\" style=\"border-radius:25px\" srcset=\"https:\/\/www.camping2laplage.com\/wp-content\/uploads\/2025\/08\/wind-surl-camping-de-la-plage.webp 865w, https:\/\/www.camping2laplage.com\/wp-content\/uploads\/2025\/08\/wind-surl-camping-de-la-plage-300x200.webp 300w, https:\/\/www.camping2laplage.com\/wp-content\/uploads\/2025\/08\/wind-surl-camping-de-la-plage-768x512.webp 768w\" sizes=\"(max-width: 865px) 100vw, 865px\" \/><\/figure>\n\n\n\n<figure class=\"wp-block-image size-full has-custom-border\"><img decoding=\"async\" width=\"865\" height=\"577\" src=\"https:\/\/www.camping2laplage.com\/wp-content\/uploads\/2025\/08\/lac-de-monteynard.webp\" alt=\"See von Monteynard\" class=\"wp-image-1832\" style=\"border-radius:25px\" srcset=\"https:\/\/www.camping2laplage.com\/wp-content\/uploads\/2025\/08\/lac-de-monteynard.webp 865w, https:\/\/www.camping2laplage.com\/wp-content\/uploads\/2025\/08\/lac-de-monteynard-300x200.webp 300w, https:\/\/www.camping2laplage.com\/wp-content\/uploads\/2025\/08\/lac-de-monteynard-768x512.webp 768w\" sizes=\"(max-width: 865px) 100vw, 865px\" \/><\/figure>\n<\/div>\n<\/div>\n<\/div>\n<\/div>\n\n<div style=\"height:100px\" aria-hidden=\"true\" class=\"wp-block-spacer gt-hide-mobile\"><\/div>\n\n<div id=\"gt_3-ctafull_001\" class=\"wp-block-group has-global-padding is-layout-constrained wp-container-core-group-is-layout-12243e0f wp-block-group-is-layout-constrained\">\n<div class=\"wp-block-columns has-custom-rouge-background-color has-background is-layout-flex wp-container-core-columns-is-layout-32f5ffe2 wp-block-columns-is-layout-flex\" id=\"content\" style=\"padding-top:6em;padding-right:8em;padding-bottom:6em;padding-left:8em\">\n<div class=\"wp-block-column col-image is-layout-flow wp-block-column-is-layout-flow\" style=\"flex-basis:40%\">\n<figure class=\"wp-block-image size-large has-custom-border\"><img decoding=\"async\" width=\"1024\" height=\"512\" src=\"https:\/\/www.camping2laplage.com\/wp-content\/uploads\/2025\/08\/paddle-dans-le-vercors-1024x512.webp\" alt=\"paddle in vercors\" class=\"wp-image-1836\" style=\"border-radius:25px\" srcset=\"https:\/\/www.camping2laplage.com\/wp-content\/uploads\/2025\/08\/paddle-dans-le-vercors-1024x512.webp 1024w, https:\/\/www.camping2laplage.com\/wp-content\/uploads\/2025\/08\/paddle-dans-le-vercors-300x150.webp 300w, https:\/\/www.camping2laplage.com\/wp-content\/uploads\/2025\/08\/paddle-dans-le-vercors-768x384.webp 768w, https:\/\/www.camping2laplage.com\/wp-content\/uploads\/2025\/08\/paddle-dans-le-vercors-1536x768.webp 1536w, https:\/\/www.camping2laplage.com\/wp-content\/uploads\/2025\/08\/paddle-dans-le-vercors.webp 1920w\" sizes=\"(max-width: 1024px) 100vw, 1024px\" \/><\/figure>\n<\/div>\n\n\n\n<div class=\"wp-block-column col-content is-layout-flow wp-block-column-is-layout-flow\" style=\"flex-basis:60%\">\n<h2 class=\"wp-block-heading has-base-2-color has-text-color has-link-color wp-elements-0279ac025d717913ccef6ad74da2da0e\">Vermietung von Stand Up Paddle auf dem Campingplatz<\/h2>\n\n\n\n<p class=\"has-base-2-color has-text-color has-link-color wp-elements-b6e7e1483e85895e1e9a12c2e6614aff\">Das <strong>Stand-up-Paddling oder SUP<\/strong> kommt aus Hawaii. Die besten Surfer nutzen es, um bei ruhiger See ihre Kondition zu erhalten. Das Stand Up Paddle bietet die M\u00f6glichkeit, sich auf einem gro\u00dfen, breiten, dicken und stabilen Surfbrett in einer bequemen Position schnell \u00fcber das Wasser zu bewegen.    <\/p>\n\n\n    <div id=\"gt-fse-lire-plus-69f0cc0f58359\" class=\"gt-fse-lire-plus\" data-min-height=\"130\" style=\"background-color: #822f11;\">\n        <input id=\"gt-fse-lire-plus-69f0cc0f58359-toggle\" type=\"checkbox\" class=\"gt-fse-lire-plus__toggle\" \/>\n        <label for=\"gt-fse-lire-plus-69f0cc0f58359-toggle\" class=\"gt-fse-lire-plus__toggle-label\">\n            <span>Mehr lesen<\/span>\n            <span>Weniger lesen<\/span>\n        <\/label>\n        <div class=\"gt-fse-lire-plus__content\" style=\"height: 130px;\">\n            \n\n<p class=\"has-base-2-color has-text-color has-link-color wp-elements-87897acf7e92f43bbcc6668a0812dbff\">Die aufrechte Position bietet einen unglaublichen Blick auf das Ufer und den Grund, den andere Boote nicht bieten k\u00f6nnen. Im Lac de Monteynard ist das Schwimmen nicht erlaubt. Sie k\u00f6nnen sich jedoch am Ufer erfrischen.    <\/p>\n\n\n\n<p class=\"has-base-2-color has-text-color has-link-color wp-elements-aa9ba13a5a81487262a26330a0016ece\">Es ist einfach: Das Lernen ist einfach <strong>, schnell und macht Spa\u00df<\/strong>. Sie m\u00fcssen nur schwimmen k\u00f6nnen. Es kann in jedem Alter praktiziert werden. Es ist Sport: Sie k\u00f6nnen Ihren K\u00f6rper sanft in einer nat\u00fcrlichen Haltung trainieren und dabei die Landschaft unseres sch\u00f6nen Sees genie\u00dfen.     <\/p>\n\n\n\n<p class=\"has-base-2-color has-text-color has-link-color wp-elements-9de591038fa9403dae311d43ef2f3cf5\">Erkunden Sie den See von Monteynard mit Freunden oder der Familie. Wir bieten Ihnen<strong> zur Vermietung eine gro\u00dfe Auswahl an Stand-up-Paddles<\/strong> an. Unsere SUPs auf dem Camping de la Plage &#8211; Alpes, Vercors et Tri\u00e8ves sind von Surfpistols, einem der Weltmarktf\u00fchrer im Bereich aufblasbarer SUPs. Sie gleiten sehr gut, sind leicht, nicht zerbrechlich und <strong>haben einen echten Surf-Look<\/strong>.    <\/p>\n\n\n\n<p class=\"has-base-2-color has-text-color has-link-color wp-elements-4383cb461e3073275a0eb7d92ffcd7af\">Diese Aktivit\u00e4t wird am besten am Morgen durchgef\u00fchrt, wenn der See \u00f6lig ist. Wir haben 4 SUP Surfpistolen <strong>f\u00fcr alle Gr\u00f6\u00dfen<\/strong>, egal ob Sie eine <strong>Stunde<\/strong> testen oder<strong> einen Tag lang<\/strong> spazieren gehen m\u00f6chten. <\/p>\n\n\n\n<p class=\"has-base-2-color has-text-color has-link-color wp-elements-edc67b4f0d9cae998699ee07ef2033ab\"><strong>Preise 2025<\/strong>: 15 \u20ac pro Stunde &#8211; 30 \u20ac f\u00fcr einen halben Tag &#8211; 50 \u20ac f\u00fcr einen ganzen Tag.<\/p>\n\n            <div class=\"gt-fse-lire-plus__gradient\" style=\"background: linear-gradient(to bottom,rgba(130,47,17,0) 0%,rgba(130,47,17,1) 100%);\"><\/div>\n        <\/div>\n    <\/div>\n    <\/div>\n<\/div>\n<\/div>\n\n<div style=\"height:100px\" aria-hidden=\"true\" class=\"wp-block-spacer gt-hide-mobile\"><\/div>\n\n<div id=\"gt_1-cta-svg_001\" class=\"wp-block-group has-global-padding is-layout-constrained wp-block-group-is-layout-constrained\">\n<div class=\"wp-block-columns are-vertically-aligned-center is-layout-flex wp-container-core-columns-is-layout-9b24e0e0 wp-block-columns-is-layout-flex\">\n<div class=\"wp-block-column is-vertically-aligned-center is-layout-flow wp-block-column-is-layout-flow\" id=\"image\">\n<div data-swiper=\"{&quot;speed&quot;:400,&quot;spaceBetween&quot;:16,&quot;slidesPerView&quot;:3,&quot;createElements&quot;:true,&quot;loop&quot;:true,&quot;freemode&quot;:true,&quot;navigation&quot;:{&quot;nextEl&quot;:&quot;buttonNext&quot;,&quot;prevEl&quot;:&quot;buttonPrev&quot;},&quot;breakpoints&quot;:[{&quot;slidesPerView&quot;:1}]}\" class=\"wp-block-group gt-is-slider gt-is-slider-desktop has-global-padding is-layout-constrained wp-block-group-is-layout-constrained\">\n<figure class=\"wp-block-image size-full has-custom-border\"><img decoding=\"async\" width=\"865\" height=\"577\" src=\"https:\/\/www.camping2laplage.com\/wp-content\/uploads\/2025\/08\/espace-aquatique-camping-de-la-plage.webp\" alt=\"Wasserpark Camping de la Plage\" class=\"wp-image-1816\" style=\"border-radius:25px\" srcset=\"https:\/\/www.camping2laplage.com\/wp-content\/uploads\/2025\/08\/espace-aquatique-camping-de-la-plage.webp 865w, https:\/\/www.camping2laplage.com\/wp-content\/uploads\/2025\/08\/espace-aquatique-camping-de-la-plage-300x200.webp 300w, https:\/\/www.camping2laplage.com\/wp-content\/uploads\/2025\/08\/espace-aquatique-camping-de-la-plage-768x512.webp 768w\" sizes=\"(max-width: 865px) 100vw, 865px\" \/><\/figure>\n\n\n\n<figure class=\"wp-block-image size-full has-custom-border\"><img decoding=\"async\" width=\"865\" height=\"577\" src=\"https:\/\/www.camping2laplage.com\/wp-content\/uploads\/2025\/08\/kayak-pres-du-camping-de-la-plage.webp\" alt=\"Kajak in der N&#xE4;he des Strandcampingplatzes\" class=\"wp-image-1820\" style=\"border-radius:25px\" srcset=\"https:\/\/www.camping2laplage.com\/wp-content\/uploads\/2025\/08\/kayak-pres-du-camping-de-la-plage.webp 865w, https:\/\/www.camping2laplage.com\/wp-content\/uploads\/2025\/08\/kayak-pres-du-camping-de-la-plage-300x200.webp 300w, https:\/\/www.camping2laplage.com\/wp-content\/uploads\/2025\/08\/kayak-pres-du-camping-de-la-plage-768x512.webp 768w\" sizes=\"(max-width: 865px) 100vw, 865px\" \/><\/figure>\n<\/div>\n<\/div>\n\n\n\n<div class=\"wp-block-column is-vertically-aligned-center animated slideInUp is-layout-flow wp-block-column-is-layout-flow\" id=\"content\">\n<h2 class=\"wp-block-heading has-custom-rouge-color has-text-color has-link-color wp-elements-8bba145bbd1899a4c9095139bc00dec7\">Leichter Zugang zu Wassersportaktivit\u00e4ten<\/h2>\n\n\n\n<p>Der Campingplatz de la Plage, ein idealer Campingplatz f\u00fcr Kitesurfer am See von Monteynard, liegt direkt an den beiden wichtigsten Orten, an denen Sie <strong>ins Wasser<\/strong> gehen k\u00f6nnen:<\/p>\n\n\n\n<p>Einer f\u00fcr <strong>Kitesurfer<\/strong> direkt vor dem Eingang des Campingplatzes mit einem reservierten Aufblasbereich (der einzige auf dem See), der andere f\u00fcr <strong>Windsurfer<\/strong> unterhalb des Campingplatzes mit einem Rasenstrand.<\/p>\n\n\n\n<p>Vom Campingplatz aus erreichen Sie zu Fu\u00df die 100 m entfernte <strong>Wassersportbasis<\/strong> mit Vermietung von Material (Windsurfen, Segeln&#8230;) und Schulen (FFV, Technikite und Freekite School). Auf dem Camping de la Plage haben Sie eine Terrasse mit Blick auf den See von Monteynard&#8230; (und die Freunde, die segeln)&#8230;, einen <strong>freundlichen Empfang<\/strong> und Service: <a href=\"https:\/\/www.camping2laplage.com\/de\/mobilheimvermietung-treffort\/\" data-type=\"page\" data-id=\"10\">Unterk\u00fcnfte zur Vermietung in der N\u00e4he von Grenoble<\/a>, die f\u00fcr alle geeignet sind: Chalets \u00c9quinoxe, Bungalows f\u00fcr 2, 4 oder 6 Personen, Trapperzelte, Biwakzelte, Zelte, <a href=\"https:\/\/www.camping2laplage.com\/de\/stellplatzvermietung-treffort\/\" data-type=\"page\" data-id=\"11\">Wohnwagen oder Wohnmobile<\/a>, Vermietung von Fahrr\u00e4dern und Stand up Paddles f\u00fcr windstille Tage, <a href=\"https:\/\/www.camping2laplage.com\/de\/gaststaette-treffort\/\" data-type=\"page\" data-id=\"13\">Restaurant-Pizzeria Le Spot in Treffort<\/a> f\u00fcr den kleinen Hunger zwischendurch, Lebensmittelgesch\u00e4ft und Notdienst&#8230; <\/p>\n<\/div>\n<\/div>\n<\/div>\n\n<div style=\"height:100px\" aria-hidden=\"true\" class=\"wp-block-spacer gt-hide-mobile\"><\/div>\n\n<div id=\"gt_3-ctafull_001\" class=\"wp-block-group has-global-padding is-layout-constrained wp-container-core-group-is-layout-12243e0f wp-block-group-is-layout-constrained\">\n<div id=\"slider-images\" class=\"wp-block-group has-global-padding is-layout-constrained wp-container-core-group-is-layout-e555385e wp-block-group-is-layout-constrained\">\n<div data-swiper=\"{&quot;speed&quot;:1000,&quot;autoplay&quot;:{&quot;delay&quot;:5000,&quot;disableOnInteraction&quot;:false},&quot;spaceBetween&quot;:0,&quot;slidesPerView&quot;:1,&quot;pagination&quot;:{&quot;el&quot;:&quot;.swiper-pagination&quot;,&quot;dynamicBullets&quot;:true,&quot;clickable&quot;:true,&quot;type&quot;:&quot;bullets&quot;},&quot;navigation&quot;:{&quot;nextEl&quot;:&quot;.swiper-button-next&quot;,&quot;prevEl&quot;:&quot;.swiper-button-prev&quot;},&quot;breakpoints&quot;:[{&quot;slidesPerView&quot;:1}]}\" class=\"wp-block-cover\"><img decoding=\"async\" width=\"1024\" height=\"473\" class=\"wp-block-cover__image-background wp-image-1716 size-large\" alt=\"lac alpes\" src=\"https:\/\/www.camping2laplage.com\/wp-content\/uploads\/2025\/08\/lac-alpes-e1755781225765-1024x473.jpg\" data-object-fit=\"cover\" srcset=\"https:\/\/www.camping2laplage.com\/wp-content\/uploads\/2025\/08\/lac-alpes-e1755781225765-1024x473.jpg 1024w, https:\/\/www.camping2laplage.com\/wp-content\/uploads\/2025\/08\/lac-alpes-e1755781225765-300x138.jpg 300w, https:\/\/www.camping2laplage.com\/wp-content\/uploads\/2025\/08\/lac-alpes-e1755781225765-768x354.jpg 768w, https:\/\/www.camping2laplage.com\/wp-content\/uploads\/2025\/08\/lac-alpes-e1755781225765-1536x709.jpg 1536w, https:\/\/www.camping2laplage.com\/wp-content\/uploads\/2025\/08\/lac-alpes-e1755781225765.jpg 1987w\" sizes=\"(max-width: 1024px) 100vw, 1024px\" \/><span aria-hidden=\"true\" class=\"wp-block-cover__background has-background-dim\"><\/span><div class=\"wp-block-cover__inner-container has-global-padding is-layout-constrained wp-block-cover-is-layout-constrained\">\n<p class=\"has-text-align-center has-large-font-size\"><\/p>\n<\/div><\/div>\n<\/div>\n\n\n\n<div class=\"wp-block-columns has-custom-rouge-background-color has-background is-layout-flex wp-container-core-columns-is-layout-32f5ffe2 wp-block-columns-is-layout-flex\" id=\"content\" style=\"padding-top:6em;padding-right:8em;padding-bottom:6em;padding-left:8em\">\n<div class=\"wp-block-column col-content is-layout-flow wp-block-column-is-layout-flow\" style=\"flex-basis:50%\">\n<p class=\"has-base-2-color has-text-color has-link-color has-basteleur-font-family has-medium-font-size wp-elements-217e3ccbeb0a024bb1e5ca68742a818a\">Unsere Kite-Partner:<\/p>\n\n\n\n<ul class=\"wp-block-list has-base-2-color has-text-color has-link-color wp-elements-84cd4855abb80ca300b6cae0f8ab88ef\">\n<li><a href=\"https:\/\/www.teknikite.fr\/\">Teknikite<\/a><\/li>\n\n\n\n<li><a href=\"https:\/\/www.freekiteschool.fr\/\">Freie Kiteschule<\/a><\/li>\n<\/ul>\n\n\n\n<p class=\"has-base-2-color has-text-color has-link-color has-basteleur-font-family has-medium-font-size wp-elements-41380bd53b088fbef9e7399165e9f65c\">Unsere Partner f\u00fcr Wasserski, Wake oder Boje:  <\/p>\n\n\n\n<ul class=\"wp-block-list has-base-2-color has-text-color has-link-color wp-elements-aad67ecf856c6d79ff8e6ff03477c871\">\n<li><a href=\"https:\/\/www.teknikite.fr\/\"><\/a><a href=\"https:\/\/www.wakeiteasy.com\/\">Wake it easy<\/a> Bootsausfl\u00fcge (Piraten)<\/li>\n\n\n\n<li><a href=\"https:\/\/www.wind-club-monteynard.com\/pages\/voile-et-piraterie\/\">Wind Club Monteynard<\/a><\/li>\n<\/ul>\n<\/div>\n\n\n\n<div class=\"wp-block-column col-content is-layout-flow wp-block-column-is-layout-flow\" style=\"flex-basis:50%\">\n<p class=\"has-base-2-color has-text-color has-link-color has-basteleur-font-family has-medium-font-size wp-elements-8926c01fe9b4f226da6d3e14048a7c21\">Unsere Partner f\u00fcr Windsurfen oder Kanu :<\/p>\n\n\n\n<ul class=\"wp-block-list has-base-2-color has-text-color has-link-color wp-elements-775ee8f8eed96fdaa2f487bcb0655764\">\n<li><a href=\"http:\/\/www.wind-club-monteynard.com\/\">Wind Club Monteynard<\/a><\/li>\n\n\n\n<li><a href=\"https:\/\/srvgmonteynard.fr\/\">SRVG<\/a><\/li>\n<\/ul>\n\n\n\n<p class=\"has-base-2-color has-text-color has-link-color has-basteleur-font-family has-medium-font-size wp-elements-8242ac5d95f8bc3d171d524b7a8910e6\">Unsere Partner f\u00fcr Segeln (Praktikum, Vermietung)<\/p>\n\n\n\n<ul class=\"wp-block-list has-base-2-color has-text-color has-link-color wp-elements-ac2eb95db2323c877ab6bbe15b1dd0fc\">\n<li><a href=\"https:\/\/srvgmonteynard.fr\/\">SRVG<\/a><\/li>\n\n\n\n<li><a href=\"http:\/\/treffortvoile.blogspot.com\/\">Treffort Segeln<\/a><\/li>\n<\/ul>\n<\/div>\n<\/div>\n<\/div>\n\n<div style=\"height:100px\" aria-hidden=\"true\" class=\"wp-block-spacer gt-hide-mobile\"><\/div>\n\n<section class=\"wp-block-group alignfull bloc-maillage has-global-padding is-layout-constrained wp-container-core-group-is-layout-6131d34a wp-block-group-is-layout-constrained\" style=\"margin-top:0px;margin-bottom:0px;padding-top:10rem;padding-right:0;padding-bottom:10rem;padding-left:0rem\">\n<p class=\"has-text-align-center has-custom-rouge-color has-text-color has-link-color has-basteleur-font-family wp-elements-088d06e8262be72cdce378d330246c48\" style=\"font-size:clamp(2.2rem, 2.2rem + ((1vw - 0.2rem) * 1.714), 4rem);\">Entdecken Sie<\/p>\n\n\n\n<p class=\"has-text-align-center has-custom-rouge-color has-text-color has-link-color has-basteleur-font-family wp-elements-46c68480d31cf17bbab6ff965dda5761\" style=\"font-size:clamp(1.25rem, 1.25rem + ((1vw - 0.2rem) * 0.714), 2rem);\">der See, die Familienaktivit\u00e4ten und die alpine Umgebung<\/p>\n\n\n\n<div class=\"wp-block-group maillage is-layout-flow wp-block-group-is-layout-flow\">\n<div class=\"wp-block-query alignfull is-layout-flow wp-block-query-is-layout-flow\"><ul class=\"columns-3 wp-block-post-template is-layout-grid wp-container-core-post-template-is-layout-572542b5 wp-block-post-template-is-layout-grid\"><li class=\"wp-block-post post-3194 page type-page status-publish has-post-thumbnail hentry\">\n\n<div class=\"wp-block-group overflow-hidden gt-maillage has-global-padding is-layout-constrained wp-block-group-is-layout-constrained\">\n<figure class=\"wp-block-image gt-maillage__image\"><img decoding=\"async\" src=\"https:\/\/www.camping2laplage.com\/wp-content\/uploads\/2025\/08\/camping-familiale-dans-le-vercors.webp\" alt=\"Mit der Familie\" style=\"aspect-ratio:3\/4;object-fit:cover\"\/><\/figure>\n\n\n\n<p class=\"has-text-align-right gt-maillage__title gt-btn-arrow has-base-2-color has-text-color has-link-color has-basteleur-font-family wp-elements-5851ac654ece7c734572285f86f288d5\" style=\"border-right-style:none;border-right-width:0px;border-bottom-style:none;border-bottom-width:0px;padding-right:1rem;font-size:clamp(1.743rem, 1.743rem + ((1vw - 0.2rem) * 1.197), 3rem);font-style:normal;font-weight:300;text-transform:none\">Mit der Familie<\/p>\n\n\n<a class=\"is-style-lien-cover wp-block-read-more\" href=\"https:\/\/www.camping2laplage.com\/de\/family-camping-alps\/\" target=\"_self\">Weiterlesen<span class=\"screen-reader-text\">: Mit der Familie<\/span><\/a><\/div>\n\n<\/li><li class=\"wp-block-post post-2481 page type-page status-publish has-post-thumbnail hentry\">\n\n<div class=\"wp-block-group overflow-hidden gt-maillage has-global-padding is-layout-constrained wp-block-group-is-layout-constrained\">\n<figure class=\"wp-block-image gt-maillage__image\"><img decoding=\"async\" src=\"https:\/\/www.camping2laplage.com\/wp-content\/uploads\/2025\/08\/lac-alpes-1.jpg\" alt=\"See Alpen\" style=\"aspect-ratio:3\/4;object-fit:cover\"\/><\/figure>\n\n\n\n<p class=\"has-text-align-right gt-maillage__title gt-btn-arrow has-base-2-color has-text-color has-link-color has-basteleur-font-family wp-elements-5851ac654ece7c734572285f86f288d5\" style=\"border-right-style:none;border-right-width:0px;border-bottom-style:none;border-bottom-width:0px;padding-right:1rem;font-size:clamp(1.743rem, 1.743rem + ((1vw - 0.2rem) * 1.197), 3rem);font-style:normal;font-weight:300;text-transform:none\">See &amp; Wassersportzentrum<\/p>\n\n\n<a class=\"is-style-lien-cover wp-block-read-more\" href=\"https:\/\/www.camping2laplage.com\/de\/campingplatz-am-see-wassersportzentrum-treffort\/\" target=\"_self\">Weiterlesen<span class=\"screen-reader-text\">: See &amp; Wassersportzentrum<\/span><\/a><\/div>\n\n<\/li><li class=\"wp-block-post post-3222 page type-page status-publish has-post-thumbnail hentry\">\n\n<div class=\"wp-block-group overflow-hidden gt-maillage has-global-padding is-layout-constrained wp-block-group-is-layout-constrained\">\n<figure class=\"wp-block-image gt-maillage__image\"><img decoding=\"async\" src=\"https:\/\/www.camping2laplage.com\/wp-content\/uploads\/2025\/08\/alpes-tourisme.jpg\" alt=\"Die Alpen\" style=\"aspect-ratio:3\/4;object-fit:cover\"\/><\/figure>\n\n\n\n<p class=\"has-text-align-right gt-maillage__title gt-btn-arrow has-base-2-color has-text-color has-link-color has-basteleur-font-family wp-elements-5851ac654ece7c734572285f86f288d5\" style=\"border-right-style:none;border-right-width:0px;border-bottom-style:none;border-bottom-width:0px;padding-right:1rem;font-size:clamp(1.743rem, 1.743rem + ((1vw - 0.2rem) * 1.197), 3rem);font-style:normal;font-weight:300;text-transform:none\">Die Alpen<\/p>\n\n\n<a class=\"is-style-lien-cover wp-block-read-more\" href=\"https:\/\/www.camping2laplage.com\/de\/camping-alpes\/\" target=\"_self\">Weiterlesen<span class=\"screen-reader-text\">: Die Alpen<\/span><\/a><\/div>\n\n<\/li><\/ul><\/div>\n<\/div>\n<\/section>\n","protected":false},"excerpt":{"rendered":"<p>Campingplatz 2 am Strand &gt; Kitesurfen und Windsurfen am See von Monteynard Kitesurfen und Windsurfen auf dem Campingplatz in der N\u00e4he von Grenoble Der Kitesurf- und Windsurfspot: der See von Monteynard Der Lac de Monteynard, Europas gr\u00f6\u00dfter S\u00fc\u00dfwassersee, liegt in den Alpen s\u00fcdlich von Grenoble in der Is\u00e8re. Jeden Nachmittag entsteht eine Thermik, die den [&hellip;]<\/p>\n","protected":false},"author":1,"featured_media":1815,"parent":0,"menu_order":0,"comment_status":"closed","ping_status":"closed","template":"","meta":{"_acf_changed":false,"_seopress_robots_primary_cat":"","_seopress_titles_title":"Entdecken Sie unsere Aktivit\u00e4ten rund um das Wasser Kitesurfen auf dem Campingplatz (38)","_seopress_titles_desc":"","_seopress_robots_index":"","_gt_ctv_global_id":"12907","_gt_ctv_id_group":false,"inline_featured_image":false,"gt_fse_maillage_image":"https:\/\/www.camping2laplage.com\/wp-content\/uploads\/2025\/08\/camping-dans-le-vercors-1.webp","gt_fse_maillage_titre":"Auf dem Wasser","gt_fse_maillage_alt":"Auf dem Wasser","gt_fse_maillage_resume":"","footnotes":""},"categories":[],"tags":[],"class_list":["post-3231","page","type-page","status-publish","has-post-thumbnail","hentry"],"acf":[],"_links":{"self":[{"href":"https:\/\/www.camping2laplage.com\/de\/wp-json\/wp\/v2\/pages\/3231","targetHints":{"allow":["GET"]}}],"collection":[{"href":"https:\/\/www.camping2laplage.com\/de\/wp-json\/wp\/v2\/pages"}],"about":[{"href":"https:\/\/www.camping2laplage.com\/de\/wp-json\/wp\/v2\/types\/page"}],"author":[{"embeddable":true,"href":"https:\/\/www.camping2laplage.com\/de\/wp-json\/wp\/v2\/users\/1"}],"replies":[{"embeddable":true,"href":"https:\/\/www.camping2laplage.com\/de\/wp-json\/wp\/v2\/comments?post=3231"}],"version-history":[{"count":1,"href":"https:\/\/www.camping2laplage.com\/de\/wp-json\/wp\/v2\/pages\/3231\/revisions"}],"predecessor-version":[{"id":3232,"href":"https:\/\/www.camping2laplage.com\/de\/wp-json\/wp\/v2\/pages\/3231\/revisions\/3232"}],"wp:featuredmedia":[{"embeddable":true,"href":"https:\/\/www.camping2laplage.com\/de\/wp-json\/wp\/v2\/media\/1815"}],"wp:attachment":[{"href":"https:\/\/www.camping2laplage.com\/de\/wp-json\/wp\/v2\/media?parent=3231"}],"wp:term":[{"taxonomy":"category","embeddable":true,"href":"https:\/\/www.camping2laplage.com\/de\/wp-json\/wp\/v2\/categories?post=3231"},{"taxonomy":"post_tag","embeddable":true,"href":"https:\/\/www.camping2laplage.com\/de\/wp-json\/wp\/v2\/tags?post=3231"}],"curies":[{"name":"wp","href":"https:\/\/api.w.org\/{rel}","templated":true}]}}