{"id":3258,"date":"2025-07-09T13:14:54","date_gmt":"2025-07-09T11:14:54","guid":{"rendered":"https:\/\/www.camping2laplage.com\/campingplatz-trieves\/"},"modified":"2025-12-02T08:34:12","modified_gmt":"2025-12-02T07:34:12","slug":"campingplatz-trieves","status":"publish","type":"page","link":"https:\/\/www.camping2laplage.com\/de\/campingplatz-trieves\/","title":{"rendered":"Tri\u00e8ves"},"content":{"rendered":"\n<div id=\"titre-fil\" class=\"wp-block-group is-vertical is-content-justification-center is-layout-flex wp-container-core-group-is-layout-3fb1c651 wp-block-group-is-layout-flex\" style=\"padding-right:20%;padding-left:20%\">\n<div class=\"wp-block-group is-horizontal is-layout-flex wp-container-core-group-is-layout-048c9698 wp-block-group-is-layout-flex\">\n<p class=\"has-text-align-center has-custom-rouge-color has-text-color has-link-color wp-elements-79a042dbca45755e6373eff5dc6677e8\" style=\"font-style:normal;font-weight:400;letter-spacing:2px\"><a href=\"https:\/\/www.camping2laplage.com\/de\/\" data-type=\"page\" data-id=\"5\">Campingplatz 2 am Strand<\/a> &gt;<\/p>\n\n\n<p class=\"has-text-align-center has-custom-rouge-color has-text-color has-link-color\" \n    style=\"font-style:normal;font-weight:400;letter-spacing:2px\">Tri\u00e8ves<\/p>\n<\/div>\n\n\n\n<h1 class=\"wp-block-heading has-text-align-center has-custom-rouge-color has-text-color has-link-color has-basteleur-font-family wp-elements-21d17c42f56d8fcf1ed917d0bb3398ed\" id=\"titre-page\" style=\"font-size:clamp(2.629rem, 2.629rem + ((1vw - 0.2rem) * 2.258), 5rem);font-style:normal;font-weight:700;line-height:1.1\">Camping im Tri\u00e8ves: eine Region, die es zu entdecken gilt<\/h1>\n\n\n\n<div style=\"height:0px\" aria-hidden=\"true\" class=\"wp-block-spacer gt-hide-mobile wp-container-content-6388d5dc\"><\/div>\n<\/div>\n\n<div id=\"gt_1-cta-svg_001\" class=\"wp-block-group has-global-padding is-layout-constrained wp-block-group-is-layout-constrained\">\n<div class=\"wp-block-columns are-vertically-aligned-center is-layout-flex wp-container-core-columns-is-layout-9b24e0e0 wp-block-columns-is-layout-flex\">\n<div class=\"wp-block-column is-vertically-aligned-center animated slideInUp is-layout-flow wp-block-column-is-layout-flow\" id=\"content\">\n<h2 class=\"wp-block-heading has-custom-rouge-color has-text-color has-link-color wp-elements-acdf68858b12ad853f755036f6be225a\">Eine Region, die es zu entdecken gilt<\/h2>\n\n\n\n<p>Nur 30 Minuten von Grenoble und 1,5 Stunden von Lyon entfernt liegt <strong>das Tri\u00e8ves,<\/strong> eine <strong>Region mit vielf\u00e4ltigen Reicht\u00fcmern.<\/strong> <\/p>\n\n\n\n<p>Es bietet Landschaften, die Sie \u00fcberraschen werden, zwischen Mittelgebirge, Seen und landwirtschaftlichen Fl\u00e4chen, die von unserem <a href=\"https:\/\/www.camping2laplage.com\/de\/\" data-type=\"page\" data-id=\"5\">Campingplatz in Is\u00e8re<\/a> aus reich an \u00dcberraschungen sind.<\/p>\n<\/div>\n\n\n\n<div class=\"wp-block-column is-vertically-aligned-center is-layout-flow wp-block-column-is-layout-flow\" id=\"image\">\n<div data-swiper=\"{&quot;speed&quot;:400,&quot;spaceBetween&quot;:16,&quot;slidesPerView&quot;:3,&quot;createElements&quot;:true,&quot;loop&quot;:true,&quot;freemode&quot;:true,&quot;navigation&quot;:{&quot;nextEl&quot;:&quot;buttonNext&quot;,&quot;prevEl&quot;:&quot;buttonPrev&quot;},&quot;breakpoints&quot;:[{&quot;slidesPerView&quot;:1}]}\" class=\"wp-block-group gt-is-slider gt-is-slider-desktop has-global-padding is-layout-constrained wp-block-group-is-layout-constrained\">\n<figure class=\"wp-block-image size-full has-custom-border\"><img decoding=\"async\" width=\"825\" height=\"550\" src=\"https:\/\/www.camping2laplage.com\/wp-content\/uploads\/2025\/08\/wind-surf-lac-de-monteynard.png\" alt=\"Windsurfen auf dem Lac de Monteynard\" class=\"wp-image-1992\" style=\"border-radius:25px\" srcset=\"https:\/\/www.camping2laplage.com\/wp-content\/uploads\/2025\/08\/wind-surf-lac-de-monteynard.png 825w, https:\/\/www.camping2laplage.com\/wp-content\/uploads\/2025\/08\/wind-surf-lac-de-monteynard-300x200.png 300w, https:\/\/www.camping2laplage.com\/wp-content\/uploads\/2025\/08\/wind-surf-lac-de-monteynard-768x512.png 768w\" sizes=\"(max-width: 825px) 100vw, 825px\" \/><\/figure>\n\n\n\n<figure class=\"wp-block-image size-full has-custom-border\"><img decoding=\"async\" width=\"825\" height=\"550\" src=\"https:\/\/www.camping2laplage.com\/wp-content\/uploads\/2025\/08\/louer-un-mobil-home-dans-le-vercors.png\" alt=\"Ein Mobilheim im Vercors mieten\" class=\"wp-image-1980\" style=\"border-radius:25px\" srcset=\"https:\/\/www.camping2laplage.com\/wp-content\/uploads\/2025\/08\/louer-un-mobil-home-dans-le-vercors.png 825w, https:\/\/www.camping2laplage.com\/wp-content\/uploads\/2025\/08\/louer-un-mobil-home-dans-le-vercors-300x200.png 300w, https:\/\/www.camping2laplage.com\/wp-content\/uploads\/2025\/08\/louer-un-mobil-home-dans-le-vercors-768x512.png 768w\" sizes=\"(max-width: 825px) 100vw, 825px\" \/><\/figure>\n<\/div>\n<\/div>\n<\/div>\n<\/div>\n\n<div style=\"height:100px\" aria-hidden=\"true\" class=\"wp-block-spacer gt-hide-mobile\"><\/div>\n\n<div id=\"gt_3-ctafull_001\" class=\"wp-block-group has-global-padding is-layout-constrained wp-container-core-group-is-layout-12243e0f wp-block-group-is-layout-constrained\">\n<div id=\"slider-images\" class=\"wp-block-group has-global-padding is-layout-constrained wp-container-core-group-is-layout-e555385e wp-block-group-is-layout-constrained\">\n<div data-swiper=\"{&quot;speed&quot;:1000,&quot;autoplay&quot;:{&quot;delay&quot;:5000,&quot;disableOnInteraction&quot;:false},&quot;spaceBetween&quot;:0,&quot;slidesPerView&quot;:1,&quot;pagination&quot;:{&quot;el&quot;:&quot;.swiper-pagination&quot;,&quot;dynamicBullets&quot;:true,&quot;clickable&quot;:true,&quot;type&quot;:&quot;bullets&quot;},&quot;navigation&quot;:{&quot;nextEl&quot;:&quot;.swiper-button-next&quot;,&quot;prevEl&quot;:&quot;.swiper-button-prev&quot;},&quot;breakpoints&quot;:[{&quot;slidesPerView&quot;:1}]}\" class=\"wp-block-cover\"><img decoding=\"async\" width=\"1900\" height=\"950\" class=\"wp-block-cover__image-background wp-image-2015 size-full\" alt=\"animmaux dans le vercors\" src=\"https:\/\/www.camping2laplage.com\/wp-content\/uploads\/2025\/08\/animmaux-dans-le-vercors.webp\" style=\"object-position:38% 28%\" data-object-fit=\"cover\" data-object-position=\"38% 28%\" srcset=\"https:\/\/www.camping2laplage.com\/wp-content\/uploads\/2025\/08\/animmaux-dans-le-vercors.webp 1900w, https:\/\/www.camping2laplage.com\/wp-content\/uploads\/2025\/08\/animmaux-dans-le-vercors-300x150.webp 300w, https:\/\/www.camping2laplage.com\/wp-content\/uploads\/2025\/08\/animmaux-dans-le-vercors-1024x512.webp 1024w, https:\/\/www.camping2laplage.com\/wp-content\/uploads\/2025\/08\/animmaux-dans-le-vercors-768x384.webp 768w, https:\/\/www.camping2laplage.com\/wp-content\/uploads\/2025\/08\/animmaux-dans-le-vercors-1536x768.webp 1536w\" sizes=\"(max-width: 1900px) 100vw, 1900px\" \/><span aria-hidden=\"true\" class=\"wp-block-cover__background has-background-dim\"><\/span><div class=\"wp-block-cover__inner-container has-global-padding is-layout-constrained wp-block-cover-is-layout-constrained\">\n<p class=\"has-text-align-center has-large-font-size\"><\/p>\n<\/div><\/div>\n<\/div>\n\n\n\n<div class=\"wp-block-columns has-custom-rouge-background-color has-background is-layout-flex wp-container-core-columns-is-layout-32f5ffe2 wp-block-columns-is-layout-flex\" id=\"content\" style=\"padding-top:6em;padding-right:8em;padding-bottom:6em;padding-left:8em\">\n<div class=\"wp-block-column col-content is-layout-flow wp-block-column-is-layout-flow\" style=\"flex-basis:100%\">\n<h2 class=\"wp-block-heading has-text-align-center has-base-2-color has-text-color has-link-color wp-elements-554fe3aebdd9dfb7f1e53bad812b8ed9\">Natur und Entdeckung<\/h2>\n\n\n\n<p class=\"has-text-align-center has-base-2-color has-text-color has-link-color wp-elements-c2b9f92e0bae5cab1d64e41def81e88e\">Die <strong>au\u00dfergew\u00f6hnliche Naturlandschaft <\/strong>l\u00e4dt zum Entdecken, Beobachten und Genie\u00dfen zwischen seltenen Blumen und Tieren, Bergen und Seen ein. Ein Paradies f\u00fcr kleine und gro\u00dfe <a href=\"https:\/\/www.camping2laplage.com\/de\/camping-wanderungen-isere\/\" data-type=\"page\" data-id=\"15\">Wanderer,<\/a> <a href=\"https:\/\/www.camping2laplage.com\/de\/campingplatz-fahrrad-isere\/\" data-type=\"page\" data-id=\"16\">Radfahrer,<\/a> Reiter oder Eselreiter. Zahlreiche Wanderwege werden angeboten und nach ihrem Schwierigkeitsgrad gekennzeichnet.  <\/p>\n<\/div>\n<\/div>\n<\/div>\n\n<div style=\"height:100px\" aria-hidden=\"true\" class=\"wp-block-spacer gt-hide-mobile\"><\/div>\n\n<div id=\"gt_1-cta-svg_001\" class=\"wp-block-group has-global-padding is-layout-constrained wp-block-group-is-layout-constrained\">\n<div class=\"wp-block-columns are-vertically-aligned-center is-layout-flex wp-container-core-columns-is-layout-9b24e0e0 wp-block-columns-is-layout-flex\">\n<div class=\"wp-block-column is-vertically-aligned-center is-layout-flow wp-block-column-is-layout-flow\" id=\"image\">\n<div data-swiper=\"{&quot;speed&quot;:400,&quot;spaceBetween&quot;:16,&quot;slidesPerView&quot;:3,&quot;createElements&quot;:true,&quot;loop&quot;:true,&quot;freemode&quot;:true,&quot;navigation&quot;:{&quot;nextEl&quot;:&quot;buttonNext&quot;,&quot;prevEl&quot;:&quot;buttonPrev&quot;},&quot;breakpoints&quot;:[{&quot;slidesPerView&quot;:1}]}\" class=\"wp-block-group gt-is-slider gt-is-slider-desktop has-global-padding is-layout-constrained wp-block-group-is-layout-constrained\">\n<figure class=\"wp-block-image size-full has-custom-border\"><img decoding=\"async\" width=\"825\" height=\"550\" src=\"https:\/\/www.camping2laplage.com\/wp-content\/uploads\/2025\/08\/parapente-en-isere.png\" alt=\"Gleitschirmfliegen in Is&#xE8;re\" class=\"wp-image-1984\" style=\"border-radius:25px\" srcset=\"https:\/\/www.camping2laplage.com\/wp-content\/uploads\/2025\/08\/parapente-en-isere.png 825w, https:\/\/www.camping2laplage.com\/wp-content\/uploads\/2025\/08\/parapente-en-isere-300x200.png 300w, https:\/\/www.camping2laplage.com\/wp-content\/uploads\/2025\/08\/parapente-en-isere-768x512.png 768w\" sizes=\"(max-width: 825px) 100vw, 825px\" \/><\/figure>\n\n\n\n<figure class=\"wp-block-image size-full has-custom-border\"><img decoding=\"async\" width=\"825\" height=\"550\" src=\"https:\/\/www.camping2laplage.com\/wp-content\/uploads\/2025\/08\/saut-a-lelastuqe-en-isere.png\" alt=\"Elastuqe-Sprung in Is&#xE8;re\" class=\"wp-image-1988\" style=\"border-radius:25px\" srcset=\"https:\/\/www.camping2laplage.com\/wp-content\/uploads\/2025\/08\/saut-a-lelastuqe-en-isere.png 825w, https:\/\/www.camping2laplage.com\/wp-content\/uploads\/2025\/08\/saut-a-lelastuqe-en-isere-300x200.png 300w, https:\/\/www.camping2laplage.com\/wp-content\/uploads\/2025\/08\/saut-a-lelastuqe-en-isere-768x512.png 768w\" sizes=\"(max-width: 825px) 100vw, 825px\" \/><\/figure>\n<\/div>\n<\/div>\n\n\n\n<div class=\"wp-block-column is-vertically-aligned-center animated slideInUp is-layout-flow wp-block-column-is-layout-flow\" id=\"content\">\n<h2 class=\"wp-block-heading has-custom-rouge-color has-text-color has-link-color wp-elements-9826fa7bfb956caed4f34902fde58be2\">Lust auf Nervenkitzel?<\/h2>\n\n\n\n<p>Aus der <strong>Vogelperspektive <\/strong>bietet sich ein ebenso <strong>au\u00dfergew\u00f6hnlicher <\/strong>Anblick. <\/p>\n\n\n\n<p>Nehmen Sie Platz in einem Tandem-Gleitschirm! Und noch besser: 107 Meter ist die H\u00f6he des Bungee-Sprungs, der in dieser Region angeboten wird.  <\/p>\n\n\n\n<p>Eine weitere <a href=\"https:\/\/www.camping2laplage.com\/de\/aktivitaeten-in-der-umgebung-trefort\/\" data-type=\"page\" data-id=\"18\">Aktivit\u00e4t in der Luft in der N\u00e4he des Campingplatzes<\/a>, die Sie sich nicht entgehen lassen sollten: die ber\u00fchmten Himalaya-Stege!<\/p>\n<\/div>\n<\/div>\n<\/div>\n\n<div style=\"height:100px\" aria-hidden=\"true\" class=\"wp-block-spacer gt-hide-mobile\"><\/div>\n\n<div class=\"wp-block-group content-alone has-global-padding is-layout-constrained wp-container-core-group-is-layout-146f470a wp-block-group-is-layout-constrained\" style=\"padding-right:10em;padding-left:10em\">\n<h2 class=\"wp-block-heading has-text-align-center has-custom-rouge-color has-text-color has-link-color wp-elements-9413f6dfbd5ce3da4b9fed0887bf13e3\">Wassersport in der N\u00e4he des Campingplatzes<\/h2>\n\n\n\n<p class=\"has-text-align-center\">Sie lieben <strong>Wassersport<\/strong>? Dann besuchen Sie den See von Monteynard-Avignonet, wo Sie <a href=\"https:\/\/www.camping2laplage.com\/de\/aktivitaten-kitesurfen-lac-monteynard\/\" data-type=\"page\" data-id=\"14\">Kitesurfen<\/a>, Windsurfen, Paddeln, Kanu fahren, Katamaran fahren und vieles mehr k\u00f6nnen.  <\/p>\n\n\n\n<p class=\"has-text-align-center\">Alles ist m\u00f6glich! Befahren Sie die Fl\u00fcsse Ebron und Drac. Das t<strong>\u00fcrkisfarbene Wasser<\/strong> wird Sie verzaubern. Der thermische Wind wird Sie \u00fcberraschen.     <\/p>\n\n\n\n<p class=\"has-text-align-center\">Die Segelschulen und Ausr\u00fcstungsverleiher beraten Sie gerne.<\/p>\n<\/div>\n\n<div style=\"height:100px\" aria-hidden=\"true\" class=\"wp-block-spacer gt-hide-mobile\"><\/div>\n\n<div id=\"gt_3-ctafull_001\" class=\"wp-block-group has-global-padding is-layout-constrained wp-container-core-group-is-layout-12243e0f wp-block-group-is-layout-constrained\">\n<div id=\"slider-images\" class=\"wp-block-group has-global-padding is-layout-constrained wp-container-core-group-is-layout-e555385e wp-block-group-is-layout-constrained\">\n<div data-swiper=\"{&quot;speed&quot;:1000,&quot;autoplay&quot;:{&quot;delay&quot;:5000,&quot;disableOnInteraction&quot;:false},&quot;spaceBetween&quot;:0,&quot;slidesPerView&quot;:1,&quot;pagination&quot;:{&quot;el&quot;:&quot;.swiper-pagination&quot;,&quot;dynamicBullets&quot;:true,&quot;clickable&quot;:true,&quot;type&quot;:&quot;bullets&quot;},&quot;navigation&quot;:{&quot;nextEl&quot;:&quot;.swiper-button-next&quot;,&quot;prevEl&quot;:&quot;.swiper-button-prev&quot;},&quot;breakpoints&quot;:[{&quot;slidesPerView&quot;:1}]}\" class=\"wp-block-cover\"><img decoding=\"async\" width=\"1024\" height=\"512\" class=\"wp-block-cover__image-background wp-image-2004 size-large\" alt=\"chateau de vizille is\u00e8re\" src=\"https:\/\/www.camping2laplage.com\/wp-content\/uploads\/2025\/08\/chateau-de-vizille-isere-1024x512.webp\" data-object-fit=\"cover\" srcset=\"https:\/\/www.camping2laplage.com\/wp-content\/uploads\/2025\/08\/chateau-de-vizille-isere-1024x512.webp 1024w, https:\/\/www.camping2laplage.com\/wp-content\/uploads\/2025\/08\/chateau-de-vizille-isere-300x150.webp 300w, https:\/\/www.camping2laplage.com\/wp-content\/uploads\/2025\/08\/chateau-de-vizille-isere-768x384.webp 768w, https:\/\/www.camping2laplage.com\/wp-content\/uploads\/2025\/08\/chateau-de-vizille-isere-1536x768.webp 1536w, https:\/\/www.camping2laplage.com\/wp-content\/uploads\/2025\/08\/chateau-de-vizille-isere.webp 1900w\" sizes=\"(max-width: 1024px) 100vw, 1024px\" \/><span aria-hidden=\"true\" class=\"wp-block-cover__background has-background-dim\"><\/span><div class=\"wp-block-cover__inner-container has-global-padding is-layout-constrained wp-block-cover-is-layout-constrained\">\n<p class=\"has-text-align-center has-large-font-size\"><\/p>\n<\/div><\/div>\n<\/div>\n\n\n\n<div class=\"wp-block-columns has-custom-rouge-background-color has-background is-layout-flex wp-container-core-columns-is-layout-32f5ffe2 wp-block-columns-is-layout-flex\" id=\"content\" style=\"padding-top:6em;padding-right:8em;padding-bottom:6em;padding-left:8em\">\n<div class=\"wp-block-column col-content is-layout-flow wp-block-column-is-layout-flow\" style=\"flex-basis:50%\">\n<h3 class=\"wp-block-heading has-base-2-color has-text-color has-link-color has-basteleur-font-family wp-elements-e3789e63a348b12d0f75d2029b34eb5a\">Die Geschichte des Tri\u00e8ves<\/h3>\n\n\n\n<p class=\"has-base-2-color has-text-color has-link-color wp-elements-66c2e87b37ee418fd5cc600956e6b89a\">Sie interessieren sich f\u00fcr Geschichte? Dann kommen Sie hier voll auf Ihre Kosten. Das Mus\u00e9e du Tri\u00e8ves erz\u00e4hlt Ihnen die Geschichte dieser Region. <g id=\"gid_1\">Das Schloss von Vizille<\/g> und seine G\u00e4rten pr\u00e4sentieren sich stolz. Die D\u00f6rfer und Weiler offenbaren Ihnen ihre Sch\u00e4tze: Kapellen, alte H\u00e4user &#8230;    <\/p>\n<\/div>\n\n\n\n<div class=\"wp-block-column col-content is-layout-flow wp-block-column-is-layout-flow\" style=\"flex-basis:50%\">\n<h3 class=\"wp-block-heading has-base-2-color has-text-color has-link-color has-basteleur-font-family wp-elements-9be6a814e9a770ba499b4c03ca6dbf0b\">Die Gastronomie des Tri\u00e8ves<\/h3>\n\n\n\n<p class=\"has-base-2-color has-text-color has-link-color wp-elements-797d5a15832b6099c774ddd804423616\">Auch gastronomisch hat <strong>diese Region viel zu bieten<\/strong>: K\u00e4se, Honig, Fleisch &#8230; Unsere Produzenten laden Sie ein, ihre Berufe und ihre Produkte kennenzulernen (Besichtigungen von Betrieben, Bauernm\u00e4rkte, Dorffeste &#8230;).<\/p>\n<\/div>\n<\/div>\n<\/div>\n\n<div style=\"height:100px\" aria-hidden=\"true\" class=\"wp-block-spacer gt-hide-mobile\"><\/div>\n\n<div id=\"gt_1-cta-svg_001\" class=\"wp-block-group has-global-padding is-layout-constrained wp-block-group-is-layout-constrained\">\n<div class=\"wp-block-columns are-vertically-aligned-center is-layout-flex wp-container-core-columns-is-layout-9b24e0e0 wp-block-columns-is-layout-flex\">\n<div class=\"wp-block-column is-vertically-aligned-center animated slideInUp is-layout-flow wp-block-column-is-layout-flow\" id=\"content\">\n<h3 class=\"wp-block-heading has-custom-rouge-color has-text-color has-link-color has-basteleur-font-family wp-elements-11e250e2901f912147ce65d8a5730920\">Umwelt<\/h3>\n\n\n\n<p>Die Region ist auch f\u00fcr ihr Umweltbewusstsein und ihre <strong>\u00d6kologie <\/strong>bekannt. <\/p>\n\n\n\n<p><a href=\"https:\/\/www.terrevivante.org\/\" target=\"_blank\" rel=\"noreferrer noopener nofollow\">Terre vivante<\/a> bietet G\u00e4rten zur Besichtigung und p\u00e4dagogische Workshops f\u00fcr die ganze Familie.<br\/>Das Tri\u00e8ves wartet nur noch auf Sie!<\/p>\n<\/div>\n\n\n\n<div class=\"wp-block-column is-vertically-aligned-center is-layout-flow wp-block-column-is-layout-flow\" id=\"image\">\n<div data-swiper=\"{&quot;speed&quot;:400,&quot;spaceBetween&quot;:16,&quot;slidesPerView&quot;:3,&quot;createElements&quot;:true,&quot;loop&quot;:true,&quot;freemode&quot;:true,&quot;navigation&quot;:{&quot;nextEl&quot;:&quot;buttonNext&quot;,&quot;prevEl&quot;:&quot;buttonPrev&quot;},&quot;breakpoints&quot;:[{&quot;slidesPerView&quot;:1}]}\" class=\"wp-block-group gt-is-slider gt-is-slider-desktop has-global-padding is-layout-constrained wp-block-group-is-layout-constrained\">\n<figure class=\"wp-block-image size-full has-custom-border\"><img decoding=\"async\" width=\"825\" height=\"550\" src=\"https:\/\/www.camping2laplage.com\/wp-content\/uploads\/2025\/08\/nature-et-environnement-vercors.png\" alt=\"Natur und Umwelt im Vercors\" class=\"wp-image-2000\" style=\"border-radius:25px\" srcset=\"https:\/\/www.camping2laplage.com\/wp-content\/uploads\/2025\/08\/nature-et-environnement-vercors.png 825w, https:\/\/www.camping2laplage.com\/wp-content\/uploads\/2025\/08\/nature-et-environnement-vercors-300x200.png 300w, https:\/\/www.camping2laplage.com\/wp-content\/uploads\/2025\/08\/nature-et-environnement-vercors-768x512.png 768w\" sizes=\"(max-width: 825px) 100vw, 825px\" \/><\/figure>\n\n\n\n<figure class=\"wp-block-image size-full has-custom-border\"><img decoding=\"async\" width=\"825\" height=\"550\" src=\"https:\/\/www.camping2laplage.com\/wp-content\/uploads\/2025\/08\/education-a-lecologie.png\" alt=\"Umweltbildung\" class=\"wp-image-1996\" style=\"border-radius:25px\" srcset=\"https:\/\/www.camping2laplage.com\/wp-content\/uploads\/2025\/08\/education-a-lecologie.png 825w, https:\/\/www.camping2laplage.com\/wp-content\/uploads\/2025\/08\/education-a-lecologie-300x200.png 300w, https:\/\/www.camping2laplage.com\/wp-content\/uploads\/2025\/08\/education-a-lecologie-768x512.png 768w\" sizes=\"(max-width: 825px) 100vw, 825px\" \/><\/figure>\n<\/div>\n<\/div>\n<\/div>\n<\/div>\n\n<section class=\"wp-block-group alignfull bloc-maillage has-global-padding is-layout-constrained wp-container-core-group-is-layout-6131d34a wp-block-group-is-layout-constrained\" style=\"margin-top:0px;margin-bottom:0px;padding-top:10rem;padding-right:0;padding-bottom:10rem;padding-left:0rem\">\n<p class=\"has-text-align-center has-custom-rouge-color has-text-color has-link-color has-basteleur-font-family wp-elements-088d06e8262be72cdce378d330246c48\" style=\"font-size:clamp(2.2rem, 2.2rem + ((1vw - 0.2rem) * 1.714), 4rem);\">Entdecken Sie<\/p>\n\n\n\n<p class=\"has-text-align-center has-custom-rouge-color has-text-color has-link-color has-basteleur-font-family wp-elements-06a2fd5e16cef3ff223a424d7becda20\" style=\"font-size:clamp(1.25rem, 1.25rem + ((1vw - 0.2rem) * 0.714), 2rem);\">den Vercors und die Alpen bei einem g\u00fcnstigen Aufenthalt.<\/p>\n\n\n\n<div class=\"wp-block-group maillage is-layout-flow wp-block-group-is-layout-flow\">\n<div class=\"wp-block-query alignfull is-layout-flow wp-block-query-is-layout-flow\"><ul class=\"columns-3 wp-block-post-template is-layout-grid wp-container-core-post-template-is-layout-572542b5 wp-block-post-template-is-layout-grid\"><li class=\"wp-block-post post-3215 page type-page status-publish has-post-thumbnail hentry\">\n\n<div class=\"wp-block-group overflow-hidden gt-maillage has-global-padding is-layout-constrained wp-block-group-is-layout-constrained\">\n<figure class=\"wp-block-image gt-maillage__image\"><img decoding=\"async\" src=\"https:\/\/www.camping2laplage.com\/wp-content\/uploads\/2025\/08\/Mont-aiguille-dans-le-vercors-camping-de-la-plage.png\" alt=\"Mont Aiguille im Vercors Campingplatz am Strand\" style=\"aspect-ratio:3\/4;object-fit:cover\"\/><\/figure>\n\n\n\n<p class=\"has-text-align-right gt-maillage__title gt-btn-arrow has-base-2-color has-text-color has-link-color has-basteleur-font-family wp-elements-5851ac654ece7c734572285f86f288d5\" style=\"border-right-style:none;border-right-width:0px;border-bottom-style:none;border-bottom-width:0px;padding-right:1rem;font-size:clamp(1.743rem, 1.743rem + ((1vw - 0.2rem) * 1.197), 3rem);font-style:normal;font-weight:300;text-transform:none\">Vercors<\/p>\n\n\n<a class=\"is-style-lien-cover wp-block-read-more\" href=\"https:\/\/www.camping2laplage.com\/de\/camping-vercors\/\" target=\"_self\">Weiterlesen<span class=\"screen-reader-text\">: Vercors<\/span><\/a><\/div>\n\n<\/li><li class=\"wp-block-post post-3222 page type-page status-publish has-post-thumbnail hentry\">\n\n<div class=\"wp-block-group overflow-hidden gt-maillage has-global-padding is-layout-constrained wp-block-group-is-layout-constrained\">\n<figure class=\"wp-block-image gt-maillage__image\"><img decoding=\"async\" src=\"https:\/\/www.camping2laplage.com\/wp-content\/uploads\/2025\/08\/alpes-tourisme.jpg\" alt=\"Die Alpen\" style=\"aspect-ratio:3\/4;object-fit:cover\"\/><\/figure>\n\n\n\n<p class=\"has-text-align-right gt-maillage__title gt-btn-arrow has-base-2-color has-text-color has-link-color has-basteleur-font-family wp-elements-5851ac654ece7c734572285f86f288d5\" style=\"border-right-style:none;border-right-width:0px;border-bottom-style:none;border-bottom-width:0px;padding-right:1rem;font-size:clamp(1.743rem, 1.743rem + ((1vw - 0.2rem) * 1.197), 3rem);font-style:normal;font-weight:300;text-transform:none\">Die Alpen<\/p>\n\n\n<a class=\"is-style-lien-cover wp-block-read-more\" href=\"https:\/\/www.camping2laplage.com\/de\/camping-alpes\/\" target=\"_self\">Weiterlesen<span class=\"screen-reader-text\">: Die Alpen<\/span><\/a><\/div>\n\n<\/li><li class=\"wp-block-post post-2452 page type-page status-publish has-post-thumbnail hentry\">\n\n<div class=\"wp-block-group overflow-hidden gt-maillage has-global-padding is-layout-constrained wp-block-group-is-layout-constrained\">\n<figure class=\"wp-block-image gt-maillage__image\"><img decoding=\"async\" src=\"https:\/\/www.camping2laplage.com\/wp-content\/uploads\/2025\/08\/location-mobil-home-vercors.webp\" alt=\"Preise und Angebote\" style=\"aspect-ratio:3\/4;object-fit:cover\"\/><\/figure>\n\n\n\n<p class=\"has-text-align-right gt-maillage__title gt-btn-arrow has-base-2-color has-text-color has-link-color has-basteleur-font-family wp-elements-5851ac654ece7c734572285f86f288d5\" style=\"border-right-style:none;border-right-width:0px;border-bottom-style:none;border-bottom-width:0px;padding-right:1rem;font-size:clamp(1.743rem, 1.743rem + ((1vw - 0.2rem) * 1.197), 3rem);font-style:normal;font-weight:300;text-transform:none\">Preise und Angebote<\/p>\n\n\n<a class=\"is-style-lien-cover wp-block-read-more\" href=\"https:\/\/www.camping2laplage.com\/de\/guenstiger-campingplatz-treffort\/\" target=\"_self\">Weiterlesen<span class=\"screen-reader-text\">: Preise und Angebote<\/span><\/a><\/div>\n\n<\/li><\/ul><\/div>\n<\/div>\n<\/section>\n","protected":false},"excerpt":{"rendered":"<p>Campingplatz 2 am Strand &gt; Camping im Tri\u00e8ves: eine Region, die es zu entdecken gilt Eine Region, die es zu entdecken gilt Nur 30 Minuten von Grenoble und 1,5 Stunden von Lyon entfernt liegt das Tri\u00e8ves, eine Region mit vielf\u00e4ltigen Reicht\u00fcmern. Es bietet Landschaften, die Sie \u00fcberraschen werden, zwischen Mittelgebirge, Seen und landwirtschaftlichen Fl\u00e4chen, die [&hellip;]<\/p>\n","protected":false},"author":1,"featured_media":2011,"parent":0,"menu_order":0,"comment_status":"closed","ping_status":"closed","template":"","meta":{"_acf_changed":false,"_seopress_robots_primary_cat":"","_seopress_titles_title":"Campingplatz Tri\u00e8ves: Wanderungen und Wassersport vom Campingplatz aus","_seopress_titles_desc":"","_seopress_robots_index":"","_gt_ctv_global_id":"","_gt_ctv_id_group":false,"inline_featured_image":false,"gt_fse_maillage_image":"https:\/\/www.camping2laplage.com\/wp-content\/uploads\/2025\/08\/vizille-vercors.webp","gt_fse_maillage_titre":"Tri\u00e8ves","gt_fse_maillage_alt":"Tri\u00e8ves","gt_fse_maillage_resume":"","footnotes":""},"categories":[],"tags":[],"class_list":["post-3258","page","type-page","status-publish","has-post-thumbnail","hentry"],"acf":[],"_links":{"self":[{"href":"https:\/\/www.camping2laplage.com\/de\/wp-json\/wp\/v2\/pages\/3258","targetHints":{"allow":["GET"]}}],"collection":[{"href":"https:\/\/www.camping2laplage.com\/de\/wp-json\/wp\/v2\/pages"}],"about":[{"href":"https:\/\/www.camping2laplage.com\/de\/wp-json\/wp\/v2\/types\/page"}],"author":[{"embeddable":true,"href":"https:\/\/www.camping2laplage.com\/de\/wp-json\/wp\/v2\/users\/1"}],"replies":[{"embeddable":true,"href":"https:\/\/www.camping2laplage.com\/de\/wp-json\/wp\/v2\/comments?post=3258"}],"version-history":[{"count":7,"href":"https:\/\/www.camping2laplage.com\/de\/wp-json\/wp\/v2\/pages\/3258\/revisions"}],"predecessor-version":[{"id":3314,"href":"https:\/\/www.camping2laplage.com\/de\/wp-json\/wp\/v2\/pages\/3258\/revisions\/3314"}],"wp:featuredmedia":[{"embeddable":true,"href":"https:\/\/www.camping2laplage.com\/de\/wp-json\/wp\/v2\/media\/2011"}],"wp:attachment":[{"href":"https:\/\/www.camping2laplage.com\/de\/wp-json\/wp\/v2\/media?parent=3258"}],"wp:term":[{"taxonomy":"category","embeddable":true,"href":"https:\/\/www.camping2laplage.com\/de\/wp-json\/wp\/v2\/categories?post=3258"},{"taxonomy":"post_tag","embeddable":true,"href":"https:\/\/www.camping2laplage.com\/de\/wp-json\/wp\/v2\/tags?post=3258"}],"curies":[{"name":"wp","href":"https:\/\/api.w.org\/{rel}","templated":true}]}}