{"id":2442,"date":"2025-07-09T13:14:50","date_gmt":"2025-07-09T11:14:50","guid":{"rendered":"https:\/\/www.camping2laplage.com\/camping-pas-cher-treffort\/"},"modified":"2025-09-22T12:32:35","modified_gmt":"2025-09-22T10:32:35","slug":"budget-campsite-treffort","status":"publish","type":"page","link":"https:\/\/www.camping2laplage.com\/en\/budget-campsite-treffort\/","title":{"rendered":"Rates and offers"},"content":{"rendered":"\n<div id=\"titre-fil\" class=\"wp-block-group is-vertical is-content-justification-center is-layout-flex wp-container-core-group-is-layout-3fb1c651 wp-block-group-is-layout-flex\" style=\"padding-right:20%;padding-left:20%\">\n<div class=\"wp-block-group is-horizontal is-layout-flex wp-container-core-group-is-layout-048c9698 wp-block-group-is-layout-flex\">\n<p class=\"has-text-align-center has-custom-rouge-color has-text-color has-link-color wp-elements-e778e1b5504a045bf9d97c0daac69c75\" style=\"font-style:normal;font-weight:400;letter-spacing:2px\"><a href=\"https:\/\/www.camping2laplage.com\/en\/\" data-type=\"page\" data-id=\"5\">Camping 2 la plage<\/a> &gt;<\/p>\n\n\n<p class=\"has-text-align-center has-custom-rouge-color has-text-color has-link-color\" \n    style=\"font-style:normal;font-weight:400;letter-spacing:2px\">Rates and offers<\/p>\n<\/div>\n\n\n\n<h1 class=\"wp-block-heading has-text-align-center has-custom-rouge-color has-text-color has-link-color has-basteleur-font-family wp-elements-99471dad1e454f25f4e1e0fb0865e07a\" id=\"titre-page\" style=\"font-size:clamp(2.629rem, 2.629rem + ((1vw - 0.2rem) * 2.258), 5rem);font-style:normal;font-weight:700;line-height:1.1\">Camping at the best price in Is\u00e8re<\/h1>\n<\/div>\n\n<div style=\"height:100px\" aria-hidden=\"true\" class=\"wp-block-spacer gt-hide-mobile\"><\/div>\n\n<div class=\"wp-block-group list-hebergements has-global-padding is-layout-constrained wp-container-core-group-is-layout-d95ef7e3 wp-block-group-is-layout-constrained\" style=\"padding-top:var(--wp--preset--spacing--40);padding-bottom:var(--wp--preset--spacing--40)\">\n<div\n    style=\"padding-right:8rem;padding-left:8rem;\" class=\"gt-hebergements-filtres gt-hebergements-filtres--accordeons  gt-hebergements-filtres--grid wp-block-gt-gt-fse-hebergements\"    data-wp-interactive=\"gt\/fse\/filtres\"\n    data-wp-on--keydown=\"actions.handleKeydown\"\n    data-wp-on-document--click=\"actions.outsideClick\"\n    data-wp-context='{\"isSidebar\":false,\"isSidebarOpen\":true,\"isStickyButton\":false,\"isAccordeon\":true}'>\n    <div class=\"gt-hebergements-actions\">\n        \n        <button\n            class=\"gt-hebergements-open-button \"\n            data-wp-on--click=\"actions.toggleSidebar\"\n            data-wp-bind--aria-expanded=\"context.isSidebarOpen\"\n            data-wp-class--active=\"state.activeCheckboxes\"\n            style=\"display:flex;align-items:center;gap:0;flex-direction:row;\">\n                        <span class=\"gt-hebergements-label-button\">Filtres<\/span>\n            <span\n                data-wp-text=\"state.activeCheckboxes\"\n                data-wp-bind--hidden=\"!state.activeCheckboxes\"><\/span>\n        <\/button>\n\n        <div data-wp-bind--hidden=\"!state.activeCheckboxes\">\n            <button\n                class=\"gt-hebergements-reset-button\"\n                data-wp-on--click=\"actions.clearAllFilters\">\n                <i class=\"fas fa-undo-alt\"><\/i>\n                R\u00e9initialiser            <\/button>\n        <\/div>\n    <\/div>\n\n    <div\n        class=\"gt-hebergements-filtres__sidebar\"\n        data-wp-bind--hidden=\"!context.isSidebarOpen\"\n        data-wp-class--opened=\"context.isSidebarOpen\"\n\n                style=\"grid-template-columns: repeat(auto-fit, minmax(3rem, 1fr))\"\n        >\n                                                                                <div\n                    class=\"gt-hebergements-filtre closed\"\n                    data-gt-filtre-name=\"types\"\n                    data-gt-cookie=\"gtTypes\"\n                    aria-expanded=\"\"\n                    data-gt-filtre-operator=\"OR\">\n\n                                        <p\n                        class=\"gt-hebergements-filtre__name\"\n                        data-wp-on--click=\"actions.toggleFilter\"\n                        style=\"\n                            background-color: #822f11;\n                            color: #ffffff;\n                            border-radius: 10px 10px 10px 10px;\n                            padding: 20px 20px 20px 20px;\n                        \">\n                        <span>\n                            Types                            <span\n                                class=\"gt-hebergements-filtre__count\"\n                                data-wp-bind--hidden=\"!state.count.types\"\n                                data-wp-text=\"state.count.types\"\n                                hidden>\n                            <\/span>\n                        <\/span>\n                    <\/p>\n                    <div\n                        class=\"gt-hebergements-filtre__content\"\n                        style=\"\n                            background-color: #822f11;\n                            color: #ffffff;\n                            border-radius: 10px 10px 10px 10px;\n                            padding: 20px 20px 20px 20px;\n                        \">\n                        <label>\n                            <input\n                                type=\"checkbox\"\n                                name=\"types[]\"\n                                data-wp-on--click=\"actions.clearFilter\"\n                                value=\"\"\n                                checked \/>\n                            <span class=\"custom-checkbox\"><\/span>\n                            All                        <\/label>\n\n                                                                                <label>\n                                <input\n                                    type=\"checkbox\"\n                                    name=\"types[]\"\n                                    data-wp-on--click=\"actions.runFilters\"\n                                    value=\"18\"\n                                     \/>\n                                <span class=\"custom-checkbox\"><\/span>\n                                Emplacement                                                            <\/label>\n                                                                                <label>\n                                <input\n                                    type=\"checkbox\"\n                                    name=\"types[]\"\n                                    data-wp-on--click=\"actions.runFilters\"\n                                    value=\"17\"\n                                     \/>\n                                <span class=\"custom-checkbox\"><\/span>\n                                Location                                                            <\/label>\n                                            <\/div>\n                <\/div>\n                                                                                                        <div\n                    class=\"gt-hebergements-filtre closed\"\n                    data-gt-filtre-name=\"capacities\"\n                    data-gt-cookie=\"gtCapacities\"\n                    aria-expanded=\"\"\n                    data-gt-filtre-operator=\"OR\">\n\n                                        <p\n                        class=\"gt-hebergements-filtre__name\"\n                        data-wp-on--click=\"actions.toggleFilter\"\n                        style=\"\n                            background-color: #822f11;\n                            color: #ffffff;\n                            border-radius: 10px 10px 10px 10px;\n                            padding: 20px 20px 20px 20px;\n                        \">\n                        <span>\n                            Sleeps                            <span\n                                class=\"gt-hebergements-filtre__count\"\n                                data-wp-bind--hidden=\"!state.count.capacities\"\n                                data-wp-text=\"state.count.capacities\"\n                                hidden>\n                            <\/span>\n                        <\/span>\n                    <\/p>\n                    <div\n                        class=\"gt-hebergements-filtre__content\"\n                        style=\"\n                            background-color: #822f11;\n                            color: #ffffff;\n                            border-radius: 10px 10px 10px 10px;\n                            padding: 20px 20px 20px 20px;\n                        \">\n                        <label>\n                            <input\n                                type=\"checkbox\"\n                                name=\"capacities[]\"\n                                data-wp-on--click=\"actions.clearFilter\"\n                                value=\"\"\n                                checked \/>\n                            <span class=\"custom-checkbox\"><\/span>\n                            All                        <\/label>\n\n                                                                                <label>\n                                <input\n                                    type=\"checkbox\"\n                                    name=\"capacities[]\"\n                                    data-wp-on--click=\"actions.runFilters\"\n                                    value=\"23\"\n                                     \/>\n                                <span class=\"custom-checkbox\"><\/span>\n                                2                                                                    <span class=\"gt-hebergements-filtre__suffix\">\n                                         Pers.                                    <\/span>\n                                                            <\/label>\n                                                                                <label>\n                                <input\n                                    type=\"checkbox\"\n                                    name=\"capacities[]\"\n                                    data-wp-on--click=\"actions.runFilters\"\n                                    value=\"19\"\n                                     \/>\n                                <span class=\"custom-checkbox\"><\/span>\n                                4                                                                    <span class=\"gt-hebergements-filtre__suffix\">\n                                         Pers.                                    <\/span>\n                                                            <\/label>\n                                                                                <label>\n                                <input\n                                    type=\"checkbox\"\n                                    name=\"capacities[]\"\n                                    data-wp-on--click=\"actions.runFilters\"\n                                    value=\"30\"\n                                     \/>\n                                <span class=\"custom-checkbox\"><\/span>\n                                5                                                                    <span class=\"gt-hebergements-filtre__suffix\">\n                                         Pers.                                    <\/span>\n                                                            <\/label>\n                                                                                <label>\n                                <input\n                                    type=\"checkbox\"\n                                    name=\"capacities[]\"\n                                    data-wp-on--click=\"actions.runFilters\"\n                                    value=\"28\"\n                                     \/>\n                                <span class=\"custom-checkbox\"><\/span>\n                                6                                                                    <span class=\"gt-hebergements-filtre__suffix\">\n                                         Pers.                                    <\/span>\n                                                            <\/label>\n                                            <\/div>\n                <\/div>\n                                                                <div\n                    class=\"gt-hebergements-filtre closed\"\n                    data-gt-filtre-name=\"rooms\"\n                    data-gt-cookie=\"gtRooms\"\n                    aria-expanded=\"\"\n                    data-gt-filtre-operator=\"OR\">\n\n                                        <p\n                        class=\"gt-hebergements-filtre__name\"\n                        data-wp-on--click=\"actions.toggleFilter\"\n                        style=\"\n                            background-color: #822f11;\n                            color: #ffffff;\n                            border-radius: 10px 10px 10px 10px;\n                            padding: 20px 20px 20px 20px;\n                        \">\n                        <span>\n                            Rooms                            <span\n                                class=\"gt-hebergements-filtre__count\"\n                                data-wp-bind--hidden=\"!state.count.rooms\"\n                                data-wp-text=\"state.count.rooms\"\n                                hidden>\n                            <\/span>\n                        <\/span>\n                    <\/p>\n                    <div\n                        class=\"gt-hebergements-filtre__content\"\n                        style=\"\n                            background-color: #822f11;\n                            color: #ffffff;\n                            border-radius: 10px 10px 10px 10px;\n                            padding: 20px 20px 20px 20px;\n                        \">\n                        <label>\n                            <input\n                                type=\"checkbox\"\n                                name=\"rooms[]\"\n                                data-wp-on--click=\"actions.clearFilter\"\n                                value=\"\"\n                                checked \/>\n                            <span class=\"custom-checkbox\"><\/span>\n                            All                        <\/label>\n\n                                                                                <label>\n                                <input\n                                    type=\"checkbox\"\n                                    name=\"rooms[]\"\n                                    data-wp-on--click=\"actions.runFilters\"\n                                    value=\"24\"\n                                     \/>\n                                <span class=\"custom-checkbox\"><\/span>\n                                1                                                                    <span class=\"gt-hebergements-filtre__suffix\">\n                                         Ch.                                    <\/span>\n                                                            <\/label>\n                                                                                <label>\n                                <input\n                                    type=\"checkbox\"\n                                    name=\"rooms[]\"\n                                    data-wp-on--click=\"actions.runFilters\"\n                                    value=\"20\"\n                                     \/>\n                                <span class=\"custom-checkbox\"><\/span>\n                                2                                                                    <span class=\"gt-hebergements-filtre__suffix\">\n                                         Ch.                                    <\/span>\n                                                            <\/label>\n                                                                                <label>\n                                <input\n                                    type=\"checkbox\"\n                                    name=\"rooms[]\"\n                                    data-wp-on--click=\"actions.runFilters\"\n                                    value=\"27\"\n                                     \/>\n                                <span class=\"custom-checkbox\"><\/span>\n                                3                                                                    <span class=\"gt-hebergements-filtre__suffix\">\n                                         Ch.                                    <\/span>\n                                                            <\/label>\n                                                                                <label>\n                                <input\n                                    type=\"checkbox\"\n                                    name=\"rooms[]\"\n                                    data-wp-on--click=\"actions.runFilters\"\n                                    value=\"34\"\n                                     \/>\n                                <span class=\"custom-checkbox\"><\/span>\n                                4                                                                    <span class=\"gt-hebergements-filtre__suffix\">\n                                         Ch.                                    <\/span>\n                                                            <\/label>\n                                            <\/div>\n                <\/div>\n                                                                <\/div>\n<\/div>\n\n\n<div data-wp-context=\"{}\" data-wp-interactive=\"core\/query\" data-wp-key=\"0\" data-wp-router-region=\"query-0\" class=\"wp-block-query alignwide gt-fse-hebergements is-layout-flow wp-block-query-is-layout-flow gt-fse-widgets-ctv-open-product\"><ul class=\"columns-2 wp-block-post-template is-layout-grid wp-container-core-post-template-is-layout-02493678 wp-block-post-template-is-layout-grid gt-fse-widgets-ctv-open-product\"><li data-gt-Thelis-product-id=\"\" data-gt-bathrooms=\"22\" data-gt-campings=\"\" data-gt-capacities=\"30\" data-gt-ctv-product-id=\"89381\" data-gt-gammes=\"\" data-gt-options=\"\" data-gt-rooms=\"20\" data-gt-superficies=\"32\" data-gt-types=\"17\" data-wp-key=\"post-template-item-2522\" class=\"wp-block-post post-2522 hebergement type-hebergement status-publish has-post-thumbnail hentry gt-hebergements-types-location gt-hebergements-nombre-personnes-30 gt-hebergements-nombre-chambres-20 gt-hebergements-nombre-sdb-22 gt-hebergements-superficie-32 gt-fse-widgets-ctv-open-product\">\n\n<div class=\"wp-block-group gt-hebergement-wrap has-global-padding is-layout-constrained wp-block-group-is-layout-constrained gt-fse-widgets-ctv-open-product\" style=\"margin-top:0px\">\n<div data-swiper=\"{&quot;speed&quot;:1000,&quot;autoplay&quot;:{&quot;delay&quot;:5000,&quot;disableOnInteraction&quot;:false},&quot;spaceBetween&quot;:0,&quot;slidesPerView&quot;:1,&quot;pagination&quot;:{&quot;el&quot;:&quot;.swiper-pagination&quot;,&quot;dynamicBullets&quot;:true,&quot;clickable&quot;:true,&quot;type&quot;:&quot;bullets&quot;},&quot;navigation&quot;:{&quot;nextEl&quot;:&quot;.swiper-button-next&quot;,&quot;prevEl&quot;:&quot;.swiper-button-prev&quot;},&quot;breakpoints&quot;:[{&quot;slidesPerView&quot;:1}]}\" class=\"wp-block-cover has-custom-content-position is-position-bottom-center hebergement-featured-image gt-fse-widgets-ctv-open-product\" style=\"border-radius:25px;padding-top:0px;padding-right:0px;padding-bottom:0px;padding-left:0px;min-height:430px;aspect-ratio:unset;\"><span aria-hidden=\"true\" class=\"wp-block-cover__background has-background-dim-80 has-background-dim has-background-gradient gt-fse-widgets-ctv-open-product\" style=\"background:linear-gradient(0deg,rgb(0,0,0) 26%,rgba(0,0,0,0) 42%)\"><\/span><img decoding=\"async\" width=\"1199\" height=\"800\" src=\"https:\/\/www.camping2laplage.com\/wp-content\/uploads\/2025\/08\/louer-chalet-en-isere.jpg\" class=\"wp-block-cover__image-background wp-post-image gt-fse-widgets-ctv-open-product\" alt=\"rent chalet in isere\" data-object-fit=\"cover\" srcset=\"https:\/\/www.camping2laplage.com\/wp-content\/uploads\/2025\/08\/louer-chalet-en-isere.jpg 1199w, https:\/\/www.camping2laplage.com\/wp-content\/uploads\/2025\/08\/louer-chalet-en-isere-300x200.jpg 300w, https:\/\/www.camping2laplage.com\/wp-content\/uploads\/2025\/08\/louer-chalet-en-isere-1024x683.jpg 1024w, https:\/\/www.camping2laplage.com\/wp-content\/uploads\/2025\/08\/louer-chalet-en-isere-768x512.jpg 768w\" sizes=\"(max-width: 1199px) 100vw, 1199px\" \/><div class=\"wp-block-cover__inner-container has-global-padding is-layout-constrained wp-container-core-cover-is-layout-f5c98baf wp-block-cover-is-layout-constrained gt-fse-widgets-ctv-open-product\">\n<div class=\"wp-block-group titre-fleche is-nowrap is-layout-flex wp-container-core-group-is-layout-6c531013 wp-block-group-is-layout-flex gt-fse-widgets-ctv-open-product\">\n<p class=\"has-text-align-left hebergement-title gt-btn-arrow has-base-2-color has-text-color has-link-color has-basteleur-font-family wp-elements-9c563c41f13d6fedd8c90588c141348d gt-fse-widgets-ctv-open-product\" style=\"padding-right:0;padding-left:1.5rem;font-size:clamp(18.959px, 1.185rem + ((1vw - 3.2px) * 0.657), 30px);font-style:normal;font-weight:700;text-transform:uppercase\">25 m\u00b2 panoramic chalet<\/p>\n\n\n\n<figure class=\"wp-block-image size-large is-resized fleche wp-duotone-rgb255255255-ccc-1 gt-fse-widgets-ctv-open-product\"><img decoding=\"async\" width=\"17\" height=\"12\" src=\"https:\/\/www.camping2laplage.com\/wp-content\/uploads\/2025\/07\/arrows-btn.svg\" alt=\"arrows btn\" class=\"wp-image-176 gt-fse-widgets-ctv-open-product\" style=\"object-fit:contain;width:15px;height:15px\"\/><\/figure>\n<\/div>\n\n\n\n<div class=\"wp-block-group alignfull hebergement-icons has-custom-rouge-background-color has-background is-content-justification-center is-nowrap is-layout-flex wp-container-core-group-is-layout-4e3a5801 wp-block-group-is-layout-flex gt-fse-widgets-ctv-open-product\" style=\"padding-top:var(--wp--preset--spacing--10);padding-right:1rem;padding-bottom:var(--wp--preset--spacing--10);padding-left:1rem\">\n<div class=\"wp-block-group is-nowrap is-layout-flex wp-container-core-group-is-layout-513c09f2 wp-block-group-is-layout-flex gt-fse-widgets-ctv-open-product\">\n<figure class=\"wp-block-image size-full is-resized wp-duotone-ededa9-ccc-2 gt-fse-widgets-ctv-open-product\"><img decoding=\"async\" width=\"300\" height=\"300\" src=\"https:\/\/www.camping2laplage.com\/wp-content\/uploads\/2025\/07\/personnes.webp\" alt=\"personnes\" class=\"wp-image-1020 gt-fse-widgets-ctv-open-product\" style=\"width:25px\" srcset=\"https:\/\/www.camping2laplage.com\/wp-content\/uploads\/2025\/07\/personnes.webp 300w, https:\/\/www.camping2laplage.com\/wp-content\/uploads\/2025\/07\/personnes-150x150.webp 150w\" sizes=\"(max-width: 300px) 100vw, 300px\" \/><\/figure>\n\n\n<div class=\"taxonomy-gt-hebergements-nombre-personnes has-link-color wp-elements-f7c87e54e38b0809136675ff6bf5c315 wp-block-post-terms has-text-color has-base-2-color has-medium-font-size has-roboto-font-family gt-fse-widgets-ctv-open-product\"><span class=\"gt-fse-widgets-ctv-open-product\">5<\/span><\/div>\n\n\n<p class=\"has-base-2-color has-text-color has-link-color has-medium-font-size wp-elements-ed300d43f37d8c22950d8ef97712d50f gt-fse-widgets-ctv-open-product\">Pers.<\/p>\n<\/div>\n\n\n\n<div class=\"wp-block-group is-nowrap is-layout-flex wp-container-core-group-is-layout-89a94f6a wp-block-group-is-layout-flex gt-fse-widgets-ctv-open-product\">\n<figure class=\"wp-block-image size-full is-resized wp-duotone-ededa9-ffffff-3 gt-fse-widgets-ctv-open-product\"><img decoding=\"async\" width=\"512\" height=\"512\" src=\"https:\/\/www.camping2laplage.com\/wp-content\/uploads\/2025\/07\/chambre.webp\" alt=\"chambre\" class=\"wp-image-1024 gt-fse-widgets-ctv-open-product\" style=\"width:25px\" srcset=\"https:\/\/www.camping2laplage.com\/wp-content\/uploads\/2025\/07\/chambre.webp 512w, https:\/\/www.camping2laplage.com\/wp-content\/uploads\/2025\/07\/chambre-300x300.webp 300w, https:\/\/www.camping2laplage.com\/wp-content\/uploads\/2025\/07\/chambre-150x150.webp 150w\" sizes=\"(max-width: 512px) 100vw, 512px\" \/><\/figure>\n\n\n<div class=\"taxonomy-gt-hebergements-nombre-chambres has-link-color wp-elements-9ef64b592c523db51bc710735ecf05b9 wp-block-post-terms has-text-color has-base-2-color has-medium-font-size has-roboto-font-family gt-fse-widgets-ctv-open-product\"><span class=\"gt-fse-widgets-ctv-open-product\">2<\/span><\/div>\n\n\n<p class=\"has-base-2-color has-text-color has-link-color has-medium-font-size wp-elements-9a187f19e657d0a1a7cff608aeff72a2 gt-fse-widgets-ctv-open-product\">ch.<\/p>\n<\/div>\n\n\n\n<div class=\"wp-block-group is-nowrap is-layout-flex wp-container-core-group-is-layout-89a94f6a wp-block-group-is-layout-flex gt-fse-widgets-ctv-open-product\">\n<figure class=\"wp-block-image size-full is-resized wp-duotone-ededa9-ffffff-4 gt-fse-widgets-ctv-open-product\"><img decoding=\"async\" width=\"300\" height=\"300\" src=\"https:\/\/www.camping2laplage.com\/wp-content\/uploads\/2025\/07\/surface.webp\" alt=\"surface\" class=\"wp-image-1028 gt-fse-widgets-ctv-open-product\" style=\"width:25px\" srcset=\"https:\/\/www.camping2laplage.com\/wp-content\/uploads\/2025\/07\/surface.webp 300w, https:\/\/www.camping2laplage.com\/wp-content\/uploads\/2025\/07\/surface-150x150.webp 150w\" sizes=\"(max-width: 300px) 100vw, 300px\" \/><\/figure>\n\n\n<div class=\"taxonomy-gt-hebergements-superficie has-link-color wp-elements-cafe8390f833754c2c2fbce3d1413350 wp-block-post-terms has-text-color has-base-2-color has-medium-font-size has-roboto-font-family gt-fse-widgets-ctv-open-product\"><span class=\"gt-fse-widgets-ctv-open-product\">25<\/span><\/div>\n\n\n<p class=\"has-base-2-color has-text-color has-link-color has-medium-font-size wp-elements-cf28bc533e0468d76b0d039beb27e42a gt-fse-widgets-ctv-open-product\">m\u00b2<\/p>\n<\/div>\n<\/div>\n<\/div><\/div>\n<\/div>\n\n<\/li><li data-gt-Thelis-product-id=\"\" data-gt-bathrooms=\"22\" data-gt-campings=\"\" data-gt-capacities=\"28\" data-gt-ctv-product-id=\"52087\" data-gt-gammes=\"\" data-gt-options=\"\" data-gt-rooms=\"27\" data-gt-superficies=\"26\" data-gt-types=\"17\" data-wp-key=\"post-template-item-2541\" class=\"wp-block-post post-2541 hebergement type-hebergement status-publish has-post-thumbnail hentry gt-hebergements-types-location gt-hebergements-nombre-personnes-28 gt-hebergements-nombre-chambres-27 gt-hebergements-nombre-sdb-22 gt-hebergements-superficie-26 gt-fse-widgets-ctv-open-product\">\n\n<div class=\"wp-block-group gt-hebergement-wrap has-global-padding is-layout-constrained wp-block-group-is-layout-constrained gt-fse-widgets-ctv-open-product\" style=\"margin-top:0px\">\n<div data-swiper=\"{&quot;speed&quot;:1000,&quot;autoplay&quot;:{&quot;delay&quot;:5000,&quot;disableOnInteraction&quot;:false},&quot;spaceBetween&quot;:0,&quot;slidesPerView&quot;:1,&quot;pagination&quot;:{&quot;el&quot;:&quot;.swiper-pagination&quot;,&quot;dynamicBullets&quot;:true,&quot;clickable&quot;:true,&quot;type&quot;:&quot;bullets&quot;},&quot;navigation&quot;:{&quot;nextEl&quot;:&quot;.swiper-button-next&quot;,&quot;prevEl&quot;:&quot;.swiper-button-prev&quot;},&quot;breakpoints&quot;:[{&quot;slidesPerView&quot;:1}]}\" class=\"wp-block-cover has-custom-content-position is-position-bottom-center hebergement-featured-image gt-fse-widgets-ctv-open-product\" style=\"border-radius:25px;padding-top:0px;padding-right:0px;padding-bottom:0px;padding-left:0px;min-height:430px;aspect-ratio:unset;\"><span aria-hidden=\"true\" class=\"wp-block-cover__background has-background-dim-80 has-background-dim has-background-gradient gt-fse-widgets-ctv-open-product\" style=\"background:linear-gradient(0deg,rgb(0,0,0) 26%,rgba(0,0,0,0) 42%)\"><\/span><img decoding=\"async\" width=\"1176\" height=\"882\" src=\"https:\/\/www.camping2laplage.com\/wp-content\/uploads\/2025\/08\/mh-confort-31.jpg\" class=\"wp-block-cover__image-background wp-post-image gt-fse-widgets-ctv-open-product\" alt=\"mh comfort\" data-object-fit=\"cover\" srcset=\"https:\/\/www.camping2laplage.com\/wp-content\/uploads\/2025\/08\/mh-confort-31.jpg 1176w, https:\/\/www.camping2laplage.com\/wp-content\/uploads\/2025\/08\/mh-confort-31-300x225.jpg 300w, https:\/\/www.camping2laplage.com\/wp-content\/uploads\/2025\/08\/mh-confort-31-1024x768.jpg 1024w, https:\/\/www.camping2laplage.com\/wp-content\/uploads\/2025\/08\/mh-confort-31-768x576.jpg 768w\" sizes=\"(max-width: 1176px) 100vw, 1176px\" \/><div class=\"wp-block-cover__inner-container has-global-padding is-layout-constrained wp-container-core-cover-is-layout-f5c98baf wp-block-cover-is-layout-constrained gt-fse-widgets-ctv-open-product\">\n<div class=\"wp-block-group titre-fleche is-nowrap is-layout-flex wp-container-core-group-is-layout-6c531013 wp-block-group-is-layout-flex gt-fse-widgets-ctv-open-product\">\n<p class=\"has-text-align-left hebergement-title gt-btn-arrow has-base-2-color has-text-color has-link-color has-basteleur-font-family wp-elements-9c563c41f13d6fedd8c90588c141348d gt-fse-widgets-ctv-open-product\" style=\"padding-right:0;padding-left:1.5rem;font-size:clamp(18.959px, 1.185rem + ((1vw - 3.2px) * 0.657), 30px);font-style:normal;font-weight:700;text-transform:uppercase\">31 m\u00b2 Comfort Mobile home<\/p>\n\n\n\n<figure class=\"wp-block-image size-large is-resized fleche wp-duotone-rgb255255255-ccc-5 gt-fse-widgets-ctv-open-product\"><img decoding=\"async\" width=\"17\" height=\"12\" src=\"https:\/\/www.camping2laplage.com\/wp-content\/uploads\/2025\/07\/arrows-btn.svg\" alt=\"arrows btn\" class=\"wp-image-176 gt-fse-widgets-ctv-open-product\" style=\"object-fit:contain;width:15px;height:15px\"\/><\/figure>\n<\/div>\n\n\n\n<div class=\"wp-block-group alignfull hebergement-icons has-custom-rouge-background-color has-background is-content-justification-center is-nowrap is-layout-flex wp-container-core-group-is-layout-4e3a5801 wp-block-group-is-layout-flex gt-fse-widgets-ctv-open-product\" style=\"padding-top:var(--wp--preset--spacing--10);padding-right:1rem;padding-bottom:var(--wp--preset--spacing--10);padding-left:1rem\">\n<div class=\"wp-block-group is-nowrap is-layout-flex wp-container-core-group-is-layout-513c09f2 wp-block-group-is-layout-flex gt-fse-widgets-ctv-open-product\">\n<figure class=\"wp-block-image size-full is-resized wp-duotone-ededa9-ccc-6 gt-fse-widgets-ctv-open-product\"><img decoding=\"async\" width=\"300\" height=\"300\" src=\"https:\/\/www.camping2laplage.com\/wp-content\/uploads\/2025\/07\/personnes.webp\" alt=\"personnes\" class=\"wp-image-1020 gt-fse-widgets-ctv-open-product\" style=\"width:25px\" srcset=\"https:\/\/www.camping2laplage.com\/wp-content\/uploads\/2025\/07\/personnes.webp 300w, https:\/\/www.camping2laplage.com\/wp-content\/uploads\/2025\/07\/personnes-150x150.webp 150w\" sizes=\"(max-width: 300px) 100vw, 300px\" \/><\/figure>\n\n\n<div class=\"taxonomy-gt-hebergements-nombre-personnes has-link-color wp-elements-f7c87e54e38b0809136675ff6bf5c315 wp-block-post-terms has-text-color has-base-2-color has-medium-font-size has-roboto-font-family gt-fse-widgets-ctv-open-product\"><span class=\"gt-fse-widgets-ctv-open-product\">6<\/span><\/div>\n\n\n<p class=\"has-base-2-color has-text-color has-link-color has-medium-font-size wp-elements-ed300d43f37d8c22950d8ef97712d50f gt-fse-widgets-ctv-open-product\">Pers.<\/p>\n<\/div>\n\n\n\n<div class=\"wp-block-group is-nowrap is-layout-flex wp-container-core-group-is-layout-89a94f6a wp-block-group-is-layout-flex gt-fse-widgets-ctv-open-product\">\n<figure class=\"wp-block-image size-full is-resized wp-duotone-ededa9-ffffff-7 gt-fse-widgets-ctv-open-product\"><img decoding=\"async\" width=\"512\" height=\"512\" src=\"https:\/\/www.camping2laplage.com\/wp-content\/uploads\/2025\/07\/chambre.webp\" alt=\"chambre\" class=\"wp-image-1024 gt-fse-widgets-ctv-open-product\" style=\"width:25px\" srcset=\"https:\/\/www.camping2laplage.com\/wp-content\/uploads\/2025\/07\/chambre.webp 512w, https:\/\/www.camping2laplage.com\/wp-content\/uploads\/2025\/07\/chambre-300x300.webp 300w, https:\/\/www.camping2laplage.com\/wp-content\/uploads\/2025\/07\/chambre-150x150.webp 150w\" sizes=\"(max-width: 512px) 100vw, 512px\" \/><\/figure>\n\n\n<div class=\"taxonomy-gt-hebergements-nombre-chambres has-link-color wp-elements-9ef64b592c523db51bc710735ecf05b9 wp-block-post-terms has-text-color has-base-2-color has-medium-font-size has-roboto-font-family gt-fse-widgets-ctv-open-product\"><span class=\"gt-fse-widgets-ctv-open-product\">3<\/span><\/div>\n\n\n<p class=\"has-base-2-color has-text-color has-link-color has-medium-font-size wp-elements-9a187f19e657d0a1a7cff608aeff72a2 gt-fse-widgets-ctv-open-product\">ch.<\/p>\n<\/div>\n\n\n\n<div class=\"wp-block-group is-nowrap is-layout-flex wp-container-core-group-is-layout-89a94f6a wp-block-group-is-layout-flex gt-fse-widgets-ctv-open-product\">\n<figure class=\"wp-block-image size-full is-resized wp-duotone-ededa9-ffffff-8 gt-fse-widgets-ctv-open-product\"><img decoding=\"async\" width=\"300\" height=\"300\" src=\"https:\/\/www.camping2laplage.com\/wp-content\/uploads\/2025\/07\/surface.webp\" alt=\"surface\" class=\"wp-image-1028 gt-fse-widgets-ctv-open-product\" style=\"width:25px\" srcset=\"https:\/\/www.camping2laplage.com\/wp-content\/uploads\/2025\/07\/surface.webp 300w, https:\/\/www.camping2laplage.com\/wp-content\/uploads\/2025\/07\/surface-150x150.webp 150w\" sizes=\"(max-width: 300px) 100vw, 300px\" \/><\/figure>\n\n\n<div class=\"taxonomy-gt-hebergements-superficie has-link-color wp-elements-cafe8390f833754c2c2fbce3d1413350 wp-block-post-terms has-text-color has-base-2-color has-medium-font-size has-roboto-font-family gt-fse-widgets-ctv-open-product\"><span class=\"gt-fse-widgets-ctv-open-product\">31<\/span><\/div>\n\n\n<p class=\"has-base-2-color has-text-color has-link-color has-medium-font-size wp-elements-cf28bc533e0468d76b0d039beb27e42a gt-fse-widgets-ctv-open-product\">m\u00b2<\/p>\n<\/div>\n<\/div>\n<\/div><\/div>\n<\/div>\n\n<\/li><li data-gt-Thelis-product-id=\"\" data-gt-bathrooms=\"22\" data-gt-campings=\"\" data-gt-capacities=\"23\" data-gt-ctv-product-id=\"74607\" data-gt-gammes=\"\" data-gt-options=\"\" data-gt-rooms=\"24\" data-gt-superficies=\"31\" data-gt-types=\"17\" data-wp-key=\"post-template-item-2525\" class=\"wp-block-post post-2525 hebergement type-hebergement status-publish has-post-thumbnail hentry gt-hebergements-types-location gt-hebergements-nombre-personnes-23 gt-hebergements-nombre-chambres-24 gt-hebergements-nombre-sdb-22 gt-hebergements-superficie-31 gt-fse-widgets-ctv-open-product\">\n\n<div class=\"wp-block-group gt-hebergement-wrap has-global-padding is-layout-constrained wp-block-group-is-layout-constrained gt-fse-widgets-ctv-open-product\" style=\"margin-top:0px\">\n<div data-swiper=\"{&quot;speed&quot;:1000,&quot;autoplay&quot;:{&quot;delay&quot;:5000,&quot;disableOnInteraction&quot;:false},&quot;spaceBetween&quot;:0,&quot;slidesPerView&quot;:1,&quot;pagination&quot;:{&quot;el&quot;:&quot;.swiper-pagination&quot;,&quot;dynamicBullets&quot;:true,&quot;clickable&quot;:true,&quot;type&quot;:&quot;bullets&quot;},&quot;navigation&quot;:{&quot;nextEl&quot;:&quot;.swiper-button-next&quot;,&quot;prevEl&quot;:&quot;.swiper-button-prev&quot;},&quot;breakpoints&quot;:[{&quot;slidesPerView&quot;:1}]}\" class=\"wp-block-cover has-custom-content-position is-position-bottom-center hebergement-featured-image gt-fse-widgets-ctv-open-product\" style=\"border-radius:25px;padding-top:0px;padding-right:0px;padding-bottom:0px;padding-left:0px;min-height:430px;aspect-ratio:unset;\"><span aria-hidden=\"true\" class=\"wp-block-cover__background has-background-dim-80 has-background-dim has-background-gradient gt-fse-widgets-ctv-open-product\" style=\"background:linear-gradient(0deg,rgb(0,0,0) 26%,rgba(0,0,0,0) 42%)\"><\/span><img decoding=\"async\" width=\"1899\" height=\"1266\" src=\"https:\/\/www.camping2laplage.com\/wp-content\/uploads\/2025\/08\/location-tente-bivouac-isere.jpg\" class=\"wp-block-cover__image-background wp-post-image gt-fse-widgets-ctv-open-product\" alt=\"Rental tent bivouac isere\" data-object-fit=\"cover\" srcset=\"https:\/\/www.camping2laplage.com\/wp-content\/uploads\/2025\/08\/location-tente-bivouac-isere.jpg 1899w, https:\/\/www.camping2laplage.com\/wp-content\/uploads\/2025\/08\/location-tente-bivouac-isere-300x200.jpg 300w, https:\/\/www.camping2laplage.com\/wp-content\/uploads\/2025\/08\/location-tente-bivouac-isere-1024x683.jpg 1024w, https:\/\/www.camping2laplage.com\/wp-content\/uploads\/2025\/08\/location-tente-bivouac-isere-768x512.jpg 768w, https:\/\/www.camping2laplage.com\/wp-content\/uploads\/2025\/08\/location-tente-bivouac-isere-1536x1024.jpg 1536w\" sizes=\"(max-width: 1899px) 100vw, 1899px\" \/><div class=\"wp-block-cover__inner-container has-global-padding is-layout-constrained wp-container-core-cover-is-layout-f5c98baf wp-block-cover-is-layout-constrained gt-fse-widgets-ctv-open-product\">\n<div class=\"wp-block-group titre-fleche is-nowrap is-layout-flex wp-container-core-group-is-layout-6c531013 wp-block-group-is-layout-flex gt-fse-widgets-ctv-open-product\">\n<p class=\"has-text-align-left hebergement-title gt-btn-arrow has-base-2-color has-text-color has-link-color has-basteleur-font-family wp-elements-9c563c41f13d6fedd8c90588c141348d gt-fse-widgets-ctv-open-product\" style=\"padding-right:0;padding-left:1.5rem;font-size:clamp(18.959px, 1.185rem + ((1vw - 3.2px) * 0.657), 30px);font-style:normal;font-weight:700;text-transform:uppercase\">6 m\u00b2 Bivouac Tent  <\/p>\n\n\n\n<figure class=\"wp-block-image size-large is-resized fleche wp-duotone-rgb255255255-ccc-9 gt-fse-widgets-ctv-open-product\"><img decoding=\"async\" width=\"17\" height=\"12\" src=\"https:\/\/www.camping2laplage.com\/wp-content\/uploads\/2025\/07\/arrows-btn.svg\" alt=\"arrows btn\" class=\"wp-image-176 gt-fse-widgets-ctv-open-product\" style=\"object-fit:contain;width:15px;height:15px\"\/><\/figure>\n<\/div>\n\n\n\n<div class=\"wp-block-group alignfull hebergement-icons has-custom-rouge-background-color has-background is-content-justification-center is-nowrap is-layout-flex wp-container-core-group-is-layout-4e3a5801 wp-block-group-is-layout-flex gt-fse-widgets-ctv-open-product\" style=\"padding-top:var(--wp--preset--spacing--10);padding-right:1rem;padding-bottom:var(--wp--preset--spacing--10);padding-left:1rem\">\n<div class=\"wp-block-group is-nowrap is-layout-flex wp-container-core-group-is-layout-513c09f2 wp-block-group-is-layout-flex gt-fse-widgets-ctv-open-product\">\n<figure class=\"wp-block-image size-full is-resized wp-duotone-ededa9-ccc-10 gt-fse-widgets-ctv-open-product\"><img decoding=\"async\" width=\"300\" height=\"300\" src=\"https:\/\/www.camping2laplage.com\/wp-content\/uploads\/2025\/07\/personnes.webp\" alt=\"personnes\" class=\"wp-image-1020 gt-fse-widgets-ctv-open-product\" style=\"width:25px\" srcset=\"https:\/\/www.camping2laplage.com\/wp-content\/uploads\/2025\/07\/personnes.webp 300w, https:\/\/www.camping2laplage.com\/wp-content\/uploads\/2025\/07\/personnes-150x150.webp 150w\" sizes=\"(max-width: 300px) 100vw, 300px\" \/><\/figure>\n\n\n<div class=\"taxonomy-gt-hebergements-nombre-personnes has-link-color wp-elements-f7c87e54e38b0809136675ff6bf5c315 wp-block-post-terms has-text-color has-base-2-color has-medium-font-size has-roboto-font-family gt-fse-widgets-ctv-open-product\"><span class=\"gt-fse-widgets-ctv-open-product\">2<\/span><\/div>\n\n\n<p class=\"has-base-2-color has-text-color has-link-color has-medium-font-size wp-elements-ed300d43f37d8c22950d8ef97712d50f gt-fse-widgets-ctv-open-product\">Pers.<\/p>\n<\/div>\n\n\n\n<div class=\"wp-block-group is-nowrap is-layout-flex wp-container-core-group-is-layout-89a94f6a wp-block-group-is-layout-flex gt-fse-widgets-ctv-open-product\">\n<figure class=\"wp-block-image size-full is-resized wp-duotone-ededa9-ffffff-11 gt-fse-widgets-ctv-open-product\"><img decoding=\"async\" width=\"512\" height=\"512\" src=\"https:\/\/www.camping2laplage.com\/wp-content\/uploads\/2025\/07\/chambre.webp\" alt=\"chambre\" class=\"wp-image-1024 gt-fse-widgets-ctv-open-product\" style=\"width:25px\" srcset=\"https:\/\/www.camping2laplage.com\/wp-content\/uploads\/2025\/07\/chambre.webp 512w, https:\/\/www.camping2laplage.com\/wp-content\/uploads\/2025\/07\/chambre-300x300.webp 300w, https:\/\/www.camping2laplage.com\/wp-content\/uploads\/2025\/07\/chambre-150x150.webp 150w\" sizes=\"(max-width: 512px) 100vw, 512px\" \/><\/figure>\n\n\n<div class=\"taxonomy-gt-hebergements-nombre-chambres has-link-color wp-elements-9ef64b592c523db51bc710735ecf05b9 wp-block-post-terms has-text-color has-base-2-color has-medium-font-size has-roboto-font-family gt-fse-widgets-ctv-open-product\"><span class=\"gt-fse-widgets-ctv-open-product\">1<\/span><\/div>\n\n\n<p class=\"has-base-2-color has-text-color has-link-color has-medium-font-size wp-elements-9a187f19e657d0a1a7cff608aeff72a2 gt-fse-widgets-ctv-open-product\">ch.<\/p>\n<\/div>\n\n\n\n<div class=\"wp-block-group is-nowrap is-layout-flex wp-container-core-group-is-layout-89a94f6a wp-block-group-is-layout-flex gt-fse-widgets-ctv-open-product\">\n<figure class=\"wp-block-image size-full is-resized wp-duotone-ededa9-ffffff-12 gt-fse-widgets-ctv-open-product\"><img decoding=\"async\" width=\"300\" height=\"300\" src=\"https:\/\/www.camping2laplage.com\/wp-content\/uploads\/2025\/07\/surface.webp\" alt=\"surface\" class=\"wp-image-1028 gt-fse-widgets-ctv-open-product\" style=\"width:25px\" srcset=\"https:\/\/www.camping2laplage.com\/wp-content\/uploads\/2025\/07\/surface.webp 300w, https:\/\/www.camping2laplage.com\/wp-content\/uploads\/2025\/07\/surface-150x150.webp 150w\" sizes=\"(max-width: 300px) 100vw, 300px\" \/><\/figure>\n\n\n<div class=\"taxonomy-gt-hebergements-superficie has-link-color wp-elements-cafe8390f833754c2c2fbce3d1413350 wp-block-post-terms has-text-color has-base-2-color has-medium-font-size has-roboto-font-family gt-fse-widgets-ctv-open-product\"><span class=\"gt-fse-widgets-ctv-open-product\">6<\/span><\/div>\n\n\n<p class=\"has-base-2-color has-text-color has-link-color has-medium-font-size wp-elements-cf28bc533e0468d76b0d039beb27e42a gt-fse-widgets-ctv-open-product\">m\u00b2<\/p>\n<\/div>\n<\/div>\n<\/div><\/div>\n<\/div>\n\n<\/li><li data-gt-Thelis-product-id=\"\" data-gt-bathrooms=\"22\" data-gt-campings=\"\" data-gt-capacities=\"19\" data-gt-ctv-product-id=\"138641\" data-gt-gammes=\"\" data-gt-options=\"\" data-gt-rooms=\"34\" data-gt-superficies=\"33\" data-gt-types=\"17\" data-wp-key=\"post-template-item-2513\" class=\"wp-block-post post-2513 hebergement type-hebergement status-publish has-post-thumbnail hentry gt-hebergements-types-location gt-hebergements-nombre-personnes-19 gt-hebergements-nombre-chambres-34 gt-hebergements-nombre-sdb-22 gt-hebergements-superficie-33 gt-fse-widgets-ctv-open-product\">\n\n<div class=\"wp-block-group gt-hebergement-wrap has-global-padding is-layout-constrained wp-block-group-is-layout-constrained gt-fse-widgets-ctv-open-product\" style=\"margin-top:0px\">\n<div data-swiper=\"{&quot;speed&quot;:1000,&quot;autoplay&quot;:{&quot;delay&quot;:5000,&quot;disableOnInteraction&quot;:false},&quot;spaceBetween&quot;:0,&quot;slidesPerView&quot;:1,&quot;pagination&quot;:{&quot;el&quot;:&quot;.swiper-pagination&quot;,&quot;dynamicBullets&quot;:true,&quot;clickable&quot;:true,&quot;type&quot;:&quot;bullets&quot;},&quot;navigation&quot;:{&quot;nextEl&quot;:&quot;.swiper-button-next&quot;,&quot;prevEl&quot;:&quot;.swiper-button-prev&quot;},&quot;breakpoints&quot;:[{&quot;slidesPerView&quot;:1}]}\" class=\"wp-block-cover has-custom-content-position is-position-bottom-center hebergement-featured-image gt-fse-widgets-ctv-open-product\" style=\"border-radius:25px;padding-top:0px;padding-right:0px;padding-bottom:0px;padding-left:0px;min-height:430px;aspect-ratio:unset;\"><span aria-hidden=\"true\" class=\"wp-block-cover__background has-background-dim-80 has-background-dim has-background-gradient gt-fse-widgets-ctv-open-product\" style=\"background:linear-gradient(0deg,rgb(0,0,0) 26%,rgba(0,0,0,0) 42%)\"><\/span><img decoding=\"async\" width=\"1176\" height=\"882\" src=\"https:\/\/www.camping2laplage.com\/wp-content\/uploads\/2025\/08\/roulotte.jpg\" class=\"wp-block-cover__image-background wp-post-image gt-fse-widgets-ctv-open-product\" alt=\"trailer\" data-object-fit=\"cover\" srcset=\"https:\/\/www.camping2laplage.com\/wp-content\/uploads\/2025\/08\/roulotte.jpg 1176w, https:\/\/www.camping2laplage.com\/wp-content\/uploads\/2025\/08\/roulotte-300x225.jpg 300w, https:\/\/www.camping2laplage.com\/wp-content\/uploads\/2025\/08\/roulotte-1024x768.jpg 1024w, https:\/\/www.camping2laplage.com\/wp-content\/uploads\/2025\/08\/roulotte-768x576.jpg 768w\" sizes=\"(max-width: 1176px) 100vw, 1176px\" \/><div class=\"wp-block-cover__inner-container has-global-padding is-layout-constrained wp-container-core-cover-is-layout-f5c98baf wp-block-cover-is-layout-constrained gt-fse-widgets-ctv-open-product\">\n<div class=\"wp-block-group titre-fleche is-nowrap is-layout-flex wp-container-core-group-is-layout-6c531013 wp-block-group-is-layout-flex gt-fse-widgets-ctv-open-product\">\n<p class=\"has-text-align-left hebergement-title gt-btn-arrow has-base-2-color has-text-color has-link-color has-basteleur-font-family wp-elements-9c563c41f13d6fedd8c90588c141348d gt-fse-widgets-ctv-open-product\" style=\"padding-right:0;padding-left:1.5rem;font-size:clamp(18.959px, 1.185rem + ((1vw - 3.2px) * 0.657), 30px);font-style:normal;font-weight:700;text-transform:uppercase\">Bohemian chic caravan, 22m\u00b2<\/p>\n\n\n\n<figure class=\"wp-block-image size-large is-resized fleche wp-duotone-rgb255255255-ccc-13 gt-fse-widgets-ctv-open-product\"><img decoding=\"async\" width=\"17\" height=\"12\" src=\"https:\/\/www.camping2laplage.com\/wp-content\/uploads\/2025\/07\/arrows-btn.svg\" alt=\"arrows btn\" class=\"wp-image-176 gt-fse-widgets-ctv-open-product\" style=\"object-fit:contain;width:15px;height:15px\"\/><\/figure>\n<\/div>\n\n\n\n<div class=\"wp-block-group alignfull hebergement-icons has-custom-rouge-background-color has-background is-content-justification-center is-nowrap is-layout-flex wp-container-core-group-is-layout-4e3a5801 wp-block-group-is-layout-flex gt-fse-widgets-ctv-open-product\" style=\"padding-top:var(--wp--preset--spacing--10);padding-right:1rem;padding-bottom:var(--wp--preset--spacing--10);padding-left:1rem\">\n<div class=\"wp-block-group is-nowrap is-layout-flex wp-container-core-group-is-layout-513c09f2 wp-block-group-is-layout-flex gt-fse-widgets-ctv-open-product\">\n<figure class=\"wp-block-image size-full is-resized wp-duotone-ededa9-ccc-14 gt-fse-widgets-ctv-open-product\"><img decoding=\"async\" width=\"300\" height=\"300\" src=\"https:\/\/www.camping2laplage.com\/wp-content\/uploads\/2025\/07\/personnes.webp\" alt=\"personnes\" class=\"wp-image-1020 gt-fse-widgets-ctv-open-product\" style=\"width:25px\" srcset=\"https:\/\/www.camping2laplage.com\/wp-content\/uploads\/2025\/07\/personnes.webp 300w, https:\/\/www.camping2laplage.com\/wp-content\/uploads\/2025\/07\/personnes-150x150.webp 150w\" sizes=\"(max-width: 300px) 100vw, 300px\" \/><\/figure>\n\n\n<div class=\"taxonomy-gt-hebergements-nombre-personnes has-link-color wp-elements-f7c87e54e38b0809136675ff6bf5c315 wp-block-post-terms has-text-color has-base-2-color has-medium-font-size has-roboto-font-family gt-fse-widgets-ctv-open-product\"><span class=\"gt-fse-widgets-ctv-open-product\">4<\/span><\/div>\n\n\n<p class=\"has-base-2-color has-text-color has-link-color has-medium-font-size wp-elements-ed300d43f37d8c22950d8ef97712d50f gt-fse-widgets-ctv-open-product\">Pers.<\/p>\n<\/div>\n\n\n\n<div class=\"wp-block-group is-nowrap is-layout-flex wp-container-core-group-is-layout-89a94f6a wp-block-group-is-layout-flex gt-fse-widgets-ctv-open-product\">\n<figure class=\"wp-block-image size-full is-resized wp-duotone-ededa9-ffffff-15 gt-fse-widgets-ctv-open-product\"><img decoding=\"async\" width=\"512\" height=\"512\" src=\"https:\/\/www.camping2laplage.com\/wp-content\/uploads\/2025\/07\/chambre.webp\" alt=\"chambre\" class=\"wp-image-1024 gt-fse-widgets-ctv-open-product\" style=\"width:25px\" srcset=\"https:\/\/www.camping2laplage.com\/wp-content\/uploads\/2025\/07\/chambre.webp 512w, https:\/\/www.camping2laplage.com\/wp-content\/uploads\/2025\/07\/chambre-300x300.webp 300w, https:\/\/www.camping2laplage.com\/wp-content\/uploads\/2025\/07\/chambre-150x150.webp 150w\" sizes=\"(max-width: 512px) 100vw, 512px\" \/><\/figure>\n\n\n<div class=\"taxonomy-gt-hebergements-nombre-chambres has-link-color wp-elements-9ef64b592c523db51bc710735ecf05b9 wp-block-post-terms has-text-color has-base-2-color has-medium-font-size has-roboto-font-family gt-fse-widgets-ctv-open-product\"><span class=\"gt-fse-widgets-ctv-open-product\">4<\/span><\/div>\n\n\n<p class=\"has-base-2-color has-text-color has-link-color has-medium-font-size wp-elements-9a187f19e657d0a1a7cff608aeff72a2 gt-fse-widgets-ctv-open-product\">ch.<\/p>\n<\/div>\n\n\n\n<div class=\"wp-block-group is-nowrap is-layout-flex wp-container-core-group-is-layout-89a94f6a wp-block-group-is-layout-flex gt-fse-widgets-ctv-open-product\">\n<figure class=\"wp-block-image size-full is-resized wp-duotone-ededa9-ffffff-16 gt-fse-widgets-ctv-open-product\"><img decoding=\"async\" width=\"300\" height=\"300\" src=\"https:\/\/www.camping2laplage.com\/wp-content\/uploads\/2025\/07\/surface.webp\" alt=\"surface\" class=\"wp-image-1028 gt-fse-widgets-ctv-open-product\" style=\"width:25px\" srcset=\"https:\/\/www.camping2laplage.com\/wp-content\/uploads\/2025\/07\/surface.webp 300w, https:\/\/www.camping2laplage.com\/wp-content\/uploads\/2025\/07\/surface-150x150.webp 150w\" sizes=\"(max-width: 300px) 100vw, 300px\" \/><\/figure>\n\n\n<div class=\"taxonomy-gt-hebergements-superficie has-link-color wp-elements-cafe8390f833754c2c2fbce3d1413350 wp-block-post-terms has-text-color has-base-2-color has-medium-font-size has-roboto-font-family gt-fse-widgets-ctv-open-product\"><span class=\"gt-fse-widgets-ctv-open-product\">22<\/span><\/div>\n\n\n<p class=\"has-base-2-color has-text-color has-link-color has-medium-font-size wp-elements-cf28bc533e0468d76b0d039beb27e42a gt-fse-widgets-ctv-open-product\">m\u00b2<\/p>\n<\/div>\n<\/div>\n<\/div><\/div>\n<\/div>\n\n<\/li><li data-gt-Thelis-product-id=\"\" data-gt-bathrooms=\"22\" data-gt-campings=\"\" data-gt-capacities=\"23\" data-gt-ctv-product-id=\"\" data-gt-gammes=\"\" data-gt-options=\"\" data-gt-rooms=\"24\" data-gt-superficies=\"25\" data-gt-types=\"17\" data-wp-key=\"post-template-item-3379\" class=\"wp-block-post post-3379 hebergement type-hebergement status-publish has-post-thumbnail hentry gt-hebergements-types-location gt-hebergements-nombre-personnes-23 gt-hebergements-nombre-chambres-24 gt-hebergements-nombre-sdb-22 gt-hebergements-superficie-25 gt-fse-widgets-ctv-open-product\">\n\n<div class=\"wp-block-group gt-hebergement-wrap has-global-padding is-layout-constrained wp-block-group-is-layout-constrained gt-fse-widgets-ctv-open-product\" style=\"margin-top:0px\">\n<div data-swiper=\"{&quot;speed&quot;:1000,&quot;autoplay&quot;:{&quot;delay&quot;:5000,&quot;disableOnInteraction&quot;:false},&quot;spaceBetween&quot;:0,&quot;slidesPerView&quot;:1,&quot;pagination&quot;:{&quot;el&quot;:&quot;.swiper-pagination&quot;,&quot;dynamicBullets&quot;:true,&quot;clickable&quot;:true,&quot;type&quot;:&quot;bullets&quot;},&quot;navigation&quot;:{&quot;nextEl&quot;:&quot;.swiper-button-next&quot;,&quot;prevEl&quot;:&quot;.swiper-button-prev&quot;},&quot;breakpoints&quot;:[{&quot;slidesPerView&quot;:1}]}\" class=\"wp-block-cover has-custom-content-position is-position-bottom-center hebergement-featured-image gt-fse-widgets-ctv-open-product\" style=\"border-radius:25px;padding-top:0px;padding-right:0px;padding-bottom:0px;padding-left:0px;min-height:430px;aspect-ratio:unset;\"><span aria-hidden=\"true\" class=\"wp-block-cover__background has-background-dim-80 has-background-dim has-background-gradient gt-fse-widgets-ctv-open-product\" style=\"background:linear-gradient(0deg,rgb(0,0,0) 26%,rgba(0,0,0,0) 42%)\"><\/span><img decoding=\"async\" width=\"396\" height=\"261\" src=\"https:\/\/www.camping2laplage.com\/wp-content\/uploads\/2025\/12\/chalet-victoria-premium.png\" class=\"wp-block-cover__image-background wp-post-image gt-fse-widgets-ctv-open-product\" alt=\"chalet victoria premium\" data-object-fit=\"cover\" srcset=\"https:\/\/www.camping2laplage.com\/wp-content\/uploads\/2025\/12\/chalet-victoria-premium.png 396w, https:\/\/www.camping2laplage.com\/wp-content\/uploads\/2025\/12\/chalet-victoria-premium-300x198.png 300w\" sizes=\"(max-width: 396px) 100vw, 396px\" \/><div class=\"wp-block-cover__inner-container has-global-padding is-layout-constrained wp-container-core-cover-is-layout-f5c98baf wp-block-cover-is-layout-constrained gt-fse-widgets-ctv-open-product\">\n<div class=\"wp-block-group titre-fleche is-nowrap is-layout-flex wp-container-core-group-is-layout-6c531013 wp-block-group-is-layout-flex gt-fse-widgets-ctv-open-product\">\n<p class=\"has-text-align-left hebergement-title gt-btn-arrow has-base-2-color has-text-color has-link-color has-basteleur-font-family wp-elements-9c563c41f13d6fedd8c90588c141348d gt-fse-widgets-ctv-open-product\" style=\"padding-right:0;padding-left:1.5rem;font-size:clamp(18.959px, 1.185rem + ((1vw - 3.2px) * 0.657), 30px);font-style:normal;font-weight:700;text-transform:uppercase\">Chalet Premium Vitoria<\/p>\n\n\n\n<figure class=\"wp-block-image size-large is-resized fleche wp-duotone-rgb255255255-ccc-17 gt-fse-widgets-ctv-open-product\"><img decoding=\"async\" width=\"17\" height=\"12\" src=\"https:\/\/www.camping2laplage.com\/wp-content\/uploads\/2025\/07\/arrows-btn.svg\" alt=\"arrows btn\" class=\"wp-image-176 gt-fse-widgets-ctv-open-product\" style=\"object-fit:contain;width:15px;height:15px\"\/><\/figure>\n<\/div>\n\n\n\n<div class=\"wp-block-group alignfull hebergement-icons has-custom-rouge-background-color has-background is-content-justification-center is-nowrap is-layout-flex wp-container-core-group-is-layout-4e3a5801 wp-block-group-is-layout-flex gt-fse-widgets-ctv-open-product\" style=\"padding-top:var(--wp--preset--spacing--10);padding-right:1rem;padding-bottom:var(--wp--preset--spacing--10);padding-left:1rem\">\n<div class=\"wp-block-group is-nowrap is-layout-flex wp-container-core-group-is-layout-513c09f2 wp-block-group-is-layout-flex gt-fse-widgets-ctv-open-product\">\n<figure class=\"wp-block-image size-full is-resized wp-duotone-ededa9-ccc-18 gt-fse-widgets-ctv-open-product\"><img decoding=\"async\" width=\"300\" height=\"300\" src=\"https:\/\/www.camping2laplage.com\/wp-content\/uploads\/2025\/07\/personnes.webp\" alt=\"personnes\" class=\"wp-image-1020 gt-fse-widgets-ctv-open-product\" style=\"width:25px\" srcset=\"https:\/\/www.camping2laplage.com\/wp-content\/uploads\/2025\/07\/personnes.webp 300w, https:\/\/www.camping2laplage.com\/wp-content\/uploads\/2025\/07\/personnes-150x150.webp 150w\" sizes=\"(max-width: 300px) 100vw, 300px\" \/><\/figure>\n\n\n<div class=\"taxonomy-gt-hebergements-nombre-personnes has-link-color wp-elements-f7c87e54e38b0809136675ff6bf5c315 wp-block-post-terms has-text-color has-base-2-color has-medium-font-size has-roboto-font-family gt-fse-widgets-ctv-open-product\"><span class=\"gt-fse-widgets-ctv-open-product\">2<\/span><\/div>\n\n\n<p class=\"has-base-2-color has-text-color has-link-color has-medium-font-size wp-elements-ed300d43f37d8c22950d8ef97712d50f gt-fse-widgets-ctv-open-product\">Pers.<\/p>\n<\/div>\n\n\n\n<div class=\"wp-block-group is-nowrap is-layout-flex wp-container-core-group-is-layout-89a94f6a wp-block-group-is-layout-flex gt-fse-widgets-ctv-open-product\">\n<figure class=\"wp-block-image size-full is-resized wp-duotone-ededa9-ffffff-19 gt-fse-widgets-ctv-open-product\"><img decoding=\"async\" width=\"512\" height=\"512\" src=\"https:\/\/www.camping2laplage.com\/wp-content\/uploads\/2025\/07\/chambre.webp\" alt=\"chambre\" class=\"wp-image-1024 gt-fse-widgets-ctv-open-product\" style=\"width:25px\" srcset=\"https:\/\/www.camping2laplage.com\/wp-content\/uploads\/2025\/07\/chambre.webp 512w, https:\/\/www.camping2laplage.com\/wp-content\/uploads\/2025\/07\/chambre-300x300.webp 300w, https:\/\/www.camping2laplage.com\/wp-content\/uploads\/2025\/07\/chambre-150x150.webp 150w\" sizes=\"(max-width: 512px) 100vw, 512px\" \/><\/figure>\n\n\n<div class=\"taxonomy-gt-hebergements-nombre-chambres has-link-color wp-elements-9ef64b592c523db51bc710735ecf05b9 wp-block-post-terms has-text-color has-base-2-color has-medium-font-size has-roboto-font-family gt-fse-widgets-ctv-open-product\"><span class=\"gt-fse-widgets-ctv-open-product\">1<\/span><\/div>\n\n\n<p class=\"has-base-2-color has-text-color has-link-color has-medium-font-size wp-elements-9a187f19e657d0a1a7cff608aeff72a2 gt-fse-widgets-ctv-open-product\">ch.<\/p>\n<\/div>\n\n\n\n<div class=\"wp-block-group is-nowrap is-layout-flex wp-container-core-group-is-layout-89a94f6a wp-block-group-is-layout-flex gt-fse-widgets-ctv-open-product\">\n<figure class=\"wp-block-image size-full is-resized wp-duotone-ededa9-ffffff-20 gt-fse-widgets-ctv-open-product\"><img decoding=\"async\" width=\"300\" height=\"300\" src=\"https:\/\/www.camping2laplage.com\/wp-content\/uploads\/2025\/07\/surface.webp\" alt=\"surface\" class=\"wp-image-1028 gt-fse-widgets-ctv-open-product\" style=\"width:25px\" srcset=\"https:\/\/www.camping2laplage.com\/wp-content\/uploads\/2025\/07\/surface.webp 300w, https:\/\/www.camping2laplage.com\/wp-content\/uploads\/2025\/07\/surface-150x150.webp 150w\" sizes=\"(max-width: 300px) 100vw, 300px\" \/><\/figure>\n\n\n<div class=\"taxonomy-gt-hebergements-superficie has-link-color wp-elements-cafe8390f833754c2c2fbce3d1413350 wp-block-post-terms has-text-color has-base-2-color has-medium-font-size has-roboto-font-family gt-fse-widgets-ctv-open-product\"><span class=\"gt-fse-widgets-ctv-open-product\">20<\/span><\/div>\n\n\n<p class=\"has-base-2-color has-text-color has-link-color has-medium-font-size wp-elements-cf28bc533e0468d76b0d039beb27e42a gt-fse-widgets-ctv-open-product\">m\u00b2<\/p>\n<\/div>\n<\/div>\n<\/div><\/div>\n<\/div>\n\n<\/li><li data-gt-Thelis-product-id=\"\" data-gt-bathrooms=\"22\" data-gt-campings=\"\" data-gt-capacities=\"19\" data-gt-ctv-product-id=\"52088\" data-gt-gammes=\"\" data-gt-options=\"\" data-gt-rooms=\"20\" data-gt-superficies=\"21\" data-gt-types=\"17\" data-wp-key=\"post-template-item-2545\" class=\"wp-block-post post-2545 hebergement type-hebergement status-publish has-post-thumbnail hentry gt-hebergements-types-location gt-hebergements-nombre-personnes-19 gt-hebergements-nombre-chambres-20 gt-hebergements-nombre-sdb-22 gt-hebergements-superficie-21 gt-fse-widgets-ctv-open-product\">\n\n<div class=\"wp-block-group gt-hebergement-wrap has-global-padding is-layout-constrained wp-block-group-is-layout-constrained gt-fse-widgets-ctv-open-product\" style=\"margin-top:0px\">\n<div data-swiper=\"{&quot;speed&quot;:1000,&quot;autoplay&quot;:{&quot;delay&quot;:5000,&quot;disableOnInteraction&quot;:false},&quot;spaceBetween&quot;:0,&quot;slidesPerView&quot;:1,&quot;pagination&quot;:{&quot;el&quot;:&quot;.swiper-pagination&quot;,&quot;dynamicBullets&quot;:true,&quot;clickable&quot;:true,&quot;type&quot;:&quot;bullets&quot;},&quot;navigation&quot;:{&quot;nextEl&quot;:&quot;.swiper-button-next&quot;,&quot;prevEl&quot;:&quot;.swiper-button-prev&quot;},&quot;breakpoints&quot;:[{&quot;slidesPerView&quot;:1}]}\" class=\"wp-block-cover has-custom-content-position is-position-bottom-center hebergement-featured-image gt-fse-widgets-ctv-open-product\" style=\"border-radius:25px;padding-top:0px;padding-right:0px;padding-bottom:0px;padding-left:0px;min-height:430px;aspect-ratio:unset;\"><span aria-hidden=\"true\" class=\"wp-block-cover__background has-background-dim-80 has-background-dim has-background-gradient gt-fse-widgets-ctv-open-product\" style=\"background:linear-gradient(0deg,rgb(0,0,0) 26%,rgba(0,0,0,0) 42%)\"><\/span><img decoding=\"async\" width=\"1176\" height=\"882\" src=\"https:\/\/www.camping2laplage.com\/wp-content\/uploads\/2025\/07\/mh-confort.jpg\" class=\"wp-block-cover__image-background wp-post-image gt-fse-widgets-ctv-open-product\" alt=\"mh comfort\" data-object-fit=\"cover\" srcset=\"https:\/\/www.camping2laplage.com\/wp-content\/uploads\/2025\/07\/mh-confort.jpg 1176w, https:\/\/www.camping2laplage.com\/wp-content\/uploads\/2025\/07\/mh-confort-300x225.jpg 300w, https:\/\/www.camping2laplage.com\/wp-content\/uploads\/2025\/07\/mh-confort-1024x768.jpg 1024w, https:\/\/www.camping2laplage.com\/wp-content\/uploads\/2025\/07\/mh-confort-768x576.jpg 768w\" sizes=\"(max-width: 1176px) 100vw, 1176px\" \/><div class=\"wp-block-cover__inner-container has-global-padding is-layout-constrained wp-container-core-cover-is-layout-f5c98baf wp-block-cover-is-layout-constrained gt-fse-widgets-ctv-open-product\">\n<div class=\"wp-block-group titre-fleche is-nowrap is-layout-flex wp-container-core-group-is-layout-6c531013 wp-block-group-is-layout-flex gt-fse-widgets-ctv-open-product\">\n<p class=\"has-text-align-left hebergement-title gt-btn-arrow has-base-2-color has-text-color has-link-color has-basteleur-font-family wp-elements-9c563c41f13d6fedd8c90588c141348d gt-fse-widgets-ctv-open-product\" style=\"padding-right:0;padding-left:1.5rem;font-size:clamp(18.959px, 1.185rem + ((1vw - 3.2px) * 0.657), 30px);font-style:normal;font-weight:700;text-transform:uppercase\">Comfort mobile home 29m\u00b2<\/p>\n\n\n\n<figure class=\"wp-block-image size-large is-resized fleche wp-duotone-rgb255255255-ccc-21 gt-fse-widgets-ctv-open-product\"><img decoding=\"async\" width=\"17\" height=\"12\" src=\"https:\/\/www.camping2laplage.com\/wp-content\/uploads\/2025\/07\/arrows-btn.svg\" alt=\"arrows btn\" class=\"wp-image-176 gt-fse-widgets-ctv-open-product\" style=\"object-fit:contain;width:15px;height:15px\"\/><\/figure>\n<\/div>\n\n\n\n<div class=\"wp-block-group alignfull hebergement-icons has-custom-rouge-background-color has-background is-content-justification-center is-nowrap is-layout-flex wp-container-core-group-is-layout-4e3a5801 wp-block-group-is-layout-flex gt-fse-widgets-ctv-open-product\" style=\"padding-top:var(--wp--preset--spacing--10);padding-right:1rem;padding-bottom:var(--wp--preset--spacing--10);padding-left:1rem\">\n<div class=\"wp-block-group is-nowrap is-layout-flex wp-container-core-group-is-layout-513c09f2 wp-block-group-is-layout-flex gt-fse-widgets-ctv-open-product\">\n<figure class=\"wp-block-image size-full is-resized wp-duotone-ededa9-ccc-22 gt-fse-widgets-ctv-open-product\"><img decoding=\"async\" width=\"300\" height=\"300\" src=\"https:\/\/www.camping2laplage.com\/wp-content\/uploads\/2025\/07\/personnes.webp\" alt=\"personnes\" class=\"wp-image-1020 gt-fse-widgets-ctv-open-product\" style=\"width:25px\" srcset=\"https:\/\/www.camping2laplage.com\/wp-content\/uploads\/2025\/07\/personnes.webp 300w, https:\/\/www.camping2laplage.com\/wp-content\/uploads\/2025\/07\/personnes-150x150.webp 150w\" sizes=\"(max-width: 300px) 100vw, 300px\" \/><\/figure>\n\n\n<div class=\"taxonomy-gt-hebergements-nombre-personnes has-link-color wp-elements-f7c87e54e38b0809136675ff6bf5c315 wp-block-post-terms has-text-color has-base-2-color has-medium-font-size has-roboto-font-family gt-fse-widgets-ctv-open-product\"><span class=\"gt-fse-widgets-ctv-open-product\">4<\/span><\/div>\n\n\n<p class=\"has-base-2-color has-text-color has-link-color has-medium-font-size wp-elements-ed300d43f37d8c22950d8ef97712d50f gt-fse-widgets-ctv-open-product\">Pers.<\/p>\n<\/div>\n\n\n\n<div class=\"wp-block-group is-nowrap is-layout-flex wp-container-core-group-is-layout-89a94f6a wp-block-group-is-layout-flex gt-fse-widgets-ctv-open-product\">\n<figure class=\"wp-block-image size-full is-resized wp-duotone-ededa9-ffffff-23 gt-fse-widgets-ctv-open-product\"><img decoding=\"async\" width=\"512\" height=\"512\" src=\"https:\/\/www.camping2laplage.com\/wp-content\/uploads\/2025\/07\/chambre.webp\" alt=\"chambre\" class=\"wp-image-1024 gt-fse-widgets-ctv-open-product\" style=\"width:25px\" srcset=\"https:\/\/www.camping2laplage.com\/wp-content\/uploads\/2025\/07\/chambre.webp 512w, https:\/\/www.camping2laplage.com\/wp-content\/uploads\/2025\/07\/chambre-300x300.webp 300w, https:\/\/www.camping2laplage.com\/wp-content\/uploads\/2025\/07\/chambre-150x150.webp 150w\" sizes=\"(max-width: 512px) 100vw, 512px\" \/><\/figure>\n\n\n<div class=\"taxonomy-gt-hebergements-nombre-chambres has-link-color wp-elements-9ef64b592c523db51bc710735ecf05b9 wp-block-post-terms has-text-color has-base-2-color has-medium-font-size has-roboto-font-family gt-fse-widgets-ctv-open-product\"><span class=\"gt-fse-widgets-ctv-open-product\">2<\/span><\/div>\n\n\n<p class=\"has-base-2-color has-text-color has-link-color has-medium-font-size wp-elements-9a187f19e657d0a1a7cff608aeff72a2 gt-fse-widgets-ctv-open-product\">ch.<\/p>\n<\/div>\n\n\n\n<div class=\"wp-block-group is-nowrap is-layout-flex wp-container-core-group-is-layout-89a94f6a wp-block-group-is-layout-flex gt-fse-widgets-ctv-open-product\">\n<figure class=\"wp-block-image size-full is-resized wp-duotone-ededa9-ffffff-24 gt-fse-widgets-ctv-open-product\"><img decoding=\"async\" width=\"300\" height=\"300\" src=\"https:\/\/www.camping2laplage.com\/wp-content\/uploads\/2025\/07\/surface.webp\" alt=\"surface\" class=\"wp-image-1028 gt-fse-widgets-ctv-open-product\" style=\"width:25px\" srcset=\"https:\/\/www.camping2laplage.com\/wp-content\/uploads\/2025\/07\/surface.webp 300w, https:\/\/www.camping2laplage.com\/wp-content\/uploads\/2025\/07\/surface-150x150.webp 150w\" sizes=\"(max-width: 300px) 100vw, 300px\" \/><\/figure>\n\n\n<div class=\"taxonomy-gt-hebergements-superficie has-link-color wp-elements-cafe8390f833754c2c2fbce3d1413350 wp-block-post-terms has-text-color has-base-2-color has-medium-font-size has-roboto-font-family gt-fse-widgets-ctv-open-product\"><span class=\"gt-fse-widgets-ctv-open-product\">29<\/span><\/div>\n\n\n<p class=\"has-base-2-color has-text-color has-link-color has-medium-font-size wp-elements-cf28bc533e0468d76b0d039beb27e42a gt-fse-widgets-ctv-open-product\">m\u00b2<\/p>\n<\/div>\n<\/div>\n<\/div><\/div>\n<\/div>\n\n<\/li><li data-gt-Thelis-product-id=\"\" data-gt-bathrooms=\"22\" data-gt-campings=\"\" data-gt-capacities=\"23\" data-gt-ctv-product-id=\"104216\" data-gt-gammes=\"\" data-gt-options=\"\" data-gt-rooms=\"24\" data-gt-superficies=\"25\" data-gt-types=\"17\" data-wp-key=\"post-template-item-2556\" class=\"wp-block-post post-2556 hebergement type-hebergement status-publish has-post-thumbnail hentry gt-hebergements-types-location gt-hebergements-nombre-personnes-23 gt-hebergements-nombre-chambres-24 gt-hebergements-nombre-sdb-22 gt-hebergements-superficie-25 gt-fse-widgets-ctv-open-product\">\n\n<div class=\"wp-block-group gt-hebergement-wrap has-global-padding is-layout-constrained wp-block-group-is-layout-constrained gt-fse-widgets-ctv-open-product\" style=\"margin-top:0px\">\n<div data-swiper=\"{&quot;speed&quot;:1000,&quot;autoplay&quot;:{&quot;delay&quot;:5000,&quot;disableOnInteraction&quot;:false},&quot;spaceBetween&quot;:0,&quot;slidesPerView&quot;:1,&quot;pagination&quot;:{&quot;el&quot;:&quot;.swiper-pagination&quot;,&quot;dynamicBullets&quot;:true,&quot;clickable&quot;:true,&quot;type&quot;:&quot;bullets&quot;},&quot;navigation&quot;:{&quot;nextEl&quot;:&quot;.swiper-button-next&quot;,&quot;prevEl&quot;:&quot;.swiper-button-prev&quot;},&quot;breakpoints&quot;:[{&quot;slidesPerView&quot;:1}]}\" class=\"wp-block-cover has-custom-content-position is-position-bottom-center hebergement-featured-image gt-fse-widgets-ctv-open-product\" style=\"border-radius:25px;padding-top:0px;padding-right:0px;padding-bottom:0px;padding-left:0px;min-height:430px;aspect-ratio:unset;\"><span aria-hidden=\"true\" class=\"wp-block-cover__background has-background-dim-80 has-background-dim has-background-gradient gt-fse-widgets-ctv-open-product\" style=\"background:linear-gradient(0deg,rgb(0,0,0) 26%,rgba(0,0,0,0) 42%)\"><\/span><img decoding=\"async\" width=\"1176\" height=\"882\" src=\"https:\/\/www.camping2laplage.com\/wp-content\/uploads\/2025\/07\/mobil-home-duo-en-isere.webp\" class=\"wp-block-cover__image-background wp-post-image gt-fse-widgets-ctv-open-product\" alt=\"mobile home duo en isere\" data-object-fit=\"cover\" srcset=\"https:\/\/www.camping2laplage.com\/wp-content\/uploads\/2025\/07\/mobil-home-duo-en-isere.webp 1176w, https:\/\/www.camping2laplage.com\/wp-content\/uploads\/2025\/07\/mobil-home-duo-en-isere-300x225.webp 300w, https:\/\/www.camping2laplage.com\/wp-content\/uploads\/2025\/07\/mobil-home-duo-en-isere-1024x768.webp 1024w, https:\/\/www.camping2laplage.com\/wp-content\/uploads\/2025\/07\/mobil-home-duo-en-isere-768x576.webp 768w\" sizes=\"(max-width: 1176px) 100vw, 1176px\" \/><div class=\"wp-block-cover__inner-container has-global-padding is-layout-constrained wp-container-core-cover-is-layout-f5c98baf wp-block-cover-is-layout-constrained gt-fse-widgets-ctv-open-product\">\n<div class=\"wp-block-group titre-fleche is-nowrap is-layout-flex wp-container-core-group-is-layout-6c531013 wp-block-group-is-layout-flex gt-fse-widgets-ctv-open-product\">\n<p class=\"has-text-align-left hebergement-title gt-btn-arrow has-base-2-color has-text-color has-link-color has-basteleur-font-family wp-elements-9c563c41f13d6fedd8c90588c141348d gt-fse-widgets-ctv-open-product\" style=\"padding-right:0;padding-left:1.5rem;font-size:clamp(18.959px, 1.185rem + ((1vw - 3.2px) * 0.657), 30px);font-style:normal;font-weight:700;text-transform:uppercase\">Duo mobile home 20m\u00b2<\/p>\n\n\n\n<figure class=\"wp-block-image size-large is-resized fleche wp-duotone-rgb255255255-ccc-25 gt-fse-widgets-ctv-open-product\"><img decoding=\"async\" width=\"17\" height=\"12\" src=\"https:\/\/www.camping2laplage.com\/wp-content\/uploads\/2025\/07\/arrows-btn.svg\" alt=\"arrows btn\" class=\"wp-image-176 gt-fse-widgets-ctv-open-product\" style=\"object-fit:contain;width:15px;height:15px\"\/><\/figure>\n<\/div>\n\n\n\n<div class=\"wp-block-group alignfull hebergement-icons has-custom-rouge-background-color has-background is-content-justification-center is-nowrap is-layout-flex wp-container-core-group-is-layout-4e3a5801 wp-block-group-is-layout-flex gt-fse-widgets-ctv-open-product\" style=\"padding-top:var(--wp--preset--spacing--10);padding-right:1rem;padding-bottom:var(--wp--preset--spacing--10);padding-left:1rem\">\n<div class=\"wp-block-group is-nowrap is-layout-flex wp-container-core-group-is-layout-513c09f2 wp-block-group-is-layout-flex gt-fse-widgets-ctv-open-product\">\n<figure class=\"wp-block-image size-full is-resized wp-duotone-ededa9-ccc-26 gt-fse-widgets-ctv-open-product\"><img decoding=\"async\" width=\"300\" height=\"300\" src=\"https:\/\/www.camping2laplage.com\/wp-content\/uploads\/2025\/07\/personnes.webp\" alt=\"personnes\" class=\"wp-image-1020 gt-fse-widgets-ctv-open-product\" style=\"width:25px\" srcset=\"https:\/\/www.camping2laplage.com\/wp-content\/uploads\/2025\/07\/personnes.webp 300w, https:\/\/www.camping2laplage.com\/wp-content\/uploads\/2025\/07\/personnes-150x150.webp 150w\" sizes=\"(max-width: 300px) 100vw, 300px\" \/><\/figure>\n\n\n<div class=\"taxonomy-gt-hebergements-nombre-personnes has-link-color wp-elements-f7c87e54e38b0809136675ff6bf5c315 wp-block-post-terms has-text-color has-base-2-color has-medium-font-size has-roboto-font-family gt-fse-widgets-ctv-open-product\"><span class=\"gt-fse-widgets-ctv-open-product\">2<\/span><\/div>\n\n\n<p class=\"has-base-2-color has-text-color has-link-color has-medium-font-size wp-elements-ed300d43f37d8c22950d8ef97712d50f gt-fse-widgets-ctv-open-product\">Pers.<\/p>\n<\/div>\n\n\n\n<div class=\"wp-block-group is-nowrap is-layout-flex wp-container-core-group-is-layout-89a94f6a wp-block-group-is-layout-flex gt-fse-widgets-ctv-open-product\">\n<figure class=\"wp-block-image size-full is-resized wp-duotone-ededa9-ffffff-27 gt-fse-widgets-ctv-open-product\"><img decoding=\"async\" width=\"512\" height=\"512\" src=\"https:\/\/www.camping2laplage.com\/wp-content\/uploads\/2025\/07\/chambre.webp\" alt=\"chambre\" class=\"wp-image-1024 gt-fse-widgets-ctv-open-product\" style=\"width:25px\" srcset=\"https:\/\/www.camping2laplage.com\/wp-content\/uploads\/2025\/07\/chambre.webp 512w, https:\/\/www.camping2laplage.com\/wp-content\/uploads\/2025\/07\/chambre-300x300.webp 300w, https:\/\/www.camping2laplage.com\/wp-content\/uploads\/2025\/07\/chambre-150x150.webp 150w\" sizes=\"(max-width: 512px) 100vw, 512px\" \/><\/figure>\n\n\n<div class=\"taxonomy-gt-hebergements-nombre-chambres has-link-color wp-elements-9ef64b592c523db51bc710735ecf05b9 wp-block-post-terms has-text-color has-base-2-color has-medium-font-size has-roboto-font-family gt-fse-widgets-ctv-open-product\"><span class=\"gt-fse-widgets-ctv-open-product\">1<\/span><\/div>\n\n\n<p class=\"has-base-2-color has-text-color has-link-color has-medium-font-size wp-elements-9a187f19e657d0a1a7cff608aeff72a2 gt-fse-widgets-ctv-open-product\">ch.<\/p>\n<\/div>\n\n\n\n<div class=\"wp-block-group is-nowrap is-layout-flex wp-container-core-group-is-layout-89a94f6a wp-block-group-is-layout-flex gt-fse-widgets-ctv-open-product\">\n<figure class=\"wp-block-image size-full is-resized wp-duotone-ededa9-ffffff-28 gt-fse-widgets-ctv-open-product\"><img decoding=\"async\" width=\"300\" height=\"300\" src=\"https:\/\/www.camping2laplage.com\/wp-content\/uploads\/2025\/07\/surface.webp\" alt=\"surface\" class=\"wp-image-1028 gt-fse-widgets-ctv-open-product\" style=\"width:25px\" srcset=\"https:\/\/www.camping2laplage.com\/wp-content\/uploads\/2025\/07\/surface.webp 300w, https:\/\/www.camping2laplage.com\/wp-content\/uploads\/2025\/07\/surface-150x150.webp 150w\" sizes=\"(max-width: 300px) 100vw, 300px\" \/><\/figure>\n\n\n<div class=\"taxonomy-gt-hebergements-superficie has-link-color wp-elements-cafe8390f833754c2c2fbce3d1413350 wp-block-post-terms has-text-color has-base-2-color has-medium-font-size has-roboto-font-family gt-fse-widgets-ctv-open-product\"><span class=\"gt-fse-widgets-ctv-open-product\">20<\/span><\/div>\n\n\n<p class=\"has-base-2-color has-text-color has-link-color has-medium-font-size wp-elements-cf28bc533e0468d76b0d039beb27e42a gt-fse-widgets-ctv-open-product\">m\u00b2<\/p>\n<\/div>\n<\/div>\n<\/div><\/div>\n<\/div>\n\n<\/li><li data-gt-Thelis-product-id=\"\" data-gt-bathrooms=\"22\" data-gt-campings=\"\" data-gt-capacities=\"28\" data-gt-ctv-product-id=\"58699\" data-gt-gammes=\"\" data-gt-options=\"\" data-gt-rooms=\"20\" data-gt-superficies=\"29\" data-gt-types=\"17\" data-wp-key=\"post-template-item-2534\" class=\"wp-block-post post-2534 hebergement type-hebergement status-publish has-post-thumbnail hentry gt-hebergements-types-location gt-hebergements-nombre-personnes-28 gt-hebergements-nombre-chambres-20 gt-hebergements-nombre-sdb-22 gt-hebergements-superficie-29 gt-fse-widgets-ctv-open-product\">\n\n<div class=\"wp-block-group gt-hebergement-wrap has-global-padding is-layout-constrained wp-block-group-is-layout-constrained gt-fse-widgets-ctv-open-product\" style=\"margin-top:0px\">\n<div data-swiper=\"{&quot;speed&quot;:1000,&quot;autoplay&quot;:{&quot;delay&quot;:5000,&quot;disableOnInteraction&quot;:false},&quot;spaceBetween&quot;:0,&quot;slidesPerView&quot;:1,&quot;pagination&quot;:{&quot;el&quot;:&quot;.swiper-pagination&quot;,&quot;dynamicBullets&quot;:true,&quot;clickable&quot;:true,&quot;type&quot;:&quot;bullets&quot;},&quot;navigation&quot;:{&quot;nextEl&quot;:&quot;.swiper-button-next&quot;,&quot;prevEl&quot;:&quot;.swiper-button-prev&quot;},&quot;breakpoints&quot;:[{&quot;slidesPerView&quot;:1}]}\" class=\"wp-block-cover has-custom-content-position is-position-bottom-center hebergement-featured-image gt-fse-widgets-ctv-open-product\" style=\"border-radius:25px;padding-top:0px;padding-right:0px;padding-bottom:0px;padding-left:0px;min-height:430px;aspect-ratio:unset;\"><span aria-hidden=\"true\" class=\"wp-block-cover__background has-background-dim-80 has-background-dim has-background-gradient gt-fse-widgets-ctv-open-product\" style=\"background:linear-gradient(0deg,rgb(0,0,0) 26%,rgba(0,0,0,0) 42%)\"><\/span><img decoding=\"async\" width=\"1176\" height=\"882\" src=\"https:\/\/www.camping2laplage.com\/wp-content\/uploads\/2025\/08\/chalet-equinoxe.jpg\" class=\"wp-block-cover__image-background wp-post-image gt-fse-widgets-ctv-open-product\" alt=\"chalet equinoxe\" data-object-fit=\"cover\" srcset=\"https:\/\/www.camping2laplage.com\/wp-content\/uploads\/2025\/08\/chalet-equinoxe.jpg 1176w, https:\/\/www.camping2laplage.com\/wp-content\/uploads\/2025\/08\/chalet-equinoxe-300x225.jpg 300w, https:\/\/www.camping2laplage.com\/wp-content\/uploads\/2025\/08\/chalet-equinoxe-1024x768.jpg 1024w, https:\/\/www.camping2laplage.com\/wp-content\/uploads\/2025\/08\/chalet-equinoxe-768x576.jpg 768w\" sizes=\"(max-width: 1176px) 100vw, 1176px\" \/><div class=\"wp-block-cover__inner-container has-global-padding is-layout-constrained wp-container-core-cover-is-layout-f5c98baf wp-block-cover-is-layout-constrained gt-fse-widgets-ctv-open-product\">\n<div class=\"wp-block-group titre-fleche is-nowrap is-layout-flex wp-container-core-group-is-layout-6c531013 wp-block-group-is-layout-flex gt-fse-widgets-ctv-open-product\">\n<p class=\"has-text-align-left hebergement-title gt-btn-arrow has-base-2-color has-text-color has-link-color has-basteleur-font-family wp-elements-9c563c41f13d6fedd8c90588c141348d gt-fse-widgets-ctv-open-product\" style=\"padding-right:0;padding-left:1.5rem;font-size:clamp(18.959px, 1.185rem + ((1vw - 3.2px) * 0.657), 30px);font-style:normal;font-weight:700;text-transform:uppercase\">Equinoxe Chalet 24 m\u00b2<\/p>\n\n\n\n<figure class=\"wp-block-image size-large is-resized fleche wp-duotone-rgb255255255-ccc-29 gt-fse-widgets-ctv-open-product\"><img decoding=\"async\" width=\"17\" height=\"12\" src=\"https:\/\/www.camping2laplage.com\/wp-content\/uploads\/2025\/07\/arrows-btn.svg\" alt=\"arrows btn\" class=\"wp-image-176 gt-fse-widgets-ctv-open-product\" style=\"object-fit:contain;width:15px;height:15px\"\/><\/figure>\n<\/div>\n\n\n\n<div class=\"wp-block-group alignfull hebergement-icons has-custom-rouge-background-color has-background is-content-justification-center is-nowrap is-layout-flex wp-container-core-group-is-layout-4e3a5801 wp-block-group-is-layout-flex gt-fse-widgets-ctv-open-product\" style=\"padding-top:var(--wp--preset--spacing--10);padding-right:1rem;padding-bottom:var(--wp--preset--spacing--10);padding-left:1rem\">\n<div class=\"wp-block-group is-nowrap is-layout-flex wp-container-core-group-is-layout-513c09f2 wp-block-group-is-layout-flex gt-fse-widgets-ctv-open-product\">\n<figure class=\"wp-block-image size-full is-resized wp-duotone-ededa9-ccc-30 gt-fse-widgets-ctv-open-product\"><img decoding=\"async\" width=\"300\" height=\"300\" src=\"https:\/\/www.camping2laplage.com\/wp-content\/uploads\/2025\/07\/personnes.webp\" alt=\"personnes\" class=\"wp-image-1020 gt-fse-widgets-ctv-open-product\" style=\"width:25px\" srcset=\"https:\/\/www.camping2laplage.com\/wp-content\/uploads\/2025\/07\/personnes.webp 300w, https:\/\/www.camping2laplage.com\/wp-content\/uploads\/2025\/07\/personnes-150x150.webp 150w\" sizes=\"(max-width: 300px) 100vw, 300px\" \/><\/figure>\n\n\n<div class=\"taxonomy-gt-hebergements-nombre-personnes has-link-color wp-elements-f7c87e54e38b0809136675ff6bf5c315 wp-block-post-terms has-text-color has-base-2-color has-medium-font-size has-roboto-font-family gt-fse-widgets-ctv-open-product\"><span class=\"gt-fse-widgets-ctv-open-product\">6<\/span><\/div>\n\n\n<p class=\"has-base-2-color has-text-color has-link-color has-medium-font-size wp-elements-ed300d43f37d8c22950d8ef97712d50f gt-fse-widgets-ctv-open-product\">Pers.<\/p>\n<\/div>\n\n\n\n<div class=\"wp-block-group is-nowrap is-layout-flex wp-container-core-group-is-layout-89a94f6a wp-block-group-is-layout-flex gt-fse-widgets-ctv-open-product\">\n<figure class=\"wp-block-image size-full is-resized wp-duotone-ededa9-ffffff-31 gt-fse-widgets-ctv-open-product\"><img decoding=\"async\" width=\"512\" height=\"512\" src=\"https:\/\/www.camping2laplage.com\/wp-content\/uploads\/2025\/07\/chambre.webp\" alt=\"chambre\" class=\"wp-image-1024 gt-fse-widgets-ctv-open-product\" style=\"width:25px\" srcset=\"https:\/\/www.camping2laplage.com\/wp-content\/uploads\/2025\/07\/chambre.webp 512w, https:\/\/www.camping2laplage.com\/wp-content\/uploads\/2025\/07\/chambre-300x300.webp 300w, https:\/\/www.camping2laplage.com\/wp-content\/uploads\/2025\/07\/chambre-150x150.webp 150w\" sizes=\"(max-width: 512px) 100vw, 512px\" \/><\/figure>\n\n\n<div class=\"taxonomy-gt-hebergements-nombre-chambres has-link-color wp-elements-9ef64b592c523db51bc710735ecf05b9 wp-block-post-terms has-text-color has-base-2-color has-medium-font-size has-roboto-font-family gt-fse-widgets-ctv-open-product\"><span class=\"gt-fse-widgets-ctv-open-product\">2<\/span><\/div>\n\n\n<p class=\"has-base-2-color has-text-color has-link-color has-medium-font-size wp-elements-9a187f19e657d0a1a7cff608aeff72a2 gt-fse-widgets-ctv-open-product\">ch.<\/p>\n<\/div>\n\n\n\n<div class=\"wp-block-group is-nowrap is-layout-flex wp-container-core-group-is-layout-89a94f6a wp-block-group-is-layout-flex gt-fse-widgets-ctv-open-product\">\n<figure class=\"wp-block-image size-full is-resized wp-duotone-ededa9-ffffff-32 gt-fse-widgets-ctv-open-product\"><img decoding=\"async\" width=\"300\" height=\"300\" src=\"https:\/\/www.camping2laplage.com\/wp-content\/uploads\/2025\/07\/surface.webp\" alt=\"surface\" class=\"wp-image-1028 gt-fse-widgets-ctv-open-product\" style=\"width:25px\" srcset=\"https:\/\/www.camping2laplage.com\/wp-content\/uploads\/2025\/07\/surface.webp 300w, https:\/\/www.camping2laplage.com\/wp-content\/uploads\/2025\/07\/surface-150x150.webp 150w\" sizes=\"(max-width: 300px) 100vw, 300px\" \/><\/figure>\n\n\n<div class=\"taxonomy-gt-hebergements-superficie has-link-color wp-elements-cafe8390f833754c2c2fbce3d1413350 wp-block-post-terms has-text-color has-base-2-color has-medium-font-size has-roboto-font-family gt-fse-widgets-ctv-open-product\"><span class=\"gt-fse-widgets-ctv-open-product\">24<\/span><\/div>\n\n\n<p class=\"has-base-2-color has-text-color has-link-color has-medium-font-size wp-elements-cf28bc533e0468d76b0d039beb27e42a gt-fse-widgets-ctv-open-product\">m\u00b2<\/p>\n<\/div>\n<\/div>\n<\/div><\/div>\n<\/div>\n\n<\/li><li data-gt-Thelis-product-id=\"\" data-gt-bathrooms=\"22\" data-gt-campings=\"\" data-gt-capacities=\"19\" data-gt-ctv-product-id=\"138648\" data-gt-gammes=\"\" data-gt-options=\"\" data-gt-rooms=\"20\" data-gt-superficies=\"33\" data-gt-types=\"17\" data-wp-key=\"post-template-item-2520\" class=\"wp-block-post post-2520 hebergement type-hebergement status-publish has-post-thumbnail hentry gt-hebergements-types-location gt-hebergements-nombre-personnes-19 gt-hebergements-nombre-chambres-20 gt-hebergements-nombre-sdb-22 gt-hebergements-superficie-33 gt-fse-widgets-ctv-open-product\">\n\n<div class=\"wp-block-group gt-hebergement-wrap has-global-padding is-layout-constrained wp-block-group-is-layout-constrained gt-fse-widgets-ctv-open-product\" style=\"margin-top:0px\">\n<div data-swiper=\"{&quot;speed&quot;:1000,&quot;autoplay&quot;:{&quot;delay&quot;:5000,&quot;disableOnInteraction&quot;:false},&quot;spaceBetween&quot;:0,&quot;slidesPerView&quot;:1,&quot;pagination&quot;:{&quot;el&quot;:&quot;.swiper-pagination&quot;,&quot;dynamicBullets&quot;:true,&quot;clickable&quot;:true,&quot;type&quot;:&quot;bullets&quot;},&quot;navigation&quot;:{&quot;nextEl&quot;:&quot;.swiper-button-next&quot;,&quot;prevEl&quot;:&quot;.swiper-button-prev&quot;},&quot;breakpoints&quot;:[{&quot;slidesPerView&quot;:1}]}\" class=\"wp-block-cover has-custom-content-position is-position-bottom-center hebergement-featured-image gt-fse-widgets-ctv-open-product\" style=\"border-radius:25px;padding-top:0px;padding-right:0px;padding-bottom:0px;padding-left:0px;min-height:430px;aspect-ratio:unset;\"><span aria-hidden=\"true\" class=\"wp-block-cover__background has-background-dim-80 has-background-dim has-background-gradient gt-fse-widgets-ctv-open-product\" style=\"background:linear-gradient(0deg,rgb(0,0,0) 26%,rgba(0,0,0,0) 42%)\"><\/span><img decoding=\"async\" width=\"1176\" height=\"882\" src=\"https:\/\/www.camping2laplage.com\/wp-content\/uploads\/2025\/08\/roulotte-escapade.jpg\" class=\"wp-block-cover__image-background wp-post-image gt-fse-widgets-ctv-open-product\" alt=\"holistic Escapade&#039; trailer &amp; Nordic bath\" data-object-fit=\"cover\" srcset=\"https:\/\/www.camping2laplage.com\/wp-content\/uploads\/2025\/08\/roulotte-escapade.jpg 1176w, https:\/\/www.camping2laplage.com\/wp-content\/uploads\/2025\/08\/roulotte-escapade-300x225.jpg 300w, https:\/\/www.camping2laplage.com\/wp-content\/uploads\/2025\/08\/roulotte-escapade-1024x768.jpg 1024w, https:\/\/www.camping2laplage.com\/wp-content\/uploads\/2025\/08\/roulotte-escapade-768x576.jpg 768w\" sizes=\"(max-width: 1176px) 100vw, 1176px\" \/><div class=\"wp-block-cover__inner-container has-global-padding is-layout-constrained wp-container-core-cover-is-layout-f5c98baf wp-block-cover-is-layout-constrained gt-fse-widgets-ctv-open-product\">\n<div class=\"wp-block-group titre-fleche is-nowrap is-layout-flex wp-container-core-group-is-layout-6c531013 wp-block-group-is-layout-flex gt-fse-widgets-ctv-open-product\">\n<p class=\"has-text-align-left hebergement-title gt-btn-arrow has-base-2-color has-text-color has-link-color has-basteleur-font-family wp-elements-9c563c41f13d6fedd8c90588c141348d gt-fse-widgets-ctv-open-product\" style=\"padding-right:0;padding-left:1.5rem;font-size:clamp(18.959px, 1.185rem + ((1vw - 3.2px) * 0.657), 30px);font-style:normal;font-weight:700;text-transform:uppercase\">Holistic retreat caravan &amp; nordic bath<\/p>\n\n\n\n<figure class=\"wp-block-image size-large is-resized fleche wp-duotone-rgb255255255-ccc-33 gt-fse-widgets-ctv-open-product\"><img decoding=\"async\" width=\"17\" height=\"12\" src=\"https:\/\/www.camping2laplage.com\/wp-content\/uploads\/2025\/07\/arrows-btn.svg\" alt=\"arrows btn\" class=\"wp-image-176 gt-fse-widgets-ctv-open-product\" style=\"object-fit:contain;width:15px;height:15px\"\/><\/figure>\n<\/div>\n\n\n\n<div class=\"wp-block-group alignfull hebergement-icons has-custom-rouge-background-color has-background is-content-justification-center is-nowrap is-layout-flex wp-container-core-group-is-layout-4e3a5801 wp-block-group-is-layout-flex gt-fse-widgets-ctv-open-product\" style=\"padding-top:var(--wp--preset--spacing--10);padding-right:1rem;padding-bottom:var(--wp--preset--spacing--10);padding-left:1rem\">\n<div class=\"wp-block-group is-nowrap is-layout-flex wp-container-core-group-is-layout-513c09f2 wp-block-group-is-layout-flex gt-fse-widgets-ctv-open-product\">\n<figure class=\"wp-block-image size-full is-resized wp-duotone-ededa9-ccc-34 gt-fse-widgets-ctv-open-product\"><img decoding=\"async\" width=\"300\" height=\"300\" src=\"https:\/\/www.camping2laplage.com\/wp-content\/uploads\/2025\/07\/personnes.webp\" alt=\"personnes\" class=\"wp-image-1020 gt-fse-widgets-ctv-open-product\" style=\"width:25px\" srcset=\"https:\/\/www.camping2laplage.com\/wp-content\/uploads\/2025\/07\/personnes.webp 300w, https:\/\/www.camping2laplage.com\/wp-content\/uploads\/2025\/07\/personnes-150x150.webp 150w\" sizes=\"(max-width: 300px) 100vw, 300px\" \/><\/figure>\n\n\n<div class=\"taxonomy-gt-hebergements-nombre-personnes has-link-color wp-elements-f7c87e54e38b0809136675ff6bf5c315 wp-block-post-terms has-text-color has-base-2-color has-medium-font-size has-roboto-font-family gt-fse-widgets-ctv-open-product\"><span class=\"gt-fse-widgets-ctv-open-product\">4<\/span><\/div>\n\n\n<p class=\"has-base-2-color has-text-color has-link-color has-medium-font-size wp-elements-ed300d43f37d8c22950d8ef97712d50f gt-fse-widgets-ctv-open-product\">Pers.<\/p>\n<\/div>\n\n\n\n<div class=\"wp-block-group is-nowrap is-layout-flex wp-container-core-group-is-layout-89a94f6a wp-block-group-is-layout-flex gt-fse-widgets-ctv-open-product\">\n<figure class=\"wp-block-image size-full is-resized wp-duotone-ededa9-ffffff-35 gt-fse-widgets-ctv-open-product\"><img decoding=\"async\" width=\"512\" height=\"512\" src=\"https:\/\/www.camping2laplage.com\/wp-content\/uploads\/2025\/07\/chambre.webp\" alt=\"chambre\" class=\"wp-image-1024 gt-fse-widgets-ctv-open-product\" style=\"width:25px\" srcset=\"https:\/\/www.camping2laplage.com\/wp-content\/uploads\/2025\/07\/chambre.webp 512w, https:\/\/www.camping2laplage.com\/wp-content\/uploads\/2025\/07\/chambre-300x300.webp 300w, https:\/\/www.camping2laplage.com\/wp-content\/uploads\/2025\/07\/chambre-150x150.webp 150w\" sizes=\"(max-width: 512px) 100vw, 512px\" \/><\/figure>\n\n\n<div class=\"taxonomy-gt-hebergements-nombre-chambres has-link-color wp-elements-9ef64b592c523db51bc710735ecf05b9 wp-block-post-terms has-text-color has-base-2-color has-medium-font-size has-roboto-font-family gt-fse-widgets-ctv-open-product\"><span class=\"gt-fse-widgets-ctv-open-product\">2<\/span><\/div>\n\n\n<p class=\"has-base-2-color has-text-color has-link-color has-medium-font-size wp-elements-9a187f19e657d0a1a7cff608aeff72a2 gt-fse-widgets-ctv-open-product\">ch.<\/p>\n<\/div>\n\n\n\n<div class=\"wp-block-group is-nowrap is-layout-flex wp-container-core-group-is-layout-89a94f6a wp-block-group-is-layout-flex gt-fse-widgets-ctv-open-product\">\n<figure class=\"wp-block-image size-full is-resized wp-duotone-ededa9-ffffff-36 gt-fse-widgets-ctv-open-product\"><img decoding=\"async\" width=\"300\" height=\"300\" src=\"https:\/\/www.camping2laplage.com\/wp-content\/uploads\/2025\/07\/surface.webp\" alt=\"surface\" class=\"wp-image-1028 gt-fse-widgets-ctv-open-product\" style=\"width:25px\" srcset=\"https:\/\/www.camping2laplage.com\/wp-content\/uploads\/2025\/07\/surface.webp 300w, https:\/\/www.camping2laplage.com\/wp-content\/uploads\/2025\/07\/surface-150x150.webp 150w\" sizes=\"(max-width: 300px) 100vw, 300px\" \/><\/figure>\n\n\n<div class=\"taxonomy-gt-hebergements-superficie has-link-color wp-elements-cafe8390f833754c2c2fbce3d1413350 wp-block-post-terms has-text-color has-base-2-color has-medium-font-size has-roboto-font-family gt-fse-widgets-ctv-open-product\"><span class=\"gt-fse-widgets-ctv-open-product\">22<\/span><\/div>\n\n\n<p class=\"has-base-2-color has-text-color has-link-color has-medium-font-size wp-elements-cf28bc533e0468d76b0d039beb27e42a gt-fse-widgets-ctv-open-product\">m\u00b2<\/p>\n<\/div>\n<\/div>\n<\/div><\/div>\n<\/div>\n\n<\/li><li data-gt-Thelis-product-id=\"\" data-gt-bathrooms=\"22\" data-gt-campings=\"\" data-gt-capacities=\"30\" data-gt-ctv-product-id=\"138651\" data-gt-gammes=\"\" data-gt-options=\"\" data-gt-rooms=\"20\" data-gt-superficies=\"32\" data-gt-types=\"17\" data-wp-key=\"post-template-item-2524\" class=\"wp-block-post post-2524 hebergement type-hebergement status-publish has-post-thumbnail hentry gt-hebergements-types-location gt-hebergements-nombre-personnes-30 gt-hebergements-nombre-chambres-20 gt-hebergements-nombre-sdb-22 gt-hebergements-superficie-32 gt-fse-widgets-ctv-open-product\">\n\n<div class=\"wp-block-group gt-hebergement-wrap has-global-padding is-layout-constrained wp-block-group-is-layout-constrained gt-fse-widgets-ctv-open-product\" style=\"margin-top:0px\">\n<div data-swiper=\"{&quot;speed&quot;:1000,&quot;autoplay&quot;:{&quot;delay&quot;:5000,&quot;disableOnInteraction&quot;:false},&quot;spaceBetween&quot;:0,&quot;slidesPerView&quot;:1,&quot;pagination&quot;:{&quot;el&quot;:&quot;.swiper-pagination&quot;,&quot;dynamicBullets&quot;:true,&quot;clickable&quot;:true,&quot;type&quot;:&quot;bullets&quot;},&quot;navigation&quot;:{&quot;nextEl&quot;:&quot;.swiper-button-next&quot;,&quot;prevEl&quot;:&quot;.swiper-button-prev&quot;},&quot;breakpoints&quot;:[{&quot;slidesPerView&quot;:1}]}\" class=\"wp-block-cover has-custom-content-position is-position-bottom-center hebergement-featured-image gt-fse-widgets-ctv-open-product\" style=\"border-radius:25px;padding-top:0px;padding-right:0px;padding-bottom:0px;padding-left:0px;min-height:430px;aspect-ratio:unset;\"><span aria-hidden=\"true\" class=\"wp-block-cover__background has-background-dim-80 has-background-dim has-background-gradient gt-fse-widgets-ctv-open-product\" style=\"background:linear-gradient(0deg,rgb(0,0,0) 26%,rgba(0,0,0,0) 42%)\"><\/span><img decoding=\"async\" width=\"1199\" height=\"800\" src=\"https:\/\/www.camping2laplage.com\/wp-content\/uploads\/2025\/08\/location-camping-isere.jpg\" class=\"wp-block-cover__image-background wp-post-image gt-fse-widgets-ctv-open-product\" alt=\"Rental camping isere\" data-object-fit=\"cover\" srcset=\"https:\/\/www.camping2laplage.com\/wp-content\/uploads\/2025\/08\/location-camping-isere.jpg 1199w, https:\/\/www.camping2laplage.com\/wp-content\/uploads\/2025\/08\/location-camping-isere-300x200.jpg 300w, https:\/\/www.camping2laplage.com\/wp-content\/uploads\/2025\/08\/location-camping-isere-1024x683.jpg 1024w, https:\/\/www.camping2laplage.com\/wp-content\/uploads\/2025\/08\/location-camping-isere-768x512.jpg 768w\" sizes=\"(max-width: 1199px) 100vw, 1199px\" \/><div class=\"wp-block-cover__inner-container has-global-padding is-layout-constrained wp-container-core-cover-is-layout-f5c98baf wp-block-cover-is-layout-constrained gt-fse-widgets-ctv-open-product\">\n<div class=\"wp-block-group titre-fleche is-nowrap is-layout-flex wp-container-core-group-is-layout-6c531013 wp-block-group-is-layout-flex gt-fse-widgets-ctv-open-product\">\n<p class=\"has-text-align-left hebergement-title gt-btn-arrow has-base-2-color has-text-color has-link-color has-basteleur-font-family wp-elements-9c563c41f13d6fedd8c90588c141348d gt-fse-widgets-ctv-open-product\" style=\"padding-right:0;padding-left:1.5rem;font-size:clamp(18.959px, 1.185rem + ((1vw - 3.2px) * 0.657), 30px);font-style:normal;font-weight:700;text-transform:uppercase\">Mor\u00e9a premium chalet 25m\u00b2 <\/p>\n\n\n\n<figure class=\"wp-block-image size-large is-resized fleche wp-duotone-rgb255255255-ccc-37 gt-fse-widgets-ctv-open-product\"><img decoding=\"async\" width=\"17\" height=\"12\" src=\"https:\/\/www.camping2laplage.com\/wp-content\/uploads\/2025\/07\/arrows-btn.svg\" alt=\"arrows btn\" class=\"wp-image-176 gt-fse-widgets-ctv-open-product\" style=\"object-fit:contain;width:15px;height:15px\"\/><\/figure>\n<\/div>\n\n\n\n<div class=\"wp-block-group alignfull hebergement-icons has-custom-rouge-background-color has-background is-content-justification-center is-nowrap is-layout-flex wp-container-core-group-is-layout-4e3a5801 wp-block-group-is-layout-flex gt-fse-widgets-ctv-open-product\" style=\"padding-top:var(--wp--preset--spacing--10);padding-right:1rem;padding-bottom:var(--wp--preset--spacing--10);padding-left:1rem\">\n<div class=\"wp-block-group is-nowrap is-layout-flex wp-container-core-group-is-layout-513c09f2 wp-block-group-is-layout-flex gt-fse-widgets-ctv-open-product\">\n<figure class=\"wp-block-image size-full is-resized wp-duotone-ededa9-ccc-38 gt-fse-widgets-ctv-open-product\"><img decoding=\"async\" width=\"300\" height=\"300\" src=\"https:\/\/www.camping2laplage.com\/wp-content\/uploads\/2025\/07\/personnes.webp\" alt=\"personnes\" class=\"wp-image-1020 gt-fse-widgets-ctv-open-product\" style=\"width:25px\" srcset=\"https:\/\/www.camping2laplage.com\/wp-content\/uploads\/2025\/07\/personnes.webp 300w, https:\/\/www.camping2laplage.com\/wp-content\/uploads\/2025\/07\/personnes-150x150.webp 150w\" sizes=\"(max-width: 300px) 100vw, 300px\" \/><\/figure>\n\n\n<div class=\"taxonomy-gt-hebergements-nombre-personnes has-link-color wp-elements-f7c87e54e38b0809136675ff6bf5c315 wp-block-post-terms has-text-color has-base-2-color has-medium-font-size has-roboto-font-family gt-fse-widgets-ctv-open-product\"><span class=\"gt-fse-widgets-ctv-open-product\">5<\/span><\/div>\n\n\n<p class=\"has-base-2-color has-text-color has-link-color has-medium-font-size wp-elements-ed300d43f37d8c22950d8ef97712d50f gt-fse-widgets-ctv-open-product\">Pers.<\/p>\n<\/div>\n\n\n\n<div class=\"wp-block-group is-nowrap is-layout-flex wp-container-core-group-is-layout-89a94f6a wp-block-group-is-layout-flex gt-fse-widgets-ctv-open-product\">\n<figure class=\"wp-block-image size-full is-resized wp-duotone-ededa9-ffffff-39 gt-fse-widgets-ctv-open-product\"><img decoding=\"async\" width=\"512\" height=\"512\" src=\"https:\/\/www.camping2laplage.com\/wp-content\/uploads\/2025\/07\/chambre.webp\" alt=\"chambre\" class=\"wp-image-1024 gt-fse-widgets-ctv-open-product\" style=\"width:25px\" srcset=\"https:\/\/www.camping2laplage.com\/wp-content\/uploads\/2025\/07\/chambre.webp 512w, https:\/\/www.camping2laplage.com\/wp-content\/uploads\/2025\/07\/chambre-300x300.webp 300w, https:\/\/www.camping2laplage.com\/wp-content\/uploads\/2025\/07\/chambre-150x150.webp 150w\" sizes=\"(max-width: 512px) 100vw, 512px\" \/><\/figure>\n\n\n<div class=\"taxonomy-gt-hebergements-nombre-chambres has-link-color wp-elements-9ef64b592c523db51bc710735ecf05b9 wp-block-post-terms has-text-color has-base-2-color has-medium-font-size has-roboto-font-family gt-fse-widgets-ctv-open-product\"><span class=\"gt-fse-widgets-ctv-open-product\">2<\/span><\/div>\n\n\n<p class=\"has-base-2-color has-text-color has-link-color has-medium-font-size wp-elements-9a187f19e657d0a1a7cff608aeff72a2 gt-fse-widgets-ctv-open-product\">ch.<\/p>\n<\/div>\n\n\n\n<div class=\"wp-block-group is-nowrap is-layout-flex wp-container-core-group-is-layout-89a94f6a wp-block-group-is-layout-flex gt-fse-widgets-ctv-open-product\">\n<figure class=\"wp-block-image size-full is-resized wp-duotone-ededa9-ffffff-40 gt-fse-widgets-ctv-open-product\"><img decoding=\"async\" width=\"300\" height=\"300\" src=\"https:\/\/www.camping2laplage.com\/wp-content\/uploads\/2025\/07\/surface.webp\" alt=\"surface\" class=\"wp-image-1028 gt-fse-widgets-ctv-open-product\" style=\"width:25px\" srcset=\"https:\/\/www.camping2laplage.com\/wp-content\/uploads\/2025\/07\/surface.webp 300w, https:\/\/www.camping2laplage.com\/wp-content\/uploads\/2025\/07\/surface-150x150.webp 150w\" sizes=\"(max-width: 300px) 100vw, 300px\" \/><\/figure>\n\n\n<div class=\"taxonomy-gt-hebergements-superficie has-link-color wp-elements-cafe8390f833754c2c2fbce3d1413350 wp-block-post-terms has-text-color has-base-2-color has-medium-font-size has-roboto-font-family gt-fse-widgets-ctv-open-product\"><span class=\"gt-fse-widgets-ctv-open-product\">25<\/span><\/div>\n\n\n<p class=\"has-base-2-color has-text-color has-link-color has-medium-font-size wp-elements-cf28bc533e0468d76b0d039beb27e42a gt-fse-widgets-ctv-open-product\">m\u00b2<\/p>\n<\/div>\n<\/div>\n<\/div><\/div>\n<\/div>\n\n<\/li><li data-gt-Thelis-product-id=\"\" data-gt-bathrooms=\"22\" data-gt-campings=\"\" data-gt-capacities=\"28\" data-gt-ctv-product-id=\"97374\" data-gt-gammes=\"\" data-gt-options=\"\" data-gt-rooms=\"27\" data-gt-superficies=\"26\" data-gt-types=\"17\" data-wp-key=\"post-template-item-2551\" class=\"wp-block-post post-2551 hebergement type-hebergement status-publish has-post-thumbnail hentry gt-hebergements-types-location gt-hebergements-nombre-personnes-28 gt-hebergements-nombre-chambres-27 gt-hebergements-nombre-sdb-22 gt-hebergements-superficie-26 gt-fse-widgets-ctv-open-product\">\n\n<div class=\"wp-block-group gt-hebergement-wrap has-global-padding is-layout-constrained wp-block-group-is-layout-constrained gt-fse-widgets-ctv-open-product\" style=\"margin-top:0px\">\n<div data-swiper=\"{&quot;speed&quot;:1000,&quot;autoplay&quot;:{&quot;delay&quot;:5000,&quot;disableOnInteraction&quot;:false},&quot;spaceBetween&quot;:0,&quot;slidesPerView&quot;:1,&quot;pagination&quot;:{&quot;el&quot;:&quot;.swiper-pagination&quot;,&quot;dynamicBullets&quot;:true,&quot;clickable&quot;:true,&quot;type&quot;:&quot;bullets&quot;},&quot;navigation&quot;:{&quot;nextEl&quot;:&quot;.swiper-button-next&quot;,&quot;prevEl&quot;:&quot;.swiper-button-prev&quot;},&quot;breakpoints&quot;:[{&quot;slidesPerView&quot;:1}]}\" class=\"wp-block-cover has-custom-content-position is-position-bottom-center hebergement-featured-image gt-fse-widgets-ctv-open-product\" style=\"border-radius:25px;padding-top:0px;padding-right:0px;padding-bottom:0px;padding-left:0px;min-height:430px;aspect-ratio:unset;\"><span aria-hidden=\"true\" class=\"wp-block-cover__background has-background-dim-80 has-background-dim has-background-gradient gt-fse-widgets-ctv-open-product\" style=\"background:linear-gradient(0deg,rgb(0,0,0) 26%,rgba(0,0,0,0) 42%)\"><\/span><img decoding=\"async\" width=\"1176\" height=\"882\" src=\"https:\/\/www.camping2laplage.com\/wp-content\/uploads\/2025\/08\/mobil-home-panoramique.jpg\" class=\"wp-block-cover__image-background wp-post-image gt-fse-widgets-ctv-open-product\" alt=\"panoramic mobile home\" data-object-fit=\"cover\" srcset=\"https:\/\/www.camping2laplage.com\/wp-content\/uploads\/2025\/08\/mobil-home-panoramique.jpg 1176w, https:\/\/www.camping2laplage.com\/wp-content\/uploads\/2025\/08\/mobil-home-panoramique-300x225.jpg 300w, https:\/\/www.camping2laplage.com\/wp-content\/uploads\/2025\/08\/mobil-home-panoramique-1024x768.jpg 1024w, https:\/\/www.camping2laplage.com\/wp-content\/uploads\/2025\/08\/mobil-home-panoramique-768x576.jpg 768w\" sizes=\"(max-width: 1176px) 100vw, 1176px\" \/><div class=\"wp-block-cover__inner-container has-global-padding is-layout-constrained wp-container-core-cover-is-layout-f5c98baf wp-block-cover-is-layout-constrained gt-fse-widgets-ctv-open-product\">\n<div class=\"wp-block-group titre-fleche is-nowrap is-layout-flex wp-container-core-group-is-layout-6c531013 wp-block-group-is-layout-flex gt-fse-widgets-ctv-open-product\">\n<p class=\"has-text-align-left hebergement-title gt-btn-arrow has-base-2-color has-text-color has-link-color has-basteleur-font-family wp-elements-9c563c41f13d6fedd8c90588c141348d gt-fse-widgets-ctv-open-product\" style=\"padding-right:0;padding-left:1.5rem;font-size:clamp(18.959px, 1.185rem + ((1vw - 3.2px) * 0.657), 30px);font-style:normal;font-weight:700;text-transform:uppercase\">Panoramic mobile home 31m\u00b2 <\/p>\n\n\n\n<figure class=\"wp-block-image size-large is-resized fleche wp-duotone-rgb255255255-ccc-41 gt-fse-widgets-ctv-open-product\"><img decoding=\"async\" width=\"17\" height=\"12\" src=\"https:\/\/www.camping2laplage.com\/wp-content\/uploads\/2025\/07\/arrows-btn.svg\" alt=\"arrows btn\" class=\"wp-image-176 gt-fse-widgets-ctv-open-product\" style=\"object-fit:contain;width:15px;height:15px\"\/><\/figure>\n<\/div>\n\n\n\n<div class=\"wp-block-group alignfull hebergement-icons has-custom-rouge-background-color has-background is-content-justification-center is-nowrap is-layout-flex wp-container-core-group-is-layout-4e3a5801 wp-block-group-is-layout-flex gt-fse-widgets-ctv-open-product\" style=\"padding-top:var(--wp--preset--spacing--10);padding-right:1rem;padding-bottom:var(--wp--preset--spacing--10);padding-left:1rem\">\n<div class=\"wp-block-group is-nowrap is-layout-flex wp-container-core-group-is-layout-513c09f2 wp-block-group-is-layout-flex gt-fse-widgets-ctv-open-product\">\n<figure class=\"wp-block-image size-full is-resized wp-duotone-ededa9-ccc-42 gt-fse-widgets-ctv-open-product\"><img decoding=\"async\" width=\"300\" height=\"300\" src=\"https:\/\/www.camping2laplage.com\/wp-content\/uploads\/2025\/07\/personnes.webp\" alt=\"personnes\" class=\"wp-image-1020 gt-fse-widgets-ctv-open-product\" style=\"width:25px\" srcset=\"https:\/\/www.camping2laplage.com\/wp-content\/uploads\/2025\/07\/personnes.webp 300w, https:\/\/www.camping2laplage.com\/wp-content\/uploads\/2025\/07\/personnes-150x150.webp 150w\" sizes=\"(max-width: 300px) 100vw, 300px\" \/><\/figure>\n\n\n<div class=\"taxonomy-gt-hebergements-nombre-personnes has-link-color wp-elements-f7c87e54e38b0809136675ff6bf5c315 wp-block-post-terms has-text-color has-base-2-color has-medium-font-size has-roboto-font-family gt-fse-widgets-ctv-open-product\"><span class=\"gt-fse-widgets-ctv-open-product\">6<\/span><\/div>\n\n\n<p class=\"has-base-2-color has-text-color has-link-color has-medium-font-size wp-elements-ed300d43f37d8c22950d8ef97712d50f gt-fse-widgets-ctv-open-product\">Pers.<\/p>\n<\/div>\n\n\n\n<div class=\"wp-block-group is-nowrap is-layout-flex wp-container-core-group-is-layout-89a94f6a wp-block-group-is-layout-flex gt-fse-widgets-ctv-open-product\">\n<figure class=\"wp-block-image size-full is-resized wp-duotone-ededa9-ffffff-43 gt-fse-widgets-ctv-open-product\"><img decoding=\"async\" width=\"512\" height=\"512\" src=\"https:\/\/www.camping2laplage.com\/wp-content\/uploads\/2025\/07\/chambre.webp\" alt=\"chambre\" class=\"wp-image-1024 gt-fse-widgets-ctv-open-product\" style=\"width:25px\" srcset=\"https:\/\/www.camping2laplage.com\/wp-content\/uploads\/2025\/07\/chambre.webp 512w, https:\/\/www.camping2laplage.com\/wp-content\/uploads\/2025\/07\/chambre-300x300.webp 300w, https:\/\/www.camping2laplage.com\/wp-content\/uploads\/2025\/07\/chambre-150x150.webp 150w\" sizes=\"(max-width: 512px) 100vw, 512px\" \/><\/figure>\n\n\n<div class=\"taxonomy-gt-hebergements-nombre-chambres has-link-color wp-elements-9ef64b592c523db51bc710735ecf05b9 wp-block-post-terms has-text-color has-base-2-color has-medium-font-size has-roboto-font-family gt-fse-widgets-ctv-open-product\"><span class=\"gt-fse-widgets-ctv-open-product\">3<\/span><\/div>\n\n\n<p class=\"has-base-2-color has-text-color has-link-color has-medium-font-size wp-elements-9a187f19e657d0a1a7cff608aeff72a2 gt-fse-widgets-ctv-open-product\">ch.<\/p>\n<\/div>\n\n\n\n<div class=\"wp-block-group is-nowrap is-layout-flex wp-container-core-group-is-layout-89a94f6a wp-block-group-is-layout-flex gt-fse-widgets-ctv-open-product\">\n<figure class=\"wp-block-image size-full is-resized wp-duotone-ededa9-ffffff-44 gt-fse-widgets-ctv-open-product\"><img decoding=\"async\" width=\"300\" height=\"300\" src=\"https:\/\/www.camping2laplage.com\/wp-content\/uploads\/2025\/07\/surface.webp\" alt=\"surface\" class=\"wp-image-1028 gt-fse-widgets-ctv-open-product\" style=\"width:25px\" srcset=\"https:\/\/www.camping2laplage.com\/wp-content\/uploads\/2025\/07\/surface.webp 300w, https:\/\/www.camping2laplage.com\/wp-content\/uploads\/2025\/07\/surface-150x150.webp 150w\" sizes=\"(max-width: 300px) 100vw, 300px\" \/><\/figure>\n\n\n<div class=\"taxonomy-gt-hebergements-superficie has-link-color wp-elements-cafe8390f833754c2c2fbce3d1413350 wp-block-post-terms has-text-color has-base-2-color has-medium-font-size has-roboto-font-family gt-fse-widgets-ctv-open-product\"><span class=\"gt-fse-widgets-ctv-open-product\">31<\/span><\/div>\n\n\n<p class=\"has-base-2-color has-text-color has-link-color has-medium-font-size wp-elements-cf28bc533e0468d76b0d039beb27e42a gt-fse-widgets-ctv-open-product\">m\u00b2<\/p>\n<\/div>\n<\/div>\n<\/div><\/div>\n<\/div>\n\n<\/li><li data-gt-Thelis-product-id=\"\" data-gt-bathrooms=\"\" data-gt-campings=\"\" data-gt-capacities=\"23\" data-gt-ctv-product-id=\"52085\" data-gt-gammes=\"\" data-gt-options=\"\" data-gt-rooms=\"\" data-gt-superficies=\"36\" data-gt-types=\"18\" data-wp-key=\"post-template-item-2515\" class=\"wp-block-post post-2515 hebergement type-hebergement status-publish has-post-thumbnail hentry gt-hebergements-types-emplacement gt-hebergements-nombre-personnes-23 gt-hebergements-superficie-36 gt-fse-widgets-ctv-open-product\">\n\n<div class=\"wp-block-group gt-hebergement-wrap has-global-padding is-layout-constrained wp-block-group-is-layout-constrained gt-fse-widgets-ctv-open-product\" style=\"margin-top:0px\">\n<div data-swiper=\"{&quot;speed&quot;:1000,&quot;autoplay&quot;:{&quot;delay&quot;:5000,&quot;disableOnInteraction&quot;:false},&quot;spaceBetween&quot;:0,&quot;slidesPerView&quot;:1,&quot;pagination&quot;:{&quot;el&quot;:&quot;.swiper-pagination&quot;,&quot;dynamicBullets&quot;:true,&quot;clickable&quot;:true,&quot;type&quot;:&quot;bullets&quot;},&quot;navigation&quot;:{&quot;nextEl&quot;:&quot;.swiper-button-next&quot;,&quot;prevEl&quot;:&quot;.swiper-button-prev&quot;},&quot;breakpoints&quot;:[{&quot;slidesPerView&quot;:1}]}\" class=\"wp-block-cover has-custom-content-position is-position-bottom-center hebergement-featured-image gt-fse-widgets-ctv-open-product\" style=\"border-radius:25px;padding-top:0px;padding-right:0px;padding-bottom:0px;padding-left:0px;min-height:430px;aspect-ratio:unset;\"><span aria-hidden=\"true\" class=\"wp-block-cover__background has-background-dim-80 has-background-dim has-background-gradient gt-fse-widgets-ctv-open-product\" style=\"background:linear-gradient(0deg,rgb(0,0,0) 26%,rgba(0,0,0,0) 42%)\"><\/span><img decoding=\"async\" width=\"1199\" height=\"800\" src=\"https:\/\/www.camping2laplage.com\/wp-content\/uploads\/2025\/08\/location-emplacement-alpes.jpg\" class=\"wp-block-cover__image-background wp-post-image gt-fse-widgets-ctv-open-product\" alt=\"Rental pitch alpes\" data-object-fit=\"cover\" srcset=\"https:\/\/www.camping2laplage.com\/wp-content\/uploads\/2025\/08\/location-emplacement-alpes.jpg 1199w, https:\/\/www.camping2laplage.com\/wp-content\/uploads\/2025\/08\/location-emplacement-alpes-300x200.jpg 300w, https:\/\/www.camping2laplage.com\/wp-content\/uploads\/2025\/08\/location-emplacement-alpes-1024x683.jpg 1024w, https:\/\/www.camping2laplage.com\/wp-content\/uploads\/2025\/08\/location-emplacement-alpes-768x512.jpg 768w\" sizes=\"(max-width: 1199px) 100vw, 1199px\" \/><div class=\"wp-block-cover__inner-container has-global-padding is-layout-constrained wp-container-core-cover-is-layout-f5c98baf wp-block-cover-is-layout-constrained gt-fse-widgets-ctv-open-product\">\n<div class=\"wp-block-group titre-fleche is-nowrap is-layout-flex wp-container-core-group-is-layout-6c531013 wp-block-group-is-layout-flex gt-fse-widgets-ctv-open-product\">\n<p class=\"has-text-align-left hebergement-title gt-btn-arrow has-base-2-color has-text-color has-link-color has-basteleur-font-family wp-elements-9c563c41f13d6fedd8c90588c141348d gt-fse-widgets-ctv-open-product\" style=\"padding-right:0;padding-left:1.5rem;font-size:clamp(18.959px, 1.185rem + ((1vw - 3.2px) * 0.657), 30px);font-style:normal;font-weight:700;text-transform:uppercase\">Pitches: vehicle + tent &#8211; or vehicle + caravan &#8211; or camper\/van<\/p>\n\n\n\n<figure class=\"wp-block-image size-large is-resized fleche wp-duotone-rgb255255255-ccc-45 gt-fse-widgets-ctv-open-product\"><img decoding=\"async\" width=\"17\" height=\"12\" src=\"https:\/\/www.camping2laplage.com\/wp-content\/uploads\/2025\/07\/arrows-btn.svg\" alt=\"arrows btn\" class=\"wp-image-176 gt-fse-widgets-ctv-open-product\" style=\"object-fit:contain;width:15px;height:15px\"\/><\/figure>\n<\/div>\n\n\n\n<div class=\"wp-block-group alignfull hebergement-icons has-custom-rouge-background-color has-background is-content-justification-center is-nowrap is-layout-flex wp-container-core-group-is-layout-4e3a5801 wp-block-group-is-layout-flex gt-fse-widgets-ctv-open-product\" style=\"padding-top:var(--wp--preset--spacing--10);padding-right:1rem;padding-bottom:var(--wp--preset--spacing--10);padding-left:1rem\">\n<div class=\"wp-block-group is-nowrap is-layout-flex wp-container-core-group-is-layout-513c09f2 wp-block-group-is-layout-flex gt-fse-widgets-ctv-open-product\">\n<figure class=\"wp-block-image size-full is-resized wp-duotone-ededa9-ccc-46 gt-fse-widgets-ctv-open-product\"><img decoding=\"async\" width=\"300\" height=\"300\" src=\"https:\/\/www.camping2laplage.com\/wp-content\/uploads\/2025\/07\/personnes.webp\" alt=\"personnes\" class=\"wp-image-1020 gt-fse-widgets-ctv-open-product\" style=\"width:25px\" srcset=\"https:\/\/www.camping2laplage.com\/wp-content\/uploads\/2025\/07\/personnes.webp 300w, https:\/\/www.camping2laplage.com\/wp-content\/uploads\/2025\/07\/personnes-150x150.webp 150w\" sizes=\"(max-width: 300px) 100vw, 300px\" \/><\/figure>\n\n\n<div class=\"taxonomy-gt-hebergements-nombre-personnes has-link-color wp-elements-f7c87e54e38b0809136675ff6bf5c315 wp-block-post-terms has-text-color has-base-2-color has-medium-font-size has-roboto-font-family gt-fse-widgets-ctv-open-product\"><span class=\"gt-fse-widgets-ctv-open-product\">2<\/span><\/div>\n\n\n<p class=\"has-base-2-color has-text-color has-link-color has-medium-font-size wp-elements-ed300d43f37d8c22950d8ef97712d50f gt-fse-widgets-ctv-open-product\">Pers.<\/p>\n<\/div>\n\n\n\n<div class=\"wp-block-group is-nowrap is-layout-flex wp-container-core-group-is-layout-89a94f6a wp-block-group-is-layout-flex gt-fse-widgets-ctv-open-product\">\n<figure class=\"wp-block-image size-full is-resized wp-duotone-ededa9-ffffff-47 gt-fse-widgets-ctv-open-product\"><img decoding=\"async\" width=\"512\" height=\"512\" src=\"https:\/\/www.camping2laplage.com\/wp-content\/uploads\/2025\/07\/chambre.webp\" alt=\"chambre\" class=\"wp-image-1024 gt-fse-widgets-ctv-open-product\" style=\"width:25px\" srcset=\"https:\/\/www.camping2laplage.com\/wp-content\/uploads\/2025\/07\/chambre.webp 512w, https:\/\/www.camping2laplage.com\/wp-content\/uploads\/2025\/07\/chambre-300x300.webp 300w, https:\/\/www.camping2laplage.com\/wp-content\/uploads\/2025\/07\/chambre-150x150.webp 150w\" sizes=\"(max-width: 512px) 100vw, 512px\" \/><\/figure>\n\n\n\n\n\n<p class=\"has-base-2-color has-text-color has-link-color has-medium-font-size wp-elements-9a187f19e657d0a1a7cff608aeff72a2 gt-fse-widgets-ctv-open-product\">ch.<\/p>\n<\/div>\n\n\n\n<div class=\"wp-block-group is-nowrap is-layout-flex wp-container-core-group-is-layout-89a94f6a wp-block-group-is-layout-flex gt-fse-widgets-ctv-open-product\">\n<figure class=\"wp-block-image size-full is-resized wp-duotone-ededa9-ffffff-48 gt-fse-widgets-ctv-open-product\"><img decoding=\"async\" width=\"300\" height=\"300\" src=\"https:\/\/www.camping2laplage.com\/wp-content\/uploads\/2025\/07\/surface.webp\" alt=\"surface\" class=\"wp-image-1028 gt-fse-widgets-ctv-open-product\" style=\"width:25px\" srcset=\"https:\/\/www.camping2laplage.com\/wp-content\/uploads\/2025\/07\/surface.webp 300w, https:\/\/www.camping2laplage.com\/wp-content\/uploads\/2025\/07\/surface-150x150.webp 150w\" sizes=\"(max-width: 300px) 100vw, 300px\" \/><\/figure>\n\n\n<div class=\"taxonomy-gt-hebergements-superficie has-link-color wp-elements-cafe8390f833754c2c2fbce3d1413350 wp-block-post-terms has-text-color has-base-2-color has-medium-font-size has-roboto-font-family gt-fse-widgets-ctv-open-product\"><span class=\"gt-fse-widgets-ctv-open-product\">80<\/span><\/div>\n\n\n<p class=\"has-base-2-color has-text-color has-link-color has-medium-font-size wp-elements-cf28bc533e0468d76b0d039beb27e42a gt-fse-widgets-ctv-open-product\">m\u00b2<\/p>\n<\/div>\n<\/div>\n<\/div><\/div>\n<\/div>\n\n<\/li><li data-gt-Thelis-product-id=\"\" data-gt-bathrooms=\"22\" data-gt-campings=\"\" data-gt-capacities=\"28\" data-gt-ctv-product-id=\"138649\" data-gt-gammes=\"\" data-gt-options=\"\" data-gt-rooms=\"27\" data-gt-superficies=\"35\" data-gt-types=\"17\" data-wp-key=\"post-template-item-2514\" class=\"wp-block-post post-2514 hebergement type-hebergement status-publish has-post-thumbnail hentry gt-hebergements-types-location gt-hebergements-nombre-personnes-28 gt-hebergements-nombre-chambres-27 gt-hebergements-nombre-sdb-22 gt-hebergements-superficie-35 gt-fse-widgets-ctv-open-product\">\n\n<div class=\"wp-block-group gt-hebergement-wrap has-global-padding is-layout-constrained wp-block-group-is-layout-constrained gt-fse-widgets-ctv-open-product\" style=\"margin-top:0px\">\n<div data-swiper=\"{&quot;speed&quot;:1000,&quot;autoplay&quot;:{&quot;delay&quot;:5000,&quot;disableOnInteraction&quot;:false},&quot;spaceBetween&quot;:0,&quot;slidesPerView&quot;:1,&quot;pagination&quot;:{&quot;el&quot;:&quot;.swiper-pagination&quot;,&quot;dynamicBullets&quot;:true,&quot;clickable&quot;:true,&quot;type&quot;:&quot;bullets&quot;},&quot;navigation&quot;:{&quot;nextEl&quot;:&quot;.swiper-button-next&quot;,&quot;prevEl&quot;:&quot;.swiper-button-prev&quot;},&quot;breakpoints&quot;:[{&quot;slidesPerView&quot;:1}]}\" class=\"wp-block-cover has-custom-content-position is-position-bottom-center hebergement-featured-image gt-fse-widgets-ctv-open-product\" style=\"border-radius:25px;padding-top:0px;padding-right:0px;padding-bottom:0px;padding-left:0px;min-height:430px;aspect-ratio:unset;\"><span aria-hidden=\"true\" class=\"wp-block-cover__background has-background-dim-80 has-background-dim has-background-gradient gt-fse-widgets-ctv-open-product\" style=\"background:linear-gradient(0deg,rgb(0,0,0) 26%,rgba(0,0,0,0) 42%)\"><\/span><img decoding=\"async\" width=\"2000\" height=\"1200\" src=\"https:\/\/www.camping2laplage.com\/wp-content\/uploads\/2025\/08\/location-chalet-isere.jpg\" class=\"wp-block-cover__image-background wp-post-image gt-fse-widgets-ctv-open-product\" alt=\"Rental chalet isere\" data-object-fit=\"cover\" srcset=\"https:\/\/www.camping2laplage.com\/wp-content\/uploads\/2025\/08\/location-chalet-isere.jpg 2000w, https:\/\/www.camping2laplage.com\/wp-content\/uploads\/2025\/08\/location-chalet-isere-300x180.jpg 300w, https:\/\/www.camping2laplage.com\/wp-content\/uploads\/2025\/08\/location-chalet-isere-1024x614.jpg 1024w, https:\/\/www.camping2laplage.com\/wp-content\/uploads\/2025\/08\/location-chalet-isere-768x461.jpg 768w, https:\/\/www.camping2laplage.com\/wp-content\/uploads\/2025\/08\/location-chalet-isere-1536x922.jpg 1536w\" sizes=\"(max-width: 2000px) 100vw, 2000px\" \/><div class=\"wp-block-cover__inner-container has-global-padding is-layout-constrained wp-container-core-cover-is-layout-f5c98baf wp-block-cover-is-layout-constrained gt-fse-widgets-ctv-open-product\">\n<div class=\"wp-block-group titre-fleche is-nowrap is-layout-flex wp-container-core-group-is-layout-6c531013 wp-block-group-is-layout-flex gt-fse-widgets-ctv-open-product\">\n<p class=\"has-text-align-left hebergement-title gt-btn-arrow has-base-2-color has-text-color has-link-color has-basteleur-font-family wp-elements-9c563c41f13d6fedd8c90588c141348d gt-fse-widgets-ctv-open-product\" style=\"padding-right:0;padding-left:1.5rem;font-size:clamp(18.959px, 1.185rem + ((1vw - 3.2px) * 0.657), 30px);font-style:normal;font-weight:700;text-transform:uppercase\">Prestige Chalet &amp; Private Sauna 35m\u00b2<\/p>\n\n\n\n<figure class=\"wp-block-image size-large is-resized fleche wp-duotone-rgb255255255-ccc-49 gt-fse-widgets-ctv-open-product\"><img decoding=\"async\" width=\"17\" height=\"12\" src=\"https:\/\/www.camping2laplage.com\/wp-content\/uploads\/2025\/07\/arrows-btn.svg\" alt=\"arrows btn\" class=\"wp-image-176 gt-fse-widgets-ctv-open-product\" style=\"object-fit:contain;width:15px;height:15px\"\/><\/figure>\n<\/div>\n\n\n\n<div class=\"wp-block-group alignfull hebergement-icons has-custom-rouge-background-color has-background is-content-justification-center is-nowrap is-layout-flex wp-container-core-group-is-layout-4e3a5801 wp-block-group-is-layout-flex gt-fse-widgets-ctv-open-product\" style=\"padding-top:var(--wp--preset--spacing--10);padding-right:1rem;padding-bottom:var(--wp--preset--spacing--10);padding-left:1rem\">\n<div class=\"wp-block-group is-nowrap is-layout-flex wp-container-core-group-is-layout-513c09f2 wp-block-group-is-layout-flex gt-fse-widgets-ctv-open-product\">\n<figure class=\"wp-block-image size-full is-resized wp-duotone-ededa9-ccc-50 gt-fse-widgets-ctv-open-product\"><img decoding=\"async\" width=\"300\" height=\"300\" src=\"https:\/\/www.camping2laplage.com\/wp-content\/uploads\/2025\/07\/personnes.webp\" alt=\"personnes\" class=\"wp-image-1020 gt-fse-widgets-ctv-open-product\" style=\"width:25px\" srcset=\"https:\/\/www.camping2laplage.com\/wp-content\/uploads\/2025\/07\/personnes.webp 300w, https:\/\/www.camping2laplage.com\/wp-content\/uploads\/2025\/07\/personnes-150x150.webp 150w\" sizes=\"(max-width: 300px) 100vw, 300px\" \/><\/figure>\n\n\n<div class=\"taxonomy-gt-hebergements-nombre-personnes has-link-color wp-elements-f7c87e54e38b0809136675ff6bf5c315 wp-block-post-terms has-text-color has-base-2-color has-medium-font-size has-roboto-font-family gt-fse-widgets-ctv-open-product\"><span class=\"gt-fse-widgets-ctv-open-product\">6<\/span><\/div>\n\n\n<p class=\"has-base-2-color has-text-color has-link-color has-medium-font-size wp-elements-ed300d43f37d8c22950d8ef97712d50f gt-fse-widgets-ctv-open-product\">Pers.<\/p>\n<\/div>\n\n\n\n<div class=\"wp-block-group is-nowrap is-layout-flex wp-container-core-group-is-layout-89a94f6a wp-block-group-is-layout-flex gt-fse-widgets-ctv-open-product\">\n<figure class=\"wp-block-image size-full is-resized wp-duotone-ededa9-ffffff-51 gt-fse-widgets-ctv-open-product\"><img decoding=\"async\" width=\"512\" height=\"512\" src=\"https:\/\/www.camping2laplage.com\/wp-content\/uploads\/2025\/07\/chambre.webp\" alt=\"chambre\" class=\"wp-image-1024 gt-fse-widgets-ctv-open-product\" style=\"width:25px\" srcset=\"https:\/\/www.camping2laplage.com\/wp-content\/uploads\/2025\/07\/chambre.webp 512w, https:\/\/www.camping2laplage.com\/wp-content\/uploads\/2025\/07\/chambre-300x300.webp 300w, https:\/\/www.camping2laplage.com\/wp-content\/uploads\/2025\/07\/chambre-150x150.webp 150w\" sizes=\"(max-width: 512px) 100vw, 512px\" \/><\/figure>\n\n\n<div class=\"taxonomy-gt-hebergements-nombre-chambres has-link-color wp-elements-9ef64b592c523db51bc710735ecf05b9 wp-block-post-terms has-text-color has-base-2-color has-medium-font-size has-roboto-font-family gt-fse-widgets-ctv-open-product\"><span class=\"gt-fse-widgets-ctv-open-product\">3<\/span><\/div>\n\n\n<p class=\"has-base-2-color has-text-color has-link-color has-medium-font-size wp-elements-9a187f19e657d0a1a7cff608aeff72a2 gt-fse-widgets-ctv-open-product\">ch.<\/p>\n<\/div>\n\n\n\n<div class=\"wp-block-group is-nowrap is-layout-flex wp-container-core-group-is-layout-89a94f6a wp-block-group-is-layout-flex gt-fse-widgets-ctv-open-product\">\n<figure class=\"wp-block-image size-full is-resized wp-duotone-ededa9-ffffff-52 gt-fse-widgets-ctv-open-product\"><img decoding=\"async\" width=\"300\" height=\"300\" src=\"https:\/\/www.camping2laplage.com\/wp-content\/uploads\/2025\/07\/surface.webp\" alt=\"surface\" class=\"wp-image-1028 gt-fse-widgets-ctv-open-product\" style=\"width:25px\" srcset=\"https:\/\/www.camping2laplage.com\/wp-content\/uploads\/2025\/07\/surface.webp 300w, https:\/\/www.camping2laplage.com\/wp-content\/uploads\/2025\/07\/surface-150x150.webp 150w\" sizes=\"(max-width: 300px) 100vw, 300px\" \/><\/figure>\n\n\n<div class=\"taxonomy-gt-hebergements-superficie has-link-color wp-elements-cafe8390f833754c2c2fbce3d1413350 wp-block-post-terms has-text-color has-base-2-color has-medium-font-size has-roboto-font-family gt-fse-widgets-ctv-open-product\"><span class=\"gt-fse-widgets-ctv-open-product\">35<\/span><\/div>\n\n\n<p class=\"has-base-2-color has-text-color has-link-color has-medium-font-size wp-elements-cf28bc533e0468d76b0d039beb27e42a gt-fse-widgets-ctv-open-product\">m\u00b2<\/p>\n<\/div>\n<\/div>\n<\/div><\/div>\n<\/div>\n\n<\/li><li data-gt-Thelis-product-id=\"\" data-gt-bathrooms=\"22\" data-gt-campings=\"\" data-gt-capacities=\"30\" data-gt-ctv-product-id=\"95843\" data-gt-gammes=\"\" data-gt-options=\"\" data-gt-rooms=\"20\" data-gt-superficies=\"25\" data-gt-types=\"17\" data-wp-key=\"post-template-item-2532\" class=\"wp-block-post post-2532 hebergement type-hebergement status-publish has-post-thumbnail hentry gt-hebergements-types-location gt-hebergements-nombre-personnes-30 gt-hebergements-nombre-chambres-20 gt-hebergements-nombre-sdb-22 gt-hebergements-superficie-25 gt-fse-widgets-ctv-open-product\">\n\n<div class=\"wp-block-group gt-hebergement-wrap has-global-padding is-layout-constrained wp-block-group-is-layout-constrained gt-fse-widgets-ctv-open-product\" style=\"margin-top:0px\">\n<div data-swiper=\"{&quot;speed&quot;:1000,&quot;autoplay&quot;:{&quot;delay&quot;:5000,&quot;disableOnInteraction&quot;:false},&quot;spaceBetween&quot;:0,&quot;slidesPerView&quot;:1,&quot;pagination&quot;:{&quot;el&quot;:&quot;.swiper-pagination&quot;,&quot;dynamicBullets&quot;:true,&quot;clickable&quot;:true,&quot;type&quot;:&quot;bullets&quot;},&quot;navigation&quot;:{&quot;nextEl&quot;:&quot;.swiper-button-next&quot;,&quot;prevEl&quot;:&quot;.swiper-button-prev&quot;},&quot;breakpoints&quot;:[{&quot;slidesPerView&quot;:1}]}\" class=\"wp-block-cover has-custom-content-position is-position-bottom-center hebergement-featured-image gt-fse-widgets-ctv-open-product\" style=\"border-radius:25px;padding-top:0px;padding-right:0px;padding-bottom:0px;padding-left:0px;min-height:430px;aspect-ratio:unset;\"><span aria-hidden=\"true\" class=\"wp-block-cover__background has-background-dim-80 has-background-dim has-background-gradient gt-fse-widgets-ctv-open-product\" style=\"background:linear-gradient(0deg,rgb(0,0,0) 26%,rgba(0,0,0,0) 42%)\"><\/span><img decoding=\"async\" width=\"1176\" height=\"882\" src=\"https:\/\/www.camping2laplage.com\/wp-content\/uploads\/2025\/08\/tente.jpg\" class=\"wp-block-cover__image-background wp-post-image gt-fse-widgets-ctv-open-product\" alt=\"Tent\" data-object-fit=\"cover\" srcset=\"https:\/\/www.camping2laplage.com\/wp-content\/uploads\/2025\/08\/tente.jpg 1176w, https:\/\/www.camping2laplage.com\/wp-content\/uploads\/2025\/08\/tente-300x225.jpg 300w, https:\/\/www.camping2laplage.com\/wp-content\/uploads\/2025\/08\/tente-1024x768.jpg 1024w, https:\/\/www.camping2laplage.com\/wp-content\/uploads\/2025\/08\/tente-768x576.jpg 768w\" sizes=\"(max-width: 1176px) 100vw, 1176px\" \/><div class=\"wp-block-cover__inner-container has-global-padding is-layout-constrained wp-container-core-cover-is-layout-f5c98baf wp-block-cover-is-layout-constrained gt-fse-widgets-ctv-open-product\">\n<div class=\"wp-block-group titre-fleche is-nowrap is-layout-flex wp-container-core-group-is-layout-6c531013 wp-block-group-is-layout-flex gt-fse-widgets-ctv-open-product\">\n<p class=\"has-text-align-left hebergement-title gt-btn-arrow has-base-2-color has-text-color has-link-color has-basteleur-font-family wp-elements-9c563c41f13d6fedd8c90588c141348d gt-fse-widgets-ctv-open-product\" style=\"padding-right:0;padding-left:1.5rem;font-size:clamp(18.959px, 1.185rem + ((1vw - 3.2px) * 0.657), 30px);font-style:normal;font-weight:700;text-transform:uppercase\">20 m\u00b2 Trapper Tent<\/p>\n\n\n\n<figure class=\"wp-block-image size-large is-resized fleche wp-duotone-rgb255255255-ccc-53 gt-fse-widgets-ctv-open-product\"><img decoding=\"async\" width=\"17\" height=\"12\" src=\"https:\/\/www.camping2laplage.com\/wp-content\/uploads\/2025\/07\/arrows-btn.svg\" alt=\"arrows btn\" class=\"wp-image-176 gt-fse-widgets-ctv-open-product\" style=\"object-fit:contain;width:15px;height:15px\"\/><\/figure>\n<\/div>\n\n\n\n<div class=\"wp-block-group alignfull hebergement-icons has-custom-rouge-background-color has-background is-content-justification-center is-nowrap is-layout-flex wp-container-core-group-is-layout-4e3a5801 wp-block-group-is-layout-flex gt-fse-widgets-ctv-open-product\" style=\"padding-top:var(--wp--preset--spacing--10);padding-right:1rem;padding-bottom:var(--wp--preset--spacing--10);padding-left:1rem\">\n<div class=\"wp-block-group is-nowrap is-layout-flex wp-container-core-group-is-layout-513c09f2 wp-block-group-is-layout-flex gt-fse-widgets-ctv-open-product\">\n<figure class=\"wp-block-image size-full is-resized wp-duotone-ededa9-ccc-54 gt-fse-widgets-ctv-open-product\"><img decoding=\"async\" width=\"300\" height=\"300\" src=\"https:\/\/www.camping2laplage.com\/wp-content\/uploads\/2025\/07\/personnes.webp\" alt=\"personnes\" class=\"wp-image-1020 gt-fse-widgets-ctv-open-product\" style=\"width:25px\" srcset=\"https:\/\/www.camping2laplage.com\/wp-content\/uploads\/2025\/07\/personnes.webp 300w, https:\/\/www.camping2laplage.com\/wp-content\/uploads\/2025\/07\/personnes-150x150.webp 150w\" sizes=\"(max-width: 300px) 100vw, 300px\" \/><\/figure>\n\n\n<div class=\"taxonomy-gt-hebergements-nombre-personnes has-link-color wp-elements-f7c87e54e38b0809136675ff6bf5c315 wp-block-post-terms has-text-color has-base-2-color has-medium-font-size has-roboto-font-family gt-fse-widgets-ctv-open-product\"><span class=\"gt-fse-widgets-ctv-open-product\">5<\/span><\/div>\n\n\n<p class=\"has-base-2-color has-text-color has-link-color has-medium-font-size wp-elements-ed300d43f37d8c22950d8ef97712d50f gt-fse-widgets-ctv-open-product\">Pers.<\/p>\n<\/div>\n\n\n\n<div class=\"wp-block-group is-nowrap is-layout-flex wp-container-core-group-is-layout-89a94f6a wp-block-group-is-layout-flex gt-fse-widgets-ctv-open-product\">\n<figure class=\"wp-block-image size-full is-resized wp-duotone-ededa9-ffffff-55 gt-fse-widgets-ctv-open-product\"><img decoding=\"async\" width=\"512\" height=\"512\" src=\"https:\/\/www.camping2laplage.com\/wp-content\/uploads\/2025\/07\/chambre.webp\" alt=\"chambre\" class=\"wp-image-1024 gt-fse-widgets-ctv-open-product\" style=\"width:25px\" srcset=\"https:\/\/www.camping2laplage.com\/wp-content\/uploads\/2025\/07\/chambre.webp 512w, https:\/\/www.camping2laplage.com\/wp-content\/uploads\/2025\/07\/chambre-300x300.webp 300w, https:\/\/www.camping2laplage.com\/wp-content\/uploads\/2025\/07\/chambre-150x150.webp 150w\" sizes=\"(max-width: 512px) 100vw, 512px\" \/><\/figure>\n\n\n<div class=\"taxonomy-gt-hebergements-nombre-chambres has-link-color wp-elements-9ef64b592c523db51bc710735ecf05b9 wp-block-post-terms has-text-color has-base-2-color has-medium-font-size has-roboto-font-family gt-fse-widgets-ctv-open-product\"><span class=\"gt-fse-widgets-ctv-open-product\">2<\/span><\/div>\n\n\n<p class=\"has-base-2-color has-text-color has-link-color has-medium-font-size wp-elements-9a187f19e657d0a1a7cff608aeff72a2 gt-fse-widgets-ctv-open-product\">ch.<\/p>\n<\/div>\n\n\n\n<div class=\"wp-block-group is-nowrap is-layout-flex wp-container-core-group-is-layout-89a94f6a wp-block-group-is-layout-flex gt-fse-widgets-ctv-open-product\">\n<figure class=\"wp-block-image size-full is-resized wp-duotone-ededa9-ffffff-56 gt-fse-widgets-ctv-open-product\"><img decoding=\"async\" width=\"300\" height=\"300\" src=\"https:\/\/www.camping2laplage.com\/wp-content\/uploads\/2025\/07\/surface.webp\" alt=\"surface\" class=\"wp-image-1028 gt-fse-widgets-ctv-open-product\" style=\"width:25px\" srcset=\"https:\/\/www.camping2laplage.com\/wp-content\/uploads\/2025\/07\/surface.webp 300w, https:\/\/www.camping2laplage.com\/wp-content\/uploads\/2025\/07\/surface-150x150.webp 150w\" sizes=\"(max-width: 300px) 100vw, 300px\" \/><\/figure>\n\n\n<div class=\"taxonomy-gt-hebergements-superficie has-link-color wp-elements-cafe8390f833754c2c2fbce3d1413350 wp-block-post-terms has-text-color has-base-2-color has-medium-font-size has-roboto-font-family gt-fse-widgets-ctv-open-product\"><span class=\"gt-fse-widgets-ctv-open-product\">20<\/span><\/div>\n\n\n<p class=\"has-base-2-color has-text-color has-link-color has-medium-font-size wp-elements-cf28bc533e0468d76b0d039beb27e42a gt-fse-widgets-ctv-open-product\">m\u00b2<\/p>\n<\/div>\n<\/div>\n<\/div><\/div>\n<\/div>\n\n<\/li><\/ul><\/div>\n<\/div>\n\n<div id=\"gt_1-cta-svg_001\" class=\"wp-block-group has-global-padding is-layout-constrained wp-block-group-is-layout-constrained\">\n<div class=\"wp-block-columns are-vertically-aligned-center is-layout-flex wp-container-core-columns-is-layout-9b24e0e0 wp-block-columns-is-layout-flex\">\n<div class=\"wp-block-column is-vertically-aligned-center animated slideInUp is-layout-flow wp-block-column-is-layout-flow\" id=\"content\">\n<h2 class=\"wp-block-heading has-custom-rouge-color has-text-color has-link-color wp-elements-603de24bdd94a5ea52cfb3cf5ad5bcfd\">Your best-value accommodation awaits you near Grenoble<\/h2>\n\n\n\n<p>Welcome to our campsite in Is\u00e8re! <\/p>\n\n\n\n<p>At Camping de la Plage, you&#8217;ll find a wide choice of comfortable accommodations and pitches at <strong>low<\/strong> prices, for the <strong>best value-for-money stay<\/strong> near Grenoble.<br\/><\/p>\n\n\n\n<p>The tourist tax is intended to promote and improve tourist facilities in the Tri\u00e8ves. We collect it on behalf of the communaut\u00e9 de communes and the d\u00e9partement. It amounts to \u20ac0.30 per person over 18 per night, in addition to the price of your stay.  <\/p>\n\n\n\n<p>When you arrive after 3 p.m., an inventory of fixtures will be drawn up and you will be asked to pay a deposit (cheque or credit card). Similarly, on departure, before 10 a.m., an inventory of fixtures will be carried out. At the time of booking, you will be asked to pay a deposit of 30% of your stay.  <\/p>\n<\/div>\n\n\n\n<div class=\"wp-block-column is-vertically-aligned-center is-layout-flow wp-block-column-is-layout-flow\" id=\"image\">\n<div data-swiper=\"{&quot;speed&quot;:400,&quot;spaceBetween&quot;:16,&quot;slidesPerView&quot;:3,&quot;createElements&quot;:true,&quot;loop&quot;:true,&quot;freemode&quot;:true,&quot;navigation&quot;:{&quot;nextEl&quot;:&quot;buttonNext&quot;,&quot;prevEl&quot;:&quot;buttonPrev&quot;},&quot;breakpoints&quot;:[{&quot;slidesPerView&quot;:1}]}\" class=\"wp-block-group gt-is-slider gt-is-slider-desktop has-global-padding is-layout-constrained wp-block-group-is-layout-constrained\">\n<figure class=\"wp-block-image size-full has-custom-border\"><img decoding=\"async\" width=\"825\" height=\"550\" src=\"https:\/\/www.camping2laplage.com\/wp-content\/uploads\/2025\/08\/location-mobilhome-dans-le-vercors.webp\" alt=\"mobilhome rental in the vercors\" class=\"wp-image-1798\" style=\"border-radius:25px\" srcset=\"https:\/\/www.camping2laplage.com\/wp-content\/uploads\/2025\/08\/location-mobilhome-dans-le-vercors.webp 825w, https:\/\/www.camping2laplage.com\/wp-content\/uploads\/2025\/08\/location-mobilhome-dans-le-vercors-300x200.webp 300w, https:\/\/www.camping2laplage.com\/wp-content\/uploads\/2025\/08\/location-mobilhome-dans-le-vercors-768x512.webp 768w\" sizes=\"(max-width: 825px) 100vw, 825px\" \/><\/figure>\n\n\n\n<figure class=\"wp-block-image size-full has-custom-border\"><img decoding=\"async\" width=\"825\" height=\"550\" src=\"https:\/\/www.camping2laplage.com\/wp-content\/uploads\/2025\/08\/mobil-home-avec-spa.webp\" alt=\"Mobile home with spa\" class=\"wp-image-1802\" style=\"border-radius:25px\" srcset=\"https:\/\/www.camping2laplage.com\/wp-content\/uploads\/2025\/08\/mobil-home-avec-spa.webp 825w, https:\/\/www.camping2laplage.com\/wp-content\/uploads\/2025\/08\/mobil-home-avec-spa-300x200.webp 300w, https:\/\/www.camping2laplage.com\/wp-content\/uploads\/2025\/08\/mobil-home-avec-spa-768x512.webp 768w\" sizes=\"(max-width: 825px) 100vw, 825px\" \/><\/figure>\n<\/div>\n<\/div>\n<\/div>\n<\/div>\n\n<div style=\"height:100px\" aria-hidden=\"true\" class=\"wp-block-spacer gt-hide-mobile\"><\/div>\n\n<div id=\"gt_3-ctafull_001\" class=\"wp-block-group has-global-padding is-layout-constrained wp-container-core-group-is-layout-12243e0f wp-block-group-is-layout-constrained\">\n<div id=\"slider-images\" class=\"wp-block-group has-global-padding is-layout-constrained wp-container-core-group-is-layout-e555385e wp-block-group-is-layout-constrained\">\n<div data-swiper=\"{&quot;speed&quot;:1000,&quot;autoplay&quot;:{&quot;delay&quot;:5000,&quot;disableOnInteraction&quot;:false},&quot;spaceBetween&quot;:0,&quot;slidesPerView&quot;:1,&quot;pagination&quot;:{&quot;el&quot;:&quot;.swiper-pagination&quot;,&quot;dynamicBullets&quot;:true,&quot;clickable&quot;:true,&quot;type&quot;:&quot;bullets&quot;},&quot;navigation&quot;:{&quot;nextEl&quot;:&quot;.swiper-button-next&quot;,&quot;prevEl&quot;:&quot;.swiper-button-prev&quot;},&quot;breakpoints&quot;:[{&quot;slidesPerView&quot;:1}]}\" class=\"wp-block-cover\"><img decoding=\"async\" width=\"1024\" height=\"512\" class=\"wp-block-cover__image-background wp-image-1782 size-large\" alt=\"camping dans le vercors\" src=\"https:\/\/www.camping2laplage.com\/wp-content\/uploads\/2025\/08\/camping-dans-le-vercors-1024x512.webp\" data-object-fit=\"cover\" srcset=\"https:\/\/www.camping2laplage.com\/wp-content\/uploads\/2025\/08\/camping-dans-le-vercors-1024x512.webp 1024w, https:\/\/www.camping2laplage.com\/wp-content\/uploads\/2025\/08\/camping-dans-le-vercors-300x150.webp 300w, https:\/\/www.camping2laplage.com\/wp-content\/uploads\/2025\/08\/camping-dans-le-vercors-768x384.webp 768w, https:\/\/www.camping2laplage.com\/wp-content\/uploads\/2025\/08\/camping-dans-le-vercors-1536x768.webp 1536w, https:\/\/www.camping2laplage.com\/wp-content\/uploads\/2025\/08\/camping-dans-le-vercors.webp 1920w\" sizes=\"(max-width: 1024px) 100vw, 1024px\" \/><span aria-hidden=\"true\" class=\"wp-block-cover__background has-background-dim\"><\/span><div class=\"wp-block-cover__inner-container has-global-padding is-layout-constrained wp-block-cover-is-layout-constrained\">\n<p class=\"has-text-align-center has-large-font-size\"><\/p>\n<\/div><\/div>\n<\/div>\n\n\n\n<div class=\"wp-block-columns has-custom-rouge-background-color has-background is-layout-flex wp-container-core-columns-is-layout-6ea349a3 wp-block-columns-is-layout-flex\" id=\"content\" style=\"padding-top:6em;padding-right:10em;padding-bottom:6em;padding-left:10em\">\n<div class=\"wp-block-column col-content is-layout-flow wp-block-column-is-layout-flow\" style=\"flex-basis:100%\">\n<h2 class=\"wp-block-heading has-text-align-left has-base-2-color has-text-color has-link-color wp-elements-eaa5703fb45ff5d40e182089dae64ec3\">Offers and promotions for your stay in Is\u00e8re<\/h2>\n\n\n\n<p class=\"has-text-align-left has-base-2-color has-text-color has-link-color wp-elements-18bc71c1b24966ee7defcf5ce68f8a03\"><strong>Best rates:<\/strong> at our <a href=\"https:\/\/www.camping2laplage.com\/en\/\" data-type=\"page\" data-id=\"5\">campsite near Grenoble<\/a>, the best rates are guaranteed to <strong>those who book early<\/strong>. No last-minute promotions. Don&#8217;t wait any longer!  <\/p>\n\n\n\n<p class=\"has-text-align-left has-base-2-color has-text-color has-link-color wp-elements-8e9e95b0d641dafaaf665617d4f8073a\">Prices are subject to change. The campsite reserves the right to change prices at any time. Stays will be invoiced on the basis of the rates in force on the <strong>day of booking<\/strong>, subject to availability. We advise you to check the applicable rate by contacting the campsite directly. Offers and promotions are not retroactive and cannot be combined.    <\/p>\n<\/div>\n<\/div>\n<\/div>\n\n<div style=\"height:100px\" aria-hidden=\"true\" class=\"wp-block-spacer gt-hide-mobile\"><\/div>\n\n<div id=\"gt_1-cta-svg_001\" class=\"wp-block-group has-global-padding is-layout-constrained wp-block-group-is-layout-constrained\">\n<div class=\"wp-block-columns are-vertically-aligned-center is-layout-flex wp-container-core-columns-is-layout-9b24e0e0 wp-block-columns-is-layout-flex\">\n<div class=\"wp-block-column is-vertically-aligned-center is-layout-flow wp-block-column-is-layout-flow\" id=\"image\">\n<div data-swiper=\"{&quot;speed&quot;:400,&quot;spaceBetween&quot;:16,&quot;slidesPerView&quot;:3,&quot;createElements&quot;:true,&quot;loop&quot;:true,&quot;freemode&quot;:true,&quot;navigation&quot;:{&quot;nextEl&quot;:&quot;buttonNext&quot;,&quot;prevEl&quot;:&quot;buttonPrev&quot;},&quot;breakpoints&quot;:[{&quot;slidesPerView&quot;:1}]}\" class=\"wp-block-group gt-is-slider gt-is-slider-desktop has-global-padding is-layout-constrained wp-block-group-is-layout-constrained\">\n<figure class=\"wp-block-image size-full has-custom-border\"><img decoding=\"async\" width=\"825\" height=\"550\" src=\"https:\/\/www.camping2laplage.com\/wp-content\/uploads\/2025\/08\/location-mobil-home-en-isere.webp\" alt=\"Rental mobile home en isere\" class=\"wp-image-1790\" style=\"border-radius:25px\" srcset=\"https:\/\/www.camping2laplage.com\/wp-content\/uploads\/2025\/08\/location-mobil-home-en-isere.webp 825w, https:\/\/www.camping2laplage.com\/wp-content\/uploads\/2025\/08\/location-mobil-home-en-isere-300x200.webp 300w, https:\/\/www.camping2laplage.com\/wp-content\/uploads\/2025\/08\/location-mobil-home-en-isere-768x512.webp 768w\" sizes=\"(max-width: 825px) 100vw, 825px\" \/><\/figure>\n\n\n\n<figure class=\"wp-block-image size-full has-custom-border\"><img decoding=\"async\" width=\"825\" height=\"550\" src=\"https:\/\/www.camping2laplage.com\/wp-content\/uploads\/2025\/08\/emplacements-dans-le-vercors.webp\" alt=\"pitches in the vercors\" class=\"wp-image-1786\" style=\"border-radius:25px\" srcset=\"https:\/\/www.camping2laplage.com\/wp-content\/uploads\/2025\/08\/emplacements-dans-le-vercors.webp 825w, https:\/\/www.camping2laplage.com\/wp-content\/uploads\/2025\/08\/emplacements-dans-le-vercors-300x200.webp 300w, https:\/\/www.camping2laplage.com\/wp-content\/uploads\/2025\/08\/emplacements-dans-le-vercors-768x512.webp 768w\" sizes=\"(max-width: 825px) 100vw, 825px\" \/><\/figure>\n<\/div>\n<\/div>\n\n\n\n<div class=\"wp-block-column is-vertically-aligned-center animated slideInUp is-layout-flow wp-block-column-is-layout-flow\" id=\"content\">\n<h2 class=\"wp-block-heading has-custom-rouge-color has-text-color has-link-color wp-elements-a993460af249736176ff04dd62fd436f\">Booking direct: guaranteed value for money!<\/h2>\n\n\n\n<p>Our campsite does not use intermediaries to manage the <a href=\"https:\/\/www.camping2laplage.com\/en\/mobile-home-rentals-treffort\/\" data-type=\"page\" data-id=\"10\">rental of our Accommodation in Is\u00e8re<\/a>. Beware of scams. All bookings are made <strong>on our website<\/strong>, via Booking or by telephone on +33(0)4 76 34 06 31.   <\/p>\n\n\n\n<p>Available accommodations and <a href=\"https:\/\/www.camping2laplage.com\/en\/pitch-rental-treffort\/\" data-type=\"page\" data-id=\"11\">pitches for rent near Grenoble<\/a> are updated in real time, so you can easily find the booking that meets your criteria. If you have any questions, please feel free to <a href=\"https:\/\/www.camping2laplage.com\/en\/contact-access-treffort\/\" data-type=\"page\" data-id=\"22\">use the contact form<\/a>, or give us a call.<\/p>\n<\/div>\n<\/div>\n<\/div>\n\n<div style=\"height:100px\" aria-hidden=\"true\" class=\"wp-block-spacer gt-hide-mobile\"><\/div>\n\n<div class=\"wp-block-group content-alone has-global-padding is-layout-constrained wp-container-core-group-is-layout-146f470a wp-block-group-is-layout-constrained\" style=\"padding-right:10em;padding-left:10em\">\n<h2 class=\"wp-block-heading has-custom-rouge-color has-text-color has-link-color wp-elements-8acc28da31069234fd2e71022248d1ce\">Practical information for budget holidays near Grenoble<\/h2>\n\n\n\n<p>We suggest you pick up your pitch <strong>from 2pm<\/strong> and leave it by 12pm on the day of your departure. A 30% deposit is required for all Bookings. We accept credit cards, bank transfers, cheques and cash. <strong>Vacation vouchers<\/strong> are accepted up to a limit of 50% of the total cost of the stay.   <\/p>\n<\/div>\n\n<div style=\"height:100px\" aria-hidden=\"true\" class=\"wp-block-spacer gt-hide-mobile\"><\/div>\n\n<section class=\"wp-block-group alignfull bloc-maillage has-global-padding is-layout-constrained wp-container-core-group-is-layout-6131d34a wp-block-group-is-layout-constrained\" style=\"margin-top:0px;margin-bottom:0px;padding-top:10rem;padding-right:0;padding-bottom:10rem;padding-left:0rem\">\n<p class=\"has-text-align-center has-custom-rouge-color has-text-color has-link-color has-basteleur-font-family wp-elements-dc0a17903d8516e72d5a630a350329e4\" style=\"font-size:clamp(2.2rem, 2.2rem + ((1vw - 0.2rem) * 1.714), 4rem);\">Discover<\/p>\n\n\n\n<p class=\"has-text-align-center has-custom-rouge-color has-text-color has-link-color has-basteleur-font-family wp-elements-0db73bb93c577000691b6035b3cd4859\" style=\"font-size:clamp(1.25rem, 1.25rem + ((1vw - 0.2rem) * 0.714), 2rem);\">our campsite, our services and the lake<\/p>\n\n\n\n<div class=\"wp-block-group maillage is-layout-flow wp-block-group-is-layout-flow\">\n<div class=\"wp-block-query alignfull is-layout-flow wp-block-query-is-layout-flow\"><ul class=\"columns-3 wp-block-post-template is-layout-grid wp-container-core-post-template-is-layout-572542b5 wp-block-post-template-is-layout-grid\"><li class=\"wp-block-post post-2493 page type-page status-publish has-post-thumbnail hentry\">\n\n<div class=\"wp-block-group overflow-hidden gt-maillage has-global-padding is-layout-constrained wp-block-group-is-layout-constrained\">\n<figure class=\"wp-block-image gt-maillage__image\"><img decoding=\"async\" src=\"https:\/\/www.camping2laplage.com\/wp-content\/uploads\/2025\/08\/lac-alpes-1.jpg\" alt=\"lake alpes\" style=\"aspect-ratio:3\/4;object-fit:cover\"\/><\/figure>\n\n\n\n<p class=\"has-text-align-right gt-maillage__title gt-btn-arrow has-base-2-color has-text-color has-link-color has-basteleur-font-family wp-elements-5851ac654ece7c734572285f86f288d5\" style=\"border-right-style:none;border-right-width:0px;border-bottom-style:none;border-bottom-width:0px;padding-right:1rem;font-size:clamp(1.743rem, 1.743rem + ((1vw - 0.2rem) * 1.197), 3rem);font-style:normal;font-weight:300;text-transform:none\">Lake &amp; nautical center<\/p>\n\n\n<a class=\"is-style-lien-cover wp-block-read-more\" href=\"https:\/\/www.camping2laplage.com\/en\/lakeside-campsite-nautical-center-treffort\/\" target=\"_self\">Read more<span class=\"screen-reader-text\">: Lake &amp; nautical center<\/span><\/a><\/div>\n\n<\/li><li class=\"wp-block-post post-2503 page type-page status-publish has-post-thumbnail hentry\">\n\n<div class=\"wp-block-group overflow-hidden gt-maillage has-global-padding is-layout-constrained wp-block-group-is-layout-constrained\">\n<figure class=\"wp-block-image gt-maillage__image\"><img decoding=\"async\" src=\"https:\/\/www.camping2laplage.com\/wp-content\/uploads\/2025\/07\/camping-profiter-du-snacking-1.webp\" alt=\"Services\" style=\"aspect-ratio:3\/4;object-fit:cover\"\/><\/figure>\n\n\n\n<p class=\"has-text-align-right gt-maillage__title gt-btn-arrow has-base-2-color has-text-color has-link-color has-basteleur-font-family wp-elements-5851ac654ece7c734572285f86f288d5\" style=\"border-right-style:none;border-right-width:0px;border-bottom-style:none;border-bottom-width:0px;padding-right:1rem;font-size:clamp(1.743rem, 1.743rem + ((1vw - 0.2rem) * 1.197), 3rem);font-style:normal;font-weight:300;text-transform:none\">Services<\/p>\n\n\n<a class=\"is-style-lien-cover wp-block-read-more\" href=\"https:\/\/www.camping2laplage.com\/en\/campsite-services-treffort\/\" target=\"_self\">Read more<span class=\"screen-reader-text\">: Services<\/span><\/a><\/div>\n\n<\/li><li class=\"wp-block-post post-2505 page type-page status-publish has-post-thumbnail hentry\">\n\n<div class=\"wp-block-group overflow-hidden gt-maillage has-global-padding is-layout-constrained wp-block-group-is-layout-constrained\">\n<figure class=\"wp-block-image gt-maillage__image\"><img decoding=\"async\" src=\"https:\/\/www.camping2laplage.com\/wp-content\/uploads\/2025\/08\/location-vacances-isere.jpg\" alt=\"Presentation\" style=\"aspect-ratio:3\/4;object-fit:cover\"\/><\/figure>\n\n\n\n<p class=\"has-text-align-right gt-maillage__title gt-btn-arrow has-base-2-color has-text-color has-link-color has-basteleur-font-family wp-elements-5851ac654ece7c734572285f86f288d5\" style=\"border-right-style:none;border-right-width:0px;border-bottom-style:none;border-bottom-width:0px;padding-right:1rem;font-size:clamp(1.743rem, 1.743rem + ((1vw - 0.2rem) * 1.197), 3rem);font-style:normal;font-weight:300;text-transform:none\">Presentation<\/p>\n\n\n<a class=\"is-style-lien-cover wp-block-read-more\" href=\"https:\/\/www.camping2laplage.com\/en\/campsite-treffort\/\" target=\"_self\">Read more<span class=\"screen-reader-text\">: Presentation<\/span><\/a><\/div>\n\n<\/li><\/ul><\/div>\n<\/div>\n<\/section>\n","protected":false},"excerpt":{"rendered":"<p>Camping 2 la plage &gt; Camping at the best price in Is\u00e8re Your best-value accommodation awaits you near Grenoble Welcome to our campsite in Is\u00e8re! At Camping de la Plage, you&#8217;ll find a wide choice of comfortable accommodations and pitches at low prices, for the best value-for-money stay near Grenoble. The tourist tax is intended [&hellip;]<\/p>\n","protected":false},"author":1,"featured_media":2150,"parent":0,"menu_order":0,"comment_status":"closed","ping_status":"closed","template":"","meta":{"_acf_changed":false,"_seopress_robots_primary_cat":"","_seopress_titles_title":"Camping best price Is\u00e8re | Camping with offers near Grenoble","_seopress_titles_desc":"Rates and booking: Camping de la Plage, find out all the rates for our Camping pitches, Chalets, Mobile homes and Tents and book online!","_seopress_robots_index":"","_gt_ctv_global_id":"","_gt_ctv_id_group":false,"inline_featured_image":false,"gt_fse_maillage_image":"https:\/\/www.camping2laplage.com\/wp-content\/uploads\/2025\/08\/location-mobil-home-vercors.webp","gt_fse_maillage_titre":"Rates and offers","gt_fse_maillage_alt":"Rates and offers","gt_fse_maillage_resume":"","footnotes":""},"categories":[],"tags":[],"class_list":["post-2442","page","type-page","status-publish","has-post-thumbnail","hentry"],"acf":[],"_links":{"self":[{"href":"https:\/\/www.camping2laplage.com\/en\/wp-json\/wp\/v2\/pages\/2442","targetHints":{"allow":["GET"]}}],"collection":[{"href":"https:\/\/www.camping2laplage.com\/en\/wp-json\/wp\/v2\/pages"}],"about":[{"href":"https:\/\/www.camping2laplage.com\/en\/wp-json\/wp\/v2\/types\/page"}],"author":[{"embeddable":true,"href":"https:\/\/www.camping2laplage.com\/en\/wp-json\/wp\/v2\/users\/1"}],"replies":[{"embeddable":true,"href":"https:\/\/www.camping2laplage.com\/en\/wp-json\/wp\/v2\/comments?post=2442"}],"version-history":[{"count":5,"href":"https:\/\/www.camping2laplage.com\/en\/wp-json\/wp\/v2\/pages\/2442\/revisions"}],"predecessor-version":[{"id":3021,"href":"https:\/\/www.camping2laplage.com\/en\/wp-json\/wp\/v2\/pages\/2442\/revisions\/3021"}],"wp:featuredmedia":[{"embeddable":true,"href":"https:\/\/www.camping2laplage.com\/en\/wp-json\/wp\/v2\/media\/2150"}],"wp:attachment":[{"href":"https:\/\/www.camping2laplage.com\/en\/wp-json\/wp\/v2\/media?parent=2442"}],"wp:term":[{"taxonomy":"category","embeddable":true,"href":"https:\/\/www.camping2laplage.com\/en\/wp-json\/wp\/v2\/categories?post=2442"},{"taxonomy":"post_tag","embeddable":true,"href":"https:\/\/www.camping2laplage.com\/en\/wp-json\/wp\/v2\/tags?post=2442"}],"curies":[{"name":"wp","href":"https:\/\/api.w.org\/{rel}","templated":true}]}}