{"id":2505,"date":"2025-07-09T13:14:46","date_gmt":"2025-07-09T11:14:46","guid":{"rendered":"https:\/\/www.camping2laplage.com\/camping-treffort\/"},"modified":"2025-09-29T11:09:01","modified_gmt":"2025-09-29T09:09:01","slug":"campsite-treffort","status":"publish","type":"page","link":"https:\/\/www.camping2laplage.com\/en\/campsite-treffort\/","title":{"rendered":"Presentation"},"content":{"rendered":"\n<div id=\"titre-fil\" class=\"wp-block-group is-vertical is-content-justification-center is-layout-flex wp-container-core-group-is-layout-3fb1c651 wp-block-group-is-layout-flex\" style=\"padding-right:20%;padding-left:20%\">\n<div class=\"wp-block-group is-horizontal is-layout-flex wp-container-core-group-is-layout-048c9698 wp-block-group-is-layout-flex\">\n<p class=\"has-text-align-center has-custom-rouge-color has-text-color has-link-color wp-elements-e778e1b5504a045bf9d97c0daac69c75\" style=\"font-style:normal;font-weight:400;letter-spacing:2px\"><a href=\"https:\/\/www.camping2laplage.com\/en\/\" data-type=\"page\" data-id=\"5\">Camping 2 la plage<\/a> &gt;<\/p>\n\n\n<p class=\"has-text-align-center has-custom-rouge-color has-text-color has-link-color\" \n    style=\"font-style:normal;font-weight:400;letter-spacing:2px\">Presentation<\/p>\n<\/div>\n\n\n\n<h1 class=\"wp-block-heading has-text-align-center has-custom-rouge-color has-text-color has-link-color wp-elements-a00dcf0da3453335cd182c958e9f0642\" id=\"titre-page\" style=\"font-size:clamp(2.629rem, 2.629rem + ((1vw - 0.2rem) * 2.258), 5rem);\">Camping in Treffort<\/h1>\n\n\n\n<p>Created over 40 years ago, Camping de la Plage &#8211; Alpes, Vercors et Tri\u00e8ves, a <a href=\"https:\/\/www.camping2laplage.com\/en\/\" data-type=\"page\" data-id=\"5\">campsite near Grenoble<\/a>, enjoys an exceptional location in Treffort, <strong>overlooking Lake Monteynard<\/strong> and the <strong>S\u00e9n\u00e9py<\/strong> mountain range. Facing east and planted with a variety of species, the pleasantly landscaped setting combines morning sunshine with shady areas for the afternoon heat. <\/p>\n\n\n\n<p>Its location at the &#8220;end of the road&#8221; guarantees <strong>peace and quiet<\/strong>. We welcome families and sports enthusiasts. <strong>Parties and other noisy activities are not allowed inside the campsite after 10:00 pm.<\/strong> The immediate proximity of the <strong>Lake Monteynard<\/strong> water sports center offers a rich and varied range of activities. Rather than using words to describe the Treffort campsite, we&#8217;d like to take you on a guided tour of the site.  <\/p>\n<\/div>\n\n<div style=\"height:100px\" aria-hidden=\"true\" class=\"wp-block-spacer gt-hide-mobile\"><\/div>\n\n<div id=\"gt_1-cta-svg_001\" class=\"wp-block-group has-global-padding is-layout-constrained wp-block-group-is-layout-constrained\">\n<div class=\"wp-block-columns are-vertically-aligned-center is-layout-flex wp-container-core-columns-is-layout-9b24e0e0 wp-block-columns-is-layout-flex\">\n<div class=\"wp-block-column is-vertically-aligned-center animated slideInUp is-layout-flow wp-block-column-is-layout-flow\" id=\"content\">\n<h2 class=\"wp-block-heading has-custom-rouge-color has-text-color has-link-color wp-elements-0857de3414d08e4436e2b52c112af354\">Guided tour of the campsite<\/h2>\n\n\n\n<p>Nicolas welcomes you. His aim is to offer you the highest quality of <a href=\"https:\/\/www.camping2laplage.com\/en\/campsite-services-treffort\/\" data-type=\"page\" data-id=\"7\">service for your stay in Is\u00e8re<\/a>, as well as greater comfort both on the <strong>74 Camping pitches<\/strong> spread over 1.5 hectares, and in the rentals. <\/p>\n\n\n\n<p>The recently refurbished sanitary facilities, the revamped pitches, the modernized Le Spot restaurant, the <a href=\"https:\/\/www.camping2laplage.com\/en\/dog-friendly-campsite-treffort\/\" data-type=\"page\" data-id=\"9\">welcome of dogs at the campsite<\/a> and the introduction of more friendly activities are just some of the new features designed to enhance your <strong>well-being in a natural environment<\/strong>&#8230;<\/p>\n\n\n    <div id=\"gt-fse-lire-plus-69f0de012e11d\" class=\"gt-fse-lire-plus\" data-min-height=\"130\" style=\"background-color: #fff;\">\n        <input id=\"gt-fse-lire-plus-69f0de012e11d-toggle\" type=\"checkbox\" class=\"gt-fse-lire-plus__toggle\" \/>\n        <label for=\"gt-fse-lire-plus-69f0de012e11d-toggle\" class=\"gt-fse-lire-plus__toggle-label\">\n            <span>Read more<\/span>\n            <span>Read less<\/span>\n        <\/label>\n        <div class=\"gt-fse-lire-plus__content\" style=\"height: 130px;\">\n            \n\n<p>Natural&#8230; That&#8217;s the main idea behind your <a href=\"https:\/\/www.camping2laplage.com\/en\/lakeside-campsite-nautical-center-treffort\/\" data-type=\"page\" data-id=\"8\">vacation on the shores of Lake Monteynard<\/a>, because in addition to the watersports, outdoor activities, walks and landscaping, the Treffort campsite is committed to <strong>preserving the site<\/strong> and nature in general.<\/p>\n\n\n\n<p>You&#8217;ll have plenty of time to make your own contribution during your stay.<\/p>\n\n\n\n<p>The <a href=\"https:\/\/www.camping2laplage.com\/en\/catering-treffort\/\" data-type=\"page\" data-id=\"13\">&#8220;Le Spot&#8221; restaurant<\/a> offers cuisine based on <strong>fresh <\/strong>, home-grown produce, sustainable development awareness and energy-saving efforts&#8230; Before coming to see us, join us on social networks to take advantage of special offers, entertainment, <strong>games<\/strong> and tips to help you make the most of your stay on the shores of Lake Monteynard.<\/p>\n\n            <div class=\"gt-fse-lire-plus__gradient\" style=\"background: linear-gradient(to bottom,rgba(255,255,255,0) 0%,rgba(255,255,255,1) 100%);\"><\/div>\n        <\/div>\n    <\/div>\n    <\/div>\n\n\n\n<div class=\"wp-block-column is-vertically-aligned-center is-layout-flow wp-block-column-is-layout-flow\" id=\"image\">\n<div data-swiper=\"{&quot;speed&quot;:400,&quot;spaceBetween&quot;:16,&quot;slidesPerView&quot;:3,&quot;createElements&quot;:true,&quot;loop&quot;:true,&quot;freemode&quot;:true,&quot;navigation&quot;:{&quot;nextEl&quot;:&quot;buttonNext&quot;,&quot;prevEl&quot;:&quot;buttonPrev&quot;},&quot;breakpoints&quot;:[{&quot;slidesPerView&quot;:1}]}\" class=\"wp-block-group gt-is-slider gt-is-slider-desktop has-global-padding is-layout-constrained wp-block-group-is-layout-constrained\">\n<figure class=\"wp-block-image size-large has-custom-border\"><img decoding=\"async\" width=\"1024\" height=\"683\" src=\"https:\/\/www.camping2laplage.com\/wp-content\/uploads\/2025\/08\/camping-en-isere-1024x683.jpg\" alt=\"campsite in isere\" class=\"wp-image-1323\" style=\"border-radius:25px\" srcset=\"https:\/\/www.camping2laplage.com\/wp-content\/uploads\/2025\/08\/camping-en-isere-1024x683.jpg 1024w, https:\/\/www.camping2laplage.com\/wp-content\/uploads\/2025\/08\/camping-en-isere-300x200.jpg 300w, https:\/\/www.camping2laplage.com\/wp-content\/uploads\/2025\/08\/camping-en-isere-768x512.jpg 768w, https:\/\/www.camping2laplage.com\/wp-content\/uploads\/2025\/08\/camping-en-isere.jpg 1199w\" sizes=\"(max-width: 1024px) 100vw, 1024px\" \/><\/figure>\n\n\n\n<figure class=\"wp-block-image size-large has-custom-border\"><img decoding=\"async\" width=\"1024\" height=\"683\" src=\"https:\/\/www.camping2laplage.com\/wp-content\/uploads\/2025\/08\/camping-famille-isere-1024x683.jpg\" alt=\"family campsite isere\" class=\"wp-image-1328\" style=\"border-radius:25px\" srcset=\"https:\/\/www.camping2laplage.com\/wp-content\/uploads\/2025\/08\/camping-famille-isere-1024x683.jpg 1024w, https:\/\/www.camping2laplage.com\/wp-content\/uploads\/2025\/08\/camping-famille-isere-300x200.jpg 300w, https:\/\/www.camping2laplage.com\/wp-content\/uploads\/2025\/08\/camping-famille-isere-768x512.jpg 768w, https:\/\/www.camping2laplage.com\/wp-content\/uploads\/2025\/08\/camping-famille-isere.jpg 1199w\" sizes=\"(max-width: 1024px) 100vw, 1024px\" \/><\/figure>\n<\/div>\n<\/div>\n<\/div>\n<\/div>\n\n<div style=\"height:100px\" aria-hidden=\"true\" class=\"wp-block-spacer gt-hide-mobile\"><\/div>\n\n<div id=\"gt_3-ctafull_001\" class=\"wp-block-group has-global-padding is-layout-constrained wp-container-core-group-is-layout-12243e0f wp-block-group-is-layout-constrained\">\n<div id=\"slider-images\" class=\"wp-block-group has-global-padding is-layout-constrained wp-container-core-group-is-layout-e555385e wp-block-group-is-layout-constrained\">\n<div data-swiper=\"{&quot;speed&quot;:1000,&quot;autoplay&quot;:{&quot;delay&quot;:5000,&quot;disableOnInteraction&quot;:false},&quot;spaceBetween&quot;:0,&quot;slidesPerView&quot;:1,&quot;pagination&quot;:{&quot;el&quot;:&quot;.swiper-pagination&quot;,&quot;dynamicBullets&quot;:true,&quot;clickable&quot;:true,&quot;type&quot;:&quot;bullets&quot;},&quot;navigation&quot;:{&quot;nextEl&quot;:&quot;.swiper-button-next&quot;,&quot;prevEl&quot;:&quot;.swiper-button-prev&quot;},&quot;breakpoints&quot;:[{&quot;slidesPerView&quot;:1}]}\" class=\"wp-block-cover\"><img decoding=\"async\" width=\"1450\" height=\"500\" class=\"wp-block-cover__image-background wp-image-1357 size-full\" alt=\"activites nautiques isere\" src=\"https:\/\/www.camping2laplage.com\/wp-content\/uploads\/2025\/08\/activites-nautiques-isere.jpg\" style=\"object-position:23% 100%\" data-object-fit=\"cover\" data-object-position=\"23% 100%\" srcset=\"https:\/\/www.camping2laplage.com\/wp-content\/uploads\/2025\/08\/activites-nautiques-isere.jpg 1450w, https:\/\/www.camping2laplage.com\/wp-content\/uploads\/2025\/08\/activites-nautiques-isere-300x103.jpg 300w, https:\/\/www.camping2laplage.com\/wp-content\/uploads\/2025\/08\/activites-nautiques-isere-1024x353.jpg 1024w, https:\/\/www.camping2laplage.com\/wp-content\/uploads\/2025\/08\/activites-nautiques-isere-768x265.jpg 768w\" sizes=\"(max-width: 1450px) 100vw, 1450px\" \/><span aria-hidden=\"true\" class=\"wp-block-cover__background has-background-dim\"><\/span><div class=\"wp-block-cover__inner-container has-global-padding is-layout-constrained wp-block-cover-is-layout-constrained\">\n<p class=\"has-text-align-center has-large-font-size\"><\/p>\n<\/div><\/div>\n<\/div>\n\n\n\n<div class=\"wp-block-columns has-custom-rouge-background-color has-background is-layout-flex wp-container-core-columns-is-layout-32f5ffe2 wp-block-columns-is-layout-flex\" id=\"content\" style=\"padding-top:6em;padding-right:8em;padding-bottom:6em;padding-left:8em\">\n<div class=\"wp-block-column col-image is-layout-flow wp-block-column-is-layout-flow\" style=\"flex-basis:40%\">\n<div style=\"height:100px\" aria-hidden=\"true\" class=\"wp-block-spacer gt-hide-mobile\"><\/div>\n\n\n\n<div class=\"wp-block-buttons is-content-justification-center is-layout-flex wp-container-core-buttons-is-layout-5b5683f2 wp-block-buttons-is-layout-flex\">\n<div class=\"wp-block-button btn-1\"><a class=\"wp-block-button__link has-custom-rouge-color has-custom-mauve-background-color has-text-color has-background has-link-color has-roboto-font-family has-text-align-center has-custom-font-size wp-element-button\" href=\"https:\/\/www.camping2laplage.com\/en\/lakeside-campsite-nautical-center-treffort\/\" style=\"border-radius:100px;padding-top:20px;padding-right:40px;padding-bottom:20px;padding-left:40px;font-size:clamp(14px, 0.875rem + ((1vw - 3.2px) * 0.238), 18px);font-style:normal;font-weight:500;letter-spacing:2px;text-transform:uppercase\">THE nautical base<\/a><\/div>\n<\/div>\n<\/div>\n\n\n\n<div class=\"wp-block-column col-content is-layout-flow wp-block-column-is-layout-flow\" style=\"flex-basis:60%\">\n<h2 class=\"wp-block-heading has-base-2-color has-text-color has-link-color wp-elements-d25ad17fc1e4521491a3c9ad27452b83\">Treffort nautical base and Kite Surf in Is\u00e8re<\/h2>\n\n\n\n<p class=\"has-base-2-color has-text-color has-link-color wp-elements-1a5facbc21c12b719f58228433ee9f4c\">The Treffort nautical base offers a range of services and sports and leisure activities such as :<\/p>\n\n\n\n<ul class=\"wp-block-list\">\n<li class=\"has-base-2-color has-text-color has-link-color wp-elements-724e9cac18fdf5103382c399c2921259\"><strong>Kitesurfing and windsurfing:<\/strong> Lake Monteynard is reputed to be Europe&#8217;s No. 1 site for these board sports. On-site windsurfing and kitesurfing schools, as well as French sailing schools, sailing clubs and more. <\/li>\n\n\n\n<li class=\"has-base-2-color has-text-color has-link-color wp-elements-9e04545aca1909d101cf008438fc6a8e\"><strong>water sports:<\/strong> fishing, water skiing, sailing, canoeing, boat trips&#8230;<\/li>\n\n\n\n<li class=\"has-base-2-color has-text-color has-link-color wp-elements-aca92068b2cb988786a49cdc29ef5555\"><strong>Hiking:<\/strong> many hiking trails and the famous Himalayan footbridges.<\/li>\n\n\n\n<li class=\"has-base-2-color has-text-color has-link-color wp-elements-d7a6b185957acf50c0556fbd277a0e11\"><strong>bicycle touring and mountain biking<\/strong><\/li>\n<\/ul>\n\n\n\n<p class=\"has-base-2-color has-text-color has-link-color wp-elements-37de8f652dc9635fca751d391f1ca2b7\">Find out more on the <a href=\"https:\/\/www.camping2laplage.com\/en\/kitesurfing-activities-lake-monteynard\/\" data-type=\"page\" data-id=\"14\">water activities page at Lac de Monteynard<\/a>.<\/p>\n<\/div>\n<\/div>\n<\/div>\n\n<div style=\"height:100px\" aria-hidden=\"true\" class=\"wp-block-spacer gt-hide-mobile\"><\/div>\n\n<div id=\"gt_1-cta-svg_001\" class=\"wp-block-group has-global-padding is-layout-constrained wp-block-group-is-layout-constrained\">\n<div class=\"wp-block-columns are-vertically-aligned-center is-layout-flex wp-container-core-columns-is-layout-9b24e0e0 wp-block-columns-is-layout-flex\">\n<div class=\"wp-block-column is-vertically-aligned-center is-layout-flow wp-block-column-is-layout-flow\" id=\"image\">\n<div data-swiper=\"{&quot;speed&quot;:400,&quot;spaceBetween&quot;:16,&quot;slidesPerView&quot;:3,&quot;createElements&quot;:true,&quot;loop&quot;:true,&quot;freemode&quot;:true,&quot;navigation&quot;:{&quot;nextEl&quot;:&quot;buttonNext&quot;,&quot;prevEl&quot;:&quot;buttonPrev&quot;},&quot;breakpoints&quot;:[{&quot;slidesPerView&quot;:1}]}\" class=\"wp-block-group gt-is-slider gt-is-slider-desktop has-global-padding is-layout-constrained wp-block-group-is-layout-constrained\">\n<figure class=\"wp-block-image size-large has-custom-border\"><img decoding=\"async\" width=\"1024\" height=\"683\" src=\"https:\/\/www.camping2laplage.com\/wp-content\/uploads\/2025\/08\/balade-velo-treffort-1024x683.jpg\" alt=\"treffort bike ride\" class=\"wp-image-1347\" style=\"border-radius:25px\" srcset=\"https:\/\/www.camping2laplage.com\/wp-content\/uploads\/2025\/08\/balade-velo-treffort-1024x683.jpg 1024w, https:\/\/www.camping2laplage.com\/wp-content\/uploads\/2025\/08\/balade-velo-treffort-300x200.jpg 300w, https:\/\/www.camping2laplage.com\/wp-content\/uploads\/2025\/08\/balade-velo-treffort-768x512.jpg 768w, https:\/\/www.camping2laplage.com\/wp-content\/uploads\/2025\/08\/balade-velo-treffort.jpg 1199w\" sizes=\"(max-width: 1024px) 100vw, 1024px\" \/><\/figure>\n\n\n\n<figure class=\"wp-block-image size-large has-custom-border\"><img decoding=\"async\" width=\"1024\" height=\"683\" src=\"https:\/\/www.camping2laplage.com\/wp-content\/uploads\/2025\/08\/excursion-a-cheval-isere-1024x683.jpg\" alt=\"excursion on horseback isere\" class=\"wp-image-1352\" style=\"border-radius:25px\" srcset=\"https:\/\/www.camping2laplage.com\/wp-content\/uploads\/2025\/08\/excursion-a-cheval-isere-1024x683.jpg 1024w, https:\/\/www.camping2laplage.com\/wp-content\/uploads\/2025\/08\/excursion-a-cheval-isere-300x200.jpg 300w, https:\/\/www.camping2laplage.com\/wp-content\/uploads\/2025\/08\/excursion-a-cheval-isere-768x512.jpg 768w, https:\/\/www.camping2laplage.com\/wp-content\/uploads\/2025\/08\/excursion-a-cheval-isere.jpg 1199w\" sizes=\"(max-width: 1024px) 100vw, 1024px\" \/><\/figure>\n<\/div>\n<\/div>\n\n\n\n<div class=\"wp-block-column is-vertically-aligned-center animated slideInUp is-layout-flow wp-block-column-is-layout-flow\" id=\"content\">\n<h2 class=\"wp-block-heading has-custom-rouge-color has-text-color has-link-color wp-elements-a94800eafd6a222f29ac4e819ae6d646\">Excursions in Is\u00e8re and close to the campsite<\/h2>\n\n\n\n<p>In the surrounding area, there are many excursions to plan&#8230; <strong>on foot<\/strong>, <strong>by bike<\/strong>, <strong>on horseback<\/strong> or <strong>by car:<\/strong><\/p>\n\n\n\n<ul class=\"wp-block-list\">\n<li>In the nearby Vercors massif, but also in the Oisans, \u00c9crins, Belledonne and Chartreuse ranges.<\/li>\n\n\n\n<li>On the Tri\u00e8ves plateau, a protected area surrounded by peaks such as Obiou and Mont Aiguille.<\/li>\n\n\n\n<li>In the mountain communities, which are home to a wealth of cultural and human resources.<\/li>\n\n\n\n<li>In Grenoble, easily accessible for activities and services&#8230;<\/li>\n<\/ul>\n<\/div>\n<\/div>\n<\/div>\n\n<section class=\"wp-block-group alignfull bloc-maillage has-global-padding is-layout-constrained wp-container-core-group-is-layout-6131d34a wp-block-group-is-layout-constrained\" style=\"margin-top:0px;margin-bottom:0px;padding-top:10rem;padding-right:0;padding-bottom:10rem;padding-left:0rem\">\n<p class=\"has-text-align-center has-custom-rouge-color has-text-color has-link-color has-basteleur-font-family wp-elements-dc0a17903d8516e72d5a630a350329e4\" style=\"font-size:clamp(2.2rem, 2.2rem + ((1vw - 0.2rem) * 1.714), 4rem);\">Discover<\/p>\n\n\n\n<p class=\"has-text-align-center has-custom-rouge-color has-text-color has-link-color has-basteleur-font-family wp-elements-a379398861e89d303bed8aae5ae7f6a1\" style=\"font-size:clamp(1.25rem, 1.25rem + ((1vw - 0.2rem) * 0.714), 2rem);\">our pitches, rentals and services<\/p>\n\n\n\n<div class=\"wp-block-group maillage is-layout-flow wp-block-group-is-layout-flow\">\n<div class=\"wp-block-query alignfull is-layout-flow wp-block-query-is-layout-flow\"><ul class=\"columns-3 wp-block-post-template is-layout-grid wp-container-core-post-template-is-layout-572542b5 wp-block-post-template-is-layout-grid\"><li class=\"wp-block-post post-2469 page type-page status-publish has-post-thumbnail hentry\">\n\n<div class=\"wp-block-group overflow-hidden gt-maillage has-global-padding is-layout-constrained wp-block-group-is-layout-constrained\">\n<figure class=\"wp-block-image gt-maillage__image\"><img decoding=\"async\" src=\"https:\/\/www.camping2laplage.com\/wp-content\/uploads\/2025\/09\/emplacements-campibg-isere.jpg\" alt=\"Pitches campibg isere\" style=\"aspect-ratio:3\/4;object-fit:cover\"\/><\/figure>\n\n\n\n<p class=\"has-text-align-right gt-maillage__title gt-btn-arrow has-base-2-color has-text-color has-link-color has-basteleur-font-family wp-elements-5851ac654ece7c734572285f86f288d5\" style=\"border-right-style:none;border-right-width:0px;border-bottom-style:none;border-bottom-width:0px;padding-right:1rem;font-size:clamp(1.743rem, 1.743rem + ((1vw - 0.2rem) * 1.197), 3rem);font-style:normal;font-weight:300;text-transform:none\">Pitches<\/p>\n\n\n<a class=\"is-style-lien-cover wp-block-read-more\" href=\"https:\/\/www.camping2laplage.com\/en\/pitch-rental-treffort\/\" target=\"_self\">Read more<span class=\"screen-reader-text\">: Pitches<\/span><\/a><\/div>\n\n<\/li><li class=\"wp-block-post post-2463 page type-page status-publish has-post-thumbnail hentry\">\n\n<div class=\"wp-block-group overflow-hidden gt-maillage has-global-padding is-layout-constrained wp-block-group-is-layout-constrained\">\n<figure class=\"wp-block-image gt-maillage__image\"><img decoding=\"async\" src=\"https:\/\/www.camping2laplage.com\/wp-content\/uploads\/2025\/08\/location-hebergement-isere.jpg\" alt=\"Rental hebergement isere\" style=\"aspect-ratio:3\/4;object-fit:cover\"\/><\/figure>\n\n\n\n<p class=\"has-text-align-right gt-maillage__title gt-btn-arrow has-base-2-color has-text-color has-link-color has-basteleur-font-family wp-elements-5851ac654ece7c734572285f86f288d5\" style=\"border-right-style:none;border-right-width:0px;border-bottom-style:none;border-bottom-width:0px;padding-right:1rem;font-size:clamp(1.743rem, 1.743rem + ((1vw - 0.2rem) * 1.197), 3rem);font-style:normal;font-weight:300;text-transform:none\">Our prices<\/p>\n\n\n<a class=\"is-style-lien-cover wp-block-read-more\" href=\"https:\/\/www.camping2laplage.com\/en\/mobile-home-rentals-treffort\/\" target=\"_self\">Read more<span class=\"screen-reader-text\">: Rentals<\/span><\/a><\/div>\n\n<\/li><li class=\"wp-block-post post-2503 page type-page status-publish has-post-thumbnail hentry\">\n\n<div class=\"wp-block-group overflow-hidden gt-maillage has-global-padding is-layout-constrained wp-block-group-is-layout-constrained\">\n<figure class=\"wp-block-image gt-maillage__image\"><img decoding=\"async\" src=\"https:\/\/www.camping2laplage.com\/wp-content\/uploads\/2025\/07\/camping-profiter-du-snacking-1.webp\" alt=\"Services\" style=\"aspect-ratio:3\/4;object-fit:cover\"\/><\/figure>\n\n\n\n<p class=\"has-text-align-right gt-maillage__title gt-btn-arrow has-base-2-color has-text-color has-link-color has-basteleur-font-family wp-elements-5851ac654ece7c734572285f86f288d5\" style=\"border-right-style:none;border-right-width:0px;border-bottom-style:none;border-bottom-width:0px;padding-right:1rem;font-size:clamp(1.743rem, 1.743rem + ((1vw - 0.2rem) * 1.197), 3rem);font-style:normal;font-weight:300;text-transform:none\">Services<\/p>\n\n\n<a class=\"is-style-lien-cover wp-block-read-more\" href=\"https:\/\/www.camping2laplage.com\/en\/campsite-services-treffort\/\" target=\"_self\">Read more<span class=\"screen-reader-text\">: Services<\/span><\/a><\/div>\n\n<\/li><\/ul><\/div>\n<\/div>\n<\/section>\n","protected":false},"excerpt":{"rendered":"<p>Camping 2 la plage &gt; Camping in Treffort Created over 40 years ago, Camping de la Plage &#8211; Alpes, Vercors et Tri\u00e8ves, a campsite near Grenoble, enjoys an exceptional location in Treffort, overlooking Lake Monteynard and the S\u00e9n\u00e9py mountain range. Facing east and planted with a variety of species, the pleasantly landscaped setting combines morning [&hellip;]<\/p>\n","protected":false},"author":1,"featured_media":1377,"parent":0,"menu_order":0,"comment_status":"closed","ping_status":"closed","template":"","meta":{"_acf_changed":false,"_seopress_robots_primary_cat":"","_seopress_titles_title":"Campsite in Treffort | Holidays in Treffort at camping de la Plage","_seopress_titles_desc":"","_seopress_robots_index":"","_gt_ctv_global_id":"12907","_gt_ctv_id_group":false,"inline_featured_image":false,"gt_fse_maillage_image":"https:\/\/www.camping2laplage.com\/wp-content\/uploads\/2025\/08\/location-vacances-isere.jpg","gt_fse_maillage_titre":"Presentation","gt_fse_maillage_alt":"Presentation","gt_fse_maillage_resume":"","footnotes":""},"categories":[],"tags":[],"class_list":["post-2505","page","type-page","status-publish","has-post-thumbnail","hentry"],"acf":[],"_links":{"self":[{"href":"https:\/\/www.camping2laplage.com\/en\/wp-json\/wp\/v2\/pages\/2505","targetHints":{"allow":["GET"]}}],"collection":[{"href":"https:\/\/www.camping2laplage.com\/en\/wp-json\/wp\/v2\/pages"}],"about":[{"href":"https:\/\/www.camping2laplage.com\/en\/wp-json\/wp\/v2\/types\/page"}],"author":[{"embeddable":true,"href":"https:\/\/www.camping2laplage.com\/en\/wp-json\/wp\/v2\/users\/1"}],"replies":[{"embeddable":true,"href":"https:\/\/www.camping2laplage.com\/en\/wp-json\/wp\/v2\/comments?post=2505"}],"version-history":[{"count":11,"href":"https:\/\/www.camping2laplage.com\/en\/wp-json\/wp\/v2\/pages\/2505\/revisions"}],"predecessor-version":[{"id":3100,"href":"https:\/\/www.camping2laplage.com\/en\/wp-json\/wp\/v2\/pages\/2505\/revisions\/3100"}],"wp:featuredmedia":[{"embeddable":true,"href":"https:\/\/www.camping2laplage.com\/en\/wp-json\/wp\/v2\/media\/1377"}],"wp:attachment":[{"href":"https:\/\/www.camping2laplage.com\/en\/wp-json\/wp\/v2\/media?parent=2505"}],"wp:term":[{"taxonomy":"category","embeddable":true,"href":"https:\/\/www.camping2laplage.com\/en\/wp-json\/wp\/v2\/categories?post=2505"},{"taxonomy":"post_tag","embeddable":true,"href":"https:\/\/www.camping2laplage.com\/en\/wp-json\/wp\/v2\/tags?post=2505"}],"curies":[{"name":"wp","href":"https:\/\/api.w.org\/{rel}","templated":true}]}}